{"id":365,"date":"2021-11-18T14:31:14","date_gmt":"2021-11-18T13:31:14","guid":{"rendered":"https:\/\/www.diocesitn.it\/seminario\/?page_id=365"},"modified":"2024-10-08T12:09:31","modified_gmt":"2024-10-08T10:09:31","slug":"casa-vocazionale","status":"publish","type":"page","link":"https:\/\/www.diocesitn.it\/seminario\/casa-vocazionale\/","title":{"rendered":"Casa delle Vocazioni"},"content":{"rendered":"<p>Nell\u2019autunno 2021 ha preso avvio nella nostra diocesi di Trento l&#8217;esperienza della \u201c<strong>CASA VOCAZIONALE<\/strong>\u201d: un luogo e un tempo regalato ai giovani in ricerca della propria strada, che chiedono di essere accompagnati e aiutati a compiere un cammino di discernimento per comprendere e orientare la propria vita in termini vocazionali.<\/p>\n<p>Presso la CASA, situata <strong>nella canonica della parrocchia del Sacro Cuore a Trento, in viale Verona<\/strong>, ci sar\u00e0 la possibilit\u00e0 di accogliere giovani in ricerca per brevi o lunghi periodi, che compiranno il loro discernimento vocazionale attraverso la vita comune, la preghiera, il servizio, e lo studio o il lavoro. In questo modo vi sono tutti gli ingredienti necessari perch\u00e9 la Chiesa possa offrire ai giovani che lo vorranno una profonda esperienza di discernimento vocazionale.<\/p>\n<p>Infatti la peculiarit\u00e0 della casa, a differenza del Seminario per esempio, \u00e8 che non c\u2019\u00e8 un vero e proprio \u201ctaglio\u201d con la vita che i giovani stanno conducendo, ma a questa viene aggiunta l\u2019esperienza della <strong>VITA COMUNITARIA<\/strong>, perch\u00e9 spesso la vocazione viene considerata come un\u2019avventura individuale, credendo che riguardi soltanto \u201cme\u201d e non prima di tutto \u201cnoi\u201d.<\/p>\n<p>Ecco perch\u00e9 parliamo di <strong>CASA<\/strong>: perch\u00e9 il discernimento avviene nella quotidianit\u00e0 delle tipiche dinamiche del \u201cfare famiglia\u201d. Infatti non si sta in un luogo come il Seminario, ma si vive \u201cin una casa tra le altre case\u201d. Quindi non si tratta di un laboratorio, di una vita parallela alla realt\u00e0, fuori dal mondo, ma di un vero e proprio tempo di discernimento vocazionale, compiuto all&#8217;interno di una vita comunitaria.<\/p>\n<p>E la chiamiamo pure <strong>VOCAZIONALE<\/strong>, sostenuti anche da un pensiero di Papa Francesco che dice: \u00abConosco alcune comunit\u00e0 che hanno scelto di non pronunciare pi\u00f9 la parola \u201cvocazione\u201d nelle loro proposte giovanili, perch\u00e9 ritengono che i giovani ne abbiano paura e non partecipino alle loro attivit\u00e0. Questa \u00e8 una strategia fallimentare: togliere dal vocabolario della fede la parola \u201cvocazione\u201d significa mutilarne il lessico correndo il rischio, presto o tardi, di non capirsi pi\u00f9\u00bb.<\/p>\n<p>Presso la CASA VOCAZIONALE in maniera stabile si pu\u00f2 intraprendere il \u201c<strong>PERCORSO PROPEDEUTICO AL SEMINARIO<\/strong>\u201d. Un percorso personalizzato, in base alla storia di ciascuno, offerto a chi vuole entrare in Seminario, per dare una preparazione di carattere introduttivo, in vista della successiva formazione sacerdotale o, invece, della decisione di intraprendere un diverso cammino di vita.<\/p>\n<p>&nbsp;<\/p>\n<p>Responsabile: don Duccio Zeni<\/p>\n<p>Sede: 38123 Trento &#8211; Viale Verona, 143<\/p>\n<p><a href=\"mailto:casavocazionale@diocesitn.it\">casavocazionale@diocesitn.it<\/a><\/p>\n<p><img loading=\"lazy\" decoding=\"async\" class=\"wp-image-371 alignleft\" src=\"https:\/\/www.diocesitn.it\/seminario\/wp-content\/uploads\/sites\/41\/2021\/11\/Casa-Vocazionale-abitazione-225x300.jpg\" alt=\"\" width=\"328\" height=\"437\" srcset=\"https:\/\/www.diocesitn.it\/seminario\/wp-content\/uploads\/sites\/41\/2021\/11\/Casa-Vocazionale-abitazione-225x300.jpg 225w, https:\/\/www.diocesitn.it\/seminario\/wp-content\/uploads\/sites\/41\/2021\/11\/Casa-Vocazionale-abitazione-768x1024.jpg 768w, https:\/\/www.diocesitn.it\/seminario\/wp-content\/uploads\/sites\/41\/2021\/11\/Casa-Vocazionale-abitazione-210x280.jpg 210w, https:\/\/www.diocesitn.it\/seminario\/wp-content\/uploads\/sites\/41\/2021\/11\/Casa-Vocazionale-abitazione-576x768.jpg 576w, https:\/\/www.diocesitn.it\/seminario\/wp-content\/uploads\/sites\/41\/2021\/11\/Casa-Vocazionale-abitazione-1152x1536.jpg 1152w, https:\/\/www.diocesitn.it\/seminario\/wp-content\/uploads\/sites\/41\/2021\/11\/Casa-Vocazionale-abitazione-800x1067.jpg 800w, https:\/\/www.diocesitn.it\/seminario\/wp-content\/uploads\/sites\/41\/2021\/11\/Casa-Vocazionale-abitazione-1200x1600.jpg 1200w, https:\/\/www.diocesitn.it\/seminario\/wp-content\/uploads\/sites\/41\/2021\/11\/Casa-Vocazionale-abitazione.jpg 1500w\" sizes=\"auto, (max-width: 328px) 100vw, 328px\" \/><img loading=\"lazy\" decoding=\"async\" class=\"wp-image-372 alignleft\" src=\"https:\/\/www.diocesitn.it\/seminario\/wp-content\/uploads\/sites\/41\/2021\/11\/Chiesa-Sacro-Cuore-300x200.jpg\" alt=\"\" width=\"407\" height=\"271\" srcset=\"https:\/\/www.diocesitn.it\/seminario\/wp-content\/uploads\/sites\/41\/2021\/11\/Chiesa-Sacro-Cuore-300x200.jpg 300w, https:\/\/www.diocesitn.it\/seminario\/wp-content\/uploads\/sites\/41\/2021\/11\/Chiesa-Sacro-Cuore-1024x683.jpg 1024w, https:\/\/www.diocesitn.it\/seminario\/wp-content\/uploads\/sites\/41\/2021\/11\/Chiesa-Sacro-Cuore-768x512.jpg 768w, https:\/\/www.diocesitn.it\/seminario\/wp-content\/uploads\/sites\/41\/2021\/11\/Chiesa-Sacro-Cuore-360x240.jpg 360w, https:\/\/www.diocesitn.it\/seminario\/wp-content\/uploads\/sites\/41\/2021\/11\/Chiesa-Sacro-Cuore-800x533.jpg 800w, https:\/\/www.diocesitn.it\/seminario\/wp-content\/uploads\/sites\/41\/2021\/11\/Chiesa-Sacro-Cuore-1200x800.jpg 1200w, https:\/\/www.diocesitn.it\/seminario\/wp-content\/uploads\/sites\/41\/2021\/11\/Chiesa-Sacro-Cuore-272x182.jpg 272w, https:\/\/www.diocesitn.it\/seminario\/wp-content\/uploads\/sites\/41\/2021\/11\/Chiesa-Sacro-Cuore.jpg 1500w\" sizes=\"auto, (max-width: 407px) 100vw, 407px\" \/><\/p>\n","protected":false},"excerpt":{"rendered":"<p>Nell\u2019autunno 2021 ha preso avvio nella nostra diocesi di Trento l&#8217;esperienza della \u201cCASA VOCAZIONALE\u201d: un luogo e un tempo regalato ai giovani in ricerca della propria strada, che chiedono di essere accompagnati e aiutati a<\/p>\n","protected":false},"author":172,"featured_media":0,"parent":0,"menu_order":0,"comment_status":"closed","ping_status":"closed","template":"","meta":{"footnotes":""},"class_list":["post-365","page","type-page","status-publish","hentry"],"acf":{"seed-localization-paese-cod":"IT","seed-localization-address":"","seed-localization-citta":"Trento","seed-localization-regione-cod-istat":"04","seed-localization-citta-cod-istat":"022205","seed-localization-localita":"","seed-localization-cap":"","seed-localization-marker-visibility":false,"seed-localization-children-visibility":false,"seed-localization-kml":"","seed-localization-custom-marker":""},"yoast_head":"<!-- This site is optimized with the Yoast SEO Premium plugin v20.2.1 (Yoast SEO v22.2) - https:\/\/yoast.com\/wordpress\/plugins\/seo\/ -->\n<title>Casa delle Vocazioni - Seminario Maggiore Arcivescovile<\/title>\n<meta name=\"robots\" content=\"index, follow, max-snippet:-1, max-image-preview:large, max-video-preview:-1\" \/>\n<link rel=\"canonical\" href=\"https:\/\/www.diocesitn.it\/seminario\/casa-vocazionale\/\" \/>\n<meta property=\"og:locale\" content=\"it_IT\" \/>\n<meta property=\"og:type\" content=\"article\" \/>\n<meta property=\"og:title\" content=\"Casa delle Vocazioni\" \/>\n<meta property=\"og:description\" content=\"Nell\u2019autunno 2021 ha preso avvio nella nostra diocesi di Trento l&#8217;esperienza della \u201cCASA VOCAZIONALE\u201d: un luogo e un tempo regalato ai giovani in ricerca della propria strada, che chiedono di essere accompagnati e aiutati a\" \/>\n<meta property=\"og:url\" content=\"https:\/\/www.diocesitn.it\/seminario\/casa-vocazionale\/\" \/>\n<meta property=\"og:site_name\" content=\"Seminario Maggiore Arcivescovile\" \/>\n<meta property=\"article:publisher\" content=\"https:\/\/www.facebook.com\/seminariotrento\/\" \/>\n<meta property=\"article:modified_time\" content=\"2024-10-08T10:09:31+00:00\" \/>\n<meta property=\"og:image\" content=\"https:\/\/www.diocesitn.it\/seminario\/wp-content\/uploads\/sites\/41\/2021\/11\/Casa-Vocazionale-abitazione-225x300.jpg\" \/>\n<meta name=\"twitter:card\" content=\"summary_large_image\" \/>\n<meta name=\"twitter:label1\" content=\"Tempo di lettura stimato\" \/>\n\t<meta name=\"twitter:data1\" content=\"3 minuti\" \/>\n<script type=\"application\/ld+json\" class=\"yoast-schema-graph\">{\"@context\":\"https:\/\/schema.org\",\"@graph\":[{\"@type\":\"WebPage\",\"@id\":\"https:\/\/www.diocesitn.it\/seminario\/casa-vocazionale\/\",\"url\":\"https:\/\/www.diocesitn.it\/seminario\/casa-vocazionale\/\",\"name\":\"Casa delle Vocazioni - Seminario Maggiore Arcivescovile\",\"isPartOf\":{\"@id\":\"https:\/\/www.diocesitn.it\/seminario\/#website\"},\"primaryImageOfPage\":{\"@id\":\"https:\/\/www.diocesitn.it\/seminario\/casa-vocazionale\/#primaryimage\"},\"image\":{\"@id\":\"https:\/\/www.diocesitn.it\/seminario\/casa-vocazionale\/#primaryimage\"},\"thumbnailUrl\":\"https:\/\/www.diocesitn.it\/seminario\/wp-content\/uploads\/sites\/41\/2021\/11\/Casa-Vocazionale-abitazione-225x300.jpg\",\"datePublished\":\"2021-11-18T13:31:14+00:00\",\"dateModified\":\"2024-10-08T10:09:31+00:00\",\"breadcrumb\":{\"@id\":\"https:\/\/www.diocesitn.it\/seminario\/casa-vocazionale\/#breadcrumb\"},\"inLanguage\":\"it-IT\",\"potentialAction\":[{\"@type\":\"ReadAction\",\"target\":[\"https:\/\/www.diocesitn.it\/seminario\/casa-vocazionale\/\"]}]},{\"@type\":\"ImageObject\",\"inLanguage\":\"it-IT\",\"@id\":\"https:\/\/www.diocesitn.it\/seminario\/casa-vocazionale\/#primaryimage\",\"url\":\"https:\/\/www.diocesitn.it\/seminario\/wp-content\/uploads\/sites\/41\/2021\/11\/Casa-Vocazionale-abitazione.jpg\",\"contentUrl\":\"https:\/\/www.diocesitn.it\/seminario\/wp-content\/uploads\/sites\/41\/2021\/11\/Casa-Vocazionale-abitazione.jpg\",\"width\":1500,\"height\":2000},{\"@type\":\"BreadcrumbList\",\"@id\":\"https:\/\/www.diocesitn.it\/seminario\/casa-vocazionale\/#breadcrumb\",\"itemListElement\":[{\"@type\":\"ListItem\",\"position\":1,\"name\":\"Home\",\"item\":\"https:\/\/www.diocesitn.it\/seminario\/\"},{\"@type\":\"ListItem\",\"position\":2,\"name\":\"Casa delle Vocazioni\"}]},{\"@type\":\"WebSite\",\"@id\":\"https:\/\/www.diocesitn.it\/seminario\/#website\",\"url\":\"https:\/\/www.diocesitn.it\/seminario\/\",\"name\":\"Seminario Maggiore Arcivescovile\",\"description\":\"Chiesa di Trento\",\"potentialAction\":[{\"@type\":\"SearchAction\",\"target\":{\"@type\":\"EntryPoint\",\"urlTemplate\":\"https:\/\/www.diocesitn.it\/seminario\/?s={search_term_string}\"},\"query-input\":\"required name=search_term_string\"}],\"inLanguage\":\"it-IT\"},{\"@type\":\"ImageObject\",\"inLanguage\":\"it-IT\",\"@id\":\"https:\/\/www.diocesitn.it\/seminario\/casa-vocazionale\/#local-main-organization-logo\",\"url\":\"\",\"contentUrl\":\"\",\"caption\":\"Seminario Maggiore Arcivescovile - Chiesa di Trento\"}]}<\/script>\n<!-- \/ Yoast SEO Premium plugin. -->","yoast_head_json":{"title":"Casa delle Vocazioni - Seminario Maggiore Arcivescovile","robots":{"index":"index","follow":"follow","max-snippet":"max-snippet:-1","max-image-preview":"max-image-preview:large","max-video-preview":"max-video-preview:-1"},"canonical":"https:\/\/www.diocesitn.it\/seminario\/casa-vocazionale\/","og_locale":"it_IT","og_type":"article","og_title":"Casa delle Vocazioni","og_description":"Nell\u2019autunno 2021 ha preso avvio nella nostra diocesi di Trento l&#8217;esperienza della \u201cCASA VOCAZIONALE\u201d: un luogo e un tempo regalato ai giovani in ricerca della propria strada, che chiedono di essere accompagnati e aiutati a","og_url":"https:\/\/www.diocesitn.it\/seminario\/casa-vocazionale\/","og_site_name":"Seminario Maggiore Arcivescovile","article_publisher":"https:\/\/www.facebook.com\/seminariotrento\/","article_modified_time":"2024-10-08T10:09:31+00:00","og_image":[{"url":"https:\/\/www.diocesitn.it\/seminario\/wp-content\/uploads\/sites\/41\/2021\/11\/Casa-Vocazionale-abitazione-225x300.jpg"}],"twitter_card":"summary_large_image","twitter_misc":{"Tempo di lettura stimato":"3 minuti"},"schema":{"@context":"https:\/\/schema.org","@graph":[{"@type":"WebPage","@id":"https:\/\/www.diocesitn.it\/seminario\/casa-vocazionale\/","url":"https:\/\/www.diocesitn.it\/seminario\/casa-vocazionale\/","name":"Casa delle Vocazioni - Seminario Maggiore Arcivescovile","isPartOf":{"@id":"https:\/\/www.diocesitn.it\/seminario\/#website"},"primaryImageOfPage":{"@id":"https:\/\/www.diocesitn.it\/seminario\/casa-vocazionale\/#primaryimage"},"image":{"@id":"https:\/\/www.diocesitn.it\/seminario\/casa-vocazionale\/#primaryimage"},"thumbnailUrl":"https:\/\/www.diocesitn.it\/seminario\/wp-content\/uploads\/sites\/41\/2021\/11\/Casa-Vocazionale-abitazione-225x300.jpg","datePublished":"2021-11-18T13:31:14+00:00","dateModified":"2024-10-08T10:09:31+00:00","breadcrumb":{"@id":"https:\/\/www.diocesitn.it\/seminario\/casa-vocazionale\/#breadcrumb"},"inLanguage":"it-IT","potentialAction":[{"@type":"ReadAction","target":["https:\/\/www.diocesitn.it\/seminario\/casa-vocazionale\/"]}]},{"@type":"ImageObject","inLanguage":"it-IT","@id":"https:\/\/www.diocesitn.it\/seminario\/casa-vocazionale\/#primaryimage","url":"https:\/\/www.diocesitn.it\/seminario\/wp-content\/uploads\/sites\/41\/2021\/11\/Casa-Vocazionale-abitazione.jpg","contentUrl":"https:\/\/www.diocesitn.it\/seminario\/wp-content\/uploads\/sites\/41\/2021\/11\/Casa-Vocazionale-abitazione.jpg","width":1500,"height":2000},{"@type":"BreadcrumbList","@id":"https:\/\/www.diocesitn.it\/seminario\/casa-vocazionale\/#breadcrumb","itemListElement":[{"@type":"ListItem","position":1,"name":"Home","item":"https:\/\/www.diocesitn.it\/seminario\/"},{"@type":"ListItem","position":2,"name":"Casa delle Vocazioni"}]},{"@type":"WebSite","@id":"https:\/\/www.diocesitn.it\/seminario\/#website","url":"https:\/\/www.diocesitn.it\/seminario\/","name":"Seminario Maggiore Arcivescovile","description":"Chiesa di Trento","potentialAction":[{"@type":"SearchAction","target":{"@type":"EntryPoint","urlTemplate":"https:\/\/www.diocesitn.it\/seminario\/?s={search_term_string}"},"query-input":"required name=search_term_string"}],"inLanguage":"it-IT"},{"@type":"ImageObject","inLanguage":"it-IT","@id":"https:\/\/www.diocesitn.it\/seminario\/casa-vocazionale\/#local-main-organization-logo","url":"","contentUrl":"","caption":"Seminario Maggiore Arcivescovile - Chiesa di Trento"}]}},"_links":{"self":[{"href":"https:\/\/www.diocesitn.it\/seminario\/wp-json\/wp\/v2\/pages\/365","targetHints":{"allow":["GET"]}}],"collection":[{"href":"https:\/\/www.diocesitn.it\/seminario\/wp-json\/wp\/v2\/pages"}],"about":[{"href":"https:\/\/www.diocesitn.it\/seminario\/wp-json\/wp\/v2\/types\/page"}],"author":[{"embeddable":true,"href":"https:\/\/www.diocesitn.it\/seminario\/wp-json\/wp\/v2\/users\/172"}],"replies":[{"embeddable":true,"href":"https:\/\/www.diocesitn.it\/seminario\/wp-json\/wp\/v2\/comments?post=365"}],"version-history":[{"count":3,"href":"https:\/\/www.diocesitn.it\/seminario\/wp-json\/wp\/v2\/pages\/365\/revisions"}],"predecessor-version":[{"id":976,"href":"https:\/\/www.diocesitn.it\/seminario\/wp-json\/wp\/v2\/pages\/365\/revisions\/976"}],"wp:attachment":[{"href":"https:\/\/www.diocesitn.it\/seminario\/wp-json\/wp\/v2\/media?parent=365"}],"curies":[{"name":"wp","href":"https:\/\/api.w.org\/{rel}","templated":true}]}}