{"id":1787,"date":"2022-01-15T13:17:38","date_gmt":"2022-01-15T12:17:38","guid":{"rendered":"https:\/\/www.diocesitn.it\/clero\/?page_id=1787"},"modified":"2024-04-17T16:51:13","modified_gmt":"2024-04-17T14:51:13","slug":"2022-2","status":"publish","type":"page","link":"https:\/\/www.diocesitn.it\/clero\/lutto-nel-clero\/2022-2\/","title":{"rendered":"2022"},"content":{"rendered":"<p><strong>don Carlo Mottes<\/strong>, di anni 77.<br \/>\nTrento, 15 gennaio 2022<\/p>\n<p>Nato a\u00a0Fai della Paganella, era stato ordinato sacerdote nel 1970 a Trento; vicario parrocchiale a Roncegno (1970-1972), Trento, S.Maria (1972-1974), fu quindi parroco a Lona Lases (1974-1983), missionario in Tchad (1983-1997), e poi di nuovo parroco a Marcena, Lanza Mocenigo (1997-2008), Bresimo (2007-2008); residente Fai della Paganella (2008-2009), fu parroco anche dell\u2019Unit\u00e0 Pastorale di Giovo (2009-2010); collaboratore pastorale Fai della Paganella (dal 2010). Dal novembre del 2021 risiedeva alla\u00a0Casa del Clero\u00a0dove \u00e8 spirato.<\/p>\n<p>Il funerale \u00e8 stato celebrato a Fai della Paganella marted\u00ec 18 gennaio 2022 alle 14.30.<\/p>\n<hr \/>\n<p><strong>don Giuseppe Beber<\/strong>, di anni 79.<br \/>\nTrento, 15 gennaio 2022.<\/p>\n<p>Originario di Pergine Valsugana, venne ordinato a Trento nel 1967. Fu quindi vicario parrocchiale a Fondo (1967-1969), e poi missionario in Brasile per quasi 10 anni (1969-1978). Al suo rientro in Italia fu vicario parrocchiale a Bolzano, alla parrocchia di San Giovanni Bosco (1978-1980), e quindi parroco in Trentino a Valle San Felice e Pannone (1980-1988), parroco e decano a Condino e Brione (1988-2004); per un breve periodo amministratore parrocchiale a Bondone e Baitoni (2002-2004), fu poi parroco dell\u2019unit\u00e0 pastorale di Brentonico (2004-2010), e quindi parroco dell\u2019unit\u00e0 pastorale di Giovo (2010-2021). Da dicembre 2021 era alla Casa del Clero di Trento, dove si \u00e8 spento.<\/p>\n<p>Il funerale \u00e8 stato celebrato mercoled\u00ec 19 gennaio alle 14.30 in chiesa parrocchiale a Pergine.<\/p>\n<hr \/>\n<p><strong>don Giovanni Trentini<\/strong>, di anni 94.<br \/>\nTrento, 29 gennaio 2022.<\/p>\n<p>Originario di Rovereto, venne ordinato a Trento nel 1953. Fu quindi dapprima vicario parrocchiale a Tuenno (1953-1954) e Nomi (1954-1957), e poi a lungo parroco a Patone (1957-1975) e Vigne d\u2019Arco (1975-2005). Negli ultimi anni fu collaboratore pastorale nel decanato di Arco (2005-2008) prima di trasferirsi alla Casa del Clero nel 2008, dove si \u00e8 spento.<\/p>\n<p>Il funerale \u00e8 stato celebrato marted\u00ec 1 febbraio alle 14.30 nella chiesa parrocchiale di Noriglio.<\/p>\n<hr \/>\n<p><strong>don Roberto Marchesoni<\/strong>, di anni 85.<br \/>\nTrento, 3 febbraio 2022.<\/p>\n<p>Nato a Brescia (con parrocchia di origine Caldonazzo), venne ordinato sacerdote nel 1960 a Trento. Fu inizialmente vicario parrocchiale a Baselga di Pin\u00e8 (1960-1962), Rovereto S. Marco (1962-1965). Quindi catechista a Rovereto (1965-1974), poi parroco a Saccone (1972-1975). Di nuovo catechista a Trento (1976-1992), incaricato per la pastorale studentesca (1981-1986). A lungo assistente di\u00a0Comunione e Liberazione\u00a0in diocesi (1980-2019). E\u2019 spirato alla Casa del Clero.<\/p>\n<p>Il funerale \u00e8 stato celebrato in cattedrale a Trento luned\u00ec 7 febbraio alle 15.<\/p>\n<hr \/>\n<p><strong>don Alberto Pinamonti<\/strong>, di anni 87.<br \/>\nTrento, 5 febbraio 2022.<\/p>\n<p>Nato a Tuenno, venne ordinato a Trento nel 1958. Fu vicario parrocchiale a Brentonico (1958-1959), Besenello (1959-1964), e quindi parroco a Serrada (1964-1974), S. Anna e Raossi (1974-1977), vicario parrocchiale a Cles (1977-2000), ed infine collaboratore pastorale a Fondo e Tret (2000-2011) e nell&#8217;unit\u00e0 pastorale a Fondo (2011-2021).<\/p>\n<p>Il funerale \u00e8 stato celebrato a Tuenno, marted\u00ec 8 febbraio alle 14.<\/p>\n<hr \/>\n<p><strong>mons. Armando Costa<\/strong>, di anni 95.<br \/>\nTrento, 18 giugno 2022.<\/p>\n<p>Nato a Borgo Valsugana, ordinato sacerdote nel 1951 a Trento; prefetto seminario minore (1951-1961), professore seminario (1951-1967); catechista a Trento (1956-1972); curia, uff. liturgico (1965-1967); pres. comm. Diocesana Congressi Eucaristici (1963-1975); dirett. laboratorio liturgico (1965-1980); curia, Ufficio Stampa (1967-2000); canonico preposito cattedrale (1978-1986); decano Capitolo cattedrale (1986-2001); cons. eccl. U.C.S.I. (1986-2002); membro collegio dei Consultori (1986-2005); pubblicazioni ufficiali in Curia (2000-20189); canonico residenziale della Cattedrale dal1978; residente alla Casa del Clero e qui spentosi serenamente.<\/p>\n<p>Il funerale \u00e8 stato celebrato luned\u00ec 20 giugno alle ore 11.00 in cattedrale a Trento e nello stesso giorno alle 17.00 a Borgo Valsugana ove \u00e8 stato tumulato.<\/p>\n<hr \/>\n<p><strong>don Antonio Miori<\/strong>, di anni 95.<br \/>\nTrento, 27 giugno 2022.<\/p>\n<p>Nato a Lon, ordinato\u00a0<span class=\"marklqk7j2ez3\" data-markjs=\"true\" data-ogac=\"\" data-ogab=\"\" data-ogsc=\"\" data-ogsb=\"\">nel<\/span>\u00a01953 nei Bertoniani (VR), professore di collegio (1961-1973); incardinato\u00a0<span class=\"marklqk7j2ez3\" data-markjs=\"true\" data-ogac=\"\" data-ogab=\"\" data-ogsc=\"\" data-ogsb=\"\">nel<\/span>\u00a01968; curato di Ciago e Lon (1968-1987); collaboratore pastorale parrocchiale di Ciago dal 1968; si \u00e8 spento\u00a0<span class=\"marklqk7j2ez3\" data-markjs=\"true\" data-ogac=\"\" data-ogab=\"\" data-ogsc=\"\" data-ogsb=\"\">nel<\/span>la Casa del\u00a0<span class=\"markg1v1utiq2\" data-markjs=\"true\" data-ogac=\"\" data-ogab=\"\" data-ogsc=\"\" data-ogsb=\"\">Clero<\/span>, in cui \u00e8 stato accolto in questi ultimi mesi.<br aria-hidden=\"true\" \/>Il funerale \u00e8 stato celebrato mercoled\u00ec 29 giugno, alle ore 10.00 a Ciago.<\/p>\n<hr \/>\n<p><strong>mons. Remo Zottele<\/strong>, di anni 99.<br \/>\nTrento, 29 giugno 2022.<\/p>\n<p>Nato a Roncegno, ordinato nel 1946 a Trento, prefetto seminario minore (1946-1948); Universit\u00e0 Cattolica Lettere (1948-1951); professore nel seminario minore (1951-1990); assistente Apostolato della Preghiera (1993-2000); direttore biblioteca diocesana Antonio Rosmini (1988-2004); canonico onorario della cattedrale dal 2009; residente alla Casa del Clero dal 2014, in cui \u00e8 spirato.<\/p>\n<p>Il funerale \u00e8 stato celebrato venerd\u00ec 1 luglio alle ore 17.00 a Roncegno.<\/p>\n<hr \/>\n<p><strong>mons. Giovanni Binda<\/strong>, di anni 80.<br \/>\nDonoratico (Livorno), 29 luglio 2022.<\/p>\n<p>Nato a Bolzano, ordinato nel 1965 a Bolzano; vicario parrocchiale a Merano (1965-1979); capp. Comunit\u00e0 italiana di Ora (1969-1981); parroco a Trento, S. Pio X (1981-1992); incardinato nel 1985; parroco a Pinzolo e decano Rendena (1992-2000); parroco Riva del Garda, S. Maria Assunta e Pregasina (2000-2016); decano Riva e Ledro, delegato vescovile zona Pastorale Riva e Ledro (2000-2016); canonico residenziale della cattedrale dal 2016. Morto improvvisamente al mare, a Donoratico (Livorno).<\/p>\n<p>Il funerale \u00e8 stato celebrato mercoled\u00ec 3 agosto alle 10 in Cattedrale a Trento.<\/p>\n<hr \/>\n<p><strong>don Italo Baldo<\/strong>, di anni 92.<br \/>\nTrento, 17 novembre 2022.<\/p>\n<p>Nato ad Aldeno, fu ordinato sacerdote nel 1955. Come primo incarico fu vicario parrocchiale a Condino (1955-1958) e Terragnolo (1958-1960). Divenne quindi parroco a Castione (1960-1970), Viarago (1970-1975), Patone (1975-1981), Sorni (1981-1986) e Romallo (1986-1997). Fu collaboratore pastorale ad Aldeno (1997-2009) prima del suo trasferimento alla Casa del Clero nel 2009, dove si \u00e8 spento.<\/p>\n<p>Il funerale \u00e8 stato celebrato luned\u00ec 21 novembre ad ore 14:30 nella chiesa parrocchiale di Aldeno.<\/p>\n<hr \/>\n<p><strong>don Mario Brusacoram<\/strong>, di anni 89.<br \/>\nTrento, 22 novembre 2022.<\/p>\n<p>Originario di Taio, venne ordinato a Trento nel 1958. Fu quindi vicario parrocchiale a Bolognano (1958-1964), poi parroco a Dorsino e Tavodo (1964-1971), Terzolas (1971-1989), Samoclevo (1989-1994), Taio dove fu anche decano (1994-2009), amministratore parrocchiale a Mollaro (2006-2009), Segno e Torra (2007-2009). Da ultimo fu collaboratore pastorale del decanato di Arco (2009-2021).\u00a0Dal 2021 era alla Casa del Clero, dove si \u00e8 spento.<\/p>\n<p>Il funerale \u00e8 stato celebrato a Commezzadura\u00a0gioved\u00ec 24 novembre alle ore 14.30.<\/p>\n<hr \/>\n<p><strong>don Ivo Leonardi<\/strong>, di anni 92.<br \/>\nSpiazzo Rendena, 26 novembre 2022.<\/p>\n<p>Nato a Preore, venne ordinato a Trento nel 1954. Fu poi vicario parrocchiale a Rovereto S. Maria (1954-1958), poi parroco a Raossi (1958-1964), Trento S. Martino (1964-1977), sacrista della Cattedrale di Trento e archivista del Capitolo (1977-1990), infine cappellano all\u2019ospedale di Tione (1990- 1997), cappellano alla RSA di Spiazzo Rendena (1997-2012) e infine residente nella stessa casa di riposo dal 2012.<\/p>\n<p>Il funerale \u00e8 stato celebrato a Preore, marted\u00ec 29 novembre, alle 14.30.<\/p>\n<hr \/>\n<p><strong>mons. Giuseppe Grosselli<\/strong>, di anni 95.<br \/>\nTrento, 18 dicembre 2022.<\/p>\n<p>Nato a Calavino, fu ordinato a Trento nel 1950. Fu inizialmente professore al Seminario minore (1950-1966), poi assistente diocesano per le ACLI (1966-1971), catechista (1979), delegato per la pastorale del lavoro (1967-1989). Fu quindi parroco a Montevaccino (1989-2006), delegato per il turismo, sport e tempo libero (1989-2009); infine fu residente prima a Solteri (2009-2020), e dal 2020 alla Casa del clero dove si \u00e8 spento.<\/p>\n<p>Il funerale \u00e8 stato celebrato a Calavino marted\u00ec 20 dicembre alle ore 14.30.<\/p>\n","protected":false},"excerpt":{"rendered":"<p>don Carlo Mottes, di anni 77. Trento, 15 gennaio 2022 Nato a\u00a0Fai della Paganella, era stato ordinato sacerdote nel 1970 a Trento; vicario parrocchiale a Roncegno (1970-1972), Trento, S.Maria (1972-1974), fu quindi parroco a Lona<\/p>\n","protected":false},"author":168,"featured_media":0,"parent":707,"menu_order":0,"comment_status":"closed","ping_status":"closed","template":"","meta":{"footnotes":""},"class_list":["post-1787","page","type-page","status-publish","hentry"],"acf":{"seed-localization-paese-cod":"","seed-localization-address":"","seed-localization-citta":"","seed-localization-regione-cod-istat":"","seed-localization-citta-cod-istat":"","seed-localization-localita":"","seed-localization-cap":"","seed-localization-marker-visibility":false,"seed-localization-children-visibility":false,"seed-localization-kml":"","seed-localization-custom-marker":""},"yoast_head":"<!-- This site is optimized with the Yoast SEO Premium plugin v20.2.1 (Yoast SEO v22.2) - https:\/\/yoast.com\/wordpress\/plugins\/seo\/ -->\n<title>2022 - Clero<\/title>\n<meta name=\"robots\" content=\"index, follow, max-snippet:-1, max-image-preview:large, max-video-preview:-1\" \/>\n<link rel=\"canonical\" href=\"https:\/\/www.diocesitn.it\/clero\/lutto-nel-clero\/2022-2\/\" \/>\n<meta property=\"og:locale\" content=\"it_IT\" \/>\n<meta property=\"og:type\" content=\"article\" \/>\n<meta property=\"og:title\" content=\"2022\" \/>\n<meta property=\"og:description\" content=\"don Carlo Mottes, di anni 77. Trento, 15 gennaio 2022 Nato a\u00a0Fai della Paganella, era stato ordinato sacerdote nel 1970 a Trento; vicario parrocchiale a Roncegno (1970-1972), Trento, S.Maria (1972-1974), fu quindi parroco a Lona\" \/>\n<meta property=\"og:url\" content=\"https:\/\/www.diocesitn.it\/clero\/lutto-nel-clero\/2022-2\/\" \/>\n<meta property=\"og:site_name\" content=\"Clero\" \/>\n<meta property=\"article:modified_time\" content=\"2024-04-17T14:51:13+00:00\" \/>\n<meta name=\"twitter:card\" content=\"summary_large_image\" \/>\n<meta name=\"twitter:label1\" content=\"Tempo di lettura stimato\" \/>\n\t<meta name=\"twitter:data1\" content=\"7 minuti\" \/>\n<script type=\"application\/ld+json\" class=\"yoast-schema-graph\">{\"@context\":\"https:\/\/schema.org\",\"@graph\":[{\"@type\":\"WebPage\",\"@id\":\"https:\/\/www.diocesitn.it\/clero\/lutto-nel-clero\/2022-2\/\",\"url\":\"https:\/\/www.diocesitn.it\/clero\/lutto-nel-clero\/2022-2\/\",\"name\":\"2022 - Clero\",\"isPartOf\":{\"@id\":\"https:\/\/www.diocesitn.it\/clero\/#website\"},\"datePublished\":\"2022-01-15T12:17:38+00:00\",\"dateModified\":\"2024-04-17T14:51:13+00:00\",\"breadcrumb\":{\"@id\":\"https:\/\/www.diocesitn.it\/clero\/lutto-nel-clero\/2022-2\/#breadcrumb\"},\"inLanguage\":\"it-IT\",\"potentialAction\":[{\"@type\":\"ReadAction\",\"target\":[\"https:\/\/www.diocesitn.it\/clero\/lutto-nel-clero\/2022-2\/\"]}]},{\"@type\":\"BreadcrumbList\",\"@id\":\"https:\/\/www.diocesitn.it\/clero\/lutto-nel-clero\/2022-2\/#breadcrumb\",\"itemListElement\":[{\"@type\":\"ListItem\",\"position\":1,\"name\":\"Home\",\"item\":\"https:\/\/www.diocesitn.it\/clero\/\"},{\"@type\":\"ListItem\",\"position\":2,\"name\":\"Lutto nel Clero\",\"item\":\"https:\/\/www.diocesitn.it\/clero\/lutto-nel-clero\/\"},{\"@type\":\"ListItem\",\"position\":3,\"name\":\"2022\"}]},{\"@type\":\"WebSite\",\"@id\":\"https:\/\/www.diocesitn.it\/clero\/#website\",\"url\":\"https:\/\/www.diocesitn.it\/clero\/\",\"name\":\"Clero\",\"description\":\"Chiesa di TRENTO\",\"potentialAction\":[{\"@type\":\"SearchAction\",\"target\":{\"@type\":\"EntryPoint\",\"urlTemplate\":\"https:\/\/www.diocesitn.it\/clero\/?s={search_term_string}\"},\"query-input\":\"required name=search_term_string\"}],\"inLanguage\":\"it-IT\"},{\"@type\":\"ImageObject\",\"inLanguage\":\"it-IT\",\"@id\":\"https:\/\/www.diocesitn.it\/clero\/lutto-nel-clero\/2022-2\/#local-main-organization-logo\",\"url\":\"\",\"contentUrl\":\"\",\"caption\":\"Clero\"}]}<\/script>\n<!-- \/ Yoast SEO Premium plugin. -->","yoast_head_json":{"title":"2022 - Clero","robots":{"index":"index","follow":"follow","max-snippet":"max-snippet:-1","max-image-preview":"max-image-preview:large","max-video-preview":"max-video-preview:-1"},"canonical":"https:\/\/www.diocesitn.it\/clero\/lutto-nel-clero\/2022-2\/","og_locale":"it_IT","og_type":"article","og_title":"2022","og_description":"don Carlo Mottes, di anni 77. Trento, 15 gennaio 2022 Nato a\u00a0Fai della Paganella, era stato ordinato sacerdote nel 1970 a Trento; vicario parrocchiale a Roncegno (1970-1972), Trento, S.Maria (1972-1974), fu quindi parroco a Lona","og_url":"https:\/\/www.diocesitn.it\/clero\/lutto-nel-clero\/2022-2\/","og_site_name":"Clero","article_modified_time":"2024-04-17T14:51:13+00:00","twitter_card":"summary_large_image","twitter_misc":{"Tempo di lettura stimato":"7 minuti"},"schema":{"@context":"https:\/\/schema.org","@graph":[{"@type":"WebPage","@id":"https:\/\/www.diocesitn.it\/clero\/lutto-nel-clero\/2022-2\/","url":"https:\/\/www.diocesitn.it\/clero\/lutto-nel-clero\/2022-2\/","name":"2022 - Clero","isPartOf":{"@id":"https:\/\/www.diocesitn.it\/clero\/#website"},"datePublished":"2022-01-15T12:17:38+00:00","dateModified":"2024-04-17T14:51:13+00:00","breadcrumb":{"@id":"https:\/\/www.diocesitn.it\/clero\/lutto-nel-clero\/2022-2\/#breadcrumb"},"inLanguage":"it-IT","potentialAction":[{"@type":"ReadAction","target":["https:\/\/www.diocesitn.it\/clero\/lutto-nel-clero\/2022-2\/"]}]},{"@type":"BreadcrumbList","@id":"https:\/\/www.diocesitn.it\/clero\/lutto-nel-clero\/2022-2\/#breadcrumb","itemListElement":[{"@type":"ListItem","position":1,"name":"Home","item":"https:\/\/www.diocesitn.it\/clero\/"},{"@type":"ListItem","position":2,"name":"Lutto nel Clero","item":"https:\/\/www.diocesitn.it\/clero\/lutto-nel-clero\/"},{"@type":"ListItem","position":3,"name":"2022"}]},{"@type":"WebSite","@id":"https:\/\/www.diocesitn.it\/clero\/#website","url":"https:\/\/www.diocesitn.it\/clero\/","name":"Clero","description":"Chiesa di TRENTO","potentialAction":[{"@type":"SearchAction","target":{"@type":"EntryPoint","urlTemplate":"https:\/\/www.diocesitn.it\/clero\/?s={search_term_string}"},"query-input":"required name=search_term_string"}],"inLanguage":"it-IT"},{"@type":"ImageObject","inLanguage":"it-IT","@id":"https:\/\/www.diocesitn.it\/clero\/lutto-nel-clero\/2022-2\/#local-main-organization-logo","url":"","contentUrl":"","caption":"Clero"}]}},"_links":{"self":[{"href":"https:\/\/www.diocesitn.it\/clero\/wp-json\/wp\/v2\/pages\/1787","targetHints":{"allow":["GET"]}}],"collection":[{"href":"https:\/\/www.diocesitn.it\/clero\/wp-json\/wp\/v2\/pages"}],"about":[{"href":"https:\/\/www.diocesitn.it\/clero\/wp-json\/wp\/v2\/types\/page"}],"author":[{"embeddable":true,"href":"https:\/\/www.diocesitn.it\/clero\/wp-json\/wp\/v2\/users\/168"}],"replies":[{"embeddable":true,"href":"https:\/\/www.diocesitn.it\/clero\/wp-json\/wp\/v2\/comments?post=1787"}],"version-history":[{"count":4,"href":"https:\/\/www.diocesitn.it\/clero\/wp-json\/wp\/v2\/pages\/1787\/revisions"}],"predecessor-version":[{"id":1953,"href":"https:\/\/www.diocesitn.it\/clero\/wp-json\/wp\/v2\/pages\/1787\/revisions\/1953"}],"up":[{"embeddable":true,"href":"https:\/\/www.diocesitn.it\/clero\/wp-json\/wp\/v2\/pages\/707"}],"wp:attachment":[{"href":"https:\/\/www.diocesitn.it\/clero\/wp-json\/wp\/v2\/media?parent=1787"}],"curies":[{"name":"wp","href":"https:\/\/api.w.org\/{rel}","templated":true}]}}