{"id":17573,"date":"2025-04-16T15:20:03","date_gmt":"2025-04-16T13:20:03","guid":{"rendered":"https:\/\/www.diocesitn.it\/area-testimonianza\/?post_type=wd-appuntamenti&#038;p=17573"},"modified":"2025-05-19T11:04:18","modified_gmt":"2025-05-19T09:04:18","slug":"strada-facendo-preti-oggi-in-un-contesto-missionario-giorno-2","status":"publish","type":"wd-appuntamenti","link":"https:\/\/www.diocesitn.it\/area-testimonianza\/wd-appuntamenti\/strada-facendo-preti-oggi-in-un-contesto-missionario-giorno-2\/","title":{"rendered":"Strada facendo. Preti oggi in un contesto missionario [giorno 2 di 2]"},"content":{"rendered":"","protected":false},"excerpt":{"rendered":"","protected":false},"featured_media":17571,"template":"","tags":[],"wd-tipo-appuntamenti":[291],"class_list":["post-17573","wd-appuntamenti","type-wd-appuntamenti","status-publish","has-post-thumbnail","hentry","wd-tipo-appuntamenti-conferenza"],"acf":{"noah_appuntamento_descrizione":"Essere preti oggi in Italia porta nuovi interrogativi. Il 6\u00b0 convegno on line della rivista Presbyteri vuole indagare lo spirito <em>ad gentes<\/em> per guardare il presente e per preparare il futuro.\r\n\r\nPer collegarsi on line vedere le indicazioni sul sito di <a href=\"https:\/\/www.presbyteri.it\/\" target=\"_blank\" rel=\"noopener\">Presbyteri<\/a>.\r\n<p style=\"text-align: center\"><strong style=\"text-align: center\">6\u00b0 Convegno della Rivista\u00a0<em>Presbyteri<\/em><\/strong><\/p>\r\n<p class=\"has-text-align-center\" style=\"text-align: center\"><strong>in collaborazione con L\u2019Unione Apostolica del Clero<\/strong><\/p>\r\n\r\n<h1 class=\"has-text-align-center\" style=\"text-align: center\"><strong><span class=\"has-inline-color has-vivid-cyan-blue-color\">Strada facendo\u2026<\/span><\/strong><\/h1>\r\n<h2 class=\"has-text-align-center\" style=\"text-align: center\"><strong><span class=\"has-inline-color has-vivid-cyan-blue-color\">Preti oggi in un contesto missionario.<\/span><\/strong><\/h2>\r\n<p class=\"has-text-align-center\" style=\"text-align: center\"><strong>Modalit\u00e0 on line \u2013 19 e 20 maggio<\/strong>\u00a0<strong>2025<\/strong><\/p>\r\nLa situazione in cui il presbitero in Italia si trova a vivere il suo ministero \u00e8 indubbiamente in veloce cambiamento, portando interrogativi nuovi. Di fronte a una rapida scristianizzazione della societ\u00e0, per restare nella gioia e non cedere al disorientamento e alla frustrazione il presbitero si vede sempre pi\u00f9 nella necessit\u00e0 di ricercare e di scegliere ci\u00f2 che \u00e8 veramente \u201cnecessario\u201d al suo ministero e di modificare alcuni paradigmi della sua formazione, del suo modo di fare pastorale e persino della sua identit\u00e0.\r\n\r\nInsomma, assomiglia sempre pi\u00f9 a un \u201ctestimone-missionario\u201d, nel senso comune con cui siamo abituati a pensare questa figura di evangelizzatore\u00a0<em>ad gentes<\/em>\u00a0che si prepara e vive un impegno di primo annuncio e di dialogo con culture e societ\u00e0 basate su altri valori e convinzioni.\r\n\r\nIl Convegno sar\u00e0 occasione per guardare il presente e per preparare il futuro\u2026\r\n\r\n<hr \/>\r\n\r\n<strong><em>Luned\u00ec 19 maggio<\/em><\/strong>\r\n\r\n<strong>mons. Mario Delpini<\/strong>, Arcivescovo di Milano\r\n<em>L\u2019inerzia, le caricature, lo splendore: tipologie di vita da preti e principi per il discernimento<\/em>\r\n\r\n<strong>Stella Morra<\/strong>, teologa\r\n<em>La cura dello sguardo: conversione sinodale e vita da prete<\/em>\r\n\r\n<hr \/>\r\n\r\n<em><strong>Marted\u00ec 20 maggio<\/strong><\/em>\r\n\r\n<strong>don Enrico Brancozzi<\/strong>, diocesi di Fermo\r\n<strong>don Vito Impellizzeri<\/strong>, diocesi di Mazara del Vallo\r\n<em>Cos\u00ec posso ancora fare il prete\u2026<\/em>\r\n\r\n<hr \/>\r\n\r\nModera il convegno:\r\n<strong>don Stefano Zeni<\/strong>, della Redazione di Presbyteri\r\n\r\n<hr \/>\r\n<p style=\"text-align: center\"><a href=\"https:\/\/www.diocesitn.it\/area-testimonianza\/wp-content\/uploads\/sites\/37\/2025\/04\/2025.05.19-20-presbyteri-convegno-locandina.jpg\" target=\"_blank\" rel=\"noopener\"><img class=\"alignnone wp-image-17568\" src=\"https:\/\/www.diocesitn.it\/area-testimonianza\/wp-content\/uploads\/sites\/37\/2025\/04\/2025.05.19-20-presbyteri-convegno-locandina-212x300.jpg\" alt=\"\" width=\"322\" height=\"456\" \/><\/a><\/p>","noah_appuntamento_allday":false,"noah_appuntamento_data_inizio":"20250520","noah_info_aggiuntive_data":"","noah_appuntamento_ora_inizio":"10","noah_appuntamento_minuti_inizio":"00","noah_appuntamento_data_fine":"20250520","noah_appuntamento_ora_fine":"12","noah_appuntamento_minuti_fine":"00","noah_appuntamento_categoria":[291],"noah_appuntamento_tipo_organizzatore":"interno","noah_appuntamento_organizzatore_interno":"","noah_appuntamento_organizzatore_altro":"","noah_appuntamento_allegati":null,"seed-localization-paese-cod":"IT","seed-localization-address":"","seed-localization-citta":"Trento","seed-localization-regione-cod-istat":"04","seed-localization-citta-cod-istat":"022205","seed-localization-localita":"","seed-localization-cap":"","seed-localization-marker-visibility":false,"seed-localization-children-visibility":false,"seed-localization-kml":"","seed-localization-custom-marker":"","noah_appuntamento_segnala":""},"yoast_head":"<!-- This site is optimized with the Yoast SEO Premium plugin v20.2.1 (Yoast SEO v22.2) - https:\/\/yoast.com\/wordpress\/plugins\/seo\/ -->\n<title>Strada facendo. Preti oggi in un contesto missionario [giorno 2 di 2] - Testimonianza e Impegno sociale<\/title>\n<meta name=\"robots\" content=\"index, follow, max-snippet:-1, max-image-preview:large, max-video-preview:-1\" \/>\n<link rel=\"canonical\" href=\"https:\/\/www.diocesitn.it\/area-testimonianza\/wd-appuntamenti\/strada-facendo-preti-oggi-in-un-contesto-missionario-giorno-2\/\" \/>\n<meta property=\"og:locale\" content=\"it_IT\" \/>\n<meta property=\"og:type\" content=\"article\" \/>\n<meta property=\"og:title\" content=\"Strada facendo. Preti oggi in un contesto missionario [giorno 2 di 2]\" \/>\n<meta property=\"og:url\" content=\"https:\/\/www.diocesitn.it\/area-testimonianza\/wd-appuntamenti\/strada-facendo-preti-oggi-in-un-contesto-missionario-giorno-2\/\" \/>\n<meta property=\"og:site_name\" content=\"Testimonianza e Impegno sociale\" \/>\n<meta property=\"article:modified_time\" content=\"2025-05-19T09:04:18+00:00\" \/>\n<meta property=\"og:image\" content=\"https:\/\/www.diocesitn.it\/area-testimonianza\/wp-content\/uploads\/sites\/37\/2025\/04\/2025.05.19-20-convegno.jpg\" \/>\n\t<meta property=\"og:image:width\" content=\"1024\" \/>\n\t<meta property=\"og:image:height\" content=\"218\" \/>\n\t<meta property=\"og:image:type\" content=\"image\/jpeg\" \/>\n<meta name=\"twitter:card\" content=\"summary_large_image\" \/>\n<meta name=\"twitter:label1\" content=\"Tempo di lettura stimato\" \/>\n\t<meta name=\"twitter:data1\" content=\"1 minuto\" \/>\n<script type=\"application\/ld+json\" class=\"yoast-schema-graph\">{\"@context\":\"https:\/\/schema.org\",\"@graph\":[{\"@type\":\"WebPage\",\"@id\":\"https:\/\/www.diocesitn.it\/area-testimonianza\/wd-appuntamenti\/strada-facendo-preti-oggi-in-un-contesto-missionario-giorno-2\/\",\"url\":\"https:\/\/www.diocesitn.it\/area-testimonianza\/wd-appuntamenti\/strada-facendo-preti-oggi-in-un-contesto-missionario-giorno-2\/\",\"name\":\"Strada facendo. Preti oggi in un contesto missionario [giorno 2 di 2] - Testimonianza e Impegno sociale\",\"isPartOf\":{\"@id\":\"https:\/\/www.diocesitn.it\/area-testimonianza\/#website\"},\"primaryImageOfPage\":{\"@id\":\"https:\/\/www.diocesitn.it\/area-testimonianza\/wd-appuntamenti\/strada-facendo-preti-oggi-in-un-contesto-missionario-giorno-2\/#primaryimage\"},\"image\":{\"@id\":\"https:\/\/www.diocesitn.it\/area-testimonianza\/wd-appuntamenti\/strada-facendo-preti-oggi-in-un-contesto-missionario-giorno-2\/#primaryimage\"},\"thumbnailUrl\":\"https:\/\/www.diocesitn.it\/area-testimonianza\/wp-content\/uploads\/sites\/37\/2025\/04\/2025.05.19-20-convegno.jpg\",\"datePublished\":\"2025-04-16T13:20:03+00:00\",\"dateModified\":\"2025-05-19T09:04:18+00:00\",\"breadcrumb\":{\"@id\":\"https:\/\/www.diocesitn.it\/area-testimonianza\/wd-appuntamenti\/strada-facendo-preti-oggi-in-un-contesto-missionario-giorno-2\/#breadcrumb\"},\"inLanguage\":\"it-IT\",\"potentialAction\":[{\"@type\":\"ReadAction\",\"target\":[\"https:\/\/www.diocesitn.it\/area-testimonianza\/wd-appuntamenti\/strada-facendo-preti-oggi-in-un-contesto-missionario-giorno-2\/\"]}]},{\"@type\":\"ImageObject\",\"inLanguage\":\"it-IT\",\"@id\":\"https:\/\/www.diocesitn.it\/area-testimonianza\/wd-appuntamenti\/strada-facendo-preti-oggi-in-un-contesto-missionario-giorno-2\/#primaryimage\",\"url\":\"https:\/\/www.diocesitn.it\/area-testimonianza\/wp-content\/uploads\/sites\/37\/2025\/04\/2025.05.19-20-convegno.jpg\",\"contentUrl\":\"https:\/\/www.diocesitn.it\/area-testimonianza\/wp-content\/uploads\/sites\/37\/2025\/04\/2025.05.19-20-convegno.jpg\",\"width\":1024,\"height\":218},{\"@type\":\"BreadcrumbList\",\"@id\":\"https:\/\/www.diocesitn.it\/area-testimonianza\/wd-appuntamenti\/strada-facendo-preti-oggi-in-un-contesto-missionario-giorno-2\/#breadcrumb\",\"itemListElement\":[{\"@type\":\"ListItem\",\"position\":1,\"name\":\"Home\",\"item\":\"https:\/\/www.diocesitn.it\/area-testimonianza\/\"},{\"@type\":\"ListItem\",\"position\":2,\"name\":\"Appuntamenti\",\"item\":\"https:\/\/www.diocesitn.it\/area-testimonianza\/wd-appuntamenti\/\"},{\"@type\":\"ListItem\",\"position\":3,\"name\":\"Strada facendo. Preti oggi in un contesto missionario [giorno 2 di 2]\"}]},{\"@type\":\"WebSite\",\"@id\":\"https:\/\/www.diocesitn.it\/area-testimonianza\/#website\",\"url\":\"https:\/\/www.diocesitn.it\/area-testimonianza\/\",\"name\":\"Testimonianza e Impegno sociale\",\"description\":\"Chiesa di Trento\",\"publisher\":{\"@id\":\"https:\/\/www.diocesitn.it\/area-testimonianza\/#organization\"},\"potentialAction\":[{\"@type\":\"SearchAction\",\"target\":{\"@type\":\"EntryPoint\",\"urlTemplate\":\"https:\/\/www.diocesitn.it\/area-testimonianza\/?s={search_term_string}\"},\"query-input\":\"required name=search_term_string\"}],\"inLanguage\":\"it-IT\"},{\"@type\":[\"Organization\",\"Place\"],\"@id\":\"https:\/\/www.diocesitn.it\/area-testimonianza\/#organization\",\"name\":\"Area Testimonianza e Impegno Sociale - Chiesa di Trento\",\"url\":\"https:\/\/www.diocesitn.it\/area-testimonianza\/\",\"logo\":{\"@id\":\"https:\/\/www.diocesitn.it\/area-testimonianza\/wd-appuntamenti\/strada-facendo-preti-oggi-in-un-contesto-missionario-giorno-2\/#local-main-organization-logo\"},\"image\":{\"@id\":\"https:\/\/www.diocesitn.it\/area-testimonianza\/wd-appuntamenti\/strada-facendo-preti-oggi-in-un-contesto-missionario-giorno-2\/#local-main-organization-logo\"},\"openingHoursSpecification\":[{\"@type\":\"OpeningHoursSpecification\",\"dayOfWeek\":[\"Monday\",\"Tuesday\",\"Wednesday\",\"Thursday\",\"Friday\",\"Saturday\",\"Sunday\"],\"opens\":\"09:00\",\"closes\":\"17:00\"}]},{\"@type\":\"ImageObject\",\"inLanguage\":\"it-IT\",\"@id\":\"https:\/\/www.diocesitn.it\/area-testimonianza\/wd-appuntamenti\/strada-facendo-preti-oggi-in-un-contesto-missionario-giorno-2\/#local-main-organization-logo\",\"url\":\"https:\/\/www.diocesitn.it\/area-testimonianza\/wp-content\/uploads\/sites\/37\/2021\/09\/og-logo-testimonianza-e-impegno-sociale.jpg\",\"contentUrl\":\"https:\/\/www.diocesitn.it\/area-testimonianza\/wp-content\/uploads\/sites\/37\/2021\/09\/og-logo-testimonianza-e-impegno-sociale.jpg\",\"width\":1200,\"height\":630,\"caption\":\"Area Testimonianza e Impegno Sociale - Chiesa di Trento\"}]}<\/script>\n<!-- \/ Yoast SEO Premium plugin. -->","yoast_head_json":{"title":"Strada facendo. Preti oggi in un contesto missionario [giorno 2 di 2] - Testimonianza e Impegno sociale","robots":{"index":"index","follow":"follow","max-snippet":"max-snippet:-1","max-image-preview":"max-image-preview:large","max-video-preview":"max-video-preview:-1"},"canonical":"https:\/\/www.diocesitn.it\/area-testimonianza\/wd-appuntamenti\/strada-facendo-preti-oggi-in-un-contesto-missionario-giorno-2\/","og_locale":"it_IT","og_type":"article","og_title":"Strada facendo. Preti oggi in un contesto missionario [giorno 2 di 2]","og_url":"https:\/\/www.diocesitn.it\/area-testimonianza\/wd-appuntamenti\/strada-facendo-preti-oggi-in-un-contesto-missionario-giorno-2\/","og_site_name":"Testimonianza e Impegno sociale","article_modified_time":"2025-05-19T09:04:18+00:00","og_image":[{"width":1024,"height":218,"url":"https:\/\/www.diocesitn.it\/area-testimonianza\/wp-content\/uploads\/sites\/37\/2025\/04\/2025.05.19-20-convegno.jpg","type":"image\/jpeg"}],"twitter_card":"summary_large_image","twitter_misc":{"Tempo di lettura stimato":"1 minuto"},"schema":{"@context":"https:\/\/schema.org","@graph":[{"@type":"WebPage","@id":"https:\/\/www.diocesitn.it\/area-testimonianza\/wd-appuntamenti\/strada-facendo-preti-oggi-in-un-contesto-missionario-giorno-2\/","url":"https:\/\/www.diocesitn.it\/area-testimonianza\/wd-appuntamenti\/strada-facendo-preti-oggi-in-un-contesto-missionario-giorno-2\/","name":"Strada facendo. Preti oggi in un contesto missionario [giorno 2 di 2] - Testimonianza e Impegno sociale","isPartOf":{"@id":"https:\/\/www.diocesitn.it\/area-testimonianza\/#website"},"primaryImageOfPage":{"@id":"https:\/\/www.diocesitn.it\/area-testimonianza\/wd-appuntamenti\/strada-facendo-preti-oggi-in-un-contesto-missionario-giorno-2\/#primaryimage"},"image":{"@id":"https:\/\/www.diocesitn.it\/area-testimonianza\/wd-appuntamenti\/strada-facendo-preti-oggi-in-un-contesto-missionario-giorno-2\/#primaryimage"},"thumbnailUrl":"https:\/\/www.diocesitn.it\/area-testimonianza\/wp-content\/uploads\/sites\/37\/2025\/04\/2025.05.19-20-convegno.jpg","datePublished":"2025-04-16T13:20:03+00:00","dateModified":"2025-05-19T09:04:18+00:00","breadcrumb":{"@id":"https:\/\/www.diocesitn.it\/area-testimonianza\/wd-appuntamenti\/strada-facendo-preti-oggi-in-un-contesto-missionario-giorno-2\/#breadcrumb"},"inLanguage":"it-IT","potentialAction":[{"@type":"ReadAction","target":["https:\/\/www.diocesitn.it\/area-testimonianza\/wd-appuntamenti\/strada-facendo-preti-oggi-in-un-contesto-missionario-giorno-2\/"]}]},{"@type":"ImageObject","inLanguage":"it-IT","@id":"https:\/\/www.diocesitn.it\/area-testimonianza\/wd-appuntamenti\/strada-facendo-preti-oggi-in-un-contesto-missionario-giorno-2\/#primaryimage","url":"https:\/\/www.diocesitn.it\/area-testimonianza\/wp-content\/uploads\/sites\/37\/2025\/04\/2025.05.19-20-convegno.jpg","contentUrl":"https:\/\/www.diocesitn.it\/area-testimonianza\/wp-content\/uploads\/sites\/37\/2025\/04\/2025.05.19-20-convegno.jpg","width":1024,"height":218},{"@type":"BreadcrumbList","@id":"https:\/\/www.diocesitn.it\/area-testimonianza\/wd-appuntamenti\/strada-facendo-preti-oggi-in-un-contesto-missionario-giorno-2\/#breadcrumb","itemListElement":[{"@type":"ListItem","position":1,"name":"Home","item":"https:\/\/www.diocesitn.it\/area-testimonianza\/"},{"@type":"ListItem","position":2,"name":"Appuntamenti","item":"https:\/\/www.diocesitn.it\/area-testimonianza\/wd-appuntamenti\/"},{"@type":"ListItem","position":3,"name":"Strada facendo. Preti oggi in un contesto missionario [giorno 2 di 2]"}]},{"@type":"WebSite","@id":"https:\/\/www.diocesitn.it\/area-testimonianza\/#website","url":"https:\/\/www.diocesitn.it\/area-testimonianza\/","name":"Testimonianza e Impegno sociale","description":"Chiesa di Trento","publisher":{"@id":"https:\/\/www.diocesitn.it\/area-testimonianza\/#organization"},"potentialAction":[{"@type":"SearchAction","target":{"@type":"EntryPoint","urlTemplate":"https:\/\/www.diocesitn.it\/area-testimonianza\/?s={search_term_string}"},"query-input":"required name=search_term_string"}],"inLanguage":"it-IT"},{"@type":["Organization","Place"],"@id":"https:\/\/www.diocesitn.it\/area-testimonianza\/#organization","name":"Area Testimonianza e Impegno Sociale - Chiesa di Trento","url":"https:\/\/www.diocesitn.it\/area-testimonianza\/","logo":{"@id":"https:\/\/www.diocesitn.it\/area-testimonianza\/wd-appuntamenti\/strada-facendo-preti-oggi-in-un-contesto-missionario-giorno-2\/#local-main-organization-logo"},"image":{"@id":"https:\/\/www.diocesitn.it\/area-testimonianza\/wd-appuntamenti\/strada-facendo-preti-oggi-in-un-contesto-missionario-giorno-2\/#local-main-organization-logo"},"openingHoursSpecification":[{"@type":"OpeningHoursSpecification","dayOfWeek":["Monday","Tuesday","Wednesday","Thursday","Friday","Saturday","Sunday"],"opens":"09:00","closes":"17:00"}]},{"@type":"ImageObject","inLanguage":"it-IT","@id":"https:\/\/www.diocesitn.it\/area-testimonianza\/wd-appuntamenti\/strada-facendo-preti-oggi-in-un-contesto-missionario-giorno-2\/#local-main-organization-logo","url":"https:\/\/www.diocesitn.it\/area-testimonianza\/wp-content\/uploads\/sites\/37\/2021\/09\/og-logo-testimonianza-e-impegno-sociale.jpg","contentUrl":"https:\/\/www.diocesitn.it\/area-testimonianza\/wp-content\/uploads\/sites\/37\/2021\/09\/og-logo-testimonianza-e-impegno-sociale.jpg","width":1200,"height":630,"caption":"Area Testimonianza e Impegno Sociale - Chiesa di Trento"}]}},"_links":{"self":[{"href":"https:\/\/www.diocesitn.it\/area-testimonianza\/wp-json\/wp\/v2\/wd-appuntamenti\/17573","targetHints":{"allow":["GET"]}}],"collection":[{"href":"https:\/\/www.diocesitn.it\/area-testimonianza\/wp-json\/wp\/v2\/wd-appuntamenti"}],"about":[{"href":"https:\/\/www.diocesitn.it\/area-testimonianza\/wp-json\/wp\/v2\/types\/wd-appuntamenti"}],"acf:term":[{"embeddable":true,"taxonomy":"wd-tipo-appuntamenti","href":"https:\/\/www.diocesitn.it\/area-testimonianza\/wp-json\/wp\/v2\/wd-tipo-appuntamenti\/291"}],"wp:featuredmedia":[{"embeddable":true,"href":"https:\/\/www.diocesitn.it\/area-testimonianza\/wp-json\/wp\/v2\/media\/17571"}],"wp:attachment":[{"href":"https:\/\/www.diocesitn.it\/area-testimonianza\/wp-json\/wp\/v2\/media?parent=17573"}],"wp:term":[{"taxonomy":"post_tag","embeddable":true,"href":"https:\/\/www.diocesitn.it\/area-testimonianza\/wp-json\/wp\/v2\/tags?post=17573"},{"taxonomy":"wd-tipo-appuntamenti","embeddable":true,"href":"https:\/\/www.diocesitn.it\/area-testimonianza\/wp-json\/wp\/v2\/wd-tipo-appuntamenti?post=17573"}],"curies":[{"name":"wp","href":"https:\/\/api.w.org\/{rel}","templated":true}]}}