{"id":17473,"date":"2025-03-28T11:36:17","date_gmt":"2025-03-28T10:36:17","guid":{"rendered":"https:\/\/www.diocesitn.it\/area-testimonianza\/?post_type=wd-appuntamenti&#038;p=17473"},"modified":"2025-03-28T11:36:17","modified_gmt":"2025-03-28T10:36:17","slug":"il-vescovo-incontra-i-volontari-dei-servizi-caritas-della-villalagarina","status":"publish","type":"wd-appuntamenti","link":"https:\/\/www.diocesitn.it\/area-testimonianza\/wd-appuntamenti\/il-vescovo-incontra-i-volontari-dei-servizi-caritas-della-villalagarina\/","title":{"rendered":"Il Vescovo incontra i Volontari dei servizi Caritas della Villalagarina"},"content":{"rendered":"","protected":false},"excerpt":{"rendered":"<p>SABATO 5 APRILE ore 9.30<br \/>\nCentro Pastorale Beata Giovanna a Rovereto<\/p>\n","protected":false},"featured_media":17474,"template":"","tags":[],"wd-tipo-appuntamenti":[224],"class_list":["post-17473","wd-appuntamenti","type-wd-appuntamenti","status-publish","has-post-thumbnail","hentry","wd-tipo-appuntamenti-incontro"],"acf":{"noah_appuntamento_descrizione":"<em>Il volontariato \u00e8 una delle cose pi\u00f9 belle. Perch\u00e9 ognuno con la propria libert\u00e0 sceglie di fare questo cammino che \u00e8 un cammino di uscita verso l\u2019altro, uscita con la mano tesa, un cammino di uscita per preoccuparsi degli altri. \u2014 Papa Francesco<\/em>\r\n\r\n<em>\u00a0<\/em>\r\n\r\nIl nostro Vescovo Lauro riconosce l\u2019operosa generosit\u00e0 dei volontari Caritas e coglie l\u2019occasione per incontrare tutti coloro che agiscono nella realt\u00e0 della Vallagarina, storicamente presidiata dalla Caritas con un volontariato importante. Da poco si \u00e8 aggiunto il servizio del Pasto solidale, ovvero la mensa per tutti.\r\n<p style=\"text-align: center\">L\u2019incontro<\/p>\r\n\r\n<h4 style=\"text-align: center\">fra il Vescovo e i volontari<\/h4>\r\n<p style=\"text-align: center\">si terr\u00e0<\/p>\r\n\r\n<h3 style=\"text-align: center\">Sabato 5 aprile<\/h3>\r\n<h3 style=\"text-align: center\">dalle ore 9.30<\/h3>\r\n<p style=\"text-align: center\"><strong>presso il Centro pastorale Beata Giovanna a Rovereto.<\/strong><\/p>\r\n<a href=\"https:\/\/www.diocesitn.it\/area-testimonianza\/wp-content\/uploads\/sites\/37\/2025\/03\/2025.04.05-Il-Vescovo-incontra-i-Volontariato-Caritas-scaled.jpg\" target=\"_blank\" rel=\"noopener\"><img class=\"size-medium wp-image-17471 aligncenter\" src=\"https:\/\/www.diocesitn.it\/area-testimonianza\/wp-content\/uploads\/sites\/37\/2025\/03\/2025.04.05-Il-Vescovo-incontra-i-Volontariato-Caritas-212x300.jpg\" alt=\"\" width=\"212\" height=\"300\" \/><\/a>","noah_appuntamento_allday":false,"noah_appuntamento_data_inizio":"20250405","noah_info_aggiuntive_data":"","noah_appuntamento_ora_inizio":"09","noah_appuntamento_minuti_inizio":"30","noah_appuntamento_data_fine":"20250405","noah_appuntamento_ora_fine":"12","noah_appuntamento_minuti_fine":"00","noah_appuntamento_categoria":[224],"noah_appuntamento_tipo_organizzatore":"interno","noah_appuntamento_organizzatore_interno":"","noah_appuntamento_organizzatore_altro":"","noah_appuntamento_allegati":null,"seed-localization-paese-cod":"IT","seed-localization-address":"Centro Pastorale Beata Giovanna Via Conciatori, 38068 Rovereto, Trentino-Alto Adige Italia","seed-localization-citta":"Trento","seed-localization-regione-cod-istat":"04","seed-localization-citta-cod-istat":"022205","seed-localization-localita":"","seed-localization-cap":"","seed-localization-marker-visibility":false,"seed-localization-children-visibility":false,"seed-localization-kml":"","seed-localization-custom-marker":"","noah_appuntamento_segnala":""},"yoast_head":"<!-- This site is optimized with the Yoast SEO Premium plugin v20.2.1 (Yoast SEO v22.2) - https:\/\/yoast.com\/wordpress\/plugins\/seo\/ -->\n<title>Il Vescovo incontra i Volontari dei servizi Caritas della Villalagarina - Testimonianza e Impegno sociale<\/title>\n<meta name=\"robots\" content=\"index, follow, max-snippet:-1, max-image-preview:large, max-video-preview:-1\" \/>\n<link rel=\"canonical\" href=\"https:\/\/www.diocesitn.it\/area-testimonianza\/wd-appuntamenti\/il-vescovo-incontra-i-volontari-dei-servizi-caritas-della-villalagarina\/\" \/>\n<meta property=\"og:locale\" content=\"it_IT\" \/>\n<meta property=\"og:type\" content=\"article\" \/>\n<meta property=\"og:title\" content=\"Il Vescovo incontra i Volontari dei servizi Caritas della Villalagarina\" \/>\n<meta property=\"og:description\" content=\"SABATO 5 APRILE ore 9.30 Centro Pastorale Beata Giovanna a Rovereto\" \/>\n<meta property=\"og:url\" content=\"https:\/\/www.diocesitn.it\/area-testimonianza\/wd-appuntamenti\/il-vescovo-incontra-i-volontari-dei-servizi-caritas-della-villalagarina\/\" \/>\n<meta property=\"og:site_name\" content=\"Testimonianza e Impegno sociale\" \/>\n<meta property=\"og:image\" content=\"https:\/\/www.diocesitn.it\/area-testimonianza\/wp-content\/uploads\/sites\/37\/2025\/03\/2025.04.05-volontari-caritas.jpg\" \/>\n\t<meta property=\"og:image:width\" content=\"1024\" \/>\n\t<meta property=\"og:image:height\" content=\"218\" \/>\n\t<meta property=\"og:image:type\" content=\"image\/jpeg\" \/>\n<meta name=\"twitter:card\" content=\"summary_large_image\" \/>\n<meta name=\"twitter:label1\" content=\"Tempo di lettura stimato\" \/>\n\t<meta name=\"twitter:data1\" content=\"1 minuto\" \/>\n<script type=\"application\/ld+json\" class=\"yoast-schema-graph\">{\"@context\":\"https:\/\/schema.org\",\"@graph\":[{\"@type\":\"WebPage\",\"@id\":\"https:\/\/www.diocesitn.it\/area-testimonianza\/wd-appuntamenti\/il-vescovo-incontra-i-volontari-dei-servizi-caritas-della-villalagarina\/\",\"url\":\"https:\/\/www.diocesitn.it\/area-testimonianza\/wd-appuntamenti\/il-vescovo-incontra-i-volontari-dei-servizi-caritas-della-villalagarina\/\",\"name\":\"Il Vescovo incontra i Volontari dei servizi Caritas della Villalagarina - Testimonianza e Impegno sociale\",\"isPartOf\":{\"@id\":\"https:\/\/www.diocesitn.it\/area-testimonianza\/#website\"},\"primaryImageOfPage\":{\"@id\":\"https:\/\/www.diocesitn.it\/area-testimonianza\/wd-appuntamenti\/il-vescovo-incontra-i-volontari-dei-servizi-caritas-della-villalagarina\/#primaryimage\"},\"image\":{\"@id\":\"https:\/\/www.diocesitn.it\/area-testimonianza\/wd-appuntamenti\/il-vescovo-incontra-i-volontari-dei-servizi-caritas-della-villalagarina\/#primaryimage\"},\"thumbnailUrl\":\"https:\/\/www.diocesitn.it\/area-testimonianza\/wp-content\/uploads\/sites\/37\/2025\/03\/2025.04.05-volontari-caritas.jpg\",\"datePublished\":\"2025-03-28T10:36:17+00:00\",\"dateModified\":\"2025-03-28T10:36:17+00:00\",\"breadcrumb\":{\"@id\":\"https:\/\/www.diocesitn.it\/area-testimonianza\/wd-appuntamenti\/il-vescovo-incontra-i-volontari-dei-servizi-caritas-della-villalagarina\/#breadcrumb\"},\"inLanguage\":\"it-IT\",\"potentialAction\":[{\"@type\":\"ReadAction\",\"target\":[\"https:\/\/www.diocesitn.it\/area-testimonianza\/wd-appuntamenti\/il-vescovo-incontra-i-volontari-dei-servizi-caritas-della-villalagarina\/\"]}]},{\"@type\":\"ImageObject\",\"inLanguage\":\"it-IT\",\"@id\":\"https:\/\/www.diocesitn.it\/area-testimonianza\/wd-appuntamenti\/il-vescovo-incontra-i-volontari-dei-servizi-caritas-della-villalagarina\/#primaryimage\",\"url\":\"https:\/\/www.diocesitn.it\/area-testimonianza\/wp-content\/uploads\/sites\/37\/2025\/03\/2025.04.05-volontari-caritas.jpg\",\"contentUrl\":\"https:\/\/www.diocesitn.it\/area-testimonianza\/wp-content\/uploads\/sites\/37\/2025\/03\/2025.04.05-volontari-caritas.jpg\",\"width\":1024,\"height\":218},{\"@type\":\"BreadcrumbList\",\"@id\":\"https:\/\/www.diocesitn.it\/area-testimonianza\/wd-appuntamenti\/il-vescovo-incontra-i-volontari-dei-servizi-caritas-della-villalagarina\/#breadcrumb\",\"itemListElement\":[{\"@type\":\"ListItem\",\"position\":1,\"name\":\"Home\",\"item\":\"https:\/\/www.diocesitn.it\/area-testimonianza\/\"},{\"@type\":\"ListItem\",\"position\":2,\"name\":\"Appuntamenti\",\"item\":\"https:\/\/www.diocesitn.it\/area-testimonianza\/wd-appuntamenti\/\"},{\"@type\":\"ListItem\",\"position\":3,\"name\":\"Il Vescovo incontra i Volontari dei servizi Caritas della Villalagarina\"}]},{\"@type\":\"WebSite\",\"@id\":\"https:\/\/www.diocesitn.it\/area-testimonianza\/#website\",\"url\":\"https:\/\/www.diocesitn.it\/area-testimonianza\/\",\"name\":\"Testimonianza e Impegno sociale\",\"description\":\"Chiesa di Trento\",\"publisher\":{\"@id\":\"https:\/\/www.diocesitn.it\/area-testimonianza\/#organization\"},\"potentialAction\":[{\"@type\":\"SearchAction\",\"target\":{\"@type\":\"EntryPoint\",\"urlTemplate\":\"https:\/\/www.diocesitn.it\/area-testimonianza\/?s={search_term_string}\"},\"query-input\":\"required name=search_term_string\"}],\"inLanguage\":\"it-IT\"},{\"@type\":[\"Organization\",\"Place\"],\"@id\":\"https:\/\/www.diocesitn.it\/area-testimonianza\/#organization\",\"name\":\"Area Testimonianza e Impegno Sociale - Chiesa di Trento\",\"url\":\"https:\/\/www.diocesitn.it\/area-testimonianza\/\",\"logo\":{\"@id\":\"https:\/\/www.diocesitn.it\/area-testimonianza\/wd-appuntamenti\/il-vescovo-incontra-i-volontari-dei-servizi-caritas-della-villalagarina\/#local-main-organization-logo\"},\"image\":{\"@id\":\"https:\/\/www.diocesitn.it\/area-testimonianza\/wd-appuntamenti\/il-vescovo-incontra-i-volontari-dei-servizi-caritas-della-villalagarina\/#local-main-organization-logo\"},\"openingHoursSpecification\":[{\"@type\":\"OpeningHoursSpecification\",\"dayOfWeek\":[\"Monday\",\"Tuesday\",\"Wednesday\",\"Thursday\",\"Friday\",\"Saturday\",\"Sunday\"],\"opens\":\"09:00\",\"closes\":\"17:00\"}]},{\"@type\":\"ImageObject\",\"inLanguage\":\"it-IT\",\"@id\":\"https:\/\/www.diocesitn.it\/area-testimonianza\/wd-appuntamenti\/il-vescovo-incontra-i-volontari-dei-servizi-caritas-della-villalagarina\/#local-main-organization-logo\",\"url\":\"https:\/\/www.diocesitn.it\/area-testimonianza\/wp-content\/uploads\/sites\/37\/2021\/09\/og-logo-testimonianza-e-impegno-sociale.jpg\",\"contentUrl\":\"https:\/\/www.diocesitn.it\/area-testimonianza\/wp-content\/uploads\/sites\/37\/2021\/09\/og-logo-testimonianza-e-impegno-sociale.jpg\",\"width\":1200,\"height\":630,\"caption\":\"Area Testimonianza e Impegno Sociale - Chiesa di Trento\"}]}<\/script>\n<!-- \/ Yoast SEO Premium plugin. -->","yoast_head_json":{"title":"Il Vescovo incontra i Volontari dei servizi Caritas della Villalagarina - Testimonianza e Impegno sociale","robots":{"index":"index","follow":"follow","max-snippet":"max-snippet:-1","max-image-preview":"max-image-preview:large","max-video-preview":"max-video-preview:-1"},"canonical":"https:\/\/www.diocesitn.it\/area-testimonianza\/wd-appuntamenti\/il-vescovo-incontra-i-volontari-dei-servizi-caritas-della-villalagarina\/","og_locale":"it_IT","og_type":"article","og_title":"Il Vescovo incontra i Volontari dei servizi Caritas della Villalagarina","og_description":"SABATO 5 APRILE ore 9.30 Centro Pastorale Beata Giovanna a Rovereto","og_url":"https:\/\/www.diocesitn.it\/area-testimonianza\/wd-appuntamenti\/il-vescovo-incontra-i-volontari-dei-servizi-caritas-della-villalagarina\/","og_site_name":"Testimonianza e Impegno sociale","og_image":[{"width":1024,"height":218,"url":"https:\/\/www.diocesitn.it\/area-testimonianza\/wp-content\/uploads\/sites\/37\/2025\/03\/2025.04.05-volontari-caritas.jpg","type":"image\/jpeg"}],"twitter_card":"summary_large_image","twitter_misc":{"Tempo di lettura stimato":"1 minuto"},"schema":{"@context":"https:\/\/schema.org","@graph":[{"@type":"WebPage","@id":"https:\/\/www.diocesitn.it\/area-testimonianza\/wd-appuntamenti\/il-vescovo-incontra-i-volontari-dei-servizi-caritas-della-villalagarina\/","url":"https:\/\/www.diocesitn.it\/area-testimonianza\/wd-appuntamenti\/il-vescovo-incontra-i-volontari-dei-servizi-caritas-della-villalagarina\/","name":"Il Vescovo incontra i Volontari dei servizi Caritas della Villalagarina - Testimonianza e Impegno sociale","isPartOf":{"@id":"https:\/\/www.diocesitn.it\/area-testimonianza\/#website"},"primaryImageOfPage":{"@id":"https:\/\/www.diocesitn.it\/area-testimonianza\/wd-appuntamenti\/il-vescovo-incontra-i-volontari-dei-servizi-caritas-della-villalagarina\/#primaryimage"},"image":{"@id":"https:\/\/www.diocesitn.it\/area-testimonianza\/wd-appuntamenti\/il-vescovo-incontra-i-volontari-dei-servizi-caritas-della-villalagarina\/#primaryimage"},"thumbnailUrl":"https:\/\/www.diocesitn.it\/area-testimonianza\/wp-content\/uploads\/sites\/37\/2025\/03\/2025.04.05-volontari-caritas.jpg","datePublished":"2025-03-28T10:36:17+00:00","dateModified":"2025-03-28T10:36:17+00:00","breadcrumb":{"@id":"https:\/\/www.diocesitn.it\/area-testimonianza\/wd-appuntamenti\/il-vescovo-incontra-i-volontari-dei-servizi-caritas-della-villalagarina\/#breadcrumb"},"inLanguage":"it-IT","potentialAction":[{"@type":"ReadAction","target":["https:\/\/www.diocesitn.it\/area-testimonianza\/wd-appuntamenti\/il-vescovo-incontra-i-volontari-dei-servizi-caritas-della-villalagarina\/"]}]},{"@type":"ImageObject","inLanguage":"it-IT","@id":"https:\/\/www.diocesitn.it\/area-testimonianza\/wd-appuntamenti\/il-vescovo-incontra-i-volontari-dei-servizi-caritas-della-villalagarina\/#primaryimage","url":"https:\/\/www.diocesitn.it\/area-testimonianza\/wp-content\/uploads\/sites\/37\/2025\/03\/2025.04.05-volontari-caritas.jpg","contentUrl":"https:\/\/www.diocesitn.it\/area-testimonianza\/wp-content\/uploads\/sites\/37\/2025\/03\/2025.04.05-volontari-caritas.jpg","width":1024,"height":218},{"@type":"BreadcrumbList","@id":"https:\/\/www.diocesitn.it\/area-testimonianza\/wd-appuntamenti\/il-vescovo-incontra-i-volontari-dei-servizi-caritas-della-villalagarina\/#breadcrumb","itemListElement":[{"@type":"ListItem","position":1,"name":"Home","item":"https:\/\/www.diocesitn.it\/area-testimonianza\/"},{"@type":"ListItem","position":2,"name":"Appuntamenti","item":"https:\/\/www.diocesitn.it\/area-testimonianza\/wd-appuntamenti\/"},{"@type":"ListItem","position":3,"name":"Il Vescovo incontra i Volontari dei servizi Caritas della Villalagarina"}]},{"@type":"WebSite","@id":"https:\/\/www.diocesitn.it\/area-testimonianza\/#website","url":"https:\/\/www.diocesitn.it\/area-testimonianza\/","name":"Testimonianza e Impegno sociale","description":"Chiesa di Trento","publisher":{"@id":"https:\/\/www.diocesitn.it\/area-testimonianza\/#organization"},"potentialAction":[{"@type":"SearchAction","target":{"@type":"EntryPoint","urlTemplate":"https:\/\/www.diocesitn.it\/area-testimonianza\/?s={search_term_string}"},"query-input":"required name=search_term_string"}],"inLanguage":"it-IT"},{"@type":["Organization","Place"],"@id":"https:\/\/www.diocesitn.it\/area-testimonianza\/#organization","name":"Area Testimonianza e Impegno Sociale - Chiesa di Trento","url":"https:\/\/www.diocesitn.it\/area-testimonianza\/","logo":{"@id":"https:\/\/www.diocesitn.it\/area-testimonianza\/wd-appuntamenti\/il-vescovo-incontra-i-volontari-dei-servizi-caritas-della-villalagarina\/#local-main-organization-logo"},"image":{"@id":"https:\/\/www.diocesitn.it\/area-testimonianza\/wd-appuntamenti\/il-vescovo-incontra-i-volontari-dei-servizi-caritas-della-villalagarina\/#local-main-organization-logo"},"openingHoursSpecification":[{"@type":"OpeningHoursSpecification","dayOfWeek":["Monday","Tuesday","Wednesday","Thursday","Friday","Saturday","Sunday"],"opens":"09:00","closes":"17:00"}]},{"@type":"ImageObject","inLanguage":"it-IT","@id":"https:\/\/www.diocesitn.it\/area-testimonianza\/wd-appuntamenti\/il-vescovo-incontra-i-volontari-dei-servizi-caritas-della-villalagarina\/#local-main-organization-logo","url":"https:\/\/www.diocesitn.it\/area-testimonianza\/wp-content\/uploads\/sites\/37\/2021\/09\/og-logo-testimonianza-e-impegno-sociale.jpg","contentUrl":"https:\/\/www.diocesitn.it\/area-testimonianza\/wp-content\/uploads\/sites\/37\/2021\/09\/og-logo-testimonianza-e-impegno-sociale.jpg","width":1200,"height":630,"caption":"Area Testimonianza e Impegno Sociale - Chiesa di Trento"}]}},"_links":{"self":[{"href":"https:\/\/www.diocesitn.it\/area-testimonianza\/wp-json\/wp\/v2\/wd-appuntamenti\/17473","targetHints":{"allow":["GET"]}}],"collection":[{"href":"https:\/\/www.diocesitn.it\/area-testimonianza\/wp-json\/wp\/v2\/wd-appuntamenti"}],"about":[{"href":"https:\/\/www.diocesitn.it\/area-testimonianza\/wp-json\/wp\/v2\/types\/wd-appuntamenti"}],"acf:term":[{"embeddable":true,"taxonomy":"wd-tipo-appuntamenti","href":"https:\/\/www.diocesitn.it\/area-testimonianza\/wp-json\/wp\/v2\/wd-tipo-appuntamenti\/224"}],"wp:featuredmedia":[{"embeddable":true,"href":"https:\/\/www.diocesitn.it\/area-testimonianza\/wp-json\/wp\/v2\/media\/17474"}],"wp:attachment":[{"href":"https:\/\/www.diocesitn.it\/area-testimonianza\/wp-json\/wp\/v2\/media?parent=17473"}],"wp:term":[{"taxonomy":"post_tag","embeddable":true,"href":"https:\/\/www.diocesitn.it\/area-testimonianza\/wp-json\/wp\/v2\/tags?post=17473"},{"taxonomy":"wd-tipo-appuntamenti","embeddable":true,"href":"https:\/\/www.diocesitn.it\/area-testimonianza\/wp-json\/wp\/v2\/wd-tipo-appuntamenti?post=17473"}],"curies":[{"name":"wp","href":"https:\/\/api.w.org\/{rel}","templated":true}]}}