{"id":17202,"date":"2025-03-07T08:59:40","date_gmt":"2025-03-07T07:59:40","guid":{"rendered":"https:\/\/www.diocesitn.it\/area-testimonianza\/?post_type=wd-appuntamenti&#038;p=17202"},"modified":"2025-04-16T11:59:07","modified_gmt":"2025-04-16T09:59:07","slug":"riflessioni-di-spiritualita-missionaria","status":"publish","type":"wd-appuntamenti","link":"https:\/\/www.diocesitn.it\/area-testimonianza\/wd-appuntamenti\/riflessioni-di-spiritualita-missionaria\/","title":{"rendered":"Riflessioni di spiritualit\u00e0 missionaria"},"content":{"rendered":"","protected":false},"excerpt":{"rendered":"<p>MARTED\u00ec 1 APRILE ore 17.30<br \/>\nTrento, Chiesa della Santissima Trinit\u00e0<br \/>\n_________<br \/>\nCon p. Guido Oliana.<\/p>\n","protected":false},"featured_media":17201,"template":"","tags":[2498],"wd-tipo-appuntamenti":[224],"class_list":["post-17202","wd-appuntamenti","type-wd-appuntamenti","status-publish","has-post-thumbnail","hentry","tag-p-guido-oliana","wd-tipo-appuntamenti-incontro"],"acf":{"noah_appuntamento_descrizione":"<p style=\"text-align: center\">I Padri Comboniani di Trento propongono una serie di incontri di<\/p>\r\n\r\n<h3 style=\"text-align: center\"><strong>riflessione di spiritualit\u00e0 missionaria<\/strong><\/h3>\r\n<p style=\"text-align: center\">con p. Guido Oliana, dottore in liturgia e teologia sistematica<\/p>\r\n\r\n<h4 style=\"text-align: center\">ogni primo marted\u00ec del mese<\/h4>\r\n<h4 style=\"text-align: center\">ore 17.30<\/h4>\r\n<p style=\"text-align: center\">(al posto della S. Messa)<\/p>\r\n<p style=\"text-align: center\">presso la<\/p>\r\n<p style=\"text-align: center\"><a href=\"https:\/\/www.google.com\/maps\/place\/Chiesa+della+Santissima+Trinit%C3%A0\/@46.0665108,11.1246966,15z\/data=!4m2!3m1!1s0x0:0x1ee89d9405d2ccd6?sa=X&amp;ved=2ahUKEwjQ8PaVlLP-AhVbSfEDHecDDVYQ_BJ6BAhiEAg\" target=\"_blank\" rel=\"noopener\">Chiesa della Santissima Trinit\u00e0<\/a><\/p>\r\n<p style=\"text-align: center\">(Via Santa Trinit\u00e0, 44 \u2013 Trento)<\/p>","noah_appuntamento_allday":false,"noah_appuntamento_data_inizio":"20250401","noah_info_aggiuntive_data":"","noah_appuntamento_ora_inizio":"17","noah_appuntamento_minuti_inizio":"30","noah_appuntamento_data_fine":"20250401","noah_appuntamento_ora_fine":"18","noah_appuntamento_minuti_fine":"30","noah_appuntamento_categoria":[224],"noah_appuntamento_tipo_organizzatore":"interno","noah_appuntamento_organizzatore_interno":"","noah_appuntamento_organizzatore_altro":"","noah_appuntamento_allegati":null,"seed-localization-paese-cod":"IT","seed-localization-address":"Vicolo del Liceo, 38122 Trento, Trentino-Alto Adige Italia","seed-localization-citta":"Trento","seed-localization-regione-cod-istat":"04","seed-localization-citta-cod-istat":"022205","seed-localization-localita":"","seed-localization-cap":"","seed-localization-marker-visibility":false,"seed-localization-children-visibility":false,"seed-localization-kml":"","seed-localization-custom-marker":"","noah_appuntamento_segnala":""},"yoast_head":"<!-- This site is optimized with the Yoast SEO Premium plugin v20.2.1 (Yoast SEO v22.2) - https:\/\/yoast.com\/wordpress\/plugins\/seo\/ -->\n<title>Riflessioni di spiritualit\u00e0 missionaria - Testimonianza e Impegno sociale<\/title>\n<meta name=\"robots\" content=\"index, follow, max-snippet:-1, max-image-preview:large, max-video-preview:-1\" \/>\n<link rel=\"canonical\" href=\"https:\/\/www.diocesitn.it\/area-testimonianza\/wd-appuntamenti\/riflessioni-di-spiritualita-missionaria\/\" \/>\n<meta property=\"og:locale\" content=\"it_IT\" \/>\n<meta property=\"og:type\" content=\"article\" \/>\n<meta property=\"og:title\" content=\"Riflessioni di spiritualit\u00e0 missionaria\" \/>\n<meta property=\"og:description\" content=\"MARTED\u00ec 1 APRILE ore 17.30 Trento, Chiesa della Santissima Trinit\u00e0 _________ Con p. Guido Oliana.\" \/>\n<meta property=\"og:url\" content=\"https:\/\/www.diocesitn.it\/area-testimonianza\/wd-appuntamenti\/riflessioni-di-spiritualita-missionaria\/\" \/>\n<meta property=\"og:site_name\" content=\"Testimonianza e Impegno sociale\" \/>\n<meta property=\"article:modified_time\" content=\"2025-04-16T09:59:07+00:00\" \/>\n<meta property=\"og:image\" content=\"https:\/\/www.diocesitn.it\/area-testimonianza\/wp-content\/uploads\/sites\/37\/2025\/03\/spiritualita-missionaria.jpg\" \/>\n\t<meta property=\"og:image:width\" content=\"1024\" \/>\n\t<meta property=\"og:image:height\" content=\"218\" \/>\n\t<meta property=\"og:image:type\" content=\"image\/jpeg\" \/>\n<meta name=\"twitter:card\" content=\"summary_large_image\" \/>\n<meta name=\"twitter:label1\" content=\"Tempo di lettura stimato\" \/>\n\t<meta name=\"twitter:data1\" content=\"1 minuto\" \/>\n<script type=\"application\/ld+json\" class=\"yoast-schema-graph\">{\"@context\":\"https:\/\/schema.org\",\"@graph\":[{\"@type\":\"WebPage\",\"@id\":\"https:\/\/www.diocesitn.it\/area-testimonianza\/wd-appuntamenti\/riflessioni-di-spiritualita-missionaria\/\",\"url\":\"https:\/\/www.diocesitn.it\/area-testimonianza\/wd-appuntamenti\/riflessioni-di-spiritualita-missionaria\/\",\"name\":\"Riflessioni di spiritualit\u00e0 missionaria - Testimonianza e Impegno sociale\",\"isPartOf\":{\"@id\":\"https:\/\/www.diocesitn.it\/area-testimonianza\/#website\"},\"primaryImageOfPage\":{\"@id\":\"https:\/\/www.diocesitn.it\/area-testimonianza\/wd-appuntamenti\/riflessioni-di-spiritualita-missionaria\/#primaryimage\"},\"image\":{\"@id\":\"https:\/\/www.diocesitn.it\/area-testimonianza\/wd-appuntamenti\/riflessioni-di-spiritualita-missionaria\/#primaryimage\"},\"thumbnailUrl\":\"https:\/\/www.diocesitn.it\/area-testimonianza\/wp-content\/uploads\/sites\/37\/2025\/03\/spiritualita-missionaria.jpg\",\"datePublished\":\"2025-03-07T07:59:40+00:00\",\"dateModified\":\"2025-04-16T09:59:07+00:00\",\"breadcrumb\":{\"@id\":\"https:\/\/www.diocesitn.it\/area-testimonianza\/wd-appuntamenti\/riflessioni-di-spiritualita-missionaria\/#breadcrumb\"},\"inLanguage\":\"it-IT\",\"potentialAction\":[{\"@type\":\"ReadAction\",\"target\":[\"https:\/\/www.diocesitn.it\/area-testimonianza\/wd-appuntamenti\/riflessioni-di-spiritualita-missionaria\/\"]}]},{\"@type\":\"ImageObject\",\"inLanguage\":\"it-IT\",\"@id\":\"https:\/\/www.diocesitn.it\/area-testimonianza\/wd-appuntamenti\/riflessioni-di-spiritualita-missionaria\/#primaryimage\",\"url\":\"https:\/\/www.diocesitn.it\/area-testimonianza\/wp-content\/uploads\/sites\/37\/2025\/03\/spiritualita-missionaria.jpg\",\"contentUrl\":\"https:\/\/www.diocesitn.it\/area-testimonianza\/wp-content\/uploads\/sites\/37\/2025\/03\/spiritualita-missionaria.jpg\",\"width\":1024,\"height\":218},{\"@type\":\"BreadcrumbList\",\"@id\":\"https:\/\/www.diocesitn.it\/area-testimonianza\/wd-appuntamenti\/riflessioni-di-spiritualita-missionaria\/#breadcrumb\",\"itemListElement\":[{\"@type\":\"ListItem\",\"position\":1,\"name\":\"Home\",\"item\":\"https:\/\/www.diocesitn.it\/area-testimonianza\/\"},{\"@type\":\"ListItem\",\"position\":2,\"name\":\"Appuntamenti\",\"item\":\"https:\/\/www.diocesitn.it\/area-testimonianza\/wd-appuntamenti\/\"},{\"@type\":\"ListItem\",\"position\":3,\"name\":\"Riflessioni di spiritualit\u00e0 missionaria\"}]},{\"@type\":\"WebSite\",\"@id\":\"https:\/\/www.diocesitn.it\/area-testimonianza\/#website\",\"url\":\"https:\/\/www.diocesitn.it\/area-testimonianza\/\",\"name\":\"Testimonianza e Impegno sociale\",\"description\":\"Chiesa di Trento\",\"publisher\":{\"@id\":\"https:\/\/www.diocesitn.it\/area-testimonianza\/#organization\"},\"potentialAction\":[{\"@type\":\"SearchAction\",\"target\":{\"@type\":\"EntryPoint\",\"urlTemplate\":\"https:\/\/www.diocesitn.it\/area-testimonianza\/?s={search_term_string}\"},\"query-input\":\"required name=search_term_string\"}],\"inLanguage\":\"it-IT\"},{\"@type\":[\"Organization\",\"Place\"],\"@id\":\"https:\/\/www.diocesitn.it\/area-testimonianza\/#organization\",\"name\":\"Area Testimonianza e Impegno Sociale - Chiesa di Trento\",\"url\":\"https:\/\/www.diocesitn.it\/area-testimonianza\/\",\"logo\":{\"@id\":\"https:\/\/www.diocesitn.it\/area-testimonianza\/wd-appuntamenti\/riflessioni-di-spiritualita-missionaria\/#local-main-organization-logo\"},\"image\":{\"@id\":\"https:\/\/www.diocesitn.it\/area-testimonianza\/wd-appuntamenti\/riflessioni-di-spiritualita-missionaria\/#local-main-organization-logo\"},\"openingHoursSpecification\":[{\"@type\":\"OpeningHoursSpecification\",\"dayOfWeek\":[\"Monday\",\"Tuesday\",\"Wednesday\",\"Thursday\",\"Friday\",\"Saturday\",\"Sunday\"],\"opens\":\"09:00\",\"closes\":\"17:00\"}]},{\"@type\":\"ImageObject\",\"inLanguage\":\"it-IT\",\"@id\":\"https:\/\/www.diocesitn.it\/area-testimonianza\/wd-appuntamenti\/riflessioni-di-spiritualita-missionaria\/#local-main-organization-logo\",\"url\":\"https:\/\/www.diocesitn.it\/area-testimonianza\/wp-content\/uploads\/sites\/37\/2021\/09\/og-logo-testimonianza-e-impegno-sociale.jpg\",\"contentUrl\":\"https:\/\/www.diocesitn.it\/area-testimonianza\/wp-content\/uploads\/sites\/37\/2021\/09\/og-logo-testimonianza-e-impegno-sociale.jpg\",\"width\":1200,\"height\":630,\"caption\":\"Area Testimonianza e Impegno Sociale - Chiesa di Trento\"}]}<\/script>\n<!-- \/ Yoast SEO Premium plugin. -->","yoast_head_json":{"title":"Riflessioni di spiritualit\u00e0 missionaria - Testimonianza e Impegno sociale","robots":{"index":"index","follow":"follow","max-snippet":"max-snippet:-1","max-image-preview":"max-image-preview:large","max-video-preview":"max-video-preview:-1"},"canonical":"https:\/\/www.diocesitn.it\/area-testimonianza\/wd-appuntamenti\/riflessioni-di-spiritualita-missionaria\/","og_locale":"it_IT","og_type":"article","og_title":"Riflessioni di spiritualit\u00e0 missionaria","og_description":"MARTED\u00ec 1 APRILE ore 17.30 Trento, Chiesa della Santissima Trinit\u00e0 _________ Con p. Guido Oliana.","og_url":"https:\/\/www.diocesitn.it\/area-testimonianza\/wd-appuntamenti\/riflessioni-di-spiritualita-missionaria\/","og_site_name":"Testimonianza e Impegno sociale","article_modified_time":"2025-04-16T09:59:07+00:00","og_image":[{"width":1024,"height":218,"url":"https:\/\/www.diocesitn.it\/area-testimonianza\/wp-content\/uploads\/sites\/37\/2025\/03\/spiritualita-missionaria.jpg","type":"image\/jpeg"}],"twitter_card":"summary_large_image","twitter_misc":{"Tempo di lettura stimato":"1 minuto"},"schema":{"@context":"https:\/\/schema.org","@graph":[{"@type":"WebPage","@id":"https:\/\/www.diocesitn.it\/area-testimonianza\/wd-appuntamenti\/riflessioni-di-spiritualita-missionaria\/","url":"https:\/\/www.diocesitn.it\/area-testimonianza\/wd-appuntamenti\/riflessioni-di-spiritualita-missionaria\/","name":"Riflessioni di spiritualit\u00e0 missionaria - Testimonianza e Impegno sociale","isPartOf":{"@id":"https:\/\/www.diocesitn.it\/area-testimonianza\/#website"},"primaryImageOfPage":{"@id":"https:\/\/www.diocesitn.it\/area-testimonianza\/wd-appuntamenti\/riflessioni-di-spiritualita-missionaria\/#primaryimage"},"image":{"@id":"https:\/\/www.diocesitn.it\/area-testimonianza\/wd-appuntamenti\/riflessioni-di-spiritualita-missionaria\/#primaryimage"},"thumbnailUrl":"https:\/\/www.diocesitn.it\/area-testimonianza\/wp-content\/uploads\/sites\/37\/2025\/03\/spiritualita-missionaria.jpg","datePublished":"2025-03-07T07:59:40+00:00","dateModified":"2025-04-16T09:59:07+00:00","breadcrumb":{"@id":"https:\/\/www.diocesitn.it\/area-testimonianza\/wd-appuntamenti\/riflessioni-di-spiritualita-missionaria\/#breadcrumb"},"inLanguage":"it-IT","potentialAction":[{"@type":"ReadAction","target":["https:\/\/www.diocesitn.it\/area-testimonianza\/wd-appuntamenti\/riflessioni-di-spiritualita-missionaria\/"]}]},{"@type":"ImageObject","inLanguage":"it-IT","@id":"https:\/\/www.diocesitn.it\/area-testimonianza\/wd-appuntamenti\/riflessioni-di-spiritualita-missionaria\/#primaryimage","url":"https:\/\/www.diocesitn.it\/area-testimonianza\/wp-content\/uploads\/sites\/37\/2025\/03\/spiritualita-missionaria.jpg","contentUrl":"https:\/\/www.diocesitn.it\/area-testimonianza\/wp-content\/uploads\/sites\/37\/2025\/03\/spiritualita-missionaria.jpg","width":1024,"height":218},{"@type":"BreadcrumbList","@id":"https:\/\/www.diocesitn.it\/area-testimonianza\/wd-appuntamenti\/riflessioni-di-spiritualita-missionaria\/#breadcrumb","itemListElement":[{"@type":"ListItem","position":1,"name":"Home","item":"https:\/\/www.diocesitn.it\/area-testimonianza\/"},{"@type":"ListItem","position":2,"name":"Appuntamenti","item":"https:\/\/www.diocesitn.it\/area-testimonianza\/wd-appuntamenti\/"},{"@type":"ListItem","position":3,"name":"Riflessioni di spiritualit\u00e0 missionaria"}]},{"@type":"WebSite","@id":"https:\/\/www.diocesitn.it\/area-testimonianza\/#website","url":"https:\/\/www.diocesitn.it\/area-testimonianza\/","name":"Testimonianza e Impegno sociale","description":"Chiesa di Trento","publisher":{"@id":"https:\/\/www.diocesitn.it\/area-testimonianza\/#organization"},"potentialAction":[{"@type":"SearchAction","target":{"@type":"EntryPoint","urlTemplate":"https:\/\/www.diocesitn.it\/area-testimonianza\/?s={search_term_string}"},"query-input":"required name=search_term_string"}],"inLanguage":"it-IT"},{"@type":["Organization","Place"],"@id":"https:\/\/www.diocesitn.it\/area-testimonianza\/#organization","name":"Area Testimonianza e Impegno Sociale - Chiesa di Trento","url":"https:\/\/www.diocesitn.it\/area-testimonianza\/","logo":{"@id":"https:\/\/www.diocesitn.it\/area-testimonianza\/wd-appuntamenti\/riflessioni-di-spiritualita-missionaria\/#local-main-organization-logo"},"image":{"@id":"https:\/\/www.diocesitn.it\/area-testimonianza\/wd-appuntamenti\/riflessioni-di-spiritualita-missionaria\/#local-main-organization-logo"},"openingHoursSpecification":[{"@type":"OpeningHoursSpecification","dayOfWeek":["Monday","Tuesday","Wednesday","Thursday","Friday","Saturday","Sunday"],"opens":"09:00","closes":"17:00"}]},{"@type":"ImageObject","inLanguage":"it-IT","@id":"https:\/\/www.diocesitn.it\/area-testimonianza\/wd-appuntamenti\/riflessioni-di-spiritualita-missionaria\/#local-main-organization-logo","url":"https:\/\/www.diocesitn.it\/area-testimonianza\/wp-content\/uploads\/sites\/37\/2021\/09\/og-logo-testimonianza-e-impegno-sociale.jpg","contentUrl":"https:\/\/www.diocesitn.it\/area-testimonianza\/wp-content\/uploads\/sites\/37\/2021\/09\/og-logo-testimonianza-e-impegno-sociale.jpg","width":1200,"height":630,"caption":"Area Testimonianza e Impegno Sociale - Chiesa di Trento"}]}},"_links":{"self":[{"href":"https:\/\/www.diocesitn.it\/area-testimonianza\/wp-json\/wp\/v2\/wd-appuntamenti\/17202","targetHints":{"allow":["GET"]}}],"collection":[{"href":"https:\/\/www.diocesitn.it\/area-testimonianza\/wp-json\/wp\/v2\/wd-appuntamenti"}],"about":[{"href":"https:\/\/www.diocesitn.it\/area-testimonianza\/wp-json\/wp\/v2\/types\/wd-appuntamenti"}],"acf:term":[{"embeddable":true,"taxonomy":"wd-tipo-appuntamenti","href":"https:\/\/www.diocesitn.it\/area-testimonianza\/wp-json\/wp\/v2\/wd-tipo-appuntamenti\/224"}],"wp:featuredmedia":[{"embeddable":true,"href":"https:\/\/www.diocesitn.it\/area-testimonianza\/wp-json\/wp\/v2\/media\/17201"}],"wp:attachment":[{"href":"https:\/\/www.diocesitn.it\/area-testimonianza\/wp-json\/wp\/v2\/media?parent=17202"}],"wp:term":[{"taxonomy":"post_tag","embeddable":true,"href":"https:\/\/www.diocesitn.it\/area-testimonianza\/wp-json\/wp\/v2\/tags?post=17202"},{"taxonomy":"wd-tipo-appuntamenti","embeddable":true,"href":"https:\/\/www.diocesitn.it\/area-testimonianza\/wp-json\/wp\/v2\/wd-tipo-appuntamenti?post=17202"}],"curies":[{"name":"wp","href":"https:\/\/api.w.org\/{rel}","templated":true}]}}