{"id":14792,"date":"2024-04-03T15:06:45","date_gmt":"2024-04-03T13:06:45","guid":{"rendered":"https:\/\/www.diocesitn.it\/area-testimonianza\/?post_type=wd-appuntamenti&#038;p=14792"},"modified":"2024-04-24T14:42:37","modified_gmt":"2024-04-24T12:42:37","slug":"32-convegno-nazionale-aizo-odv-rom-e-sinti","status":"publish","type":"wd-appuntamenti","link":"https:\/\/www.diocesitn.it\/area-testimonianza\/wd-appuntamenti\/32-convegno-nazionale-aizo-odv-rom-e-sinti\/","title":{"rendered":"32\u00b0 Convegno nazionale AIZO ODV &#8211; ROM E SINTI"},"content":{"rendered":"","protected":false},"excerpt":{"rendered":"<p>VENERD\u00ec 19 APRILE ore 9.00-16.00<br \/>\nVigilianum, Trento<\/p>\n<p>Titolo: La scuola motore dei valori di una societ\u00e0 democratica. E&#8217; cos\u00ec anche per Sinti e Rom?<br \/>\nProgramma completo.<\/p>\n","protected":false},"featured_media":14791,"template":"","tags":[2244,1955],"wd-tipo-appuntamenti":[1459,224],"class_list":["post-14792","wd-appuntamenti","type-wd-appuntamenti","status-publish","has-post-thumbnail","hentry","tag-rom-e-sinti","tag-scuola","wd-tipo-appuntamenti-formazione","wd-tipo-appuntamenti-incontro"],"acf":{"noah_appuntamento_descrizione":"<p style=\"text-align: center\">32\u00b0 Convegno Nazionale AIZO ODV - ROM E SINTI<\/p>\r\n\r\n<h2 style=\"text-align: center\">La scuola motore dei valori di una societ\u00e0 democratica.\r\nE' cos\u00ec anche per Sinti e Rom?<\/h2>\r\n<p style=\"text-align: center\">Venerd\u00ec 19 aprile 2024 ore 9.00 - 16.00<\/p>\r\n<p style=\"text-align: center\">presso il Vigilianum (<a href=\"https:\/\/www.google.it\/maps\/place\/Vigilianum\/@46.0618493,11.1194474,17z\/data=!3m2!4b1!5s0x478276b2ca148bad:0xb1881c7e25b65f88!4m6!3m5!1s0x478276b2ca364811:0xf5a03011961066f8!8m2!3d46.0618456!4d11.1220223!16s%2Fg%2F11bx4cmy4g?entry=ttu\" target=\"_blank\" rel=\"noopener\">Trento \u2013 via Endrici 14<\/a>)<\/p>\r\n<p style=\"text-align: center\">Programma completo sulla locandina.<\/p>\r\n<p style=\"text-align: center\"><a href=\"https:\/\/www.diocesitn.it\/area-testimonianza\/wp-content\/uploads\/sites\/37\/2024\/04\/Programma-32-Convegno-Aizo-definitivo-Corretto.pdf\" target=\"_blank\" rel=\"noopener\"><img class=\"alignnone wp-image-14793\" src=\"https:\/\/www.diocesitn.it\/area-testimonianza\/wp-content\/uploads\/sites\/37\/2024\/04\/Programma-32-Convegno-Aizo-definitivo-Corretto-212x300.jpg\" alt=\"\" width=\"333\" height=\"471\" \/><\/a><\/p>","noah_appuntamento_allday":false,"noah_appuntamento_data_inizio":"20240419","noah_info_aggiuntive_data":"","noah_appuntamento_ora_inizio":"09","noah_appuntamento_minuti_inizio":"00","noah_appuntamento_data_fine":"20240419","noah_appuntamento_ora_fine":"16","noah_appuntamento_minuti_fine":"00","noah_appuntamento_categoria":[1459,224],"noah_appuntamento_tipo_organizzatore":"interno","noah_appuntamento_organizzatore_interno":"","noah_appuntamento_organizzatore_altro":"","noah_appuntamento_allegati":null,"seed-localization-paese-cod":"IT","seed-localization-address":"Via Monsignor Celestino Endrici 14, 38122 Trento, Trentino-Alto Adige Italia","seed-localization-citta":"Trento","seed-localization-regione-cod-istat":"04","seed-localization-citta-cod-istat":"022205","seed-localization-localita":"","seed-localization-cap":"","seed-localization-marker-visibility":false,"seed-localization-children-visibility":false,"seed-localization-kml":"","seed-localization-custom-marker":"","noah_appuntamento_segnala":""},"yoast_head":"<!-- This site is optimized with the Yoast SEO Premium plugin v20.2.1 (Yoast SEO v22.2) - https:\/\/yoast.com\/wordpress\/plugins\/seo\/ -->\n<title>32\u00b0 Convegno nazionale AIZO ODV - ROM E SINTI - Testimonianza e Impegno sociale<\/title>\n<meta name=\"robots\" content=\"index, follow, max-snippet:-1, max-image-preview:large, max-video-preview:-1\" \/>\n<link rel=\"canonical\" href=\"https:\/\/www.diocesitn.it\/area-testimonianza\/wd-appuntamenti\/32-convegno-nazionale-aizo-odv-rom-e-sinti\/\" \/>\n<meta property=\"og:locale\" content=\"it_IT\" \/>\n<meta property=\"og:type\" content=\"article\" \/>\n<meta property=\"og:title\" content=\"32\u00b0 Convegno nazionale AIZO ODV - ROM E SINTI\" \/>\n<meta property=\"og:description\" content=\"VENERD\u00ec 19 APRILE ore 9.00-16.00 Vigilianum, Trento  Titolo: La scuola motore dei valori di una societ\u00e0 democratica. E&#039; cos\u00ec anche per Sinti e Rom? Programma completo.\" \/>\n<meta property=\"og:url\" content=\"https:\/\/www.diocesitn.it\/area-testimonianza\/wd-appuntamenti\/32-convegno-nazionale-aizo-odv-rom-e-sinti\/\" \/>\n<meta property=\"og:site_name\" content=\"Testimonianza e Impegno sociale\" \/>\n<meta property=\"article:modified_time\" content=\"2024-04-24T12:42:37+00:00\" \/>\n<meta property=\"og:image\" content=\"https:\/\/www.diocesitn.it\/area-testimonianza\/wp-content\/uploads\/sites\/37\/2024\/04\/letter-1219547_1280.jpg\" \/>\n\t<meta property=\"og:image:width\" content=\"1280\" \/>\n\t<meta property=\"og:image:height\" content=\"456\" \/>\n\t<meta property=\"og:image:type\" content=\"image\/jpeg\" \/>\n<meta name=\"twitter:card\" content=\"summary_large_image\" \/>\n<meta name=\"twitter:label1\" content=\"Tempo di lettura stimato\" \/>\n\t<meta name=\"twitter:data1\" content=\"1 minuto\" \/>\n<script type=\"application\/ld+json\" class=\"yoast-schema-graph\">{\"@context\":\"https:\/\/schema.org\",\"@graph\":[{\"@type\":\"WebPage\",\"@id\":\"https:\/\/www.diocesitn.it\/area-testimonianza\/wd-appuntamenti\/32-convegno-nazionale-aizo-odv-rom-e-sinti\/\",\"url\":\"https:\/\/www.diocesitn.it\/area-testimonianza\/wd-appuntamenti\/32-convegno-nazionale-aizo-odv-rom-e-sinti\/\",\"name\":\"32\u00b0 Convegno nazionale AIZO ODV - ROM E SINTI - Testimonianza e Impegno sociale\",\"isPartOf\":{\"@id\":\"https:\/\/www.diocesitn.it\/area-testimonianza\/#website\"},\"primaryImageOfPage\":{\"@id\":\"https:\/\/www.diocesitn.it\/area-testimonianza\/wd-appuntamenti\/32-convegno-nazionale-aizo-odv-rom-e-sinti\/#primaryimage\"},\"image\":{\"@id\":\"https:\/\/www.diocesitn.it\/area-testimonianza\/wd-appuntamenti\/32-convegno-nazionale-aizo-odv-rom-e-sinti\/#primaryimage\"},\"thumbnailUrl\":\"https:\/\/www.diocesitn.it\/area-testimonianza\/wp-content\/uploads\/sites\/37\/2024\/04\/letter-1219547_1280.jpg\",\"datePublished\":\"2024-04-03T13:06:45+00:00\",\"dateModified\":\"2024-04-24T12:42:37+00:00\",\"breadcrumb\":{\"@id\":\"https:\/\/www.diocesitn.it\/area-testimonianza\/wd-appuntamenti\/32-convegno-nazionale-aizo-odv-rom-e-sinti\/#breadcrumb\"},\"inLanguage\":\"it-IT\",\"potentialAction\":[{\"@type\":\"ReadAction\",\"target\":[\"https:\/\/www.diocesitn.it\/area-testimonianza\/wd-appuntamenti\/32-convegno-nazionale-aizo-odv-rom-e-sinti\/\"]}]},{\"@type\":\"ImageObject\",\"inLanguage\":\"it-IT\",\"@id\":\"https:\/\/www.diocesitn.it\/area-testimonianza\/wd-appuntamenti\/32-convegno-nazionale-aizo-odv-rom-e-sinti\/#primaryimage\",\"url\":\"https:\/\/www.diocesitn.it\/area-testimonianza\/wp-content\/uploads\/sites\/37\/2024\/04\/letter-1219547_1280.jpg\",\"contentUrl\":\"https:\/\/www.diocesitn.it\/area-testimonianza\/wp-content\/uploads\/sites\/37\/2024\/04\/letter-1219547_1280.jpg\",\"width\":1280,\"height\":456},{\"@type\":\"BreadcrumbList\",\"@id\":\"https:\/\/www.diocesitn.it\/area-testimonianza\/wd-appuntamenti\/32-convegno-nazionale-aizo-odv-rom-e-sinti\/#breadcrumb\",\"itemListElement\":[{\"@type\":\"ListItem\",\"position\":1,\"name\":\"Home\",\"item\":\"https:\/\/www.diocesitn.it\/area-testimonianza\/\"},{\"@type\":\"ListItem\",\"position\":2,\"name\":\"Appuntamenti\",\"item\":\"https:\/\/www.diocesitn.it\/area-testimonianza\/wd-appuntamenti\/\"},{\"@type\":\"ListItem\",\"position\":3,\"name\":\"32\u00b0 Convegno nazionale AIZO ODV &#8211; ROM E SINTI\"}]},{\"@type\":\"WebSite\",\"@id\":\"https:\/\/www.diocesitn.it\/area-testimonianza\/#website\",\"url\":\"https:\/\/www.diocesitn.it\/area-testimonianza\/\",\"name\":\"Testimonianza e Impegno sociale\",\"description\":\"Chiesa di Trento\",\"publisher\":{\"@id\":\"https:\/\/www.diocesitn.it\/area-testimonianza\/#organization\"},\"potentialAction\":[{\"@type\":\"SearchAction\",\"target\":{\"@type\":\"EntryPoint\",\"urlTemplate\":\"https:\/\/www.diocesitn.it\/area-testimonianza\/?s={search_term_string}\"},\"query-input\":\"required name=search_term_string\"}],\"inLanguage\":\"it-IT\"},{\"@type\":[\"Organization\",\"Place\"],\"@id\":\"https:\/\/www.diocesitn.it\/area-testimonianza\/#organization\",\"name\":\"Area Testimonianza e Impegno Sociale - Chiesa di Trento\",\"url\":\"https:\/\/www.diocesitn.it\/area-testimonianza\/\",\"logo\":{\"@id\":\"https:\/\/www.diocesitn.it\/area-testimonianza\/wd-appuntamenti\/32-convegno-nazionale-aizo-odv-rom-e-sinti\/#local-main-organization-logo\"},\"image\":{\"@id\":\"https:\/\/www.diocesitn.it\/area-testimonianza\/wd-appuntamenti\/32-convegno-nazionale-aizo-odv-rom-e-sinti\/#local-main-organization-logo\"},\"openingHoursSpecification\":[{\"@type\":\"OpeningHoursSpecification\",\"dayOfWeek\":[\"Monday\",\"Tuesday\",\"Wednesday\",\"Thursday\",\"Friday\",\"Saturday\",\"Sunday\"],\"opens\":\"09:00\",\"closes\":\"17:00\"}]},{\"@type\":\"ImageObject\",\"inLanguage\":\"it-IT\",\"@id\":\"https:\/\/www.diocesitn.it\/area-testimonianza\/wd-appuntamenti\/32-convegno-nazionale-aizo-odv-rom-e-sinti\/#local-main-organization-logo\",\"url\":\"https:\/\/www.diocesitn.it\/area-testimonianza\/wp-content\/uploads\/sites\/37\/2021\/09\/og-logo-testimonianza-e-impegno-sociale.jpg\",\"contentUrl\":\"https:\/\/www.diocesitn.it\/area-testimonianza\/wp-content\/uploads\/sites\/37\/2021\/09\/og-logo-testimonianza-e-impegno-sociale.jpg\",\"width\":1200,\"height\":630,\"caption\":\"Area Testimonianza e Impegno Sociale - Chiesa di Trento\"}]}<\/script>\n<!-- \/ Yoast SEO Premium plugin. -->","yoast_head_json":{"title":"32\u00b0 Convegno nazionale AIZO ODV - ROM E SINTI - Testimonianza e Impegno sociale","robots":{"index":"index","follow":"follow","max-snippet":"max-snippet:-1","max-image-preview":"max-image-preview:large","max-video-preview":"max-video-preview:-1"},"canonical":"https:\/\/www.diocesitn.it\/area-testimonianza\/wd-appuntamenti\/32-convegno-nazionale-aizo-odv-rom-e-sinti\/","og_locale":"it_IT","og_type":"article","og_title":"32\u00b0 Convegno nazionale AIZO ODV - ROM E SINTI","og_description":"VENERD\u00ec 19 APRILE ore 9.00-16.00 Vigilianum, Trento  Titolo: La scuola motore dei valori di una societ\u00e0 democratica. E' cos\u00ec anche per Sinti e Rom? Programma completo.","og_url":"https:\/\/www.diocesitn.it\/area-testimonianza\/wd-appuntamenti\/32-convegno-nazionale-aizo-odv-rom-e-sinti\/","og_site_name":"Testimonianza e Impegno sociale","article_modified_time":"2024-04-24T12:42:37+00:00","og_image":[{"width":1280,"height":456,"url":"https:\/\/www.diocesitn.it\/area-testimonianza\/wp-content\/uploads\/sites\/37\/2024\/04\/letter-1219547_1280.jpg","type":"image\/jpeg"}],"twitter_card":"summary_large_image","twitter_misc":{"Tempo di lettura stimato":"1 minuto"},"schema":{"@context":"https:\/\/schema.org","@graph":[{"@type":"WebPage","@id":"https:\/\/www.diocesitn.it\/area-testimonianza\/wd-appuntamenti\/32-convegno-nazionale-aizo-odv-rom-e-sinti\/","url":"https:\/\/www.diocesitn.it\/area-testimonianza\/wd-appuntamenti\/32-convegno-nazionale-aizo-odv-rom-e-sinti\/","name":"32\u00b0 Convegno nazionale AIZO ODV - ROM E SINTI - Testimonianza e Impegno sociale","isPartOf":{"@id":"https:\/\/www.diocesitn.it\/area-testimonianza\/#website"},"primaryImageOfPage":{"@id":"https:\/\/www.diocesitn.it\/area-testimonianza\/wd-appuntamenti\/32-convegno-nazionale-aizo-odv-rom-e-sinti\/#primaryimage"},"image":{"@id":"https:\/\/www.diocesitn.it\/area-testimonianza\/wd-appuntamenti\/32-convegno-nazionale-aizo-odv-rom-e-sinti\/#primaryimage"},"thumbnailUrl":"https:\/\/www.diocesitn.it\/area-testimonianza\/wp-content\/uploads\/sites\/37\/2024\/04\/letter-1219547_1280.jpg","datePublished":"2024-04-03T13:06:45+00:00","dateModified":"2024-04-24T12:42:37+00:00","breadcrumb":{"@id":"https:\/\/www.diocesitn.it\/area-testimonianza\/wd-appuntamenti\/32-convegno-nazionale-aizo-odv-rom-e-sinti\/#breadcrumb"},"inLanguage":"it-IT","potentialAction":[{"@type":"ReadAction","target":["https:\/\/www.diocesitn.it\/area-testimonianza\/wd-appuntamenti\/32-convegno-nazionale-aizo-odv-rom-e-sinti\/"]}]},{"@type":"ImageObject","inLanguage":"it-IT","@id":"https:\/\/www.diocesitn.it\/area-testimonianza\/wd-appuntamenti\/32-convegno-nazionale-aizo-odv-rom-e-sinti\/#primaryimage","url":"https:\/\/www.diocesitn.it\/area-testimonianza\/wp-content\/uploads\/sites\/37\/2024\/04\/letter-1219547_1280.jpg","contentUrl":"https:\/\/www.diocesitn.it\/area-testimonianza\/wp-content\/uploads\/sites\/37\/2024\/04\/letter-1219547_1280.jpg","width":1280,"height":456},{"@type":"BreadcrumbList","@id":"https:\/\/www.diocesitn.it\/area-testimonianza\/wd-appuntamenti\/32-convegno-nazionale-aizo-odv-rom-e-sinti\/#breadcrumb","itemListElement":[{"@type":"ListItem","position":1,"name":"Home","item":"https:\/\/www.diocesitn.it\/area-testimonianza\/"},{"@type":"ListItem","position":2,"name":"Appuntamenti","item":"https:\/\/www.diocesitn.it\/area-testimonianza\/wd-appuntamenti\/"},{"@type":"ListItem","position":3,"name":"32\u00b0 Convegno nazionale AIZO ODV &#8211; ROM E SINTI"}]},{"@type":"WebSite","@id":"https:\/\/www.diocesitn.it\/area-testimonianza\/#website","url":"https:\/\/www.diocesitn.it\/area-testimonianza\/","name":"Testimonianza e Impegno sociale","description":"Chiesa di Trento","publisher":{"@id":"https:\/\/www.diocesitn.it\/area-testimonianza\/#organization"},"potentialAction":[{"@type":"SearchAction","target":{"@type":"EntryPoint","urlTemplate":"https:\/\/www.diocesitn.it\/area-testimonianza\/?s={search_term_string}"},"query-input":"required name=search_term_string"}],"inLanguage":"it-IT"},{"@type":["Organization","Place"],"@id":"https:\/\/www.diocesitn.it\/area-testimonianza\/#organization","name":"Area Testimonianza e Impegno Sociale - Chiesa di Trento","url":"https:\/\/www.diocesitn.it\/area-testimonianza\/","logo":{"@id":"https:\/\/www.diocesitn.it\/area-testimonianza\/wd-appuntamenti\/32-convegno-nazionale-aizo-odv-rom-e-sinti\/#local-main-organization-logo"},"image":{"@id":"https:\/\/www.diocesitn.it\/area-testimonianza\/wd-appuntamenti\/32-convegno-nazionale-aizo-odv-rom-e-sinti\/#local-main-organization-logo"},"openingHoursSpecification":[{"@type":"OpeningHoursSpecification","dayOfWeek":["Monday","Tuesday","Wednesday","Thursday","Friday","Saturday","Sunday"],"opens":"09:00","closes":"17:00"}]},{"@type":"ImageObject","inLanguage":"it-IT","@id":"https:\/\/www.diocesitn.it\/area-testimonianza\/wd-appuntamenti\/32-convegno-nazionale-aizo-odv-rom-e-sinti\/#local-main-organization-logo","url":"https:\/\/www.diocesitn.it\/area-testimonianza\/wp-content\/uploads\/sites\/37\/2021\/09\/og-logo-testimonianza-e-impegno-sociale.jpg","contentUrl":"https:\/\/www.diocesitn.it\/area-testimonianza\/wp-content\/uploads\/sites\/37\/2021\/09\/og-logo-testimonianza-e-impegno-sociale.jpg","width":1200,"height":630,"caption":"Area Testimonianza e Impegno Sociale - Chiesa di Trento"}]}},"_links":{"self":[{"href":"https:\/\/www.diocesitn.it\/area-testimonianza\/wp-json\/wp\/v2\/wd-appuntamenti\/14792","targetHints":{"allow":["GET"]}}],"collection":[{"href":"https:\/\/www.diocesitn.it\/area-testimonianza\/wp-json\/wp\/v2\/wd-appuntamenti"}],"about":[{"href":"https:\/\/www.diocesitn.it\/area-testimonianza\/wp-json\/wp\/v2\/types\/wd-appuntamenti"}],"acf:term":[{"embeddable":true,"taxonomy":"wd-tipo-appuntamenti","href":"https:\/\/www.diocesitn.it\/area-testimonianza\/wp-json\/wp\/v2\/wd-tipo-appuntamenti\/224"},{"embeddable":true,"taxonomy":"wd-tipo-appuntamenti","href":"https:\/\/www.diocesitn.it\/area-testimonianza\/wp-json\/wp\/v2\/wd-tipo-appuntamenti\/1459"}],"wp:featuredmedia":[{"embeddable":true,"href":"https:\/\/www.diocesitn.it\/area-testimonianza\/wp-json\/wp\/v2\/media\/14791"}],"wp:attachment":[{"href":"https:\/\/www.diocesitn.it\/area-testimonianza\/wp-json\/wp\/v2\/media?parent=14792"}],"wp:term":[{"taxonomy":"post_tag","embeddable":true,"href":"https:\/\/www.diocesitn.it\/area-testimonianza\/wp-json\/wp\/v2\/tags?post=14792"},{"taxonomy":"wd-tipo-appuntamenti","embeddable":true,"href":"https:\/\/www.diocesitn.it\/area-testimonianza\/wp-json\/wp\/v2\/wd-tipo-appuntamenti?post=14792"}],"curies":[{"name":"wp","href":"https:\/\/api.w.org\/{rel}","templated":true}]}}