{"id":14501,"date":"2024-02-07T13:56:32","date_gmt":"2024-02-07T12:56:32","guid":{"rendered":"https:\/\/www.diocesitn.it\/area-testimonianza\/?post_type=wd-appuntamenti&#038;p=14501"},"modified":"2024-03-06T11:02:34","modified_gmt":"2024-03-06T10:02:34","slug":"lunedi-della-misisone-donna-e-missione","status":"publish","type":"wd-appuntamenti","link":"https:\/\/www.diocesitn.it\/area-testimonianza\/wd-appuntamenti\/lunedi-della-misisone-donna-e-missione\/","title":{"rendered":"Luned\u00ec della misisone #donna e #missione"},"content":{"rendered":"","protected":false},"excerpt":{"rendered":"<p>LUNED\u00ec 19 FEBBRAIO ore 20.45<br \/>\non line<\/p>\n<p>Dettagli e link alla diretta<\/p>\n","protected":false},"featured_media":14520,"template":"","tags":[1922,2043],"wd-tipo-appuntamenti":[1459,224],"class_list":["post-14501","wd-appuntamenti","type-wd-appuntamenti","status-publish","has-post-thumbnail","hentry","tag-donna","tag-lunedi-della-missione","wd-tipo-appuntamenti-formazione","wd-tipo-appuntamenti-incontro"],"acf":{"noah_appuntamento_descrizione":"<p style=\"text-align: center\">Le serate sono trasmesse in diretta\u00a0<strong>on line<\/strong>\u00a0sul canale Youtube\u00a0<a href=\"https:\/\/www.youtube.com\/@lunedidellamissione\" target=\"_blank\" rel=\"noopener\">@Luned\u00ecdellamissione<\/a>\u00a0vogliono essere un\u2019occasione per conoscere pi\u00f9 da vicino e da punti di vista differenti alcune sfide urgenti che sta vivendo il nostro mondo e da questa consapevolezza far conoscere percorsi di rispetto, attenzione e cura.<\/p>\r\n<p style=\"text-align: center\">Il ciclo di quest\u2019anno segue il tema \u201c<a href=\"https:\/\/www.diocesitn.it\/area-testimonianza\/centro-missionario-diocesano\/appuntamenti-missionari\/i-lunedi-della-missione-2023-2024\/\"><strong>Il coraggio di essere umani..<\/strong>.<\/a>\u201d<\/p>\r\n\r\n<h4 style=\"text-align: center\">Il quinto appuntamento \u00e8 Luned\u00ec 19 febbraio ore 20.45.<\/h4>\r\n<p style=\"text-align: center\">(\u00e8 possibile vederlo anche in differita)<\/p>\r\n\r\n<h4 style=\"text-align: center\"><a href=\"https:\/\/www.youtube.com\/watch?v=TX-SgnJ2mpU\" target=\"_blank\" rel=\"noopener\"><strong>Titolo: #donne e #missione<\/strong><\/a><\/h4>\r\n&nbsp;\r\n\r\nIl ruolo della donna nella Chiesa \u00e8 uno dei temi pi\u00f9 complessi dei sinodi diocesani... La parit\u00e0 di genere \u00e8 uno degli obiettivi pi\u00f9 faticosi dell\u2019Agenda 2030 delle Nazioni Unite... La meta sembra davvero lontana. Allora potremmo domandarci: ma nelle missioni cristiane in giro per il mondo come vanno le cose? Quali risultati concreti si percepiscono nelle realt\u00e0 locali rispetto alla promozione della donna e del suo ruolo sociale?\r\n\r\nLuned\u00ec 19 febbraio alle 20.45 sul canale youtube: www.youtube.com\/@lunedidellamissione\u00a0ascoltiamo alcune figure femminili e le loro impressioni su questo difficile tema: donne e missione.\r\n\r\nAspettiamo anche le tue domande per confrontarci insieme con te. Cambieremo qualche nostra idea\u00a0a\u00a0fine\u00a0puntata?\r\n\r\nIscrivendosi alla <a style=\"text-decoration: underline\" href=\"https:\/\/chat.whatsapp.com\/DUA95yhCFWY2rRYFtellph\" target=\"_blank\" rel=\"noopener\"><strong>comunity WhatsApp<\/strong><\/a> potrete interagire e restare aggiornati sui luned\u00ec della missione.\r\n\r\n&nbsp;\r\n\r\n<a href=\"https:\/\/www.diocesitn.it\/area-testimonianza\/wp-content\/uploads\/sites\/37\/2024\/02\/LdM19feb24.jpg\" target=\"_blank\" rel=\"noopener\"><img class=\"wp-image-14521 aligncenter\" src=\"https:\/\/www.diocesitn.it\/area-testimonianza\/wp-content\/uploads\/sites\/37\/2024\/02\/LdM19feb24-212x300.jpg\" alt=\"\" width=\"472\" height=\"668\" \/><\/a>","noah_appuntamento_allday":false,"noah_appuntamento_data_inizio":"20240219","noah_info_aggiuntive_data":"","noah_appuntamento_ora_inizio":"20","noah_appuntamento_minuti_inizio":"45","noah_appuntamento_data_fine":"20240219","noah_appuntamento_ora_fine":"22","noah_appuntamento_minuti_fine":"00","noah_appuntamento_categoria":[1459,224],"noah_appuntamento_tipo_organizzatore":"interno","noah_appuntamento_organizzatore_interno":"","noah_appuntamento_organizzatore_altro":"","noah_appuntamento_allegati":null,"seed-localization-paese-cod":"IT","seed-localization-address":"","seed-localization-citta":"Trento","seed-localization-regione-cod-istat":"04","seed-localization-citta-cod-istat":"022205","seed-localization-localita":"","seed-localization-cap":"","seed-localization-marker-visibility":false,"seed-localization-children-visibility":false,"seed-localization-kml":"","seed-localization-custom-marker":"","noah_appuntamento_segnala":""},"yoast_head":"<!-- This site is optimized with the Yoast SEO Premium plugin v20.2.1 (Yoast SEO v22.2) - https:\/\/yoast.com\/wordpress\/plugins\/seo\/ -->\n<title>Luned\u00ec della misisone #donna e #missione - Testimonianza e Impegno sociale<\/title>\n<meta name=\"robots\" content=\"index, follow, max-snippet:-1, max-image-preview:large, max-video-preview:-1\" \/>\n<link rel=\"canonical\" href=\"https:\/\/www.diocesitn.it\/area-testimonianza\/wd-appuntamenti\/lunedi-della-misisone-donna-e-missione\/\" \/>\n<meta property=\"og:locale\" content=\"it_IT\" \/>\n<meta property=\"og:type\" content=\"article\" \/>\n<meta property=\"og:title\" content=\"Luned\u00ec della misisone #donna e #missione\" \/>\n<meta property=\"og:description\" content=\"LUNED\u00ec 19 FEBBRAIO ore 20.45 on line  Dettagli e link alla diretta\" \/>\n<meta property=\"og:url\" content=\"https:\/\/www.diocesitn.it\/area-testimonianza\/wd-appuntamenti\/lunedi-della-misisone-donna-e-missione\/\" \/>\n<meta property=\"og:site_name\" content=\"Testimonianza e Impegno sociale\" \/>\n<meta property=\"article:modified_time\" content=\"2024-03-06T10:02:34+00:00\" \/>\n<meta property=\"og:image\" content=\"https:\/\/www.diocesitn.it\/area-testimonianza\/wp-content\/uploads\/sites\/37\/2024\/02\/LdM19feb24-banner.jpg\" \/>\n\t<meta property=\"og:image:width\" content=\"1240\" \/>\n\t<meta property=\"og:image:height\" content=\"847\" \/>\n\t<meta property=\"og:image:type\" content=\"image\/jpeg\" \/>\n<meta name=\"twitter:card\" content=\"summary_large_image\" \/>\n<script type=\"application\/ld+json\" class=\"yoast-schema-graph\">{\"@context\":\"https:\/\/schema.org\",\"@graph\":[{\"@type\":\"WebPage\",\"@id\":\"https:\/\/www.diocesitn.it\/area-testimonianza\/wd-appuntamenti\/lunedi-della-misisone-donna-e-missione\/\",\"url\":\"https:\/\/www.diocesitn.it\/area-testimonianza\/wd-appuntamenti\/lunedi-della-misisone-donna-e-missione\/\",\"name\":\"Luned\u00ec della misisone #donna e #missione - Testimonianza e Impegno sociale\",\"isPartOf\":{\"@id\":\"https:\/\/www.diocesitn.it\/area-testimonianza\/#website\"},\"primaryImageOfPage\":{\"@id\":\"https:\/\/www.diocesitn.it\/area-testimonianza\/wd-appuntamenti\/lunedi-della-misisone-donna-e-missione\/#primaryimage\"},\"image\":{\"@id\":\"https:\/\/www.diocesitn.it\/area-testimonianza\/wd-appuntamenti\/lunedi-della-misisone-donna-e-missione\/#primaryimage\"},\"thumbnailUrl\":\"https:\/\/www.diocesitn.it\/area-testimonianza\/wp-content\/uploads\/sites\/37\/2024\/02\/LdM19feb24-banner.jpg\",\"datePublished\":\"2024-02-07T12:56:32+00:00\",\"dateModified\":\"2024-03-06T10:02:34+00:00\",\"breadcrumb\":{\"@id\":\"https:\/\/www.diocesitn.it\/area-testimonianza\/wd-appuntamenti\/lunedi-della-misisone-donna-e-missione\/#breadcrumb\"},\"inLanguage\":\"it-IT\",\"potentialAction\":[{\"@type\":\"ReadAction\",\"target\":[\"https:\/\/www.diocesitn.it\/area-testimonianza\/wd-appuntamenti\/lunedi-della-misisone-donna-e-missione\/\"]}]},{\"@type\":\"ImageObject\",\"inLanguage\":\"it-IT\",\"@id\":\"https:\/\/www.diocesitn.it\/area-testimonianza\/wd-appuntamenti\/lunedi-della-misisone-donna-e-missione\/#primaryimage\",\"url\":\"https:\/\/www.diocesitn.it\/area-testimonianza\/wp-content\/uploads\/sites\/37\/2024\/02\/LdM19feb24-banner.jpg\",\"contentUrl\":\"https:\/\/www.diocesitn.it\/area-testimonianza\/wp-content\/uploads\/sites\/37\/2024\/02\/LdM19feb24-banner.jpg\",\"width\":1240,\"height\":847},{\"@type\":\"BreadcrumbList\",\"@id\":\"https:\/\/www.diocesitn.it\/area-testimonianza\/wd-appuntamenti\/lunedi-della-misisone-donna-e-missione\/#breadcrumb\",\"itemListElement\":[{\"@type\":\"ListItem\",\"position\":1,\"name\":\"Home\",\"item\":\"https:\/\/www.diocesitn.it\/area-testimonianza\/\"},{\"@type\":\"ListItem\",\"position\":2,\"name\":\"Appuntamenti\",\"item\":\"https:\/\/www.diocesitn.it\/area-testimonianza\/wd-appuntamenti\/\"},{\"@type\":\"ListItem\",\"position\":3,\"name\":\"Luned\u00ec della misisone #donna e #missione\"}]},{\"@type\":\"WebSite\",\"@id\":\"https:\/\/www.diocesitn.it\/area-testimonianza\/#website\",\"url\":\"https:\/\/www.diocesitn.it\/area-testimonianza\/\",\"name\":\"Testimonianza e Impegno sociale\",\"description\":\"Chiesa di Trento\",\"publisher\":{\"@id\":\"https:\/\/www.diocesitn.it\/area-testimonianza\/#organization\"},\"potentialAction\":[{\"@type\":\"SearchAction\",\"target\":{\"@type\":\"EntryPoint\",\"urlTemplate\":\"https:\/\/www.diocesitn.it\/area-testimonianza\/?s={search_term_string}\"},\"query-input\":\"required name=search_term_string\"}],\"inLanguage\":\"it-IT\"},{\"@type\":[\"Organization\",\"Place\"],\"@id\":\"https:\/\/www.diocesitn.it\/area-testimonianza\/#organization\",\"name\":\"Area Testimonianza e Impegno Sociale - Chiesa di Trento\",\"url\":\"https:\/\/www.diocesitn.it\/area-testimonianza\/\",\"logo\":{\"@id\":\"https:\/\/www.diocesitn.it\/area-testimonianza\/wd-appuntamenti\/lunedi-della-misisone-donna-e-missione\/#local-main-organization-logo\"},\"image\":{\"@id\":\"https:\/\/www.diocesitn.it\/area-testimonianza\/wd-appuntamenti\/lunedi-della-misisone-donna-e-missione\/#local-main-organization-logo\"},\"openingHoursSpecification\":[{\"@type\":\"OpeningHoursSpecification\",\"dayOfWeek\":[\"Monday\",\"Tuesday\",\"Wednesday\",\"Thursday\",\"Friday\",\"Saturday\",\"Sunday\"],\"opens\":\"09:00\",\"closes\":\"17:00\"}]},{\"@type\":\"ImageObject\",\"inLanguage\":\"it-IT\",\"@id\":\"https:\/\/www.diocesitn.it\/area-testimonianza\/wd-appuntamenti\/lunedi-della-misisone-donna-e-missione\/#local-main-organization-logo\",\"url\":\"https:\/\/www.diocesitn.it\/area-testimonianza\/wp-content\/uploads\/sites\/37\/2021\/09\/og-logo-testimonianza-e-impegno-sociale.jpg\",\"contentUrl\":\"https:\/\/www.diocesitn.it\/area-testimonianza\/wp-content\/uploads\/sites\/37\/2021\/09\/og-logo-testimonianza-e-impegno-sociale.jpg\",\"width\":1200,\"height\":630,\"caption\":\"Area Testimonianza e Impegno Sociale - Chiesa di Trento\"}]}<\/script>\n<!-- \/ Yoast SEO Premium plugin. -->","yoast_head_json":{"title":"Luned\u00ec della misisone #donna e #missione - Testimonianza e Impegno sociale","robots":{"index":"index","follow":"follow","max-snippet":"max-snippet:-1","max-image-preview":"max-image-preview:large","max-video-preview":"max-video-preview:-1"},"canonical":"https:\/\/www.diocesitn.it\/area-testimonianza\/wd-appuntamenti\/lunedi-della-misisone-donna-e-missione\/","og_locale":"it_IT","og_type":"article","og_title":"Luned\u00ec della misisone #donna e #missione","og_description":"LUNED\u00ec 19 FEBBRAIO ore 20.45 on line  Dettagli e link alla diretta","og_url":"https:\/\/www.diocesitn.it\/area-testimonianza\/wd-appuntamenti\/lunedi-della-misisone-donna-e-missione\/","og_site_name":"Testimonianza e Impegno sociale","article_modified_time":"2024-03-06T10:02:34+00:00","og_image":[{"width":1240,"height":847,"url":"https:\/\/www.diocesitn.it\/area-testimonianza\/wp-content\/uploads\/sites\/37\/2024\/02\/LdM19feb24-banner.jpg","type":"image\/jpeg"}],"twitter_card":"summary_large_image","schema":{"@context":"https:\/\/schema.org","@graph":[{"@type":"WebPage","@id":"https:\/\/www.diocesitn.it\/area-testimonianza\/wd-appuntamenti\/lunedi-della-misisone-donna-e-missione\/","url":"https:\/\/www.diocesitn.it\/area-testimonianza\/wd-appuntamenti\/lunedi-della-misisone-donna-e-missione\/","name":"Luned\u00ec della misisone #donna e #missione - Testimonianza e Impegno sociale","isPartOf":{"@id":"https:\/\/www.diocesitn.it\/area-testimonianza\/#website"},"primaryImageOfPage":{"@id":"https:\/\/www.diocesitn.it\/area-testimonianza\/wd-appuntamenti\/lunedi-della-misisone-donna-e-missione\/#primaryimage"},"image":{"@id":"https:\/\/www.diocesitn.it\/area-testimonianza\/wd-appuntamenti\/lunedi-della-misisone-donna-e-missione\/#primaryimage"},"thumbnailUrl":"https:\/\/www.diocesitn.it\/area-testimonianza\/wp-content\/uploads\/sites\/37\/2024\/02\/LdM19feb24-banner.jpg","datePublished":"2024-02-07T12:56:32+00:00","dateModified":"2024-03-06T10:02:34+00:00","breadcrumb":{"@id":"https:\/\/www.diocesitn.it\/area-testimonianza\/wd-appuntamenti\/lunedi-della-misisone-donna-e-missione\/#breadcrumb"},"inLanguage":"it-IT","potentialAction":[{"@type":"ReadAction","target":["https:\/\/www.diocesitn.it\/area-testimonianza\/wd-appuntamenti\/lunedi-della-misisone-donna-e-missione\/"]}]},{"@type":"ImageObject","inLanguage":"it-IT","@id":"https:\/\/www.diocesitn.it\/area-testimonianza\/wd-appuntamenti\/lunedi-della-misisone-donna-e-missione\/#primaryimage","url":"https:\/\/www.diocesitn.it\/area-testimonianza\/wp-content\/uploads\/sites\/37\/2024\/02\/LdM19feb24-banner.jpg","contentUrl":"https:\/\/www.diocesitn.it\/area-testimonianza\/wp-content\/uploads\/sites\/37\/2024\/02\/LdM19feb24-banner.jpg","width":1240,"height":847},{"@type":"BreadcrumbList","@id":"https:\/\/www.diocesitn.it\/area-testimonianza\/wd-appuntamenti\/lunedi-della-misisone-donna-e-missione\/#breadcrumb","itemListElement":[{"@type":"ListItem","position":1,"name":"Home","item":"https:\/\/www.diocesitn.it\/area-testimonianza\/"},{"@type":"ListItem","position":2,"name":"Appuntamenti","item":"https:\/\/www.diocesitn.it\/area-testimonianza\/wd-appuntamenti\/"},{"@type":"ListItem","position":3,"name":"Luned\u00ec della misisone #donna e #missione"}]},{"@type":"WebSite","@id":"https:\/\/www.diocesitn.it\/area-testimonianza\/#website","url":"https:\/\/www.diocesitn.it\/area-testimonianza\/","name":"Testimonianza e Impegno sociale","description":"Chiesa di Trento","publisher":{"@id":"https:\/\/www.diocesitn.it\/area-testimonianza\/#organization"},"potentialAction":[{"@type":"SearchAction","target":{"@type":"EntryPoint","urlTemplate":"https:\/\/www.diocesitn.it\/area-testimonianza\/?s={search_term_string}"},"query-input":"required name=search_term_string"}],"inLanguage":"it-IT"},{"@type":["Organization","Place"],"@id":"https:\/\/www.diocesitn.it\/area-testimonianza\/#organization","name":"Area Testimonianza e Impegno Sociale - Chiesa di Trento","url":"https:\/\/www.diocesitn.it\/area-testimonianza\/","logo":{"@id":"https:\/\/www.diocesitn.it\/area-testimonianza\/wd-appuntamenti\/lunedi-della-misisone-donna-e-missione\/#local-main-organization-logo"},"image":{"@id":"https:\/\/www.diocesitn.it\/area-testimonianza\/wd-appuntamenti\/lunedi-della-misisone-donna-e-missione\/#local-main-organization-logo"},"openingHoursSpecification":[{"@type":"OpeningHoursSpecification","dayOfWeek":["Monday","Tuesday","Wednesday","Thursday","Friday","Saturday","Sunday"],"opens":"09:00","closes":"17:00"}]},{"@type":"ImageObject","inLanguage":"it-IT","@id":"https:\/\/www.diocesitn.it\/area-testimonianza\/wd-appuntamenti\/lunedi-della-misisone-donna-e-missione\/#local-main-organization-logo","url":"https:\/\/www.diocesitn.it\/area-testimonianza\/wp-content\/uploads\/sites\/37\/2021\/09\/og-logo-testimonianza-e-impegno-sociale.jpg","contentUrl":"https:\/\/www.diocesitn.it\/area-testimonianza\/wp-content\/uploads\/sites\/37\/2021\/09\/og-logo-testimonianza-e-impegno-sociale.jpg","width":1200,"height":630,"caption":"Area Testimonianza e Impegno Sociale - Chiesa di Trento"}]}},"_links":{"self":[{"href":"https:\/\/www.diocesitn.it\/area-testimonianza\/wp-json\/wp\/v2\/wd-appuntamenti\/14501","targetHints":{"allow":["GET"]}}],"collection":[{"href":"https:\/\/www.diocesitn.it\/area-testimonianza\/wp-json\/wp\/v2\/wd-appuntamenti"}],"about":[{"href":"https:\/\/www.diocesitn.it\/area-testimonianza\/wp-json\/wp\/v2\/types\/wd-appuntamenti"}],"acf:term":[{"embeddable":true,"taxonomy":"wd-tipo-appuntamenti","href":"https:\/\/www.diocesitn.it\/area-testimonianza\/wp-json\/wp\/v2\/wd-tipo-appuntamenti\/224"},{"embeddable":true,"taxonomy":"wd-tipo-appuntamenti","href":"https:\/\/www.diocesitn.it\/area-testimonianza\/wp-json\/wp\/v2\/wd-tipo-appuntamenti\/1459"}],"wp:featuredmedia":[{"embeddable":true,"href":"https:\/\/www.diocesitn.it\/area-testimonianza\/wp-json\/wp\/v2\/media\/14520"}],"wp:attachment":[{"href":"https:\/\/www.diocesitn.it\/area-testimonianza\/wp-json\/wp\/v2\/media?parent=14501"}],"wp:term":[{"taxonomy":"post_tag","embeddable":true,"href":"https:\/\/www.diocesitn.it\/area-testimonianza\/wp-json\/wp\/v2\/tags?post=14501"},{"taxonomy":"wd-tipo-appuntamenti","embeddable":true,"href":"https:\/\/www.diocesitn.it\/area-testimonianza\/wp-json\/wp\/v2\/wd-tipo-appuntamenti?post=14501"}],"curies":[{"name":"wp","href":"https:\/\/api.w.org\/{rel}","templated":true}]}}