{"id":13775,"date":"2023-10-16T11:54:20","date_gmt":"2023-10-16T09:54:20","guid":{"rendered":"https:\/\/www.diocesitn.it\/area-testimonianza\/?post_type=wd-appuntamenti&#038;p=13775"},"modified":"2023-12-07T09:21:07","modified_gmt":"2023-12-07T08:21:07","slug":"giornata-mondiale-dei-poveri","status":"publish","type":"wd-appuntamenti","link":"https:\/\/www.diocesitn.it\/area-testimonianza\/wd-appuntamenti\/giornata-mondiale-dei-poveri\/","title":{"rendered":"Comunit\u00e0 abbi cura di te. Evento diocesano in occasione della VII Giornata mondiale dei poveri."},"content":{"rendered":"","protected":false},"excerpt":{"rendered":"<p>SABATO 18 NOVEMBRE 2023 dalle 13.30<br \/>\n(Tione e dintorni)<\/p>\n<p>Programma generale e materiali per l&#8217;animazione in parrocchia.<\/p>\n","protected":false},"featured_media":13776,"template":"","tags":[2059,1553],"wd-tipo-appuntamenti":[1408,582,224],"class_list":["post-13775","wd-appuntamenti","type-wd-appuntamenti","status-publish","has-post-thumbnail","hentry","tag-2059","tag-giornata-mondiale-dei-poveri","wd-tipo-appuntamenti-celebrazione","wd-tipo-appuntamenti-giornata","wd-tipo-appuntamenti-incontro"],"acf":{"noah_appuntamento_descrizione":"<h4 style=\"text-align: center\">La giornata mondiale dei poveri 2023 si celebra domenica 19 novembre.<\/h4>\r\n<p style=\"text-align: center\">In diocesi gli eventi ad essa collegati si svolgono sabato 18 novembre.<\/p>\r\n<p style=\"text-align: center\"><a href=\"https:\/\/www.diocesitn.it\/area-testimonianza\/2023\/11\/15\/il-materiale-per-lanimazionein-parrocchia-della-vii-giornata-mondiale-del-povero\/\">Qui il materiale per l'animazione nelle parrocchie.<\/a><\/p>\r\n\r\n\r\n<hr \/>\r\n\r\n<h4><strong>Programma di sabato 18 novembre 2023 <\/strong><\/h4>\r\n<h4><strong>Comunit\u00e0 abbi cura di te<\/strong><\/h4>\r\n<ul>\r\n \t<li>Dalle <span style=\"text-decoration: underline\">13.30 alle 16.30<\/span> <strong>camminate verso la chiesa di Tione<\/strong>, partenze da <em>Tione, Ponte Arche o Condino<\/em>.\r\nNel percorso ci sar\u00e0 la possibilit\u00e0 di incontrare testimonianze e letture di situazioni di fragilit\u00e0 e fatica raccolte nella zona.<\/li>\r\n \t<li>Ore <span style=\"text-decoration: underline\">18.00<\/span>\u00a0presso la <em>chiesa di\u00a0<\/em><strong><em><span style=\"font-weight: 400\">Tione<\/span><\/em>\u00a0S. Messa presieduta dall\u2019Arcivescovo<\/strong>.<\/li>\r\n \t<li>Ore <span style=\"text-decoration: underline\">19.15<\/span> <strong>cena povera.<\/strong><\/li>\r\n \t<li>Ore 20.30 \u201c<strong>I CARE<\/strong>\u201d presso il <em>teatro Getti di Tione<\/em>:\r\n<ul>\r\n \t<li>breve presentazione dell\u2019esperienza delle camminate vissute nel pomeriggio;<\/li>\r\n \t<li>momento di confronto e dialogo sul tema \u201cPrendersi cura\u201d in una prospettiva di speranza e di relazione con il vescovo mons. Lauro Tisi e Franco Floris, direttore di Animazione Sociale;<\/li>\r\n \t<li>conclusioni affidate a don Celestino Riz, Vicario Zonale, e all\u2019Assessore della Comunit\u00e0 di valle;<\/li>\r\n \t<li>la serata sar\u00e0 intervallata da canti eseguiti dal coro Presanella.<\/li>\r\n<\/ul>\r\n<\/li>\r\n<\/ul>\r\n<a href=\"https:\/\/www.diocesitn.it\/area-testimonianza\/wp-content\/uploads\/sites\/37\/2023\/11\/GIORNATA-MOND-DEI-POVERI-2023-scaled.jpg\" target=\"_blank\" rel=\"noopener\"><img class=\" wp-image-13981 aligncenter\" src=\"https:\/\/www.diocesitn.it\/area-testimonianza\/wp-content\/uploads\/sites\/37\/2023\/11\/GIORNATA-MOND-DEI-POVERI-2023-212x300.jpg\" alt=\"\" width=\"344\" height=\"487\" \/><\/a>","noah_appuntamento_allday":false,"noah_appuntamento_data_inizio":"20231118","noah_info_aggiuntive_data":"","noah_appuntamento_ora_inizio":"13","noah_appuntamento_minuti_inizio":"30","noah_appuntamento_data_fine":"20231118","noah_appuntamento_ora_fine":"23","noah_appuntamento_minuti_fine":"00","noah_appuntamento_categoria":[1408,582,224],"noah_appuntamento_tipo_organizzatore":"interno","noah_appuntamento_organizzatore_interno":"","noah_appuntamento_organizzatore_altro":"","noah_appuntamento_allegati":null,"seed-localization-paese-cod":"IT","seed-localization-address":"38079 Tione di Trento, Trentino-Alto Adige Italia","seed-localization-citta":"Trento","seed-localization-regione-cod-istat":"04","seed-localization-citta-cod-istat":"022205","seed-localization-localita":"","seed-localization-cap":"","seed-localization-marker-visibility":false,"seed-localization-children-visibility":false,"seed-localization-kml":"","seed-localization-custom-marker":"","noah_appuntamento_segnala":""},"yoast_head":"<!-- This site is optimized with the Yoast SEO Premium plugin v20.2.1 (Yoast SEO v22.2) - https:\/\/yoast.com\/wordpress\/plugins\/seo\/ -->\n<title>Comunit\u00e0 abbi cura di te. Evento diocesano in occasione della VII Giornata mondiale dei poveri.<\/title>\n<meta name=\"robots\" content=\"index, follow, max-snippet:-1, max-image-preview:large, max-video-preview:-1\" \/>\n<link rel=\"canonical\" href=\"https:\/\/www.diocesitn.it\/area-testimonianza\/wd-appuntamenti\/giornata-mondiale-dei-poveri\/\" \/>\n<meta property=\"og:locale\" content=\"it_IT\" \/>\n<meta property=\"og:type\" content=\"article\" \/>\n<meta property=\"og:title\" content=\"Comunit\u00e0 abbi cura di te. Evento diocesano in occasione della VII Giornata mondiale dei poveri.\" \/>\n<meta property=\"og:description\" content=\"SABATO 18 NOVEMBRE 2023 dalle 13.30 (Tione e dintorni)  Programma generale e materiali per l&#039;animazione in parrocchia.\" \/>\n<meta property=\"og:url\" content=\"https:\/\/www.diocesitn.it\/area-testimonianza\/wd-appuntamenti\/giornata-mondiale-dei-poveri\/\" \/>\n<meta property=\"og:site_name\" content=\"Testimonianza e Impegno sociale\" \/>\n<meta property=\"article:modified_time\" content=\"2023-12-07T08:21:07+00:00\" \/>\n<meta property=\"og:image\" content=\"https:\/\/www.diocesitn.it\/area-testimonianza\/wp-content\/uploads\/sites\/37\/2023\/10\/Giornata-Mondiale-dei-Poveri-800x333-1.jpeg\" \/>\n\t<meta property=\"og:image:width\" content=\"800\" \/>\n\t<meta property=\"og:image:height\" content=\"333\" \/>\n\t<meta property=\"og:image:type\" content=\"image\/jpeg\" \/>\n<meta name=\"twitter:card\" content=\"summary_large_image\" \/>\n<script type=\"application\/ld+json\" class=\"yoast-schema-graph\">{\"@context\":\"https:\/\/schema.org\",\"@graph\":[{\"@type\":\"WebPage\",\"@id\":\"https:\/\/www.diocesitn.it\/area-testimonianza\/wd-appuntamenti\/giornata-mondiale-dei-poveri\/\",\"url\":\"https:\/\/www.diocesitn.it\/area-testimonianza\/wd-appuntamenti\/giornata-mondiale-dei-poveri\/\",\"name\":\"Comunit\u00e0 abbi cura di te. Evento diocesano in occasione della VII Giornata mondiale dei poveri.\",\"isPartOf\":{\"@id\":\"https:\/\/www.diocesitn.it\/area-testimonianza\/#website\"},\"primaryImageOfPage\":{\"@id\":\"https:\/\/www.diocesitn.it\/area-testimonianza\/wd-appuntamenti\/giornata-mondiale-dei-poveri\/#primaryimage\"},\"image\":{\"@id\":\"https:\/\/www.diocesitn.it\/area-testimonianza\/wd-appuntamenti\/giornata-mondiale-dei-poveri\/#primaryimage\"},\"thumbnailUrl\":\"https:\/\/www.diocesitn.it\/area-testimonianza\/wp-content\/uploads\/sites\/37\/2023\/10\/Giornata-Mondiale-dei-Poveri-800x333-1.jpeg\",\"datePublished\":\"2023-10-16T09:54:20+00:00\",\"dateModified\":\"2023-12-07T08:21:07+00:00\",\"breadcrumb\":{\"@id\":\"https:\/\/www.diocesitn.it\/area-testimonianza\/wd-appuntamenti\/giornata-mondiale-dei-poveri\/#breadcrumb\"},\"inLanguage\":\"it-IT\",\"potentialAction\":[{\"@type\":\"ReadAction\",\"target\":[\"https:\/\/www.diocesitn.it\/area-testimonianza\/wd-appuntamenti\/giornata-mondiale-dei-poveri\/\"]}]},{\"@type\":\"ImageObject\",\"inLanguage\":\"it-IT\",\"@id\":\"https:\/\/www.diocesitn.it\/area-testimonianza\/wd-appuntamenti\/giornata-mondiale-dei-poveri\/#primaryimage\",\"url\":\"https:\/\/www.diocesitn.it\/area-testimonianza\/wp-content\/uploads\/sites\/37\/2023\/10\/Giornata-Mondiale-dei-Poveri-800x333-1.jpeg\",\"contentUrl\":\"https:\/\/www.diocesitn.it\/area-testimonianza\/wp-content\/uploads\/sites\/37\/2023\/10\/Giornata-Mondiale-dei-Poveri-800x333-1.jpeg\",\"width\":800,\"height\":333},{\"@type\":\"BreadcrumbList\",\"@id\":\"https:\/\/www.diocesitn.it\/area-testimonianza\/wd-appuntamenti\/giornata-mondiale-dei-poveri\/#breadcrumb\",\"itemListElement\":[{\"@type\":\"ListItem\",\"position\":1,\"name\":\"Home\",\"item\":\"https:\/\/www.diocesitn.it\/area-testimonianza\/\"},{\"@type\":\"ListItem\",\"position\":2,\"name\":\"Appuntamenti\",\"item\":\"https:\/\/www.diocesitn.it\/area-testimonianza\/wd-appuntamenti\/\"},{\"@type\":\"ListItem\",\"position\":3,\"name\":\"Comunit\u00e0 abbi cura di te. Evento diocesano in occasione della VII Giornata mondiale dei poveri.\"}]},{\"@type\":\"WebSite\",\"@id\":\"https:\/\/www.diocesitn.it\/area-testimonianza\/#website\",\"url\":\"https:\/\/www.diocesitn.it\/area-testimonianza\/\",\"name\":\"Testimonianza e Impegno sociale\",\"description\":\"Chiesa di Trento\",\"publisher\":{\"@id\":\"https:\/\/www.diocesitn.it\/area-testimonianza\/#organization\"},\"potentialAction\":[{\"@type\":\"SearchAction\",\"target\":{\"@type\":\"EntryPoint\",\"urlTemplate\":\"https:\/\/www.diocesitn.it\/area-testimonianza\/?s={search_term_string}\"},\"query-input\":\"required name=search_term_string\"}],\"inLanguage\":\"it-IT\"},{\"@type\":[\"Organization\",\"Place\"],\"@id\":\"https:\/\/www.diocesitn.it\/area-testimonianza\/#organization\",\"name\":\"Area Testimonianza e Impegno Sociale - Chiesa di Trento\",\"url\":\"https:\/\/www.diocesitn.it\/area-testimonianza\/\",\"logo\":{\"@id\":\"https:\/\/www.diocesitn.it\/area-testimonianza\/wd-appuntamenti\/giornata-mondiale-dei-poveri\/#local-main-organization-logo\"},\"image\":{\"@id\":\"https:\/\/www.diocesitn.it\/area-testimonianza\/wd-appuntamenti\/giornata-mondiale-dei-poveri\/#local-main-organization-logo\"},\"openingHoursSpecification\":[{\"@type\":\"OpeningHoursSpecification\",\"dayOfWeek\":[\"Monday\",\"Tuesday\",\"Wednesday\",\"Thursday\",\"Friday\",\"Saturday\",\"Sunday\"],\"opens\":\"09:00\",\"closes\":\"17:00\"}]},{\"@type\":\"ImageObject\",\"inLanguage\":\"it-IT\",\"@id\":\"https:\/\/www.diocesitn.it\/area-testimonianza\/wd-appuntamenti\/giornata-mondiale-dei-poveri\/#local-main-organization-logo\",\"url\":\"https:\/\/www.diocesitn.it\/area-testimonianza\/wp-content\/uploads\/sites\/37\/2021\/09\/og-logo-testimonianza-e-impegno-sociale.jpg\",\"contentUrl\":\"https:\/\/www.diocesitn.it\/area-testimonianza\/wp-content\/uploads\/sites\/37\/2021\/09\/og-logo-testimonianza-e-impegno-sociale.jpg\",\"width\":1200,\"height\":630,\"caption\":\"Area Testimonianza e Impegno Sociale - Chiesa di Trento\"}]}<\/script>\n<!-- \/ Yoast SEO Premium plugin. -->","yoast_head_json":{"title":"Comunit\u00e0 abbi cura di te. Evento diocesano in occasione della VII Giornata mondiale dei poveri.","robots":{"index":"index","follow":"follow","max-snippet":"max-snippet:-1","max-image-preview":"max-image-preview:large","max-video-preview":"max-video-preview:-1"},"canonical":"https:\/\/www.diocesitn.it\/area-testimonianza\/wd-appuntamenti\/giornata-mondiale-dei-poveri\/","og_locale":"it_IT","og_type":"article","og_title":"Comunit\u00e0 abbi cura di te. Evento diocesano in occasione della VII Giornata mondiale dei poveri.","og_description":"SABATO 18 NOVEMBRE 2023 dalle 13.30 (Tione e dintorni)  Programma generale e materiali per l'animazione in parrocchia.","og_url":"https:\/\/www.diocesitn.it\/area-testimonianza\/wd-appuntamenti\/giornata-mondiale-dei-poveri\/","og_site_name":"Testimonianza e Impegno sociale","article_modified_time":"2023-12-07T08:21:07+00:00","og_image":[{"width":800,"height":333,"url":"https:\/\/www.diocesitn.it\/area-testimonianza\/wp-content\/uploads\/sites\/37\/2023\/10\/Giornata-Mondiale-dei-Poveri-800x333-1.jpeg","type":"image\/jpeg"}],"twitter_card":"summary_large_image","schema":{"@context":"https:\/\/schema.org","@graph":[{"@type":"WebPage","@id":"https:\/\/www.diocesitn.it\/area-testimonianza\/wd-appuntamenti\/giornata-mondiale-dei-poveri\/","url":"https:\/\/www.diocesitn.it\/area-testimonianza\/wd-appuntamenti\/giornata-mondiale-dei-poveri\/","name":"Comunit\u00e0 abbi cura di te. Evento diocesano in occasione della VII Giornata mondiale dei poveri.","isPartOf":{"@id":"https:\/\/www.diocesitn.it\/area-testimonianza\/#website"},"primaryImageOfPage":{"@id":"https:\/\/www.diocesitn.it\/area-testimonianza\/wd-appuntamenti\/giornata-mondiale-dei-poveri\/#primaryimage"},"image":{"@id":"https:\/\/www.diocesitn.it\/area-testimonianza\/wd-appuntamenti\/giornata-mondiale-dei-poveri\/#primaryimage"},"thumbnailUrl":"https:\/\/www.diocesitn.it\/area-testimonianza\/wp-content\/uploads\/sites\/37\/2023\/10\/Giornata-Mondiale-dei-Poveri-800x333-1.jpeg","datePublished":"2023-10-16T09:54:20+00:00","dateModified":"2023-12-07T08:21:07+00:00","breadcrumb":{"@id":"https:\/\/www.diocesitn.it\/area-testimonianza\/wd-appuntamenti\/giornata-mondiale-dei-poveri\/#breadcrumb"},"inLanguage":"it-IT","potentialAction":[{"@type":"ReadAction","target":["https:\/\/www.diocesitn.it\/area-testimonianza\/wd-appuntamenti\/giornata-mondiale-dei-poveri\/"]}]},{"@type":"ImageObject","inLanguage":"it-IT","@id":"https:\/\/www.diocesitn.it\/area-testimonianza\/wd-appuntamenti\/giornata-mondiale-dei-poveri\/#primaryimage","url":"https:\/\/www.diocesitn.it\/area-testimonianza\/wp-content\/uploads\/sites\/37\/2023\/10\/Giornata-Mondiale-dei-Poveri-800x333-1.jpeg","contentUrl":"https:\/\/www.diocesitn.it\/area-testimonianza\/wp-content\/uploads\/sites\/37\/2023\/10\/Giornata-Mondiale-dei-Poveri-800x333-1.jpeg","width":800,"height":333},{"@type":"BreadcrumbList","@id":"https:\/\/www.diocesitn.it\/area-testimonianza\/wd-appuntamenti\/giornata-mondiale-dei-poveri\/#breadcrumb","itemListElement":[{"@type":"ListItem","position":1,"name":"Home","item":"https:\/\/www.diocesitn.it\/area-testimonianza\/"},{"@type":"ListItem","position":2,"name":"Appuntamenti","item":"https:\/\/www.diocesitn.it\/area-testimonianza\/wd-appuntamenti\/"},{"@type":"ListItem","position":3,"name":"Comunit\u00e0 abbi cura di te. Evento diocesano in occasione della VII Giornata mondiale dei poveri."}]},{"@type":"WebSite","@id":"https:\/\/www.diocesitn.it\/area-testimonianza\/#website","url":"https:\/\/www.diocesitn.it\/area-testimonianza\/","name":"Testimonianza e Impegno sociale","description":"Chiesa di Trento","publisher":{"@id":"https:\/\/www.diocesitn.it\/area-testimonianza\/#organization"},"potentialAction":[{"@type":"SearchAction","target":{"@type":"EntryPoint","urlTemplate":"https:\/\/www.diocesitn.it\/area-testimonianza\/?s={search_term_string}"},"query-input":"required name=search_term_string"}],"inLanguage":"it-IT"},{"@type":["Organization","Place"],"@id":"https:\/\/www.diocesitn.it\/area-testimonianza\/#organization","name":"Area Testimonianza e Impegno Sociale - Chiesa di Trento","url":"https:\/\/www.diocesitn.it\/area-testimonianza\/","logo":{"@id":"https:\/\/www.diocesitn.it\/area-testimonianza\/wd-appuntamenti\/giornata-mondiale-dei-poveri\/#local-main-organization-logo"},"image":{"@id":"https:\/\/www.diocesitn.it\/area-testimonianza\/wd-appuntamenti\/giornata-mondiale-dei-poveri\/#local-main-organization-logo"},"openingHoursSpecification":[{"@type":"OpeningHoursSpecification","dayOfWeek":["Monday","Tuesday","Wednesday","Thursday","Friday","Saturday","Sunday"],"opens":"09:00","closes":"17:00"}]},{"@type":"ImageObject","inLanguage":"it-IT","@id":"https:\/\/www.diocesitn.it\/area-testimonianza\/wd-appuntamenti\/giornata-mondiale-dei-poveri\/#local-main-organization-logo","url":"https:\/\/www.diocesitn.it\/area-testimonianza\/wp-content\/uploads\/sites\/37\/2021\/09\/og-logo-testimonianza-e-impegno-sociale.jpg","contentUrl":"https:\/\/www.diocesitn.it\/area-testimonianza\/wp-content\/uploads\/sites\/37\/2021\/09\/og-logo-testimonianza-e-impegno-sociale.jpg","width":1200,"height":630,"caption":"Area Testimonianza e Impegno Sociale - Chiesa di Trento"}]}},"_links":{"self":[{"href":"https:\/\/www.diocesitn.it\/area-testimonianza\/wp-json\/wp\/v2\/wd-appuntamenti\/13775","targetHints":{"allow":["GET"]}}],"collection":[{"href":"https:\/\/www.diocesitn.it\/area-testimonianza\/wp-json\/wp\/v2\/wd-appuntamenti"}],"about":[{"href":"https:\/\/www.diocesitn.it\/area-testimonianza\/wp-json\/wp\/v2\/types\/wd-appuntamenti"}],"acf:term":[{"embeddable":true,"taxonomy":"wd-tipo-appuntamenti","href":"https:\/\/www.diocesitn.it\/area-testimonianza\/wp-json\/wp\/v2\/wd-tipo-appuntamenti\/224"},{"embeddable":true,"taxonomy":"wd-tipo-appuntamenti","href":"https:\/\/www.diocesitn.it\/area-testimonianza\/wp-json\/wp\/v2\/wd-tipo-appuntamenti\/582"},{"embeddable":true,"taxonomy":"wd-tipo-appuntamenti","href":"https:\/\/www.diocesitn.it\/area-testimonianza\/wp-json\/wp\/v2\/wd-tipo-appuntamenti\/1408"}],"wp:featuredmedia":[{"embeddable":true,"href":"https:\/\/www.diocesitn.it\/area-testimonianza\/wp-json\/wp\/v2\/media\/13776"}],"wp:attachment":[{"href":"https:\/\/www.diocesitn.it\/area-testimonianza\/wp-json\/wp\/v2\/media?parent=13775"}],"wp:term":[{"taxonomy":"post_tag","embeddable":true,"href":"https:\/\/www.diocesitn.it\/area-testimonianza\/wp-json\/wp\/v2\/tags?post=13775"},{"taxonomy":"wd-tipo-appuntamenti","embeddable":true,"href":"https:\/\/www.diocesitn.it\/area-testimonianza\/wp-json\/wp\/v2\/wd-tipo-appuntamenti?post=13775"}],"curies":[{"name":"wp","href":"https:\/\/api.w.org\/{rel}","templated":true}]}}