{"id":9390,"date":"2021-05-21T15:43:25","date_gmt":"2021-05-21T13:43:25","guid":{"rendered":"https:\/\/www.diocesitn.it\/area-testimonianza\/?page_id=9390"},"modified":"2025-11-20T11:38:54","modified_gmt":"2025-11-20T10:38:54","slug":"strumenti-di-formazione-per-la-terza-eta","status":"publish","type":"page","link":"https:\/\/www.diocesitn.it\/area-testimonianza\/salute-pellegrinaggi-anziani\/strumenti-di-formazione-per-la-terza-eta\/","title":{"rendered":"Materiale formativo per il mondo della Terza et\u00e0"},"content":{"rendered":"<h6><em>Raccolta di materiale formativo legato al mondo della Terza et\u00e0<\/em><\/h6>\n<ul>\n<li><a href=\"#si\">S\u00ec, ancora frutti<\/a><\/li>\n<li><a href=\"#giu\">Rosario S. Giuseppe<\/a><\/li>\n<li><a href=\"#viv\">Vivere insieme<\/a><\/li>\n<li><a href=\"#sch\">schede formative<\/a><\/li>\n<li><a href=\"#sol\">Beata solitudine, ospite insopportabile<\/a><\/li>\n<li><a href=\"#inv\">Invecchiare bene \u00e8 un arte<\/a><\/li>\n<\/ul>\n<hr \/>\n<h6><a href=\"https:\/\/www.diocesitn.it\/area-testimonianza\/wp-content\/uploads\/sites\/37\/2022\/09\/Si-ancora-frutti-copertina-prima.jpg\"><img loading=\"lazy\" decoding=\"async\" class=\"alignleft wp-image-12006\" src=\"https:\/\/www.diocesitn.it\/area-testimonianza\/wp-content\/uploads\/sites\/37\/2022\/09\/Si-ancora-frutti-copertina-prima-177x300.jpg\" alt=\"\" width=\"130\" height=\"220\" srcset=\"https:\/\/www.diocesitn.it\/area-testimonianza\/wp-content\/uploads\/sites\/37\/2022\/09\/Si-ancora-frutti-copertina-prima-177x300.jpg 177w, https:\/\/www.diocesitn.it\/area-testimonianza\/wp-content\/uploads\/sites\/37\/2022\/09\/Si-ancora-frutti-copertina-prima-606x1024.jpg 606w, https:\/\/www.diocesitn.it\/area-testimonianza\/wp-content\/uploads\/sites\/37\/2022\/09\/Si-ancora-frutti-copertina-prima-166x280.jpg 166w, https:\/\/www.diocesitn.it\/area-testimonianza\/wp-content\/uploads\/sites\/37\/2022\/09\/Si-ancora-frutti-copertina-prima-454x768.jpg 454w, https:\/\/www.diocesitn.it\/area-testimonianza\/wp-content\/uploads\/sites\/37\/2022\/09\/Si-ancora-frutti-copertina-prima.jpg 752w\" sizes=\"auto, (max-width: 130px) 100vw, 130px\" \/><\/a><a id=\"si\"><\/a>&#8220;<strong>S\u00ec, ancora frutti<\/strong>&#8220;<\/h6>\n<p>Piccola raccolta di lezioni di saggezza da Papa Francesco (v. catechesi sull&#8217;invecchiare), pillole di fiducia in noi stessi, qualche indicazione per passare dalle parole ai fatti e un po&#8217; di buonumore. <em>(stampa settembre 2022)<\/em><\/p>\n<p>Da leggere una pagina ogni tanto e da omaggiare a chi chi si vuole bene.<\/p>\n<p>Info: Segreteria Generale &#8211; Arcidiocesi di Trento p.zza Fiera 2<\/p>\n<p>&nbsp;<\/p>\n<hr \/>\n<h6><strong><a id=\"giu\"><\/a>2021 Anno di S. Giuseppe<\/strong> &#8220;<strong><a href=\"https:\/\/www.santuariodipine.it\/in-agenda-13.html\" target=\"_blank\" rel=\"noopener noreferrer\">Un rosario particolare<\/a><\/strong>&#8220;<\/h6>\n<p>Suddiviso in 5 parti o Decine: ognuna di esse \u00e8 introdotta da due brevi brani della Lettera di Papa Francesco (se ne pu\u00f2 leggere l\u2019uno o l\u2019altro,\u00a0 oppure ambedue). Ogni decina \u00e8 fatta di sobrie invocazioni, tratte dal Vangelo, alle quali\u00a0 si risponde: \u201c<em>prega per noi<\/em>\u201d.<\/p>\n<hr \/>\n<h6><a id=\"viv\"><\/a>La rivista trimestrale &#8220;<strong><a href=\"https:\/\/www.diocesitn.it\/area-testimonianza\/vivere-insieme-il-trimestrale-diocesano-per-le-persone-diversamente-giovani\/\">Vivere Insieme<\/a><\/strong>&#8221; e <a href=\"https:\/\/www.diocesitn.it\/area-testimonianza\/2021\/05\/21\/come-abbonarsi-alla-rivista-vivere-insieme-dedicata-al-mondo-della-terza-eta\/\">come abbonarsi<\/a><\/h6>\n<hr \/>\n<p><strong><a id=\"sch\"><\/a>Cinque schede di formazione <em>&#8220;Alla sera della vita saremo giudicati sulla Carit\u00e0&#8221;<\/em><\/strong><\/p>\n<p><em>Per un cammino di spiritualit\u00e0 a piccoli Gruppi. Carit\u00e0 non \u00e8 l&#8217;elemosina che si d\u00e0 al mendicante; non \u00e8 il favore o il servizio che si fa ad una persona bisognosa. E&#8217; molto molto di pi\u00f9: \u00e8 l&#8217;energia d&#8217;amore propria di Dio. Questa energia Dio l&#8217;ha data anche a noi e l&#8217;abbiamo ricevuta nel Battesimo, nella Cresima e si rinnova ogni volta che partecipiamo all&#8217;Eucaristia o preghiamo con Fede viva. E&#8217; questa la carica che ci sostiene nel fare il bene o nell&#8217;aiutare chi \u00e8 in necessit\u00e0.<br \/>\n<\/em> (dalla scheda di presentazione di d. Piero Rattin)<\/p>\n<ul>\n<li><a href=\"https:\/\/www.diocesitn.it\/area-testimonianza\/wp-content\/uploads\/sites\/37\/2021\/05\/0.-Presentazione-proposta.pdf\"><strong>Scheda di presentazione<\/strong><\/a><\/li>\n<\/ul>\n<ol>\n<li><a href=\"https:\/\/www.diocesitn.it\/area-testimonianza\/wp-content\/uploads\/sites\/37\/2021\/05\/1.-Per-un-Primo-incontro.pdf\"><strong>Per un 1\u00b0 incontro<\/strong><\/a><\/li>\n<li><a href=\"https:\/\/www.diocesitn.it\/area-testimonianza\/wp-content\/uploads\/sites\/37\/2021\/05\/2.-Per-un-Secondo-incontro.pdf\"><strong>Per un 2\u00b0 incontro<\/strong><\/a><\/li>\n<li><a href=\"https:\/\/www.diocesitn.it\/area-testimonianza\/wp-content\/uploads\/sites\/37\/2021\/05\/3.-Per-un-Terzo-incontro.pdf\"><strong>Per un 3\u00b0 incontro<\/strong><\/a><\/li>\n<li><a href=\"https:\/\/www.diocesitn.it\/area-testimonianza\/wp-content\/uploads\/sites\/37\/2021\/05\/4.-Per-un-Quarto-incontro.pdf\"><strong>Per un 4\u00b0 incontro<\/strong><\/a><\/li>\n<li><a href=\"https:\/\/www.diocesitn.it\/area-testimonianza\/wp-content\/uploads\/sites\/37\/2021\/05\/5.-Per-un-Quinto-incontro.pdf\"><strong>Per un 5\u00b0 incontro<\/strong><\/a><br \/>\n<hr \/>\n<\/li>\n<\/ol>\n<p><img loading=\"lazy\" decoding=\"async\" class=\"wp-image-9429 size-medium alignleft\" src=\"https:\/\/www.diocesitn.it\/area-testimonianza\/wp-content\/uploads\/sites\/37\/2021\/05\/Copertina-Beata-Solitudine-2020_web-174x300.jpg\" alt=\"\" width=\"174\" height=\"300\" srcset=\"https:\/\/www.diocesitn.it\/area-testimonianza\/wp-content\/uploads\/sites\/37\/2021\/05\/Copertina-Beata-Solitudine-2020_web-174x300.jpg 174w, https:\/\/www.diocesitn.it\/area-testimonianza\/wp-content\/uploads\/sites\/37\/2021\/05\/Copertina-Beata-Solitudine-2020_web-594x1024.jpg 594w, https:\/\/www.diocesitn.it\/area-testimonianza\/wp-content\/uploads\/sites\/37\/2021\/05\/Copertina-Beata-Solitudine-2020_web-768x1323.jpg 768w, https:\/\/www.diocesitn.it\/area-testimonianza\/wp-content\/uploads\/sites\/37\/2021\/05\/Copertina-Beata-Solitudine-2020_web-163x280.jpg 163w, https:\/\/www.diocesitn.it\/area-testimonianza\/wp-content\/uploads\/sites\/37\/2021\/05\/Copertina-Beata-Solitudine-2020_web-446x768.jpg 446w, https:\/\/www.diocesitn.it\/area-testimonianza\/wp-content\/uploads\/sites\/37\/2021\/05\/Copertina-Beata-Solitudine-2020_web-891x1536.jpg 891w, https:\/\/www.diocesitn.it\/area-testimonianza\/wp-content\/uploads\/sites\/37\/2021\/05\/Copertina-Beata-Solitudine-2020_web-1189x2048.jpg 1189w, https:\/\/www.diocesitn.it\/area-testimonianza\/wp-content\/uploads\/sites\/37\/2021\/05\/Copertina-Beata-Solitudine-2020_web-800x1378.jpg 800w, https:\/\/www.diocesitn.it\/area-testimonianza\/wp-content\/uploads\/sites\/37\/2021\/05\/Copertina-Beata-Solitudine-2020_web-1200x2068.jpg 1200w, https:\/\/www.diocesitn.it\/area-testimonianza\/wp-content\/uploads\/sites\/37\/2021\/05\/Copertina-Beata-Solitudine-2020_web.jpg 1242w\" sizes=\"auto, (max-width: 174px) 100vw, 174px\" \/><\/p>\n<p><strong><a id=\"sol\"><\/a>\u201cBeata solitudine, ospite insopportabile\u201d<\/strong>, di <strong>don Piero Rattin<\/strong> edito da Vita Trentina Editrice.<\/p>\n<p><em>\u201cUn libro di poche pagine, ma di tanti pensieri scritti con chiarezza. Analisi molto rigorosa sul fenomeno della solitudine, con anche indicazioni su atteggiamenti, risposte, comportamenti da mettere in atto rispetto a questo ospite insopportabile, che entra nella vita delle persone senza chiedere permesso. Diviso in cinque capitoli ben scanditi ed efficaci nella sintesi, il libro potrebbero offrire anche la risposta a tante domande: perch\u00e9 la solitudine \u00e8 \u201cbeata\u201d? Perch\u00e9 si \u00e8 diffusa in modo cos\u00ec grave da creare un\u2019emergenza pubblica? Con quali atteggiamenti pu\u00f2 essere affrontata? Quali interventi amministrativi e politici possiamo invocare per prevenire prima di curare? Il tutto con un valore aggiunto: quello dello sguardo della fede\u201d.<\/em><\/p>\n<p>Info: <a href=\"https:\/\/www.vitatrentina.it\/\" target=\"_blank\" rel=\"noopener noreferrer\">Vita Trentina<\/a><\/p>\n<p>&nbsp;<\/p>\n<p>&nbsp;<\/p>\n<hr \/>\n<p><img loading=\"lazy\" decoding=\"async\" class=\"wp-image-9432 size-medium alignleft\" src=\"https:\/\/www.diocesitn.it\/area-testimonianza\/wp-content\/uploads\/sites\/37\/2021\/05\/Copertina-Invecchiare-bene-e-unarte-2018-174x300.jpg\" alt=\"\" width=\"174\" height=\"300\" srcset=\"https:\/\/www.diocesitn.it\/area-testimonianza\/wp-content\/uploads\/sites\/37\/2021\/05\/Copertina-Invecchiare-bene-e-unarte-2018-174x300.jpg 174w, https:\/\/www.diocesitn.it\/area-testimonianza\/wp-content\/uploads\/sites\/37\/2021\/05\/Copertina-Invecchiare-bene-e-unarte-2018-162x280.jpg 162w, https:\/\/www.diocesitn.it\/area-testimonianza\/wp-content\/uploads\/sites\/37\/2021\/05\/Copertina-Invecchiare-bene-e-unarte-2018.jpg 374w\" sizes=\"auto, (max-width: 174px) 100vw, 174px\" \/><\/p>\n<p><a id=\"inv\"><\/a><strong>\u201cInvecchiare bene \u00e8 un&#8217;arte\u201d<\/strong>, di <strong>don Piero Rattin<\/strong> edito da Vita Trentina Editrice.<\/p>\n<p>&#8220;Come si \u00e8 vissuto, cos\u00ec si invecchia\u201d, \u00e8 il monito di <strong>don Piero Rattin<\/strong>, autore dell\u2019illuminante memorandum di cinquanta pagine\u00a0Invecchiare bene \u00e8 un\u2019arte, edito da Vita Trentina a braccetto con la Pastorale diocesana per i pensionati e gli anziani.<\/p>\n<p>L\u2019apprezzato biblista trentino rivendica<strong>\u00a0il valore della vecchiaia<\/strong> sostenendo, a ragione, l\u2019insostituibile ruolo che la persona sulla china degli anni ricopre nei pi\u00f9 svariati ambiti della societ\u00e0. Altro che nonno sinonimo di incapacit\u00e0, peso e debilitazione. Eppure la senilit\u00e0, oltre a essere una fase evolutiva chiamata a valorizzare una virtuosa circolarit\u00e0 intergenerazionale, reca in s\u00e9 un significato che \u201c\u00e8 opportuno riconoscere\u201d, se la si vuol affrontare nel migliore dei modi.<\/p>\n<p>Una lettura forse\u00a0<strong>controcorrente<\/strong>, ma stimolante e propositiva, perch\u00e9 gli anziani possano dare un contributo di saggezza anche alla Chiesa e alla societ\u00e0 intera.<\/p>\n<p>Info: <a href=\"https:\/\/www.vitatrentina.it\/\" target=\"_blank\" rel=\"noopener noreferrer\">Vita Trentina<\/a><\/p>\n<hr \/>\n<p style=\"text-align: center\"><a href=\"https:\/\/www.diocesitn.it\/area-testimonianza\/salute-pellegrinaggi-anziani\/\">Vai alla pagina del <strong>Servizio Salute, Pellegrinaggi Anziani<\/strong><\/a><\/p>\n","protected":false},"excerpt":{"rendered":"<p>Raccolta di materiale formativo legato al mondo della Terza et\u00e0 S\u00ec, ancora frutti Rosario S. Giuseppe Vivere insieme schede formative Beata solitudine, ospite insopportabile Invecchiare bene \u00e8 un arte &#8220;S\u00ec, ancora frutti&#8220; Piccola raccolta di<\/p>\n","protected":false},"author":4,"featured_media":0,"parent":1990,"menu_order":0,"comment_status":"closed","ping_status":"closed","template":"","meta":{"footnotes":""},"class_list":["post-9390","page","type-page","status-publish","hentry"],"acf":{"seed-localization-paese-cod":"IT","seed-localization-address":"","seed-localization-citta":"Trento","seed-localization-regione-cod-istat":"04","seed-localization-citta-cod-istat":"022205","seed-localization-localita":"","seed-localization-cap":"","seed-localization-marker-visibility":false,"seed-localization-children-visibility":false,"seed-localization-kml":"","seed-localization-custom-marker":""},"yoast_head":"<!-- This site is optimized with the Yoast SEO Premium plugin v20.2.1 (Yoast SEO v22.2) - https:\/\/yoast.com\/wordpress\/plugins\/seo\/ -->\n<title>Materiale formativo per il mondo della Terza et\u00e0<\/title>\n<meta name=\"robots\" content=\"index, follow, max-snippet:-1, max-image-preview:large, max-video-preview:-1\" \/>\n<link rel=\"canonical\" href=\"https:\/\/www.diocesitn.it\/area-testimonianza\/salute-pellegrinaggi-anziani\/strumenti-di-formazione-per-la-terza-eta\/\" \/>\n<meta property=\"og:locale\" content=\"it_IT\" \/>\n<meta property=\"og:type\" content=\"article\" \/>\n<meta property=\"og:title\" content=\"Materiale formativo per il mondo della Terza et\u00e0\" \/>\n<meta property=\"og:description\" content=\"Raccolta di materiale formativo legato al mondo della Terza et\u00e0 S\u00ec, ancora frutti Rosario S. Giuseppe Vivere insieme schede formative Beata solitudine, ospite insopportabile Invecchiare bene \u00e8 un arte &#8220;S\u00ec, ancora frutti&#8220; Piccola raccolta di\" \/>\n<meta property=\"og:url\" content=\"https:\/\/www.diocesitn.it\/area-testimonianza\/salute-pellegrinaggi-anziani\/strumenti-di-formazione-per-la-terza-eta\/\" \/>\n<meta property=\"og:site_name\" content=\"Testimonianza e Impegno sociale\" \/>\n<meta property=\"article:modified_time\" content=\"2025-11-20T10:38:54+00:00\" \/>\n<meta property=\"og:image\" content=\"https:\/\/www.diocesitn.it\/area-testimonianza\/wp-content\/uploads\/sites\/37\/2022\/09\/Si-ancora-frutti-copertina-prima.jpg\" \/>\n\t<meta property=\"og:image:width\" content=\"752\" \/>\n\t<meta property=\"og:image:height\" content=\"1271\" \/>\n\t<meta property=\"og:image:type\" content=\"image\/jpeg\" \/>\n<meta name=\"twitter:card\" content=\"summary_large_image\" \/>\n<meta name=\"twitter:label1\" content=\"Tempo di lettura stimato\" \/>\n\t<meta name=\"twitter:data1\" content=\"4 minuti\" \/>\n<script type=\"application\/ld+json\" class=\"yoast-schema-graph\">{\"@context\":\"https:\/\/schema.org\",\"@graph\":[{\"@type\":\"WebPage\",\"@id\":\"https:\/\/www.diocesitn.it\/area-testimonianza\/salute-pellegrinaggi-anziani\/strumenti-di-formazione-per-la-terza-eta\/\",\"url\":\"https:\/\/www.diocesitn.it\/area-testimonianza\/salute-pellegrinaggi-anziani\/strumenti-di-formazione-per-la-terza-eta\/\",\"name\":\"Materiale formativo per il mondo della Terza et\u00e0\",\"isPartOf\":{\"@id\":\"https:\/\/www.diocesitn.it\/area-testimonianza\/#website\"},\"primaryImageOfPage\":{\"@id\":\"https:\/\/www.diocesitn.it\/area-testimonianza\/salute-pellegrinaggi-anziani\/strumenti-di-formazione-per-la-terza-eta\/#primaryimage\"},\"image\":{\"@id\":\"https:\/\/www.diocesitn.it\/area-testimonianza\/salute-pellegrinaggi-anziani\/strumenti-di-formazione-per-la-terza-eta\/#primaryimage\"},\"thumbnailUrl\":\"https:\/\/www.diocesitn.it\/area-testimonianza\/wp-content\/uploads\/sites\/37\/2022\/09\/Si-ancora-frutti-copertina-prima-177x300.jpg\",\"datePublished\":\"2021-05-21T13:43:25+00:00\",\"dateModified\":\"2025-11-20T10:38:54+00:00\",\"breadcrumb\":{\"@id\":\"https:\/\/www.diocesitn.it\/area-testimonianza\/salute-pellegrinaggi-anziani\/strumenti-di-formazione-per-la-terza-eta\/#breadcrumb\"},\"inLanguage\":\"it-IT\",\"potentialAction\":[{\"@type\":\"ReadAction\",\"target\":[\"https:\/\/www.diocesitn.it\/area-testimonianza\/salute-pellegrinaggi-anziani\/strumenti-di-formazione-per-la-terza-eta\/\"]}]},{\"@type\":\"ImageObject\",\"inLanguage\":\"it-IT\",\"@id\":\"https:\/\/www.diocesitn.it\/area-testimonianza\/salute-pellegrinaggi-anziani\/strumenti-di-formazione-per-la-terza-eta\/#primaryimage\",\"url\":\"https:\/\/www.diocesitn.it\/area-testimonianza\/wp-content\/uploads\/sites\/37\/2022\/09\/Si-ancora-frutti-copertina-prima.jpg\",\"contentUrl\":\"https:\/\/www.diocesitn.it\/area-testimonianza\/wp-content\/uploads\/sites\/37\/2022\/09\/Si-ancora-frutti-copertina-prima.jpg\",\"width\":752,\"height\":1271},{\"@type\":\"BreadcrumbList\",\"@id\":\"https:\/\/www.diocesitn.it\/area-testimonianza\/salute-pellegrinaggi-anziani\/strumenti-di-formazione-per-la-terza-eta\/#breadcrumb\",\"itemListElement\":[{\"@type\":\"ListItem\",\"position\":1,\"name\":\"Home\",\"item\":\"https:\/\/www.diocesitn.it\/area-testimonianza\/\"},{\"@type\":\"ListItem\",\"position\":2,\"name\":\"Salute Pellegrinaggi Anziani\",\"item\":\"https:\/\/www.diocesitn.it\/area-testimonianza\/salute-pellegrinaggi-anziani\/\"},{\"@type\":\"ListItem\",\"position\":3,\"name\":\"Materiale formativo per il mondo della Terza et\u00e0\"}]},{\"@type\":\"WebSite\",\"@id\":\"https:\/\/www.diocesitn.it\/area-testimonianza\/#website\",\"url\":\"https:\/\/www.diocesitn.it\/area-testimonianza\/\",\"name\":\"Testimonianza e Impegno sociale\",\"description\":\"Chiesa di Trento\",\"publisher\":{\"@id\":\"https:\/\/www.diocesitn.it\/area-testimonianza\/#organization\"},\"potentialAction\":[{\"@type\":\"SearchAction\",\"target\":{\"@type\":\"EntryPoint\",\"urlTemplate\":\"https:\/\/www.diocesitn.it\/area-testimonianza\/?s={search_term_string}\"},\"query-input\":\"required name=search_term_string\"}],\"inLanguage\":\"it-IT\"},{\"@type\":[\"Organization\",\"Place\"],\"@id\":\"https:\/\/www.diocesitn.it\/area-testimonianza\/#organization\",\"name\":\"Area Testimonianza e Impegno Sociale - Chiesa di Trento\",\"url\":\"https:\/\/www.diocesitn.it\/area-testimonianza\/\",\"logo\":{\"@id\":\"https:\/\/www.diocesitn.it\/area-testimonianza\/salute-pellegrinaggi-anziani\/strumenti-di-formazione-per-la-terza-eta\/#local-main-organization-logo\"},\"image\":{\"@id\":\"https:\/\/www.diocesitn.it\/area-testimonianza\/salute-pellegrinaggi-anziani\/strumenti-di-formazione-per-la-terza-eta\/#local-main-organization-logo\"},\"openingHoursSpecification\":[{\"@type\":\"OpeningHoursSpecification\",\"dayOfWeek\":[\"Monday\",\"Tuesday\",\"Wednesday\",\"Thursday\",\"Friday\",\"Saturday\",\"Sunday\"],\"opens\":\"09:00\",\"closes\":\"17:00\"}]},{\"@type\":\"ImageObject\",\"inLanguage\":\"it-IT\",\"@id\":\"https:\/\/www.diocesitn.it\/area-testimonianza\/salute-pellegrinaggi-anziani\/strumenti-di-formazione-per-la-terza-eta\/#local-main-organization-logo\",\"url\":\"https:\/\/www.diocesitn.it\/area-testimonianza\/wp-content\/uploads\/sites\/37\/2021\/09\/og-logo-testimonianza-e-impegno-sociale.jpg\",\"contentUrl\":\"https:\/\/www.diocesitn.it\/area-testimonianza\/wp-content\/uploads\/sites\/37\/2021\/09\/og-logo-testimonianza-e-impegno-sociale.jpg\",\"width\":1200,\"height\":630,\"caption\":\"Area Testimonianza e Impegno Sociale - Chiesa di Trento\"}]}<\/script>\n<!-- \/ Yoast SEO Premium plugin. -->","yoast_head_json":{"title":"Materiale formativo per il mondo della Terza et\u00e0","robots":{"index":"index","follow":"follow","max-snippet":"max-snippet:-1","max-image-preview":"max-image-preview:large","max-video-preview":"max-video-preview:-1"},"canonical":"https:\/\/www.diocesitn.it\/area-testimonianza\/salute-pellegrinaggi-anziani\/strumenti-di-formazione-per-la-terza-eta\/","og_locale":"it_IT","og_type":"article","og_title":"Materiale formativo per il mondo della Terza et\u00e0","og_description":"Raccolta di materiale formativo legato al mondo della Terza et\u00e0 S\u00ec, ancora frutti Rosario S. Giuseppe Vivere insieme schede formative Beata solitudine, ospite insopportabile Invecchiare bene \u00e8 un arte &#8220;S\u00ec, ancora frutti&#8220; Piccola raccolta di","og_url":"https:\/\/www.diocesitn.it\/area-testimonianza\/salute-pellegrinaggi-anziani\/strumenti-di-formazione-per-la-terza-eta\/","og_site_name":"Testimonianza e Impegno sociale","article_modified_time":"2025-11-20T10:38:54+00:00","og_image":[{"width":752,"height":1271,"url":"https:\/\/www.diocesitn.it\/area-testimonianza\/wp-content\/uploads\/sites\/37\/2022\/09\/Si-ancora-frutti-copertina-prima.jpg","type":"image\/jpeg"}],"twitter_card":"summary_large_image","twitter_misc":{"Tempo di lettura stimato":"4 minuti"},"schema":{"@context":"https:\/\/schema.org","@graph":[{"@type":"WebPage","@id":"https:\/\/www.diocesitn.it\/area-testimonianza\/salute-pellegrinaggi-anziani\/strumenti-di-formazione-per-la-terza-eta\/","url":"https:\/\/www.diocesitn.it\/area-testimonianza\/salute-pellegrinaggi-anziani\/strumenti-di-formazione-per-la-terza-eta\/","name":"Materiale formativo per il mondo della Terza et\u00e0","isPartOf":{"@id":"https:\/\/www.diocesitn.it\/area-testimonianza\/#website"},"primaryImageOfPage":{"@id":"https:\/\/www.diocesitn.it\/area-testimonianza\/salute-pellegrinaggi-anziani\/strumenti-di-formazione-per-la-terza-eta\/#primaryimage"},"image":{"@id":"https:\/\/www.diocesitn.it\/area-testimonianza\/salute-pellegrinaggi-anziani\/strumenti-di-formazione-per-la-terza-eta\/#primaryimage"},"thumbnailUrl":"https:\/\/www.diocesitn.it\/area-testimonianza\/wp-content\/uploads\/sites\/37\/2022\/09\/Si-ancora-frutti-copertina-prima-177x300.jpg","datePublished":"2021-05-21T13:43:25+00:00","dateModified":"2025-11-20T10:38:54+00:00","breadcrumb":{"@id":"https:\/\/www.diocesitn.it\/area-testimonianza\/salute-pellegrinaggi-anziani\/strumenti-di-formazione-per-la-terza-eta\/#breadcrumb"},"inLanguage":"it-IT","potentialAction":[{"@type":"ReadAction","target":["https:\/\/www.diocesitn.it\/area-testimonianza\/salute-pellegrinaggi-anziani\/strumenti-di-formazione-per-la-terza-eta\/"]}]},{"@type":"ImageObject","inLanguage":"it-IT","@id":"https:\/\/www.diocesitn.it\/area-testimonianza\/salute-pellegrinaggi-anziani\/strumenti-di-formazione-per-la-terza-eta\/#primaryimage","url":"https:\/\/www.diocesitn.it\/area-testimonianza\/wp-content\/uploads\/sites\/37\/2022\/09\/Si-ancora-frutti-copertina-prima.jpg","contentUrl":"https:\/\/www.diocesitn.it\/area-testimonianza\/wp-content\/uploads\/sites\/37\/2022\/09\/Si-ancora-frutti-copertina-prima.jpg","width":752,"height":1271},{"@type":"BreadcrumbList","@id":"https:\/\/www.diocesitn.it\/area-testimonianza\/salute-pellegrinaggi-anziani\/strumenti-di-formazione-per-la-terza-eta\/#breadcrumb","itemListElement":[{"@type":"ListItem","position":1,"name":"Home","item":"https:\/\/www.diocesitn.it\/area-testimonianza\/"},{"@type":"ListItem","position":2,"name":"Salute Pellegrinaggi Anziani","item":"https:\/\/www.diocesitn.it\/area-testimonianza\/salute-pellegrinaggi-anziani\/"},{"@type":"ListItem","position":3,"name":"Materiale formativo per il mondo della Terza et\u00e0"}]},{"@type":"WebSite","@id":"https:\/\/www.diocesitn.it\/area-testimonianza\/#website","url":"https:\/\/www.diocesitn.it\/area-testimonianza\/","name":"Testimonianza e Impegno sociale","description":"Chiesa di Trento","publisher":{"@id":"https:\/\/www.diocesitn.it\/area-testimonianza\/#organization"},"potentialAction":[{"@type":"SearchAction","target":{"@type":"EntryPoint","urlTemplate":"https:\/\/www.diocesitn.it\/area-testimonianza\/?s={search_term_string}"},"query-input":"required name=search_term_string"}],"inLanguage":"it-IT"},{"@type":["Organization","Place"],"@id":"https:\/\/www.diocesitn.it\/area-testimonianza\/#organization","name":"Area Testimonianza e Impegno Sociale - Chiesa di Trento","url":"https:\/\/www.diocesitn.it\/area-testimonianza\/","logo":{"@id":"https:\/\/www.diocesitn.it\/area-testimonianza\/salute-pellegrinaggi-anziani\/strumenti-di-formazione-per-la-terza-eta\/#local-main-organization-logo"},"image":{"@id":"https:\/\/www.diocesitn.it\/area-testimonianza\/salute-pellegrinaggi-anziani\/strumenti-di-formazione-per-la-terza-eta\/#local-main-organization-logo"},"openingHoursSpecification":[{"@type":"OpeningHoursSpecification","dayOfWeek":["Monday","Tuesday","Wednesday","Thursday","Friday","Saturday","Sunday"],"opens":"09:00","closes":"17:00"}]},{"@type":"ImageObject","inLanguage":"it-IT","@id":"https:\/\/www.diocesitn.it\/area-testimonianza\/salute-pellegrinaggi-anziani\/strumenti-di-formazione-per-la-terza-eta\/#local-main-organization-logo","url":"https:\/\/www.diocesitn.it\/area-testimonianza\/wp-content\/uploads\/sites\/37\/2021\/09\/og-logo-testimonianza-e-impegno-sociale.jpg","contentUrl":"https:\/\/www.diocesitn.it\/area-testimonianza\/wp-content\/uploads\/sites\/37\/2021\/09\/og-logo-testimonianza-e-impegno-sociale.jpg","width":1200,"height":630,"caption":"Area Testimonianza e Impegno Sociale - Chiesa di Trento"}]}},"_links":{"self":[{"href":"https:\/\/www.diocesitn.it\/area-testimonianza\/wp-json\/wp\/v2\/pages\/9390","targetHints":{"allow":["GET"]}}],"collection":[{"href":"https:\/\/www.diocesitn.it\/area-testimonianza\/wp-json\/wp\/v2\/pages"}],"about":[{"href":"https:\/\/www.diocesitn.it\/area-testimonianza\/wp-json\/wp\/v2\/types\/page"}],"author":[{"embeddable":true,"href":"https:\/\/www.diocesitn.it\/area-testimonianza\/wp-json\/wp\/v2\/users\/4"}],"replies":[{"embeddable":true,"href":"https:\/\/www.diocesitn.it\/area-testimonianza\/wp-json\/wp\/v2\/comments?post=9390"}],"version-history":[{"count":5,"href":"https:\/\/www.diocesitn.it\/area-testimonianza\/wp-json\/wp\/v2\/pages\/9390\/revisions"}],"predecessor-version":[{"id":17774,"href":"https:\/\/www.diocesitn.it\/area-testimonianza\/wp-json\/wp\/v2\/pages\/9390\/revisions\/17774"}],"up":[{"embeddable":true,"href":"https:\/\/www.diocesitn.it\/area-testimonianza\/wp-json\/wp\/v2\/pages\/1990"}],"wp:attachment":[{"href":"https:\/\/www.diocesitn.it\/area-testimonianza\/wp-json\/wp\/v2\/media?parent=9390"}],"curies":[{"name":"wp","href":"https:\/\/api.w.org\/{rel}","templated":true}]}}