{"id":9266,"date":"2021-05-11T11:21:49","date_gmt":"2021-05-11T09:21:49","guid":{"rendered":"https:\/\/www.diocesitn.it\/area-testimonianza\/?page_id=9266"},"modified":"2025-05-21T15:23:13","modified_gmt":"2025-05-21T13:23:13","slug":"domande-frequenti","status":"publish","type":"page","link":"https:\/\/www.diocesitn.it\/area-testimonianza\/home-page\/domande-frequenti\/","title":{"rendered":"Domande frequenti"},"content":{"rendered":"<h4><a id=\"tornasu\"><\/a>scegliere l&#8217;ambito della domanda:<\/h4>\n<ul>\n<li><a href=\"#missione\"><span style=\"color: #008000\"><strong>MISSIONE<\/strong><\/span><\/a><\/li>\n<li><a href=\"#carita\"><span style=\"color: #008000\"><strong>CARIT\u00c0<\/strong><\/span><\/a><\/li>\n<\/ul>\n<hr \/>\n<h4><span style=\"color: #008000\"><strong>MISSIONE<a id=\"missione\"><\/a><\/strong><\/span><\/h4>\n<p><span style=\"color: #ff0000\"><em><strong>Come faccio a partire per la missione?<\/strong><\/em><\/span><\/p>\n<ul>\n<li>Il Centro Missionario Diocesano propone <strong>Tentazione Missionaria<\/strong>:\u00a0un\u2019esperienza di conoscenza e di condivisione\u00a0in una realt\u00e0 del Sud del Mondo, che si vive in\u00a0gruppo\u00a0e con l\u2019aiuto di un\u00a0missionario, per cercare di relazionarsi con le persone del luogo, di comprenderne lo stile di vita, i problemi ed i motivi di gioia. <a href=\"https:\/\/www.diocesitn.it\/area-testimonianza\/centro-missionario-diocesano\/esperienza-estiva-in-missione\/\">Maggiori dettagli qui<\/a>.<\/li>\n<li>Per chi \u00e8 interessato a partire come <strong>volontario internazionale<\/strong> si rimanda al sito del nostro partner <a href=\"https:\/\/www.accri.it\/\" target=\"_blank\" rel=\"noopener noreferrer\">ACCRI: Associazione Cristiana di Cooperazione Internazionale<\/a>.<\/li>\n<\/ul>\n<p><strong><span style=\"color: #ff0000\"><em>Si possono detrarre le offerte devolute al Centro Missionario Diocesano?<\/em><\/span><\/strong><\/p>\n<p>No, a partire dal 2023 \u00e8 stata chiusa la sezione ONLUS dell&#8217;Opera Diocesana per la Pastorale Missionaria e quindi non \u00e8 pi\u00f9 possibile detrarre le offerte.<\/p>\n<p style=\"text-align: right\"><a href=\"#tornasu\">torna su \u2191<\/a><\/p>\n<hr \/>\n<h4><span style=\"color: #008000\"><b>CARIT\u00c0<a id=\"carita\"><\/a><\/b><\/span><\/h4>\n<p><span style=\"color: #ff0000\"><strong><em>La Caritas raccoglie indumenti usati?<\/em><\/strong><\/span><\/p>\n<p>Si, in via Giusti 11 a Trento si raccolgono indumenti usati in buono stato, lavati e stirati, cos\u00ec come lenzuola, asciugamani, scarpe. La consegna avviene solo previo appuntamento (tel. 0461 935092). La raccolta avviene anche a Rovereto in piazza Damiano Chiesa 8 sempre previo appuntamento (tel. 0464 480713).<br \/>\nNon avendo infinite capacit\u00e0 di immagazzinamento e per rispetto del lavoro dei volontari e dei destinatari, si chiede comprensione sulle indicazioni di quantit\u00e0 e qualit\u00e0.<\/p>\n<p><span style=\"color: #ff0000\"><strong><em>La Caritas raccoglie mobili e suppellettili?<\/em><\/strong><\/span><\/p>\n<p>La Caritas raccoglie mobili usati e oggettistica a Rovereto e in tutta la Vallagarina.<\/p>\n<p>Per info 0464.423263\/ 3314137866.<\/p>\n<p><span style=\"color: #ff0000\"><strong><em>Vorrei fare una donazione alla Caritas: devo passare di persona?<\/em><\/strong><\/span><\/p>\n<p>Si pu\u00f2 passare dagli uffici Caritas in via Barbacovi 4, a Trento, oppure si pu\u00f2 usare l\u2019Iban IT 41 G035 9901 8000 0000 0081 237 \u2013 Cassa Centrale Banca Credito Cooperativo, intestando il versamento a Caritas diocesana \u2013 Arcidiocesi di Trento.<\/p>\n<p><span style=\"color: #ff0000\"><strong><em>Si possono detrarre le offerte devolute alla Caritas?<\/em><\/strong><\/span><\/p>\n<p>No, n\u00e9 la Caritas diocesana di Trento, n\u00e9 i punti Caritas locali, non essendo in possesso della forma giuridica, danno la possibilit\u00e0 di detrarre le offerte. Sono detraibili solo le donazioni devolute a Caritas Italiana che, a differenza delle Caritas diocesane, \u00e8 iscritta all\u2019anagrafe ONLUS.<\/p>\n<p><span style=\"color: #ff0000\"><strong><em>Vorrei fare volontariato: a chi mi posso rivolgere?<\/em><\/strong><\/span><\/p>\n<p>In Caritas alcuni servizi sono possibili proprio grazie ai volontari. Per informazioni ci si pu\u00f2 rivolgere al coordinatore del volontariato Cristian Gatti (tel. 0461 891346). Per la zona della Vallagarina si pu\u00f2 contattare il Centro di Ascolto di Rovereto in via Setaioli 3b (tel. 0464 423263).<\/p>\n<p><span style=\"color: #ff0000\"><strong><em>Ho incontrato una persona per strada che chiede aiuto: dove posso indirizzarla?<\/em><\/strong><\/span><\/p>\n<p>Le persone che necessitano di ascolto e di solidariet\u00e0 si possono indirizzare al Centro di Ascolto di Trento in via Barbacovi 2 (tel. 0461 261166) oppure al Centro di Ascolto di Rovereto in via Setaioli 3b (tel. 0464 423263).<\/p>\n<p><span style=\"color: #ff0000\"><strong><em>Una persona mi chiede soldi per mangiare: dove posso indirizzarla?<\/em><\/strong><\/span><\/p>\n<p>I servizi mensa a <span style=\"text-decoration: underline\">Trento<\/span> offrono gratuitamente un pasto caldo a mezzogiorno presso il\u00a0<a href=\"https:\/\/www.puntodincontro.trento.it\/\">Punto di Incontro<\/a>, in via Rosmini 126 (tel. 0461 984237) e alla sera, dalle 17.15 alle 18.30, presso la Mensa della Provvidenza\u00a0in via Giusti 11 (tel. 3391700373).<br \/>\nI servizi mensa a <span style=\"text-decoration: underline\">Rovereto<\/span> offrono gratuitamente un pasto caldo a mezzogiorno presso il Centro diurno del Portico, in Borgo Santa Caterina, 1 (tel. 0464 423144) e alla sera, dalle 19.30 alle 20.30, presso via Campagnole 1 (334.6799848).<\/p>\n<p><a href=\"#tornasu\">torna su \u2191<\/a><\/p>\n","protected":false},"excerpt":{"rendered":"<p>scegliere l&#8217;ambito della domanda: MISSIONE CARIT\u00c0 MISSIONE Come faccio a partire per la missione? Il Centro Missionario Diocesano propone Tentazione Missionaria:\u00a0un\u2019esperienza di conoscenza e di condivisione\u00a0in una realt\u00e0 del Sud del Mondo, che si vive<\/p>\n","protected":false},"author":4,"featured_media":0,"parent":9299,"menu_order":0,"comment_status":"closed","ping_status":"closed","template":"","meta":{"footnotes":""},"class_list":["post-9266","page","type-page","status-publish","hentry"],"acf":{"seed-localization-paese-cod":"IT","seed-localization-address":"","seed-localization-citta":"Trento","seed-localization-regione-cod-istat":"04","seed-localization-citta-cod-istat":"022205","seed-localization-localita":"","seed-localization-cap":"","seed-localization-marker-visibility":false,"seed-localization-children-visibility":false,"seed-localization-kml":"","seed-localization-custom-marker":""},"yoast_head":"<!-- This site is optimized with the Yoast SEO Premium plugin v20.2.1 (Yoast SEO v22.2) - https:\/\/yoast.com\/wordpress\/plugins\/seo\/ -->\n<title>Domande frequenti - Testimonianza e Impegno sociale<\/title>\n<meta name=\"robots\" content=\"index, follow, max-snippet:-1, max-image-preview:large, max-video-preview:-1\" \/>\n<link rel=\"canonical\" href=\"https:\/\/www.diocesitn.it\/area-testimonianza\/home-page\/domande-frequenti\/\" \/>\n<meta property=\"og:locale\" content=\"it_IT\" \/>\n<meta property=\"og:type\" content=\"article\" \/>\n<meta property=\"og:title\" content=\"Domande frequenti\" \/>\n<meta property=\"og:description\" content=\"scegliere l&#8217;ambito della domanda: MISSIONE CARIT\u00c0 MISSIONE Come faccio a partire per la missione? Il Centro Missionario Diocesano propone Tentazione Missionaria:\u00a0un\u2019esperienza di conoscenza e di condivisione\u00a0in una realt\u00e0 del Sud del Mondo, che si vive\" \/>\n<meta property=\"og:url\" content=\"https:\/\/www.diocesitn.it\/area-testimonianza\/home-page\/domande-frequenti\/\" \/>\n<meta property=\"og:site_name\" content=\"Testimonianza e Impegno sociale\" \/>\n<meta property=\"article:modified_time\" content=\"2025-05-21T13:23:13+00:00\" \/>\n<meta property=\"og:image\" content=\"https:\/\/www.diocesitn.it\/area-testimonianza\/wp-content\/uploads\/sites\/37\/2021\/09\/og-logo-testimonianza-e-impegno-sociale.jpg\" \/>\n\t<meta property=\"og:image:width\" content=\"1200\" \/>\n\t<meta property=\"og:image:height\" content=\"630\" \/>\n\t<meta property=\"og:image:type\" content=\"image\/jpeg\" \/>\n<meta name=\"twitter:card\" content=\"summary_large_image\" \/>\n<meta name=\"twitter:label1\" content=\"Tempo di lettura stimato\" \/>\n\t<meta name=\"twitter:data1\" content=\"3 minuti\" \/>\n<script type=\"application\/ld+json\" class=\"yoast-schema-graph\">{\"@context\":\"https:\/\/schema.org\",\"@graph\":[{\"@type\":\"WebPage\",\"@id\":\"https:\/\/www.diocesitn.it\/area-testimonianza\/home-page\/domande-frequenti\/\",\"url\":\"https:\/\/www.diocesitn.it\/area-testimonianza\/home-page\/domande-frequenti\/\",\"name\":\"Domande frequenti - Testimonianza e Impegno sociale\",\"isPartOf\":{\"@id\":\"https:\/\/www.diocesitn.it\/area-testimonianza\/#website\"},\"datePublished\":\"2021-05-11T09:21:49+00:00\",\"dateModified\":\"2025-05-21T13:23:13+00:00\",\"breadcrumb\":{\"@id\":\"https:\/\/www.diocesitn.it\/area-testimonianza\/home-page\/domande-frequenti\/#breadcrumb\"},\"inLanguage\":\"it-IT\",\"potentialAction\":[{\"@type\":\"ReadAction\",\"target\":[\"https:\/\/www.diocesitn.it\/area-testimonianza\/home-page\/domande-frequenti\/\"]}]},{\"@type\":\"BreadcrumbList\",\"@id\":\"https:\/\/www.diocesitn.it\/area-testimonianza\/home-page\/domande-frequenti\/#breadcrumb\",\"itemListElement\":[{\"@type\":\"ListItem\",\"position\":1,\"name\":\"Home\",\"item\":\"https:\/\/www.diocesitn.it\/area-testimonianza\/\"},{\"@type\":\"ListItem\",\"position\":2,\"name\":\"Home Page\",\"item\":\"https:\/\/www.diocesitn.it\/area-testimonianza\/\"},{\"@type\":\"ListItem\",\"position\":3,\"name\":\"Domande frequenti\"}]},{\"@type\":\"WebSite\",\"@id\":\"https:\/\/www.diocesitn.it\/area-testimonianza\/#website\",\"url\":\"https:\/\/www.diocesitn.it\/area-testimonianza\/\",\"name\":\"Testimonianza e Impegno sociale\",\"description\":\"Chiesa di Trento\",\"publisher\":{\"@id\":\"https:\/\/www.diocesitn.it\/area-testimonianza\/#organization\"},\"potentialAction\":[{\"@type\":\"SearchAction\",\"target\":{\"@type\":\"EntryPoint\",\"urlTemplate\":\"https:\/\/www.diocesitn.it\/area-testimonianza\/?s={search_term_string}\"},\"query-input\":\"required name=search_term_string\"}],\"inLanguage\":\"it-IT\"},{\"@type\":[\"Organization\",\"Place\"],\"@id\":\"https:\/\/www.diocesitn.it\/area-testimonianza\/#organization\",\"name\":\"Area Testimonianza e Impegno Sociale - Chiesa di Trento\",\"url\":\"https:\/\/www.diocesitn.it\/area-testimonianza\/\",\"logo\":{\"@id\":\"https:\/\/www.diocesitn.it\/area-testimonianza\/home-page\/domande-frequenti\/#local-main-organization-logo\"},\"image\":{\"@id\":\"https:\/\/www.diocesitn.it\/area-testimonianza\/home-page\/domande-frequenti\/#local-main-organization-logo\"},\"openingHoursSpecification\":[{\"@type\":\"OpeningHoursSpecification\",\"dayOfWeek\":[\"Monday\",\"Tuesday\",\"Wednesday\",\"Thursday\",\"Friday\",\"Saturday\",\"Sunday\"],\"opens\":\"09:00\",\"closes\":\"17:00\"}]},{\"@type\":\"ImageObject\",\"inLanguage\":\"it-IT\",\"@id\":\"https:\/\/www.diocesitn.it\/area-testimonianza\/home-page\/domande-frequenti\/#local-main-organization-logo\",\"url\":\"https:\/\/www.diocesitn.it\/area-testimonianza\/wp-content\/uploads\/sites\/37\/2021\/09\/og-logo-testimonianza-e-impegno-sociale.jpg\",\"contentUrl\":\"https:\/\/www.diocesitn.it\/area-testimonianza\/wp-content\/uploads\/sites\/37\/2021\/09\/og-logo-testimonianza-e-impegno-sociale.jpg\",\"width\":1200,\"height\":630,\"caption\":\"Area Testimonianza e Impegno Sociale - Chiesa di Trento\"}]}<\/script>\n<!-- \/ Yoast SEO Premium plugin. -->","yoast_head_json":{"title":"Domande frequenti - Testimonianza e Impegno sociale","robots":{"index":"index","follow":"follow","max-snippet":"max-snippet:-1","max-image-preview":"max-image-preview:large","max-video-preview":"max-video-preview:-1"},"canonical":"https:\/\/www.diocesitn.it\/area-testimonianza\/home-page\/domande-frequenti\/","og_locale":"it_IT","og_type":"article","og_title":"Domande frequenti","og_description":"scegliere l&#8217;ambito della domanda: MISSIONE CARIT\u00c0 MISSIONE Come faccio a partire per la missione? Il Centro Missionario Diocesano propone Tentazione Missionaria:\u00a0un\u2019esperienza di conoscenza e di condivisione\u00a0in una realt\u00e0 del Sud del Mondo, che si vive","og_url":"https:\/\/www.diocesitn.it\/area-testimonianza\/home-page\/domande-frequenti\/","og_site_name":"Testimonianza e Impegno sociale","article_modified_time":"2025-05-21T13:23:13+00:00","og_image":[{"width":1200,"height":630,"url":"https:\/\/www.diocesitn.it\/area-testimonianza\/wp-content\/uploads\/sites\/37\/2021\/09\/og-logo-testimonianza-e-impegno-sociale.jpg","type":"image\/jpeg"}],"twitter_card":"summary_large_image","twitter_misc":{"Tempo di lettura stimato":"3 minuti"},"schema":{"@context":"https:\/\/schema.org","@graph":[{"@type":"WebPage","@id":"https:\/\/www.diocesitn.it\/area-testimonianza\/home-page\/domande-frequenti\/","url":"https:\/\/www.diocesitn.it\/area-testimonianza\/home-page\/domande-frequenti\/","name":"Domande frequenti - Testimonianza e Impegno sociale","isPartOf":{"@id":"https:\/\/www.diocesitn.it\/area-testimonianza\/#website"},"datePublished":"2021-05-11T09:21:49+00:00","dateModified":"2025-05-21T13:23:13+00:00","breadcrumb":{"@id":"https:\/\/www.diocesitn.it\/area-testimonianza\/home-page\/domande-frequenti\/#breadcrumb"},"inLanguage":"it-IT","potentialAction":[{"@type":"ReadAction","target":["https:\/\/www.diocesitn.it\/area-testimonianza\/home-page\/domande-frequenti\/"]}]},{"@type":"BreadcrumbList","@id":"https:\/\/www.diocesitn.it\/area-testimonianza\/home-page\/domande-frequenti\/#breadcrumb","itemListElement":[{"@type":"ListItem","position":1,"name":"Home","item":"https:\/\/www.diocesitn.it\/area-testimonianza\/"},{"@type":"ListItem","position":2,"name":"Home Page","item":"https:\/\/www.diocesitn.it\/area-testimonianza\/"},{"@type":"ListItem","position":3,"name":"Domande frequenti"}]},{"@type":"WebSite","@id":"https:\/\/www.diocesitn.it\/area-testimonianza\/#website","url":"https:\/\/www.diocesitn.it\/area-testimonianza\/","name":"Testimonianza e Impegno sociale","description":"Chiesa di Trento","publisher":{"@id":"https:\/\/www.diocesitn.it\/area-testimonianza\/#organization"},"potentialAction":[{"@type":"SearchAction","target":{"@type":"EntryPoint","urlTemplate":"https:\/\/www.diocesitn.it\/area-testimonianza\/?s={search_term_string}"},"query-input":"required name=search_term_string"}],"inLanguage":"it-IT"},{"@type":["Organization","Place"],"@id":"https:\/\/www.diocesitn.it\/area-testimonianza\/#organization","name":"Area Testimonianza e Impegno Sociale - Chiesa di Trento","url":"https:\/\/www.diocesitn.it\/area-testimonianza\/","logo":{"@id":"https:\/\/www.diocesitn.it\/area-testimonianza\/home-page\/domande-frequenti\/#local-main-organization-logo"},"image":{"@id":"https:\/\/www.diocesitn.it\/area-testimonianza\/home-page\/domande-frequenti\/#local-main-organization-logo"},"openingHoursSpecification":[{"@type":"OpeningHoursSpecification","dayOfWeek":["Monday","Tuesday","Wednesday","Thursday","Friday","Saturday","Sunday"],"opens":"09:00","closes":"17:00"}]},{"@type":"ImageObject","inLanguage":"it-IT","@id":"https:\/\/www.diocesitn.it\/area-testimonianza\/home-page\/domande-frequenti\/#local-main-organization-logo","url":"https:\/\/www.diocesitn.it\/area-testimonianza\/wp-content\/uploads\/sites\/37\/2021\/09\/og-logo-testimonianza-e-impegno-sociale.jpg","contentUrl":"https:\/\/www.diocesitn.it\/area-testimonianza\/wp-content\/uploads\/sites\/37\/2021\/09\/og-logo-testimonianza-e-impegno-sociale.jpg","width":1200,"height":630,"caption":"Area Testimonianza e Impegno Sociale - Chiesa di Trento"}]}},"_links":{"self":[{"href":"https:\/\/www.diocesitn.it\/area-testimonianza\/wp-json\/wp\/v2\/pages\/9266","targetHints":{"allow":["GET"]}}],"collection":[{"href":"https:\/\/www.diocesitn.it\/area-testimonianza\/wp-json\/wp\/v2\/pages"}],"about":[{"href":"https:\/\/www.diocesitn.it\/area-testimonianza\/wp-json\/wp\/v2\/types\/page"}],"author":[{"embeddable":true,"href":"https:\/\/www.diocesitn.it\/area-testimonianza\/wp-json\/wp\/v2\/users\/4"}],"replies":[{"embeddable":true,"href":"https:\/\/www.diocesitn.it\/area-testimonianza\/wp-json\/wp\/v2\/comments?post=9266"}],"version-history":[{"count":4,"href":"https:\/\/www.diocesitn.it\/area-testimonianza\/wp-json\/wp\/v2\/pages\/9266\/revisions"}],"predecessor-version":[{"id":17760,"href":"https:\/\/www.diocesitn.it\/area-testimonianza\/wp-json\/wp\/v2\/pages\/9266\/revisions\/17760"}],"up":[{"embeddable":true,"href":"https:\/\/www.diocesitn.it\/area-testimonianza\/wp-json\/wp\/v2\/pages\/9299"}],"wp:attachment":[{"href":"https:\/\/www.diocesitn.it\/area-testimonianza\/wp-json\/wp\/v2\/media?parent=9266"}],"curies":[{"name":"wp","href":"https:\/\/api.w.org\/{rel}","templated":true}]}}