{"id":7976,"date":"2020-06-18T16:30:25","date_gmt":"2020-06-18T14:30:25","guid":{"rendered":"https:\/\/www.diocesitn.it\/area-testimonianza\/?page_id=7976"},"modified":"2025-11-20T09:55:03","modified_gmt":"2025-11-20T08:55:03","slug":"emeroteca","status":"publish","type":"page","link":"https:\/\/www.diocesitn.it\/area-testimonianza\/centro-missionario-diocesano\/emeroteca\/","title":{"rendered":"Emeroteca"},"content":{"rendered":"<p>Presso la <a href=\"https:\/\/www.google.it\/maps\/place\/Via+Francesco+Barbacovi,+4,+38122+Trento+TN\/@46.0654031,11.1237615,17z\/data=!3m1!4b1!4m5!3m4!1s0x478276b4863bc987:0xe84a8db7797dd8da!8m2!3d46.0654031!4d11.1259502\" target=\"_blank\" rel=\"noopener noreferrer\">sede <\/a>del <a href=\"https:\/\/www.diocesitn.it\/area-testimonianza\/centro-missionario-diocesano\/#Chi_siamo\" target=\"_blank\" rel=\"noopener noreferrer\">Centro Missionario Diocesano<\/a> \u00e8 presente un&#8217;emeroteca di periodici e riviste di stampo missionario o di controinformazione. Sono disponibili in visione e per alcune testate \u00e8 possibile attivare l\u2019abbonamento presso i nostri uffici.<\/p>\n<p style=\"text-align: left\"><span style=\"color: #993300\"><em>Attenzione: i link in questa pagina sono aggiornati al 2023 quindi alcuni potrebbero essere errati a causa di variazioni sui siti di destinazione.\u00a0<\/em><\/span><\/p>\n<p><strong>Della Diocesi di Trento<\/strong><\/p>\n<ul>\n<li><a href=\"https:\/\/www.vitatrentina.it\/\" target=\"_blank\" rel=\"noopener noreferrer\"><strong>Vita Trentina<\/strong><\/a>: settimanale diocesano d\u2019informazione focalizzato sulla ricerca e selezione di fatti, persone e notizie che interpellano le nostre scelte di vita. Descrizioni, approfondimenti e commenti per creare opinioni, suscitare confronto (anche interno alla Chiesa) e invitare alla partecipazione.<br \/>\nIl settimanale si arricchisce (in forma di inserti periodici) delle riviste storiche che danno voce a diverse realt\u00e0 diocesane fra cui:<\/p>\n<ul>\n<li><a href=\"https:\/\/www.diocesitn.it\/site\/come-amici-la-voce-del-seminario-diocesano-diventa-inserto-di-vita-trentina\/\"><strong>Come amici<\/strong><\/a>: trimestrale del <a href=\"https:\/\/www.diocesitn.it\/seminario\/\" rel=\"noopener\">seminario<\/a>.<\/li>\n<li><a href=\"https:\/\/www.diocesitn.it\/area-testimonianza\/centro-missionario-diocesano\/comunione-e-missione\/\" target=\"_blank\" rel=\"noopener noreferrer\"><strong>Comunione e missione<\/strong><\/a>: mensile di spiritualit\u00e0 missionaria curata dal <a href=\"https:\/\/www.diocesitn.it\/area-testimonianza\/centro-missionario-diocesano\/\">Centro Missionario Diocesano<\/a> di Trento dal 1970.<\/li>\n<li><a href=\"https:\/\/www.diocesitn.it\/area-testimonianza\/2017\/01\/27\/questi-miei-fratelli\/\" target=\"_blank\" rel=\"noopener noreferrer\"><strong>Questi miei fratelli<\/strong><\/a>: trimestrale dell&#8217;<a href=\"https:\/\/www.diocesitn.it\/area-testimonianza\/chi-siamo-area-testimonianza-e-impegno-sociale\/#consultasalute\">opera diocesana pastorale ammalati e pellegrinaggi<\/a>.<\/li>\n<li><a href=\"https:\/\/www.diocesitn.it\/area-testimonianza\/2020\/02\/12\/la-rivista-vivere-insieme-nelle-case-assieme-a-vita-trentina\/\" target=\"_blank\" rel=\"noopener noreferrer\"><strong>Vivere insieme<\/strong><\/a>: trimestrale della <a href=\"https:\/\/www.diocesitn.it\/area-testimonianza\/chi-siamo-area-testimonianza-e-impegno-sociale\/#consultasalute\" target=\"_blank\" rel=\"noopener noreferrer\">Pastorale Pensionati e Anziani<\/a>, attenta al mondo di pensionati e anziani.<\/li>\n<\/ul>\n<\/li>\n<\/ul>\n<p style=\"font-size: 16px\"><strong>Per bambini e ragazzi<\/strong><\/p>\n<ul>\n<li><a href=\"https:\/\/www.piccolomissionario.it\/\" target=\"_blank\" rel=\"noopener noreferrer\"><strong>PM &#8211; Il Piccolo Missionario<\/strong><\/a>: mensile per ragazzi dei\u00a0<a href=\"https:\/\/www.comboniani.org\/\" target=\"_blank\" rel=\"noopener noreferrer\">Missionari Comboniani<\/a> di Verona. Strumento di crescita per tutte e tutti le cittadine e i cittadini di oggi e di domani\u00a0\u00a0ricco di fumetti, racconti, favole, curiosit\u00e0, barzellette, giochi, schede per costruire oggetti o conoscere meglio personaggi maschili e femminili che hanno fatto la storia.<\/li>\n<li><a href=\"https:\/\/www.missioitalia.it\/nome-rivista\/il-ponte-d-oro\/\" target=\"_blank\" rel=\"noopener noreferrer\"><strong>Il Ponte d\u2019oro<\/strong><\/a>: rivista per ragazzi (8-12 anni) innamorati di Ges\u00f9 che vogliono costruire ponti (d\u2019oro!) tra Nord e Sud del mondo. Anche strumento per gli educatori: un modo per sensibilizzare alla mondialit\u00e0 e narrare le avventure dei missionari, testimoni del Vangelo. Realizzata dalla <a href=\"https:\/\/www.missioitalia.it\/\" target=\"_blank\" rel=\"noopener noreferrer\">Fondazione Missio Italia<\/a>.<\/li>\n<li><a href=\"https:\/\/www.internazionale.it\/tag\/internazionale-kids\" target=\"_blank\" rel=\"noopener noreferrer\"><strong>Internazionale Kids<\/strong><\/a>: \u00a0mensile, pubblicato da <a href=\"https:\/\/www.internazionale.it\/\" target=\"_blank\" rel=\"noopener\">Internazionale<\/a>, che pubblica i migliori articoli dei giornali di tutto il mondo per bambine e bambini. Raccoglie giochi, articoli e fumetti per lettori dai 7 ai 13 anni.<\/li>\n<\/ul>\n<p><strong>Per adulti<\/strong><\/p>\n<ul>\n<li><strong><a href=\"https:\/\/www.acav.eu\/it\/category\/comunicazioni\/acav-informa-2\/\" target=\"_blank\" rel=\"noopener noreferrer\">Acav informa<\/a><\/strong>: rivista dell&#8217;<a href=\"http:\/\/www.acav.eu\/it\/\" target=\"_blank\" rel=\"noopener noreferrer\">Associazione Centro Aiuti Volontari<\/a>, un&#8217;organizzazione non governativa che opera in Africa.<\/li>\n<li><strong><a href=\"https:\/\/www.accri.it\/pubblicazioni\/trimestrale\/\" target=\"_blank\" rel=\"noopener noreferrer\">ACCRIinforma<\/a><\/strong>: rivista dell&#8217;<a href=\"https:\/\/www.accri.it\/\" target=\"_blank\" rel=\"noopener noreferrer\">Associazione Cristiana di Cooperazione Internazionale<\/a> per una cultura di solidariet\u00e0 tra i popoli, la sede di Trento \u00e8 sorta nel 1989 per volont\u00e0 del <a href=\"https:\/\/www.diocesitn.it\/area-testimonianza\/centro-missionario-diocesano\/\">Centro Missionario Diocesano<\/a>.<\/li>\n<li><strong><a href=\"https:\/\/www.adista.it\/\" target=\"_blank\" rel=\"noopener noreferrer\">Adista<\/a><\/strong>: settimanale di informazione indipendente su mondo cattolico e realt\u00e0 religiose. Ogni settimana pubblica due fascicoli: uno di <a href=\"https:\/\/www.adista.it\/rivista\/4\" target=\"_blank\" rel=\"noopener\">notizie <\/a>ed un secondo di <a href=\"https:\/\/www.adista.it\/rivista\/2\" target=\"_blank\" rel=\"noopener\">documentazione<\/a> che si alterna ad uno di <a href=\"https:\/\/www.adista.it\/rivista\/5\" target=\"_blank\" rel=\"noopener\">approfondimento e riflessione<\/a>. All&#8217;offerta cartacea \u00e8 affiancato un servizio di informazione quotidiana con il sito <a href=\"https:\/\/www.adista.it\/\" target=\"_blank\" rel=\"noopener\">Adista.it<\/a>.<\/li>\n<li><strong><a href=\"https:\/\/www.africarivista.it\/\" target=\"_blank\" rel=\"noopener noreferrer\">Africa<\/a><\/strong>: bimestrale impegnato a raccontare il continente africano al di l\u00e0 di stereotipi e luoghi comuni, con la collaborazione di alcuni dei migliori reporter e fotografi del panorama internazionale.<\/li>\n<li><a href=\"https:\/\/altreconomia.it\/\" target=\"_blank\" rel=\"noopener noreferrer\"><strong>Altreconomia<\/strong><\/a>: mensile che pubblica inchieste, reportage, interviste e approfondimenti\u00a0sul sistema economico e il suo funzionamento, coniugando rigore, chiarezza e imparzialit\u00e0. Dedica inoltre ampio spazio alle\u00a0economie solidali, ovvero alle attivit\u00e0 imprenditoriali capaci di rispettare diritti, ambiente e benessere, in Italia e nel mondo.<\/li>\n<li><a href=\"https:\/\/www.aifo.it\/periodici\/\" target=\"_blank\" rel=\"noopener noreferrer\"><strong>Amici di Follerau<\/strong><\/a>: mensile dell&#8217;<a href=\"https:\/\/www.aifo.it\/\" target=\"_blank\" rel=\"noopener noreferrer\">Associazione Italiana Amici di Raul Follereau<\/a> (AIFO), un\u2019Organizzazione non Governativa che opera nel campo della Cooperazione Internazionale allo Sviluppo, realizzando iniziative socio-sanitarie per i diritti degli ultimi e per lo sviluppo inclusivo. E&#8217; partner dell\u2019<a href=\"https:\/\/www.who.int\/\" target=\"_blank\" rel=\"noopener noreferrer\">Organizzazione Mondiale della Sanit\u00e0<\/a>.<\/li>\n<li><a href=\"https:\/\/missionariedellaconsolata.org\/andare\/\" target=\"_blank\" rel=\"noopener noreferrer\"><strong>Andare alle genti<\/strong><\/a>: rivista delle <a href=\"https:\/\/www.missionariedellaconsolata.org\/\" target=\"_blank\" rel=\"noopener noreferrer\">Suore Missionarie della Consolata<\/a> che racconta la missione e temi di attualit\u00e0 alla luce della fede e nella prospettiva missionaria.<\/li>\n<li><a href=\"https:\/\/www.missionifrancescanetn.it\/2024-giornalini\/\" target=\"_blank\" rel=\"noopener\"><strong>Associazione Missioni Francescane Trento ODV<\/strong><\/a>: periodico dell&#8217;<a href=\"https:\/\/www.missionifrancescanetn.it\/\" target=\"_blank\" rel=\"noopener\">Associazione laicale<\/a> che aiuta i popoli nei paesi in cui operano i frati minori del Nord Italia.<\/li>\n<li><strong><a href=\"https:\/\/www.azionecattolicatrento.it\/camminiamo-insieme\/\">Camminiamo insieme &#8211; Azione Cattolica<\/a><\/strong>: il mensile dell&#8217;<a href=\"https:\/\/www.azionecattolicatrento.it\/\" target=\"_blank\" rel=\"noopener\">Azione cattolica della Diocesi di Trento<\/a>.<\/li>\n<li><strong><a href=\"https:\/\/fondazionecombonianenelmondo.org\/it\/\" target=\"_blank\" rel=\"noopener\">Comboniane News<\/a><\/strong>: periodico di aggiornamento dei progetti della <a href=\"https:\/\/fondazionecombonianenelmondo.org\/it\/\" target=\"_blank\" rel=\"noopener\">Fondazione Comboniane nel mondo<\/a>.<\/li>\n<li><a href=\"https:\/\/www.donorione.org\/content\/don-orione-oggi\" target=\"_blank\" rel=\"noopener noreferrer\"><strong>Don Orione Oggi<\/strong><\/a>: rivista ufficiale della <a href=\"http:\/\/www.donorione.org\/\" target=\"_blank\" rel=\"noopener noreferrer\">Piccola Opera della Divina Provvidenza di Don Orione<\/a>.<\/li>\n<li><strong><a href=\"https:\/\/www.vsi.it\/fractio-panis\/\" target=\"_blank\" rel=\"noopener noreferrer\">Fractio panis<\/a><\/strong>: bollettino mensile della Cooperativa sulle iniziative promosse, gestite e ospitate a <a href=\"https:\/\/www.vsi.it\/\" target=\"_blank\" rel=\"noopener noreferrer\">Villa S. Ignazio<\/a>.<\/li>\n<li><strong><a href=\"https:\/\/www.cappuccinitriveneto.it\/missioni\/\">Gioia Missio<\/a><\/strong>: bollettino annuale dei Frati Cappuccini del Triveneto.<\/li>\n<li><strong><a href=\"http:\/\/www.centro-peirone.it\/la-nostra-rivista-il-dialogo-al-hiwar\/\" target=\"_blank\" rel=\"noopener noreferrer\">Il dialogo &#8211; Al hivar<\/a><\/strong>: bimestrale del <a href=\"http:\/\/www.centro-peirone.it\/\" target=\"_blank\" rel=\"noopener noreferrer\">Centro Federico Peirone<\/a> attento alla realt\u00e0 plurale e complessa del mondo islamico italiano e internazionale, promuove la conoscenza culturale, teologica, sociale e educativa, allo scopo di favorire una proficua integrazione dei musulmani nella societ\u00e0 italiana e di condividere con i lettori le iniziative di dialogo cristiano islamico in atto.<\/li>\n<li><a href=\"https:\/\/www.internazionale.it\/\" target=\"_blank\" rel=\"noopener noreferrer\"><strong>Internazionale<\/strong><\/a>: \u00a0settimanale che pubblica i migliori articoli dei giornali di tutto il mondo.<\/li>\n<li><strong><a href=\"https:\/\/www.jesuscaritas.it\/wordpress\/?page_id=6339\" target=\"_blank\" rel=\"noopener\">Jesus Caritas<\/a><\/strong>: la rivista espressione della <a href=\"https:\/\/www.jesuscaritas.it\/wordpress\/\" target=\"_blank\" rel=\"noopener\">famiglia spirituale di Charles de Foucauld in Italia<\/a>, nasce nell\u2019ottobre del 1960.<\/li>\n<li><a href=\"https:\/\/ita.calameo.com\/subscriptions\/5609880\" target=\"_blank\" rel=\"noopener noreferrer\"><strong>Joseph<\/strong><\/a>: periodico della famiglia giuseppina marelliana (<a href=\"https:\/\/www.sangiuseppemarello.it\/oblati-san-giuseppe-storia-congregazione--da-fratelli-a-figli-spirituali.html\" target=\"_blank\" rel=\"noopener noreferrer\">Oblate e Oblati di san Giuseppe e Laici Giuseppini Marelliani<\/a>)<\/li>\n<li><a href=\"https:\/\/www.missioitalia.it\/tag\/lanimatore-missionario\/\" target=\"_blank\" rel=\"noopener\"><strong>L&#8217;animatore missionario<\/strong><\/a>: periodico di <a href=\"https:\/\/www.missioitalia.it\/presentazione\/\" target=\"_blank\" rel=\"noopener\">Fondazione missio<\/a> (organismo pastorale della CEI) ricco di contenuti per l&#8217;animazione missionaria.<\/li>\n<li><strong><a href=\"https:\/\/www.latendadicristo.it\/\" target=\"_blank\" rel=\"noopener\">La Tenda di Cristo<\/a><\/strong>: periodico dell&#8217;associazione La Tenda di Cristo<\/li>\n<li><a href=\"https:\/\/www.migrantes.it\/category\/pubblicazioni\/migranti-press-pubblicazioni\/\" target=\"_blank\" rel=\"noopener noreferrer\"><strong>Migranti press<\/strong><\/a>: mensile di informazione e collegamento della <a href=\"https:\/\/www.migrantes.it\/\" target=\"_blank\" rel=\"noopener noreferrer\">Fondazione Migrantes<\/a>.<\/li>\n<li><a href=\"https:\/\/www.suoreminime.com\/it\/rivista\/\" target=\"_blank\" rel=\"noopener noreferrer\"><strong>Minime nella chiesa e nel mondo<\/strong><\/a>: trimestrale di formazione-informazione sulla spiritualit\u00e0 della fondatrice delle <a href=\"https:\/\/www.suoreminime.com\/it\/\" target=\"_blank\" rel=\"noopener noreferrer\">Suore Francescane\u00a0Minime del Sacro Cuore<\/a> ed sui servizi che l\u2019Istituto svolge come risposta alle esigenze del territorio.<\/li>\n<li><a href=\"https:\/\/www.fondazionenigrizia.org\/\" target=\"_blank\" rel=\"noopener noreferrer\"><strong>Missionari comboniani &#8211; azione missionaria<\/strong><\/a>: bollettino dei <a href=\"https:\/\/www.comboniani.org\/\" target=\"_blank\" rel=\"noopener noreferrer\">missionari comboniani<\/a> (pubblicato dalla <a href=\"https:\/\/www.fondazionenigrizia.org\/chi-siamo\/\" target=\"_blank\" rel=\"noopener noreferrer\">Fondazione Nigrizia<\/a>).<\/li>\n<li><a href=\"https:\/\/saveriani.it\/giornale\" target=\"_blank\" rel=\"noopener noreferrer\"><strong>Missionari Saveriani<\/strong><\/a>: mensile di notizie, testimoniane e proposte per gli amici dei missionari.<\/li>\n<li><a href=\"https:\/\/www.saveriane.it\/it\/\" target=\"_blank\" rel=\"noopener noreferrer\"><strong>Missionarie di Maria<\/strong><\/a>: bollettino delle Missionarie saveriane di Maria.<\/li>\n<li><a href=\"https:\/\/www.saveriani.it\/missioneoggi\" target=\"_blank\" rel=\"noopener noreferrer\"><strong>MissioneOggi<\/strong><\/a>: bimestrale di approfondimento e opinione dei missionari <a href=\"https:\/\/saveriani.it\/\" target=\"_blank\" rel=\"noopener noreferrer\">saveriani<\/a>.<\/li>\n<li><a href=\"https:\/\/sfogliabile.rivistamissioniconsolata.it\/index.html\" target=\"_blank\" rel=\"noopener noreferrer\"><strong>Missioni Consolata<\/strong><\/a>: Da 120 anni, rinnovandosi continuamente nella forma e nei contenuti, parla dell\u2019attivit\u00e0 missionaria della Chiesa e dei problemi legati allo sviluppo e alla cultura dei popoli nel Sud del mondo.<\/li>\n<li><strong><a href=\"https:\/\/www.missionifrancescane.fm\/pubblicazioni\/\">Missioni francescane<\/a>:<\/strong> rivista dei quattro centri missionari regionali (Bologna, Genova, Trento e Venezia) che operano a sostegno delle missioni e dei missionari della <a href=\"https:\/\/www.missionifrancescane.fm\/\" target=\"_blank\" rel=\"noopener\">Provincia S. Antonio dei Frati Minori<\/a>.<\/li>\n<li><strong><a href=\"https:\/\/www.calameo.com\/search#search-missioni%20rog\/books\" target=\"_blank\" rel=\"noopener\">Missioni Rog<\/a><\/strong>: periodico di collegamento <a href=\"https:\/\/www.missionirogonlus.org\/sito\/\" target=\"_blank\" rel=\"noopener\">Ufficio Missionario dei Rogazoinisti<\/a>.<\/li>\n<li><strong><a href=\"https:\/\/www.mondoemissione.it\/\" target=\"_blank\" rel=\"noopener noreferrer\">Mondo e Missione<\/a><\/strong>: rivista mensile del Pontificio Istituto Missioni Estere, racconta la Chiesa e la societ\u00e0 di Asia, Africa, America Latina e Oceania attraverso le storie dei missionari.\u00a0Dal 2020 raccoglie anche l&#8217;eredit\u00e0 di\u00a0<em><a href=\"https:\/\/www.mdipime.org\/it\/categoria\/media\/rivista-mdi\/\" target=\"_blank\" rel=\"noopener noreferrer\">Mdi<\/a><\/em>, il mensile delle <a href=\"https:\/\/www.mdipime.org\/it\/\" target=\"_blank\" rel=\"noopener noreferrer\">missionarie dell&#8217;Immacolata<\/a>.<\/li>\n<li><a href=\"http:\/\/www.parrocchiamori.it\/index.php?option=com_content&amp;view=category&amp;layout=blog&amp;id=76&amp;Itemid=57\" target=\"_blank\" rel=\"noopener noreferrer\"><strong>Mori e la sua gente<\/strong><\/a>: bollettino parrocchiale.<\/li>\n<li><a href=\"https:\/\/www.nigrizia.it\/\" target=\"_blank\" rel=\"noopener noreferrer\"><strong>Nigrizia<\/strong><\/a>: rivista principale della <a href=\"https:\/\/www.fondazionenigrizia.org\/chi-siamo\/\" target=\"_blank\" rel=\"noopener noreferrer\">Fondazione Nigrizia<\/a>, tra le pi\u00f9 autorevoli sull\u2019Africa.<\/li>\n<li><a href=\"https:\/\/ummi.it\/informazione-medicina-missioni\/\" target=\"_blank\" rel=\"noopener\"><strong>Oggi nel Mondo &#8211; Salute &amp; Sviluppo<\/strong><\/a>: strumento di collegamento con l&#8217;organismo di cooperazione internazionale <a href=\"https:\/\/ummi.it\/\" target=\"_blank\" rel=\"noopener\">Ummi<\/a>.<\/li>\n<li><a href=\"https:\/\/www.missioitalia.it\/nome-rivista\/popoli-e-missione\/\" target=\"_blank\" rel=\"noopener noreferrer\"><strong>Popoli e Missione<\/strong><\/a>: rivista di <a href=\"https:\/\/www.missioitalia.it\/\" target=\"_blank\" rel=\"noopener noreferrer\">missioItalia<\/a> che\u00a0 d\u00e0 voce alle storie dei missionari in ogni angolo della terra e alle realt\u00e0 geo-politiche del Sud del mondo. L\u2019evangelizzazione nelle periferie diventa Storia del nostro tempo.<\/li>\n<li><strong><a href=\"https:\/\/fondazioneprosa.it\/cosa-facciamo\/pubblicazioni\/\" target=\"_blank\" rel=\"noopener\">PROseguire<\/a><\/strong>: periodico d&#8217;informazione della <a href=\"https:\/\/fondazioneprosa.it\/\" target=\"_blank\" rel=\"noopener\">PRO.SA<\/a> Fondazione per la promozione umana e la salute. Organizzazione legata alla Provincia Lombardo Veneta dei Camilliani.<\/li>\n<li><a href=\"https:\/\/www.scalabriniani.org\/rivista-scalabriniani\/\" target=\"_blank\" rel=\"noopener noreferrer\"><strong>Scalabriniani<\/strong><\/a>: bimestrale che racconta la vita missionaria e il mondo della migrazione da vari punti di vista. Dal 2020 raccoglie anche l&#8217;eredit\u00e0 di <em>l&#8217;Emigrato<\/em> che, fondata nel 1903, \u00e8 stata la prima rivista\u00a0 italiana dedicata al tema delle migrazioni.<\/li>\n<li><strong><a href=\"https:\/\/www.migrantes.it\/category\/pubblicazioni\/servizio-migranti-pubblicazioni\/\" target=\"_blank\" rel=\"noopener noreferrer\">Servizio migranti<\/a><\/strong>: trimestrale di formazione e collegamento della <a href=\"https:\/\/www.migrantes.it\/\" target=\"_blank\" rel=\"noopener noreferrer\">Fondazione Migrantes<\/a>.<\/li>\n<li><a href=\"https:\/\/www.missioniafricane.it\/\"><b>SMA notizie<\/b><\/a>: trimestrale della Societ\u00e0 Missioni Africane.<\/li>\n<li><strong><a href=\"https:\/\/www.trentininelmondo.it\/2-uncategorised\/337-rivista-trentini-nel-mondo\" target=\"_blank\" rel=\"noopener noreferrer\">Trentini nel mondo<\/a><\/strong>: rivista dell&#8217;associazione <a href=\"https:\/\/www.trentininelmondo.it\/\" target=\"_blank\" rel=\"noopener noreferrer\">Trentini nel Mondo<\/a>.<\/li>\n<li><a href=\"https:\/\/suoredonmazza.org\/news-voci-mazziane\/\" target=\"_blank\" rel=\"noopener\"><b>Voci Mazziane<\/b><\/a>: semestrale dell&#8217;<a href=\"https:\/\/suoredonmazza.org\/\" target=\"_blank\" rel=\"noopener\">Istituto di Carit\u00e0 del Sacro Cuore &#8211; Suore di Don Nicola Mazza<\/a>.<\/li>\n<\/ul>\n<p><strong>Testate disponibili solo on line<\/strong><\/p>\n<ul>\n<li><a href=\"https:\/\/www.mediciconlafrica.org\/la-nostra-voce\/libri-e-riviste\/eafrica-libri-e-riviste\/eafrica-archivio-riviste\/\" target=\"_blank\" rel=\"noopener noreferrer\"><strong>\u00e8Africa<\/strong><\/a>: rivista dell&#8217;organizzazione italiana <a href=\"https:\/\/www.mediciconlafrica.org\/\" target=\"_blank\" rel=\"noopener noreferrer\">Medici con l&#8217;Africa Cuam<\/a> che si spende per la promozione e la tutela della salute delle popolazioni africane.<\/li>\n<li><strong><a href=\"https:\/\/www.missioitalia.it\/nome-rivista\/noticum\/\" target=\"_blank\" rel=\"noopener noreferrer\">Noticum<\/a><\/strong><b>: <\/b>il mensile online del <a href=\"https:\/\/www.missioitalia.it\/cum-centro-unitario-per-la-formazione-missionaria\/\" target=\"_blank\" rel=\"noopener noreferrer\">CUM<\/a> (Centro Unitario per la Formazione Missionaria) che d\u00e0 voce ai missionari italiani nel mondo e informa sulla dimensione missionaria della chiesa italiana.<\/li>\n<\/ul>\n<p><strong>Le due grandi realt\u00e0 di stampa missionaria<\/strong><\/p>\n<ul>\n<li style=\"font-size: 16px\"><strong><a href=\"https:\/\/fesmi.wordpress.com\/\" target=\"_blank\" rel=\"noopener noreferrer\">Fesmi<\/a><\/strong>: la federazione della stampa missionaria italiana.<\/li>\n<li style=\"font-size: 16px\"><a href=\"https:\/\/www.emi.it\/\" target=\"_blank\" rel=\"noopener noreferrer\"><strong>Emi<\/strong><\/a>: l&#8217;editrice missionaria italiana.<\/li>\n<\/ul>\n<hr \/>\n<p style=\"text-align: center\"><a href=\"https:\/\/www.diocesitn.it\/area-testimonianza\/centro-missionario-diocesano\">Torna alla pagina generale del Centro Missionario.<\/a><\/p>\n","protected":false},"excerpt":{"rendered":"<p>Presso la sede del Centro Missionario Diocesano \u00e8 presente un&#8217;emeroteca di periodici e riviste di stampo missionario o di controinformazione. Sono disponibili in visione e per alcune testate \u00e8 possibile attivare l\u2019abbonamento presso i nostri<\/p>\n","protected":false},"author":161,"featured_media":0,"parent":6036,"menu_order":0,"comment_status":"closed","ping_status":"closed","template":"","meta":{"footnotes":""},"class_list":["post-7976","page","type-page","status-publish","hentry"],"acf":{"seed-localization-paese-cod":"IT","seed-localization-address":"","seed-localization-citta":"Trento","seed-localization-regione-cod-istat":"04","seed-localization-citta-cod-istat":"022205","seed-localization-localita":"","seed-localization-cap":"","seed-localization-marker-visibility":false,"seed-localization-children-visibility":false,"seed-localization-kml":"","seed-localization-custom-marker":""},"yoast_head":"<!-- This site is optimized with the Yoast SEO Premium plugin v20.2.1 (Yoast SEO v22.2) - https:\/\/yoast.com\/wordpress\/plugins\/seo\/ -->\n<title>Emeroteca \ud83d\udcda<\/title>\n<meta name=\"description\" content=\"L&#039;emeroteca del Centro Misisonario: periodici e riviste di stampo missionario o di controinformazione.\" \/>\n<meta name=\"robots\" content=\"index, follow, max-snippet:-1, max-image-preview:large, max-video-preview:-1\" \/>\n<link rel=\"canonical\" href=\"https:\/\/www.diocesitn.it\/area-testimonianza\/centro-missionario-diocesano\/emeroteca\/\" \/>\n<meta property=\"og:locale\" content=\"it_IT\" \/>\n<meta property=\"og:type\" content=\"article\" \/>\n<meta property=\"og:title\" content=\"Emeroteca\" \/>\n<meta property=\"og:description\" content=\"L&#039;emeroteca del Centro Misisonario: periodici e riviste di stampo missionario o di controinformazione.\" \/>\n<meta property=\"og:url\" content=\"https:\/\/www.diocesitn.it\/area-testimonianza\/centro-missionario-diocesano\/emeroteca\/\" \/>\n<meta property=\"og:site_name\" content=\"Testimonianza e Impegno sociale\" \/>\n<meta property=\"article:modified_time\" content=\"2025-11-20T08:55:03+00:00\" \/>\n<meta property=\"og:image\" content=\"https:\/\/www.diocesitn.it\/area-testimonianza\/wp-content\/uploads\/sites\/37\/2021\/09\/og-logo-testimonianza-e-impegno-sociale.jpg\" \/>\n\t<meta property=\"og:image:width\" content=\"1200\" \/>\n\t<meta property=\"og:image:height\" content=\"630\" \/>\n\t<meta property=\"og:image:type\" content=\"image\/jpeg\" \/>\n<meta name=\"twitter:card\" content=\"summary_large_image\" \/>\n<meta name=\"twitter:label1\" content=\"Tempo di lettura stimato\" \/>\n\t<meta name=\"twitter:data1\" content=\"7 minuti\" \/>\n<script type=\"application\/ld+json\" class=\"yoast-schema-graph\">{\"@context\":\"https:\/\/schema.org\",\"@graph\":[{\"@type\":\"WebPage\",\"@id\":\"https:\/\/www.diocesitn.it\/area-testimonianza\/centro-missionario-diocesano\/emeroteca\/\",\"url\":\"https:\/\/www.diocesitn.it\/area-testimonianza\/centro-missionario-diocesano\/emeroteca\/\",\"name\":\"Emeroteca \ud83d\udcda\",\"isPartOf\":{\"@id\":\"https:\/\/www.diocesitn.it\/area-testimonianza\/#website\"},\"datePublished\":\"2020-06-18T14:30:25+00:00\",\"dateModified\":\"2025-11-20T08:55:03+00:00\",\"description\":\"L'emeroteca del Centro Misisonario: periodici e riviste di stampo missionario o di controinformazione.\",\"breadcrumb\":{\"@id\":\"https:\/\/www.diocesitn.it\/area-testimonianza\/centro-missionario-diocesano\/emeroteca\/#breadcrumb\"},\"inLanguage\":\"it-IT\",\"potentialAction\":[{\"@type\":\"ReadAction\",\"target\":[\"https:\/\/www.diocesitn.it\/area-testimonianza\/centro-missionario-diocesano\/emeroteca\/\"]}]},{\"@type\":\"BreadcrumbList\",\"@id\":\"https:\/\/www.diocesitn.it\/area-testimonianza\/centro-missionario-diocesano\/emeroteca\/#breadcrumb\",\"itemListElement\":[{\"@type\":\"ListItem\",\"position\":1,\"name\":\"Home\",\"item\":\"https:\/\/www.diocesitn.it\/area-testimonianza\/\"},{\"@type\":\"ListItem\",\"position\":2,\"name\":\"Centro Missionario Diocesano\",\"item\":\"https:\/\/www.diocesitn.it\/area-testimonianza\/centro-missionario-diocesano\/\"},{\"@type\":\"ListItem\",\"position\":3,\"name\":\"Emeroteca\"}]},{\"@type\":\"WebSite\",\"@id\":\"https:\/\/www.diocesitn.it\/area-testimonianza\/#website\",\"url\":\"https:\/\/www.diocesitn.it\/area-testimonianza\/\",\"name\":\"Testimonianza e Impegno sociale\",\"description\":\"Chiesa di Trento\",\"publisher\":{\"@id\":\"https:\/\/www.diocesitn.it\/area-testimonianza\/#organization\"},\"potentialAction\":[{\"@type\":\"SearchAction\",\"target\":{\"@type\":\"EntryPoint\",\"urlTemplate\":\"https:\/\/www.diocesitn.it\/area-testimonianza\/?s={search_term_string}\"},\"query-input\":\"required name=search_term_string\"}],\"inLanguage\":\"it-IT\"},{\"@type\":[\"Organization\",\"Place\"],\"@id\":\"https:\/\/www.diocesitn.it\/area-testimonianza\/#organization\",\"name\":\"Area Testimonianza e Impegno Sociale - Chiesa di Trento\",\"url\":\"https:\/\/www.diocesitn.it\/area-testimonianza\/\",\"logo\":{\"@id\":\"https:\/\/www.diocesitn.it\/area-testimonianza\/centro-missionario-diocesano\/emeroteca\/#local-main-organization-logo\"},\"image\":{\"@id\":\"https:\/\/www.diocesitn.it\/area-testimonianza\/centro-missionario-diocesano\/emeroteca\/#local-main-organization-logo\"},\"openingHoursSpecification\":[{\"@type\":\"OpeningHoursSpecification\",\"dayOfWeek\":[\"Monday\",\"Tuesday\",\"Wednesday\",\"Thursday\",\"Friday\",\"Saturday\",\"Sunday\"],\"opens\":\"09:00\",\"closes\":\"17:00\"}]},{\"@type\":\"ImageObject\",\"inLanguage\":\"it-IT\",\"@id\":\"https:\/\/www.diocesitn.it\/area-testimonianza\/centro-missionario-diocesano\/emeroteca\/#local-main-organization-logo\",\"url\":\"https:\/\/www.diocesitn.it\/area-testimonianza\/wp-content\/uploads\/sites\/37\/2021\/09\/og-logo-testimonianza-e-impegno-sociale.jpg\",\"contentUrl\":\"https:\/\/www.diocesitn.it\/area-testimonianza\/wp-content\/uploads\/sites\/37\/2021\/09\/og-logo-testimonianza-e-impegno-sociale.jpg\",\"width\":1200,\"height\":630,\"caption\":\"Area Testimonianza e Impegno Sociale - Chiesa di Trento\"}]}<\/script>\n<!-- \/ Yoast SEO Premium plugin. -->","yoast_head_json":{"title":"Emeroteca \ud83d\udcda","description":"L'emeroteca del Centro Misisonario: periodici e riviste di stampo missionario o di controinformazione.","robots":{"index":"index","follow":"follow","max-snippet":"max-snippet:-1","max-image-preview":"max-image-preview:large","max-video-preview":"max-video-preview:-1"},"canonical":"https:\/\/www.diocesitn.it\/area-testimonianza\/centro-missionario-diocesano\/emeroteca\/","og_locale":"it_IT","og_type":"article","og_title":"Emeroteca","og_description":"L'emeroteca del Centro Misisonario: periodici e riviste di stampo missionario o di controinformazione.","og_url":"https:\/\/www.diocesitn.it\/area-testimonianza\/centro-missionario-diocesano\/emeroteca\/","og_site_name":"Testimonianza e Impegno sociale","article_modified_time":"2025-11-20T08:55:03+00:00","og_image":[{"width":1200,"height":630,"url":"https:\/\/www.diocesitn.it\/area-testimonianza\/wp-content\/uploads\/sites\/37\/2021\/09\/og-logo-testimonianza-e-impegno-sociale.jpg","type":"image\/jpeg"}],"twitter_card":"summary_large_image","twitter_misc":{"Tempo di lettura stimato":"7 minuti"},"schema":{"@context":"https:\/\/schema.org","@graph":[{"@type":"WebPage","@id":"https:\/\/www.diocesitn.it\/area-testimonianza\/centro-missionario-diocesano\/emeroteca\/","url":"https:\/\/www.diocesitn.it\/area-testimonianza\/centro-missionario-diocesano\/emeroteca\/","name":"Emeroteca \ud83d\udcda","isPartOf":{"@id":"https:\/\/www.diocesitn.it\/area-testimonianza\/#website"},"datePublished":"2020-06-18T14:30:25+00:00","dateModified":"2025-11-20T08:55:03+00:00","description":"L'emeroteca del Centro Misisonario: periodici e riviste di stampo missionario o di controinformazione.","breadcrumb":{"@id":"https:\/\/www.diocesitn.it\/area-testimonianza\/centro-missionario-diocesano\/emeroteca\/#breadcrumb"},"inLanguage":"it-IT","potentialAction":[{"@type":"ReadAction","target":["https:\/\/www.diocesitn.it\/area-testimonianza\/centro-missionario-diocesano\/emeroteca\/"]}]},{"@type":"BreadcrumbList","@id":"https:\/\/www.diocesitn.it\/area-testimonianza\/centro-missionario-diocesano\/emeroteca\/#breadcrumb","itemListElement":[{"@type":"ListItem","position":1,"name":"Home","item":"https:\/\/www.diocesitn.it\/area-testimonianza\/"},{"@type":"ListItem","position":2,"name":"Centro Missionario Diocesano","item":"https:\/\/www.diocesitn.it\/area-testimonianza\/centro-missionario-diocesano\/"},{"@type":"ListItem","position":3,"name":"Emeroteca"}]},{"@type":"WebSite","@id":"https:\/\/www.diocesitn.it\/area-testimonianza\/#website","url":"https:\/\/www.diocesitn.it\/area-testimonianza\/","name":"Testimonianza e Impegno sociale","description":"Chiesa di Trento","publisher":{"@id":"https:\/\/www.diocesitn.it\/area-testimonianza\/#organization"},"potentialAction":[{"@type":"SearchAction","target":{"@type":"EntryPoint","urlTemplate":"https:\/\/www.diocesitn.it\/area-testimonianza\/?s={search_term_string}"},"query-input":"required name=search_term_string"}],"inLanguage":"it-IT"},{"@type":["Organization","Place"],"@id":"https:\/\/www.diocesitn.it\/area-testimonianza\/#organization","name":"Area Testimonianza e Impegno Sociale - Chiesa di Trento","url":"https:\/\/www.diocesitn.it\/area-testimonianza\/","logo":{"@id":"https:\/\/www.diocesitn.it\/area-testimonianza\/centro-missionario-diocesano\/emeroteca\/#local-main-organization-logo"},"image":{"@id":"https:\/\/www.diocesitn.it\/area-testimonianza\/centro-missionario-diocesano\/emeroteca\/#local-main-organization-logo"},"openingHoursSpecification":[{"@type":"OpeningHoursSpecification","dayOfWeek":["Monday","Tuesday","Wednesday","Thursday","Friday","Saturday","Sunday"],"opens":"09:00","closes":"17:00"}]},{"@type":"ImageObject","inLanguage":"it-IT","@id":"https:\/\/www.diocesitn.it\/area-testimonianza\/centro-missionario-diocesano\/emeroteca\/#local-main-organization-logo","url":"https:\/\/www.diocesitn.it\/area-testimonianza\/wp-content\/uploads\/sites\/37\/2021\/09\/og-logo-testimonianza-e-impegno-sociale.jpg","contentUrl":"https:\/\/www.diocesitn.it\/area-testimonianza\/wp-content\/uploads\/sites\/37\/2021\/09\/og-logo-testimonianza-e-impegno-sociale.jpg","width":1200,"height":630,"caption":"Area Testimonianza e Impegno Sociale - Chiesa di Trento"}]}},"_links":{"self":[{"href":"https:\/\/www.diocesitn.it\/area-testimonianza\/wp-json\/wp\/v2\/pages\/7976","targetHints":{"allow":["GET"]}}],"collection":[{"href":"https:\/\/www.diocesitn.it\/area-testimonianza\/wp-json\/wp\/v2\/pages"}],"about":[{"href":"https:\/\/www.diocesitn.it\/area-testimonianza\/wp-json\/wp\/v2\/types\/page"}],"author":[{"embeddable":true,"href":"https:\/\/www.diocesitn.it\/area-testimonianza\/wp-json\/wp\/v2\/users\/161"}],"replies":[{"embeddable":true,"href":"https:\/\/www.diocesitn.it\/area-testimonianza\/wp-json\/wp\/v2\/comments?post=7976"}],"version-history":[{"count":4,"href":"https:\/\/www.diocesitn.it\/area-testimonianza\/wp-json\/wp\/v2\/pages\/7976\/revisions"}],"predecessor-version":[{"id":15664,"href":"https:\/\/www.diocesitn.it\/area-testimonianza\/wp-json\/wp\/v2\/pages\/7976\/revisions\/15664"}],"up":[{"embeddable":true,"href":"https:\/\/www.diocesitn.it\/area-testimonianza\/wp-json\/wp\/v2\/pages\/6036"}],"wp:attachment":[{"href":"https:\/\/www.diocesitn.it\/area-testimonianza\/wp-json\/wp\/v2\/media?parent=7976"}],"curies":[{"name":"wp","href":"https:\/\/api.w.org\/{rel}","templated":true}]}}