{"id":6257,"date":"2019-06-04T11:03:00","date_gmt":"2019-06-04T09:03:00","guid":{"rendered":"https:\/\/www.diocesitn.it\/area-testimonianza\/?page_id=6257"},"modified":"2025-11-20T11:29:42","modified_gmt":"2025-11-20T10:29:42","slug":"la-pastorale-delle-migrazioni","status":"publish","type":"page","link":"https:\/\/www.diocesitn.it\/area-testimonianza\/la-pastorale-delle-migrazioni\/","title":{"rendered":"Pastorale delle migrazioni"},"content":{"rendered":"<p><a id=\"indice\"><\/a><strong>INDICE<\/strong><\/p>\n<ul>\n<li><a href=\"#chi_siamo\">chi siamo<\/a><\/li>\n<li><a href=\"#consulta\">consulta e fondazione migrantes<\/a><\/li>\n<li><a href=\"#formazione\">formazione e sensibilizzazione<\/a><\/li>\n<li><a href=\"#appuntamenti\">appuntamenti nell&#8217;anno<\/a><\/li>\n<\/ul>\n<h1><a id=\"chi_siamo\"><\/a>Chi siamo<\/h1>\n<p>Il servizio per la Pastorale delle Migrazioni si occupa principalmente dell\u2019 evangelizzazione del mondo dei migranti ed in particolare la cura pastorale specifica dei cattolici.\u00a0\u00c8 inoltre impegnato a mettere in evidenza i valori positivi della migrazione, a favorire l\u2019accoglienza e la fattiva convivenza con la societ\u00e0 italiana e trentina, l\u2019informazione e la formazione sui temi delle migrazioni. Il servizio opera in stretta collaborazione con le altre forze attive a vario titolo fra i migranti per il bene comune.<\/p>\n<h4><strong>Sede<\/strong><\/h4>\n<p>ufficio: <a href=\"https:\/\/www.google.it\/maps\/search\/curia\/@46.0649518,11.1246091,18.5z?entry=ttu&amp;g_ep=EgoyMDI0MDkwNC4wIKXMDSoASAFQAw%3D%3D\" target=\"_blank\" rel=\"noopener\">Piazza di Fiera, 2 &#8211; Trento<\/a> (piano terra)<br \/>\nmail: <a href=\"mailto:migrantes@diocesitn.it\">migrantes@diocesitn.it<\/a><\/p>\n<h4><strong>Referente<\/strong><\/h4>\n<p>p. Tullio Donati<br \/>\nmail: <a style=\"font-size: inherit;background-color: #ffffff\" href=\"mailto:tulliodonati@diocesitn.it\">tulliodonati@diocesitn.it<\/a><br \/>\n<span style=\"font-size: inherit\">tel. 0461 891109<br \/>\n\u00e8 in ufficio il 2\u00b0 e 4\u00b0 mercoled\u00ec del mese dalle 10 alle 12<\/span><\/p>\n<p style=\"text-align: right\"><a href=\"#indice\">torna su<\/a><\/p>\n<hr \/>\n<h1><a id=\"consulta\"><\/a>Consulta e Fondazione Migrantes<\/h1>\n<h4>Consulta Migrantes<\/h4>\n<p>La Consulta Migrantes \u00e8 costituita da un gruppo di persone rappresentanti di diverse provenienze geografiche, caratterizzate dall&#8217;appartenenza alla fede cristiana. Ad essa possono partecipare anche laici e religiosi che operano con continuit\u00e0 a contatto con gli stranieri in vari ambiti (<a href=\"https:\/\/www.diocesitn.it\/area-testimonianza\/chi-siamo-area-testimonianza-e-impegno-sociale\/#caritas\" target=\"_blank\" rel=\"noopener noreferrer\">Caritas<\/a>, <a href=\"https:\/\/www.diocesitn.it\/area-testimonianza\/centro-missionario-diocesano\/\" target=\"_blank\" rel=\"noopener noreferrer\">Pastorale Missionaria<\/a>, <a href=\"https:\/\/www.diocesitn.it\/fondazione-caritas-diocesana\/\" target=\"_blank\" rel=\"noopener noreferrer\">Fondazione Caritas Diocesana<\/a>, <a href=\"https:\/\/www.diocesitn.it\/area-testimonianza\/chi-siamo-area-testimonianza-e-impegno-sociale\/#ecumenismo\" target=\"_blank\" rel=\"noopener noreferrer\">Ecumenismo<\/a>, esperti in materia di immigrazione\u2026). E\u2019 a supporto della Pastorale delle Migrazioni come strumento di confronto, conoscenza e proposta in particolare per quelle iniziative che coinvolgono le comunit\u00e0 di origine straniera. Si incontra periodicamente per organizzare le celebrazioni e altri momenti specifici nel cammino di fede ecclesiale.<\/p>\n<header class=\"entry-header\">\n<h4 class=\"entry-title-page\">Fondazione Migrantes<\/h4>\n<p class=\"entry-title-page\"><span style=\"color: #000000;font-size: inherit\">La<\/span><a style=\"font-size: inherit;background-color: #ffffff\" href=\"http:\/\/www.migrantes.it\/\" target=\"_blank\" rel=\"noopener noreferrer\"> Fondazione Migrantes<\/a><span style=\"color: #000000;font-size: inherit\"> \u00e8 l&#8217;organismo della <\/span><a style=\"font-size: inherit;background-color: #ffffff\" href=\"https:\/\/www.chiesacattolica.it\/la-conferenza-episcopale-italiana\/\" target=\"_blank\" rel=\"noopener noreferrer\">Conferenza Episcopale Italiana<\/a><span style=\"color: #000000;font-size: inherit\"> che si occupa della pastorale migratoria nei settori di: Emigrazione, Immigrazione, Nomadi, Fieranti e Circensi, Marittimi e Aeroportuali. Alla Fondazione nazionale fa riferimento nelle singole diocesi un centro o ufficio dedicato. Sua missione specifica \u00e8 l&#8217;evangelizzazione del mondo dei migranti ed in particolare la cura pastorale specifica dei cattolici. E\u2019 inoltre impegnata a mettere in evidenza i valori positivi della migrazione, per favorire l&#8217;accoglienza e la fattiva convivenza con la societ\u00e0 autoctona.<\/span><\/p>\n<\/header>\n<p style=\"text-align: right\"><a href=\"#indice\">torna su<\/a><\/p>\n<hr \/>\n<h1><a id=\"formazione\"><\/a>Formazione e sensibilizzazione<\/h1>\n<p>La Pastorale delle Migrazioni \u00e8 attenta a valorizzare e diffondere le positive esperienze di accoglienza, integrazione e dialogo sul territorio, oltre a offrire occasioni di sensibilizzazione e formazione per quanti vogliono approfondire il tema delle migrazioni, dell\u2019accoglienza, della interculturalit\u00e0.<\/p>\n<p>Promuove, in collaborazione con altri servizi diocesani (es. <a href=\"https:\/\/www.diocesitn.it\/area-cultura\/\" target=\"_blank\" rel=\"noopener noreferrer\">Area Cultura<\/a>), percorsi o singoli eventi formativi, conferenze e dibattiti, confronti, approfondimenti e pubblicazioni finalizzati alla crescita nelle comunit\u00e0 di una attenzione e rispetto verso chi arriva da paesi diversi e a favorire un pi\u00f9 ampio orizzonte culturale e umano.<\/p>\n<p style=\"text-align: right\"><a href=\"#indice\">torna su<\/a><\/p>\n<hr \/>\n<h1><a id=\"appuntamenti\"><\/a>Appuntamenti nell&#8217;anno<\/h1>\n<p>La Pastorale delle Migrazioni propone stabilmente alcune iniziative al fine di coinvolgere le comunit\u00e0 straniere di diversa provenienza e di favorire relazione e confronto tra questi popoli e la comunit\u00e0 trentina.<\/p>\n<ul>\n<li>La <strong>Giornata del migrante e del rifugiato<\/strong>, occasione di sensibilizzazione e di ricordo di tutti i migranti che si muovono (e si sono mossi) per trovare un futuro migliore.<\/li>\n<li>Mensilmente si celebra la <strong>messa dei popoli<\/strong>: un momento di celebrazione aperta a tutti in cui sono invitati i gruppi cattolici di immigrati presenti sul territorio.<br \/>\nLa Messa dei Popoli ricorda a coloro che vi prendono parte che le diversit\u00e0 sono elementi di ricchezza per un mondo pieno di fraternit\u00e0. Non si usano lingue e ritmi diversi per il gusto dell\u2019esotico, ma perch\u00e9 oggi la Chiesa \u00e8 anche questo, un popolo composito nelle sue lingue e culture. Un popolo in cui nessuno \u00e8 ospite ma siamo tutti fratelli, parte integrante della comunit\u00e0 ecclesiale.<\/li>\n<li>Ci sono poi altri momenti di incontro e di festa, legati soprattutto alle <strong>festivit\u00e0 e alle tradizioni cristiane.<\/strong><\/li>\n<li>Per una ventina di anni la <strong>Festa dei popoli <\/strong>\u00e8 stata un appuntamento importante e gioioso che intendeva sottolineare l\u2019apporto alla societ\u00e0 trentina di quanti provengono da altri paesi.<\/li>\n<\/ul>\n<p style=\"text-align: right\"><a href=\"#indice\">torna su<\/a><\/p>\n<hr \/>\n<p style=\"text-align: center\"><a href=\"https:\/\/www.diocesitn.it\/area-testimonianza\/home-page\/chi-siamo-area-testimonianza-e-impegno-sociale\/\">Vai a <strong>Chi siamo &#8211; Area Testimonianza e impegno sociale<\/strong><\/a><\/p>\n","protected":false},"excerpt":{"rendered":"<p>INDICE chi siamo consulta e fondazione migrantes formazione e sensibilizzazione appuntamenti nell&#8217;anno Chi siamo Il servizio per la Pastorale delle Migrazioni si occupa principalmente dell\u2019 evangelizzazione del mondo dei migranti ed in particolare la cura<\/p>\n","protected":false},"author":161,"featured_media":0,"parent":0,"menu_order":0,"comment_status":"closed","ping_status":"closed","template":"","meta":{"footnotes":""},"class_list":["post-6257","page","type-page","status-publish","hentry"],"acf":{"seed-localization-paese-cod":"IT","seed-localization-address":"","seed-localization-citta":"Trento","seed-localization-regione-cod-istat":"04","seed-localization-citta-cod-istat":"022205","seed-localization-localita":"","seed-localization-cap":"","seed-localization-marker-visibility":false,"seed-localization-children-visibility":false,"seed-localization-kml":"","seed-localization-custom-marker":""},"yoast_head":"<!-- This site is optimized with the Yoast SEO Premium plugin v20.2.1 (Yoast SEO v22.2) - https:\/\/yoast.com\/wordpress\/plugins\/seo\/ -->\n<title>Pastorale delle migrazioni<\/title>\n<meta name=\"robots\" content=\"index, follow, max-snippet:-1, max-image-preview:large, max-video-preview:-1\" \/>\n<link rel=\"canonical\" href=\"https:\/\/www.diocesitn.it\/area-testimonianza\/la-pastorale-delle-migrazioni\/\" \/>\n<meta property=\"og:locale\" content=\"it_IT\" \/>\n<meta property=\"og:type\" content=\"article\" \/>\n<meta property=\"og:title\" content=\"Pastorale delle migrazioni\" \/>\n<meta property=\"og:description\" content=\"INDICE chi siamo consulta e fondazione migrantes formazione e sensibilizzazione appuntamenti nell&#8217;anno Chi siamo Il servizio per la Pastorale delle Migrazioni si occupa principalmente dell\u2019 evangelizzazione del mondo dei migranti ed in particolare la cura\" \/>\n<meta property=\"og:url\" content=\"https:\/\/www.diocesitn.it\/area-testimonianza\/la-pastorale-delle-migrazioni\/\" \/>\n<meta property=\"og:site_name\" content=\"Testimonianza e Impegno sociale\" \/>\n<meta property=\"article:modified_time\" content=\"2025-11-20T10:29:42+00:00\" \/>\n<meta property=\"og:image\" content=\"https:\/\/www.diocesitn.it\/area-testimonianza\/wp-content\/uploads\/sites\/37\/2021\/09\/og-logo-testimonianza-e-impegno-sociale.jpg\" \/>\n\t<meta property=\"og:image:width\" content=\"1200\" \/>\n\t<meta property=\"og:image:height\" content=\"630\" \/>\n\t<meta property=\"og:image:type\" content=\"image\/jpeg\" \/>\n<meta name=\"twitter:card\" content=\"summary_large_image\" \/>\n<meta name=\"twitter:label1\" content=\"Tempo di lettura stimato\" \/>\n\t<meta name=\"twitter:data1\" content=\"4 minuti\" \/>\n<script type=\"application\/ld+json\" class=\"yoast-schema-graph\">{\"@context\":\"https:\/\/schema.org\",\"@graph\":[{\"@type\":\"WebPage\",\"@id\":\"https:\/\/www.diocesitn.it\/area-testimonianza\/la-pastorale-delle-migrazioni\/\",\"url\":\"https:\/\/www.diocesitn.it\/area-testimonianza\/la-pastorale-delle-migrazioni\/\",\"name\":\"Pastorale delle migrazioni\",\"isPartOf\":{\"@id\":\"https:\/\/www.diocesitn.it\/area-testimonianza\/#website\"},\"datePublished\":\"2019-06-04T09:03:00+00:00\",\"dateModified\":\"2025-11-20T10:29:42+00:00\",\"breadcrumb\":{\"@id\":\"https:\/\/www.diocesitn.it\/area-testimonianza\/la-pastorale-delle-migrazioni\/#breadcrumb\"},\"inLanguage\":\"it-IT\",\"potentialAction\":[{\"@type\":\"ReadAction\",\"target\":[\"https:\/\/www.diocesitn.it\/area-testimonianza\/la-pastorale-delle-migrazioni\/\"]}]},{\"@type\":\"BreadcrumbList\",\"@id\":\"https:\/\/www.diocesitn.it\/area-testimonianza\/la-pastorale-delle-migrazioni\/#breadcrumb\",\"itemListElement\":[{\"@type\":\"ListItem\",\"position\":1,\"name\":\"Home\",\"item\":\"https:\/\/www.diocesitn.it\/area-testimonianza\/\"},{\"@type\":\"ListItem\",\"position\":2,\"name\":\"Pastorale delle migrazioni\"}]},{\"@type\":\"WebSite\",\"@id\":\"https:\/\/www.diocesitn.it\/area-testimonianza\/#website\",\"url\":\"https:\/\/www.diocesitn.it\/area-testimonianza\/\",\"name\":\"Testimonianza e Impegno sociale\",\"description\":\"Chiesa di Trento\",\"publisher\":{\"@id\":\"https:\/\/www.diocesitn.it\/area-testimonianza\/#organization\"},\"potentialAction\":[{\"@type\":\"SearchAction\",\"target\":{\"@type\":\"EntryPoint\",\"urlTemplate\":\"https:\/\/www.diocesitn.it\/area-testimonianza\/?s={search_term_string}\"},\"query-input\":\"required name=search_term_string\"}],\"inLanguage\":\"it-IT\"},{\"@type\":[\"Organization\",\"Place\"],\"@id\":\"https:\/\/www.diocesitn.it\/area-testimonianza\/#organization\",\"name\":\"Area Testimonianza e Impegno Sociale - Chiesa di Trento\",\"url\":\"https:\/\/www.diocesitn.it\/area-testimonianza\/\",\"logo\":{\"@id\":\"https:\/\/www.diocesitn.it\/area-testimonianza\/la-pastorale-delle-migrazioni\/#local-main-organization-logo\"},\"image\":{\"@id\":\"https:\/\/www.diocesitn.it\/area-testimonianza\/la-pastorale-delle-migrazioni\/#local-main-organization-logo\"},\"openingHoursSpecification\":[{\"@type\":\"OpeningHoursSpecification\",\"dayOfWeek\":[\"Monday\",\"Tuesday\",\"Wednesday\",\"Thursday\",\"Friday\",\"Saturday\",\"Sunday\"],\"opens\":\"09:00\",\"closes\":\"17:00\"}]},{\"@type\":\"ImageObject\",\"inLanguage\":\"it-IT\",\"@id\":\"https:\/\/www.diocesitn.it\/area-testimonianza\/la-pastorale-delle-migrazioni\/#local-main-organization-logo\",\"url\":\"https:\/\/www.diocesitn.it\/area-testimonianza\/wp-content\/uploads\/sites\/37\/2021\/09\/og-logo-testimonianza-e-impegno-sociale.jpg\",\"contentUrl\":\"https:\/\/www.diocesitn.it\/area-testimonianza\/wp-content\/uploads\/sites\/37\/2021\/09\/og-logo-testimonianza-e-impegno-sociale.jpg\",\"width\":1200,\"height\":630,\"caption\":\"Area Testimonianza e Impegno Sociale - Chiesa di Trento\"}]}<\/script>\n<!-- \/ Yoast SEO Premium plugin. -->","yoast_head_json":{"title":"Pastorale delle migrazioni","robots":{"index":"index","follow":"follow","max-snippet":"max-snippet:-1","max-image-preview":"max-image-preview:large","max-video-preview":"max-video-preview:-1"},"canonical":"https:\/\/www.diocesitn.it\/area-testimonianza\/la-pastorale-delle-migrazioni\/","og_locale":"it_IT","og_type":"article","og_title":"Pastorale delle migrazioni","og_description":"INDICE chi siamo consulta e fondazione migrantes formazione e sensibilizzazione appuntamenti nell&#8217;anno Chi siamo Il servizio per la Pastorale delle Migrazioni si occupa principalmente dell\u2019 evangelizzazione del mondo dei migranti ed in particolare la cura","og_url":"https:\/\/www.diocesitn.it\/area-testimonianza\/la-pastorale-delle-migrazioni\/","og_site_name":"Testimonianza e Impegno sociale","article_modified_time":"2025-11-20T10:29:42+00:00","og_image":[{"width":1200,"height":630,"url":"https:\/\/www.diocesitn.it\/area-testimonianza\/wp-content\/uploads\/sites\/37\/2021\/09\/og-logo-testimonianza-e-impegno-sociale.jpg","type":"image\/jpeg"}],"twitter_card":"summary_large_image","twitter_misc":{"Tempo di lettura stimato":"4 minuti"},"schema":{"@context":"https:\/\/schema.org","@graph":[{"@type":"WebPage","@id":"https:\/\/www.diocesitn.it\/area-testimonianza\/la-pastorale-delle-migrazioni\/","url":"https:\/\/www.diocesitn.it\/area-testimonianza\/la-pastorale-delle-migrazioni\/","name":"Pastorale delle migrazioni","isPartOf":{"@id":"https:\/\/www.diocesitn.it\/area-testimonianza\/#website"},"datePublished":"2019-06-04T09:03:00+00:00","dateModified":"2025-11-20T10:29:42+00:00","breadcrumb":{"@id":"https:\/\/www.diocesitn.it\/area-testimonianza\/la-pastorale-delle-migrazioni\/#breadcrumb"},"inLanguage":"it-IT","potentialAction":[{"@type":"ReadAction","target":["https:\/\/www.diocesitn.it\/area-testimonianza\/la-pastorale-delle-migrazioni\/"]}]},{"@type":"BreadcrumbList","@id":"https:\/\/www.diocesitn.it\/area-testimonianza\/la-pastorale-delle-migrazioni\/#breadcrumb","itemListElement":[{"@type":"ListItem","position":1,"name":"Home","item":"https:\/\/www.diocesitn.it\/area-testimonianza\/"},{"@type":"ListItem","position":2,"name":"Pastorale delle migrazioni"}]},{"@type":"WebSite","@id":"https:\/\/www.diocesitn.it\/area-testimonianza\/#website","url":"https:\/\/www.diocesitn.it\/area-testimonianza\/","name":"Testimonianza e Impegno sociale","description":"Chiesa di Trento","publisher":{"@id":"https:\/\/www.diocesitn.it\/area-testimonianza\/#organization"},"potentialAction":[{"@type":"SearchAction","target":{"@type":"EntryPoint","urlTemplate":"https:\/\/www.diocesitn.it\/area-testimonianza\/?s={search_term_string}"},"query-input":"required name=search_term_string"}],"inLanguage":"it-IT"},{"@type":["Organization","Place"],"@id":"https:\/\/www.diocesitn.it\/area-testimonianza\/#organization","name":"Area Testimonianza e Impegno Sociale - Chiesa di Trento","url":"https:\/\/www.diocesitn.it\/area-testimonianza\/","logo":{"@id":"https:\/\/www.diocesitn.it\/area-testimonianza\/la-pastorale-delle-migrazioni\/#local-main-organization-logo"},"image":{"@id":"https:\/\/www.diocesitn.it\/area-testimonianza\/la-pastorale-delle-migrazioni\/#local-main-organization-logo"},"openingHoursSpecification":[{"@type":"OpeningHoursSpecification","dayOfWeek":["Monday","Tuesday","Wednesday","Thursday","Friday","Saturday","Sunday"],"opens":"09:00","closes":"17:00"}]},{"@type":"ImageObject","inLanguage":"it-IT","@id":"https:\/\/www.diocesitn.it\/area-testimonianza\/la-pastorale-delle-migrazioni\/#local-main-organization-logo","url":"https:\/\/www.diocesitn.it\/area-testimonianza\/wp-content\/uploads\/sites\/37\/2021\/09\/og-logo-testimonianza-e-impegno-sociale.jpg","contentUrl":"https:\/\/www.diocesitn.it\/area-testimonianza\/wp-content\/uploads\/sites\/37\/2021\/09\/og-logo-testimonianza-e-impegno-sociale.jpg","width":1200,"height":630,"caption":"Area Testimonianza e Impegno Sociale - Chiesa di Trento"}]}},"_links":{"self":[{"href":"https:\/\/www.diocesitn.it\/area-testimonianza\/wp-json\/wp\/v2\/pages\/6257","targetHints":{"allow":["GET"]}}],"collection":[{"href":"https:\/\/www.diocesitn.it\/area-testimonianza\/wp-json\/wp\/v2\/pages"}],"about":[{"href":"https:\/\/www.diocesitn.it\/area-testimonianza\/wp-json\/wp\/v2\/types\/page"}],"author":[{"embeddable":true,"href":"https:\/\/www.diocesitn.it\/area-testimonianza\/wp-json\/wp\/v2\/users\/161"}],"replies":[{"embeddable":true,"href":"https:\/\/www.diocesitn.it\/area-testimonianza\/wp-json\/wp\/v2\/comments?post=6257"}],"version-history":[{"count":4,"href":"https:\/\/www.diocesitn.it\/area-testimonianza\/wp-json\/wp\/v2\/pages\/6257\/revisions"}],"predecessor-version":[{"id":18236,"href":"https:\/\/www.diocesitn.it\/area-testimonianza\/wp-json\/wp\/v2\/pages\/6257\/revisions\/18236"}],"wp:attachment":[{"href":"https:\/\/www.diocesitn.it\/area-testimonianza\/wp-json\/wp\/v2\/media?parent=6257"}],"curies":[{"name":"wp","href":"https:\/\/api.w.org\/{rel}","templated":true}]}}