{"id":6085,"date":"2019-05-10T11:43:07","date_gmt":"2019-05-10T09:43:07","guid":{"rendered":"https:\/\/www.diocesitn.it\/area-testimonianza\/?page_id=6085"},"modified":"2025-08-29T09:27:25","modified_gmt":"2025-08-29T07:27:25","slug":"5x1000-centro-missionario","status":"publish","type":"page","link":"https:\/\/www.diocesitn.it\/area-testimonianza\/centro-missionario-diocesano\/5x1000-centro-missionario\/","title":{"rendered":"5&#215;1000 al Centro Missionario"},"content":{"rendered":"<p>Per alcuni anni l\u2019<a href=\"https:\/\/www.diocesitn.it\/area-testimonianza\/centro-missionario-diocesano\/\">Opera diocesana per la Pastorale Missionaria<\/a> ha beneficiato della generosit\u00e0 di molte persone anche attraverso l\u2019attribuzione del 5&#215;1000 in dichiarazione dei redditi.<\/p>\n<p><span style=\"font-size: inherit\">Vogliamo qui ringraziare tutti coloro che anche attraverso questo piccolo segno hanno collaborato con i missionari a ridare dignit\u00e0 e futuro a molte persone.<\/span><\/p>\n<hr \/>\n<p style=\"text-align: center\"><span style=\"color: #ff0000\"><strong>ATTENZIONE<\/strong><\/span><\/p>\n<p style=\"text-align: center\"><span style=\"color: #ff0000\">Da gennaio 2023 NON \u00e8 pi\u00f9 possibile devolvere\u00a0 il 5&#215;1000 all&#8217;Opera Diocesana Pastorale Missionaria.<\/span><\/p>\n<hr \/>\n<h4>Le opere socio assistenziali che negli anni hanno beneficiato della racconta del 5&#215;1000 devolto al Centro Missionario.<\/h4>\n<h5>2021<\/h5>\n<ul>\n<li><em><strong>Mons. Launay Saturn\u00e9, vescovo di Haiti<\/strong>, <\/em>nel gennaio <strong>2021<\/strong> ha ricevuto l\u2019importo di \u20ac 8.759,24 per far fronte ai bisogni di numerosi ammalati e anziani poveri, che a causa della pandemia da Covid-19 e le relative restrizioni si sono trovati\u00a0 senza cibo, farmaci e beni di prima necessit\u00e0.<\/li>\n<li><strong><em>P. Fausto Beretta <\/em><\/strong>nel gennaio <strong>2021<\/strong> ha ricevuto \u20ac 8.507,04 a sostengo di un gran numero di persone che a Manaus e in altre citt\u00e0 della regione Amazzonica in Brasile, si trovano in condizioni di indigenza a causa della pandemia da Covid-19 e per le restrizioni per la prevenzione. Ha acquistato cibo, medicinali e generi di prima necessit\u00e0.<\/li>\n<\/ul>\n<h5>2020<\/h5>\n<ul>\n<li><strong><em>Scuola professionale &#8220;San Giuseppe&#8221; a Rr\u00ebshen in Albania <\/em><\/strong>alla quale nel marzo <strong>2020<\/strong> sono stati inviati \u20ac 9.370,43 a sostegno del progetto educativo \u201cI giovani e la scuola San Giuseppe: insieme per il futuro dell\u2019Albania\u201d.\u00a0 Il progetto da la possibilit\u00e0 a ragazzi e ragazze provenienti da una realt\u00e0 depressa di un formazione professionale qualificata anche a livello para-universitario come elettrotecnici, meccanici, operatori informatici, termoidraulici, operatori socio-sanitari.<\/li>\n<\/ul>\n<h5>2019<\/h5>\n<ul>\n<li><strong><em>Suore Camilliane <\/em><\/strong>nel settembre <strong>2019<\/strong> hanno ricevuto \u20ac 10.315,87 per la realizzazione di un poliambulatorio per la salute materna-infantile a Zanguera in Togo.\u00a0 Vi si offre assistenza ed educazione sanitaria e alimentare alle mamme per poter far s\u00ec che i bambini nascano e crescano sani.<\/li>\n<\/ul>\n<h5>2018<\/h5>\n<ul>\n<li><em><strong>Paul Bhatti\u00a0\u2013 Missione Shahbaz Bhatti Onlus<\/strong><\/em> nel febbraio\u00a0<strong>2018<\/strong> ha ricevuto \u20ac12.457,50 per il progetto di ristrutturazione dello studentato che ospita studenti universitari poveri e l\u2019orfanatrofio per le bambine in Lahore \u2013 Pakistan.<\/li>\n<\/ul>\n<h5>2017<\/h5>\n<ul>\n<li><strong><em>Alganesc Fessaha<\/em><em>\u00a0<\/em><em>\u2013 Associazione Gandhi<\/em><\/strong> nel gennaio\u00a0<strong>2017<\/strong> ha ricevuto \u20ac 13.732,83 per la costruzione di un\u2019area attrezzata a parco giochi nel campo profughi di Indaguna \u2013 nord Etiopia, dove si trovano oltre 1.600 minori non accompagnati.<\/li>\n<\/ul>\n<h5>2016<\/h5>\n<ul>\n<li><em><strong>Flavio Veronesi<\/strong><\/em> nel febbraio del\u00a0<strong>2016<\/strong> ha ricevuto \u20ac 12.379,32 per l\u2019acquisto di una camionetta per la raccolta di materiale riciclabile. Il servizio \u00e8 svolto dalla comunit\u00e0 Emmaus in Colombia. La comunit\u00e0 ospita e si prende cura di persone tra le pi\u00f9 povere, quali senza tetto, ex tossicodipendenti, handicappati.<\/li>\n<\/ul>\n<h5>2015<\/h5>\n<ul>\n<li><em><strong>Fr. Gabriele Garniga<\/strong> <\/em>a inizio\u00a0<strong>2015<\/strong> ha ricevuto \u20ac 13.675,54 per: alcune borse di studio per studenti bisognosi; la costruzione servizi per disabili; l&#8217;acquisto di computer per l&#8217;insegnamento della lingua inglese e l\u2019organizzazione di corsi gratuiti di sostegno scolastico nelle scuole salesiane in Sri Lanka.<\/li>\n<\/ul>\n<h5>2013<\/h5>\n<ul>\n<li><em><strong>Giancarlo Longone<\/strong> <\/em>nel\u00a0<strong>2013<\/strong> ha ricevuto \u20ac 15.838,46 per continuare le opere di Giuseppe Zencher a Nanyuki in Kenya. In particolare per il Rural Training Centrer e la costruzione della maternit\u00e0.<\/li>\n<\/ul>\n<h5>2012<\/h5>\n<ul>\n<li><strong><em>P. Danilo Rinaldi<\/em><\/strong> nel\u00a0<strong>2012<\/strong> ha ricevuto \u20ac 14.216,70 per l\u2019oratorio dove vengono svolte attivit\u00e0 per i minori in difficolt\u00e0 a Rondonopolis \u2013 MT Brasile.<\/li>\n<\/ul>\n<h5>2011<\/h5>\n<ul>\n<li><strong><em>Fr. Luciano Levri <\/em><\/strong>nel <strong>2011<\/strong> ha ricevuto \u20ac 5.596,89 per il Centro Diurno per bambini Rom a Lezh\u00eb in Albania.<\/li>\n<li><strong><em>Sr. Rosetta Benedetti<\/em><\/strong> nel <strong>2011<\/strong> ha ricevuto \u20ac 5.596,89 per la mensa per gli anziani a Chisinau in Moldova.<\/li>\n<\/ul>\n<hr \/>\n<p style=\"text-align: center\"><a href=\"https:\/\/www.diocesitn.it\/area-testimonianza\/centro-missionario-diocesano\/come-sostenere-le-attivita-della-pastorale-missionaria\/\">Scopri altri modi per sostenere il Centro Missionario.<\/a><\/p>\n","protected":false},"excerpt":{"rendered":"<p>Per alcuni anni l\u2019Opera diocesana per la Pastorale Missionaria ha beneficiato della generosit\u00e0 di molte persone anche attraverso l\u2019attribuzione del 5&#215;1000 in dichiarazione dei redditi. Vogliamo qui ringraziare tutti coloro che anche attraverso questo piccolo<\/p>\n","protected":false},"author":161,"featured_media":0,"parent":6036,"menu_order":0,"comment_status":"closed","ping_status":"closed","template":"","meta":{"footnotes":""},"class_list":["post-6085","page","type-page","status-publish","hentry"],"acf":{"seed-localization-paese-cod":"IT","seed-localization-address":"","seed-localization-citta":"Trento","seed-localization-regione-cod-istat":"04","seed-localization-citta-cod-istat":"022205","seed-localization-localita":"","seed-localization-cap":"","seed-localization-marker-visibility":false,"seed-localization-children-visibility":false,"seed-localization-kml":"","seed-localization-custom-marker":""},"yoast_head":"<!-- This site is optimized with the Yoast SEO Premium plugin v20.2.1 (Yoast SEO v22.2) - https:\/\/yoast.com\/wordpress\/plugins\/seo\/ -->\n<title>5x1000 al Centro Missionario<\/title>\n<meta name=\"description\" content=\"La raccolta del 5x1000 al Centro Missionario Diocesano \u00e8 stata devoluta negli anni a diverse opere socio assistenziali\" \/>\n<meta name=\"robots\" content=\"index, follow, max-snippet:-1, max-image-preview:large, max-video-preview:-1\" \/>\n<link rel=\"canonical\" href=\"https:\/\/www.diocesitn.it\/area-testimonianza\/centro-missionario-diocesano\/5x1000-centro-missionario\/\" \/>\n<meta property=\"og:locale\" content=\"it_IT\" \/>\n<meta property=\"og:type\" content=\"article\" \/>\n<meta property=\"og:title\" content=\"5x1000 al Centro Missionario\" \/>\n<meta property=\"og:description\" content=\"La raccolta del 5x1000 al Centro Missionario Diocesano \u00e8 stata devoluta negli anni a diverse opere socio assistenziali\" \/>\n<meta property=\"og:url\" content=\"https:\/\/www.diocesitn.it\/area-testimonianza\/centro-missionario-diocesano\/5x1000-centro-missionario\/\" \/>\n<meta property=\"og:site_name\" content=\"Testimonianza e Impegno sociale\" \/>\n<meta property=\"article:modified_time\" content=\"2025-08-29T07:27:25+00:00\" \/>\n<meta property=\"og:image\" content=\"https:\/\/www.diocesitn.it\/area-testimonianza\/wp-content\/uploads\/sites\/37\/2021\/09\/og-logo-testimonianza-e-impegno-sociale.jpg\" \/>\n\t<meta property=\"og:image:width\" content=\"1200\" \/>\n\t<meta property=\"og:image:height\" content=\"630\" \/>\n\t<meta property=\"og:image:type\" content=\"image\/jpeg\" \/>\n<meta name=\"twitter:card\" content=\"summary_large_image\" \/>\n<meta name=\"twitter:label1\" content=\"Tempo di lettura stimato\" \/>\n\t<meta name=\"twitter:data1\" content=\"4 minuti\" \/>\n<script type=\"application\/ld+json\" class=\"yoast-schema-graph\">{\"@context\":\"https:\/\/schema.org\",\"@graph\":[{\"@type\":\"WebPage\",\"@id\":\"https:\/\/www.diocesitn.it\/area-testimonianza\/centro-missionario-diocesano\/5x1000-centro-missionario\/\",\"url\":\"https:\/\/www.diocesitn.it\/area-testimonianza\/centro-missionario-diocesano\/5x1000-centro-missionario\/\",\"name\":\"5x1000 al Centro Missionario\",\"isPartOf\":{\"@id\":\"https:\/\/www.diocesitn.it\/area-testimonianza\/#website\"},\"datePublished\":\"2019-05-10T09:43:07+00:00\",\"dateModified\":\"2025-08-29T07:27:25+00:00\",\"description\":\"La raccolta del 5x1000 al Centro Missionario Diocesano \u00e8 stata devoluta negli anni a diverse opere socio assistenziali\",\"breadcrumb\":{\"@id\":\"https:\/\/www.diocesitn.it\/area-testimonianza\/centro-missionario-diocesano\/5x1000-centro-missionario\/#breadcrumb\"},\"inLanguage\":\"it-IT\",\"potentialAction\":[{\"@type\":\"ReadAction\",\"target\":[\"https:\/\/www.diocesitn.it\/area-testimonianza\/centro-missionario-diocesano\/5x1000-centro-missionario\/\"]}]},{\"@type\":\"BreadcrumbList\",\"@id\":\"https:\/\/www.diocesitn.it\/area-testimonianza\/centro-missionario-diocesano\/5x1000-centro-missionario\/#breadcrumb\",\"itemListElement\":[{\"@type\":\"ListItem\",\"position\":1,\"name\":\"Home\",\"item\":\"https:\/\/www.diocesitn.it\/area-testimonianza\/\"},{\"@type\":\"ListItem\",\"position\":2,\"name\":\"Centro Missionario Diocesano\",\"item\":\"https:\/\/www.diocesitn.it\/area-testimonianza\/centro-missionario-diocesano\/\"},{\"@type\":\"ListItem\",\"position\":3,\"name\":\"5&#215;1000 al Centro Missionario\"}]},{\"@type\":\"WebSite\",\"@id\":\"https:\/\/www.diocesitn.it\/area-testimonianza\/#website\",\"url\":\"https:\/\/www.diocesitn.it\/area-testimonianza\/\",\"name\":\"Testimonianza e Impegno sociale\",\"description\":\"Chiesa di Trento\",\"publisher\":{\"@id\":\"https:\/\/www.diocesitn.it\/area-testimonianza\/#organization\"},\"potentialAction\":[{\"@type\":\"SearchAction\",\"target\":{\"@type\":\"EntryPoint\",\"urlTemplate\":\"https:\/\/www.diocesitn.it\/area-testimonianza\/?s={search_term_string}\"},\"query-input\":\"required name=search_term_string\"}],\"inLanguage\":\"it-IT\"},{\"@type\":[\"Organization\",\"Place\"],\"@id\":\"https:\/\/www.diocesitn.it\/area-testimonianza\/#organization\",\"name\":\"Area Testimonianza e Impegno Sociale - Chiesa di Trento\",\"url\":\"https:\/\/www.diocesitn.it\/area-testimonianza\/\",\"logo\":{\"@id\":\"https:\/\/www.diocesitn.it\/area-testimonianza\/centro-missionario-diocesano\/5x1000-centro-missionario\/#local-main-organization-logo\"},\"image\":{\"@id\":\"https:\/\/www.diocesitn.it\/area-testimonianza\/centro-missionario-diocesano\/5x1000-centro-missionario\/#local-main-organization-logo\"},\"openingHoursSpecification\":[{\"@type\":\"OpeningHoursSpecification\",\"dayOfWeek\":[\"Monday\",\"Tuesday\",\"Wednesday\",\"Thursday\",\"Friday\",\"Saturday\",\"Sunday\"],\"opens\":\"09:00\",\"closes\":\"17:00\"}]},{\"@type\":\"ImageObject\",\"inLanguage\":\"it-IT\",\"@id\":\"https:\/\/www.diocesitn.it\/area-testimonianza\/centro-missionario-diocesano\/5x1000-centro-missionario\/#local-main-organization-logo\",\"url\":\"https:\/\/www.diocesitn.it\/area-testimonianza\/wp-content\/uploads\/sites\/37\/2021\/09\/og-logo-testimonianza-e-impegno-sociale.jpg\",\"contentUrl\":\"https:\/\/www.diocesitn.it\/area-testimonianza\/wp-content\/uploads\/sites\/37\/2021\/09\/og-logo-testimonianza-e-impegno-sociale.jpg\",\"width\":1200,\"height\":630,\"caption\":\"Area Testimonianza e Impegno Sociale - Chiesa di Trento\"}]}<\/script>\n<!-- \/ Yoast SEO Premium plugin. -->","yoast_head_json":{"title":"5x1000 al Centro Missionario","description":"La raccolta del 5x1000 al Centro Missionario Diocesano \u00e8 stata devoluta negli anni a diverse opere socio assistenziali","robots":{"index":"index","follow":"follow","max-snippet":"max-snippet:-1","max-image-preview":"max-image-preview:large","max-video-preview":"max-video-preview:-1"},"canonical":"https:\/\/www.diocesitn.it\/area-testimonianza\/centro-missionario-diocesano\/5x1000-centro-missionario\/","og_locale":"it_IT","og_type":"article","og_title":"5x1000 al Centro Missionario","og_description":"La raccolta del 5x1000 al Centro Missionario Diocesano \u00e8 stata devoluta negli anni a diverse opere socio assistenziali","og_url":"https:\/\/www.diocesitn.it\/area-testimonianza\/centro-missionario-diocesano\/5x1000-centro-missionario\/","og_site_name":"Testimonianza e Impegno sociale","article_modified_time":"2025-08-29T07:27:25+00:00","og_image":[{"width":1200,"height":630,"url":"https:\/\/www.diocesitn.it\/area-testimonianza\/wp-content\/uploads\/sites\/37\/2021\/09\/og-logo-testimonianza-e-impegno-sociale.jpg","type":"image\/jpeg"}],"twitter_card":"summary_large_image","twitter_misc":{"Tempo di lettura stimato":"4 minuti"},"schema":{"@context":"https:\/\/schema.org","@graph":[{"@type":"WebPage","@id":"https:\/\/www.diocesitn.it\/area-testimonianza\/centro-missionario-diocesano\/5x1000-centro-missionario\/","url":"https:\/\/www.diocesitn.it\/area-testimonianza\/centro-missionario-diocesano\/5x1000-centro-missionario\/","name":"5x1000 al Centro Missionario","isPartOf":{"@id":"https:\/\/www.diocesitn.it\/area-testimonianza\/#website"},"datePublished":"2019-05-10T09:43:07+00:00","dateModified":"2025-08-29T07:27:25+00:00","description":"La raccolta del 5x1000 al Centro Missionario Diocesano \u00e8 stata devoluta negli anni a diverse opere socio assistenziali","breadcrumb":{"@id":"https:\/\/www.diocesitn.it\/area-testimonianza\/centro-missionario-diocesano\/5x1000-centro-missionario\/#breadcrumb"},"inLanguage":"it-IT","potentialAction":[{"@type":"ReadAction","target":["https:\/\/www.diocesitn.it\/area-testimonianza\/centro-missionario-diocesano\/5x1000-centro-missionario\/"]}]},{"@type":"BreadcrumbList","@id":"https:\/\/www.diocesitn.it\/area-testimonianza\/centro-missionario-diocesano\/5x1000-centro-missionario\/#breadcrumb","itemListElement":[{"@type":"ListItem","position":1,"name":"Home","item":"https:\/\/www.diocesitn.it\/area-testimonianza\/"},{"@type":"ListItem","position":2,"name":"Centro Missionario Diocesano","item":"https:\/\/www.diocesitn.it\/area-testimonianza\/centro-missionario-diocesano\/"},{"@type":"ListItem","position":3,"name":"5&#215;1000 al Centro Missionario"}]},{"@type":"WebSite","@id":"https:\/\/www.diocesitn.it\/area-testimonianza\/#website","url":"https:\/\/www.diocesitn.it\/area-testimonianza\/","name":"Testimonianza e Impegno sociale","description":"Chiesa di Trento","publisher":{"@id":"https:\/\/www.diocesitn.it\/area-testimonianza\/#organization"},"potentialAction":[{"@type":"SearchAction","target":{"@type":"EntryPoint","urlTemplate":"https:\/\/www.diocesitn.it\/area-testimonianza\/?s={search_term_string}"},"query-input":"required name=search_term_string"}],"inLanguage":"it-IT"},{"@type":["Organization","Place"],"@id":"https:\/\/www.diocesitn.it\/area-testimonianza\/#organization","name":"Area Testimonianza e Impegno Sociale - Chiesa di Trento","url":"https:\/\/www.diocesitn.it\/area-testimonianza\/","logo":{"@id":"https:\/\/www.diocesitn.it\/area-testimonianza\/centro-missionario-diocesano\/5x1000-centro-missionario\/#local-main-organization-logo"},"image":{"@id":"https:\/\/www.diocesitn.it\/area-testimonianza\/centro-missionario-diocesano\/5x1000-centro-missionario\/#local-main-organization-logo"},"openingHoursSpecification":[{"@type":"OpeningHoursSpecification","dayOfWeek":["Monday","Tuesday","Wednesday","Thursday","Friday","Saturday","Sunday"],"opens":"09:00","closes":"17:00"}]},{"@type":"ImageObject","inLanguage":"it-IT","@id":"https:\/\/www.diocesitn.it\/area-testimonianza\/centro-missionario-diocesano\/5x1000-centro-missionario\/#local-main-organization-logo","url":"https:\/\/www.diocesitn.it\/area-testimonianza\/wp-content\/uploads\/sites\/37\/2021\/09\/og-logo-testimonianza-e-impegno-sociale.jpg","contentUrl":"https:\/\/www.diocesitn.it\/area-testimonianza\/wp-content\/uploads\/sites\/37\/2021\/09\/og-logo-testimonianza-e-impegno-sociale.jpg","width":1200,"height":630,"caption":"Area Testimonianza e Impegno Sociale - Chiesa di Trento"}]}},"_links":{"self":[{"href":"https:\/\/www.diocesitn.it\/area-testimonianza\/wp-json\/wp\/v2\/pages\/6085","targetHints":{"allow":["GET"]}}],"collection":[{"href":"https:\/\/www.diocesitn.it\/area-testimonianza\/wp-json\/wp\/v2\/pages"}],"about":[{"href":"https:\/\/www.diocesitn.it\/area-testimonianza\/wp-json\/wp\/v2\/types\/page"}],"author":[{"embeddable":true,"href":"https:\/\/www.diocesitn.it\/area-testimonianza\/wp-json\/wp\/v2\/users\/161"}],"replies":[{"embeddable":true,"href":"https:\/\/www.diocesitn.it\/area-testimonianza\/wp-json\/wp\/v2\/comments?post=6085"}],"version-history":[{"count":3,"href":"https:\/\/www.diocesitn.it\/area-testimonianza\/wp-json\/wp\/v2\/pages\/6085\/revisions"}],"predecessor-version":[{"id":18241,"href":"https:\/\/www.diocesitn.it\/area-testimonianza\/wp-json\/wp\/v2\/pages\/6085\/revisions\/18241"}],"up":[{"embeddable":true,"href":"https:\/\/www.diocesitn.it\/area-testimonianza\/wp-json\/wp\/v2\/pages\/6036"}],"wp:attachment":[{"href":"https:\/\/www.diocesitn.it\/area-testimonianza\/wp-json\/wp\/v2\/media?parent=6085"}],"curies":[{"name":"wp","href":"https:\/\/api.w.org\/{rel}","templated":true}]}}