{"id":19310,"date":"2026-01-28T16:26:36","date_gmt":"2026-01-28T15:26:36","guid":{"rendered":"https:\/\/www.diocesitn.it\/area-testimonianza\/?page_id=19310"},"modified":"2026-01-28T16:26:37","modified_gmt":"2026-01-28T15:26:37","slug":"thailandia-locanda","status":"publish","type":"page","link":"https:\/\/www.diocesitn.it\/area-testimonianza\/centro-missionario-diocesano\/progetti-sostenuti-dal-centro-missionario\/thailandia-locanda\/","title":{"rendered":"Thailandia. La Locanda della Felicit\u00e0"},"content":{"rendered":"<div id=\"pl-19310\"  class=\"panel-layout\" ><div id=\"pg-19310-0\"  class=\"panel-grid panel-no-style\" ><div id=\"pgc-19310-0-0\"  class=\"panel-grid-cell\" ><div id=\"panel-19310-0-0-0\" class=\"so-panel widget widget_sow-editor panel-first-child\" data-index=\"0\" ><div class=\"so-rounded panel-widget-style panel-widget-style-for-19310-0-0-0\" ><div\n\t\t\t\n\t\t\tclass=\"so-widget-sow-editor so-widget-sow-editor-base\"\n\t\t\t\n\t\t>\n<div class=\"siteorigin-widget-tinymce textwidget\">\n\t<h3 style=\"text-align: center\"><span style=\"color: #800080\">Accoglienza, formazione e lavoro per bambine e ragazze rifugiate.<\/span><\/h3>\n<\/div>\n<\/div><\/div><\/div><div id=\"panel-19310-0-0-1\" class=\"so-panel widget widget_sow-editor panel-last-child\" data-index=\"1\" ><div\n\t\t\t\n\t\t\tclass=\"so-widget-sow-editor so-widget-sow-editor-base\"\n\t\t\t\n\t\t><h3 class=\"widget-title\">Come contribuire<\/h3>\n<div class=\"siteorigin-widget-tinymce textwidget\">\n\t<p>Per\u00a0<strong>sostenere economicamente<\/strong>\u00a0questo progetto seguire le indicazioni di\u00a0<a href=\"https:\/\/www.diocesitn.it\/area-testimonianza\/centro-missionario-diocesano\/come-sostenere-le-attivita-della-pastorale-missionaria\/\" target=\"_blank\" rel=\"noopener noreferrer\">questa pagina<\/a>.<br \/>\nSegnalare sempre in causale \"<strong>Progetto di punta Thailandia<\/strong>\".<\/p>\n<p>Per la\u00a0<strong>diffusione di informazioni<\/strong>\u00a0riguardo le realt\u00e0 legate a questo progetto il\u00a0<a href=\"https:\/\/www.diocesitn.it\/area-testimonianza\/centro-missionario-diocesano\/#Chi_siamo\" target=\"_blank\" rel=\"noopener noreferrer\">Centro Missionario<\/a>\u00a0\u00e8 a disposizione per fornire materiali e suggerimenti.<\/p>\n<\/div>\n<\/div><\/div><\/div><div id=\"pgc-19310-0-1\"  class=\"panel-grid-cell\" ><div id=\"panel-19310-0-1-0\" class=\"so-panel widget widget_widget_sp_image widget_sp_image panel-first-child panel-last-child\" data-index=\"2\" ><h3 class=\"widget-title\">Fascicolo di presentaizone<\/h3><a href=\"https:\/\/www.diocesitn.it\/area-testimonianza\/wp-content\/uploads\/sites\/37\/2023\/05\/Progetti-di-punta-Thailandia-31.03.2023.pdf\" target=\"_blank\" class=\"widget_sp_image-image-link\" title=\"Fascicolo di presentaizone\"><img loading=\"lazy\" decoding=\"async\" width=\"1748\" height=\"1080\" alt=\"Fascicolo di presentaizone\" class=\"attachment-full\" style=\"max-width: 100%;\" srcset=\"https:\/\/www.diocesitn.it\/area-testimonianza\/wp-content\/uploads\/sites\/37\/2023\/07\/Progetti-di-punta-Thailandia-banner.jpg 1748w, https:\/\/www.diocesitn.it\/area-testimonianza\/wp-content\/uploads\/sites\/37\/2023\/07\/Progetti-di-punta-Thailandia-banner-300x185.jpg 300w, https:\/\/www.diocesitn.it\/area-testimonianza\/wp-content\/uploads\/sites\/37\/2023\/07\/Progetti-di-punta-Thailandia-banner-1024x633.jpg 1024w, https:\/\/www.diocesitn.it\/area-testimonianza\/wp-content\/uploads\/sites\/37\/2023\/07\/Progetti-di-punta-Thailandia-banner-768x475.jpg 768w, https:\/\/www.diocesitn.it\/area-testimonianza\/wp-content\/uploads\/sites\/37\/2023\/07\/Progetti-di-punta-Thailandia-banner-360x222.jpg 360w, https:\/\/www.diocesitn.it\/area-testimonianza\/wp-content\/uploads\/sites\/37\/2023\/07\/Progetti-di-punta-Thailandia-banner-1536x949.jpg 1536w, https:\/\/www.diocesitn.it\/area-testimonianza\/wp-content\/uploads\/sites\/37\/2023\/07\/Progetti-di-punta-Thailandia-banner-800x494.jpg 800w, https:\/\/www.diocesitn.it\/area-testimonianza\/wp-content\/uploads\/sites\/37\/2023\/07\/Progetti-di-punta-Thailandia-banner-1200x741.jpg 1200w, https:\/\/www.diocesitn.it\/area-testimonianza\/wp-content\/uploads\/sites\/37\/2023\/07\/Progetti-di-punta-Thailandia-banner-1320x816.jpg 1320w\" sizes=\"auto, (max-width: 1748px) 100vw, 1748px\" src=\"https:\/\/www.diocesitn.it\/area-testimonianza\/wp-content\/uploads\/sites\/37\/2023\/07\/Progetti-di-punta-Thailandia-banner.jpg\" \/><\/a><div class=\"widget_sp_image-description\" ><p>Scaricabile<br \/>\n(aggiornato al 2023)<\/p>\n<\/div><\/div><\/div><\/div><div id=\"pg-19310-1\"  class=\"panel-grid panel-has-style\" ><div class=\"so-rounded panel-row-style panel-row-style-for-19310-1\" ><div id=\"pgc-19310-1-0\"  class=\"panel-grid-cell\" ><div id=\"panel-19310-1-0-0\" class=\"so-panel widget widget_sow-editor panel-first-child panel-last-child\" data-index=\"3\" ><div\n\t\t\t\n\t\t\tclass=\"so-widget-sow-editor so-widget-sow-editor-base\"\n\t\t\t\n\t\t><h3 class=\"widget-title\">Il progetto in breve<\/h3>\n<div class=\"siteorigin-widget-tinymce textwidget\">\n\t<p>Le suore della Provvidenza a Chiang Sean (nel nord della Thailandia) sono attualmente impegnate con la Casa di Accoglienza e un piccolo centro di formazione per bambine e ragazze rifugiate, provenienti dal Myanmar.<\/p>\n<p>Il Centro di Formazione Provvidenza a Chiang Sean (nel nord della Thailandia) offre:<\/p>\n<ul>\n<li><strong>accoglienza<\/strong>\u00a0<strong>domestica<\/strong>\u00a0e sostegno nella\u00a0<strong>formazione<\/strong>\u00a0a bambine e ragazze orfane o provenienti da famiglie molto disagiate; a rischio tratta; appartenenti alle minoranze tribali; rifugiate, provenienti dal Myanmar.<\/li>\n<li>una\u00a0<strong>scuola materna<\/strong>\u00a0per 50 bambini dei dintorni per agevolare i genitori che lavorano al mercato e nei campi.<\/li>\n<\/ul>\n<p>Il progetto della\u00a0<strong>Locanda della Felicit\u00e0<\/strong>\u00a0prevede la realizzazione di una struttura ampia che possa contenere tutti i servizi utili alle ragazze: dall\u2019accoglienza, alla formazione, alla possibilit\u00e0 di lavoro in un negozio di artigianato e in un ristorante. L\u2019esigenza di uno sbocco lavorativo\u00a0\u00e8 stata manifestata dalle ragazze stesse.<\/p>\n<\/div>\n<\/div><\/div><\/div><div id=\"pgc-19310-1-1\"  class=\"panel-grid-cell\" ><div id=\"panel-19310-1-1-0\" class=\"so-panel widget widget_media_video panel-first-child\" data-index=\"4\" ><h3 class=\"widget-title\">Video intervista<\/h3><div style=\"width:100%;\" class=\"wp-video\"><!--[if lt IE 9]><script>document.createElement('video');<\/script><![endif]-->\n<video class=\"wp-video-shortcode\" id=\"video-19310-1\" preload=\"metadata\" controls=\"controls\"><source type=\"video\/youtube\" src=\"https:\/\/youtu.be\/8un8HSMLqmk?_=1\" \/><a href=\"https:\/\/youtu.be\/8un8HSMLqmk\">https:\/\/youtu.be\/8un8HSMLqmk<\/a><\/video><\/div><\/div><div id=\"panel-19310-1-1-1\" class=\"so-panel widget widget_sow-editor panel-last-child\" data-index=\"5\" ><div\n\t\t\t\n\t\t\tclass=\"so-widget-sow-editor so-widget-sow-editor-base\"\n\t\t\t\n\t\t>\n<div class=\"siteorigin-widget-tinymce textwidget\">\n\t<p style=\"text-align: center\">Questa videointervista<br \/>\ndi aggiornamento del 2022<br \/>\naiuta da una panoramica<br \/>\napprofondita del progetto.<\/p>\n<\/div>\n<\/div><\/div><\/div><div id=\"pgc-19310-1-2\"  class=\"panel-grid-cell\" ><div id=\"panel-19310-1-2-0\" class=\"so-panel widget widget_sow-editor panel-first-child panel-last-child\" data-index=\"6\" ><div\n\t\t\t\n\t\t\tclass=\"so-widget-sow-editor so-widget-sow-editor-base\"\n\t\t\t\n\t\t><h3 class=\"widget-title\">I partner<\/h3>\n<div class=\"siteorigin-widget-tinymce textwidget\">\n\t<h4>I partner in Thailandia<\/h4>\n<ul>\n<li>La\u00a0<strong>Providence Foundation<\/strong>: fondazione thailandese che porter\u00e0 avanti il progetto ne fanno parte: le suore della Provvidenza, alcune persone della zona, il parroco (gesuita).<\/li>\n<li>I\u00a0<strong>Gesuiti<\/strong>\u00a0a Chiang Mai che amministrano la parrocchia dove si trova il centro.<\/li>\n<li>Il<strong>\u00a0Tempio del Pavone<\/strong>: \u00e8 il monastero della zona di Chiang Mai seguito dal monaco Chwat che sostiene attivamente il centro gestito dalle suore della Provvidenza con parte delle offerte raccolte periodicamente al tempio, ma soprattutto assieme alle suore aiuta le bambine a fuggire dalle brutte situazioni in cui si trovano. Inoltre sta costruendo una \u201cSall\u00e0\u201d vicino al Centro delle suore che diventer\u00e0: sala per conferenze ed incontri, punto di incontro per pellegrini e viandanti, punto di preghiera interreligiosa (confessioni diverse possono celebrare i propri riti) e sar\u00e0 a completa disposizione del centro.<\/li>\n<\/ul>\n<\/div>\n<\/div><\/div><\/div><\/div><\/div><div id=\"pg-19310-2\"  class=\"panel-grid panel-no-style\" ><div id=\"pgc-19310-2-0\"  class=\"panel-grid-cell\" ><div id=\"panel-19310-2-0-0\" class=\"so-panel widget widget_sow-accordion panel-first-child panel-last-child\" data-index=\"7\" ><div\n\t\t\t\n\t\t\tclass=\"so-widget-sow-accordion so-widget-sow-accordion-default-046bdd38d635-19310\"\n\t\t\t\n\t\t><h3 class=\"widget-title\">Maggiori dettagli sul progetto<\/h3><div>\n\t<div class=\"sow-accordion\">\n\t\t\t<div class=\"sow-accordion-panel\n\t\t\t\t\"\n\t\t\tdata-anchor-id=\"contesto-sociale-culturale-ed-economico\">\n\t\t\t\t<div class=\"sow-accordion-panel-header-container\" role=\"heading\" aria-level=\"2\">\n\t\t\t\t\t<div class=\"sow-accordion-panel-header\" tabindex=\"0\" role=\"button\" id=\"accordion-label-contesto-sociale-culturale-ed-economico\" aria-controls=\"accordion-content-contesto-sociale-culturale-ed-economico\" aria-expanded=\"false\">\n\t\t\t\t\t\t<div class=\"sow-accordion-title sow-accordion-title-icon-left\">\n\t\t\t\t\t\t\t\t\t\t\t\t\t\tContesto sociale, culturale ed economico\t\t\t\t\t\t\t\t\t\t\t\t\t<\/div>\n\t\t\t\t\t\t<div class=\"sow-accordion-open-close-button\">\n\t\t\t\t\t\t\t<div class=\"sow-accordion-open-button\">\n\t\t\t\t\t\t\t\t<span class=\"sow-icon-ionicons\" data-sow-icon=\"&#xf218;\"\n\t\t \n\t\taria-hidden=\"true\"><\/span>\t\t\t\t\t\t\t<\/div>\n\t\t\t\t\t\t\t<div class=\"sow-accordion-close-button\">\n\t\t\t\t\t\t\t\t<span class=\"sow-icon-ionicons\" data-sow-icon=\"&#xf209;\"\n\t\t \n\t\taria-hidden=\"true\"><\/span>\t\t\t\t\t\t\t<\/div>\n\t\t\t\t\t\t<\/div>\n\t\t\t\t\t<\/div>\n\t\t\t\t<\/div>\n\n\t\t\t<div\n\t\t\t\tclass=\"sow-accordion-panel-content\"\n\t\t\t\trole=\"region\"\n\t\t\t\taria-labelledby=\"accordion-label-contesto-sociale-culturale-ed-economico\"\n\t\t\t\tid=\"accordion-content-contesto-sociale-culturale-ed-economico\"\n\t\t\t\tstyle=\"display: none;\"\t\t\t>\n\t\t\t\t<div class=\"sow-accordion-panel-border\">\n\t\t\t\t\t<h3>Contesto sociale, culturale ed economico<\/h3>\n<p>La realt\u00e0 seguita nel progetto Thailandia \u00e8 situata in un distretto della provincia di Chiang Rai nel nord del Paese. La regione \u00e8 nota da sempre come il\u00a0<strong>triangolo d\u2019oro<\/strong>\u00a0per le coltivazioni di oppio. Inoltre fa parte del cosiddetto\u00a0<strong>quadrilatero del Mekong<\/strong>: un\u2019area estesa tra i territori montuosi di Myanmar, Laos e Vietnam del Nord che, in seguito alle ondate migratorie degli ultimi due secoli, \u00e8 abitato dai popoli della montagna (\u201cchao khao\u201d in lingua Thai).<\/p>\n<p>Questi popoli non raggiungono il mezzo milione di persone, vivono disperse tra le montagne e hanno una suddivisione interna molto complessa, che conta sei trib\u00f9 principali \u2013 Akha, Hmong, Karen, Lahu, Mien, Lisu \u2013 ognuna con una lingua propria, usi e costumi peculiari. A sua volta, ogni etnia si divide in sottogruppi in base a genere, famiglia, rango ed et\u00e0. Negli ultimi decenni queste\u00a0<strong>minoranze etniche<\/strong>\u00a0sono dovute scappare, in particolare da Laos e Myanmar a causa delle persecuzioni subite.<\/p>\n<p>Lo stato riconosce le popolazioni che vivono stabilmente sul suo territorio, ma concede\u00a0<strong>la cittadinanza e i documenti d\u2019identit\u00e0<\/strong>\u00a0ai singoli solo a fronte di una loro richiesta esplicita. A causa della scarsit\u00e0 di informazioni e per la difficolt\u00e0 di spostamento la stragrande maggioranza di queste persone non fa richiesta con l\u2019effetto di non veder riconosciti i propri diritti e non poter usufruire di servizi come l\u2019istruzione e la sanit\u00e0. Parte dei popoli della montagna (fra cui Akha e Karen) sono vincolati dallo stato a risiedere in miseri villaggi da cui non possono uscire. Di questi, coloro che sono nati in Thailandia possono ottenere la cittadinanza solo a fronte di un contratto di lavoro.<\/p>\n\t\t\t\t<\/div>\n\t\t\t<\/div>\n\t\t<\/div>\n\t\t\t<div class=\"sow-accordion-panel\n\t\t\t\t\"\n\t\t\tdata-anchor-id=\"contesto-di-provenienza-di-bambine-e-ragazze-accolte\">\n\t\t\t\t<div class=\"sow-accordion-panel-header-container\" role=\"heading\" aria-level=\"2\">\n\t\t\t\t\t<div class=\"sow-accordion-panel-header\" tabindex=\"0\" role=\"button\" id=\"accordion-label-contesto-di-provenienza-di-bambine-e-ragazze-accolte\" aria-controls=\"accordion-content-contesto-di-provenienza-di-bambine-e-ragazze-accolte\" aria-expanded=\"false\">\n\t\t\t\t\t\t<div class=\"sow-accordion-title sow-accordion-title-icon-left\">\n\t\t\t\t\t\t\t\t\t\t\t\t\t\tContesto di provenienza di bambine e ragazze accolte\t\t\t\t\t\t\t\t\t\t\t\t\t<\/div>\n\t\t\t\t\t\t<div class=\"sow-accordion-open-close-button\">\n\t\t\t\t\t\t\t<div class=\"sow-accordion-open-button\">\n\t\t\t\t\t\t\t\t<span class=\"sow-icon-ionicons\" data-sow-icon=\"&#xf218;\"\n\t\t \n\t\taria-hidden=\"true\"><\/span>\t\t\t\t\t\t\t<\/div>\n\t\t\t\t\t\t\t<div class=\"sow-accordion-close-button\">\n\t\t\t\t\t\t\t\t<span class=\"sow-icon-ionicons\" data-sow-icon=\"&#xf209;\"\n\t\t \n\t\taria-hidden=\"true\"><\/span>\t\t\t\t\t\t\t<\/div>\n\t\t\t\t\t\t<\/div>\n\t\t\t\t\t<\/div>\n\t\t\t\t<\/div>\n\n\t\t\t<div\n\t\t\t\tclass=\"sow-accordion-panel-content\"\n\t\t\t\trole=\"region\"\n\t\t\t\taria-labelledby=\"accordion-label-contesto-di-provenienza-di-bambine-e-ragazze-accolte\"\n\t\t\t\tid=\"accordion-content-contesto-di-provenienza-di-bambine-e-ragazze-accolte\"\n\t\t\t\tstyle=\"display: none;\"\t\t\t>\n\t\t\t\t<div class=\"sow-accordion-panel-border\">\n\t\t\t\t\t<h3>Contesto di provenienza di bambine e ragazze accolte<\/h3>\n<p>Le suore della Provvidenza accolgono un gruppo di ragazze con storie difficili alle spalle, con l\u2019obiettivo di dare loro un futuro migliore e una speranza per una vita dignitosa. Le ragazze vengono da contesti diversi:<\/p>\n<ul>\n<li><strong>Ragazze provenienti dai campi profughi e dalle minoranze etniche<\/strong>, anche cristiane, tolte da situazioni di persecuzione e dalla tratta della prostituzione. Sono minorenni salvate dalla strada dove erano costrette a prostituirsi per soddisfare le richieste del turismo sessuale praticato da molti occidentali.<\/li>\n<li><strong>Ragazze della trib\u00f9 Akha<\/strong>, provenienti dalla Birmania. Il popolo Akha \u00e8 una minoranza cattolica di origine cinese perseguitata in Birmania, Laos e Thailandia. Le ragazze pi\u00f9 dotate vengono seguite e supportate nella carriera scolastica, anche economicamente, mentre per le altre si trova un impiego.<\/li>\n<li><strong>Bambine provenienti dai cosiddetti villaggi \u201cgiraffa\u201d<\/strong>\u00a0o \u201czoo\u201d. Queste bambine, vengono comprate in Birmania e portate in Thailandia dove subiscono l\u2019applicazione degli anelli per renderle attrazioni turistiche. Questa pratica non ha origini tradizionali ma \u00e8 nata con l\u2019unico scopo di attirare turisti. L\u2019utilizzo degli anelli sul corpo (principalmente collo, braccia e gambe) crea importanti problemi fisici: una deformazione permanente della clavicola e della colonna vertebrale e l\u2019indebolimento dei muscoli del collo fino a renderli incapaci di sorreggere la testa. Togliendo gli anelli prima dei cinque anni d\u2019et\u00e0 il fisico delle bambine riesce a tornare quasi normale, se si aspetta troppo i danni risultano permanenti. Queste bambine sono considerate apolidi, quindi senza stato d\u2019origine, e sono senza documenti.<\/li>\n<\/ul>\n\t\t\t\t<\/div>\n\t\t\t<\/div>\n\t\t<\/div>\n\t\t\t<div class=\"sow-accordion-panel\n\t\t\t\t\"\n\t\t\tdata-anchor-id=\"maggiori-dettagli-sul-progetto\">\n\t\t\t\t<div class=\"sow-accordion-panel-header-container\" role=\"heading\" aria-level=\"2\">\n\t\t\t\t\t<div class=\"sow-accordion-panel-header\" tabindex=\"0\" role=\"button\" id=\"accordion-label-maggiori-dettagli-sul-progetto\" aria-controls=\"accordion-content-maggiori-dettagli-sul-progetto\" aria-expanded=\"false\">\n\t\t\t\t\t\t<div class=\"sow-accordion-title sow-accordion-title-icon-left\">\n\t\t\t\t\t\t\t\t\t\t\t\t\t\tMaggiori dettagli sul progetto\t\t\t\t\t\t\t\t\t\t\t\t\t<\/div>\n\t\t\t\t\t\t<div class=\"sow-accordion-open-close-button\">\n\t\t\t\t\t\t\t<div class=\"sow-accordion-open-button\">\n\t\t\t\t\t\t\t\t<span class=\"sow-icon-ionicons\" data-sow-icon=\"&#xf218;\"\n\t\t \n\t\taria-hidden=\"true\"><\/span>\t\t\t\t\t\t\t<\/div>\n\t\t\t\t\t\t\t<div class=\"sow-accordion-close-button\">\n\t\t\t\t\t\t\t\t<span class=\"sow-icon-ionicons\" data-sow-icon=\"&#xf209;\"\n\t\t \n\t\taria-hidden=\"true\"><\/span>\t\t\t\t\t\t\t<\/div>\n\t\t\t\t\t\t<\/div>\n\t\t\t\t\t<\/div>\n\t\t\t\t<\/div>\n\n\t\t\t<div\n\t\t\t\tclass=\"sow-accordion-panel-content\"\n\t\t\t\trole=\"region\"\n\t\t\t\taria-labelledby=\"accordion-label-maggiori-dettagli-sul-progetto\"\n\t\t\t\tid=\"accordion-content-maggiori-dettagli-sul-progetto\"\n\t\t\t\tstyle=\"display: none;\"\t\t\t>\n\t\t\t\t<div class=\"sow-accordion-panel-border\">\n\t\t\t\t\t<h3>Maggiori dettagli sul progetto<\/h3>\n<p>Il progetto delle suore della Provvidenza a Chiang Mai che hanno gi\u00e0 un\u00a0<strong>centro di accoglienza<\/strong>\u00a0per ragazze, era quello di ristrutturare un edificio gi\u00e0 esistente per creare un centro di formazione che avrebbe aiutato le ragazze ad avere un impiego ed ottenere cos\u00ec i documenti per vivere da persone libere in Thailandia. Visto che la ristrutturazione si \u00e8 dimostrata molto onerosa sia in termini di costi che per la complessit\u00e0 dei lavori si \u00e8 preferito ridimensionare il progetto: si \u00e8 pensato all\u2019<strong>acquisto di un terreno<\/strong>\u00a0vicino al centro di accoglienza che ospita gi\u00e0 60 ragazze e dove \u00e8 attiva una scuola materna per 50 bambine. L\u2019et\u00e0 delle bambine salvate dal centro \u00e8 sempre pi\u00f9 bassa e quindi c\u2019era la necessit\u00e0 di un luogo adatto a loro.<\/p>\n<p>La struttura che verr\u00e0 costruita avr\u00e0 dimensioni pi\u00f9 piccole ma rimarr\u00e0 un centro di\u00a0<strong>formazione professionale<\/strong>\u00a0nell\u2019ambito del settore alberghiero\/turistico, artigianale, della panificazione e una scuola di fisioterapia per le ragazze che gi\u00e0 seguono questi corsi.\u00a0Nel tempo il centro verr\u00e0 aperto ad un maggior numero di ragazze, in particolare quelle che rischiano di entrare nella tratta, quelle che provengono dai vicini campi profughi del Myanmar e quelle delle minoranze tribali delle montagne; ovviamente la formazione sar\u00e0 aperta anche a ragazze e ragazzi thailandesi meno abbienti.<\/p>\n<p>Il progetto ha come\u00a0<strong>obiettivo principale<\/strong>\u00a0quello di dare a queste ragazze un\u2019<strong>identit\u00e0<\/strong>, aiutarle a crearsi un\u00a0<strong>futuro<\/strong>\u00a0e permettere loro di\u00a0<strong>autosostenersi<\/strong>, sfruttando anche il turismo \u201csano\u201d in Thailandia. Si prevede di partire con le ragazze, che studieranno e lavoreranno nella parte \u201calberghiera\u201d e con la formazione per il centro di fisioterapia dando opportunit\u00e0 a circa sessanta di loro.<\/p>\n\t\t\t\t<\/div>\n\t\t\t<\/div>\n\t\t<\/div>\n\t\t<\/div>\n<\/div>\n<\/div><\/div><\/div><div id=\"pgc-19310-2-1\"  class=\"panel-grid-cell\" ><div id=\"panel-19310-2-1-0\" class=\"so-panel widget widget_sow-accordion panel-first-child panel-last-child\" data-index=\"8\" ><div\n\t\t\t\n\t\t\tclass=\"so-widget-sow-accordion so-widget-sow-accordion-default-046bdd38d635-19310\"\n\t\t\t\n\t\t><h3 class=\"widget-title\">Aggiornamenti<\/h3><div>\n\t<div class=\"sow-accordion\">\n\t\t\t<div class=\"sow-accordion-panel\n\t\t\t\t\"\n\t\t\tdata-anchor-id=\"2025-comincia-la-costruzione-del-complesso\">\n\t\t\t\t<div class=\"sow-accordion-panel-header-container\" role=\"heading\" aria-level=\"2\">\n\t\t\t\t\t<div class=\"sow-accordion-panel-header\" tabindex=\"0\" role=\"button\" id=\"accordion-label-2025-comincia-la-costruzione-del-complesso\" aria-controls=\"accordion-content-2025-comincia-la-costruzione-del-complesso\" aria-expanded=\"false\">\n\t\t\t\t\t\t<div class=\"sow-accordion-title sow-accordion-title-icon-left\">\n\t\t\t\t\t\t\t\t\t\t\t\t\t\t2025 - Comincia la costruzione del complesso\t\t\t\t\t\t\t\t\t\t\t\t\t<\/div>\n\t\t\t\t\t\t<div class=\"sow-accordion-open-close-button\">\n\t\t\t\t\t\t\t<div class=\"sow-accordion-open-button\">\n\t\t\t\t\t\t\t\t<span class=\"sow-icon-ionicons\" data-sow-icon=\"&#xf218;\"\n\t\t \n\t\taria-hidden=\"true\"><\/span>\t\t\t\t\t\t\t<\/div>\n\t\t\t\t\t\t\t<div class=\"sow-accordion-close-button\">\n\t\t\t\t\t\t\t\t<span class=\"sow-icon-ionicons\" data-sow-icon=\"&#xf209;\"\n\t\t \n\t\taria-hidden=\"true\"><\/span>\t\t\t\t\t\t\t<\/div>\n\t\t\t\t\t\t<\/div>\n\t\t\t\t\t<\/div>\n\t\t\t\t<\/div>\n\n\t\t\t<div\n\t\t\t\tclass=\"sow-accordion-panel-content\"\n\t\t\t\trole=\"region\"\n\t\t\t\taria-labelledby=\"accordion-label-2025-comincia-la-costruzione-del-complesso\"\n\t\t\t\tid=\"accordion-content-2025-comincia-la-costruzione-del-complesso\"\n\t\t\t\tstyle=\"display: none;\"\t\t\t>\n\t\t\t\t<div class=\"sow-accordion-panel-border\">\n\t\t\t\t\t<h5><strong>Comincia la costruzione del complesso<\/strong><\/h5>\n<p>Sono finalmente iniziati i lavori di costruzione della struttura.<\/p>\n<p style=\"padding-left: 40px\"><em>Con grande gioia vi comunichiamo che abbiamo iniziato la costruzione della Locanda della Felicit\u00e0. La prima fase comprende la realizzazione della casa che accoglier\u00e0 30 ragazze, insieme ai lavori per l\u2019orto e il giardino biologico, parte integrante dello sviluppo del progetto.<\/em><\/p>\n<p style=\"padding-left: 40px\"><em>Con gratitudine profonda vi ringraziamo per la fiducia e il sostegno che ci state offrendo. Ogni vostro gesto rende possibile trasformare un sogno in realt\u00e0 e donare alle ragazze un futuro di dignit\u00e0, speranza e felicit\u00e0. La Locanda della Felicit\u00e0 non \u00e8 soltanto un edificio, ma un segno concreto di amore e di solidariet\u00e0 che porter\u00e0 frutti per generazioni.<\/em><\/p>\n<p style=\"padding-left: 40px\"><em>sr. Jandira e sorelle<\/em><\/p>\n<hr \/>\n<h5>La coltivazione del caff\u00e8<\/h5>\n<p>Nell\u2019attesa del nulla osta alla costruzione era iniziata la coltivazione del caff\u00e8 che prosegue con soddisfazione.<\/p>\n<div id=\"psgal_19075_1\" class=\"ps-gallery psgal gallery-columns-3 gallery-size-thumbnail\">\n<figure class=\"msnry_item\"><a class=\"post-thumbnail-image-link container-fixed-aspect-ratio__16-9\" href=\"https:\/\/www.diocesitn.it\/area-testimonianza\/wp-content\/uploads\/sites\/37\/2026\/01\/Immagine-WhatsApp-2025-07-24-ore-08.01.57_54b5b5b1-768x1024.jpg\" data-pswp-width=\"768\" data-pswp-height=\"1024\" data-cropped=\"true\" data-caption=\"\"><img decoding=\"async\" src=\"https:\/\/www.diocesitn.it\/area-testimonianza\/wp-content\/uploads\/sites\/37\/2026\/01\/Immagine-WhatsApp-2025-07-24-ore-08.01.57_54b5b5b1-225x300.jpg\" alt=\"\" \/><\/a><\/figure>\n<figure class=\"msnry_item\"><a class=\"post-thumbnail-image-link container-fixed-aspect-ratio__16-9\" href=\"https:\/\/www.diocesitn.it\/area-testimonianza\/wp-content\/uploads\/sites\/37\/2026\/01\/Immagine-WhatsApp-2025-07-24-ore-08.01.57_7b552ff8-768x1024.jpg\" data-pswp-width=\"768\" data-pswp-height=\"1024\" data-cropped=\"true\" data-caption=\"\"><img decoding=\"async\" src=\"https:\/\/www.diocesitn.it\/area-testimonianza\/wp-content\/uploads\/sites\/37\/2026\/01\/Immagine-WhatsApp-2025-07-24-ore-08.01.57_7b552ff8-225x300.jpg\" alt=\"\" \/><\/a><\/figure>\n<figure class=\"msnry_item\"><a class=\"post-thumbnail-image-link container-fixed-aspect-ratio__16-9\" href=\"https:\/\/www.diocesitn.it\/area-testimonianza\/wp-content\/uploads\/sites\/37\/2026\/01\/Immagine-WhatsApp-2025-07-24-ore-08.01.56_a01ec828-768x1024.jpg\" data-pswp-width=\"768\" data-pswp-height=\"1024\" data-cropped=\"true\" data-caption=\"\"><img decoding=\"async\" src=\"https:\/\/www.diocesitn.it\/area-testimonianza\/wp-content\/uploads\/sites\/37\/2026\/01\/Immagine-WhatsApp-2025-07-24-ore-08.01.56_a01ec828-225x300.jpg\" alt=\"\" \/><\/a><\/figure>\n<figure class=\"msnry_item\"><a class=\"post-thumbnail-image-link container-fixed-aspect-ratio__16-9\" href=\"https:\/\/www.diocesitn.it\/area-testimonianza\/wp-content\/uploads\/sites\/37\/2026\/01\/Immagine-WhatsApp-2025-07-24-ore-08.01.57_ded11a2d-768x1024.jpg\" data-pswp-width=\"768\" data-pswp-height=\"1024\" data-cropped=\"true\" data-caption=\"\"><img decoding=\"async\" src=\"https:\/\/www.diocesitn.it\/area-testimonianza\/wp-content\/uploads\/sites\/37\/2026\/01\/Immagine-WhatsApp-2025-07-24-ore-08.01.57_ded11a2d-225x300.jpg\" alt=\"\" \/><\/a><\/figure>\n<figure class=\"msnry_item\"><a class=\"post-thumbnail-image-link container-fixed-aspect-ratio__16-9\" href=\"https:\/\/www.diocesitn.it\/area-testimonianza\/wp-content\/uploads\/sites\/37\/2026\/01\/Immagine-WhatsApp-2025-07-24-ore-08.01.57_51fb36dc-768x1024.jpg\" data-pswp-width=\"768\" data-pswp-height=\"1024\" data-cropped=\"true\" data-caption=\"\"><img decoding=\"async\" src=\"https:\/\/www.diocesitn.it\/area-testimonianza\/wp-content\/uploads\/sites\/37\/2026\/01\/Immagine-WhatsApp-2025-07-24-ore-08.01.57_51fb36dc-225x300.jpg\" alt=\"\" \/><\/a><\/figure>\n<figure class=\"msnry_item\"><a class=\"post-thumbnail-image-link container-fixed-aspect-ratio__16-9\" href=\"https:\/\/www.diocesitn.it\/area-testimonianza\/wp-content\/uploads\/sites\/37\/2026\/01\/Immagine-WhatsApp-2025-07-24-ore-08.01.57_9525c869-1024x768.jpg\" data-pswp-width=\"1024\" data-pswp-height=\"768\" data-cropped=\"true\" data-caption=\"\"><img decoding=\"async\" src=\"https:\/\/www.diocesitn.it\/area-testimonianza\/wp-content\/uploads\/sites\/37\/2026\/01\/Immagine-WhatsApp-2025-07-24-ore-08.01.57_9525c869-300x225.jpg\" alt=\"\" \/><\/a><\/figure>\n<figure class=\"msnry_item\"><a class=\"post-thumbnail-image-link container-fixed-aspect-ratio__16-9\" href=\"https:\/\/www.diocesitn.it\/area-testimonianza\/wp-content\/uploads\/sites\/37\/2026\/01\/Immagine-WhatsApp-2025-07-24-ore-08.01.57_25dda5aa-1024x768.jpg\" data-pswp-width=\"1024\" data-pswp-height=\"768\" data-cropped=\"true\" data-caption=\"\"><img decoding=\"async\" src=\"https:\/\/www.diocesitn.it\/area-testimonianza\/wp-content\/uploads\/sites\/37\/2026\/01\/Immagine-WhatsApp-2025-07-24-ore-08.01.57_25dda5aa-300x225.jpg\" alt=\"\" \/><\/a><\/figure>\n<figure class=\"msnry_item\"><a class=\"post-thumbnail-image-link container-fixed-aspect-ratio__16-9\" href=\"https:\/\/www.diocesitn.it\/area-testimonianza\/wp-content\/uploads\/sites\/37\/2026\/01\/Immagine-WhatsApp-2025-07-24-ore-08.01.57_4be1ab6b-1024x768.jpg\" data-pswp-width=\"1024\" data-pswp-height=\"768\" data-cropped=\"true\" data-caption=\"\"><img decoding=\"async\" src=\"https:\/\/www.diocesitn.it\/area-testimonianza\/wp-content\/uploads\/sites\/37\/2026\/01\/Immagine-WhatsApp-2025-07-24-ore-08.01.57_4be1ab6b-300x225.jpg\" alt=\"\" \/><\/a><\/figure>\n<figure class=\"msnry_item\"><a class=\"post-thumbnail-image-link container-fixed-aspect-ratio__16-9\" href=\"https:\/\/www.diocesitn.it\/area-testimonianza\/wp-content\/uploads\/sites\/37\/2026\/01\/Immagine-WhatsApp-2025-07-24-ore-08.01.56_204b135b-1024x768.jpg\" data-pswp-width=\"1024\" data-pswp-height=\"768\" data-cropped=\"true\" data-caption=\"\"><img decoding=\"async\" src=\"https:\/\/www.diocesitn.it\/area-testimonianza\/wp-content\/uploads\/sites\/37\/2026\/01\/Immagine-WhatsApp-2025-07-24-ore-08.01.56_204b135b-300x225.jpg\" alt=\"\" \/><\/a><\/figure>\n<figure class=\"msnry_item\"><a class=\"post-thumbnail-image-link container-fixed-aspect-ratio__16-9\" href=\"https:\/\/www.diocesitn.it\/area-testimonianza\/wp-content\/uploads\/sites\/37\/2026\/01\/Immagine-WhatsApp-2025-07-24-ore-08.01.56_4a936e23-1024x768.jpg\" data-pswp-width=\"1024\" data-pswp-height=\"768\" data-cropped=\"true\" data-caption=\"\"><img decoding=\"async\" src=\"https:\/\/www.diocesitn.it\/area-testimonianza\/wp-content\/uploads\/sites\/37\/2026\/01\/Immagine-WhatsApp-2025-07-24-ore-08.01.56_4a936e23-300x225.jpg\" alt=\"\" \/><\/a><\/figure>\n<figure class=\"msnry_item\"><a class=\"post-thumbnail-image-link container-fixed-aspect-ratio__16-9\" href=\"https:\/\/www.diocesitn.it\/area-testimonianza\/wp-content\/uploads\/sites\/37\/2026\/01\/Immagine-WhatsApp-2025-07-24-ore-08.01.56_1ff9f066-1024x457.jpg\" data-pswp-width=\"1024\" data-pswp-height=\"457\" data-cropped=\"true\" data-caption=\"\"><img decoding=\"async\" src=\"https:\/\/www.diocesitn.it\/area-testimonianza\/wp-content\/uploads\/sites\/37\/2026\/01\/Immagine-WhatsApp-2025-07-24-ore-08.01.56_1ff9f066-300x134.jpg\" alt=\"\" \/><\/a><\/figure>\n<figure class=\"msnry_item\"><a class=\"post-thumbnail-image-link container-fixed-aspect-ratio__16-9\" href=\"https:\/\/www.diocesitn.it\/area-testimonianza\/wp-content\/uploads\/sites\/37\/2026\/01\/Immagine-WhatsApp-2025-07-24-ore-08.01.56_0cc87b35-1024x768.jpg\" data-pswp-width=\"1024\" data-pswp-height=\"768\" data-cropped=\"true\" data-caption=\"\"><img decoding=\"async\" src=\"https:\/\/www.diocesitn.it\/area-testimonianza\/wp-content\/uploads\/sites\/37\/2026\/01\/Immagine-WhatsApp-2025-07-24-ore-08.01.56_0cc87b35-300x225.jpg\" alt=\"\" \/><\/a><\/figure>\n<figure class=\"msnry_item\"><a class=\"post-thumbnail-image-link container-fixed-aspect-ratio__16-9\" href=\"https:\/\/www.diocesitn.it\/area-testimonianza\/wp-content\/uploads\/sites\/37\/2026\/01\/Immagine-WhatsApp-2025-07-24-ore-08.02.40_c63ee561.jpg\" data-pswp-width=\"754\" data-pswp-height=\"668\" data-cropped=\"true\" data-caption=\"\"><img decoding=\"async\" src=\"https:\/\/www.diocesitn.it\/area-testimonianza\/wp-content\/uploads\/sites\/37\/2026\/01\/Immagine-WhatsApp-2025-07-24-ore-08.02.40_c63ee561-300x266.jpg\" alt=\"\" \/><\/a><\/figure>\n<figure class=\"msnry_item\"><a class=\"post-thumbnail-image-link container-fixed-aspect-ratio__16-9\" href=\"https:\/\/www.diocesitn.it\/area-testimonianza\/wp-content\/uploads\/sites\/37\/2026\/01\/Immagine-WhatsApp-2025-07-24-ore-08.02.40_c2d41536.jpg\" data-pswp-width=\"976\" data-pswp-height=\"722\" data-cropped=\"true\" data-caption=\"\"><img decoding=\"async\" src=\"https:\/\/www.diocesitn.it\/area-testimonianza\/wp-content\/uploads\/sites\/37\/2026\/01\/Immagine-WhatsApp-2025-07-24-ore-08.02.40_c2d41536-300x222.jpg\" alt=\"\" \/><\/a><\/figure>\n<figure class=\"msnry_item\"><a class=\"post-thumbnail-image-link container-fixed-aspect-ratio__16-9\" href=\"https:\/\/www.diocesitn.it\/area-testimonianza\/wp-content\/uploads\/sites\/37\/2026\/01\/Immagine-WhatsApp-2025-07-24-ore-08.02.40_2038b63d.jpg\" data-pswp-width=\"602\" data-pswp-height=\"280\" data-cropped=\"true\" data-caption=\"\"><img decoding=\"async\" src=\"https:\/\/www.diocesitn.it\/area-testimonianza\/wp-content\/uploads\/sites\/37\/2026\/01\/Immagine-WhatsApp-2025-07-24-ore-08.02.40_2038b63d-300x140.jpg\" alt=\"\" \/><\/a><\/figure>\n<figure class=\"msnry_item\"><a class=\"post-thumbnail-image-link container-fixed-aspect-ratio__16-9\" href=\"https:\/\/www.diocesitn.it\/area-testimonianza\/wp-content\/uploads\/sites\/37\/2026\/01\/Immagine-WhatsApp-2025-07-24-ore-08.02.40_2d0642aa-1024x537.jpg\" data-pswp-width=\"1024\" data-pswp-height=\"537\" data-cropped=\"true\" data-caption=\"\"><img decoding=\"async\" src=\"https:\/\/www.diocesitn.it\/area-testimonianza\/wp-content\/uploads\/sites\/37\/2026\/01\/Immagine-WhatsApp-2025-07-24-ore-08.02.40_2d0642aa-300x157.jpg\" alt=\"\" \/><\/a><\/figure>\n<figure class=\"msnry_item\"><a class=\"post-thumbnail-image-link container-fixed-aspect-ratio__16-9\" href=\"https:\/\/www.diocesitn.it\/area-testimonianza\/wp-content\/uploads\/sites\/37\/2026\/01\/Immagine-WhatsApp-2025-07-24-ore-08.02.39_b200c067.jpg\" data-pswp-width=\"486\" data-pswp-height=\"426\" data-cropped=\"true\" data-caption=\"\"><img decoding=\"async\" src=\"https:\/\/www.diocesitn.it\/area-testimonianza\/wp-content\/uploads\/sites\/37\/2026\/01\/Immagine-WhatsApp-2025-07-24-ore-08.02.39_b200c067-300x263.jpg\" alt=\"\" \/><\/a><\/figure>\n<figure class=\"msnry_item\"><a class=\"post-thumbnail-image-link container-fixed-aspect-ratio__16-9\" href=\"https:\/\/www.diocesitn.it\/area-testimonianza\/wp-content\/uploads\/sites\/37\/2026\/01\/Immagine-WhatsApp-2025-07-24-ore-08.02.39_b60b585c.jpg\" data-pswp-width=\"692\" data-pswp-height=\"543\" data-cropped=\"true\" data-caption=\"\"><img decoding=\"async\" src=\"https:\/\/www.diocesitn.it\/area-testimonianza\/wp-content\/uploads\/sites\/37\/2026\/01\/Immagine-WhatsApp-2025-07-24-ore-08.02.39_b60b585c-300x235.jpg\" alt=\"\" \/><\/a><\/figure>\n<figure class=\"msnry_item\"><a class=\"post-thumbnail-image-link container-fixed-aspect-ratio__16-9\" href=\"https:\/\/www.diocesitn.it\/area-testimonianza\/wp-content\/uploads\/sites\/37\/2026\/01\/Immagine-WhatsApp-2025-07-24-ore-08.02.39_b1c42ded.jpg\" data-pswp-width=\"543\" data-pswp-height=\"430\" data-cropped=\"true\" data-caption=\"\"><img decoding=\"async\" src=\"https:\/\/www.diocesitn.it\/area-testimonianza\/wp-content\/uploads\/sites\/37\/2026\/01\/Immagine-WhatsApp-2025-07-24-ore-08.02.39_b1c42ded-300x238.jpg\" alt=\"\" \/><\/a><\/figure>\n<figure class=\"msnry_item\"><a class=\"post-thumbnail-image-link container-fixed-aspect-ratio__16-9\" href=\"https:\/\/www.diocesitn.it\/area-testimonianza\/wp-content\/uploads\/sites\/37\/2026\/01\/Immagine-WhatsApp-2025-07-24-ore-08.01.57_f1faca26-1024x768.jpg\" data-pswp-width=\"1024\" data-pswp-height=\"768\" data-cropped=\"true\" data-caption=\"\"><img decoding=\"async\" src=\"https:\/\/www.diocesitn.it\/area-testimonianza\/wp-content\/uploads\/sites\/37\/2026\/01\/Immagine-WhatsApp-2025-07-24-ore-08.01.57_f1faca26-300x225.jpg\" alt=\"\" \/><\/a><\/figure>\n<figure class=\"msnry_item\"><a class=\"post-thumbnail-image-link container-fixed-aspect-ratio__16-9\" href=\"https:\/\/www.diocesitn.it\/area-testimonianza\/wp-content\/uploads\/sites\/37\/2026\/01\/Immagine-WhatsApp-2025-07-24-ore-08.01.57_e13552b2-1024x768.jpg\" data-pswp-width=\"1024\" data-pswp-height=\"768\" data-cropped=\"true\" data-caption=\"\"><img decoding=\"async\" src=\"https:\/\/www.diocesitn.it\/area-testimonianza\/wp-content\/uploads\/sites\/37\/2026\/01\/Immagine-WhatsApp-2025-07-24-ore-08.01.57_e13552b2-300x225.jpg\" alt=\"\" \/><\/a><\/figure>\n<figure class=\"msnry_item\"><a class=\"post-thumbnail-image-link container-fixed-aspect-ratio__16-9\" href=\"https:\/\/www.diocesitn.it\/area-testimonianza\/wp-content\/uploads\/sites\/37\/2026\/01\/Immagine-WhatsApp-2025-07-24-ore-08.01.57_c0c20a45-1024x768.jpg\" data-pswp-width=\"1024\" data-pswp-height=\"768\" data-cropped=\"true\" data-caption=\"\"><img decoding=\"async\" src=\"https:\/\/www.diocesitn.it\/area-testimonianza\/wp-content\/uploads\/sites\/37\/2026\/01\/Immagine-WhatsApp-2025-07-24-ore-08.01.57_c0c20a45-300x225.jpg\" alt=\"\" \/><\/a><\/figure>\n<\/div>\n<hr \/>\n<h5>Alcune attivit\u00e0 con le bambine<\/h5>\n<div id=\"psgal_19075_2\" class=\"ps-gallery psgal gallery-columns-3 gallery-size-thumbnail\">\n<figure class=\"msnry_item\"><a class=\"post-thumbnail-image-link container-fixed-aspect-ratio__16-9\" href=\"https:\/\/www.diocesitn.it\/area-testimonianza\/wp-content\/uploads\/sites\/37\/2026\/01\/Immagine-WhatsApp-2025-07-24-ore-08.03.03_e4ff2ff4-1-1024x682.jpg\" data-pswp-width=\"1024\" data-pswp-height=\"682\" data-cropped=\"true\" data-caption=\"\"><img decoding=\"async\" src=\"https:\/\/www.diocesitn.it\/area-testimonianza\/wp-content\/uploads\/sites\/37\/2026\/01\/Immagine-WhatsApp-2025-07-24-ore-08.03.03_e4ff2ff4-1-300x200.jpg\" alt=\"\" \/><\/a><\/figure>\n<figure class=\"msnry_item\"><a class=\"post-thumbnail-image-link container-fixed-aspect-ratio__16-9\" href=\"https:\/\/www.diocesitn.it\/area-testimonianza\/wp-content\/uploads\/sites\/37\/2026\/01\/Immagine-WhatsApp-2025-07-24-ore-08.03.03_ebddf392-768x1024.jpg\" data-pswp-width=\"768\" data-pswp-height=\"1024\" data-cropped=\"true\" data-caption=\"\"><img decoding=\"async\" src=\"https:\/\/www.diocesitn.it\/area-testimonianza\/wp-content\/uploads\/sites\/37\/2026\/01\/Immagine-WhatsApp-2025-07-24-ore-08.03.03_ebddf392-225x300.jpg\" alt=\"\" \/><\/a><\/figure>\n<figure class=\"msnry_item\"><a class=\"post-thumbnail-image-link container-fixed-aspect-ratio__16-9\" href=\"https:\/\/www.diocesitn.it\/area-testimonianza\/wp-content\/uploads\/sites\/37\/2026\/01\/Immagine-WhatsApp-2025-07-24-ore-08.03.03_ec18c7d2-1024x768.jpg\" data-pswp-width=\"1024\" data-pswp-height=\"768\" data-cropped=\"true\" data-caption=\"\"><img decoding=\"async\" src=\"https:\/\/www.diocesitn.it\/area-testimonianza\/wp-content\/uploads\/sites\/37\/2026\/01\/Immagine-WhatsApp-2025-07-24-ore-08.03.03_ec18c7d2-300x225.jpg\" alt=\"\" \/><\/a><\/figure>\n<figure class=\"msnry_item\"><a class=\"post-thumbnail-image-link container-fixed-aspect-ratio__16-9\" href=\"https:\/\/www.diocesitn.it\/area-testimonianza\/wp-content\/uploads\/sites\/37\/2026\/01\/Immagine-WhatsApp-2025-07-24-ore-08.03.03_2d5aa4f9.jpg\" data-pswp-width=\"854\" data-pswp-height=\"641\" data-cropped=\"true\" data-caption=\"\"><img decoding=\"async\" src=\"https:\/\/www.diocesitn.it\/area-testimonianza\/wp-content\/uploads\/sites\/37\/2026\/01\/Immagine-WhatsApp-2025-07-24-ore-08.03.03_2d5aa4f9-300x225.jpg\" alt=\"\" \/><\/a><\/figure>\n<figure class=\"msnry_item\"><a class=\"post-thumbnail-image-link container-fixed-aspect-ratio__16-9\" href=\"https:\/\/www.diocesitn.it\/area-testimonianza\/wp-content\/uploads\/sites\/37\/2026\/01\/Immagine-WhatsApp-2025-07-24-ore-08.03.03_4dc219fb-1024x768.jpg\" data-pswp-width=\"1024\" data-pswp-height=\"768\" data-cropped=\"true\" data-caption=\"\"><img decoding=\"async\" src=\"https:\/\/www.diocesitn.it\/area-testimonianza\/wp-content\/uploads\/sites\/37\/2026\/01\/Immagine-WhatsApp-2025-07-24-ore-08.03.03_4dc219fb-300x225.jpg\" alt=\"\" \/><\/a><\/figure>\n<figure class=\"msnry_item\"><a class=\"post-thumbnail-image-link container-fixed-aspect-ratio__16-9\" href=\"https:\/\/www.diocesitn.it\/area-testimonianza\/wp-content\/uploads\/sites\/37\/2026\/01\/Immagine-WhatsApp-2025-07-24-ore-08.03.03_233c28fe-1024x647.jpg\" data-pswp-width=\"1024\" data-pswp-height=\"647\" data-cropped=\"true\" data-caption=\"\"><img decoding=\"async\" src=\"https:\/\/www.diocesitn.it\/area-testimonianza\/wp-content\/uploads\/sites\/37\/2026\/01\/Immagine-WhatsApp-2025-07-24-ore-08.03.03_233c28fe-300x190.jpg\" alt=\"\" \/><\/a><\/figure>\n<figure class=\"msnry_item\"><a class=\"post-thumbnail-image-link container-fixed-aspect-ratio__16-9\" href=\"https:\/\/www.diocesitn.it\/area-testimonianza\/wp-content\/uploads\/sites\/37\/2026\/01\/Immagine-WhatsApp-2025-07-24-ore-08.03.03_15964127-1024x746.jpg\" data-pswp-width=\"1024\" data-pswp-height=\"746\" data-cropped=\"true\" data-caption=\"\"><img decoding=\"async\" src=\"https:\/\/www.diocesitn.it\/area-testimonianza\/wp-content\/uploads\/sites\/37\/2026\/01\/Immagine-WhatsApp-2025-07-24-ore-08.03.03_15964127-300x219.jpg\" alt=\"\" \/><\/a><\/figure>\n<figure class=\"msnry_item\"><a class=\"post-thumbnail-image-link container-fixed-aspect-ratio__16-9\" href=\"https:\/\/www.diocesitn.it\/area-testimonianza\/wp-content\/uploads\/sites\/37\/2026\/01\/Immagine-WhatsApp-2025-07-24-ore-08.03.03_cb4f6b18.jpg\" data-pswp-width=\"696\" data-pswp-height=\"847\" data-cropped=\"true\" data-caption=\"\"><img decoding=\"async\" src=\"https:\/\/www.diocesitn.it\/area-testimonianza\/wp-content\/uploads\/sites\/37\/2026\/01\/Immagine-WhatsApp-2025-07-24-ore-08.03.03_cb4f6b18-247x300.jpg\" alt=\"\" \/><\/a><\/figure>\n<figure class=\"msnry_item\"><a class=\"post-thumbnail-image-link container-fixed-aspect-ratio__16-9\" href=\"https:\/\/www.diocesitn.it\/area-testimonianza\/wp-content\/uploads\/sites\/37\/2026\/01\/Immagine-WhatsApp-2025-07-24-ore-08.03.03_d9e3abf9-1024x768.jpg\" data-pswp-width=\"1024\" data-pswp-height=\"768\" data-cropped=\"true\" data-caption=\"\"><img decoding=\"async\" src=\"https:\/\/www.diocesitn.it\/area-testimonianza\/wp-content\/uploads\/sites\/37\/2026\/01\/Immagine-WhatsApp-2025-07-24-ore-08.03.03_d9e3abf9-300x225.jpg\" alt=\"\" \/><\/a><\/figure>\n<\/div>\n<hr \/>\n<h5>La costruzione \u00e8 iniziata<\/h5>\n<div id=\"psgal_19075_3\" class=\"ps-gallery psgal gallery-columns-3 gallery-size-thumbnail\">\n<figure class=\"msnry_item\"><a class=\"post-thumbnail-image-link container-fixed-aspect-ratio__16-9\" href=\"https:\/\/www.diocesitn.it\/area-testimonianza\/wp-content\/uploads\/sites\/37\/2026\/01\/WhatsApp-Image-2025-12-29-at-14.13.00-1024x768.jpeg\" data-pswp-width=\"1024\" data-pswp-height=\"768\" data-cropped=\"true\" data-caption=\"\"><img decoding=\"async\" src=\"https:\/\/www.diocesitn.it\/area-testimonianza\/wp-content\/uploads\/sites\/37\/2026\/01\/WhatsApp-Image-2025-12-29-at-14.13.00-300x225.jpeg\" alt=\"\" \/><\/a><\/figure>\n<figure class=\"msnry_item\"><a class=\"post-thumbnail-image-link container-fixed-aspect-ratio__16-9\" href=\"https:\/\/www.diocesitn.it\/area-testimonianza\/wp-content\/uploads\/sites\/37\/2026\/01\/WhatsApp-Image-2025-12-29-at-14.14.28-1024x768.jpeg\" data-pswp-width=\"1024\" data-pswp-height=\"768\" data-cropped=\"true\" data-caption=\"\"><img decoding=\"async\" src=\"https:\/\/www.diocesitn.it\/area-testimonianza\/wp-content\/uploads\/sites\/37\/2026\/01\/WhatsApp-Image-2025-12-29-at-14.14.28-300x225.jpeg\" alt=\"\" \/><\/a><\/figure>\n<figure class=\"msnry_item\"><a class=\"post-thumbnail-image-link container-fixed-aspect-ratio__16-9\" href=\"https:\/\/www.diocesitn.it\/area-testimonianza\/wp-content\/uploads\/sites\/37\/2026\/01\/WhatsApp-Image-2025-12-29-at-14.14.29-1024x768.jpeg\" data-pswp-width=\"1024\" data-pswp-height=\"768\" data-cropped=\"true\" data-caption=\"\"><img decoding=\"async\" src=\"https:\/\/www.diocesitn.it\/area-testimonianza\/wp-content\/uploads\/sites\/37\/2026\/01\/WhatsApp-Image-2025-12-29-at-14.14.29-300x225.jpeg\" alt=\"\" \/><\/a><\/figure>\n<figure class=\"msnry_item\"><a class=\"post-thumbnail-image-link container-fixed-aspect-ratio__16-9\" href=\"https:\/\/www.diocesitn.it\/area-testimonianza\/wp-content\/uploads\/sites\/37\/2026\/01\/2-1024x768.jpeg\" data-pswp-width=\"1024\" data-pswp-height=\"768\" data-cropped=\"true\" data-caption=\"\"><img decoding=\"async\" src=\"https:\/\/www.diocesitn.it\/area-testimonianza\/wp-content\/uploads\/sites\/37\/2026\/01\/2-300x225.jpeg\" alt=\"\" \/><\/a><\/figure>\n<figure class=\"msnry_item\"><a class=\"post-thumbnail-image-link container-fixed-aspect-ratio__16-9\" href=\"https:\/\/www.diocesitn.it\/area-testimonianza\/wp-content\/uploads\/sites\/37\/2026\/01\/3-1024x461.jpeg\" data-pswp-width=\"1024\" data-pswp-height=\"461\" data-cropped=\"true\" data-caption=\"\"><img decoding=\"async\" src=\"https:\/\/www.diocesitn.it\/area-testimonianza\/wp-content\/uploads\/sites\/37\/2026\/01\/3-300x135.jpeg\" alt=\"\" \/><\/a><\/figure>\n<\/div>\n\t\t\t\t<\/div>\n\t\t\t<\/div>\n\t\t<\/div>\n\t\t\t<div class=\"sow-accordion-panel\n\t\t\t\t\"\n\t\t\tdata-anchor-id=\"2024-foto\">\n\t\t\t\t<div class=\"sow-accordion-panel-header-container\" role=\"heading\" aria-level=\"2\">\n\t\t\t\t\t<div class=\"sow-accordion-panel-header\" tabindex=\"0\" role=\"button\" id=\"accordion-label-2024-foto\" aria-controls=\"accordion-content-2024-foto\" aria-expanded=\"false\">\n\t\t\t\t\t\t<div class=\"sow-accordion-title sow-accordion-title-icon-left\">\n\t\t\t\t\t\t\t\t\t\t\t\t\t\t2024 - Foto\t\t\t\t\t\t\t\t\t\t\t\t\t<\/div>\n\t\t\t\t\t\t<div class=\"sow-accordion-open-close-button\">\n\t\t\t\t\t\t\t<div class=\"sow-accordion-open-button\">\n\t\t\t\t\t\t\t\t<span class=\"sow-icon-ionicons\" data-sow-icon=\"&#xf218;\"\n\t\t \n\t\taria-hidden=\"true\"><\/span>\t\t\t\t\t\t\t<\/div>\n\t\t\t\t\t\t\t<div class=\"sow-accordion-close-button\">\n\t\t\t\t\t\t\t\t<span class=\"sow-icon-ionicons\" data-sow-icon=\"&#xf209;\"\n\t\t \n\t\taria-hidden=\"true\"><\/span>\t\t\t\t\t\t\t<\/div>\n\t\t\t\t\t\t<\/div>\n\t\t\t\t\t<\/div>\n\t\t\t\t<\/div>\n\n\t\t\t<div\n\t\t\t\tclass=\"sow-accordion-panel-content\"\n\t\t\t\trole=\"region\"\n\t\t\t\taria-labelledby=\"accordion-label-2024-foto\"\n\t\t\t\tid=\"accordion-content-2024-foto\"\n\t\t\t\tstyle=\"display: none;\"\t\t\t>\n\t\t\t\t<div class=\"sow-accordion-panel-border\">\n\t\t\t\t\t<h5><strong>Foto<\/strong><\/h5>\n<p>Procedono la raccolta fondi e gli adempimenti burocratici.<\/p>\n<p>Le ragazze intanto stanno crescendo e le attivit\u00e0 continuano. In questi video (<a style=\"color: #1585cf\" href=\"https:\/\/youtu.be\/ulJy5GtJSKg\" target=\"_blank\" rel=\"noopener\">Video 1<\/a> e <a style=\"color: #1585cf\" href=\"https:\/\/youtu.be\/fsRv-BA-SXI\" target=\"_blank\" rel=\"noopener\">Video 2<\/a><span style=\"font-size: inherit\">) ne abbiamo un assaggio.<\/span><\/p>\n\t\t\t\t<\/div>\n\t\t\t<\/div>\n\t\t<\/div>\n\t\t\t<div class=\"sow-accordion-panel\n\t\t\t\t\"\n\t\t\tdata-anchor-id=\"2023-in-visita\">\n\t\t\t\t<div class=\"sow-accordion-panel-header-container\" role=\"heading\" aria-level=\"2\">\n\t\t\t\t\t<div class=\"sow-accordion-panel-header\" tabindex=\"0\" role=\"button\" id=\"accordion-label-2023-in-visita\" aria-controls=\"accordion-content-2023-in-visita\" aria-expanded=\"false\">\n\t\t\t\t\t\t<div class=\"sow-accordion-title sow-accordion-title-icon-left\">\n\t\t\t\t\t\t\t\t\t\t\t\t\t\t2023 - In visita\t\t\t\t\t\t\t\t\t\t\t\t\t<\/div>\n\t\t\t\t\t\t<div class=\"sow-accordion-open-close-button\">\n\t\t\t\t\t\t\t<div class=\"sow-accordion-open-button\">\n\t\t\t\t\t\t\t\t<span class=\"sow-icon-ionicons\" data-sow-icon=\"&#xf218;\"\n\t\t \n\t\taria-hidden=\"true\"><\/span>\t\t\t\t\t\t\t<\/div>\n\t\t\t\t\t\t\t<div class=\"sow-accordion-close-button\">\n\t\t\t\t\t\t\t\t<span class=\"sow-icon-ionicons\" data-sow-icon=\"&#xf209;\"\n\t\t \n\t\taria-hidden=\"true\"><\/span>\t\t\t\t\t\t\t<\/div>\n\t\t\t\t\t\t<\/div>\n\t\t\t\t\t<\/div>\n\t\t\t\t<\/div>\n\n\t\t\t<div\n\t\t\t\tclass=\"sow-accordion-panel-content\"\n\t\t\t\trole=\"region\"\n\t\t\t\taria-labelledby=\"accordion-label-2023-in-visita\"\n\t\t\t\tid=\"accordion-content-2023-in-visita\"\n\t\t\t\tstyle=\"display: none;\"\t\t\t>\n\t\t\t\t<div class=\"sow-accordion-panel-border\">\n\t\t\t\t\t<h5>In estate<\/h5>\n<p>Tre ragazze, dell\u2019iniziativa\u00a0<a href=\"https:\/\/www.diocesitn.it\/area-testimonianza\/centro-missionario-diocesano\/tentazione-missionaria\/\">Tentazione Missionaria<\/a>, si sono recate in Thailandia durante l\u2019estate. In questa lettera la loro testimonianza.<\/p>\n<p style=\"padding-left: 40px\"><em>\u201cLo studio apre le ali della libert\u00e0\u201d \u00e8 una frase espressa da suor Jandira che ci \u00e8 rimasta impressa, perch\u00e9 nella cultura europea questo \u00e8 dato per scontato.<\/em><\/p>\n<p style=\"padding-left: 40px\"><em>Da quest\u2019esperienza ci portiamo a casa una maggiore consapevolezza di tutto ci\u00f2 che noi abbiamo e di cui non ci rendiamo conto mentre c\u2019\u00e8 chi invece non ha nulla ma continua a sorridere.<\/em><\/p>\n<p style=\"padding-left: 40px\"><a href=\"https:\/\/www.diocesitn.it\/area-testimonianza\/wp-content\/uploads\/sites\/37\/2026\/01\/Locanda-aggiornamnto-2023-A.pdf\" target=\"_blank\" rel=\"noopener\">Leggi tutta la lettera.<\/a><\/p>\n<hr \/>\n<h5>In inverno<\/h5>\n<p>Anche Angela, amica del Centro Missionario, visita la Tailandia. Qui la sua testimonianza.<\/p>\n<p style=\"padding-left: 40px\"><em>Varcata la soglia della struttura della Providence Foundation la prima cosa che mi ha colpito \u00e8 stato il sorriso solare e sincero delle suore che ci vivono e che la gestiscono: sei suore dal passo svelto, laboriose, attente e accoglienti. Sei suore per sessantuno bambine.<\/em><\/p>\n<p style=\"padding-left: 40px\"><em>Un cortile ordinato, un piccolo recinto dove sono parcheggiate in modo ordinato e accurato le biciclette per le bimbe, i banchi di scuola e delle lunghe scarpiere con tantissimi mocassini riposti con cura, un angolo con stracci e scope, la sala da pranzo pulita e una grande cucina lucidata a fondo con il minimo indispensabile per cucinare piatti semplici ma nutrienti.<\/em><\/p>\n<p style=\"padding-left: 40px\"><a href=\"https:\/\/www.diocesitn.it\/area-testimonianza\/wp-content\/uploads\/sites\/37\/2026\/01\/Locanda-aggiornamnto-2023-B.pdf\" target=\"_blank\" rel=\"noopener\">Leggi tutta la lettera.<\/a><\/p>\n\t\t\t\t<\/div>\n\t\t\t<\/div>\n\t\t<\/div>\n\t\t\t<div class=\"sow-accordion-panel\n\t\t\t\t\"\n\t\t\tdata-anchor-id=\"2022-videointervista\">\n\t\t\t\t<div class=\"sow-accordion-panel-header-container\" role=\"heading\" aria-level=\"2\">\n\t\t\t\t\t<div class=\"sow-accordion-panel-header\" tabindex=\"0\" role=\"button\" id=\"accordion-label-2022-videointervista\" aria-controls=\"accordion-content-2022-videointervista\" aria-expanded=\"false\">\n\t\t\t\t\t\t<div class=\"sow-accordion-title sow-accordion-title-icon-left\">\n\t\t\t\t\t\t\t\t\t\t\t\t\t\t2022 - Videointervista\t\t\t\t\t\t\t\t\t\t\t\t\t<\/div>\n\t\t\t\t\t\t<div class=\"sow-accordion-open-close-button\">\n\t\t\t\t\t\t\t<div class=\"sow-accordion-open-button\">\n\t\t\t\t\t\t\t\t<span class=\"sow-icon-ionicons\" data-sow-icon=\"&#xf218;\"\n\t\t \n\t\taria-hidden=\"true\"><\/span>\t\t\t\t\t\t\t<\/div>\n\t\t\t\t\t\t\t<div class=\"sow-accordion-close-button\">\n\t\t\t\t\t\t\t\t<span class=\"sow-icon-ionicons\" data-sow-icon=\"&#xf209;\"\n\t\t \n\t\taria-hidden=\"true\"><\/span>\t\t\t\t\t\t\t<\/div>\n\t\t\t\t\t\t<\/div>\n\t\t\t\t\t<\/div>\n\t\t\t\t<\/div>\n\n\t\t\t<div\n\t\t\t\tclass=\"sow-accordion-panel-content\"\n\t\t\t\trole=\"region\"\n\t\t\t\taria-labelledby=\"accordion-label-2022-videointervista\"\n\t\t\t\tid=\"accordion-content-2022-videointervista\"\n\t\t\t\tstyle=\"display: none;\"\t\t\t>\n\t\t\t\t<div class=\"sow-accordion-panel-border\">\n\t\t\t\t\t<p><strong>17 giugno 2022<\/strong>\u00a0<a href=\"https:\/\/youtu.be\/8un8HSMLqmk\" target=\"_blank\" rel=\"noopener\">videointervista<\/a> con sr. Sandra e sr. Jandira con tutti gli approfondimenti.<\/p>\n<hr \/>\n<h5>Il terreno<\/h5>\n<p>Il terreno individuato all\u2019inizio non si \u00e8 dimostrato idoneo alla realizzazione del progetto.\u00a0Con l\u2019aiuto del Centro Missionario le suore hanno potuto acquistare un altro terreno non troppo lontano dal centro in cui si trovano. Questo\u00a0<strong>nuovo terreno<\/strong>\u00a0dar\u00e0 pi\u00f9 opportunit\u00e0 di sviluppo alla Locanda della Felicit\u00e0 e permetter\u00e0 anche la coltivazione di un caff\u00e8 biologico, una miscela piuttosto pregiata, del quale potranno seguire l\u2019intera filiera.<\/p>\n<p>Con l\u2019acquisto del terreno inizia il lungo iter burocratico che permetter\u00e0 la costruzione del complesso.<\/p>\n<hr \/>\n<h5>L\u2019attivit\u00e0 con le ragazze<\/h5>\n<p>Nel frattempo proseguono le altre\u00a0<strong>attivit\u00e0 con le ragazze<\/strong>\u00a0come ci testimonia questa lettera.<\/p>\n<p style=\"padding-left: 40px\"><em>Siamo sempre impegnati ad aiutare gli ultimi. In questi ultimi giorni diamo il benvenuto nel nostro centro a Wanwisa, una bambina musulmana di 10 anni. \u00c8 una bambina magra ed \u00e8 piuttosto piccola di statura per la sua et\u00e0. <\/em><\/p>\n<p style=\"padding-left: 40px\"><a href=\"https:\/\/www.diocesitn.it\/area-testimonianza\/wp-content\/uploads\/sites\/37\/2026\/01\/Locanda-aggiornamnto-2022.pdf\" target=\"_blank\" rel=\"noopener\">Leggi tutta la lettera.<\/a><\/p>\n\t\t\t\t<\/div>\n\t\t\t<\/div>\n\t\t<\/div>\n\t\t\t<div class=\"sow-accordion-panel\n\t\t\t\t\"\n\t\t\tdata-anchor-id=\"2021-stato-dei-lavori-e-borse-di-studio\">\n\t\t\t\t<div class=\"sow-accordion-panel-header-container\" role=\"heading\" aria-level=\"2\">\n\t\t\t\t\t<div class=\"sow-accordion-panel-header\" tabindex=\"0\" role=\"button\" id=\"accordion-label-2021-stato-dei-lavori-e-borse-di-studio\" aria-controls=\"accordion-content-2021-stato-dei-lavori-e-borse-di-studio\" aria-expanded=\"false\">\n\t\t\t\t\t\t<div class=\"sow-accordion-title sow-accordion-title-icon-left\">\n\t\t\t\t\t\t\t\t\t\t\t\t\t\t2021 - Stato dei lavori e borse di studio\t\t\t\t\t\t\t\t\t\t\t\t\t<\/div>\n\t\t\t\t\t\t<div class=\"sow-accordion-open-close-button\">\n\t\t\t\t\t\t\t<div class=\"sow-accordion-open-button\">\n\t\t\t\t\t\t\t\t<span class=\"sow-icon-ionicons\" data-sow-icon=\"&#xf218;\"\n\t\t \n\t\taria-hidden=\"true\"><\/span>\t\t\t\t\t\t\t<\/div>\n\t\t\t\t\t\t\t<div class=\"sow-accordion-close-button\">\n\t\t\t\t\t\t\t\t<span class=\"sow-icon-ionicons\" data-sow-icon=\"&#xf209;\"\n\t\t \n\t\taria-hidden=\"true\"><\/span>\t\t\t\t\t\t\t<\/div>\n\t\t\t\t\t\t<\/div>\n\t\t\t\t\t<\/div>\n\t\t\t\t<\/div>\n\n\t\t\t<div\n\t\t\t\tclass=\"sow-accordion-panel-content\"\n\t\t\t\trole=\"region\"\n\t\t\t\taria-labelledby=\"accordion-label-2021-stato-dei-lavori-e-borse-di-studio\"\n\t\t\t\tid=\"accordion-content-2021-stato-dei-lavori-e-borse-di-studio\"\n\t\t\t\tstyle=\"display: none;\"\t\t\t>\n\t\t\t\t<div class=\"sow-accordion-panel-border\">\n\t\t\t\t\t<h5><strong>Stato dei lavori e borse di studio<\/strong><\/h5>\n<p>Nella loro lettera, le suore della Provvidenza ci aggiornano sullo stato dei lavori e sull\u2019aggiunta di borse di studio.<\/p>\n<p>Alcuni intoppi burocratici rallentano i tempi per la realizzazione della struttura.<\/p>\n<p style=\"padding-left: 40px\"><em>Nell\u2019attesa della realizzazione della Locanda della Felicit\u00e0 proponiamo a chi lo desidera di sostenere un programma universitario per ragazze delle minoranze tribali e figlie di rifugiati del Myanmar. La borsa di studio prevede una copertura totale e comprende: vitto, alloggio, tasse universitarie, materiale scolastico (compreso un pc portatile), copertura di piccole spese di vita quotidiana (igiene, vestiario\u2026)<\/em><\/p>\n<p style=\"padding-left: 40px\"><a href=\"https:\/\/www.diocesitn.it\/area-testimonianza\/wp-content\/uploads\/sites\/37\/2021\/12\/Locanda-della-felicita-aggiornamento-2021.11.pdf\">Leggi tutta la lettera<\/a>.<\/p>\n<hr \/>\n<div id=\"psgal_19075_4\" class=\"ps-gallery psgal gallery-columns-3 gallery-size-thumbnail\">\n<figure class=\"msnry_item\"><a class=\"post-thumbnail-image-link container-fixed-aspect-ratio__16-9\" href=\"https:\/\/www.diocesitn.it\/area-testimonianza\/wp-content\/uploads\/sites\/37\/2026\/01\/WhatsApp-Image-2021-10-21-at-06.32.22-1024x746.jpg\" data-pswp-width=\"1024\" data-pswp-height=\"746\" data-cropped=\"true\" data-caption=\"\"><img decoding=\"async\" src=\"https:\/\/www.diocesitn.it\/area-testimonianza\/wp-content\/uploads\/sites\/37\/2026\/01\/WhatsApp-Image-2021-10-21-at-06.32.22-300x219.jpg\" alt=\"\" \/><\/a><\/figure>\n<figure class=\"msnry_item\"><a class=\"post-thumbnail-image-link container-fixed-aspect-ratio__16-9\" href=\"https:\/\/www.diocesitn.it\/area-testimonianza\/wp-content\/uploads\/sites\/37\/2026\/01\/WhatsApp-Image-2021-10-21-at-06.32.20-768x1024.jpg\" data-pswp-width=\"768\" data-pswp-height=\"1024\" data-cropped=\"true\" data-caption=\"\"><img decoding=\"async\" src=\"https:\/\/www.diocesitn.it\/area-testimonianza\/wp-content\/uploads\/sites\/37\/2026\/01\/WhatsApp-Image-2021-10-21-at-06.32.20-225x300.jpg\" alt=\"\" \/><\/a><\/figure>\n<figure class=\"msnry_item\"><a class=\"post-thumbnail-image-link container-fixed-aspect-ratio__16-9\" href=\"https:\/\/www.diocesitn.it\/area-testimonianza\/wp-content\/uploads\/sites\/37\/2026\/01\/WhatsApp-Image-2021-10-21-at-06.32.251-768x1024.jpg\" data-pswp-width=\"768\" data-pswp-height=\"1024\" data-cropped=\"true\" data-caption=\"\"><img decoding=\"async\" src=\"https:\/\/www.diocesitn.it\/area-testimonianza\/wp-content\/uploads\/sites\/37\/2026\/01\/WhatsApp-Image-2021-10-21-at-06.32.251-225x300.jpg\" alt=\"\" \/><\/a><\/figure>\n<figure class=\"msnry_item\"><a class=\"post-thumbnail-image-link container-fixed-aspect-ratio__16-9\" href=\"https:\/\/www.diocesitn.it\/area-testimonianza\/wp-content\/uploads\/sites\/37\/2026\/01\/WhatsApp-Image-2021-10-21-at-06.32.23-1024x861.jpg\" data-pswp-width=\"1024\" data-pswp-height=\"861\" data-cropped=\"true\" data-caption=\"\"><img decoding=\"async\" src=\"https:\/\/www.diocesitn.it\/area-testimonianza\/wp-content\/uploads\/sites\/37\/2026\/01\/WhatsApp-Image-2021-10-21-at-06.32.23-300x252.jpg\" alt=\"\" \/><\/a><\/figure>\n<figure class=\"msnry_item\"><a class=\"post-thumbnail-image-link container-fixed-aspect-ratio__16-9\" href=\"https:\/\/www.diocesitn.it\/area-testimonianza\/wp-content\/uploads\/sites\/37\/2026\/01\/WhatsApp-Image-2021-10-21-at-06.32.21-1024x768.jpg\" data-pswp-width=\"1024\" data-pswp-height=\"768\" data-cropped=\"true\" data-caption=\"\"><img decoding=\"async\" src=\"https:\/\/www.diocesitn.it\/area-testimonianza\/wp-content\/uploads\/sites\/37\/2026\/01\/WhatsApp-Image-2021-10-21-at-06.32.21-300x225.jpg\" alt=\"\" \/><\/a><\/figure>\n<figure class=\"msnry_item\"><a class=\"post-thumbnail-image-link container-fixed-aspect-ratio__16-9\" href=\"https:\/\/www.diocesitn.it\/area-testimonianza\/wp-content\/uploads\/sites\/37\/2026\/01\/WhatsApp-Image-2021-10-21-at-06.32.26-1024x768.jpg\" data-pswp-width=\"1024\" data-pswp-height=\"768\" data-cropped=\"true\" data-caption=\"\"><img decoding=\"async\" src=\"https:\/\/www.diocesitn.it\/area-testimonianza\/wp-content\/uploads\/sites\/37\/2026\/01\/WhatsApp-Image-2021-10-21-at-06.32.26-300x225.jpg\" alt=\"\" \/><\/a><\/figure>\n<figure class=\"msnry_item\"><a class=\"post-thumbnail-image-link container-fixed-aspect-ratio__16-9\" href=\"https:\/\/www.diocesitn.it\/area-testimonianza\/wp-content\/uploads\/sites\/37\/2026\/01\/WhatsApp-Image-2021-10-21-at-06.32.18-1024x768.jpg\" data-pswp-width=\"1024\" data-pswp-height=\"768\" data-cropped=\"true\" data-caption=\"\"><img decoding=\"async\" src=\"https:\/\/www.diocesitn.it\/area-testimonianza\/wp-content\/uploads\/sites\/37\/2026\/01\/WhatsApp-Image-2021-10-21-at-06.32.18-300x225.jpg\" alt=\"\" \/><\/a><\/figure>\n<figure class=\"msnry_item\"><a class=\"post-thumbnail-image-link container-fixed-aspect-ratio__16-9\" href=\"https:\/\/www.diocesitn.it\/area-testimonianza\/wp-content\/uploads\/sites\/37\/2026\/01\/WhatsApp-Image-2021-10-21-at-06.32.24-573x1024.jpg\" data-pswp-width=\"573\" data-pswp-height=\"1024\" data-cropped=\"true\" data-caption=\"\"><img decoding=\"async\" src=\"https:\/\/www.diocesitn.it\/area-testimonianza\/wp-content\/uploads\/sites\/37\/2026\/01\/WhatsApp-Image-2021-10-21-at-06.32.24-168x300.jpg\" alt=\"\" \/><\/a><\/figure>\n<figure class=\"msnry_item\"><a class=\"post-thumbnail-image-link container-fixed-aspect-ratio__16-9\" href=\"https:\/\/www.diocesitn.it\/area-testimonianza\/wp-content\/uploads\/sites\/37\/2026\/01\/WhatsApp-Image-2021-10-21-at-06.32.242-1024x768.jpg\" data-pswp-width=\"1024\" data-pswp-height=\"768\" data-cropped=\"true\" data-caption=\"\"><img decoding=\"async\" src=\"https:\/\/www.diocesitn.it\/area-testimonianza\/wp-content\/uploads\/sites\/37\/2026\/01\/WhatsApp-Image-2021-10-21-at-06.32.242-300x225.jpg\" alt=\"\" \/><\/a><\/figure>\n<figure class=\"msnry_item\"><a class=\"post-thumbnail-image-link container-fixed-aspect-ratio__16-9\" href=\"https:\/\/www.diocesitn.it\/area-testimonianza\/wp-content\/uploads\/sites\/37\/2026\/01\/WhatsApp-Image-2021-10-21-at-06.32.192-1024x922.jpg\" data-pswp-width=\"1024\" data-pswp-height=\"922\" data-cropped=\"true\" data-caption=\"\"><img decoding=\"async\" src=\"https:\/\/www.diocesitn.it\/area-testimonianza\/wp-content\/uploads\/sites\/37\/2026\/01\/WhatsApp-Image-2021-10-21-at-06.32.192-300x270.jpg\" alt=\"\" \/><\/a><\/figure>\n<figure class=\"msnry_item\"><a class=\"post-thumbnail-image-link container-fixed-aspect-ratio__16-9\" href=\"https:\/\/www.diocesitn.it\/area-testimonianza\/wp-content\/uploads\/sites\/37\/2026\/01\/WhatsApp-Image-2021-10-21-at-06.32.19-1024x925.jpg\" data-pswp-width=\"1024\" data-pswp-height=\"925\" data-cropped=\"true\" data-caption=\"\"><img decoding=\"async\" src=\"https:\/\/www.diocesitn.it\/area-testimonianza\/wp-content\/uploads\/sites\/37\/2026\/01\/WhatsApp-Image-2021-10-21-at-06.32.19-300x271.jpg\" alt=\"\" \/><\/a><\/figure>\n<figure class=\"msnry_item\"><a class=\"post-thumbnail-image-link container-fixed-aspect-ratio__16-9\" href=\"https:\/\/www.diocesitn.it\/area-testimonianza\/wp-content\/uploads\/sites\/37\/2026\/01\/WhatsApp-Image-2021-10-21-at-06.32.201-1024x874.jpg\" data-pswp-width=\"1024\" data-pswp-height=\"874\" data-cropped=\"true\" data-caption=\"\"><img decoding=\"async\" src=\"https:\/\/www.diocesitn.it\/area-testimonianza\/wp-content\/uploads\/sites\/37\/2026\/01\/WhatsApp-Image-2021-10-21-at-06.32.201-300x256.jpg\" alt=\"\" \/><\/a><\/figure>\n<figure class=\"msnry_item\"><a class=\"post-thumbnail-image-link container-fixed-aspect-ratio__16-9\" href=\"https:\/\/www.diocesitn.it\/area-testimonianza\/wp-content\/uploads\/sites\/37\/2026\/01\/WhatsApp-Image-2021-10-21-at-06.32.211-998x1024.jpg\" data-pswp-width=\"998\" data-pswp-height=\"1024\" data-cropped=\"true\" data-caption=\"\"><img decoding=\"async\" src=\"https:\/\/www.diocesitn.it\/area-testimonianza\/wp-content\/uploads\/sites\/37\/2026\/01\/WhatsApp-Image-2021-10-21-at-06.32.211-292x300.jpg\" alt=\"\" \/><\/a><\/figure>\n<figure class=\"msnry_item\"><a class=\"post-thumbnail-image-link container-fixed-aspect-ratio__16-9\" href=\"https:\/\/www.diocesitn.it\/area-testimonianza\/wp-content\/uploads\/sites\/37\/2026\/01\/WhatsApp-Image-2021-10-21-at-06.32.17-1024x783.jpg\" data-pswp-width=\"1024\" data-pswp-height=\"783\" data-cropped=\"true\" data-caption=\"\"><img decoding=\"async\" src=\"https:\/\/www.diocesitn.it\/area-testimonianza\/wp-content\/uploads\/sites\/37\/2026\/01\/WhatsApp-Image-2021-10-21-at-06.32.17-300x229.jpg\" alt=\"\" \/><\/a><\/figure>\n<figure class=\"msnry_item\"><a class=\"post-thumbnail-image-link container-fixed-aspect-ratio__16-9\" href=\"https:\/\/www.diocesitn.it\/area-testimonianza\/wp-content\/uploads\/sites\/37\/2026\/01\/WhatsApp-Image-2021-10-21-at-06.32.182-1024x752.jpg\" data-pswp-width=\"1024\" data-pswp-height=\"752\" data-cropped=\"true\" data-caption=\"\"><img decoding=\"async\" src=\"https:\/\/www.diocesitn.it\/area-testimonianza\/wp-content\/uploads\/sites\/37\/2026\/01\/WhatsApp-Image-2021-10-21-at-06.32.182-300x220.jpg\" alt=\"\" \/><\/a><\/figure>\n<figure class=\"msnry_item\"><a class=\"post-thumbnail-image-link container-fixed-aspect-ratio__16-9\" href=\"https:\/\/www.diocesitn.it\/area-testimonianza\/wp-content\/uploads\/sites\/37\/2026\/01\/WhatsApp-Image-2021-10-21-at-06.32.241-1024x596.jpg\" data-pswp-width=\"1024\" data-pswp-height=\"596\" data-cropped=\"true\" data-caption=\"\"><img decoding=\"async\" src=\"https:\/\/www.diocesitn.it\/area-testimonianza\/wp-content\/uploads\/sites\/37\/2026\/01\/WhatsApp-Image-2021-10-21-at-06.32.241-300x175.jpg\" alt=\"\" \/><\/a><\/figure>\n<figure class=\"msnry_item\"><a class=\"post-thumbnail-image-link container-fixed-aspect-ratio__16-9\" href=\"https:\/\/www.diocesitn.it\/area-testimonianza\/wp-content\/uploads\/sites\/37\/2026\/01\/WhatsApp-Image-2021-10-21-at-06.32.221-768x1024.jpg\" data-pswp-width=\"768\" data-pswp-height=\"1024\" data-cropped=\"true\" data-caption=\"\"><img decoding=\"async\" src=\"https:\/\/www.diocesitn.it\/area-testimonianza\/wp-content\/uploads\/sites\/37\/2026\/01\/WhatsApp-Image-2021-10-21-at-06.32.221-225x300.jpg\" alt=\"\" \/><\/a><\/figure>\n<figure class=\"msnry_item\"><a class=\"post-thumbnail-image-link container-fixed-aspect-ratio__16-9\" href=\"https:\/\/www.diocesitn.it\/area-testimonianza\/wp-content\/uploads\/sites\/37\/2026\/01\/WhatsApp-Image-2021-10-21-at-06.32.231-1024x493.jpg\" data-pswp-width=\"1024\" data-pswp-height=\"493\" data-cropped=\"true\" data-caption=\"\"><img decoding=\"async\" src=\"https:\/\/www.diocesitn.it\/area-testimonianza\/wp-content\/uploads\/sites\/37\/2026\/01\/WhatsApp-Image-2021-10-21-at-06.32.231-300x145.jpg\" alt=\"\" \/><\/a><\/figure>\n<figure class=\"msnry_item\"><a class=\"post-thumbnail-image-link container-fixed-aspect-ratio__16-9\" href=\"https:\/\/www.diocesitn.it\/area-testimonianza\/wp-content\/uploads\/sites\/37\/2026\/01\/WhatsApp-Image-2021-10-21-at-06.32.191-1024x768.jpg\" data-pswp-width=\"1024\" data-pswp-height=\"768\" data-cropped=\"true\" data-caption=\"\"><img decoding=\"async\" src=\"https:\/\/www.diocesitn.it\/area-testimonianza\/wp-content\/uploads\/sites\/37\/2026\/01\/WhatsApp-Image-2021-10-21-at-06.32.191-300x225.jpg\" alt=\"\" \/><\/a><\/figure>\n<figure class=\"msnry_item\"><a class=\"post-thumbnail-image-link container-fixed-aspect-ratio__16-9\" href=\"https:\/\/www.diocesitn.it\/area-testimonianza\/wp-content\/uploads\/sites\/37\/2026\/01\/WhatsApp-Image-2021-10-21-at-06.32.232-1024x662.jpg\" data-pswp-width=\"1024\" data-pswp-height=\"662\" data-cropped=\"true\" data-caption=\"\"><img decoding=\"async\" src=\"https:\/\/www.diocesitn.it\/area-testimonianza\/wp-content\/uploads\/sites\/37\/2026\/01\/WhatsApp-Image-2021-10-21-at-06.32.232-300x194.jpg\" alt=\"\" \/><\/a><\/figure>\n<figure class=\"msnry_item\"><a class=\"post-thumbnail-image-link container-fixed-aspect-ratio__16-9\" href=\"https:\/\/www.diocesitn.it\/area-testimonianza\/wp-content\/uploads\/sites\/37\/2026\/01\/WhatsApp-Image-2021-10-21-at-06.32.25-768x1024.jpg\" data-pswp-width=\"768\" data-pswp-height=\"1024\" data-cropped=\"true\" data-caption=\"\"><img decoding=\"async\" src=\"https:\/\/www.diocesitn.it\/area-testimonianza\/wp-content\/uploads\/sites\/37\/2026\/01\/WhatsApp-Image-2021-10-21-at-06.32.25-225x300.jpg\" alt=\"\" \/><\/a><\/figure>\n<figure class=\"msnry_item\"><a class=\"post-thumbnail-image-link container-fixed-aspect-ratio__16-9\" href=\"https:\/\/www.diocesitn.it\/area-testimonianza\/wp-content\/uploads\/sites\/37\/2026\/01\/WhatsApp-Image-2021-10-21-at-07.47.59-1024x675.jpg\" data-pswp-width=\"1024\" data-pswp-height=\"675\" data-cropped=\"true\" data-caption=\"\"><img decoding=\"async\" src=\"https:\/\/www.diocesitn.it\/area-testimonianza\/wp-content\/uploads\/sites\/37\/2026\/01\/WhatsApp-Image-2021-10-21-at-07.47.59-300x198.jpg\" alt=\"\" \/><\/a><\/figure>\n<figure class=\"msnry_item\"><a class=\"post-thumbnail-image-link container-fixed-aspect-ratio__16-9\" href=\"https:\/\/www.diocesitn.it\/area-testimonianza\/wp-content\/uploads\/sites\/37\/2026\/01\/WhatsApp-Image-2021-10-21-at-06.32.13-1024x768.jpg\" data-pswp-width=\"1024\" data-pswp-height=\"768\" data-cropped=\"true\" data-caption=\"\"><img decoding=\"async\" src=\"https:\/\/www.diocesitn.it\/area-testimonianza\/wp-content\/uploads\/sites\/37\/2026\/01\/WhatsApp-Image-2021-10-21-at-06.32.13-300x225.jpg\" alt=\"\" \/><\/a><\/figure>\n<\/div>\n\t\t\t\t<\/div>\n\t\t\t<\/div>\n\t\t<\/div>\n\t\t\t<div class=\"sow-accordion-panel\n\t\t\t\t\"\n\t\t\tdata-anchor-id=\"2020-inizia-il-progetto\">\n\t\t\t\t<div class=\"sow-accordion-panel-header-container\" role=\"heading\" aria-level=\"2\">\n\t\t\t\t\t<div class=\"sow-accordion-panel-header\" tabindex=\"0\" role=\"button\" id=\"accordion-label-2020-inizia-il-progetto\" aria-controls=\"accordion-content-2020-inizia-il-progetto\" aria-expanded=\"false\">\n\t\t\t\t\t\t<div class=\"sow-accordion-title sow-accordion-title-icon-left\">\n\t\t\t\t\t\t\t\t\t\t\t\t\t\t2020 - Inizia il progetto\t\t\t\t\t\t\t\t\t\t\t\t\t<\/div>\n\t\t\t\t\t\t<div class=\"sow-accordion-open-close-button\">\n\t\t\t\t\t\t\t<div class=\"sow-accordion-open-button\">\n\t\t\t\t\t\t\t\t<span class=\"sow-icon-ionicons\" data-sow-icon=\"&#xf218;\"\n\t\t \n\t\taria-hidden=\"true\"><\/span>\t\t\t\t\t\t\t<\/div>\n\t\t\t\t\t\t\t<div class=\"sow-accordion-close-button\">\n\t\t\t\t\t\t\t\t<span class=\"sow-icon-ionicons\" data-sow-icon=\"&#xf209;\"\n\t\t \n\t\taria-hidden=\"true\"><\/span>\t\t\t\t\t\t\t<\/div>\n\t\t\t\t\t\t<\/div>\n\t\t\t\t\t<\/div>\n\t\t\t\t<\/div>\n\n\t\t\t<div\n\t\t\t\tclass=\"sow-accordion-panel-content\"\n\t\t\t\trole=\"region\"\n\t\t\t\taria-labelledby=\"accordion-label-2020-inizia-il-progetto\"\n\t\t\t\tid=\"accordion-content-2020-inizia-il-progetto\"\n\t\t\t\tstyle=\"display: none;\"\t\t\t>\n\t\t\t\t<div class=\"sow-accordion-panel-border\">\n\t\t\t\t\t<h5><strong>Inizia il progetto<\/strong><\/h5>\n<p>Le suore della provvidenza ci raccontano in <a href=\"https:\/\/youtu.be\/kCzE_v5e238\" target=\"_blank\" rel=\"noopener\">questo video<\/a> la loro presenza in Thailandia.<\/p>\n<hr \/>\n<p>Invece in <a href=\"https:\/\/youtu.be\/h3rcn6Snj18\" target=\"_blank\" rel=\"noopener\">questo video<\/a> sr. Jandira ci racconta il progetto mentre ci mostra il terreno da acquistare.<\/p>\n<hr \/>\n<p>Le prime foto<\/p>\n<p>\n\n\t\t<style type='text\/css'>\n\n\t\t\t\/* PhotoSwipe Plugin *\/\n\t\t\t.psgal {\n\t\t\t\tmargin: auto;\n\t\t\t\tpadding-bottom:40px;\n\n\t\t\t\t-webkit-transition: all 0.4s ease;\n\t\t\t\t-moz-transition: all 0.4s ease;\n\t\t\t\t-o-transition: all 0.4s ease;\n\t\t\t\ttransition: all 0.4s ease;\n\t\t\t}\n\n\t\t\t.psgal figure {\n\t\t\t\tfloat: left;\n\t\t\t\ttext-align: center;\n    \t\t\twidth: 200px;\n                max-width: 50%;\n\t\t\t\tpadding:5px;\n\t\t\t\tmargin: 0px;\n\t\t\t\tbox-sizing:border-box;\n\t\t\t}\n\t\t\t.psgal a{\n\t\t\t\tdisplay:block;\n\t\t\t}\n\t\t\t.psgal figure figcaption{\n\t\t\t\tfont-size:13px;\n\t\t\t}\n\n\t\t\t.msnry{\n\t\t\t\tmargin:auto;\n\t\t\t}\n\t\t\t.pswp__caption__center{\n\t\t\t\ttext-align: center;\n\t\t\t}\n\t\t\t\n\n\t\t\t.photoswipe-gallery-caption{\n\t\t\t\tdisplay:none;\n\t\t\t}\n\n\t\t\t\n\t\t<\/style> <div style=\"clear:both\"><\/div>\n\n\t\t<div id=\"psgal_19310_1\" class=\"ps-gallery psgal gallery-columns-3 gallery-size-thumbnail\" itemscope itemtype=\"http:\/\/schema.org\/ImageGallery\" >\n\t\t\t\t<figure class=\"msnry_item\" itemscope itemtype=\"http:\/\/schema.org\/ImageObject\">\n\t\t\t\t\t<a href=\"https:\/\/www.diocesitn.it\/area-testimonianza\/wp-content\/uploads\/sites\/37\/2023\/05\/WhatsApp-Image-2021-10-21-at-06.32.251-768x1024.jpg\"\n\t\t\t\t\titemprop=\"contentUrl\"\n\t\t\t\t\tdata-pswp-width=\"768\" \n\t\t\t\t    data-pswp-height=\"1024\" \n\t\t\t\t    data-cropped=\"true\"\n\t\t\t\t\tdata-caption=\"\"\n\t\t\t\t\tclass=\"post-thumbnail-image-link container-fixed-aspect-ratio__16-9\">\n\t\t\t\t        <img src=https:\/\/www.diocesitn.it\/area-testimonianza\/wp-content\/uploads\/sites\/37\/2023\/05\/WhatsApp-Image-2021-10-21-at-06.32.251-225x300.jpg itemprop=\"thumbnail\" alt=\"\"  \/>\n\t\t\t\t    <\/a>\n\t\t\t\t    <figcaption class=\"photoswipe-gallery-caption\" ><\/figcaption>\n\t\t\t    <\/figure>\n\t\t\t\t\n\t\t\t\t<figure class=\"msnry_item\" itemscope itemtype=\"http:\/\/schema.org\/ImageObject\">\n\t\t\t\t\t<a href=\"https:\/\/www.diocesitn.it\/area-testimonianza\/wp-content\/uploads\/sites\/37\/2023\/05\/WhatsApp-Image-2021-10-21-at-06.32.20-768x1024.jpg\"\n\t\t\t\t\titemprop=\"contentUrl\"\n\t\t\t\t\tdata-pswp-width=\"768\" \n\t\t\t\t    data-pswp-height=\"1024\" \n\t\t\t\t    data-cropped=\"true\"\n\t\t\t\t\tdata-caption=\"\"\n\t\t\t\t\tclass=\"post-thumbnail-image-link container-fixed-aspect-ratio__16-9\">\n\t\t\t\t        <img src=https:\/\/www.diocesitn.it\/area-testimonianza\/wp-content\/uploads\/sites\/37\/2023\/05\/WhatsApp-Image-2021-10-21-at-06.32.20-225x300.jpg itemprop=\"thumbnail\" alt=\"\"  \/>\n\t\t\t\t    <\/a>\n\t\t\t\t    <figcaption class=\"photoswipe-gallery-caption\" ><\/figcaption>\n\t\t\t    <\/figure>\n\t\t\t\t\n\t\t\t\t<figure class=\"msnry_item\" itemscope itemtype=\"http:\/\/schema.org\/ImageObject\">\n\t\t\t\t\t<a href=\"https:\/\/www.diocesitn.it\/area-testimonianza\/wp-content\/uploads\/sites\/37\/2023\/05\/WhatsApp-Image-2021-10-21-at-06.32.22-1024x746.jpg\"\n\t\t\t\t\titemprop=\"contentUrl\"\n\t\t\t\t\tdata-pswp-width=\"800\" \n\t\t\t\t    data-pswp-height=\"583\" \n\t\t\t\t    data-cropped=\"true\"\n\t\t\t\t\tdata-caption=\"\"\n\t\t\t\t\tclass=\"post-thumbnail-image-link container-fixed-aspect-ratio__16-9\">\n\t\t\t\t        <img src=https:\/\/www.diocesitn.it\/area-testimonianza\/wp-content\/uploads\/sites\/37\/2023\/05\/WhatsApp-Image-2021-10-21-at-06.32.22-300x219.jpg itemprop=\"thumbnail\" alt=\"\"  \/>\n\t\t\t\t    <\/a>\n\t\t\t\t    <figcaption class=\"photoswipe-gallery-caption\" ><\/figcaption>\n\t\t\t    <\/figure>\n\t\t\t\t\n\t\t\t\t<figure class=\"msnry_item\" itemscope itemtype=\"http:\/\/schema.org\/ImageObject\">\n\t\t\t\t\t<a href=\"https:\/\/www.diocesitn.it\/area-testimonianza\/wp-content\/uploads\/sites\/37\/2023\/05\/WhatsApp-Image-2021-10-21-at-06.32.21-1024x768.jpg\"\n\t\t\t\t\titemprop=\"contentUrl\"\n\t\t\t\t\tdata-pswp-width=\"800\" \n\t\t\t\t    data-pswp-height=\"600\" \n\t\t\t\t    data-cropped=\"true\"\n\t\t\t\t\tdata-caption=\"\"\n\t\t\t\t\tclass=\"post-thumbnail-image-link container-fixed-aspect-ratio__16-9\">\n\t\t\t\t        <img src=https:\/\/www.diocesitn.it\/area-testimonianza\/wp-content\/uploads\/sites\/37\/2023\/05\/WhatsApp-Image-2021-10-21-at-06.32.21-300x225.jpg itemprop=\"thumbnail\" alt=\"\"  \/>\n\t\t\t\t    <\/a>\n\t\t\t\t    <figcaption class=\"photoswipe-gallery-caption\" ><\/figcaption>\n\t\t\t    <\/figure>\n\t\t\t\t\n\t\t\t\t<figure class=\"msnry_item\" itemscope itemtype=\"http:\/\/schema.org\/ImageObject\">\n\t\t\t\t\t<a href=\"https:\/\/www.diocesitn.it\/area-testimonianza\/wp-content\/uploads\/sites\/37\/2023\/05\/WhatsApp-Image-2021-10-21-at-06.32.19-1024x925.jpg\"\n\t\t\t\t\titemprop=\"contentUrl\"\n\t\t\t\t\tdata-pswp-width=\"800\" \n\t\t\t\t    data-pswp-height=\"723\" \n\t\t\t\t    data-cropped=\"true\"\n\t\t\t\t\tdata-caption=\"\"\n\t\t\t\t\tclass=\"post-thumbnail-image-link container-fixed-aspect-ratio__16-9\">\n\t\t\t\t        <img src=https:\/\/www.diocesitn.it\/area-testimonianza\/wp-content\/uploads\/sites\/37\/2023\/05\/WhatsApp-Image-2021-10-21-at-06.32.19-300x271.jpg itemprop=\"thumbnail\" alt=\"\"  \/>\n\t\t\t\t    <\/a>\n\t\t\t\t    <figcaption class=\"photoswipe-gallery-caption\" ><\/figcaption>\n\t\t\t    <\/figure>\n\t\t\t\t\n\t\t\t\t<figure class=\"msnry_item\" itemscope itemtype=\"http:\/\/schema.org\/ImageObject\">\n\t\t\t\t\t<a href=\"https:\/\/www.diocesitn.it\/area-testimonianza\/wp-content\/uploads\/sites\/37\/2023\/05\/WhatsApp-Image-2021-10-21-at-06.32.24-573x1024.jpg\"\n\t\t\t\t\titemprop=\"contentUrl\"\n\t\t\t\t\tdata-pswp-width=\"573\" \n\t\t\t\t    data-pswp-height=\"1024\" \n\t\t\t\t    data-cropped=\"true\"\n\t\t\t\t\tdata-caption=\"\"\n\t\t\t\t\tclass=\"post-thumbnail-image-link container-fixed-aspect-ratio__16-9\">\n\t\t\t\t        <img src=https:\/\/www.diocesitn.it\/area-testimonianza\/wp-content\/uploads\/sites\/37\/2023\/05\/WhatsApp-Image-2021-10-21-at-06.32.24-168x300.jpg itemprop=\"thumbnail\" alt=\"\"  \/>\n\t\t\t\t    <\/a>\n\t\t\t\t    <figcaption class=\"photoswipe-gallery-caption\" ><\/figcaption>\n\t\t\t    <\/figure>\n\t\t\t\t\n\t\t\t\t<figure class=\"msnry_item\" itemscope itemtype=\"http:\/\/schema.org\/ImageObject\">\n\t\t\t\t\t<a href=\"https:\/\/www.diocesitn.it\/area-testimonianza\/wp-content\/uploads\/sites\/37\/2023\/05\/WhatsApp-Image-2021-10-21-at-06.32.232-1024x662.jpg\"\n\t\t\t\t\titemprop=\"contentUrl\"\n\t\t\t\t\tdata-pswp-width=\"800\" \n\t\t\t\t    data-pswp-height=\"517\" \n\t\t\t\t    data-cropped=\"true\"\n\t\t\t\t\tdata-caption=\"\"\n\t\t\t\t\tclass=\"post-thumbnail-image-link container-fixed-aspect-ratio__16-9\">\n\t\t\t\t        <img src=https:\/\/www.diocesitn.it\/area-testimonianza\/wp-content\/uploads\/sites\/37\/2023\/05\/WhatsApp-Image-2021-10-21-at-06.32.232-300x194.jpg itemprop=\"thumbnail\" alt=\"\"  \/>\n\t\t\t\t    <\/a>\n\t\t\t\t    <figcaption class=\"photoswipe-gallery-caption\" ><\/figcaption>\n\t\t\t    <\/figure>\n\t\t\t\t\n\t\t\t\t<figure class=\"msnry_item\" itemscope itemtype=\"http:\/\/schema.org\/ImageObject\">\n\t\t\t\t\t<a href=\"https:\/\/www.diocesitn.it\/area-testimonianza\/wp-content\/uploads\/sites\/37\/2023\/05\/WhatsApp-Image-2021-10-21-at-06.32.221-768x1024.jpg\"\n\t\t\t\t\titemprop=\"contentUrl\"\n\t\t\t\t\tdata-pswp-width=\"768\" \n\t\t\t\t    data-pswp-height=\"1024\" \n\t\t\t\t    data-cropped=\"true\"\n\t\t\t\t\tdata-caption=\"\"\n\t\t\t\t\tclass=\"post-thumbnail-image-link container-fixed-aspect-ratio__16-9\">\n\t\t\t\t        <img src=https:\/\/www.diocesitn.it\/area-testimonianza\/wp-content\/uploads\/sites\/37\/2023\/05\/WhatsApp-Image-2021-10-21-at-06.32.221-225x300.jpg itemprop=\"thumbnail\" alt=\"\"  \/>\n\t\t\t\t    <\/a>\n\t\t\t\t    <figcaption class=\"photoswipe-gallery-caption\" ><\/figcaption>\n\t\t\t    <\/figure>\n\t\t\t\t\n\t\t\t\t<figure class=\"msnry_item\" itemscope itemtype=\"http:\/\/schema.org\/ImageObject\">\n\t\t\t\t\t<a href=\"https:\/\/www.diocesitn.it\/area-testimonianza\/wp-content\/uploads\/sites\/37\/2023\/05\/WhatsApp-Image-2021-10-21-at-06.32.231-1024x493.jpg\"\n\t\t\t\t\titemprop=\"contentUrl\"\n\t\t\t\t\tdata-pswp-width=\"800\" \n\t\t\t\t    data-pswp-height=\"385\" \n\t\t\t\t    data-cropped=\"true\"\n\t\t\t\t\tdata-caption=\"\"\n\t\t\t\t\tclass=\"post-thumbnail-image-link container-fixed-aspect-ratio__16-9\">\n\t\t\t\t        <img src=https:\/\/www.diocesitn.it\/area-testimonianza\/wp-content\/uploads\/sites\/37\/2023\/05\/WhatsApp-Image-2021-10-21-at-06.32.231-300x145.jpg itemprop=\"thumbnail\" alt=\"\"  \/>\n\t\t\t\t    <\/a>\n\t\t\t\t    <figcaption class=\"photoswipe-gallery-caption\" ><\/figcaption>\n\t\t\t    <\/figure>\n\t\t\t\t\n\t\t\t\t<figure class=\"msnry_item\" itemscope itemtype=\"http:\/\/schema.org\/ImageObject\">\n\t\t\t\t\t<a href=\"https:\/\/www.diocesitn.it\/area-testimonianza\/wp-content\/uploads\/sites\/37\/2023\/05\/WhatsApp-Image-2021-10-21-at-07.47.59-1024x675.jpg\"\n\t\t\t\t\titemprop=\"contentUrl\"\n\t\t\t\t\tdata-pswp-width=\"800\" \n\t\t\t\t    data-pswp-height=\"527\" \n\t\t\t\t    data-cropped=\"true\"\n\t\t\t\t\tdata-caption=\"\"\n\t\t\t\t\tclass=\"post-thumbnail-image-link container-fixed-aspect-ratio__16-9\">\n\t\t\t\t        <img src=https:\/\/www.diocesitn.it\/area-testimonianza\/wp-content\/uploads\/sites\/37\/2023\/05\/WhatsApp-Image-2021-10-21-at-07.47.59-300x198.jpg itemprop=\"thumbnail\" alt=\"\"  \/>\n\t\t\t\t    <\/a>\n\t\t\t\t    <figcaption class=\"photoswipe-gallery-caption\" ><\/figcaption>\n\t\t\t    <\/figure>\n\t\t\t\t\n\t\t\t\t<figure class=\"msnry_item\" itemscope itemtype=\"http:\/\/schema.org\/ImageObject\">\n\t\t\t\t\t<a href=\"https:\/\/www.diocesitn.it\/area-testimonianza\/wp-content\/uploads\/sites\/37\/2023\/05\/Thailandia-1024x561.jpg\"\n\t\t\t\t\titemprop=\"contentUrl\"\n\t\t\t\t\tdata-pswp-width=\"800\" \n\t\t\t\t    data-pswp-height=\"438\" \n\t\t\t\t    data-cropped=\"true\"\n\t\t\t\t\tdata-caption=\"\"\n\t\t\t\t\tclass=\"post-thumbnail-image-link container-fixed-aspect-ratio__16-9\">\n\t\t\t\t        <img src=https:\/\/www.diocesitn.it\/area-testimonianza\/wp-content\/uploads\/sites\/37\/2023\/05\/Thailandia-300x164.jpg itemprop=\"thumbnail\" alt=\"\"  \/>\n\t\t\t\t    <\/a>\n\t\t\t\t    <figcaption class=\"photoswipe-gallery-caption\" ><\/figcaption>\n\t\t\t    <\/figure>\n\t\t\t\t\n\t\t\t\t<figure class=\"msnry_item\" itemscope itemtype=\"http:\/\/schema.org\/ImageObject\">\n\t\t\t\t\t<a href=\"https:\/\/www.diocesitn.it\/area-testimonianza\/wp-content\/uploads\/sites\/37\/2023\/05\/tempio-del-pavone-1024x768.jpg\"\n\t\t\t\t\titemprop=\"contentUrl\"\n\t\t\t\t\tdata-pswp-width=\"800\" \n\t\t\t\t    data-pswp-height=\"600\" \n\t\t\t\t    data-cropped=\"true\"\n\t\t\t\t\tdata-caption=\"\"\n\t\t\t\t\tclass=\"post-thumbnail-image-link container-fixed-aspect-ratio__16-9\">\n\t\t\t\t        <img src=https:\/\/www.diocesitn.it\/area-testimonianza\/wp-content\/uploads\/sites\/37\/2023\/05\/tempio-del-pavone-300x225.jpg itemprop=\"thumbnail\" alt=\"\"  \/>\n\t\t\t\t    <\/a>\n\t\t\t\t    <figcaption class=\"photoswipe-gallery-caption\" ><\/figcaption>\n\t\t\t    <\/figure>\n\t\t\t\t\n\t\t\t\t<figure class=\"msnry_item\" itemscope itemtype=\"http:\/\/schema.org\/ImageObject\">\n\t\t\t\t\t<a href=\"https:\/\/www.diocesitn.it\/area-testimonianza\/wp-content\/uploads\/sites\/37\/2023\/05\/Foto-4-Lia-1024x766.jpg\"\n\t\t\t\t\titemprop=\"contentUrl\"\n\t\t\t\t\tdata-pswp-width=\"800\" \n\t\t\t\t    data-pswp-height=\"598\" \n\t\t\t\t    data-cropped=\"true\"\n\t\t\t\t\tdata-caption=\"\"\n\t\t\t\t\tclass=\"post-thumbnail-image-link container-fixed-aspect-ratio__16-9\">\n\t\t\t\t        <img src=https:\/\/www.diocesitn.it\/area-testimonianza\/wp-content\/uploads\/sites\/37\/2023\/05\/Foto-4-Lia-300x224.jpg itemprop=\"thumbnail\" alt=\"\"  \/>\n\t\t\t\t    <\/a>\n\t\t\t\t    <figcaption class=\"photoswipe-gallery-caption\" ><\/figcaption>\n\t\t\t    <\/figure>\n\t\t\t\t\n\t\t\t\t<figure class=\"msnry_item\" itemscope itemtype=\"http:\/\/schema.org\/ImageObject\">\n\t\t\t\t\t<a href=\"https:\/\/www.diocesitn.it\/area-testimonianza\/wp-content\/uploads\/sites\/37\/2023\/05\/Foto-3-Lia-1024x826.jpg\"\n\t\t\t\t\titemprop=\"contentUrl\"\n\t\t\t\t\tdata-pswp-width=\"800\" \n\t\t\t\t    data-pswp-height=\"645\" \n\t\t\t\t    data-cropped=\"true\"\n\t\t\t\t\tdata-caption=\"\"\n\t\t\t\t\tclass=\"post-thumbnail-image-link container-fixed-aspect-ratio__16-9\">\n\t\t\t\t        <img src=https:\/\/www.diocesitn.it\/area-testimonianza\/wp-content\/uploads\/sites\/37\/2023\/05\/Foto-3-Lia-300x242.jpg itemprop=\"thumbnail\" alt=\"\"  \/>\n\t\t\t\t    <\/a>\n\t\t\t\t    <figcaption class=\"photoswipe-gallery-caption\" ><\/figcaption>\n\t\t\t    <\/figure>\n\t\t\t\t\n\t\t\t\t<figure class=\"msnry_item\" itemscope itemtype=\"http:\/\/schema.org\/ImageObject\">\n\t\t\t\t\t<a href=\"https:\/\/www.diocesitn.it\/area-testimonianza\/wp-content\/uploads\/sites\/37\/2023\/05\/Foto-1-Lia-1024x673.jpg\"\n\t\t\t\t\titemprop=\"contentUrl\"\n\t\t\t\t\tdata-pswp-width=\"800\" \n\t\t\t\t    data-pswp-height=\"526\" \n\t\t\t\t    data-cropped=\"true\"\n\t\t\t\t\tdata-caption=\"\"\n\t\t\t\t\tclass=\"post-thumbnail-image-link container-fixed-aspect-ratio__16-9\">\n\t\t\t\t        <img src=https:\/\/www.diocesitn.it\/area-testimonianza\/wp-content\/uploads\/sites\/37\/2023\/05\/Foto-1-Lia-300x197.jpg itemprop=\"thumbnail\" alt=\"\"  \/>\n\t\t\t\t    <\/a>\n\t\t\t\t    <figcaption class=\"photoswipe-gallery-caption\" ><\/figcaption>\n\t\t\t    <\/figure>\n\t\t\t\t<\/div>\n\t\t<div style='clear:both'><\/div>\n\t<\/p>\n\t\t\t\t<\/div>\n\t\t\t<\/div>\n\t\t<\/div>\n\t\t<\/div>\n<\/div>\n<\/div><\/div><\/div><\/div><div id=\"pg-19310-3\"  class=\"panel-grid panel-no-style\" ><div id=\"pgc-19310-3-0\"  class=\"panel-grid-cell\" ><div id=\"panel-19310-3-0-0\" class=\"so-panel widget widget_sow-button panel-first-child panel-last-child\" data-index=\"9\" ><div\n\t\t\t\n\t\t\tclass=\"so-widget-sow-button so-widget-sow-button-flat-155c36dfec77-19310\"\n\t\t\t\n\t\t><div class=\"ow-button-base ow-button-align-center\"\n>\n\t\t\t<a\n\t\t\t\t\thref=\"https:\/\/www.diocesitn.it\/area-testimonianza\/centro-missionario-diocesano\/progetti-sostenuti-dal-centro-missionario\/\"\n\t\t\t\t\tclass=\"sowb-button ow-icon-placement-left ow-button-hover\" \t>\n\t\t<span>\n\t\t\t\n\t\t\tVai a tutti i progetti\t\t<\/span>\n\t\t\t<\/a>\n\t<\/div>\n<\/div><\/div><\/div><\/div><\/div>","protected":false},"excerpt":{"rendered":"<p>Accoglienza, formazione e lavoro per bambine e ragazze rifugiate. Per\u00a0sostenere economicamente\u00a0questo progetto seguire le indicazioni di\u00a0questa pagina. Segnalare sempre in causale &#8220;Progetto di punta Thailandia&#8221;. Per la\u00a0diffusione di informazioni\u00a0riguardo le realt\u00e0 legate a questo progetto<\/p>\n","protected":false},"author":161,"featured_media":0,"parent":6238,"menu_order":0,"comment_status":"closed","ping_status":"closed","template":"","meta":{"footnotes":""},"class_list":["post-19310","page","type-page","status-publish","hentry"],"acf":{"seed-localization-paese-cod":"IT","seed-localization-address":"","seed-localization-citta":"Trento","seed-localization-regione-cod-istat":"04","seed-localization-citta-cod-istat":"022205","seed-localization-localita":"","seed-localization-cap":"","seed-localization-marker-visibility":false,"seed-localization-children-visibility":false,"seed-localization-kml":"","seed-localization-custom-marker":""},"yoast_head":"<!-- This site is optimized with the Yoast SEO Premium plugin v20.2.1 (Yoast SEO v22.2) - https:\/\/yoast.com\/wordpress\/plugins\/seo\/ -->\n<title>\ud83d\udc67 \ud83d\udc69Thailandia. La Locanda della Felicit\u00e0<\/title>\n<meta name=\"description\" content=\"Il progetto del Centro Missionario in Thailandia che sostiene bambine e ragazze provenienti da situazioni difficili.\" \/>\n<meta name=\"robots\" content=\"index, follow, max-snippet:-1, max-image-preview:large, max-video-preview:-1\" \/>\n<link rel=\"canonical\" href=\"https:\/\/www.diocesitn.it\/area-testimonianza\/centro-missionario-diocesano\/progetti-sostenuti-dal-centro-missionario\/thailandia-locanda\/\" \/>\n<meta property=\"og:locale\" content=\"it_IT\" \/>\n<meta property=\"og:type\" content=\"article\" \/>\n<meta property=\"og:title\" content=\"Thailandia. La Locanda della Felicit\u00e0\" \/>\n<meta property=\"og:description\" content=\"Il progetto del Centro Missionario in Thailandia che sostiene bambine e ragazze provenienti da situazioni difficili.\" \/>\n<meta property=\"og:url\" content=\"https:\/\/www.diocesitn.it\/area-testimonianza\/centro-missionario-diocesano\/progetti-sostenuti-dal-centro-missionario\/thailandia-locanda\/\" \/>\n<meta property=\"og:site_name\" content=\"Testimonianza e Impegno sociale\" \/>\n<meta property=\"article:modified_time\" content=\"2026-01-28T15:26:37+00:00\" \/>\n<meta property=\"og:image\" content=\"https:\/\/www.diocesitn.it\/area-testimonianza\/wp-content\/uploads\/sites\/37\/2021\/09\/og-logo-testimonianza-e-impegno-sociale.jpg\" \/>\n\t<meta property=\"og:image:width\" content=\"1200\" \/>\n\t<meta property=\"og:image:height\" content=\"630\" \/>\n\t<meta property=\"og:image:type\" content=\"image\/jpeg\" \/>\n<meta name=\"twitter:card\" content=\"summary_large_image\" \/>\n<meta name=\"twitter:label1\" content=\"Tempo di lettura stimato\" \/>\n\t<meta name=\"twitter:data1\" content=\"23 minuti\" \/>\n<script type=\"application\/ld+json\" class=\"yoast-schema-graph\">{\"@context\":\"https:\/\/schema.org\",\"@graph\":[{\"@type\":\"WebPage\",\"@id\":\"https:\/\/www.diocesitn.it\/area-testimonianza\/centro-missionario-diocesano\/progetti-sostenuti-dal-centro-missionario\/thailandia-locanda\/\",\"url\":\"https:\/\/www.diocesitn.it\/area-testimonianza\/centro-missionario-diocesano\/progetti-sostenuti-dal-centro-missionario\/thailandia-locanda\/\",\"name\":\"\ud83d\udc67 \ud83d\udc69Thailandia. La Locanda della Felicit\u00e0\",\"isPartOf\":{\"@id\":\"https:\/\/www.diocesitn.it\/area-testimonianza\/#website\"},\"datePublished\":\"2026-01-28T15:26:36+00:00\",\"dateModified\":\"2026-01-28T15:26:37+00:00\",\"description\":\"Il progetto del Centro Missionario in Thailandia che sostiene bambine e ragazze provenienti da situazioni difficili.\",\"breadcrumb\":{\"@id\":\"https:\/\/www.diocesitn.it\/area-testimonianza\/centro-missionario-diocesano\/progetti-sostenuti-dal-centro-missionario\/thailandia-locanda\/#breadcrumb\"},\"inLanguage\":\"it-IT\",\"potentialAction\":[{\"@type\":\"ReadAction\",\"target\":[\"https:\/\/www.diocesitn.it\/area-testimonianza\/centro-missionario-diocesano\/progetti-sostenuti-dal-centro-missionario\/thailandia-locanda\/\"]}]},{\"@type\":\"BreadcrumbList\",\"@id\":\"https:\/\/www.diocesitn.it\/area-testimonianza\/centro-missionario-diocesano\/progetti-sostenuti-dal-centro-missionario\/thailandia-locanda\/#breadcrumb\",\"itemListElement\":[{\"@type\":\"ListItem\",\"position\":1,\"name\":\"Home\",\"item\":\"https:\/\/www.diocesitn.it\/area-testimonianza\/\"},{\"@type\":\"ListItem\",\"position\":2,\"name\":\"Centro Missionario Diocesano\",\"item\":\"https:\/\/www.diocesitn.it\/area-testimonianza\/centro-missionario-diocesano\/\"},{\"@type\":\"ListItem\",\"position\":3,\"name\":\"Progetti sostenuti dal Centro Missionario\",\"item\":\"https:\/\/www.diocesitn.it\/area-testimonianza\/centro-missionario-diocesano\/progetti-sostenuti-dal-centro-missionario\/\"},{\"@type\":\"ListItem\",\"position\":4,\"name\":\"Thailandia. La Locanda della Felicit\u00e0\"}]},{\"@type\":\"WebSite\",\"@id\":\"https:\/\/www.diocesitn.it\/area-testimonianza\/#website\",\"url\":\"https:\/\/www.diocesitn.it\/area-testimonianza\/\",\"name\":\"Testimonianza e Impegno sociale\",\"description\":\"Chiesa di Trento\",\"publisher\":{\"@id\":\"https:\/\/www.diocesitn.it\/area-testimonianza\/#organization\"},\"potentialAction\":[{\"@type\":\"SearchAction\",\"target\":{\"@type\":\"EntryPoint\",\"urlTemplate\":\"https:\/\/www.diocesitn.it\/area-testimonianza\/?s={search_term_string}\"},\"query-input\":\"required name=search_term_string\"}],\"inLanguage\":\"it-IT\"},{\"@type\":[\"Organization\",\"Place\"],\"@id\":\"https:\/\/www.diocesitn.it\/area-testimonianza\/#organization\",\"name\":\"Area Testimonianza e Impegno Sociale - Chiesa di Trento\",\"url\":\"https:\/\/www.diocesitn.it\/area-testimonianza\/\",\"logo\":{\"@id\":\"https:\/\/www.diocesitn.it\/area-testimonianza\/centro-missionario-diocesano\/progetti-sostenuti-dal-centro-missionario\/thailandia-locanda\/#local-main-organization-logo\"},\"image\":{\"@id\":\"https:\/\/www.diocesitn.it\/area-testimonianza\/centro-missionario-diocesano\/progetti-sostenuti-dal-centro-missionario\/thailandia-locanda\/#local-main-organization-logo\"},\"openingHoursSpecification\":[{\"@type\":\"OpeningHoursSpecification\",\"dayOfWeek\":[\"Monday\",\"Tuesday\",\"Wednesday\",\"Thursday\",\"Friday\",\"Saturday\",\"Sunday\"],\"opens\":\"09:00\",\"closes\":\"17:00\"}]},{\"@type\":\"ImageObject\",\"inLanguage\":\"it-IT\",\"@id\":\"https:\/\/www.diocesitn.it\/area-testimonianza\/centro-missionario-diocesano\/progetti-sostenuti-dal-centro-missionario\/thailandia-locanda\/#local-main-organization-logo\",\"url\":\"https:\/\/www.diocesitn.it\/area-testimonianza\/wp-content\/uploads\/sites\/37\/2021\/09\/og-logo-testimonianza-e-impegno-sociale.jpg\",\"contentUrl\":\"https:\/\/www.diocesitn.it\/area-testimonianza\/wp-content\/uploads\/sites\/37\/2021\/09\/og-logo-testimonianza-e-impegno-sociale.jpg\",\"width\":1200,\"height\":630,\"caption\":\"Area Testimonianza e Impegno Sociale - Chiesa di Trento\"}]}<\/script>\n<!-- \/ Yoast SEO Premium plugin. -->","yoast_head_json":{"title":"\ud83d\udc67 \ud83d\udc69Thailandia. La Locanda della Felicit\u00e0","description":"Il progetto del Centro Missionario in Thailandia che sostiene bambine e ragazze provenienti da situazioni difficili.","robots":{"index":"index","follow":"follow","max-snippet":"max-snippet:-1","max-image-preview":"max-image-preview:large","max-video-preview":"max-video-preview:-1"},"canonical":"https:\/\/www.diocesitn.it\/area-testimonianza\/centro-missionario-diocesano\/progetti-sostenuti-dal-centro-missionario\/thailandia-locanda\/","og_locale":"it_IT","og_type":"article","og_title":"Thailandia. La Locanda della Felicit\u00e0","og_description":"Il progetto del Centro Missionario in Thailandia che sostiene bambine e ragazze provenienti da situazioni difficili.","og_url":"https:\/\/www.diocesitn.it\/area-testimonianza\/centro-missionario-diocesano\/progetti-sostenuti-dal-centro-missionario\/thailandia-locanda\/","og_site_name":"Testimonianza e Impegno sociale","article_modified_time":"2026-01-28T15:26:37+00:00","og_image":[{"width":1200,"height":630,"url":"https:\/\/www.diocesitn.it\/area-testimonianza\/wp-content\/uploads\/sites\/37\/2021\/09\/og-logo-testimonianza-e-impegno-sociale.jpg","type":"image\/jpeg"}],"twitter_card":"summary_large_image","twitter_misc":{"Tempo di lettura stimato":"23 minuti"},"schema":{"@context":"https:\/\/schema.org","@graph":[{"@type":"WebPage","@id":"https:\/\/www.diocesitn.it\/area-testimonianza\/centro-missionario-diocesano\/progetti-sostenuti-dal-centro-missionario\/thailandia-locanda\/","url":"https:\/\/www.diocesitn.it\/area-testimonianza\/centro-missionario-diocesano\/progetti-sostenuti-dal-centro-missionario\/thailandia-locanda\/","name":"\ud83d\udc67 \ud83d\udc69Thailandia. La Locanda della Felicit\u00e0","isPartOf":{"@id":"https:\/\/www.diocesitn.it\/area-testimonianza\/#website"},"datePublished":"2026-01-28T15:26:36+00:00","dateModified":"2026-01-28T15:26:37+00:00","description":"Il progetto del Centro Missionario in Thailandia che sostiene bambine e ragazze provenienti da situazioni difficili.","breadcrumb":{"@id":"https:\/\/www.diocesitn.it\/area-testimonianza\/centro-missionario-diocesano\/progetti-sostenuti-dal-centro-missionario\/thailandia-locanda\/#breadcrumb"},"inLanguage":"it-IT","potentialAction":[{"@type":"ReadAction","target":["https:\/\/www.diocesitn.it\/area-testimonianza\/centro-missionario-diocesano\/progetti-sostenuti-dal-centro-missionario\/thailandia-locanda\/"]}]},{"@type":"BreadcrumbList","@id":"https:\/\/www.diocesitn.it\/area-testimonianza\/centro-missionario-diocesano\/progetti-sostenuti-dal-centro-missionario\/thailandia-locanda\/#breadcrumb","itemListElement":[{"@type":"ListItem","position":1,"name":"Home","item":"https:\/\/www.diocesitn.it\/area-testimonianza\/"},{"@type":"ListItem","position":2,"name":"Centro Missionario Diocesano","item":"https:\/\/www.diocesitn.it\/area-testimonianza\/centro-missionario-diocesano\/"},{"@type":"ListItem","position":3,"name":"Progetti sostenuti dal Centro Missionario","item":"https:\/\/www.diocesitn.it\/area-testimonianza\/centro-missionario-diocesano\/progetti-sostenuti-dal-centro-missionario\/"},{"@type":"ListItem","position":4,"name":"Thailandia. La Locanda della Felicit\u00e0"}]},{"@type":"WebSite","@id":"https:\/\/www.diocesitn.it\/area-testimonianza\/#website","url":"https:\/\/www.diocesitn.it\/area-testimonianza\/","name":"Testimonianza e Impegno sociale","description":"Chiesa di Trento","publisher":{"@id":"https:\/\/www.diocesitn.it\/area-testimonianza\/#organization"},"potentialAction":[{"@type":"SearchAction","target":{"@type":"EntryPoint","urlTemplate":"https:\/\/www.diocesitn.it\/area-testimonianza\/?s={search_term_string}"},"query-input":"required name=search_term_string"}],"inLanguage":"it-IT"},{"@type":["Organization","Place"],"@id":"https:\/\/www.diocesitn.it\/area-testimonianza\/#organization","name":"Area Testimonianza e Impegno Sociale - Chiesa di Trento","url":"https:\/\/www.diocesitn.it\/area-testimonianza\/","logo":{"@id":"https:\/\/www.diocesitn.it\/area-testimonianza\/centro-missionario-diocesano\/progetti-sostenuti-dal-centro-missionario\/thailandia-locanda\/#local-main-organization-logo"},"image":{"@id":"https:\/\/www.diocesitn.it\/area-testimonianza\/centro-missionario-diocesano\/progetti-sostenuti-dal-centro-missionario\/thailandia-locanda\/#local-main-organization-logo"},"openingHoursSpecification":[{"@type":"OpeningHoursSpecification","dayOfWeek":["Monday","Tuesday","Wednesday","Thursday","Friday","Saturday","Sunday"],"opens":"09:00","closes":"17:00"}]},{"@type":"ImageObject","inLanguage":"it-IT","@id":"https:\/\/www.diocesitn.it\/area-testimonianza\/centro-missionario-diocesano\/progetti-sostenuti-dal-centro-missionario\/thailandia-locanda\/#local-main-organization-logo","url":"https:\/\/www.diocesitn.it\/area-testimonianza\/wp-content\/uploads\/sites\/37\/2021\/09\/og-logo-testimonianza-e-impegno-sociale.jpg","contentUrl":"https:\/\/www.diocesitn.it\/area-testimonianza\/wp-content\/uploads\/sites\/37\/2021\/09\/og-logo-testimonianza-e-impegno-sociale.jpg","width":1200,"height":630,"caption":"Area Testimonianza e Impegno Sociale - Chiesa di Trento"}]}},"_links":{"self":[{"href":"https:\/\/www.diocesitn.it\/area-testimonianza\/wp-json\/wp\/v2\/pages\/19310","targetHints":{"allow":["GET"]}}],"collection":[{"href":"https:\/\/www.diocesitn.it\/area-testimonianza\/wp-json\/wp\/v2\/pages"}],"about":[{"href":"https:\/\/www.diocesitn.it\/area-testimonianza\/wp-json\/wp\/v2\/types\/page"}],"author":[{"embeddable":true,"href":"https:\/\/www.diocesitn.it\/area-testimonianza\/wp-json\/wp\/v2\/users\/161"}],"replies":[{"embeddable":true,"href":"https:\/\/www.diocesitn.it\/area-testimonianza\/wp-json\/wp\/v2\/comments?post=19310"}],"version-history":[{"count":3,"href":"https:\/\/www.diocesitn.it\/area-testimonianza\/wp-json\/wp\/v2\/pages\/19310\/revisions"}],"predecessor-version":[{"id":19331,"href":"https:\/\/www.diocesitn.it\/area-testimonianza\/wp-json\/wp\/v2\/pages\/19310\/revisions\/19331"}],"up":[{"embeddable":true,"href":"https:\/\/www.diocesitn.it\/area-testimonianza\/wp-json\/wp\/v2\/pages\/6238"}],"wp:attachment":[{"href":"https:\/\/www.diocesitn.it\/area-testimonianza\/wp-json\/wp\/v2\/media?parent=19310"}],"curies":[{"name":"wp","href":"https:\/\/api.w.org\/{rel}","templated":true}]}}