{"id":16313,"date":"2024-11-04T16:43:09","date_gmt":"2024-11-04T15:43:09","guid":{"rendered":"https:\/\/www.diocesitn.it\/area-testimonianza\/?page_id=16313"},"modified":"2025-03-19T14:23:04","modified_gmt":"2025-03-19T13:23:04","slug":"i-lunedi-della-missione-2024-2025","status":"publish","type":"page","link":"https:\/\/www.diocesitn.it\/area-testimonianza\/centro-missionario-diocesano\/appuntamenti-missionari\/i-lunedi-della-missione-2024-2025\/","title":{"rendered":"I luned\u00ec della missione 2024-2025"},"content":{"rendered":"<div id=\"pl-16313\"  class=\"panel-layout\" ><div id=\"pg-16313-0\"  class=\"panel-grid panel-no-style\" ><div id=\"pgc-16313-0-0\"  class=\"panel-grid-cell\" ><div id=\"panel-16313-0-0-0\" class=\"so-panel widget widget_sow-editor panel-first-child panel-last-child\" data-index=\"0\" ><div\n\t\t\t\n\t\t\tclass=\"so-widget-sow-editor so-widget-sow-editor-base\"\n\t\t\t\n\t\t>\n<div class=\"siteorigin-widget-tinymce textwidget\">\n\t<header class=\"entry-header\"><\/header>\n<div class=\"entry-content\">\n<div id=\":oh\" class=\"ii gt\">\n<div id=\":og\" class=\"a3s aiL \">\n<p dir=\"auto\">Da anni i luned\u00ec della missione tentano di fornire degli strumenti di formazione e informazione sul mondo uscendo da una narrazione diseguale e dando voce a chi sta a fianco alle persone nelle periferie di questo pianeta. Quest' anno <strong>il Volto Prossimo<\/strong> \u00e8 un tema che si snoder\u00e0 in 5 puntate rendendo protagonisti zone dimenticate dei 5 continenti.<\/p>\n<\/div>\n<\/div>\n<h4 style=\"text-align: center\"><span style=\"color: #000000\">Gli incontri si svolgeranno ONLINE <\/span><\/h4>\n<h4 style=\"text-align: center\"><span style=\"color: #000000\">sul canale YouTube <a href=\"https:\/\/www.youtube.com\/@lunedidellamissione\" target=\"_blank\" rel=\"noopener\">@Luned\u00ecdellamissione<\/a> dalle ore 20.45 <\/span><\/h4>\n<h4 style=\"text-align: center\"><span style=\"color: #000000\">sono ancora visionabili le puntate degli anni passati.<\/span><\/h4>\n<\/div>\n<\/div>\n<\/div><\/div><\/div><\/div><div id=\"pg-16313-1\"  class=\"panel-grid panel-no-style\" ><div id=\"pgc-16313-1-0\"  class=\"panel-grid-cell\" ><div id=\"panel-16313-1-0-0\" class=\"so-panel widget widget_sow-button panel-first-child panel-last-child\" data-index=\"1\" ><div\n\t\t\t\n\t\t\tclass=\"so-widget-sow-button so-widget-sow-button-flat-155c36dfec77-16313\"\n\t\t\t\n\t\t><div class=\"ow-button-base ow-button-align-center\"\n>\n\t\t\t<a\n\t\t\t\t\thref=\"https:\/\/www.youtube.com\/@lunedidellamissione\"\n\t\t\t\t\tclass=\"sowb-button ow-icon-placement-left ow-button-hover\" target=\"_blank\" rel=\"noopener noreferrer\" \t>\n\t\t<span>\n\t\t\t\n\t\t\tIscriviti al CANALE YOUTUBE\t\t<\/span>\n\t\t\t<\/a>\n\t<\/div>\n<\/div><\/div><\/div><div id=\"pgc-16313-1-1\"  class=\"panel-grid-cell\" ><div id=\"panel-16313-1-1-0\" class=\"so-panel widget widget_sow-button panel-first-child panel-last-child\" data-index=\"2\" ><div\n\t\t\t\n\t\t\tclass=\"so-widget-sow-button so-widget-sow-button-flat-155c36dfec77-16313\"\n\t\t\t\n\t\t><div class=\"ow-button-base ow-button-align-center\"\n>\n\t\t\t<a\n\t\t\t\t\thref=\"https:\/\/chat.whatsapp.com\/DUA95yhCFWY2rRYFtellph\"\n\t\t\t\t\tclass=\"sowb-button ow-icon-placement-left ow-button-hover\" target=\"_blank\" rel=\"noopener noreferrer\" \t>\n\t\t<span>\n\t\t\t\n\t\t\tIscriviti alla COMUNITY WHATSAPP\t\t<\/span>\n\t\t\t<\/a>\n\t<\/div>\n<\/div><\/div><\/div><div id=\"pgc-16313-1-2\"  class=\"panel-grid-cell\" ><div id=\"panel-16313-1-2-0\" class=\"so-panel widget widget_sow-button panel-first-child panel-last-child\" data-index=\"3\" ><div\n\t\t\t\n\t\t\tclass=\"so-widget-sow-button so-widget-sow-button-flat-155c36dfec77-16313\"\n\t\t\t\n\t\t><div class=\"ow-button-base ow-button-align-center\"\n>\n\t\t\t<a\n\t\t\t\t\thref=\"https:\/\/www.instagram.com\/lunedidellamissione\/\"\n\t\t\t\t\tclass=\"sowb-button ow-icon-placement-left ow-button-hover\" target=\"_blank\" rel=\"noopener noreferrer\" \t>\n\t\t<span>\n\t\t\t\n\t\t\tIscriviti a INSTAGRAM\t\t<\/span>\n\t\t\t<\/a>\n\t<\/div>\n<\/div><\/div><\/div><\/div><div id=\"pg-16313-2\"  class=\"panel-grid panel-no-style\" ><div id=\"pgc-16313-2-0\"  class=\"panel-grid-cell\" ><div id=\"panel-16313-2-0-0\" class=\"so-panel widget widget_widget_sp_image widget_sp_image panel-first-child panel-last-child\" data-index=\"4\" ><img loading=\"lazy\" decoding=\"async\" width=\"800\" height=\"132\" class=\"attachment-large aligncenter\" style=\"max-width: 100%;\" srcset=\"https:\/\/www.diocesitn.it\/area-testimonianza\/wp-content\/uploads\/sites\/37\/2024\/11\/LdM-2024-25_banner-1024x169.jpg 1024w, https:\/\/www.diocesitn.it\/area-testimonianza\/wp-content\/uploads\/sites\/37\/2024\/11\/LdM-2024-25_banner-300x50.jpg 300w, https:\/\/www.diocesitn.it\/area-testimonianza\/wp-content\/uploads\/sites\/37\/2024\/11\/LdM-2024-25_banner-768x127.jpg 768w, https:\/\/www.diocesitn.it\/area-testimonianza\/wp-content\/uploads\/sites\/37\/2024\/11\/LdM-2024-25_banner-360x59.jpg 360w, https:\/\/www.diocesitn.it\/area-testimonianza\/wp-content\/uploads\/sites\/37\/2024\/11\/LdM-2024-25_banner-1536x254.jpg 1536w, https:\/\/www.diocesitn.it\/area-testimonianza\/wp-content\/uploads\/sites\/37\/2024\/11\/LdM-2024-25_banner-800x132.jpg 800w, https:\/\/www.diocesitn.it\/area-testimonianza\/wp-content\/uploads\/sites\/37\/2024\/11\/LdM-2024-25_banner-1200x198.jpg 1200w, https:\/\/www.diocesitn.it\/area-testimonianza\/wp-content\/uploads\/sites\/37\/2024\/11\/LdM-2024-25_banner-1320x218.jpg 1320w, https:\/\/www.diocesitn.it\/area-testimonianza\/wp-content\/uploads\/sites\/37\/2024\/11\/LdM-2024-25_banner.jpg 1707w\" sizes=\"auto, (max-width: 800px) 100vw, 800px\" src=\"https:\/\/www.diocesitn.it\/area-testimonianza\/wp-content\/uploads\/sites\/37\/2024\/11\/LdM-2024-25_banner-1024x169.jpg\" \/><\/div><\/div><\/div><div id=\"pg-16313-3\"  class=\"panel-grid panel-has-style\" ><div class=\"so-rounded panel-row-style panel-row-style-for-16313-3\" ><div id=\"pgc-16313-3-0\"  class=\"panel-grid-cell\" ><div id=\"panel-16313-3-0-0\" class=\"so-panel widget widget_media_image panel-first-child panel-last-child\" data-index=\"5\" ><img loading=\"lazy\" decoding=\"async\" width=\"240\" height=\"300\" src=\"https:\/\/www.diocesitn.it\/area-testimonianza\/wp-content\/uploads\/sites\/37\/2025\/03\/LdM-2025.03.17-240x300.jpg\" class=\"image wp-image-17207  attachment-medium size-medium\" alt=\"\" style=\"max-width: 100%; height: auto;\" srcset=\"https:\/\/www.diocesitn.it\/area-testimonianza\/wp-content\/uploads\/sites\/37\/2025\/03\/LdM-2025.03.17-240x300.jpg 240w, https:\/\/www.diocesitn.it\/area-testimonianza\/wp-content\/uploads\/sites\/37\/2025\/03\/LdM-2025.03.17-819x1024.jpg 819w, https:\/\/www.diocesitn.it\/area-testimonianza\/wp-content\/uploads\/sites\/37\/2025\/03\/LdM-2025.03.17-768x960.jpg 768w, https:\/\/www.diocesitn.it\/area-testimonianza\/wp-content\/uploads\/sites\/37\/2025\/03\/LdM-2025.03.17-224x280.jpg 224w, https:\/\/www.diocesitn.it\/area-testimonianza\/wp-content\/uploads\/sites\/37\/2025\/03\/LdM-2025.03.17-615x768.jpg 615w, https:\/\/www.diocesitn.it\/area-testimonianza\/wp-content\/uploads\/sites\/37\/2025\/03\/LdM-2025.03.17-800x1000.jpg 800w, https:\/\/www.diocesitn.it\/area-testimonianza\/wp-content\/uploads\/sites\/37\/2025\/03\/LdM-2025.03.17.jpg 1081w\" sizes=\"auto, (max-width: 240px) 100vw, 240px\" \/><\/div><\/div><div id=\"pgc-16313-3-1\"  class=\"panel-grid-cell\" ><div id=\"panel-16313-3-1-0\" class=\"so-panel widget widget_sow-editor panel-first-child panel-last-child\" data-index=\"6\" ><div\n\t\t\t\n\t\t\tclass=\"so-widget-sow-editor so-widget-sow-editor-base\"\n\t\t\t\n\t\t><h3 class=\"widget-title\">Oceania: isole di speranza<\/h3>\n<div class=\"siteorigin-widget-tinymce textwidget\">\n\t<p dir=\"auto\">Voleremo su un aereo ultraleggero con un vescovo delle Isole Salomone, <strong>Mons. Luciano Capelli<\/strong>, salesiano, dal 1965 nelle isole Filippine e dal 1999 in nuova grande sfida: portare l\u2019opera di Don Bosco agli \u201cestremi confini della terra\u201d, nelle aree dell\u2019Oceano Pacifico centro \u2013 meridionale in una Diocesi, quella di Gizo, con parrocchie distanti tra loro centinaia di km di oceano.<\/p>\n<p dir=\"auto\">Ci inoltreremo poi nel cuore delle foreste tropicali di Papua Nuova Guinea con<strong> suor Chiara Colombo<\/strong>, missionaria delle Suore dell\u2019Immacolata del Pime da 9 anni laggi\u00f9 in quell\u2019isola sopra l\u2019Australia.<\/p>\n<p dir=\"auto\">Popoli indigeni, economie di sussistenza, atolli minacciati dall'innalzamento del mare, democrazie giovani e fragili alla merc\u00e9 delle multinazionali, comunit\u00e0 parrocchiali tra gli atolli, unite tra loro dall'oceano e dalla speranza che qui da noi ci si ricordi di loro: l'Oceania ci insegna ad ascoltare la natura, i fratelli pi\u00f9 lontani e il nostro sogno di un cristianesimo liberante, pi\u00f9 vicino agli oppressi.<\/p>\n<\/div>\n<\/div><\/div><\/div><div id=\"pgc-16313-3-2\"  class=\"panel-grid-cell\" ><div id=\"panel-16313-3-2-0\" class=\"so-panel widget widget_media_video panel-first-child panel-last-child\" data-index=\"7\" ><div style=\"width:100%;\" class=\"wp-video\"><!--[if lt IE 9]><script>document.createElement('video');<\/script><![endif]-->\n<video class=\"wp-video-shortcode\" id=\"video-16313-1\" preload=\"metadata\" controls=\"controls\"><source type=\"video\/youtube\" src=\"https:\/\/www.youtube.com\/watch?v=oh7CVN7kxfY&#038;_=1\" \/><a href=\"https:\/\/www.youtube.com\/watch?v=oh7CVN7kxfY\">https:\/\/www.youtube.com\/watch?v=oh7CVN7kxfY<\/a><\/video><\/div><\/div><\/div><\/div><\/div><div id=\"pg-16313-4\"  class=\"panel-grid panel-has-style\" ><div class=\"so-rounded panel-row-style panel-row-style-for-16313-4\" ><div id=\"pgc-16313-4-0\"  class=\"panel-grid-cell\" ><div id=\"panel-16313-4-0-0\" class=\"so-panel widget widget_media_image panel-first-child panel-last-child\" data-index=\"8\" ><img loading=\"lazy\" decoding=\"async\" width=\"240\" height=\"300\" src=\"https:\/\/www.diocesitn.it\/area-testimonianza\/wp-content\/uploads\/sites\/37\/2025\/02\/LdM-2025.02.17-IG2-240x300.jpg\" class=\"image wp-image-16966  attachment-medium size-medium\" alt=\"\" style=\"max-width: 100%; height: auto;\" srcset=\"https:\/\/www.diocesitn.it\/area-testimonianza\/wp-content\/uploads\/sites\/37\/2025\/02\/LdM-2025.02.17-IG2-240x300.jpg 240w, https:\/\/www.diocesitn.it\/area-testimonianza\/wp-content\/uploads\/sites\/37\/2025\/02\/LdM-2025.02.17-IG2-820x1024.jpg 820w, https:\/\/www.diocesitn.it\/area-testimonianza\/wp-content\/uploads\/sites\/37\/2025\/02\/LdM-2025.02.17-IG2-768x959.jpg 768w, https:\/\/www.diocesitn.it\/area-testimonianza\/wp-content\/uploads\/sites\/37\/2025\/02\/LdM-2025.02.17-IG2-224x280.jpg 224w, https:\/\/www.diocesitn.it\/area-testimonianza\/wp-content\/uploads\/sites\/37\/2025\/02\/LdM-2025.02.17-IG2-615x768.jpg 615w, https:\/\/www.diocesitn.it\/area-testimonianza\/wp-content\/uploads\/sites\/37\/2025\/02\/LdM-2025.02.17-IG2-800x999.jpg 800w, https:\/\/www.diocesitn.it\/area-testimonianza\/wp-content\/uploads\/sites\/37\/2025\/02\/LdM-2025.02.17-IG2.jpg 1081w\" sizes=\"auto, (max-width: 240px) 100vw, 240px\" \/><\/div><\/div><div id=\"pgc-16313-4-1\"  class=\"panel-grid-cell\" ><div id=\"panel-16313-4-1-0\" class=\"so-panel widget widget_sow-editor panel-first-child panel-last-child\" data-index=\"9\" ><div\n\t\t\t\n\t\t\tclass=\"so-widget-sow-editor so-widget-sow-editor-base\"\n\t\t\t\n\t\t><h3 class=\"widget-title\">America al femminile<\/h3>\n<div class=\"siteorigin-widget-tinymce textwidget\">\n\t<p><span>L\u2019America di cui si parla in questi giorni sembra essere solo quella di Trump e Musk: \u00e8 quella dei dazi doganali, dei nazionalismi pericolosamente redivivi, del tentato golpe in Brasile o delle violenze in Colombia, delle democrazie fragili e dei cartelli della droga che spadroneggiano\u2026 <\/span><\/p>\n<p><span>Ma qual \u00e8 \u201cil Volto Prossimo\u201d che davvero si incontra in America? Di cosa parla l\u2019America al femminile dei piccoli pueblos sparsi tra Ande e Amazzonia? Riusciamo a dare voce a quelle comunit\u00e0 indigene? Riusciamo ad ascoltare le donne migranti e le missionarie che le accompagnano? <\/span><span>Negli ultimi anni, la condizione della donna in America Latina \u00e8 migliorata? E le piccole realt\u00e0 diocesane che ruolo hanno avuto? <\/span><\/p>\n<p><span>Coltivare insieme il desiderio di sostenere a distanza un movimento popolare che cerca pari dignit\u00e0 per le donne e per gli uomini di quel Continente ci regala insegnamenti da portare a casa nostra. Dal loro coraggio e dalle loro fatiche possiamo scavalcare l\u2019onda dell\u2019ultima notizia inoltrandoci nel profondo di una Chiesa e di una societ\u00e0 che cambia, che si evolve, che semina speranza per un futuro migliore in mezzo alle cronache e agli eventi che occupano le prime pagine del presente.<\/span><\/p>\n<\/div>\n<\/div><\/div><\/div><div id=\"pgc-16313-4-2\"  class=\"panel-grid-cell\" ><div id=\"panel-16313-4-2-0\" class=\"so-panel widget widget_media_video panel-first-child panel-last-child\" data-index=\"10\" ><div style=\"width:100%;\" class=\"wp-video\"><video class=\"wp-video-shortcode\" id=\"video-16313-2\" preload=\"metadata\" controls=\"controls\"><source type=\"video\/youtube\" src=\"https:\/\/www.youtube.com\/watch?v=hYtnLFcmvVg&#038;_=2\" \/><a href=\"https:\/\/www.youtube.com\/watch?v=hYtnLFcmvVg\">https:\/\/www.youtube.com\/watch?v=hYtnLFcmvVg<\/a><\/video><\/div><\/div><\/div><\/div><\/div><div id=\"pg-16313-5\"  class=\"panel-grid panel-has-style\" ><div class=\"so-rounded panel-row-style panel-row-style-for-16313-5\" ><div id=\"pgc-16313-5-0\"  class=\"panel-grid-cell\" ><div id=\"panel-16313-5-0-0\" class=\"so-panel widget widget_media_image panel-first-child panel-last-child\" data-index=\"11\" ><img loading=\"lazy\" decoding=\"async\" width=\"300\" height=\"300\" src=\"https:\/\/www.diocesitn.it\/area-testimonianza\/wp-content\/uploads\/sites\/37\/2025\/01\/LdM-25.01.20_square2-300x300.jpg\" class=\"image wp-image-16880  attachment-medium size-medium\" alt=\"\" style=\"max-width: 100%; height: auto;\" srcset=\"https:\/\/www.diocesitn.it\/area-testimonianza\/wp-content\/uploads\/sites\/37\/2025\/01\/LdM-25.01.20_square2-300x300.jpg 300w, https:\/\/www.diocesitn.it\/area-testimonianza\/wp-content\/uploads\/sites\/37\/2025\/01\/LdM-25.01.20_square2-1024x1024.jpg 1024w, https:\/\/www.diocesitn.it\/area-testimonianza\/wp-content\/uploads\/sites\/37\/2025\/01\/LdM-25.01.20_square2-150x150.jpg 150w, https:\/\/www.diocesitn.it\/area-testimonianza\/wp-content\/uploads\/sites\/37\/2025\/01\/LdM-25.01.20_square2-768x767.jpg 768w, https:\/\/www.diocesitn.it\/area-testimonianza\/wp-content\/uploads\/sites\/37\/2025\/01\/LdM-25.01.20_square2-200x200.jpg 200w, https:\/\/www.diocesitn.it\/area-testimonianza\/wp-content\/uploads\/sites\/37\/2025\/01\/LdM-25.01.20_square2-280x280.jpg 280w, https:\/\/www.diocesitn.it\/area-testimonianza\/wp-content\/uploads\/sites\/37\/2025\/01\/LdM-25.01.20_square2-769x768.jpg 769w, https:\/\/www.diocesitn.it\/area-testimonianza\/wp-content\/uploads\/sites\/37\/2025\/01\/LdM-25.01.20_square2-800x799.jpg 800w, https:\/\/www.diocesitn.it\/area-testimonianza\/wp-content\/uploads\/sites\/37\/2025\/01\/LdM-25.01.20_square2.jpg 1201w\" sizes=\"auto, (max-width: 300px) 100vw, 300px\" \/><\/div><\/div><div id=\"pgc-16313-5-1\"  class=\"panel-grid-cell\" ><div id=\"panel-16313-5-1-0\" class=\"so-panel widget widget_sow-editor panel-first-child panel-last-child\" data-index=\"12\" ><div\n\t\t\t\n\t\t\tclass=\"so-widget-sow-editor so-widget-sow-editor-base\"\n\t\t\t\n\t\t><h3 class=\"widget-title\">Svezia tra credenti e non credenti<\/h3>\n<div class=\"siteorigin-widget-tinymce textwidget\">\n\t<p>Quando parliamo di terra di missione di solito ci immaginiamo paesaggi esotici: Africa o Estremo Oriente, indios dell\u2019America Latina o missionari in mezzo all\u2019Oceano Pacifico.<\/p>\n<p>E se la missione invece fosse appena fuori dall\u2019uscio di casa?<\/p>\n<p>S\u00ec, preparando il prossimo luned\u00ec della missione credevamo di affrontare concetti difficili come ecumenismo, dialogo interreligioso e secolarizzazione nella profonda Europa del Nord, poi ci siamo accorti che stavamo riflettendo su casa mia e casa tua, di quello che c\u2019\u00e8 fuori nel corridoio del nostro condominio; in quartiere; in giro per le vie delle nostre citt\u00e0...<\/p>\n<p>In questa puntata <strong>Margareta Emr\u00e9n, Lidia Fioravanti e Lucia Moser \"Maria Luce\"<\/strong> ci parlano della loro esperienza attorno al focolare di Stoccolma in Svezia. Ci immaginiamo cos\u00ec un Nord Europa che intreccia cristiani cattolici e protestanti, che vede convivere piccole comunit\u00e0 cattoliche tra musulmani e non credenti; ma poi, dando la parola a <strong>don Cristiano Bettega<\/strong>, parroco in una unit\u00e0 pastorale a Trento, forse scopriamo che non stiamo parlando semplicemente di Svezia, ma di noi. Stiamo cercando una fede capace di accogliere le proprie paure e di trasformarle in speranza.<\/p>\n<p>Incontrare chi \u00e8 diverso \u00e8 scomodo, ma poi la sorpresa d\u00e0 spazio al bene incalcolabile e invisibile dal nostro striminzito punto di vista. In Svezia o a casa nostra respiriamo questa bellezza ogni volta che cogliamo l\u2019occasione di fare comunit\u00e0. Raccontiamola in giro, discutiamone insieme mostrando il link dei luned\u00ec della missione lasciando un commento sotto al video.<\/p>\n<\/div>\n<\/div><\/div><\/div><div id=\"pgc-16313-5-2\"  class=\"panel-grid-cell\" ><div id=\"panel-16313-5-2-0\" class=\"so-panel widget widget_media_video panel-first-child panel-last-child\" data-index=\"13\" ><div style=\"width:100%;\" class=\"wp-video\"><video class=\"wp-video-shortcode\" id=\"video-16313-3\" preload=\"metadata\" controls=\"controls\"><source type=\"video\/youtube\" src=\"https:\/\/www.youtube.com\/watch?v=Yhwj7qGVdco&#038;_=3\" \/><a href=\"https:\/\/www.youtube.com\/watch?v=Yhwj7qGVdco\">https:\/\/www.youtube.com\/watch?v=Yhwj7qGVdco<\/a><\/video><\/div><\/div><\/div><\/div><\/div><div id=\"pg-16313-6\"  class=\"panel-grid panel-has-style\" ><div class=\"so-rounded panel-row-style panel-row-style-for-16313-6\" ><div id=\"pgc-16313-6-0\"  class=\"panel-grid-cell\" ><div id=\"panel-16313-6-0-0\" class=\"so-panel widget widget_media_image panel-first-child panel-last-child\" data-index=\"14\" ><img loading=\"lazy\" decoding=\"async\" width=\"300\" height=\"300\" src=\"https:\/\/www.diocesitn.it\/area-testimonianza\/wp-content\/uploads\/sites\/37\/2024\/12\/LdM-2024.12.16-16-12-24_square2-300x300.jpg\" class=\"image wp-image-16574  attachment-medium size-medium\" alt=\"\" style=\"max-width: 100%; height: auto;\" srcset=\"https:\/\/www.diocesitn.it\/area-testimonianza\/wp-content\/uploads\/sites\/37\/2024\/12\/LdM-2024.12.16-16-12-24_square2-300x300.jpg 300w, https:\/\/www.diocesitn.it\/area-testimonianza\/wp-content\/uploads\/sites\/37\/2024\/12\/LdM-2024.12.16-16-12-24_square2-1024x1024.jpg 1024w, https:\/\/www.diocesitn.it\/area-testimonianza\/wp-content\/uploads\/sites\/37\/2024\/12\/LdM-2024.12.16-16-12-24_square2-150x150.jpg 150w, https:\/\/www.diocesitn.it\/area-testimonianza\/wp-content\/uploads\/sites\/37\/2024\/12\/LdM-2024.12.16-16-12-24_square2-768x767.jpg 768w, https:\/\/www.diocesitn.it\/area-testimonianza\/wp-content\/uploads\/sites\/37\/2024\/12\/LdM-2024.12.16-16-12-24_square2-200x200.jpg 200w, https:\/\/www.diocesitn.it\/area-testimonianza\/wp-content\/uploads\/sites\/37\/2024\/12\/LdM-2024.12.16-16-12-24_square2-280x280.jpg 280w, https:\/\/www.diocesitn.it\/area-testimonianza\/wp-content\/uploads\/sites\/37\/2024\/12\/LdM-2024.12.16-16-12-24_square2-769x768.jpg 769w, https:\/\/www.diocesitn.it\/area-testimonianza\/wp-content\/uploads\/sites\/37\/2024\/12\/LdM-2024.12.16-16-12-24_square2-800x799.jpg 800w, https:\/\/www.diocesitn.it\/area-testimonianza\/wp-content\/uploads\/sites\/37\/2024\/12\/LdM-2024.12.16-16-12-24_square2.jpg 1201w\" sizes=\"auto, (max-width: 300px) 100vw, 300px\" \/><\/div><\/div><div id=\"pgc-16313-6-1\"  class=\"panel-grid-cell\" ><div id=\"panel-16313-6-1-0\" class=\"so-panel widget widget_sow-editor panel-first-child panel-last-child\" data-index=\"15\" ><div\n\t\t\t\n\t\t\tclass=\"so-widget-sow-editor so-widget-sow-editor-base\"\n\t\t\t\n\t\t><h3 class=\"widget-title\">Nuove generazioni in Thailandia<\/h3>\n<div class=\"siteorigin-widget-tinymce textwidget\">\n\t<p>Qual \u00e8 \u201cil Volto Prossimo\u201d che le missionarie e i missionari incontrano nel lontano Sud-Est Asiatico?<\/p>\n<p>In questa puntata sono protagonisti bambine e bambini incontrati da <strong>suor Angela Bettarini<\/strong>, missionaria saveriana, e da <strong>Miriam Maniero<\/strong>, volontaria di Caritas Italiana. Da una parte l\u2019abbandono scolastico, lo sfruttamento lavorativo, le migrazioni forzate dalla Birmania, il problema della prostituzione e del turismo sessuale; dall\u2019altra l\u2019impegno di chi va nelle strade, si affianca per i doposcuola, trova lavoro alle madri e un alloggio per gli orfani e per chi \u00e8 stato abbandonato per via di una qualche forma di disabilit\u00e0.<\/p>\n<p>Tante storie, tanti volti.\u00a0Su quale storia soster\u00e0 il tuo cuore?<\/p>\n<p>E dove potrai mettere la tua cura e il tuo impegno dopo aver visto questa puntata?<\/p>\n<\/div>\n<\/div><\/div><\/div><div id=\"pgc-16313-6-2\"  class=\"panel-grid-cell\" ><div id=\"panel-16313-6-2-0\" class=\"so-panel widget widget_media_video panel-first-child panel-last-child\" data-index=\"16\" ><div style=\"width:100%;\" class=\"wp-video\"><video class=\"wp-video-shortcode\" id=\"video-16313-4\" preload=\"metadata\" controls=\"controls\"><source type=\"video\/youtube\" src=\"https:\/\/www.youtube.com\/watch?v=0qpWJUfurdU&#038;_=4\" \/><a href=\"https:\/\/www.youtube.com\/watch?v=0qpWJUfurdU\">https:\/\/www.youtube.com\/watch?v=0qpWJUfurdU<\/a><\/video><\/div><\/div><\/div><\/div><\/div><div id=\"pg-16313-7\"  class=\"panel-grid panel-has-style\" ><div class=\"so-rounded panel-row-style panel-row-style-for-16313-7\" ><div id=\"pgc-16313-7-0\"  class=\"panel-grid-cell\" ><div id=\"panel-16313-7-0-0\" class=\"so-panel widget widget_media_image panel-first-child panel-last-child\" data-index=\"17\" ><a href=\"https:\/\/www.youtube.com\/watch?v=SLGC_0xjiLQ\"><img loading=\"lazy\" decoding=\"async\" width=\"300\" height=\"300\" src=\"https:\/\/www.diocesitn.it\/area-testimonianza\/wp-content\/uploads\/sites\/37\/2024\/11\/LdM-18-11-24_square2-300x300.jpg\" class=\"image wp-image-16315  attachment-medium size-medium\" alt=\"\" style=\"max-width: 100%; height: auto;\" srcset=\"https:\/\/www.diocesitn.it\/area-testimonianza\/wp-content\/uploads\/sites\/37\/2024\/11\/LdM-18-11-24_square2-300x300.jpg 300w, https:\/\/www.diocesitn.it\/area-testimonianza\/wp-content\/uploads\/sites\/37\/2024\/11\/LdM-18-11-24_square2-1024x1024.jpg 1024w, https:\/\/www.diocesitn.it\/area-testimonianza\/wp-content\/uploads\/sites\/37\/2024\/11\/LdM-18-11-24_square2-150x150.jpg 150w, https:\/\/www.diocesitn.it\/area-testimonianza\/wp-content\/uploads\/sites\/37\/2024\/11\/LdM-18-11-24_square2-768x767.jpg 768w, https:\/\/www.diocesitn.it\/area-testimonianza\/wp-content\/uploads\/sites\/37\/2024\/11\/LdM-18-11-24_square2-200x200.jpg 200w, https:\/\/www.diocesitn.it\/area-testimonianza\/wp-content\/uploads\/sites\/37\/2024\/11\/LdM-18-11-24_square2-280x280.jpg 280w, https:\/\/www.diocesitn.it\/area-testimonianza\/wp-content\/uploads\/sites\/37\/2024\/11\/LdM-18-11-24_square2-769x768.jpg 769w, https:\/\/www.diocesitn.it\/area-testimonianza\/wp-content\/uploads\/sites\/37\/2024\/11\/LdM-18-11-24_square2-800x799.jpg 800w, https:\/\/www.diocesitn.it\/area-testimonianza\/wp-content\/uploads\/sites\/37\/2024\/11\/LdM-18-11-24_square2.jpg 1201w\" sizes=\"auto, (max-width: 300px) 100vw, 300px\" \/><\/a><\/div><\/div><div id=\"pgc-16313-7-1\"  class=\"panel-grid-cell\" ><div id=\"panel-16313-7-1-0\" class=\"so-panel widget widget_sow-editor panel-first-child panel-last-child\" data-index=\"18\" ><div\n\t\t\t\n\t\t\tclass=\"so-widget-sow-editor so-widget-sow-editor-base\"\n\t\t\t\n\t\t><h3 class=\"widget-title\">In cammino per il Sahara<\/h3>\n<div class=\"siteorigin-widget-tinymce textwidget\">\n\t<p>La politica italiana ed europea sembra guardare solo all'ultimo miglio, all'approdo nelle nostre coste di persone in fuga dal Nord Africa. Disquisendo su strumenti per dissuadere le partenze, ci dimentichiamo i contesti di partenza, spesso pericolosi luoghi di transito dove le persone sono esposte alle peggiori disumanit\u00e0.<\/p>\n<p>Chi porta speranza in quei territori? Ne parleremo con <strong>Alganesh Fessaha<\/strong>, dottoressa italo-eritrea, da decenni impegnata nel dare supporto ai rifugiati. Andremo anche a trovare i <strong>Missionari della Consolata<\/strong> operativi ai confini dei deserti di Algeria e Marocco.<\/p>\n<p>Per una volta guardiamo oltre il mare. Per una volta proviamo a mettere volti prossimi al posto dei numeri e delle statistiche sui flussi migratori.<\/p>\n<\/div>\n<\/div><\/div><\/div><div id=\"pgc-16313-7-2\"  class=\"panel-grid-cell\" ><div id=\"panel-16313-7-2-0\" class=\"so-panel widget widget_media_video panel-first-child panel-last-child\" data-index=\"19\" ><div style=\"width:100%;\" class=\"wp-video\"><video class=\"wp-video-shortcode\" id=\"video-16313-5\" preload=\"metadata\" controls=\"controls\"><source type=\"video\/youtube\" src=\"https:\/\/www.youtube.com\/watch?v=SLGC_0xjiLQ&#038;_=5\" \/><a href=\"https:\/\/www.youtube.com\/watch?v=SLGC_0xjiLQ\">https:\/\/www.youtube.com\/watch?v=SLGC_0xjiLQ<\/a><\/video><\/div><\/div><\/div><\/div><\/div><div id=\"pg-16313-8\"  class=\"panel-grid panel-no-style\" ><div id=\"pgc-16313-8-0\"  class=\"panel-grid-cell\" ><div id=\"panel-16313-8-0-0\" class=\"so-panel widget widget_sow-button panel-first-child panel-last-child\" data-index=\"20\" ><div\n\t\t\t\n\t\t\tclass=\"so-widget-sow-button so-widget-sow-button-flat-155c36dfec77-16313\"\n\t\t\t\n\t\t><div class=\"ow-button-base ow-button-align-center\"\n>\n\t\t\t<a\n\t\t\t\t\thref=\"https:\/\/www.diocesitn.it\/area-testimonianza\/centro-missionario-diocesano\/#appuntamenti\"\n\t\t\t\t\tclass=\"sowb-button ow-icon-placement-left ow-button-hover\" \t>\n\t\t<span>\n\t\t\t\n\t\t\tVai a tutti gli appuntamenti missionari\t\t<\/span>\n\t\t\t<\/a>\n\t<\/div>\n<\/div><\/div><\/div><\/div><\/div>","protected":false},"excerpt":{"rendered":"<p>Da anni i luned\u00ec della missione tentano di fornire degli strumenti di formazione e informazione sul mondo uscendo da una narrazione diseguale e dando voce a chi sta a fianco alle persone nelle periferie di<\/p>\n","protected":false},"author":161,"featured_media":0,"parent":6245,"menu_order":0,"comment_status":"closed","ping_status":"closed","template":"","meta":{"footnotes":""},"class_list":["post-16313","page","type-page","status-publish","hentry"],"acf":{"seed-localization-paese-cod":"IT","seed-localization-address":"","seed-localization-citta":"Trento","seed-localization-regione-cod-istat":"04","seed-localization-citta-cod-istat":"022205","seed-localization-localita":"","seed-localization-cap":"","seed-localization-marker-visibility":false,"seed-localization-children-visibility":false,"seed-localization-kml":"","seed-localization-custom-marker":""},"yoast_head":"<!-- This site is optimized with the Yoast SEO Premium plugin v20.2.1 (Yoast SEO v22.2) - https:\/\/yoast.com\/wordpress\/plugins\/seo\/ -->\n<title>I luned\u00ec della missione 2024-2025<\/title>\n<meta name=\"description\" content=\"I luned\u00ec della missione. Ciclo di incontri on line a cadenza mensile dal tema &quot;Il volto prossimo&quot;.\" \/>\n<meta name=\"robots\" content=\"index, follow, max-snippet:-1, max-image-preview:large, max-video-preview:-1\" \/>\n<link rel=\"canonical\" href=\"https:\/\/www.diocesitn.it\/area-testimonianza\/centro-missionario-diocesano\/appuntamenti-missionari\/i-lunedi-della-missione-2024-2025\/\" \/>\n<meta property=\"og:locale\" content=\"it_IT\" \/>\n<meta property=\"og:type\" content=\"article\" \/>\n<meta property=\"og:title\" content=\"I luned\u00ec della missione 2024-2025\" \/>\n<meta property=\"og:description\" content=\"I luned\u00ec della missione. Ciclo di incontri on line a cadenza mensile dal tema &quot;Il volto prossimo&quot;.\" \/>\n<meta property=\"og:url\" content=\"https:\/\/www.diocesitn.it\/area-testimonianza\/centro-missionario-diocesano\/appuntamenti-missionari\/i-lunedi-della-missione-2024-2025\/\" \/>\n<meta property=\"og:site_name\" content=\"Testimonianza e Impegno sociale\" \/>\n<meta property=\"article:modified_time\" content=\"2025-03-19T13:23:04+00:00\" \/>\n<meta property=\"og:image\" content=\"https:\/\/www.diocesitn.it\/area-testimonianza\/wp-content\/uploads\/sites\/37\/2021\/09\/og-logo-testimonianza-e-impegno-sociale.jpg\" \/>\n\t<meta property=\"og:image:width\" content=\"1200\" \/>\n\t<meta property=\"og:image:height\" content=\"630\" \/>\n\t<meta property=\"og:image:type\" content=\"image\/jpeg\" \/>\n<meta name=\"twitter:card\" content=\"summary_large_image\" \/>\n<meta name=\"twitter:label1\" content=\"Tempo di lettura stimato\" \/>\n\t<meta name=\"twitter:data1\" content=\"7 minuti\" \/>\n<script type=\"application\/ld+json\" class=\"yoast-schema-graph\">{\"@context\":\"https:\/\/schema.org\",\"@graph\":[{\"@type\":\"WebPage\",\"@id\":\"https:\/\/www.diocesitn.it\/area-testimonianza\/centro-missionario-diocesano\/appuntamenti-missionari\/i-lunedi-della-missione-2024-2025\/\",\"url\":\"https:\/\/www.diocesitn.it\/area-testimonianza\/centro-missionario-diocesano\/appuntamenti-missionari\/i-lunedi-della-missione-2024-2025\/\",\"name\":\"I luned\u00ec della missione 2024-2025\",\"isPartOf\":{\"@id\":\"https:\/\/www.diocesitn.it\/area-testimonianza\/#website\"},\"datePublished\":\"2024-11-04T15:43:09+00:00\",\"dateModified\":\"2025-03-19T13:23:04+00:00\",\"description\":\"I luned\u00ec della missione. Ciclo di incontri on line a cadenza mensile dal tema \\\"Il volto prossimo\\\".\",\"breadcrumb\":{\"@id\":\"https:\/\/www.diocesitn.it\/area-testimonianza\/centro-missionario-diocesano\/appuntamenti-missionari\/i-lunedi-della-missione-2024-2025\/#breadcrumb\"},\"inLanguage\":\"it-IT\",\"potentialAction\":[{\"@type\":\"ReadAction\",\"target\":[\"https:\/\/www.diocesitn.it\/area-testimonianza\/centro-missionario-diocesano\/appuntamenti-missionari\/i-lunedi-della-missione-2024-2025\/\"]}]},{\"@type\":\"BreadcrumbList\",\"@id\":\"https:\/\/www.diocesitn.it\/area-testimonianza\/centro-missionario-diocesano\/appuntamenti-missionari\/i-lunedi-della-missione-2024-2025\/#breadcrumb\",\"itemListElement\":[{\"@type\":\"ListItem\",\"position\":1,\"name\":\"Home\",\"item\":\"https:\/\/www.diocesitn.it\/area-testimonianza\/\"},{\"@type\":\"ListItem\",\"position\":2,\"name\":\"Centro Missionario Diocesano\",\"item\":\"https:\/\/www.diocesitn.it\/area-testimonianza\/centro-missionario-diocesano\/\"},{\"@type\":\"ListItem\",\"position\":3,\"name\":\"Appuntamenti missionari\",\"item\":\"https:\/\/www.diocesitn.it\/area-testimonianza\/centro-missionario-diocesano\/appuntamenti-missionari\/\"},{\"@type\":\"ListItem\",\"position\":4,\"name\":\"I luned\u00ec della missione 2024-2025\"}]},{\"@type\":\"WebSite\",\"@id\":\"https:\/\/www.diocesitn.it\/area-testimonianza\/#website\",\"url\":\"https:\/\/www.diocesitn.it\/area-testimonianza\/\",\"name\":\"Testimonianza e Impegno sociale\",\"description\":\"Chiesa di Trento\",\"publisher\":{\"@id\":\"https:\/\/www.diocesitn.it\/area-testimonianza\/#organization\"},\"potentialAction\":[{\"@type\":\"SearchAction\",\"target\":{\"@type\":\"EntryPoint\",\"urlTemplate\":\"https:\/\/www.diocesitn.it\/area-testimonianza\/?s={search_term_string}\"},\"query-input\":\"required name=search_term_string\"}],\"inLanguage\":\"it-IT\"},{\"@type\":[\"Organization\",\"Place\"],\"@id\":\"https:\/\/www.diocesitn.it\/area-testimonianza\/#organization\",\"name\":\"Area Testimonianza e Impegno Sociale - Chiesa di Trento\",\"url\":\"https:\/\/www.diocesitn.it\/area-testimonianza\/\",\"logo\":{\"@id\":\"https:\/\/www.diocesitn.it\/area-testimonianza\/centro-missionario-diocesano\/appuntamenti-missionari\/i-lunedi-della-missione-2024-2025\/#local-main-organization-logo\"},\"image\":{\"@id\":\"https:\/\/www.diocesitn.it\/area-testimonianza\/centro-missionario-diocesano\/appuntamenti-missionari\/i-lunedi-della-missione-2024-2025\/#local-main-organization-logo\"},\"openingHoursSpecification\":[{\"@type\":\"OpeningHoursSpecification\",\"dayOfWeek\":[\"Monday\",\"Tuesday\",\"Wednesday\",\"Thursday\",\"Friday\",\"Saturday\",\"Sunday\"],\"opens\":\"09:00\",\"closes\":\"17:00\"}]},{\"@type\":\"ImageObject\",\"inLanguage\":\"it-IT\",\"@id\":\"https:\/\/www.diocesitn.it\/area-testimonianza\/centro-missionario-diocesano\/appuntamenti-missionari\/i-lunedi-della-missione-2024-2025\/#local-main-organization-logo\",\"url\":\"https:\/\/www.diocesitn.it\/area-testimonianza\/wp-content\/uploads\/sites\/37\/2021\/09\/og-logo-testimonianza-e-impegno-sociale.jpg\",\"contentUrl\":\"https:\/\/www.diocesitn.it\/area-testimonianza\/wp-content\/uploads\/sites\/37\/2021\/09\/og-logo-testimonianza-e-impegno-sociale.jpg\",\"width\":1200,\"height\":630,\"caption\":\"Area Testimonianza e Impegno Sociale - Chiesa di Trento\"}]}<\/script>\n<!-- \/ Yoast SEO Premium plugin. -->","yoast_head_json":{"title":"I luned\u00ec della missione 2024-2025","description":"I luned\u00ec della missione. Ciclo di incontri on line a cadenza mensile dal tema \"Il volto prossimo\".","robots":{"index":"index","follow":"follow","max-snippet":"max-snippet:-1","max-image-preview":"max-image-preview:large","max-video-preview":"max-video-preview:-1"},"canonical":"https:\/\/www.diocesitn.it\/area-testimonianza\/centro-missionario-diocesano\/appuntamenti-missionari\/i-lunedi-della-missione-2024-2025\/","og_locale":"it_IT","og_type":"article","og_title":"I luned\u00ec della missione 2024-2025","og_description":"I luned\u00ec della missione. Ciclo di incontri on line a cadenza mensile dal tema \"Il volto prossimo\".","og_url":"https:\/\/www.diocesitn.it\/area-testimonianza\/centro-missionario-diocesano\/appuntamenti-missionari\/i-lunedi-della-missione-2024-2025\/","og_site_name":"Testimonianza e Impegno sociale","article_modified_time":"2025-03-19T13:23:04+00:00","og_image":[{"width":1200,"height":630,"url":"https:\/\/www.diocesitn.it\/area-testimonianza\/wp-content\/uploads\/sites\/37\/2021\/09\/og-logo-testimonianza-e-impegno-sociale.jpg","type":"image\/jpeg"}],"twitter_card":"summary_large_image","twitter_misc":{"Tempo di lettura stimato":"7 minuti"},"schema":{"@context":"https:\/\/schema.org","@graph":[{"@type":"WebPage","@id":"https:\/\/www.diocesitn.it\/area-testimonianza\/centro-missionario-diocesano\/appuntamenti-missionari\/i-lunedi-della-missione-2024-2025\/","url":"https:\/\/www.diocesitn.it\/area-testimonianza\/centro-missionario-diocesano\/appuntamenti-missionari\/i-lunedi-della-missione-2024-2025\/","name":"I luned\u00ec della missione 2024-2025","isPartOf":{"@id":"https:\/\/www.diocesitn.it\/area-testimonianza\/#website"},"datePublished":"2024-11-04T15:43:09+00:00","dateModified":"2025-03-19T13:23:04+00:00","description":"I luned\u00ec della missione. Ciclo di incontri on line a cadenza mensile dal tema \"Il volto prossimo\".","breadcrumb":{"@id":"https:\/\/www.diocesitn.it\/area-testimonianza\/centro-missionario-diocesano\/appuntamenti-missionari\/i-lunedi-della-missione-2024-2025\/#breadcrumb"},"inLanguage":"it-IT","potentialAction":[{"@type":"ReadAction","target":["https:\/\/www.diocesitn.it\/area-testimonianza\/centro-missionario-diocesano\/appuntamenti-missionari\/i-lunedi-della-missione-2024-2025\/"]}]},{"@type":"BreadcrumbList","@id":"https:\/\/www.diocesitn.it\/area-testimonianza\/centro-missionario-diocesano\/appuntamenti-missionari\/i-lunedi-della-missione-2024-2025\/#breadcrumb","itemListElement":[{"@type":"ListItem","position":1,"name":"Home","item":"https:\/\/www.diocesitn.it\/area-testimonianza\/"},{"@type":"ListItem","position":2,"name":"Centro Missionario Diocesano","item":"https:\/\/www.diocesitn.it\/area-testimonianza\/centro-missionario-diocesano\/"},{"@type":"ListItem","position":3,"name":"Appuntamenti missionari","item":"https:\/\/www.diocesitn.it\/area-testimonianza\/centro-missionario-diocesano\/appuntamenti-missionari\/"},{"@type":"ListItem","position":4,"name":"I luned\u00ec della missione 2024-2025"}]},{"@type":"WebSite","@id":"https:\/\/www.diocesitn.it\/area-testimonianza\/#website","url":"https:\/\/www.diocesitn.it\/area-testimonianza\/","name":"Testimonianza e Impegno sociale","description":"Chiesa di Trento","publisher":{"@id":"https:\/\/www.diocesitn.it\/area-testimonianza\/#organization"},"potentialAction":[{"@type":"SearchAction","target":{"@type":"EntryPoint","urlTemplate":"https:\/\/www.diocesitn.it\/area-testimonianza\/?s={search_term_string}"},"query-input":"required name=search_term_string"}],"inLanguage":"it-IT"},{"@type":["Organization","Place"],"@id":"https:\/\/www.diocesitn.it\/area-testimonianza\/#organization","name":"Area Testimonianza e Impegno Sociale - Chiesa di Trento","url":"https:\/\/www.diocesitn.it\/area-testimonianza\/","logo":{"@id":"https:\/\/www.diocesitn.it\/area-testimonianza\/centro-missionario-diocesano\/appuntamenti-missionari\/i-lunedi-della-missione-2024-2025\/#local-main-organization-logo"},"image":{"@id":"https:\/\/www.diocesitn.it\/area-testimonianza\/centro-missionario-diocesano\/appuntamenti-missionari\/i-lunedi-della-missione-2024-2025\/#local-main-organization-logo"},"openingHoursSpecification":[{"@type":"OpeningHoursSpecification","dayOfWeek":["Monday","Tuesday","Wednesday","Thursday","Friday","Saturday","Sunday"],"opens":"09:00","closes":"17:00"}]},{"@type":"ImageObject","inLanguage":"it-IT","@id":"https:\/\/www.diocesitn.it\/area-testimonianza\/centro-missionario-diocesano\/appuntamenti-missionari\/i-lunedi-della-missione-2024-2025\/#local-main-organization-logo","url":"https:\/\/www.diocesitn.it\/area-testimonianza\/wp-content\/uploads\/sites\/37\/2021\/09\/og-logo-testimonianza-e-impegno-sociale.jpg","contentUrl":"https:\/\/www.diocesitn.it\/area-testimonianza\/wp-content\/uploads\/sites\/37\/2021\/09\/og-logo-testimonianza-e-impegno-sociale.jpg","width":1200,"height":630,"caption":"Area Testimonianza e Impegno Sociale - Chiesa di Trento"}]}},"_links":{"self":[{"href":"https:\/\/www.diocesitn.it\/area-testimonianza\/wp-json\/wp\/v2\/pages\/16313","targetHints":{"allow":["GET"]}}],"collection":[{"href":"https:\/\/www.diocesitn.it\/area-testimonianza\/wp-json\/wp\/v2\/pages"}],"about":[{"href":"https:\/\/www.diocesitn.it\/area-testimonianza\/wp-json\/wp\/v2\/types\/page"}],"author":[{"embeddable":true,"href":"https:\/\/www.diocesitn.it\/area-testimonianza\/wp-json\/wp\/v2\/users\/161"}],"replies":[{"embeddable":true,"href":"https:\/\/www.diocesitn.it\/area-testimonianza\/wp-json\/wp\/v2\/comments?post=16313"}],"version-history":[{"count":3,"href":"https:\/\/www.diocesitn.it\/area-testimonianza\/wp-json\/wp\/v2\/pages\/16313\/revisions"}],"predecessor-version":[{"id":19246,"href":"https:\/\/www.diocesitn.it\/area-testimonianza\/wp-json\/wp\/v2\/pages\/16313\/revisions\/19246"}],"up":[{"embeddable":true,"href":"https:\/\/www.diocesitn.it\/area-testimonianza\/wp-json\/wp\/v2\/pages\/6245"}],"wp:attachment":[{"href":"https:\/\/www.diocesitn.it\/area-testimonianza\/wp-json\/wp\/v2\/media?parent=16313"}],"curies":[{"name":"wp","href":"https:\/\/api.w.org\/{rel}","templated":true}]}}