{"id":14277,"date":"2024-01-11T12:02:08","date_gmt":"2024-01-11T11:02:08","guid":{"rendered":"https:\/\/www.diocesitn.it\/area-testimonianza\/?page_id=14277"},"modified":"2025-11-20T11:37:54","modified_gmt":"2025-11-20T10:37:54","slug":"i-pellegrinaggi-della-diocesi-di-trento-del-2024","status":"publish","type":"page","link":"https:\/\/www.diocesitn.it\/area-testimonianza\/salute-pellegrinaggi-anziani\/i-pellegrinaggi-della-diocesi-di-trento\/i-pellegrinaggi-della-diocesi-di-trento-del-2024\/","title":{"rendered":"I pellegrinaggi della Diocesi di Trento nel 2024"},"content":{"rendered":"<ul>\n<li><a id=\"su\"><\/a><a href=\"#lor\">Loreto<\/a><\/li>\n<li><a href=\"#pinam\">Pin\u00e8 &#8211; ammalati<\/a><\/li>\n<li><a href=\"#pinan\">Pin\u00e8 &#8211; anziani<\/a><\/li>\n<li><a href=\"#lou\">Lourdes<\/a><\/li>\n<li><a href=\"#fa\">Fatima<\/a><\/li>\n<\/ul>\n<hr \/>\n<h4><a href=\"https:\/\/www.diocesitn.it\/area-testimonianza\/wp-content\/uploads\/sites\/37\/2024\/02\/Pellegrinaggi-2024-locandina.pdf\" target=\"_blank\" rel=\"noopener\"><img loading=\"lazy\" decoding=\"async\" class=\" wp-image-14590 alignright\" src=\"https:\/\/www.diocesitn.it\/area-testimonianza\/wp-content\/uploads\/sites\/37\/2024\/02\/Pellegrinaggi-2024-locandina-214x300.jpg\" alt=\"\" width=\"378\" height=\"530\" srcset=\"https:\/\/www.diocesitn.it\/area-testimonianza\/wp-content\/uploads\/sites\/37\/2024\/02\/Pellegrinaggi-2024-locandina-214x300.jpg 214w, https:\/\/www.diocesitn.it\/area-testimonianza\/wp-content\/uploads\/sites\/37\/2024\/02\/Pellegrinaggi-2024-locandina-731x1024.jpg 731w, https:\/\/www.diocesitn.it\/area-testimonianza\/wp-content\/uploads\/sites\/37\/2024\/02\/Pellegrinaggi-2024-locandina-768x1075.jpg 768w, https:\/\/www.diocesitn.it\/area-testimonianza\/wp-content\/uploads\/sites\/37\/2024\/02\/Pellegrinaggi-2024-locandina-200x280.jpg 200w, https:\/\/www.diocesitn.it\/area-testimonianza\/wp-content\/uploads\/sites\/37\/2024\/02\/Pellegrinaggi-2024-locandina-549x768.jpg 549w, https:\/\/www.diocesitn.it\/area-testimonianza\/wp-content\/uploads\/sites\/37\/2024\/02\/Pellegrinaggi-2024-locandina-1097x1536.jpg 1097w, https:\/\/www.diocesitn.it\/area-testimonianza\/wp-content\/uploads\/sites\/37\/2024\/02\/Pellegrinaggi-2024-locandina-1463x2048.jpg 1463w, https:\/\/www.diocesitn.it\/area-testimonianza\/wp-content\/uploads\/sites\/37\/2024\/02\/Pellegrinaggi-2024-locandina-800x1120.jpg 800w, https:\/\/www.diocesitn.it\/area-testimonianza\/wp-content\/uploads\/sites\/37\/2024\/02\/Pellegrinaggi-2024-locandina-1200x1680.jpg 1200w, https:\/\/www.diocesitn.it\/area-testimonianza\/wp-content\/uploads\/sites\/37\/2024\/02\/Pellegrinaggi-2024-locandina-1320x1848.jpg 1320w, https:\/\/www.diocesitn.it\/area-testimonianza\/wp-content\/uploads\/sites\/37\/2024\/02\/Pellegrinaggi-2024-locandina-scaled.jpg 1829w\" sizes=\"auto, (max-width: 378px) 100vw, 378px\" \/><\/a>Informazioni<\/h4>\n<p>In Diocesi: Area Testimonianza e Impegno sociale<\/p>\n<h4>Aspetti organizzativi<\/h4>\n<p>Gli aspetti organizzativi di tutti i pellegrinaggi sono affidati all\u2019agenzia <strong>Di\u00f2mira Travel<\/strong>, tour operator con sede in Lombardia.<\/p>\n<p>via A. Negri, 20 \u2013 20042 Pessano con Bornago, Milano<\/p>\n<p>Tel. 02-39560841 \u2013 Fax 02-39622463 \u2013 <a href=\"mailto:info@diomiratravel.it\">info@diomiratravel.it<\/a> &#8211; <a href=\"https:\/\/www.diomiratravel.com\/home-page\" target=\"_blank\" rel=\"noopener\">www.diomiratravel.it<\/a><\/p>\n<p style=\"text-align: center\"><a href=\"#su\">su\u2191<\/a><\/p>\n<hr \/>\n<h3 style=\"color: #444444\"><strong><a id=\"lor\"><\/a>Loreto &#8211; \u00a0ANNULLATO<img loading=\"lazy\" decoding=\"async\" class=\"size-medium wp-image-14591 alignright\" src=\"https:\/\/www.diocesitn.it\/area-testimonianza\/wp-content\/uploads\/sites\/37\/2024\/02\/pellegrinaggi-2024-Loreto-300x267.jpg\" alt=\"\" width=\"300\" height=\"267\" srcset=\"https:\/\/www.diocesitn.it\/area-testimonianza\/wp-content\/uploads\/sites\/37\/2024\/02\/pellegrinaggi-2024-Loreto-300x267.jpg 300w, https:\/\/www.diocesitn.it\/area-testimonianza\/wp-content\/uploads\/sites\/37\/2024\/02\/pellegrinaggi-2024-Loreto-1024x910.jpg 1024w, https:\/\/www.diocesitn.it\/area-testimonianza\/wp-content\/uploads\/sites\/37\/2024\/02\/pellegrinaggi-2024-Loreto-768x683.jpg 768w, https:\/\/www.diocesitn.it\/area-testimonianza\/wp-content\/uploads\/sites\/37\/2024\/02\/pellegrinaggi-2024-Loreto-315x280.jpg 315w, https:\/\/www.diocesitn.it\/area-testimonianza\/wp-content\/uploads\/sites\/37\/2024\/02\/pellegrinaggi-2024-Loreto-864x768.jpg 864w, https:\/\/www.diocesitn.it\/area-testimonianza\/wp-content\/uploads\/sites\/37\/2024\/02\/pellegrinaggi-2024-Loreto-800x711.jpg 800w, https:\/\/www.diocesitn.it\/area-testimonianza\/wp-content\/uploads\/sites\/37\/2024\/02\/pellegrinaggi-2024-Loreto.jpg 1188w\" sizes=\"auto, (max-width: 300px) 100vw, 300px\" \/><\/strong><\/h3>\n<p><a href=\"https:\/\/www.diocesitn.it\/area-testimonianza\/wd-appuntamenti\/pellegrinaggio-diocesano-a-loreto\/\"><strong><span style=\"text-decoration: underline\">19-21 aprile<\/span><\/strong><\/a> (3 giorni\/2 notti)<\/p>\n<p><span style=\"text-decoration: underline\"><span style=\"color: #ff0000;text-decoration: underline\"><strong>Pellegrinaggio ANNULLATO causa di insufficienti iscritti.<\/strong><\/span><\/span><\/p>\n<p><span style=\"text-decoration: underline\"><span style=\"color: #ff0000;text-decoration: underline\"><strong>Per chi deve ottenere il rimborso rivolersi agli uffici di <a style=\"color: #ff0000;text-decoration: underline\" href=\"https:\/\/www.diocesitn.it\/chi-siamo-area-amministrazione-e-affari-generali\/#segreteria\">Amministrazione e Bilancio di Curia<\/a>.<\/strong><\/span><\/span><\/p>\n<h4>Iscrizioni<\/h4>\n<p>Per iscriversi:<\/p>\n<ol>\n<li>compilare la\u00a0\u00a0<a style=\"background-color: #ffffff;color: #1585cf\" href=\"https:\/\/www.diocesitn.it\/wp-content\/uploads\/sites\/37\/2024\/02\/SCHEDA-ISCRIZIONE-LORETO.pdf\" target=\"_blank\" rel=\"noopener\">SCHEDA ISCRIZIONE<\/a> manualmente<\/li>\n<li>inviarla via mail\u00a0a\u00a0<a href=\"mailto:sabrina@diomiratravel.it\">sabrina@diomiratravel.it<\/a><br \/>\nOPPURE<br \/>\nconsegnarla alla <a href=\"https:\/\/www.diocesitn.it\/chi-siamo-area-amministrazione-e-affari-generali\/#segreteria\">Segreteria generale di Curia<\/a> in <a href=\"https:\/\/www.google.it\/maps\/place\/Piazza+di+Fiera,+2,+38122+Trento+TN\/@46.0651664,11.1222925,17z\/data=!3m1!4b1!4m6!3m5!1s0x478276b49e96b5b5:0x933bfa0e67f4501d!8m2!3d46.0651627!4d11.1248674!16s%2Fg%2F11fcrwbf02?entry=ttu\" target=\"_blank\" rel=\"noopener\">Piazza Fiera, 2 a Trento<\/a>.<\/li>\n<\/ol>\n<p>Per informazioni contattare il numero 334.8172455.<\/p>\n<p><strong>Scadenza iscrizioni 25 febbraio 2024 con acconto di \u20ac 100,00.<\/strong><\/p>\n<h4>Programma<\/h4>\n<p><a href=\"https:\/\/www.diocesitn.it\/wp-content\/uploads\/sites\/37\/2024\/02\/Programma-2024-LORETO-3giorni-x-TN.pdf\" target=\"_blank\" rel=\"noopener\">Scarica il programma in pdf<\/a><\/p>\n<h6><span style=\"text-decoration: underline\"><strong>1\u00b0 giorno: venerd\u00ec 19 Aprile<\/strong><\/span><\/h6>\n<p>TRENTO \u2013 LORETO<br \/>\nNelle prime ore del mattino ritrovo dei partecipanti in sede, sistemazione sul pullman GT e partenza per Loreto. Pranzo in ristorante lungo il percorso. Nel pomeriggio arrivo a Loreto e sistemazione in hotel. Visita libera e celebrazione della S. Messa presso la Basilica della Santa Casa, uno dei pi\u00f9 importanti e antichi luoghi di pellegrinaggio mariano del mondo cattolico. La basilica ospita la celebre reliquia della Santa Casa di Nazaret dove, secondo la tradizione, la Vergine Maria nacque e visse e dove ricevette l&#8217;annuncio della nascita miracolosa di Ges\u00f9. Cena e pernottamento in hotel.<\/p>\n<h6><strong><span style=\"text-decoration: underline\">2\u00b0 giorno: sabato 20 Aprile<\/span><\/strong><\/h6>\n<p>LORETO<br \/>\nPensione completa in hotel. Al mattino S. Messa e visita della Basilica e Santa Casa; devozioni personali (c\u2019\u00e8 la possibilit\u00e0 delle confessioni ed Adorazione Eucaristica fino alle ore 12); ad ore 12 preghiera dell\u2019Angelus; nel pomeriggio momento di approfondimento spirituale; preghiera e vista libera in basilica ed alla citt\u00e0; in serata parteciperemo alle iniziative del Santuario.<\/p>\n<h6><span style=\"text-decoration: underline\"><strong>3\u00b0 giorno: domenica 21 Aprile<\/strong><\/span><\/h6>\n<p>LORETO \u2013 RAVENNA &#8211; TRENTO<br \/>\nPrima colazione in hotel. Celebrazione della S. Messa presso la Basilica e partenza per il viaggio di rientro con sosta a Ravenna per il pranzo in ristorante. Arrivo a Trento in serata.<\/p>\n<h4>Costi e informazioni<\/h4>\n<ul>\n<li>\u20ac 415,00 Quota individuale di partecipazione minimo 40 partecipanti (e suoi multipli).<\/li>\n<li>\u20ac 50,00 Supplemento singola.<\/li>\n<\/ul>\n<p>La quota \u00e8 valida per il minimo di partecipanti sopra indicato; nel caso in cui non venisse raggiunto il minimo di partecipanti, la quota sar\u00e0 soggetta ad un possibile adeguamento.<\/p>\n<h5>La quota individuale di partecipazione include<\/h5>\n<ul>\n<li>Tour in pullman GT, dotato di ogni confort a bordo.<\/li>\n<li>Sistemazione presso Hotel San Gabriele 3*** a Loreto come da programma, in camere doppie\/triple\/quadruple, con servizi privati.<\/li>\n<li>Trattamento di pensione completa, dal pranzo del primo giorno al pranzo dell\u2019ultimo giorno.<\/li>\n<li>2 pranzi in ristorante, il primo e l\u2019ultimo giorno.<\/li>\n<li>Prime colazioni, pranzo del secondo giorno e tutte le cene presso l\u2019hotel.<\/li>\n<li>Bevande ai pasti (1\/4 vino + \u00bd minerale).<\/li>\n<li>Assicurazione medico-bagaglio \u201cAmitour\u201d di Global Assistance.<\/li>\n<li>Materiale di cortesia.<\/li>\n<\/ul>\n<h5>La quota individuale di partecipazione <span style=\"text-decoration: underline\"><strong>non<\/strong><\/span> include<\/h5>\n<ul>\n<li>Assicurazione annullamento viaggio, su richiesta al costo del 4.5% della quota di partecipazione.<\/li>\n<li>Bevande extra ai pasti, visite guidate ed eventuali ingressi, mance, extra di carattere personale.<\/li>\n<li>Tutto quanto non espressamente indicato ne \u201cla quota individuale di partecipazione include\u201d.<\/li>\n<\/ul>\n<h5>Nota importante<\/h5>\n<p>Comunichiamo inoltre che le camere per disabili sono in numero limitato.<\/p>\n<h5>Note generali<\/h5>\n<ul>\n<li>Offerta con blocco camere.<\/li>\n<li>Prenotazione delle Celebrazioni Eucaristiche.<\/li>\n<li>Per la parte normativa (annullamenti, penalit\u00e0) rimandiamo alle nostre condizioni di viaggio (www.diomiratravel.it) e alle principali leggi che regolamentano il turismo e i pacchetti di viaggio.<\/li>\n<\/ul>\n<p style=\"text-align: center\"><a href=\"#su\">su\u2191<\/a><\/p>\n<hr \/>\n<h3 style=\"color: #444444\"><a id=\"pinam\"><\/a>Santuario della Madonna di <strong>Pin\u00e8 &#8211; ammalati<img loading=\"lazy\" decoding=\"async\" class=\"size-medium wp-image-14592 alignright\" src=\"https:\/\/www.diocesitn.it\/area-testimonianza\/wp-content\/uploads\/sites\/37\/2024\/02\/pellegrinaggi-2024-Pine-ammalati-300x270.jpg\" alt=\"\" width=\"300\" height=\"270\" srcset=\"https:\/\/www.diocesitn.it\/area-testimonianza\/wp-content\/uploads\/sites\/37\/2024\/02\/pellegrinaggi-2024-Pine-ammalati-300x270.jpg 300w, https:\/\/www.diocesitn.it\/area-testimonianza\/wp-content\/uploads\/sites\/37\/2024\/02\/pellegrinaggi-2024-Pine-ammalati-1024x923.jpg 1024w, https:\/\/www.diocesitn.it\/area-testimonianza\/wp-content\/uploads\/sites\/37\/2024\/02\/pellegrinaggi-2024-Pine-ammalati-768x692.jpg 768w, https:\/\/www.diocesitn.it\/area-testimonianza\/wp-content\/uploads\/sites\/37\/2024\/02\/pellegrinaggi-2024-Pine-ammalati-311x280.jpg 311w, https:\/\/www.diocesitn.it\/area-testimonianza\/wp-content\/uploads\/sites\/37\/2024\/02\/pellegrinaggi-2024-Pine-ammalati-852x768.jpg 852w, https:\/\/www.diocesitn.it\/area-testimonianza\/wp-content\/uploads\/sites\/37\/2024\/02\/pellegrinaggi-2024-Pine-ammalati-800x721.jpg 800w, https:\/\/www.diocesitn.it\/area-testimonianza\/wp-content\/uploads\/sites\/37\/2024\/02\/pellegrinaggi-2024-Pine-ammalati.jpg 1155w\" sizes=\"auto, (max-width: 300px) 100vw, 300px\" \/><\/strong><\/h3>\n<p><a href=\"https:\/\/www.diocesitn.it\/area-testimonianza\/wd-appuntamenti\/pellegrinaggio-ammalati-al-santuario-della-madonna-di-pine\/\"><span style=\"text-decoration: underline\"><strong>16 giugno<\/strong><\/span><\/a> \u2013 Pellegrinaggio con gli ammalati<\/p>\n<p>Si terr\u00e0\u00a0<strong>domenica 16 giugno<\/strong>\u00a0il\u00a0<strong>pellegrinaggio diocesano<\/strong>\u00a0a\u00a0<strong>Montagnaga di Pin\u00e8<\/strong>\u00a0a cui sono invitate le parrocchie e le unit\u00e0 pastorali.<\/p>\n<p>L\u2019appuntamento,\u00a0organizzato dall\u2019<strong>Area Testimonianza e Impegno sociale<\/strong>\u00a0della Diocesi e da\u00a0<strong>Ospitalit\u00e0 Tridentina<\/strong>,\u00a0inizier\u00e0 alle\u00a0<strong>ore 9.30<\/strong>\u00a0al\u00a0<strong>Santuario\u00a0<\/strong>di Montagnaga di Pin\u00e8 da dove si partir\u00e0 verso la conca della\u00a0<strong>Comparsa.\u00a0<\/strong>Qui alle 11.00 si celebrer\u00e0 la\u00a0<strong>S.<\/strong>\u00a0<strong>Messa<\/strong>\u00a0presieduta dal\u00a0<strong>vescovo Lauro<\/strong>\u00a0e nel pomeriggio alle 14.30 ci sar\u00e0 la recita del\u00a0<strong>rosario<\/strong>\u00a0e la\u00a0<strong>benedizione eucaristica dei malati<\/strong>.<\/p>\n<p>Per informazioni: Area Testimonianza e Impegno sociale\u00a0<strong>tel. 0461 891124<\/strong><\/p>\n<p style=\"text-align: center\"><a href=\"#su\">su\u2191<\/a><\/p>\n<hr \/>\n<h3><a id=\"pinan\"><\/a>Santuario della Madonna di <strong>Pin\u00e8 &#8211; anziani<img loading=\"lazy\" decoding=\"async\" class=\"size-medium wp-image-14593 alignright\" src=\"https:\/\/www.diocesitn.it\/area-testimonianza\/wp-content\/uploads\/sites\/37\/2024\/02\/pellegrinaggi-2024-Pine-anziani-300x293.jpg\" alt=\"\" width=\"300\" height=\"293\" srcset=\"https:\/\/www.diocesitn.it\/area-testimonianza\/wp-content\/uploads\/sites\/37\/2024\/02\/pellegrinaggi-2024-Pine-anziani-300x293.jpg 300w, https:\/\/www.diocesitn.it\/area-testimonianza\/wp-content\/uploads\/sites\/37\/2024\/02\/pellegrinaggi-2024-Pine-anziani-1024x1002.jpg 1024w, https:\/\/www.diocesitn.it\/area-testimonianza\/wp-content\/uploads\/sites\/37\/2024\/02\/pellegrinaggi-2024-Pine-anziani-768x751.jpg 768w, https:\/\/www.diocesitn.it\/area-testimonianza\/wp-content\/uploads\/sites\/37\/2024\/02\/pellegrinaggi-2024-Pine-anziani-286x280.jpg 286w, https:\/\/www.diocesitn.it\/area-testimonianza\/wp-content\/uploads\/sites\/37\/2024\/02\/pellegrinaggi-2024-Pine-anziani-785x768.jpg 785w, https:\/\/www.diocesitn.it\/area-testimonianza\/wp-content\/uploads\/sites\/37\/2024\/02\/pellegrinaggi-2024-Pine-anziani-800x782.jpg 800w, https:\/\/www.diocesitn.it\/area-testimonianza\/wp-content\/uploads\/sites\/37\/2024\/02\/pellegrinaggi-2024-Pine-anziani.jpg 1186w\" sizes=\"auto, (max-width: 300px) 100vw, 300px\" \/><\/strong><\/h3>\n<p><a href=\"https:\/\/www.diocesitn.it\/area-testimonianza\/wd-appuntamenti\/pellegrinaggio-anziani-al-santuario-della-madonna-di-pine\/\"><span style=\"text-decoration: underline\"><strong>7 settembre<\/strong><\/span><\/a> \u2013 Pellegrinaggio con gli anziani insieme a Circoli provinciali e Fap Acli<\/p>\n<p><strong>Programma<\/strong><\/p>\n<ul>\n<li>ore 9.00 Arrivi alla Comparsa<\/li>\n<li>ore 9.30\n<ul>\n<li>Preghiera del Rosario<\/li>\n<li>Saluto dei responsabili di Settore<\/li>\n<li>SANTA MESSA presieduta dall\u2019Arcivescovo<\/li>\n<\/ul>\n<\/li>\n<\/ul>\n<p>Per informazioni: Area Testimonianza e Impegno sociale\u00a0<strong>tel. 0461 891124<\/strong><\/p>\n<p><a href=\"https:\/\/www.diocesitn.it\/area-testimonianza\/2024\/08\/30\/anziani-pellegrini-da-tutto-il-trentino-alla-madonna-di-pine-appuntamento-sabato-7-settembre\/\">Leggi l&#8217;articolo.<\/a><\/p>\n<p style=\"text-align: center\"><a href=\"https:\/\/www.diocesitn.it\/area-testimonianza\/wp-content\/uploads\/sites\/37\/2024\/08\/Locandina-A3-Pellegrinaggio-ANZIANI-Pine-7-settembre-2024_bozza-01-scaled.jpg\" target=\"_blank\" rel=\"noopener\"><img loading=\"lazy\" decoding=\"async\" class=\"alignnone size-medium wp-image-15583\" src=\"https:\/\/www.diocesitn.it\/area-testimonianza\/wp-content\/uploads\/sites\/37\/2024\/08\/Locandina-A3-Pellegrinaggio-ANZIANI-Pine-7-settembre-2024_bozza-01-213x300.jpg\" alt=\"\" width=\"213\" height=\"300\" srcset=\"https:\/\/www.diocesitn.it\/area-testimonianza\/wp-content\/uploads\/sites\/37\/2024\/08\/Locandina-A3-Pellegrinaggio-ANZIANI-Pine-7-settembre-2024_bozza-01-213x300.jpg 213w, https:\/\/www.diocesitn.it\/area-testimonianza\/wp-content\/uploads\/sites\/37\/2024\/08\/Locandina-A3-Pellegrinaggio-ANZIANI-Pine-7-settembre-2024_bozza-01-726x1024.jpg 726w, https:\/\/www.diocesitn.it\/area-testimonianza\/wp-content\/uploads\/sites\/37\/2024\/08\/Locandina-A3-Pellegrinaggio-ANZIANI-Pine-7-settembre-2024_bozza-01-768x1083.jpg 768w, https:\/\/www.diocesitn.it\/area-testimonianza\/wp-content\/uploads\/sites\/37\/2024\/08\/Locandina-A3-Pellegrinaggio-ANZIANI-Pine-7-settembre-2024_bozza-01-199x280.jpg 199w, https:\/\/www.diocesitn.it\/area-testimonianza\/wp-content\/uploads\/sites\/37\/2024\/08\/Locandina-A3-Pellegrinaggio-ANZIANI-Pine-7-settembre-2024_bozza-01-544x768.jpg 544w, https:\/\/www.diocesitn.it\/area-testimonianza\/wp-content\/uploads\/sites\/37\/2024\/08\/Locandina-A3-Pellegrinaggio-ANZIANI-Pine-7-settembre-2024_bozza-01-1089x1536.jpg 1089w, https:\/\/www.diocesitn.it\/area-testimonianza\/wp-content\/uploads\/sites\/37\/2024\/08\/Locandina-A3-Pellegrinaggio-ANZIANI-Pine-7-settembre-2024_bozza-01-1452x2048.jpg 1452w, https:\/\/www.diocesitn.it\/area-testimonianza\/wp-content\/uploads\/sites\/37\/2024\/08\/Locandina-A3-Pellegrinaggio-ANZIANI-Pine-7-settembre-2024_bozza-01-800x1128.jpg 800w, https:\/\/www.diocesitn.it\/area-testimonianza\/wp-content\/uploads\/sites\/37\/2024\/08\/Locandina-A3-Pellegrinaggio-ANZIANI-Pine-7-settembre-2024_bozza-01-1200x1693.jpg 1200w, https:\/\/www.diocesitn.it\/area-testimonianza\/wp-content\/uploads\/sites\/37\/2024\/08\/Locandina-A3-Pellegrinaggio-ANZIANI-Pine-7-settembre-2024_bozza-01-1320x1862.jpg 1320w, https:\/\/www.diocesitn.it\/area-testimonianza\/wp-content\/uploads\/sites\/37\/2024\/08\/Locandina-A3-Pellegrinaggio-ANZIANI-Pine-7-settembre-2024_bozza-01-scaled.jpg 1815w\" sizes=\"auto, (max-width: 213px) 100vw, 213px\" \/><\/a><\/p>\n<p style=\"text-align: center\"><a href=\"#su\">su\u2191<\/a><\/p>\n<hr \/>\n<h3 style=\"color: #444444\"><strong><a id=\"lou\"><\/a>Lourdes<\/strong> <img loading=\"lazy\" decoding=\"async\" class=\"size-medium wp-image-14596 alignright\" src=\"https:\/\/www.diocesitn.it\/area-testimonianza\/wp-content\/uploads\/sites\/37\/2024\/02\/pellegrinaggi-2024-Lourdes-300x268.jpg\" alt=\"\" width=\"300\" height=\"268\" srcset=\"https:\/\/www.diocesitn.it\/area-testimonianza\/wp-content\/uploads\/sites\/37\/2024\/02\/pellegrinaggi-2024-Lourdes-300x268.jpg 300w, https:\/\/www.diocesitn.it\/area-testimonianza\/wp-content\/uploads\/sites\/37\/2024\/02\/pellegrinaggi-2024-Lourdes-1024x914.jpg 1024w, https:\/\/www.diocesitn.it\/area-testimonianza\/wp-content\/uploads\/sites\/37\/2024\/02\/pellegrinaggi-2024-Lourdes-768x686.jpg 768w, https:\/\/www.diocesitn.it\/area-testimonianza\/wp-content\/uploads\/sites\/37\/2024\/02\/pellegrinaggi-2024-Lourdes-314x280.jpg 314w, https:\/\/www.diocesitn.it\/area-testimonianza\/wp-content\/uploads\/sites\/37\/2024\/02\/pellegrinaggi-2024-Lourdes-860x768.jpg 860w, https:\/\/www.diocesitn.it\/area-testimonianza\/wp-content\/uploads\/sites\/37\/2024\/02\/pellegrinaggi-2024-Lourdes-800x714.jpg 800w, https:\/\/www.diocesitn.it\/area-testimonianza\/wp-content\/uploads\/sites\/37\/2024\/02\/pellegrinaggi-2024-Lourdes.jpg 1173w\" sizes=\"auto, (max-width: 300px) 100vw, 300px\" \/><\/h3>\n<p><a href=\"https:\/\/www.diocesitn.it\/area-testimonianza\/wd-appuntamenti\/pellegrinaggio-a-lourdes-con-gli-ammalati\/\"><span style=\"text-decoration: underline\"><strong>13-16 settembre<\/strong><\/span><\/a> (4 giorni \/ 3 notti) \u2013 Pellegrinaggio con gli ammalati<\/p>\n<h4>Iscrizioni<\/h4>\n<p><span style=\"color: #ff0000\"><strong>ISCRIZIONI CHIUSE<\/strong><\/span><br \/>\n<span style=\"color: #ff0000\"><strong>Ma \u00e8 ancora possibile chiamare in agenzia (334.8172455) per vedere se sono rimasti dei posti liberi.<\/strong><\/span><\/p>\n<p>ON LINE<\/p>\n<ol>\n<li>Compila il modulo on line in tutti i campi\n<ol>\n<li><a href=\"https:\/\/www.diocesitn.it\/area-testimonianza\/2024\/04\/15\/lourdes-13-16-settembre-2024-iscrizione-online\/\" target=\"_blank\" rel=\"noopener\">MODULO DI ISCRIZIONE per chi viaggia in aereo<\/a><\/li>\n<li><a href=\"https:\/\/www.diocesitn.it\/area-testimonianza\/2024\/04\/15\/lourdes-12-17-settembre-2024-iscrizione-online\/\" target=\"_blank\" rel=\"noopener\">MODULO DI ISCRIZIONE per chi viaggia in pullman<\/a><\/li>\n<\/ol>\n<\/li>\n<li>Clicca il bottone &#8220;invia&#8221; che trovi in fondo<\/li>\n<li>Riceverai una mail di conferma<\/li>\n<\/ol>\n<p>DI PERSONA<\/p>\n<ol>\n<li>Compilare manualmente la scheda d&#8217;iscrizione\n<ol>\n<li><a style=\"background-color: #ffffff;color: #1585cf\" href=\"https:\/\/www.diocesitn.it\/area-testimonianza\/wp-content\/uploads\/sites\/37\/2024\/06\/LOURDES24-SCHEDA-ISCRIZIONE-AEREO-scad-26.7.24.pdf\" target=\"_blank\" rel=\"noopener\">SCHEDA ISCRIZIONE per chi viaggia in aereo<\/a><\/li>\n<li><a href=\"https:\/\/www.diocesitn.it\/area-testimonianza\/wp-content\/uploads\/sites\/37\/2024\/06\/LOURDES24-SCHEDA-ISCRIZIONE-PULLMAN-scad-26.7.24.pdf\" target=\"_blank\" rel=\"noopener\">SCHEDA ISCRIZIONE per chi viaggia in pullman<\/a><\/li>\n<\/ol>\n<\/li>\n<li>Inviarla via mail a <a href=\"mailto:sabrina@diomiratravel.it\">sabrina@diomiratravel.it<\/a><br \/>\nOPPURE<br \/>\nconsegnarla alla Segreteria generale di Curia in <a href=\"https:\/\/www.google.it\/maps\/place\/Piazza+di+Fiera,+2,+38122+Trento+TN\/@46.0651664,11.1222925,17z\/data=!3m1!4b1!4m6!3m5!1s0x478276b49e96b5b5:0x933bfa0e67f4501d!8m2!3d46.0651627!4d11.1248674!16s%2Fg%2F11fcrwbf02?entry=ttu\" target=\"_blank\" rel=\"noopener\">Piazza Fiera, 2 a Trento<\/a>.<\/li>\n<\/ol>\n<p>Per informazioni contattare il numero 334.8172455.<\/p>\n<p><strong>Scadenza iscrizioni <\/strong><del>25 maggio 2024<\/del><strong> con acconto di \u20ac 250,00.<\/strong><\/p>\n<p><strong><span style=\"color: #ff0000\">TERMINE ISCRIZIONI POSTICIPATO <del>a venerd\u00ec 26 luglio<\/del>. ulteriore posticipo a marted\u00ec 20 agosto.<\/span><\/strong><\/p>\n<h4>Programma<\/h4>\n<p><a href=\"https:\/\/www.diocesitn.it\/area-testimonianza\/wp-content\/uploads\/sites\/37\/2024\/05\/LOURDES24_PROGRAMMA_AEREO-corretto.pdf\" target=\"_blank\" rel=\"noopener\">Scarica il programma in pdf. Viaggio con trasferimento in aereo<\/a><\/p>\n<p><a href=\"https:\/\/www.diocesitn.it\/area-testimonianza\/wp-content\/uploads\/sites\/37\/2024\/05\/LOURDES24_PROGRAMMA_PULLMAN-corretto.pdf\" target=\"_blank\" rel=\"noopener\">Scarica il programma in pdf. Viaggio con trasferimento in pullman<\/a><\/p>\n<h4>Informazioni e costi<\/h4>\n<p>Quota individuale di partecipazione.<\/p>\n<p>Per i dettagli di ci\u00f2 che comprende la quota individuale di partecipazione vedere i programmi<b>.<\/b><\/p>\n<p>AEREO<\/p>\n<ul>\n<li>\u20ac 850,00 viaggio in aereo + albergo.<\/li>\n<li>\u20ac 125,00 Supplemento camera singola.<\/li>\n<li>\u20ac 820,00 Pellegrini- Ammalati in ACCUEIL.<\/li>\n<\/ul>\n<p><span style=\"font-size: inherit\">PULLMAN<\/span><\/p>\n<ul>\n<li>\u20ac 650,00 viaggio in pullman + albergo (minimo 50 partecipanti).<\/li>\n<li>\u20ac 125,00 Supplemento camera singola.<\/li>\n<\/ul>\n<h5>Note generali<\/h5>\n<ul>\n<li>Per questo viaggio \u00e8 richiesta la Carta d\u2019identit\u00e0 in corso di validit\u00e0; non sono validi i documenti rinnovati con timbro.<\/li>\n<li>Per la parte normativa (annullamenti, penalit\u00e0, ecc.) valgono le nostre condizioni generali di viaggio (<a href=\"http:\/\/www.diomiratravel.it\/\">www.diomiratravel.it<\/a>) e le leggi che regolamentano il turismo.<\/li>\n<\/ul>\n<p style=\"text-align: center\"><a href=\"#su\">su\u2191<\/a><\/p>\n<hr \/>\n<h3 style=\"color: #444444\"><strong><a id=\"fa\"><\/a>Fatima<\/strong> <img loading=\"lazy\" decoding=\"async\" class=\"size-medium wp-image-14597 alignright\" src=\"https:\/\/www.diocesitn.it\/area-testimonianza\/wp-content\/uploads\/sites\/37\/2024\/02\/pellegrinaggi-2024-Fatima-300x273.jpg\" alt=\"\" width=\"300\" height=\"273\" srcset=\"https:\/\/www.diocesitn.it\/area-testimonianza\/wp-content\/uploads\/sites\/37\/2024\/02\/pellegrinaggi-2024-Fatima-300x273.jpg 300w, https:\/\/www.diocesitn.it\/area-testimonianza\/wp-content\/uploads\/sites\/37\/2024\/02\/pellegrinaggi-2024-Fatima-1024x932.jpg 1024w, https:\/\/www.diocesitn.it\/area-testimonianza\/wp-content\/uploads\/sites\/37\/2024\/02\/pellegrinaggi-2024-Fatima-768x699.jpg 768w, https:\/\/www.diocesitn.it\/area-testimonianza\/wp-content\/uploads\/sites\/37\/2024\/02\/pellegrinaggi-2024-Fatima-308x280.jpg 308w, https:\/\/www.diocesitn.it\/area-testimonianza\/wp-content\/uploads\/sites\/37\/2024\/02\/pellegrinaggi-2024-Fatima-844x768.jpg 844w, https:\/\/www.diocesitn.it\/area-testimonianza\/wp-content\/uploads\/sites\/37\/2024\/02\/pellegrinaggi-2024-Fatima-800x728.jpg 800w, https:\/\/www.diocesitn.it\/area-testimonianza\/wp-content\/uploads\/sites\/37\/2024\/02\/pellegrinaggi-2024-Fatima.jpg 1167w\" sizes=\"auto, (max-width: 300px) 100vw, 300px\" \/><\/h3>\n<p><a href=\"https:\/\/www.diocesitn.it\/area-testimonianza\/wd-appuntamenti\/pellegrinaggio-a-fatima-con-gli-ammalati\/\"><span style=\"text-decoration: underline\"><strong>25-27 ottobre<\/strong><\/span><\/a> (3 giorni \/ 2 notti) \u2013 Pellegrinaggio con gli ammalati<\/p>\n<h4>Iscrizioni<\/h4>\n<p>ON LINE<\/p>\n<ol>\n<li>Compila il modulo on line in tutti i campi\n<ol>\n<li><a href=\"https:\/\/www.diocesitn.it\/area-testimonianza\/2024\/04\/15\/fatima-25-27-ottobre-2024-iscrizione-online\/\" target=\"_blank\" rel=\"noopener\">MODULO DI ISCRIZIONE<\/a><\/li>\n<\/ol>\n<\/li>\n<li>Clicca il bottone &#8220;invia&#8221; che trovi in fondo<\/li>\n<li>Riceverai una mail di conferma<\/li>\n<\/ol>\n<p>DI PERSONA<\/p>\n<ol>\n<li>Scarica e compila la\u00a0 <a style=\"background-color: #ffffff;color: #1585cf\" href=\"https:\/\/www.diocesitn.it\/area-testimonianza\/wp-content\/uploads\/sites\/37\/2024\/06\/Fatima24-SCHEDA-ISCRIZIONE-scad-26.7.24-1.pdf\" target=\"_blank\" rel=\"noopener\">SCHEDA ISCRIZIONE<\/a> manualmente<\/li>\n<li>Inviala via mail a <a href=\"mailto:sabrina@diomiratravel.it\">sabrina@diomiratravel.it<\/a>\u00a0 \u00a0OPPURE\u00a0 \u00a0consegnarla alla Segreteria generale di Curia in <a href=\"https:\/\/www.google.it\/maps\/place\/Piazza+di+Fiera,+2,+38122+Trento+TN\/@46.0651664,11.1222925,17z\/data=!3m1!4b1!4m6!3m5!1s0x478276b49e96b5b5:0x933bfa0e67f4501d!8m2!3d46.0651627!4d11.1248674!16s%2Fg%2F11fcrwbf02?entry=ttu\" target=\"_blank\" rel=\"noopener\">Piazza Fiera, 2 a Trento<\/a>.<\/li>\n<\/ol>\n<p>Per informazioni contattare il numero 334.8172455.<\/p>\n<p><strong>Scadenza iscrizioni <\/strong><del>25 maggio 2024<\/del><strong> con acconto di \u20ac 250,00.<\/strong><\/p>\n<p><strong><span style=\"color: #ff0000\">TERMINE ISCRIZIONI POSTICIPATO <del>a venerd\u00ec 26 luglio<\/del>. ulteriore posticipo a marted\u00ec 20 agosto.<\/span><\/strong><\/p>\n<h4>Programma<\/h4>\n<p><a href=\"https:\/\/www.diocesitn.it\/area-testimonianza\/wp-content\/uploads\/sites\/37\/2024\/02\/Pellegrinaggio-Fatima-2024-programma.pdf\" target=\"_blank\" rel=\"noopener\">Scarica il programma in pdf<\/a><\/p>\n<h6><strong>1\u00b0 giorno: <\/strong><strong>Venerd\u00ec 25 Ottobre <\/strong><\/h6>\n<p>AEROPORTO DI MILANO MALPENSA \u2013 AEROPORTO DI LISBONA \u2013 FATIMA<br \/>\nIn serata ritrovo dei Signori Partecipanti all\u2019aeroporto di Milano Malpensa. Disbrigo delle formalit\u00e0 d\u2019imbarco e partenza con volo di linea per Lisbona. All\u2019arrivo incontro con la guida e proseguimento per Fatima. Arrivo in hotel, sistemazione, cena e pernottamento.<\/p>\n<h6><strong>2\u00b0 giorno: <\/strong><strong>Sabato 26 Ottobre<\/strong><\/h6>\n<p>FATIMA<strong><br \/>\n<\/strong>Trattamento di pensione completa. Intera giornata a Fatima. Al mattino celebrazione della S. Messa alla Cappellina, partecipazione alla Via Crucis e visita guidata ai luoghi dei tre pastorelli: Valinhos e Aljustrel. Nel 1917 la Vergine apparve ai tre pastorelli: Francesco, Giacinta e Lucia, affidando loro un messaggio di preghiera e conversione. Nel pomeriggio visita del Museo Luce e Pace. Al termine tempo libero a disposizione. Rientro in hotel, cena e pernottamento.<\/p>\n<h6><strong>3\u00b0 giorno: <\/strong><strong>Domenica 27 Ottobre<\/strong><\/h6>\n<p>FATIMA \u2013 LISBONA \u2013 AEROPORTO DI LISBONA \u2013 AEROPORTO DI MILANO MALPENSA<br \/>\nPrima colazione in hotel. Al mattino trasferimento a Lisbona. Visita panoramica della capitale del Portogallo. La leggenda racconta che Lisbona fu fondata da Ulisse. Nel XIII secolo la citt\u00e0 divenne la capitale del paese e da allora il suo destino \u00e8 progredito di pari passo con le vicende della storia portoghese. Nel XVI secolo si trasform\u00f2 in una delle capitali pi\u00f9 importanti d\u2019Europa grazie al commercio delle spezie. La sua ricostruzione, in seguito al terremoto del 1755, la convert\u00ec nella capitale europea all\u2019epoca pi\u00f9 moderna. Oggi Lisbona \u00e8 una citt\u00e0 moderna in continua espansione che tuttavia mantiene l\u2019atmosfera delle sue antiche tradizioni. Celebrazione della S. Messa presso la Chiesa di S. Antonio. Pranzo in ristorante. Al termine in tempo utile trasferimento all\u2019aeroporto di Lisbona, disbrigo delle formalit\u00e0 d\u2019imbarco e partenza con volo di linea per Milano Malpensa. Arrivo e fine dei servizi.<\/p>\n<h4>Informazioni e costi<\/h4>\n<ul>\n<li>\u20ac\u00a0 850,00 Quota individuale di partecipazione; minimo 40 partecipanti e suoi multipli (fino a 80 persone).<\/li>\n<li>\u20ac 90,00 Supplemento camera singola.<\/li>\n<li>\u20ac 35,00 Supplemento polizza annullamento.<\/li>\n<\/ul>\n<p>Quota valida per il minimo di partecipanti sopra indicato; qualora il minimo non fosse raggiunto, la quota sar\u00e0 soggetta ad un possibile adeguamento.<strong>\u00a0<\/strong><\/p>\n<h5>La quota individuale di partecipazione comprende<\/h5>\n<ul>\n<li>Trasferimento in pullman da Trento per l\u2019aeroporto di Milano Malpensa (andata e ritorno).<\/li>\n<li>Volo di linea TAP, diretto a\/r Milano Malpensa \u2013 Lisbona \u2013 Milano Malpensa, in classe economica con i seguenti operativi aerei:<br \/>\n<em style=\"font-size: inherit\">25 OTTOBRE\u00a0\u00a0\u00a0\u00a0\u00a0\u00a0\u00a0\u00a0\u00a0\u00a0 MILANO MALPENSA\u00a0\u00a0\u00a0\u00a0 17.20\u00a0\u00a0\u00a0\u00a0\u00a0\u00a0\u00a0\u00a0 LISBONA\u00a0\u00a0\u00a0\u00a0\u00a0\u00a0\u00a0\u00a0\u00a0\u00a0\u00a0\u00a0\u00a0\u00a0\u00a0\u00a0\u00a0\u00a0\u00a0\u00a0\u00a0\u00a0\u00a0\u00a0 19.15<br \/>\n<\/em><em style=\"font-size: inherit\">27 OTTOBRE\u00a0\u00a0\u00a0\u00a0\u00a0\u00a0\u00a0\u00a0\u00a0\u00a0 LISBONA\u00a0\u00a0\u00a0\u00a0\u00a0\u00a0\u00a0\u00a0\u00a0\u00a0\u00a0\u00a0\u00a0\u00a0\u00a0\u00a0\u00a0\u00a0\u00a0\u00a0\u00a0\u00a0\u00a0\u00a0\u00a0 19.45\u00a0\u00a0\u00a0\u00a0\u00a0\u00a0\u00a0\u00a0 MILANO MALPENSA\u00a0\u00a0\u00a0 23.30<\/em><\/li>\n<li>Tasse aeroportuali (in vigore al momento dell\u2019offerta, soggette a possibili variazioni fino al momento dell\u2019emissione dei biglietti aerei).<\/li>\n<li>Tour in bus GT locale, come da programma.<\/li>\n<li>Sistemazione in hotel 4 stelle a Fatima, come da programma.<\/li>\n<li>Trattamento di 1 pernottamento e prima colazione il primo giorno e una pensione completa a Fatima il secondo giorno, prima colazione e pranzo dell\u2019ultimo giorno.<\/li>\n<li>Bevande incluse ai pasti.<\/li>\n<li>Guida-accompagnatore locale parlante italiano, per tutta la durata del tour.<\/li>\n<li>Ingresso al museo del Santuario.<\/li>\n<li>Auricolari.<\/li>\n<li>Assicurazione medico-bagaglio AMITOUR by \u201cGlobal Assistance\u201d.<\/li>\n<li>Materiale di cortesia.<\/li>\n<\/ul>\n<h5>La quota individuale di partecipazione NON comprende<\/h5>\n<ul>\n<li>Mance, extra in genere; tutto quanto non espressamente specificato alla voce \u201cla quota individuale di partecipazione comprende\u201d.<\/li>\n<\/ul>\n<h5>Note generali<\/h5>\n<ul>\n<li>Offerta con blocco posti.<\/li>\n<li>Per questo viaggio \u00e8 richiesta la Carta d\u2019Identit\u00e0 in corso di validit\u00e0 (non sono validi i documenti rinnovati con timbro).<\/li>\n<li>Per la parte normativa (annullamenti, penalit\u00e0, etc.) valgono le nostre condizioni generali di viaggio e le leggi che regolamentano il turismo.<\/li>\n<\/ul>\n<p style=\"text-align: center\"><a href=\"#su\">su\u2191<\/a><\/p>\n<hr \/>\n<p style=\"text-align: center\"><a href=\"https:\/\/www.diocesitn.it\/area-testimonianza\/salute-pellegrinaggi-anziani\/\">Torna alla pagina del\u00a0<strong>Servizio Salute, Pellegrinaggi Anziani<\/strong><\/a><\/p>\n","protected":false},"excerpt":{"rendered":"<p>Loreto Pin\u00e8 &#8211; ammalati Pin\u00e8 &#8211; anziani Lourdes Fatima Informazioni In Diocesi: Area Testimonianza e Impegno sociale Aspetti organizzativi Gli aspetti organizzativi di tutti i pellegrinaggi sono affidati all\u2019agenzia Di\u00f2mira Travel, tour operator con sede<\/p>\n","protected":false},"author":161,"featured_media":0,"parent":14271,"menu_order":0,"comment_status":"closed","ping_status":"closed","template":"","meta":{"footnotes":""},"class_list":["post-14277","page","type-page","status-publish","hentry"],"acf":{"seed-localization-paese-cod":"IT","seed-localization-address":"","seed-localization-citta":"Trento","seed-localization-regione-cod-istat":"04","seed-localization-citta-cod-istat":"022205","seed-localization-localita":"","seed-localization-cap":"","seed-localization-marker-visibility":false,"seed-localization-children-visibility":false,"seed-localization-kml":"","seed-localization-custom-marker":""},"yoast_head":"<!-- This site is optimized with the Yoast SEO Premium plugin v20.2.1 (Yoast SEO v22.2) - https:\/\/yoast.com\/wordpress\/plugins\/seo\/ -->\n<title>\ud83d\ude4f\ud83d\ude8d\ufe0f\u26ea\ufe0fI pellegrinaggi della Diocesi di Trento nel 2024<\/title>\n<meta name=\"description\" content=\"I pellegrinaggi organizzati dalla diocesi di Trento per il 2024: Loreto; Pin\u00e8 con ammalati; Pin\u00e8 con anziani; Lourdes; Fatima\" \/>\n<meta name=\"robots\" content=\"index, follow, max-snippet:-1, max-image-preview:large, max-video-preview:-1\" \/>\n<link rel=\"canonical\" href=\"https:\/\/www.diocesitn.it\/area-testimonianza\/salute-pellegrinaggi-anziani\/i-pellegrinaggi-della-diocesi-di-trento\/i-pellegrinaggi-della-diocesi-di-trento-del-2024\/\" \/>\n<meta property=\"og:locale\" content=\"it_IT\" \/>\n<meta property=\"og:type\" content=\"article\" \/>\n<meta property=\"og:title\" content=\"I pellegrinaggi della Diocesi di Trento nel 2024\" \/>\n<meta property=\"og:description\" content=\"I pellegrinaggi organizzati dalla diocesi di Trento per il 2024: Loreto; Pin\u00e8 con ammalati; Pin\u00e8 con anziani; Lourdes; Fatima\" \/>\n<meta property=\"og:url\" content=\"https:\/\/www.diocesitn.it\/area-testimonianza\/salute-pellegrinaggi-anziani\/i-pellegrinaggi-della-diocesi-di-trento\/i-pellegrinaggi-della-diocesi-di-trento-del-2024\/\" \/>\n<meta property=\"og:site_name\" content=\"Testimonianza e Impegno sociale\" \/>\n<meta property=\"article:modified_time\" content=\"2025-11-20T10:37:54+00:00\" \/>\n<meta property=\"og:image\" content=\"https:\/\/www.diocesitn.it\/area-testimonianza\/wp-content\/uploads\/sites\/37\/2024\/02\/Pellegrinaggi-2024-locandina-scaled.jpg\" \/>\n\t<meta property=\"og:image:width\" content=\"1829\" \/>\n\t<meta property=\"og:image:height\" content=\"2560\" \/>\n\t<meta property=\"og:image:type\" content=\"image\/jpeg\" \/>\n<meta name=\"twitter:card\" content=\"summary_large_image\" \/>\n<meta name=\"twitter:label1\" content=\"Tempo di lettura stimato\" \/>\n\t<meta name=\"twitter:data1\" content=\"11 minuti\" \/>\n<script type=\"application\/ld+json\" class=\"yoast-schema-graph\">{\"@context\":\"https:\/\/schema.org\",\"@graph\":[{\"@type\":\"WebPage\",\"@id\":\"https:\/\/www.diocesitn.it\/area-testimonianza\/salute-pellegrinaggi-anziani\/i-pellegrinaggi-della-diocesi-di-trento\/i-pellegrinaggi-della-diocesi-di-trento-del-2024\/\",\"url\":\"https:\/\/www.diocesitn.it\/area-testimonianza\/salute-pellegrinaggi-anziani\/i-pellegrinaggi-della-diocesi-di-trento\/i-pellegrinaggi-della-diocesi-di-trento-del-2024\/\",\"name\":\"\ud83d\ude4f\ud83d\ude8d\ufe0f\u26ea\ufe0fI pellegrinaggi della Diocesi di Trento nel 2024\",\"isPartOf\":{\"@id\":\"https:\/\/www.diocesitn.it\/area-testimonianza\/#website\"},\"primaryImageOfPage\":{\"@id\":\"https:\/\/www.diocesitn.it\/area-testimonianza\/salute-pellegrinaggi-anziani\/i-pellegrinaggi-della-diocesi-di-trento\/i-pellegrinaggi-della-diocesi-di-trento-del-2024\/#primaryimage\"},\"image\":{\"@id\":\"https:\/\/www.diocesitn.it\/area-testimonianza\/salute-pellegrinaggi-anziani\/i-pellegrinaggi-della-diocesi-di-trento\/i-pellegrinaggi-della-diocesi-di-trento-del-2024\/#primaryimage\"},\"thumbnailUrl\":\"https:\/\/www.diocesitn.it\/area-testimonianza\/wp-content\/uploads\/sites\/37\/2024\/02\/Pellegrinaggi-2024-locandina-214x300.jpg\",\"datePublished\":\"2024-01-11T11:02:08+00:00\",\"dateModified\":\"2025-11-20T10:37:54+00:00\",\"description\":\"I pellegrinaggi organizzati dalla diocesi di Trento per il 2024: Loreto; Pin\u00e8 con ammalati; Pin\u00e8 con anziani; Lourdes; Fatima\",\"breadcrumb\":{\"@id\":\"https:\/\/www.diocesitn.it\/area-testimonianza\/salute-pellegrinaggi-anziani\/i-pellegrinaggi-della-diocesi-di-trento\/i-pellegrinaggi-della-diocesi-di-trento-del-2024\/#breadcrumb\"},\"inLanguage\":\"it-IT\",\"potentialAction\":[{\"@type\":\"ReadAction\",\"target\":[\"https:\/\/www.diocesitn.it\/area-testimonianza\/salute-pellegrinaggi-anziani\/i-pellegrinaggi-della-diocesi-di-trento\/i-pellegrinaggi-della-diocesi-di-trento-del-2024\/\"]}]},{\"@type\":\"ImageObject\",\"inLanguage\":\"it-IT\",\"@id\":\"https:\/\/www.diocesitn.it\/area-testimonianza\/salute-pellegrinaggi-anziani\/i-pellegrinaggi-della-diocesi-di-trento\/i-pellegrinaggi-della-diocesi-di-trento-del-2024\/#primaryimage\",\"url\":\"https:\/\/www.diocesitn.it\/area-testimonianza\/wp-content\/uploads\/sites\/37\/2024\/02\/Pellegrinaggi-2024-locandina-scaled.jpg\",\"contentUrl\":\"https:\/\/www.diocesitn.it\/area-testimonianza\/wp-content\/uploads\/sites\/37\/2024\/02\/Pellegrinaggi-2024-locandina-scaled.jpg\",\"width\":1829,\"height\":2560},{\"@type\":\"BreadcrumbList\",\"@id\":\"https:\/\/www.diocesitn.it\/area-testimonianza\/salute-pellegrinaggi-anziani\/i-pellegrinaggi-della-diocesi-di-trento\/i-pellegrinaggi-della-diocesi-di-trento-del-2024\/#breadcrumb\",\"itemListElement\":[{\"@type\":\"ListItem\",\"position\":1,\"name\":\"Home\",\"item\":\"https:\/\/www.diocesitn.it\/area-testimonianza\/\"},{\"@type\":\"ListItem\",\"position\":2,\"name\":\"Salute Pellegrinaggi Anziani\",\"item\":\"https:\/\/www.diocesitn.it\/area-testimonianza\/salute-pellegrinaggi-anziani\/\"},{\"@type\":\"ListItem\",\"position\":3,\"name\":\"I pellegrinaggi della Diocesi di Trento\",\"item\":\"https:\/\/www.diocesitn.it\/area-testimonianza\/salute-pellegrinaggi-anziani\/i-pellegrinaggi-della-diocesi-di-trento\/\"},{\"@type\":\"ListItem\",\"position\":4,\"name\":\"I pellegrinaggi della Diocesi di Trento nel 2024\"}]},{\"@type\":\"WebSite\",\"@id\":\"https:\/\/www.diocesitn.it\/area-testimonianza\/#website\",\"url\":\"https:\/\/www.diocesitn.it\/area-testimonianza\/\",\"name\":\"Testimonianza e Impegno sociale\",\"description\":\"Chiesa di Trento\",\"publisher\":{\"@id\":\"https:\/\/www.diocesitn.it\/area-testimonianza\/#organization\"},\"potentialAction\":[{\"@type\":\"SearchAction\",\"target\":{\"@type\":\"EntryPoint\",\"urlTemplate\":\"https:\/\/www.diocesitn.it\/area-testimonianza\/?s={search_term_string}\"},\"query-input\":\"required name=search_term_string\"}],\"inLanguage\":\"it-IT\"},{\"@type\":[\"Organization\",\"Place\"],\"@id\":\"https:\/\/www.diocesitn.it\/area-testimonianza\/#organization\",\"name\":\"Area Testimonianza e Impegno Sociale - Chiesa di Trento\",\"url\":\"https:\/\/www.diocesitn.it\/area-testimonianza\/\",\"logo\":{\"@id\":\"https:\/\/www.diocesitn.it\/area-testimonianza\/salute-pellegrinaggi-anziani\/i-pellegrinaggi-della-diocesi-di-trento\/i-pellegrinaggi-della-diocesi-di-trento-del-2024\/#local-main-organization-logo\"},\"image\":{\"@id\":\"https:\/\/www.diocesitn.it\/area-testimonianza\/salute-pellegrinaggi-anziani\/i-pellegrinaggi-della-diocesi-di-trento\/i-pellegrinaggi-della-diocesi-di-trento-del-2024\/#local-main-organization-logo\"},\"openingHoursSpecification\":[{\"@type\":\"OpeningHoursSpecification\",\"dayOfWeek\":[\"Monday\",\"Tuesday\",\"Wednesday\",\"Thursday\",\"Friday\",\"Saturday\",\"Sunday\"],\"opens\":\"09:00\",\"closes\":\"17:00\"}]},{\"@type\":\"ImageObject\",\"inLanguage\":\"it-IT\",\"@id\":\"https:\/\/www.diocesitn.it\/area-testimonianza\/salute-pellegrinaggi-anziani\/i-pellegrinaggi-della-diocesi-di-trento\/i-pellegrinaggi-della-diocesi-di-trento-del-2024\/#local-main-organization-logo\",\"url\":\"https:\/\/www.diocesitn.it\/area-testimonianza\/wp-content\/uploads\/sites\/37\/2021\/09\/og-logo-testimonianza-e-impegno-sociale.jpg\",\"contentUrl\":\"https:\/\/www.diocesitn.it\/area-testimonianza\/wp-content\/uploads\/sites\/37\/2021\/09\/og-logo-testimonianza-e-impegno-sociale.jpg\",\"width\":1200,\"height\":630,\"caption\":\"Area Testimonianza e Impegno Sociale - Chiesa di Trento\"}]}<\/script>\n<!-- \/ Yoast SEO Premium plugin. -->","yoast_head_json":{"title":"\ud83d\ude4f\ud83d\ude8d\ufe0f\u26ea\ufe0fI pellegrinaggi della Diocesi di Trento nel 2024","description":"I pellegrinaggi organizzati dalla diocesi di Trento per il 2024: Loreto; Pin\u00e8 con ammalati; Pin\u00e8 con anziani; Lourdes; Fatima","robots":{"index":"index","follow":"follow","max-snippet":"max-snippet:-1","max-image-preview":"max-image-preview:large","max-video-preview":"max-video-preview:-1"},"canonical":"https:\/\/www.diocesitn.it\/area-testimonianza\/salute-pellegrinaggi-anziani\/i-pellegrinaggi-della-diocesi-di-trento\/i-pellegrinaggi-della-diocesi-di-trento-del-2024\/","og_locale":"it_IT","og_type":"article","og_title":"I pellegrinaggi della Diocesi di Trento nel 2024","og_description":"I pellegrinaggi organizzati dalla diocesi di Trento per il 2024: Loreto; Pin\u00e8 con ammalati; Pin\u00e8 con anziani; Lourdes; Fatima","og_url":"https:\/\/www.diocesitn.it\/area-testimonianza\/salute-pellegrinaggi-anziani\/i-pellegrinaggi-della-diocesi-di-trento\/i-pellegrinaggi-della-diocesi-di-trento-del-2024\/","og_site_name":"Testimonianza e Impegno sociale","article_modified_time":"2025-11-20T10:37:54+00:00","og_image":[{"width":1829,"height":2560,"url":"https:\/\/www.diocesitn.it\/area-testimonianza\/wp-content\/uploads\/sites\/37\/2024\/02\/Pellegrinaggi-2024-locandina-scaled.jpg","type":"image\/jpeg"}],"twitter_card":"summary_large_image","twitter_misc":{"Tempo di lettura stimato":"11 minuti"},"schema":{"@context":"https:\/\/schema.org","@graph":[{"@type":"WebPage","@id":"https:\/\/www.diocesitn.it\/area-testimonianza\/salute-pellegrinaggi-anziani\/i-pellegrinaggi-della-diocesi-di-trento\/i-pellegrinaggi-della-diocesi-di-trento-del-2024\/","url":"https:\/\/www.diocesitn.it\/area-testimonianza\/salute-pellegrinaggi-anziani\/i-pellegrinaggi-della-diocesi-di-trento\/i-pellegrinaggi-della-diocesi-di-trento-del-2024\/","name":"\ud83d\ude4f\ud83d\ude8d\ufe0f\u26ea\ufe0fI pellegrinaggi della Diocesi di Trento nel 2024","isPartOf":{"@id":"https:\/\/www.diocesitn.it\/area-testimonianza\/#website"},"primaryImageOfPage":{"@id":"https:\/\/www.diocesitn.it\/area-testimonianza\/salute-pellegrinaggi-anziani\/i-pellegrinaggi-della-diocesi-di-trento\/i-pellegrinaggi-della-diocesi-di-trento-del-2024\/#primaryimage"},"image":{"@id":"https:\/\/www.diocesitn.it\/area-testimonianza\/salute-pellegrinaggi-anziani\/i-pellegrinaggi-della-diocesi-di-trento\/i-pellegrinaggi-della-diocesi-di-trento-del-2024\/#primaryimage"},"thumbnailUrl":"https:\/\/www.diocesitn.it\/area-testimonianza\/wp-content\/uploads\/sites\/37\/2024\/02\/Pellegrinaggi-2024-locandina-214x300.jpg","datePublished":"2024-01-11T11:02:08+00:00","dateModified":"2025-11-20T10:37:54+00:00","description":"I pellegrinaggi organizzati dalla diocesi di Trento per il 2024: Loreto; Pin\u00e8 con ammalati; Pin\u00e8 con anziani; Lourdes; Fatima","breadcrumb":{"@id":"https:\/\/www.diocesitn.it\/area-testimonianza\/salute-pellegrinaggi-anziani\/i-pellegrinaggi-della-diocesi-di-trento\/i-pellegrinaggi-della-diocesi-di-trento-del-2024\/#breadcrumb"},"inLanguage":"it-IT","potentialAction":[{"@type":"ReadAction","target":["https:\/\/www.diocesitn.it\/area-testimonianza\/salute-pellegrinaggi-anziani\/i-pellegrinaggi-della-diocesi-di-trento\/i-pellegrinaggi-della-diocesi-di-trento-del-2024\/"]}]},{"@type":"ImageObject","inLanguage":"it-IT","@id":"https:\/\/www.diocesitn.it\/area-testimonianza\/salute-pellegrinaggi-anziani\/i-pellegrinaggi-della-diocesi-di-trento\/i-pellegrinaggi-della-diocesi-di-trento-del-2024\/#primaryimage","url":"https:\/\/www.diocesitn.it\/area-testimonianza\/wp-content\/uploads\/sites\/37\/2024\/02\/Pellegrinaggi-2024-locandina-scaled.jpg","contentUrl":"https:\/\/www.diocesitn.it\/area-testimonianza\/wp-content\/uploads\/sites\/37\/2024\/02\/Pellegrinaggi-2024-locandina-scaled.jpg","width":1829,"height":2560},{"@type":"BreadcrumbList","@id":"https:\/\/www.diocesitn.it\/area-testimonianza\/salute-pellegrinaggi-anziani\/i-pellegrinaggi-della-diocesi-di-trento\/i-pellegrinaggi-della-diocesi-di-trento-del-2024\/#breadcrumb","itemListElement":[{"@type":"ListItem","position":1,"name":"Home","item":"https:\/\/www.diocesitn.it\/area-testimonianza\/"},{"@type":"ListItem","position":2,"name":"Salute Pellegrinaggi Anziani","item":"https:\/\/www.diocesitn.it\/area-testimonianza\/salute-pellegrinaggi-anziani\/"},{"@type":"ListItem","position":3,"name":"I pellegrinaggi della Diocesi di Trento","item":"https:\/\/www.diocesitn.it\/area-testimonianza\/salute-pellegrinaggi-anziani\/i-pellegrinaggi-della-diocesi-di-trento\/"},{"@type":"ListItem","position":4,"name":"I pellegrinaggi della Diocesi di Trento nel 2024"}]},{"@type":"WebSite","@id":"https:\/\/www.diocesitn.it\/area-testimonianza\/#website","url":"https:\/\/www.diocesitn.it\/area-testimonianza\/","name":"Testimonianza e Impegno sociale","description":"Chiesa di Trento","publisher":{"@id":"https:\/\/www.diocesitn.it\/area-testimonianza\/#organization"},"potentialAction":[{"@type":"SearchAction","target":{"@type":"EntryPoint","urlTemplate":"https:\/\/www.diocesitn.it\/area-testimonianza\/?s={search_term_string}"},"query-input":"required name=search_term_string"}],"inLanguage":"it-IT"},{"@type":["Organization","Place"],"@id":"https:\/\/www.diocesitn.it\/area-testimonianza\/#organization","name":"Area Testimonianza e Impegno Sociale - Chiesa di Trento","url":"https:\/\/www.diocesitn.it\/area-testimonianza\/","logo":{"@id":"https:\/\/www.diocesitn.it\/area-testimonianza\/salute-pellegrinaggi-anziani\/i-pellegrinaggi-della-diocesi-di-trento\/i-pellegrinaggi-della-diocesi-di-trento-del-2024\/#local-main-organization-logo"},"image":{"@id":"https:\/\/www.diocesitn.it\/area-testimonianza\/salute-pellegrinaggi-anziani\/i-pellegrinaggi-della-diocesi-di-trento\/i-pellegrinaggi-della-diocesi-di-trento-del-2024\/#local-main-organization-logo"},"openingHoursSpecification":[{"@type":"OpeningHoursSpecification","dayOfWeek":["Monday","Tuesday","Wednesday","Thursday","Friday","Saturday","Sunday"],"opens":"09:00","closes":"17:00"}]},{"@type":"ImageObject","inLanguage":"it-IT","@id":"https:\/\/www.diocesitn.it\/area-testimonianza\/salute-pellegrinaggi-anziani\/i-pellegrinaggi-della-diocesi-di-trento\/i-pellegrinaggi-della-diocesi-di-trento-del-2024\/#local-main-organization-logo","url":"https:\/\/www.diocesitn.it\/area-testimonianza\/wp-content\/uploads\/sites\/37\/2021\/09\/og-logo-testimonianza-e-impegno-sociale.jpg","contentUrl":"https:\/\/www.diocesitn.it\/area-testimonianza\/wp-content\/uploads\/sites\/37\/2021\/09\/og-logo-testimonianza-e-impegno-sociale.jpg","width":1200,"height":630,"caption":"Area Testimonianza e Impegno Sociale - Chiesa di Trento"}]}},"_links":{"self":[{"href":"https:\/\/www.diocesitn.it\/area-testimonianza\/wp-json\/wp\/v2\/pages\/14277","targetHints":{"allow":["GET"]}}],"collection":[{"href":"https:\/\/www.diocesitn.it\/area-testimonianza\/wp-json\/wp\/v2\/pages"}],"about":[{"href":"https:\/\/www.diocesitn.it\/area-testimonianza\/wp-json\/wp\/v2\/types\/page"}],"author":[{"embeddable":true,"href":"https:\/\/www.diocesitn.it\/area-testimonianza\/wp-json\/wp\/v2\/users\/161"}],"replies":[{"embeddable":true,"href":"https:\/\/www.diocesitn.it\/area-testimonianza\/wp-json\/wp\/v2\/comments?post=14277"}],"version-history":[{"count":4,"href":"https:\/\/www.diocesitn.it\/area-testimonianza\/wp-json\/wp\/v2\/pages\/14277\/revisions"}],"predecessor-version":[{"id":17773,"href":"https:\/\/www.diocesitn.it\/area-testimonianza\/wp-json\/wp\/v2\/pages\/14277\/revisions\/17773"}],"up":[{"embeddable":true,"href":"https:\/\/www.diocesitn.it\/area-testimonianza\/wp-json\/wp\/v2\/pages\/14271"}],"wp:attachment":[{"href":"https:\/\/www.diocesitn.it\/area-testimonianza\/wp-json\/wp\/v2\/media?parent=14277"}],"curies":[{"name":"wp","href":"https:\/\/api.w.org\/{rel}","templated":true}]}}