{"id":10758,"date":"2022-02-25T10:35:13","date_gmt":"2022-02-25T09:35:13","guid":{"rendered":"https:\/\/www.diocesitn.it\/area-testimonianza\/?page_id=10758"},"modified":"2025-11-20T09:19:03","modified_gmt":"2025-11-20T08:19:03","slug":"materiale-formativo-per-il-mondo-caritas","status":"publish","type":"page","link":"https:\/\/www.diocesitn.it\/area-testimonianza\/attivita-servizio-caritas\/materiale-formativo-per-il-mondo-caritas\/","title":{"rendered":"Materiale formativo per il mondo Caritas"},"content":{"rendered":"<p><a href=\"https:\/\/www.diocesitn.it\/area-testimonianza\/wp-content\/uploads\/sites\/37\/2022\/02\/5.-in-camera-caritatis.pdf\"><img loading=\"lazy\" decoding=\"async\" class=\"alignleft wp-image-10764\" src=\"https:\/\/www.diocesitn.it\/area-testimonianza\/wp-content\/uploads\/sites\/37\/2022\/02\/5.-in-camera-caritatis_Pagina_01-211x300.jpg\" alt=\"\" width=\"121\" height=\"172\" srcset=\"https:\/\/www.diocesitn.it\/area-testimonianza\/wp-content\/uploads\/sites\/37\/2022\/02\/5.-in-camera-caritatis_Pagina_01-211x300.jpg 211w, https:\/\/www.diocesitn.it\/area-testimonianza\/wp-content\/uploads\/sites\/37\/2022\/02\/5.-in-camera-caritatis_Pagina_01-722x1024.jpg 722w, https:\/\/www.diocesitn.it\/area-testimonianza\/wp-content\/uploads\/sites\/37\/2022\/02\/5.-in-camera-caritatis_Pagina_01-768x1089.jpg 768w, https:\/\/www.diocesitn.it\/area-testimonianza\/wp-content\/uploads\/sites\/37\/2022\/02\/5.-in-camera-caritatis_Pagina_01-197x280.jpg 197w, https:\/\/www.diocesitn.it\/area-testimonianza\/wp-content\/uploads\/sites\/37\/2022\/02\/5.-in-camera-caritatis_Pagina_01-541x768.jpg 541w, https:\/\/www.diocesitn.it\/area-testimonianza\/wp-content\/uploads\/sites\/37\/2022\/02\/5.-in-camera-caritatis_Pagina_01-1083x1536.jpg 1083w, https:\/\/www.diocesitn.it\/area-testimonianza\/wp-content\/uploads\/sites\/37\/2022\/02\/5.-in-camera-caritatis_Pagina_01-800x1135.jpg 800w, https:\/\/www.diocesitn.it\/area-testimonianza\/wp-content\/uploads\/sites\/37\/2022\/02\/5.-in-camera-caritatis_Pagina_01.jpg 1166w\" sizes=\"auto, (max-width: 121px) 100vw, 121px\" \/><\/a><\/p>\n<h6><a href=\"https:\/\/www.diocesitn.it\/area-testimonianza\/wp-content\/uploads\/sites\/37\/2022\/02\/5.-in-camera-caritatis.pdf\"><strong>In camera caritatis<\/strong><\/a><\/h6>\n<h6>Semplici storielle, adatte a tutti, per raccontare in modo altro il vissuto quotidiano legato alla parola Caritas.<br \/>\nUnico scopo &#8211; tra realt\u00e0 e fantasia, tra impensabile e verosimile &#8211; \u00e8 far s\u00ec che ogni storia crei un\u2019idea. In grado di sostenere un cammino condiviso.<br \/>\nSemplici storie, come piccoli specchi in cui riflettere la nostra volont\u00e0 di prenderci a cuore il voler stare insieme, con tutti, in modo sempre nuovo e diverso.<\/h6>\n<p>&nbsp;<\/p>\n<hr \/>\n<p><a href=\"https:\/\/www.diocesitn.it\/area-testimonianza\/wp-content\/uploads\/sites\/37\/2025\/05\/tre-pani.jpg\"><img loading=\"lazy\" decoding=\"async\" class=\"alignleft wp-image-17756\" src=\"https:\/\/www.diocesitn.it\/area-testimonianza\/wp-content\/uploads\/sites\/37\/2025\/05\/tre-pani-226x300.jpg\" alt=\"\" width=\"125\" height=\"166\" srcset=\"https:\/\/www.diocesitn.it\/area-testimonianza\/wp-content\/uploads\/sites\/37\/2025\/05\/tre-pani-226x300.jpg 226w, https:\/\/www.diocesitn.it\/area-testimonianza\/wp-content\/uploads\/sites\/37\/2025\/05\/tre-pani-773x1024.jpg 773w, https:\/\/www.diocesitn.it\/area-testimonianza\/wp-content\/uploads\/sites\/37\/2025\/05\/tre-pani-768x1018.jpg 768w, https:\/\/www.diocesitn.it\/area-testimonianza\/wp-content\/uploads\/sites\/37\/2025\/05\/tre-pani-211x280.jpg 211w, https:\/\/www.diocesitn.it\/area-testimonianza\/wp-content\/uploads\/sites\/37\/2025\/05\/tre-pani-579x768.jpg 579w, https:\/\/www.diocesitn.it\/area-testimonianza\/wp-content\/uploads\/sites\/37\/2025\/05\/tre-pani-1159x1536.jpg 1159w, https:\/\/www.diocesitn.it\/area-testimonianza\/wp-content\/uploads\/sites\/37\/2025\/05\/tre-pani-1545x2048.jpg 1545w, https:\/\/www.diocesitn.it\/area-testimonianza\/wp-content\/uploads\/sites\/37\/2025\/05\/tre-pani-800x1060.jpg 800w, https:\/\/www.diocesitn.it\/area-testimonianza\/wp-content\/uploads\/sites\/37\/2025\/05\/tre-pani-1200x1591.jpg 1200w, https:\/\/www.diocesitn.it\/area-testimonianza\/wp-content\/uploads\/sites\/37\/2025\/05\/tre-pani-1320x1750.jpg 1320w, https:\/\/www.diocesitn.it\/area-testimonianza\/wp-content\/uploads\/sites\/37\/2025\/05\/tre-pani.jpg 1622w\" sizes=\"auto, (max-width: 125px) 100vw, 125px\" \/><\/a><a href=\"https:\/\/www.diocesitn.it\/area-testimonianza\/wp-content\/uploads\/sites\/37\/2022\/02\/2.-tre-pani-nuovo.pdf\"><strong>Solo tre pani<\/strong><\/a><\/p>\n<p>Il pane della Parola, Il pane dell\u2019Eucaristia. Il pane della Fraternit\u00e0.<br \/>\nTutti da spezzare. Tutti da condividere. Tutti da consumare.<\/p>\n<hr \/>\n<p><a href=\"https:\/\/www.diocesitn.it\/area-testimonianza\/wp-content\/uploads\/sites\/37\/2022\/02\/1.-dalla-alla-zeta-infinito.pdf\"><img loading=\"lazy\" decoding=\"async\" class=\"alignleft wp-image-10760 size-thumbnail\" style=\"color: #1585cf\" src=\"https:\/\/www.diocesitn.it\/area-testimonianza\/wp-content\/uploads\/sites\/37\/2022\/02\/1.-dalla-alla-zeta-infinito_Pagina_01-150x150.jpg\" alt=\"\" width=\"150\" height=\"150\" srcset=\"https:\/\/www.diocesitn.it\/area-testimonianza\/wp-content\/uploads\/sites\/37\/2022\/02\/1.-dalla-alla-zeta-infinito_Pagina_01-150x150.jpg 150w, https:\/\/www.diocesitn.it\/area-testimonianza\/wp-content\/uploads\/sites\/37\/2022\/02\/1.-dalla-alla-zeta-infinito_Pagina_01-200x200.jpg 200w, https:\/\/www.diocesitn.it\/area-testimonianza\/wp-content\/uploads\/sites\/37\/2022\/02\/1.-dalla-alla-zeta-infinito_Pagina_01-300x300.jpg 300w\" sizes=\"auto, (max-width: 150px) 100vw, 150px\" \/><\/a><\/p>\n<h6 style=\"color: #444444\"><a href=\"https:\/\/www.diocesitn.it\/area-testimonianza\/wp-content\/uploads\/sites\/37\/2022\/02\/1.-dalla-alla-zeta-infinito.pdf\"><strong>Dall&#8217;A alla Zeta<\/strong><\/a><\/h6>\n<h6 style=\"color: #444444\">Parole sovrabbondano ovunque, e una di queste \u00e8 carit\u00e0, interpretata come elemosina, come offerta, come donazione. Una parola ambigua, dunque.<br \/>\nL\u2019alfabeto ci consente di entrare nel senso del nostro dire. Cos\u00ec da costruire dinamiche di umana responsabilit\u00e0, per camminare nel mondo riconoscendo nella storia un enorme potenziale di vita fraterna, e nel vocabolario un indispensabile strumento di giustizia.<\/h6>\n<hr \/>\n","protected":false},"excerpt":{"rendered":"<p>In camera caritatis Semplici storielle, adatte a tutti, per raccontare in modo altro il vissuto quotidiano legato alla parola Caritas. Unico scopo &#8211; tra realt\u00e0 e fantasia, tra impensabile e verosimile &#8211; \u00e8 far s\u00ec<\/p>\n","protected":false},"author":4,"featured_media":0,"parent":1486,"menu_order":0,"comment_status":"closed","ping_status":"closed","template":"","meta":{"footnotes":""},"class_list":["post-10758","page","type-page","status-publish","hentry"],"acf":{"seed-localization-paese-cod":"IT","seed-localization-address":"","seed-localization-citta":"Trento","seed-localization-regione-cod-istat":"04","seed-localization-citta-cod-istat":"022205","seed-localization-localita":"","seed-localization-cap":"","seed-localization-marker-visibility":false,"seed-localization-children-visibility":false,"seed-localization-kml":"","seed-localization-custom-marker":""},"yoast_head":"<!-- This site is optimized with the Yoast SEO Premium plugin v20.2.1 (Yoast SEO v22.2) - https:\/\/yoast.com\/wordpress\/plugins\/seo\/ -->\n<title>Materiale formativo per il mondo Caritas<\/title>\n<meta name=\"robots\" content=\"index, follow, max-snippet:-1, max-image-preview:large, max-video-preview:-1\" \/>\n<link rel=\"canonical\" href=\"https:\/\/www.diocesitn.it\/area-testimonianza\/attivita-servizio-caritas\/materiale-formativo-per-il-mondo-caritas\/\" \/>\n<meta property=\"og:locale\" content=\"it_IT\" \/>\n<meta property=\"og:type\" content=\"article\" \/>\n<meta property=\"og:title\" content=\"Materiale formativo per il mondo Caritas\" \/>\n<meta property=\"og:description\" content=\"In camera caritatis Semplici storielle, adatte a tutti, per raccontare in modo altro il vissuto quotidiano legato alla parola Caritas. Unico scopo &#8211; tra realt\u00e0 e fantasia, tra impensabile e verosimile &#8211; \u00e8 far s\u00ec\" \/>\n<meta property=\"og:url\" content=\"https:\/\/www.diocesitn.it\/area-testimonianza\/attivita-servizio-caritas\/materiale-formativo-per-il-mondo-caritas\/\" \/>\n<meta property=\"og:site_name\" content=\"Testimonianza e Impegno sociale\" \/>\n<meta property=\"article:modified_time\" content=\"2025-11-20T08:19:03+00:00\" \/>\n<meta property=\"og:image\" content=\"https:\/\/www.diocesitn.it\/area-testimonianza\/wp-content\/uploads\/sites\/37\/2022\/02\/5.-in-camera-caritatis_Pagina_01.jpg\" \/>\n\t<meta property=\"og:image:width\" content=\"1166\" \/>\n\t<meta property=\"og:image:height\" content=\"1654\" \/>\n\t<meta property=\"og:image:type\" content=\"image\/jpeg\" \/>\n<meta name=\"twitter:card\" content=\"summary_large_image\" \/>\n<meta name=\"twitter:label1\" content=\"Tempo di lettura stimato\" \/>\n\t<meta name=\"twitter:data1\" content=\"2 minuti\" \/>\n<script type=\"application\/ld+json\" class=\"yoast-schema-graph\">{\"@context\":\"https:\/\/schema.org\",\"@graph\":[{\"@type\":\"WebPage\",\"@id\":\"https:\/\/www.diocesitn.it\/area-testimonianza\/attivita-servizio-caritas\/materiale-formativo-per-il-mondo-caritas\/\",\"url\":\"https:\/\/www.diocesitn.it\/area-testimonianza\/attivita-servizio-caritas\/materiale-formativo-per-il-mondo-caritas\/\",\"name\":\"Materiale formativo per il mondo Caritas\",\"isPartOf\":{\"@id\":\"https:\/\/www.diocesitn.it\/area-testimonianza\/#website\"},\"primaryImageOfPage\":{\"@id\":\"https:\/\/www.diocesitn.it\/area-testimonianza\/attivita-servizio-caritas\/materiale-formativo-per-il-mondo-caritas\/#primaryimage\"},\"image\":{\"@id\":\"https:\/\/www.diocesitn.it\/area-testimonianza\/attivita-servizio-caritas\/materiale-formativo-per-il-mondo-caritas\/#primaryimage\"},\"thumbnailUrl\":\"https:\/\/www.diocesitn.it\/area-testimonianza\/wp-content\/uploads\/sites\/37\/2022\/02\/5.-in-camera-caritatis_Pagina_01-211x300.jpg\",\"datePublished\":\"2022-02-25T09:35:13+00:00\",\"dateModified\":\"2025-11-20T08:19:03+00:00\",\"breadcrumb\":{\"@id\":\"https:\/\/www.diocesitn.it\/area-testimonianza\/attivita-servizio-caritas\/materiale-formativo-per-il-mondo-caritas\/#breadcrumb\"},\"inLanguage\":\"it-IT\",\"potentialAction\":[{\"@type\":\"ReadAction\",\"target\":[\"https:\/\/www.diocesitn.it\/area-testimonianza\/attivita-servizio-caritas\/materiale-formativo-per-il-mondo-caritas\/\"]}]},{\"@type\":\"ImageObject\",\"inLanguage\":\"it-IT\",\"@id\":\"https:\/\/www.diocesitn.it\/area-testimonianza\/attivita-servizio-caritas\/materiale-formativo-per-il-mondo-caritas\/#primaryimage\",\"url\":\"https:\/\/www.diocesitn.it\/area-testimonianza\/wp-content\/uploads\/sites\/37\/2022\/02\/5.-in-camera-caritatis_Pagina_01.jpg\",\"contentUrl\":\"https:\/\/www.diocesitn.it\/area-testimonianza\/wp-content\/uploads\/sites\/37\/2022\/02\/5.-in-camera-caritatis_Pagina_01.jpg\",\"width\":1166,\"height\":1654},{\"@type\":\"BreadcrumbList\",\"@id\":\"https:\/\/www.diocesitn.it\/area-testimonianza\/attivita-servizio-caritas\/materiale-formativo-per-il-mondo-caritas\/#breadcrumb\",\"itemListElement\":[{\"@type\":\"ListItem\",\"position\":1,\"name\":\"Home\",\"item\":\"https:\/\/www.diocesitn.it\/area-testimonianza\/\"},{\"@type\":\"ListItem\",\"position\":2,\"name\":\"Caritas\",\"item\":\"https:\/\/www.diocesitn.it\/area-testimonianza\/attivita-servizio-caritas\/\"},{\"@type\":\"ListItem\",\"position\":3,\"name\":\"Materiale formativo per il mondo Caritas\"}]},{\"@type\":\"WebSite\",\"@id\":\"https:\/\/www.diocesitn.it\/area-testimonianza\/#website\",\"url\":\"https:\/\/www.diocesitn.it\/area-testimonianza\/\",\"name\":\"Testimonianza e Impegno sociale\",\"description\":\"Chiesa di Trento\",\"publisher\":{\"@id\":\"https:\/\/www.diocesitn.it\/area-testimonianza\/#organization\"},\"potentialAction\":[{\"@type\":\"SearchAction\",\"target\":{\"@type\":\"EntryPoint\",\"urlTemplate\":\"https:\/\/www.diocesitn.it\/area-testimonianza\/?s={search_term_string}\"},\"query-input\":\"required name=search_term_string\"}],\"inLanguage\":\"it-IT\"},{\"@type\":[\"Organization\",\"Place\"],\"@id\":\"https:\/\/www.diocesitn.it\/area-testimonianza\/#organization\",\"name\":\"Area Testimonianza e Impegno Sociale - Chiesa di Trento\",\"url\":\"https:\/\/www.diocesitn.it\/area-testimonianza\/\",\"logo\":{\"@id\":\"https:\/\/www.diocesitn.it\/area-testimonianza\/attivita-servizio-caritas\/materiale-formativo-per-il-mondo-caritas\/#local-main-organization-logo\"},\"image\":{\"@id\":\"https:\/\/www.diocesitn.it\/area-testimonianza\/attivita-servizio-caritas\/materiale-formativo-per-il-mondo-caritas\/#local-main-organization-logo\"},\"openingHoursSpecification\":[{\"@type\":\"OpeningHoursSpecification\",\"dayOfWeek\":[\"Monday\",\"Tuesday\",\"Wednesday\",\"Thursday\",\"Friday\",\"Saturday\",\"Sunday\"],\"opens\":\"09:00\",\"closes\":\"17:00\"}]},{\"@type\":\"ImageObject\",\"inLanguage\":\"it-IT\",\"@id\":\"https:\/\/www.diocesitn.it\/area-testimonianza\/attivita-servizio-caritas\/materiale-formativo-per-il-mondo-caritas\/#local-main-organization-logo\",\"url\":\"https:\/\/www.diocesitn.it\/area-testimonianza\/wp-content\/uploads\/sites\/37\/2021\/09\/og-logo-testimonianza-e-impegno-sociale.jpg\",\"contentUrl\":\"https:\/\/www.diocesitn.it\/area-testimonianza\/wp-content\/uploads\/sites\/37\/2021\/09\/og-logo-testimonianza-e-impegno-sociale.jpg\",\"width\":1200,\"height\":630,\"caption\":\"Area Testimonianza e Impegno Sociale - Chiesa di Trento\"}]}<\/script>\n<!-- \/ Yoast SEO Premium plugin. -->","yoast_head_json":{"title":"Materiale formativo per il mondo Caritas","robots":{"index":"index","follow":"follow","max-snippet":"max-snippet:-1","max-image-preview":"max-image-preview:large","max-video-preview":"max-video-preview:-1"},"canonical":"https:\/\/www.diocesitn.it\/area-testimonianza\/attivita-servizio-caritas\/materiale-formativo-per-il-mondo-caritas\/","og_locale":"it_IT","og_type":"article","og_title":"Materiale formativo per il mondo Caritas","og_description":"In camera caritatis Semplici storielle, adatte a tutti, per raccontare in modo altro il vissuto quotidiano legato alla parola Caritas. Unico scopo &#8211; tra realt\u00e0 e fantasia, tra impensabile e verosimile &#8211; \u00e8 far s\u00ec","og_url":"https:\/\/www.diocesitn.it\/area-testimonianza\/attivita-servizio-caritas\/materiale-formativo-per-il-mondo-caritas\/","og_site_name":"Testimonianza e Impegno sociale","article_modified_time":"2025-11-20T08:19:03+00:00","og_image":[{"width":1166,"height":1654,"url":"https:\/\/www.diocesitn.it\/area-testimonianza\/wp-content\/uploads\/sites\/37\/2022\/02\/5.-in-camera-caritatis_Pagina_01.jpg","type":"image\/jpeg"}],"twitter_card":"summary_large_image","twitter_misc":{"Tempo di lettura stimato":"2 minuti"},"schema":{"@context":"https:\/\/schema.org","@graph":[{"@type":"WebPage","@id":"https:\/\/www.diocesitn.it\/area-testimonianza\/attivita-servizio-caritas\/materiale-formativo-per-il-mondo-caritas\/","url":"https:\/\/www.diocesitn.it\/area-testimonianza\/attivita-servizio-caritas\/materiale-formativo-per-il-mondo-caritas\/","name":"Materiale formativo per il mondo Caritas","isPartOf":{"@id":"https:\/\/www.diocesitn.it\/area-testimonianza\/#website"},"primaryImageOfPage":{"@id":"https:\/\/www.diocesitn.it\/area-testimonianza\/attivita-servizio-caritas\/materiale-formativo-per-il-mondo-caritas\/#primaryimage"},"image":{"@id":"https:\/\/www.diocesitn.it\/area-testimonianza\/attivita-servizio-caritas\/materiale-formativo-per-il-mondo-caritas\/#primaryimage"},"thumbnailUrl":"https:\/\/www.diocesitn.it\/area-testimonianza\/wp-content\/uploads\/sites\/37\/2022\/02\/5.-in-camera-caritatis_Pagina_01-211x300.jpg","datePublished":"2022-02-25T09:35:13+00:00","dateModified":"2025-11-20T08:19:03+00:00","breadcrumb":{"@id":"https:\/\/www.diocesitn.it\/area-testimonianza\/attivita-servizio-caritas\/materiale-formativo-per-il-mondo-caritas\/#breadcrumb"},"inLanguage":"it-IT","potentialAction":[{"@type":"ReadAction","target":["https:\/\/www.diocesitn.it\/area-testimonianza\/attivita-servizio-caritas\/materiale-formativo-per-il-mondo-caritas\/"]}]},{"@type":"ImageObject","inLanguage":"it-IT","@id":"https:\/\/www.diocesitn.it\/area-testimonianza\/attivita-servizio-caritas\/materiale-formativo-per-il-mondo-caritas\/#primaryimage","url":"https:\/\/www.diocesitn.it\/area-testimonianza\/wp-content\/uploads\/sites\/37\/2022\/02\/5.-in-camera-caritatis_Pagina_01.jpg","contentUrl":"https:\/\/www.diocesitn.it\/area-testimonianza\/wp-content\/uploads\/sites\/37\/2022\/02\/5.-in-camera-caritatis_Pagina_01.jpg","width":1166,"height":1654},{"@type":"BreadcrumbList","@id":"https:\/\/www.diocesitn.it\/area-testimonianza\/attivita-servizio-caritas\/materiale-formativo-per-il-mondo-caritas\/#breadcrumb","itemListElement":[{"@type":"ListItem","position":1,"name":"Home","item":"https:\/\/www.diocesitn.it\/area-testimonianza\/"},{"@type":"ListItem","position":2,"name":"Caritas","item":"https:\/\/www.diocesitn.it\/area-testimonianza\/attivita-servizio-caritas\/"},{"@type":"ListItem","position":3,"name":"Materiale formativo per il mondo Caritas"}]},{"@type":"WebSite","@id":"https:\/\/www.diocesitn.it\/area-testimonianza\/#website","url":"https:\/\/www.diocesitn.it\/area-testimonianza\/","name":"Testimonianza e Impegno sociale","description":"Chiesa di Trento","publisher":{"@id":"https:\/\/www.diocesitn.it\/area-testimonianza\/#organization"},"potentialAction":[{"@type":"SearchAction","target":{"@type":"EntryPoint","urlTemplate":"https:\/\/www.diocesitn.it\/area-testimonianza\/?s={search_term_string}"},"query-input":"required name=search_term_string"}],"inLanguage":"it-IT"},{"@type":["Organization","Place"],"@id":"https:\/\/www.diocesitn.it\/area-testimonianza\/#organization","name":"Area Testimonianza e Impegno Sociale - Chiesa di Trento","url":"https:\/\/www.diocesitn.it\/area-testimonianza\/","logo":{"@id":"https:\/\/www.diocesitn.it\/area-testimonianza\/attivita-servizio-caritas\/materiale-formativo-per-il-mondo-caritas\/#local-main-organization-logo"},"image":{"@id":"https:\/\/www.diocesitn.it\/area-testimonianza\/attivita-servizio-caritas\/materiale-formativo-per-il-mondo-caritas\/#local-main-organization-logo"},"openingHoursSpecification":[{"@type":"OpeningHoursSpecification","dayOfWeek":["Monday","Tuesday","Wednesday","Thursday","Friday","Saturday","Sunday"],"opens":"09:00","closes":"17:00"}]},{"@type":"ImageObject","inLanguage":"it-IT","@id":"https:\/\/www.diocesitn.it\/area-testimonianza\/attivita-servizio-caritas\/materiale-formativo-per-il-mondo-caritas\/#local-main-organization-logo","url":"https:\/\/www.diocesitn.it\/area-testimonianza\/wp-content\/uploads\/sites\/37\/2021\/09\/og-logo-testimonianza-e-impegno-sociale.jpg","contentUrl":"https:\/\/www.diocesitn.it\/area-testimonianza\/wp-content\/uploads\/sites\/37\/2021\/09\/og-logo-testimonianza-e-impegno-sociale.jpg","width":1200,"height":630,"caption":"Area Testimonianza e Impegno Sociale - Chiesa di Trento"}]}},"_links":{"self":[{"href":"https:\/\/www.diocesitn.it\/area-testimonianza\/wp-json\/wp\/v2\/pages\/10758","targetHints":{"allow":["GET"]}}],"collection":[{"href":"https:\/\/www.diocesitn.it\/area-testimonianza\/wp-json\/wp\/v2\/pages"}],"about":[{"href":"https:\/\/www.diocesitn.it\/area-testimonianza\/wp-json\/wp\/v2\/types\/page"}],"author":[{"embeddable":true,"href":"https:\/\/www.diocesitn.it\/area-testimonianza\/wp-json\/wp\/v2\/users\/4"}],"replies":[{"embeddable":true,"href":"https:\/\/www.diocesitn.it\/area-testimonianza\/wp-json\/wp\/v2\/comments?post=10758"}],"version-history":[{"count":3,"href":"https:\/\/www.diocesitn.it\/area-testimonianza\/wp-json\/wp\/v2\/pages\/10758\/revisions"}],"predecessor-version":[{"id":17757,"href":"https:\/\/www.diocesitn.it\/area-testimonianza\/wp-json\/wp\/v2\/pages\/10758\/revisions\/17757"}],"up":[{"embeddable":true,"href":"https:\/\/www.diocesitn.it\/area-testimonianza\/wp-json\/wp\/v2\/pages\/1486"}],"wp:attachment":[{"href":"https:\/\/www.diocesitn.it\/area-testimonianza\/wp-json\/wp\/v2\/media?parent=10758"}],"curies":[{"name":"wp","href":"https:\/\/api.w.org\/{rel}","templated":true}]}}