{"id":8949,"date":"2022-09-22T12:04:14","date_gmt":"2022-09-22T10:04:14","guid":{"rendered":"https:\/\/www.diocesitn.it\/area-cultura\/?page_id=8949"},"modified":"2025-11-06T09:31:08","modified_gmt":"2025-11-06T08:31:08","slug":"la-scuola-che-avventura","status":"publish","type":"page","link":"https:\/\/www.diocesitn.it\/area-cultura\/chi-siamo-area-cultura\/didattica\/la-scuola-che-avventura\/","title":{"rendered":"Scopriamo la scuola! Viaggio nel tempo e nello spazio"},"content":{"rendered":"<p>Quando \u00e8 nata la scuola? Come \u00e8 cambiata nel corso dei secoli? E, proprio oggi, la scuola \u00e8 uguale per tutti?<\/p>\n<p>Attraverso questo laboratorio, la Biblioteca propone un viaggio alla scoperta di una delle istituzioni che costituiscono il cuore pulsante della nostra societ\u00e0 e del nostro modo di viverla. Il percorso sar\u00e0 duplice: nella storia, ma anche nello spazio.<\/p>\n<p>Innanzitutto, un viaggio nel tempo: dall\u2019 \u2018invenzione\u2019 della scuola e passando per le tappe pi\u00f9 importanti della sua evoluzione, si cercher\u00e0 di scoprire \u2013 grazie alle fonti \u2013 come siano cambiate le modalit\u00e0 di apprendimento e insegnamento nel corso dei secoli. Poi, un viaggio nello spazio: nonostante la scuola e l\u2019istruzione siano sancite come diritti fondamentali nella Dichiarazione Universale dei Diritti Umani di Ginevra, ancora molti bambini e bambine, ragazze e ragazzi non hanno la possibilit\u00e0 di accedere all\u2019istruzione e frequentare le lezioni. Comprendere questo \u00e8 fondamentale per essere consapevoli del valore della scuola nella vita di ciascuno.<\/p>\n<p>La parte conclusiva sar\u00e0 dedicata a un laboratorio creativo, durante il quale verr\u00e0 richiesto l\u2019allestimento di un particolare quaderno, la cui realizzazione sar\u00e0 diversificata in base all\u2019et\u00e0 dei partecipanti.<\/p>\n<table style=\"border-collapse: collapse;width: 100%;height: 332px\">\n<tbody>\n<tr style=\"height: 56px\">\n<td style=\"width: 13.1945%;height: 56px\"><strong>DESTINATARI<\/strong><\/td>\n<td style=\"width: 86.8055%;height: 56px\">Scuola elementare<br \/>\nScuola media<\/td>\n<\/tr>\n<tr style=\"height: 46px\">\n<td style=\"width: 13.1945%;height: 46px\"><strong>DURATA<\/strong><\/td>\n<td style=\"width: 86.8055%;height: 46px\">2 ore<\/td>\n<\/tr>\n<tr style=\"height: 46px\">\n<td style=\"width: 13.1945%;height: 46px\"><strong>GIORNI\u00a0<\/strong><\/td>\n<td style=\"width: 86.8055%;height: 46px\">su prenotazione<\/td>\n<\/tr>\n<tr style=\"height: 46px\">\n<td style=\"width: 13.1945%;height: 46px\"><strong>SEDE<\/strong><\/td>\n<td style=\"width: 86.8055%;height: 46px\">Polo culturale Vigilianum &#8211; Trento, via C. Endrici 14<\/td>\n<\/tr>\n<tr style=\"height: 46px\">\n<td style=\"width: 13.1945%;height: 46px\"><strong>CONTRIBUTO\u00a0<\/strong><\/td>\n<td style=\"width: 86.8055%;height: 46px\">3 euro ad alunno<\/td>\n<\/tr>\n<tr style=\"height: 46px\">\n<td style=\"width: 13.1945%;height: 46px\"><strong>PRENOTAZIONI<\/strong><\/td>\n<td style=\"width: 86.8055%;height: 46px\">0461-891182\u00a0 biblioteca@diocesitn.it<\/td>\n<\/tr>\n<\/tbody>\n<\/table>\n","protected":false},"excerpt":{"rendered":"<p>Quando \u00e8 nata la scuola? Come \u00e8 cambiata nel corso dei secoli? E, proprio oggi, la scuola \u00e8 uguale per tutti? Attraverso questo laboratorio, la Biblioteca propone un viaggio alla scoperta di una delle istituzioni<\/p>\n","protected":false},"author":9,"featured_media":0,"parent":2526,"menu_order":0,"comment_status":"closed","ping_status":"closed","template":"","meta":{"footnotes":""},"class_list":["post-8949","page","type-page","status-publish","hentry"],"acf":{"seed-localization-paese-cod":"IT","seed-localization-address":"","seed-localization-citta":"Trento","seed-localization-regione-cod-istat":"04","seed-localization-citta-cod-istat":"022205","seed-localization-localita":"","seed-localization-cap":"","seed-localization-marker-visibility":false,"seed-localization-children-visibility":false,"seed-localization-kml":"","seed-localization-custom-marker":""},"yoast_head":"<!-- This site is optimized with the Yoast SEO Premium plugin v20.2.1 (Yoast SEO v22.2) - https:\/\/yoast.com\/wordpress\/plugins\/seo\/ -->\n<title>Scopriamo la scuola! Viaggio nel tempo e nello spazio - Cultura<\/title>\n<meta name=\"robots\" content=\"index, follow, max-snippet:-1, max-image-preview:large, max-video-preview:-1\" \/>\n<link rel=\"canonical\" href=\"https:\/\/www.diocesitn.it\/area-cultura\/chi-siamo-area-cultura\/didattica\/la-scuola-che-avventura\/\" \/>\n<meta property=\"og:locale\" content=\"it_IT\" \/>\n<meta property=\"og:type\" content=\"article\" \/>\n<meta property=\"og:title\" content=\"Scopriamo la scuola! Viaggio nel tempo e nello spazio\" \/>\n<meta property=\"og:description\" content=\"Quando \u00e8 nata la scuola? Come \u00e8 cambiata nel corso dei secoli? E, proprio oggi, la scuola \u00e8 uguale per tutti? Attraverso questo laboratorio, la Biblioteca propone un viaggio alla scoperta di una delle istituzioni\" \/>\n<meta property=\"og:url\" content=\"https:\/\/www.diocesitn.it\/area-cultura\/chi-siamo-area-cultura\/didattica\/la-scuola-che-avventura\/\" \/>\n<meta property=\"og:site_name\" content=\"Cultura\" \/>\n<meta property=\"article:modified_time\" content=\"2025-11-06T08:31:08+00:00\" \/>\n<meta property=\"og:image\" content=\"https:\/\/www.diocesitn.it\/area-cultura\/wp-content\/uploads\/sites\/38\/2021\/09\/og-logo-cultura.jpg\" \/>\n\t<meta property=\"og:image:width\" content=\"1200\" \/>\n\t<meta property=\"og:image:height\" content=\"630\" \/>\n\t<meta property=\"og:image:type\" content=\"image\/jpeg\" \/>\n<meta name=\"twitter:card\" content=\"summary_large_image\" \/>\n<meta name=\"twitter:label1\" content=\"Tempo di lettura stimato\" \/>\n\t<meta name=\"twitter:data1\" content=\"2 minuti\" \/>\n<script type=\"application\/ld+json\" class=\"yoast-schema-graph\">{\"@context\":\"https:\/\/schema.org\",\"@graph\":[{\"@type\":\"WebPage\",\"@id\":\"https:\/\/www.diocesitn.it\/area-cultura\/chi-siamo-area-cultura\/didattica\/la-scuola-che-avventura\/\",\"url\":\"https:\/\/www.diocesitn.it\/area-cultura\/chi-siamo-area-cultura\/didattica\/la-scuola-che-avventura\/\",\"name\":\"Scopriamo la scuola! Viaggio nel tempo e nello spazio - Cultura\",\"isPartOf\":{\"@id\":\"https:\/\/www.diocesitn.it\/area-cultura\/#website\"},\"datePublished\":\"2022-09-22T10:04:14+00:00\",\"dateModified\":\"2025-11-06T08:31:08+00:00\",\"breadcrumb\":{\"@id\":\"https:\/\/www.diocesitn.it\/area-cultura\/chi-siamo-area-cultura\/didattica\/la-scuola-che-avventura\/#breadcrumb\"},\"inLanguage\":\"it-IT\",\"potentialAction\":[{\"@type\":\"ReadAction\",\"target\":[\"https:\/\/www.diocesitn.it\/area-cultura\/chi-siamo-area-cultura\/didattica\/la-scuola-che-avventura\/\"]}]},{\"@type\":\"BreadcrumbList\",\"@id\":\"https:\/\/www.diocesitn.it\/area-cultura\/chi-siamo-area-cultura\/didattica\/la-scuola-che-avventura\/#breadcrumb\",\"itemListElement\":[{\"@type\":\"ListItem\",\"position\":1,\"name\":\"Home\",\"item\":\"https:\/\/www.diocesitn.it\/area-cultura\/\"},{\"@type\":\"ListItem\",\"position\":2,\"name\":\"Chi siamo &#8211; Area Cultura\",\"item\":\"https:\/\/www.diocesitn.it\/area-cultura\/chi-siamo-area-cultura\/\"},{\"@type\":\"ListItem\",\"position\":3,\"name\":\"Didattica\",\"item\":\"https:\/\/www.diocesitn.it\/area-cultura\/chi-siamo-area-cultura\/didattica\/\"},{\"@type\":\"ListItem\",\"position\":4,\"name\":\"Scopriamo la scuola! Viaggio nel tempo e nello spazio\"}]},{\"@type\":\"WebSite\",\"@id\":\"https:\/\/www.diocesitn.it\/area-cultura\/#website\",\"url\":\"https:\/\/www.diocesitn.it\/area-cultura\/\",\"name\":\"Cultura\",\"description\":\"Chiesa di Trento\",\"publisher\":{\"@id\":\"https:\/\/www.diocesitn.it\/area-cultura\/#organization\"},\"potentialAction\":[{\"@type\":\"SearchAction\",\"target\":{\"@type\":\"EntryPoint\",\"urlTemplate\":\"https:\/\/www.diocesitn.it\/area-cultura\/?s={search_term_string}\"},\"query-input\":\"required name=search_term_string\"}],\"inLanguage\":\"it-IT\"},{\"@type\":[\"Organization\",\"Place\"],\"@id\":\"https:\/\/www.diocesitn.it\/area-cultura\/#organization\",\"name\":\"Area Cultura - Chiesa di Trento\",\"url\":\"https:\/\/www.diocesitn.it\/area-cultura\/\",\"logo\":{\"@id\":\"https:\/\/www.diocesitn.it\/area-cultura\/chi-siamo-area-cultura\/didattica\/la-scuola-che-avventura\/#local-main-organization-logo\"},\"image\":{\"@id\":\"https:\/\/www.diocesitn.it\/area-cultura\/chi-siamo-area-cultura\/didattica\/la-scuola-che-avventura\/#local-main-organization-logo\"},\"sameAs\":[\"https:\/\/www.youtube.com\/channel\/UCfWD2n-N6WTCg2P_UA72H6Q\"],\"openingHoursSpecification\":[{\"@type\":\"OpeningHoursSpecification\",\"dayOfWeek\":[\"Monday\",\"Tuesday\",\"Wednesday\",\"Thursday\",\"Friday\",\"Saturday\",\"Sunday\"],\"opens\":\"09:00\",\"closes\":\"17:00\"}]},{\"@type\":\"ImageObject\",\"inLanguage\":\"it-IT\",\"@id\":\"https:\/\/www.diocesitn.it\/area-cultura\/chi-siamo-area-cultura\/didattica\/la-scuola-che-avventura\/#local-main-organization-logo\",\"url\":\"https:\/\/www.diocesitn.it\/area-cultura\/wp-content\/uploads\/sites\/38\/2021\/09\/og-logo-cultura.jpg\",\"contentUrl\":\"https:\/\/www.diocesitn.it\/area-cultura\/wp-content\/uploads\/sites\/38\/2021\/09\/og-logo-cultura.jpg\",\"width\":1200,\"height\":630,\"caption\":\"Area Cultura - Chiesa di Trento\"}]}<\/script>\n<!-- \/ Yoast SEO Premium plugin. -->","yoast_head_json":{"title":"Scopriamo la scuola! Viaggio nel tempo e nello spazio - Cultura","robots":{"index":"index","follow":"follow","max-snippet":"max-snippet:-1","max-image-preview":"max-image-preview:large","max-video-preview":"max-video-preview:-1"},"canonical":"https:\/\/www.diocesitn.it\/area-cultura\/chi-siamo-area-cultura\/didattica\/la-scuola-che-avventura\/","og_locale":"it_IT","og_type":"article","og_title":"Scopriamo la scuola! Viaggio nel tempo e nello spazio","og_description":"Quando \u00e8 nata la scuola? Come \u00e8 cambiata nel corso dei secoli? E, proprio oggi, la scuola \u00e8 uguale per tutti? Attraverso questo laboratorio, la Biblioteca propone un viaggio alla scoperta di una delle istituzioni","og_url":"https:\/\/www.diocesitn.it\/area-cultura\/chi-siamo-area-cultura\/didattica\/la-scuola-che-avventura\/","og_site_name":"Cultura","article_modified_time":"2025-11-06T08:31:08+00:00","og_image":[{"width":1200,"height":630,"url":"https:\/\/www.diocesitn.it\/area-cultura\/wp-content\/uploads\/sites\/38\/2021\/09\/og-logo-cultura.jpg","type":"image\/jpeg"}],"twitter_card":"summary_large_image","twitter_misc":{"Tempo di lettura stimato":"2 minuti"},"schema":{"@context":"https:\/\/schema.org","@graph":[{"@type":"WebPage","@id":"https:\/\/www.diocesitn.it\/area-cultura\/chi-siamo-area-cultura\/didattica\/la-scuola-che-avventura\/","url":"https:\/\/www.diocesitn.it\/area-cultura\/chi-siamo-area-cultura\/didattica\/la-scuola-che-avventura\/","name":"Scopriamo la scuola! Viaggio nel tempo e nello spazio - Cultura","isPartOf":{"@id":"https:\/\/www.diocesitn.it\/area-cultura\/#website"},"datePublished":"2022-09-22T10:04:14+00:00","dateModified":"2025-11-06T08:31:08+00:00","breadcrumb":{"@id":"https:\/\/www.diocesitn.it\/area-cultura\/chi-siamo-area-cultura\/didattica\/la-scuola-che-avventura\/#breadcrumb"},"inLanguage":"it-IT","potentialAction":[{"@type":"ReadAction","target":["https:\/\/www.diocesitn.it\/area-cultura\/chi-siamo-area-cultura\/didattica\/la-scuola-che-avventura\/"]}]},{"@type":"BreadcrumbList","@id":"https:\/\/www.diocesitn.it\/area-cultura\/chi-siamo-area-cultura\/didattica\/la-scuola-che-avventura\/#breadcrumb","itemListElement":[{"@type":"ListItem","position":1,"name":"Home","item":"https:\/\/www.diocesitn.it\/area-cultura\/"},{"@type":"ListItem","position":2,"name":"Chi siamo &#8211; Area Cultura","item":"https:\/\/www.diocesitn.it\/area-cultura\/chi-siamo-area-cultura\/"},{"@type":"ListItem","position":3,"name":"Didattica","item":"https:\/\/www.diocesitn.it\/area-cultura\/chi-siamo-area-cultura\/didattica\/"},{"@type":"ListItem","position":4,"name":"Scopriamo la scuola! Viaggio nel tempo e nello spazio"}]},{"@type":"WebSite","@id":"https:\/\/www.diocesitn.it\/area-cultura\/#website","url":"https:\/\/www.diocesitn.it\/area-cultura\/","name":"Cultura","description":"Chiesa di Trento","publisher":{"@id":"https:\/\/www.diocesitn.it\/area-cultura\/#organization"},"potentialAction":[{"@type":"SearchAction","target":{"@type":"EntryPoint","urlTemplate":"https:\/\/www.diocesitn.it\/area-cultura\/?s={search_term_string}"},"query-input":"required name=search_term_string"}],"inLanguage":"it-IT"},{"@type":["Organization","Place"],"@id":"https:\/\/www.diocesitn.it\/area-cultura\/#organization","name":"Area Cultura - Chiesa di Trento","url":"https:\/\/www.diocesitn.it\/area-cultura\/","logo":{"@id":"https:\/\/www.diocesitn.it\/area-cultura\/chi-siamo-area-cultura\/didattica\/la-scuola-che-avventura\/#local-main-organization-logo"},"image":{"@id":"https:\/\/www.diocesitn.it\/area-cultura\/chi-siamo-area-cultura\/didattica\/la-scuola-che-avventura\/#local-main-organization-logo"},"sameAs":["https:\/\/www.youtube.com\/channel\/UCfWD2n-N6WTCg2P_UA72H6Q"],"openingHoursSpecification":[{"@type":"OpeningHoursSpecification","dayOfWeek":["Monday","Tuesday","Wednesday","Thursday","Friday","Saturday","Sunday"],"opens":"09:00","closes":"17:00"}]},{"@type":"ImageObject","inLanguage":"it-IT","@id":"https:\/\/www.diocesitn.it\/area-cultura\/chi-siamo-area-cultura\/didattica\/la-scuola-che-avventura\/#local-main-organization-logo","url":"https:\/\/www.diocesitn.it\/area-cultura\/wp-content\/uploads\/sites\/38\/2021\/09\/og-logo-cultura.jpg","contentUrl":"https:\/\/www.diocesitn.it\/area-cultura\/wp-content\/uploads\/sites\/38\/2021\/09\/og-logo-cultura.jpg","width":1200,"height":630,"caption":"Area Cultura - Chiesa di Trento"}]}},"_links":{"self":[{"href":"https:\/\/www.diocesitn.it\/area-cultura\/wp-json\/wp\/v2\/pages\/8949","targetHints":{"allow":["GET"]}}],"collection":[{"href":"https:\/\/www.diocesitn.it\/area-cultura\/wp-json\/wp\/v2\/pages"}],"about":[{"href":"https:\/\/www.diocesitn.it\/area-cultura\/wp-json\/wp\/v2\/types\/page"}],"author":[{"embeddable":true,"href":"https:\/\/www.diocesitn.it\/area-cultura\/wp-json\/wp\/v2\/users\/9"}],"replies":[{"embeddable":true,"href":"https:\/\/www.diocesitn.it\/area-cultura\/wp-json\/wp\/v2\/comments?post=8949"}],"version-history":[{"count":4,"href":"https:\/\/www.diocesitn.it\/area-cultura\/wp-json\/wp\/v2\/pages\/8949\/revisions"}],"predecessor-version":[{"id":16221,"href":"https:\/\/www.diocesitn.it\/area-cultura\/wp-json\/wp\/v2\/pages\/8949\/revisions\/16221"}],"up":[{"embeddable":true,"href":"https:\/\/www.diocesitn.it\/area-cultura\/wp-json\/wp\/v2\/pages\/2526"}],"wp:attachment":[{"href":"https:\/\/www.diocesitn.it\/area-cultura\/wp-json\/wp\/v2\/media?parent=8949"}],"curies":[{"name":"wp","href":"https:\/\/api.w.org\/{rel}","templated":true}]}}