{"id":766,"date":"2019-01-31T13:04:18","date_gmt":"2019-01-31T12:04:18","guid":{"rendered":"https:\/\/www.diocesitn.it\/vigilianum\/?page_id=766"},"modified":"2025-11-10T14:52:05","modified_gmt":"2025-11-10T13:52:05","slug":"attivita-biblioteca-diocesana-vigilianum","status":"publish","type":"page","link":"https:\/\/www.diocesitn.it\/area-cultura\/attivita-biblioteca-diocesana-vigilianum\/","title":{"rendered":"Servizi"},"content":{"rendered":"<h6><span style=\"color: #000000\"><strong>Indice<\/strong><\/span><\/h6>\n<ul>\n<li><span style=\"color: #000000\">Catalogo<\/span><\/li>\n<li><span style=\"color: #000000\">Consultazione libri\u00a0<\/span><\/li>\n<li><span style=\"color: #000000\">Consultazione materiale antico<\/span><\/li>\n<li><span style=\"color: #000000\">Consultazione periodici<\/span><\/li>\n<li><span style=\"color: #000000\">Prestiti<\/span><\/li>\n<li><span style=\"color: #000000\">Prestiti interbibliotecari<\/span><\/li>\n<li><span style=\"color: #000000\">Richiesta riproduzioni<\/span><\/li>\n<li><span style=\"color: #000000\">Sala lettura<\/span><\/li>\n<li><span style=\"color: #000000\">Videoteca<\/span><\/li>\n<li><span style=\"color: #000000\">Newsletter Area cultura<\/span><\/li>\n<li><span style=\"color: #000000\">Internet<\/span><\/li>\n<li><span style=\"color: #000000\">MLOL<\/span><\/li>\n<li><span style=\"color: #000000\">Studioli<\/span><\/li>\n<li><span style=\"color: #000000\">Armadietti<\/span><\/li>\n<li><span style=\"color: #000000\">Distributori bevande<\/span><\/li>\n<\/ul>\n<p>&nbsp;<\/p>\n<p>&nbsp;<\/p>\n<p><span style=\"color: #000000\"><strong><em>CATALOGO<\/em><\/strong> \u00a0<\/span><span style=\"font-size: inherit;color: #000000\">Tutti i materiali catalogati sono reperibili tramite <span style=\"font-size: inherit\"><span style=\"color: #000000\"> il <strong><a href=\"https:\/\/strutture-provincia.primo.exlibrisgroup.com\/discovery\/search?vid=39SBT_INST:39SBT_VU1\">Catalogo Bibliografico Trentino<\/a><\/strong> (CBT).<\/span><\/span><\/span><\/p>\n<p>&nbsp;<\/p>\n<h6><span style=\"color: #000000\"><em><strong>CONSULTAZIONE LIBRI<br \/>\n<\/strong><\/em><\/span><\/h6>\n<p><span style=\"color: #000000\"><img loading=\"lazy\" decoding=\"async\" class=\"wp-image-3275 alignleft\" src=\"https:\/\/www.diocesitn.it\/area-cultura\/wp-content\/uploads\/sites\/38\/2019\/01\/consultazione-libri-300x200.jpg\" alt=\"\" width=\"224\" height=\"149\" srcset=\"https:\/\/www.diocesitn.it\/area-cultura\/wp-content\/uploads\/sites\/38\/2019\/01\/consultazione-libri-300x200.jpg 300w, https:\/\/www.diocesitn.it\/area-cultura\/wp-content\/uploads\/sites\/38\/2019\/01\/consultazione-libri-768x513.jpg 768w, https:\/\/www.diocesitn.it\/area-cultura\/wp-content\/uploads\/sites\/38\/2019\/01\/consultazione-libri-1024x683.jpg 1024w, https:\/\/www.diocesitn.it\/area-cultura\/wp-content\/uploads\/sites\/38\/2019\/01\/consultazione-libri-360x240.jpg 360w, https:\/\/www.diocesitn.it\/area-cultura\/wp-content\/uploads\/sites\/38\/2019\/01\/consultazione-libri-600x400.jpg 600w, https:\/\/www.diocesitn.it\/area-cultura\/wp-content\/uploads\/sites\/38\/2019\/01\/consultazione-libri-800x534.jpg 800w, https:\/\/www.diocesitn.it\/area-cultura\/wp-content\/uploads\/sites\/38\/2019\/01\/consultazione-libri-1200x801.jpg 1200w\" sizes=\"auto, (max-width: 224px) 100vw, 224px\" \/><\/span><\/p>\n<p><span style=\"color: #000000\">I libri della sala sono liberamente accessibili al pubblico.<br \/>\nDopo la consultazione devono essere lasciati sui tavoli o negli appositi ripiani in testa ai tavoli. Si raccomanda di non ricollocare i libri sugli scaffali.<\/span><br \/>\n<span style=\"font-size: inherit;color: #000000\">Per la consultazione dei libri collocati in deposito \u00e8 necessario fare richiesta su apposito <\/span><a style=\"font-size: inherit;background-color: #ffffff\" href=\"https:\/\/www.diocesitn.it\/area-cultura\/wp-content\/uploads\/sites\/38\/2023\/08\/modulo-richieste-opere-del-deposito-1.pdf\">modulo<\/a><span style=\"font-size: inherit\"><span style=\"color: #000000\">, presente anche in biblioteca.<br \/>\n<\/span><\/span><span style=\"font-size: inherit\"><span style=\"color: #000000\">A fine consultazione i libri vanno riconsegnati ai bibliotecari.<\/span><\/span><\/p>\n<p>&nbsp;<\/p>\n<p>&nbsp;<\/p>\n<h6><strong><span style=\"color: #000000\"><em>CONSULTAZIONE MATERIALE ANTICO<\/em><\/span><\/strong><\/h6>\n<h6><span style=\"color: #000000\"><img loading=\"lazy\" decoding=\"async\" class=\"wp-image-3276 alignleft\" src=\"https:\/\/www.diocesitn.it\/area-cultura\/wp-content\/uploads\/sites\/38\/2019\/01\/consultazione-materiale-antico-300x205.jpg\" alt=\"\" width=\"223\" height=\"153\" srcset=\"https:\/\/www.diocesitn.it\/area-cultura\/wp-content\/uploads\/sites\/38\/2019\/01\/consultazione-materiale-antico-300x205.jpg 300w, https:\/\/www.diocesitn.it\/area-cultura\/wp-content\/uploads\/sites\/38\/2019\/01\/consultazione-materiale-antico-768x525.jpg 768w, https:\/\/www.diocesitn.it\/area-cultura\/wp-content\/uploads\/sites\/38\/2019\/01\/consultazione-materiale-antico-1024x701.jpg 1024w, https:\/\/www.diocesitn.it\/area-cultura\/wp-content\/uploads\/sites\/38\/2019\/01\/consultazione-materiale-antico-360x246.jpg 360w, https:\/\/www.diocesitn.it\/area-cultura\/wp-content\/uploads\/sites\/38\/2019\/01\/consultazione-materiale-antico-600x411.jpg 600w, https:\/\/www.diocesitn.it\/area-cultura\/wp-content\/uploads\/sites\/38\/2019\/01\/consultazione-materiale-antico-800x547.jpg 800w, https:\/\/www.diocesitn.it\/area-cultura\/wp-content\/uploads\/sites\/38\/2019\/01\/consultazione-materiale-antico-1200x821.jpg 1200w\" sizes=\"auto, (max-width: 223px) 100vw, 223px\" \/><\/span><\/h6>\n<p>&nbsp;<\/p>\n<p><span style=\"color: #000000\">Il materiale antico, raro e di pregio deve essere richiesto tramite apposito<\/span> <a href=\"https:\/\/www.diocesitn.it\/area-cultura\/wp-content\/uploads\/sites\/38\/2023\/08\/modulo-richieste-opere-del-deposito-1.pdf\">modulo<\/a>\u00a0(<span style=\"color: #000000\">disponibile anche in biblioteca), e deve essere consultato sul tavolo appositamente riservato, vicino al bancone.<\/span><\/p>\n<p>&nbsp;<\/p>\n<p>&nbsp;<\/p>\n<p>&nbsp;<\/p>\n<h6><span style=\"color: #000000\"><em><strong>CONSULTAZIONE PERIODICI<\/strong><\/em><\/span><\/h6>\n<h6><span style=\"color: #000000\"><img loading=\"lazy\" decoding=\"async\" class=\"wp-image-3277 alignleft\" src=\"https:\/\/www.diocesitn.it\/area-cultura\/wp-content\/uploads\/sites\/38\/2019\/01\/consultazione-periodici-300x169.jpg\" alt=\"\" width=\"243\" height=\"137\" srcset=\"https:\/\/www.diocesitn.it\/area-cultura\/wp-content\/uploads\/sites\/38\/2019\/01\/consultazione-periodici-300x169.jpg 300w, https:\/\/www.diocesitn.it\/area-cultura\/wp-content\/uploads\/sites\/38\/2019\/01\/consultazione-periodici-768x432.jpg 768w, https:\/\/www.diocesitn.it\/area-cultura\/wp-content\/uploads\/sites\/38\/2019\/01\/consultazione-periodici-1024x576.jpg 1024w, https:\/\/www.diocesitn.it\/area-cultura\/wp-content\/uploads\/sites\/38\/2019\/01\/consultazione-periodici-360x203.jpg 360w, https:\/\/www.diocesitn.it\/area-cultura\/wp-content\/uploads\/sites\/38\/2019\/01\/consultazione-periodici-600x338.jpg 600w, https:\/\/www.diocesitn.it\/area-cultura\/wp-content\/uploads\/sites\/38\/2019\/01\/consultazione-periodici-800x450.jpg 800w, https:\/\/www.diocesitn.it\/area-cultura\/wp-content\/uploads\/sites\/38\/2019\/01\/consultazione-periodici-1200x675.jpg 1200w\" sizes=\"auto, (max-width: 243px) 100vw, 243px\" \/><\/span><\/h6>\n<p><span style=\"color: #000000\"><a href=\"https:\/\/www.diocesitn.it\/area-cultura\/wp-content\/uploads\/sites\/38\/2023\/09\/elenco-riviste-dellespositore-sala.pdf\">Periodici<\/a> e giornali dell\u2019anno in corso sono collocati nell\u2019espositore in sala. Sono disponibili per la consultazione in loco, non per il prestito.<\/span><br \/>\n<span style=\"color: #000000\">Presso l\u2019emeroteca sono disponibili I numeri di 110 testate di periodici pubblicati dal 1946 in poi, liberamente accessibili al pubblico, per la consultazione in sede.\u00a0<\/span><br \/>\n<span style=\"color: #000000\">Per la consultazione dei periodici collocati a deposito \u00e8 necessario fare richiesta su apposito<\/span> <a href=\"https:\/\/www.diocesitn.it\/area-cultura\/wp-content\/uploads\/sites\/38\/2023\/08\/modulo-richieste-riviste-non-ammesse-al-prestito.pdf\">modulo<\/a>.<\/p>\n<p>&nbsp;<\/p>\n<h6><\/h6>\n<h6><\/h6>\n<p>&nbsp;<\/p>\n<p>&nbsp;<\/p>\n<h6><span style=\"color: #000000\"><em><strong><span style=\"color: #000000\">PRESTITO LIBRI<\/span><br \/>\n<\/strong><\/em><\/span><\/h6>\n<p><span style=\"color: #000000\">Il servizio di prestito \u00e8 gratuito per tutti gli utenti. \u00c8 necessario esibire la tessera del Sistema Bibliografico Trentino (SBT).<br \/>\nChi ne fosse sprovvisto pu\u00f2 richiederla gratuitamente presso il bancone, presentando un documento d\u2019identit\u00e0 e compilando l\u2019apposito<\/span> <a href=\"https:\/\/www.diocesitn.it\/area-cultura\/wp-content\/uploads\/sites\/38\/2023\/08\/modulo-iscrizione-con-privacy-aggiornati-8.2023.pdf\">modulo<\/a>.<br \/>\n<span style=\"color: #000000\">Sono ammessi al prestito i libri della sala a scaffale aperto e i libri collocati in deposito pubblicati dal 1946 in poi.<br \/>\n<\/span><span style=\"color: #000000\">Non sono ammessi al prestito i dizionari, le enciclopedie e gli atlanti contrassegnati con la lettera C-, i periodici<\/span>,<span style=\"color: #000000\"> i volumi pubblicati fino al 1945 incluso, le opere rare o di pregio.<\/span><\/p>\n<p>&nbsp;<\/p>\n<h6><span style=\"color: #000000\"><strong><em>PRESTITO INTERBIBLIOTECARIO PROVINCIALE<\/em><\/strong>\u00a0<\/span><\/h6>\n<p><span style=\"color: #000000\">L\u2019utente pu\u00f2 richiedere e far arrivare gratuitamente da un&#8217;altra biblioteca provinciale il libro che gli interessa e che non \u00e8 presente in una delle biblioteche del territorio comunale di Trento.<br \/>\n<\/span><span style=\"color: #000000\">Il prestito interbibliotecario provinciale \u00e8 gratuito grazie all&#8217;intervento dell\u2019Ufficio per il sistema bibliotecario trentino e la partecipazione culturale, che sostiene tutte le spese di spedizione.<\/span><\/p>\n<p>&nbsp;<\/p>\n<h6><span style=\"color: #000000\"><strong><em>PRESTITO INTERBIBLIOTECARIO NAZIONALE E INTERNAZIONALE<\/em><\/strong><\/span><\/h6>\n<p><span style=\"color: #000000\">Per gli utenti che abbiano necessit\u00e0 di far arrivare libri da biblioteche al di fuori del territorio provinciale \u00e8 possibile rivolgersi alla BUC (Biblioteca Universitaria Centrale), dove \u00e8 attivo il servizio di<em><strong>\u00a0<\/strong><\/em>Prestito interbibliotecario nazionale e internazionale e fornitura di articoli, rivolto a tutti i cittadini.<\/span><br \/>\n<a href=\"https:\/\/www.biblioteca.unitn.it\/145\/prestito-interbibliotecario-nazionale-ed-internazionale-e-fornitura-di-articoli\">Clicca qui<\/a> <span style=\"color: #000000\">per informazioni e richieste.<\/span><\/p>\n<p>&nbsp;<\/p>\n<h6><span style=\"color: #000000\"><strong><em>RICHIESTE DI PRESTITO PER UTENTI FUORI PROVINCIA<\/em><\/strong><\/span><\/h6>\n<p><span style=\"color: #000000\">La richiesta va effettuata esclusivamente tramite la propria biblioteca di riferimento. Non si spediscono volumi direttamente a privati.<br \/>\n<\/span><span style=\"color: #000000\">Si richiede un rimborso spese di 5 (cinque) francobolli di posta ordinaria (1,25 euro cad.) da allegare alla restituzione del volume.<\/span><br \/>\n<span style=\"color: #000000\">Si ricorda che il libro dovr\u00e0 essere rispedito con Posta Raccomandata.<br \/>\n<\/span><span style=\"color: #000000\">Il prestito \u00e8 consentito per un periodo di 30 giorni dalla data di avvenuto recapito e potr\u00e0 essere prorogato per altri 30 giorni previa richiesta.<\/span><\/p>\n<p>&nbsp;<\/p>\n<h6><span style=\"color: #000000\"><strong><em>FOTOCOPIE<\/em><\/strong><\/span><\/h6>\n<p><span style=\"color: #000000\">E\u2019 presente in sede una fotocopiatrice self-service tramite tessera a scalare (euro 0,07 a fotocopia) dove l\u2019utente pu\u00f2 effettuare in autonomia la riproduzione di articoli di periodici e di parte di monografie moderne posseduti dalla Biblioteca (nei limiti previsti dalle normative sul diritto d\u2019autore, DLG 68\/2003).<\/span><\/p>\n<p><span style=\"color: #000000\">Qualora le fotocopie vengano effettuate direttamente dalla biblioteca le tariffe sono le seguenti:<\/span><\/p>\n<ul style=\"list-style-type: circle\">\n<li><span style=\"color: #000000;font-size: inherit\">A4: euro 0,10 <\/span><\/li>\n<li><span style=\"color: #000000;font-size: inherit\">A4 fronte retro: euro 0,15\u00a0\u00a0<\/span><\/li>\n<li><span style=\"color: #000000;font-size: inherit\">A3 : euro 0,20<\/span><\/li>\n<\/ul>\n<p>&nbsp;<\/p>\n<h6><span style=\"color: #000000\"><strong><em>SALA LETTURA<\/em><\/strong><\/span><\/h6>\n<p><span style=\"color: #000000\">Sono a disposizione 48 postazioni, tutte dotate di prese elettriche, 4 postazioni informatiche destinate alla consultazione di Internet, 1 postazione per la consultazione del Catalogo Bibliografico Trentino (CBT), 2 studioli per uso singolo da prenotare presso il bancone o per telefono.<\/span><\/p>\n<p>&nbsp;<\/p>\n<h6><span style=\"color: #000000\"><strong><em>VIDEOTECA<\/em><\/strong><\/span><\/h6>\n<p><span style=\"color: #000000\">Il servizio di prestito dei DVD \u00e8 gratuito per tutti gli utenti, \u00e8 necessaria la tessera del Sistema Bibliografico Trentino (SBT). Si possono prendere in prestito un massimo di 5 DVD per un periodo di 10 giorni non rinnovabile.<\/span><\/p>\n<p>&nbsp;<\/p>\n<h6><span style=\"color: #000000\"><b><i>NEWSLETTER<\/i><\/b><\/span><\/h6>\n<p><span style=\"color: #000000\">Per essere sempre aggiornati sulle attivit\u00e0 e le novit\u00e0 della biblioteca e degli altri servizi dell&#8217;<\/span><a href=\"https:\/\/www.diocesitn.it\/area-cultura\/chi-siamo-area-cultura\/\">Area cultura<\/a> <span style=\"color: #000000\">dell\u2019Arcidiocesi di Trento, \u00e8 possibile iscriversi alla newsletter, compilando il <a href=\"https:\/\/www.diocesitn.it\/area-cultura\/iscrizione-newsletter-area-cultura\/\">modulo<\/a> online.\u00a0<\/span><\/p>\n<p>&nbsp;<\/p>\n<h6><span style=\"color: #000000\"><strong>ATTIVIT<\/strong><strong>\u00c0<\/strong><strong> DIDATTICA<\/strong><strong>\u00a0<\/strong><\/span><\/h6>\n<p><span style=\"color: #000000\">La biblioteca organizza attivit\u00e0 didattiche rivolte alle scuole di ogni ordine e grado. A questa<\/span> <a href=\"https:\/\/www.diocesitn.it\/area-cultura\/chi-siamo-area-cultura\/didattica\/\">pagina<\/a> <span style=\"color: #000000\">\u00e8 possibile prendere visione delle proposte.<\/span><\/p>\n<p>&nbsp;<\/p>\n<h6><span style=\"color: #000000\"><em><strong>INTERNET<\/strong><\/em><\/span><\/h6>\n<p><span style=\"color: #000000\">\u00c8 possibile accedere ad Internet tramite TrentinoWiFi, il servizio di connettivit\u00e0 wifi gratuita disponibile in Trentino. \u00c8 sufficiente cercare il segnale TrentinoWiFi sul proprio PC, tablet o smartphone e dopo una semplice registrazione essere subito connessi.<\/span><\/p>\n<p>&nbsp;<\/p>\n<h6><em><span style=\"color: #000000\"><strong>MLOL<\/strong><\/span>\u00a0<\/em><\/h6>\n<p><span style=\"color: #000000\">\u00c8 una piattaforma per il prestito gratuito di ebook, audiolibri, quotidiani, musica, film e molto altro. L\u2019iscrizione \u00e8 gratuita, ma \u00e8 necessaria la registrazione, per la quale consigliamo di rivolgersi alla Biblioteca Comunale di Trento (<a href=\"https:\/\/bibcom.trento.it\/Servizi\/MediaLibraryOnLine-MLOL\">qui la pagina con le istruzioni<\/a>) o alle<a href=\"https:\/\/trentino.medialibrary.it\/pagine\/pagina.aspx?id=327\"> biblioteche<\/a> aderenti.<\/span><\/p>\n<p>&nbsp;<\/p>\n<h6><span style=\"color: #000000\"><em><strong>STUDIOLI<\/strong><\/em><\/span><\/h6>\n<p><span style=\"color: #000000\">Gli studioli monoposto, dotati di presa elettrica per il proprio computer, possono essere prenotati per un periodo di una settimana.<br \/>\nLa prenotazione \u00e8 rinnovabile in assenza di richieste da parte di altri utenti.<br \/>\n<\/span><span style=\"color: #000000\">La chiave viene consegnata all\u2019utente la mattina e deve essere restituita ai bibliotecari la sera.<br \/>\nSi prega di non lasciare oggetti di valore e personali negli studioli. La direzione non \u00e8 responsabile degli oggetti lasciati nello studiolo.<\/span><\/p>\n<p>&nbsp;<\/p>\n<h6><span style=\"color: #000000\"><em><strong>ARMADIETTI<\/strong><\/em><\/span><\/h6>\n<p><span style=\"color: #000000\"><img loading=\"lazy\" decoding=\"async\" class=\"wp-image-3292 alignleft\" src=\"https:\/\/www.diocesitn.it\/area-cultura\/wp-content\/uploads\/sites\/38\/2019\/01\/armadietti-300x169.jpg\" alt=\"\" width=\"247\" height=\"139\" srcset=\"https:\/\/www.diocesitn.it\/area-cultura\/wp-content\/uploads\/sites\/38\/2019\/01\/armadietti-300x169.jpg 300w, https:\/\/www.diocesitn.it\/area-cultura\/wp-content\/uploads\/sites\/38\/2019\/01\/armadietti-768x432.jpg 768w, https:\/\/www.diocesitn.it\/area-cultura\/wp-content\/uploads\/sites\/38\/2019\/01\/armadietti-1024x576.jpg 1024w, https:\/\/www.diocesitn.it\/area-cultura\/wp-content\/uploads\/sites\/38\/2019\/01\/armadietti-360x203.jpg 360w, https:\/\/www.diocesitn.it\/area-cultura\/wp-content\/uploads\/sites\/38\/2019\/01\/armadietti-600x338.jpg 600w, https:\/\/www.diocesitn.it\/area-cultura\/wp-content\/uploads\/sites\/38\/2019\/01\/armadietti-800x450.jpg 800w, https:\/\/www.diocesitn.it\/area-cultura\/wp-content\/uploads\/sites\/38\/2019\/01\/armadietti.jpg 1200w\" sizes=\"auto, (max-width: 247px) 100vw, 247px\" \/>30 armadietti ad uso esclusivamente giornaliero sono a disposizione del pubblico. Il servizio \u00e8 gratuito. Alla sera l\u2019armadietto deve essere liberato e la chiave lasciata sulla porta dell\u2019armadietto.<br \/>\n<\/span><span style=\"color: #000000\">In caso di mancata restituzione della chiave, gli armadietti verranno svuotati alla chiusura serale della biblioteca.<\/span><\/p>\n<p>&nbsp;<\/p>\n<p>&nbsp;<\/p>\n<p>&nbsp;<\/p>\n<h6><span style=\"color: #000000\"><em><strong>DISTRIBUTORI DI BEVANDE\u00a0<\/strong><\/em><\/span><\/h6>\n<p><span style=\"color: #000000\">I distributori di bevande e snack sono situati al 1\u00b0 piano del Vigilianum.<\/span><\/p>\n<p>&nbsp;<\/p>\n<p>&nbsp;<\/p>\n","protected":false},"excerpt":{"rendered":"<p>Indice Catalogo Consultazione libri\u00a0 Consultazione materiale antico Consultazione periodici Prestiti Prestiti interbibliotecari Richiesta riproduzioni Sala lettura Videoteca Newsletter Area cultura Internet MLOL Studioli Armadietti Distributori bevande &nbsp; &nbsp; CATALOGO \u00a0Tutti i materiali catalogati sono reperibili<\/p>\n","protected":false},"author":9,"featured_media":0,"parent":0,"menu_order":6,"comment_status":"closed","ping_status":"closed","template":"","meta":{"footnotes":""},"class_list":["post-766","page","type-page","status-publish","hentry"],"acf":{"seed-localization-paese-cod":"","seed-localization-address":"","seed-localization-citta":"","seed-localization-regione-cod-istat":"","seed-localization-citta-cod-istat":"","seed-localization-localita":"","seed-localization-cap":"","seed-localization-marker-visibility":false,"seed-localization-children-visibility":false,"seed-localization-kml":"","seed-localization-custom-marker":""},"yoast_head":"<!-- This site is optimized with the Yoast SEO Premium plugin v20.2.1 (Yoast SEO v22.2) - https:\/\/yoast.com\/wordpress\/plugins\/seo\/ -->\n<title>Servizi - Cultura<\/title>\n<meta name=\"robots\" content=\"index, follow, max-snippet:-1, max-image-preview:large, max-video-preview:-1\" \/>\n<link rel=\"canonical\" href=\"https:\/\/www.diocesitn.it\/area-cultura\/attivita-biblioteca-diocesana-vigilianum\/\" \/>\n<meta property=\"og:locale\" content=\"it_IT\" \/>\n<meta property=\"og:type\" content=\"article\" \/>\n<meta property=\"og:title\" content=\"Servizi\" \/>\n<meta property=\"og:description\" content=\"Indice Catalogo Consultazione libri\u00a0 Consultazione materiale antico Consultazione periodici Prestiti Prestiti interbibliotecari Richiesta riproduzioni Sala lettura Videoteca Newsletter Area cultura Internet MLOL Studioli Armadietti Distributori bevande &nbsp; &nbsp; CATALOGO \u00a0Tutti i materiali catalogati sono reperibili\" \/>\n<meta property=\"og:url\" content=\"https:\/\/www.diocesitn.it\/area-cultura\/attivita-biblioteca-diocesana-vigilianum\/\" \/>\n<meta property=\"og:site_name\" content=\"Cultura\" \/>\n<meta property=\"article:modified_time\" content=\"2025-11-10T13:52:05+00:00\" \/>\n<meta property=\"og:image\" content=\"https:\/\/www.diocesitn.it\/area-cultura\/wp-content\/uploads\/sites\/38\/2019\/01\/consultazione-libri-1024x683.jpg\" \/>\n\t<meta property=\"og:image:width\" content=\"1024\" \/>\n\t<meta property=\"og:image:height\" content=\"683\" \/>\n\t<meta property=\"og:image:type\" content=\"image\/jpeg\" \/>\n<meta name=\"twitter:card\" content=\"summary_large_image\" \/>\n<meta name=\"twitter:label1\" content=\"Tempo di lettura stimato\" \/>\n\t<meta name=\"twitter:data1\" content=\"6 minuti\" \/>\n<script type=\"application\/ld+json\" class=\"yoast-schema-graph\">{\"@context\":\"https:\/\/schema.org\",\"@graph\":[{\"@type\":\"WebPage\",\"@id\":\"https:\/\/www.diocesitn.it\/area-cultura\/attivita-biblioteca-diocesana-vigilianum\/\",\"url\":\"https:\/\/www.diocesitn.it\/area-cultura\/attivita-biblioteca-diocesana-vigilianum\/\",\"name\":\"Servizi - Cultura\",\"isPartOf\":{\"@id\":\"https:\/\/www.diocesitn.it\/area-cultura\/#website\"},\"primaryImageOfPage\":{\"@id\":\"https:\/\/www.diocesitn.it\/area-cultura\/attivita-biblioteca-diocesana-vigilianum\/#primaryimage\"},\"image\":{\"@id\":\"https:\/\/www.diocesitn.it\/area-cultura\/attivita-biblioteca-diocesana-vigilianum\/#primaryimage\"},\"thumbnailUrl\":\"https:\/\/www.diocesitn.it\/area-cultura\/wp-content\/uploads\/sites\/38\/2019\/01\/consultazione-libri-300x200.jpg\",\"datePublished\":\"2019-01-31T12:04:18+00:00\",\"dateModified\":\"2025-11-10T13:52:05+00:00\",\"breadcrumb\":{\"@id\":\"https:\/\/www.diocesitn.it\/area-cultura\/attivita-biblioteca-diocesana-vigilianum\/#breadcrumb\"},\"inLanguage\":\"it-IT\",\"potentialAction\":[{\"@type\":\"ReadAction\",\"target\":[\"https:\/\/www.diocesitn.it\/area-cultura\/attivita-biblioteca-diocesana-vigilianum\/\"]}]},{\"@type\":\"ImageObject\",\"inLanguage\":\"it-IT\",\"@id\":\"https:\/\/www.diocesitn.it\/area-cultura\/attivita-biblioteca-diocesana-vigilianum\/#primaryimage\",\"url\":\"https:\/\/www.diocesitn.it\/area-cultura\/wp-content\/uploads\/sites\/38\/2019\/01\/consultazione-libri.jpg\",\"contentUrl\":\"https:\/\/www.diocesitn.it\/area-cultura\/wp-content\/uploads\/sites\/38\/2019\/01\/consultazione-libri.jpg\",\"width\":7360,\"height\":4912},{\"@type\":\"BreadcrumbList\",\"@id\":\"https:\/\/www.diocesitn.it\/area-cultura\/attivita-biblioteca-diocesana-vigilianum\/#breadcrumb\",\"itemListElement\":[{\"@type\":\"ListItem\",\"position\":1,\"name\":\"Home\",\"item\":\"https:\/\/www.diocesitn.it\/area-cultura\/\"},{\"@type\":\"ListItem\",\"position\":2,\"name\":\"Servizi\"}]},{\"@type\":\"WebSite\",\"@id\":\"https:\/\/www.diocesitn.it\/area-cultura\/#website\",\"url\":\"https:\/\/www.diocesitn.it\/area-cultura\/\",\"name\":\"Cultura\",\"description\":\"Chiesa di Trento\",\"publisher\":{\"@id\":\"https:\/\/www.diocesitn.it\/area-cultura\/#organization\"},\"potentialAction\":[{\"@type\":\"SearchAction\",\"target\":{\"@type\":\"EntryPoint\",\"urlTemplate\":\"https:\/\/www.diocesitn.it\/area-cultura\/?s={search_term_string}\"},\"query-input\":\"required name=search_term_string\"}],\"inLanguage\":\"it-IT\"},{\"@type\":[\"Organization\",\"Place\"],\"@id\":\"https:\/\/www.diocesitn.it\/area-cultura\/#organization\",\"name\":\"Area Cultura - Chiesa di Trento\",\"url\":\"https:\/\/www.diocesitn.it\/area-cultura\/\",\"logo\":{\"@id\":\"https:\/\/www.diocesitn.it\/area-cultura\/attivita-biblioteca-diocesana-vigilianum\/#local-main-organization-logo\"},\"image\":{\"@id\":\"https:\/\/www.diocesitn.it\/area-cultura\/attivita-biblioteca-diocesana-vigilianum\/#local-main-organization-logo\"},\"sameAs\":[\"https:\/\/www.youtube.com\/channel\/UCfWD2n-N6WTCg2P_UA72H6Q\"],\"openingHoursSpecification\":[{\"@type\":\"OpeningHoursSpecification\",\"dayOfWeek\":[\"Monday\",\"Tuesday\",\"Wednesday\",\"Thursday\",\"Friday\",\"Saturday\",\"Sunday\"],\"opens\":\"09:00\",\"closes\":\"17:00\"}]},{\"@type\":\"ImageObject\",\"inLanguage\":\"it-IT\",\"@id\":\"https:\/\/www.diocesitn.it\/area-cultura\/attivita-biblioteca-diocesana-vigilianum\/#local-main-organization-logo\",\"url\":\"https:\/\/www.diocesitn.it\/area-cultura\/wp-content\/uploads\/sites\/38\/2021\/09\/og-logo-cultura.jpg\",\"contentUrl\":\"https:\/\/www.diocesitn.it\/area-cultura\/wp-content\/uploads\/sites\/38\/2021\/09\/og-logo-cultura.jpg\",\"width\":1200,\"height\":630,\"caption\":\"Area Cultura - Chiesa di Trento\"}]}<\/script>\n<!-- \/ Yoast SEO Premium plugin. -->","yoast_head_json":{"title":"Servizi - Cultura","robots":{"index":"index","follow":"follow","max-snippet":"max-snippet:-1","max-image-preview":"max-image-preview:large","max-video-preview":"max-video-preview:-1"},"canonical":"https:\/\/www.diocesitn.it\/area-cultura\/attivita-biblioteca-diocesana-vigilianum\/","og_locale":"it_IT","og_type":"article","og_title":"Servizi","og_description":"Indice Catalogo Consultazione libri\u00a0 Consultazione materiale antico Consultazione periodici Prestiti Prestiti interbibliotecari Richiesta riproduzioni Sala lettura Videoteca Newsletter Area cultura Internet MLOL Studioli Armadietti Distributori bevande &nbsp; &nbsp; CATALOGO \u00a0Tutti i materiali catalogati sono reperibili","og_url":"https:\/\/www.diocesitn.it\/area-cultura\/attivita-biblioteca-diocesana-vigilianum\/","og_site_name":"Cultura","article_modified_time":"2025-11-10T13:52:05+00:00","og_image":[{"width":1024,"height":683,"url":"https:\/\/www.diocesitn.it\/area-cultura\/wp-content\/uploads\/sites\/38\/2019\/01\/consultazione-libri-1024x683.jpg","type":"image\/jpeg"}],"twitter_card":"summary_large_image","twitter_misc":{"Tempo di lettura stimato":"6 minuti"},"schema":{"@context":"https:\/\/schema.org","@graph":[{"@type":"WebPage","@id":"https:\/\/www.diocesitn.it\/area-cultura\/attivita-biblioteca-diocesana-vigilianum\/","url":"https:\/\/www.diocesitn.it\/area-cultura\/attivita-biblioteca-diocesana-vigilianum\/","name":"Servizi - Cultura","isPartOf":{"@id":"https:\/\/www.diocesitn.it\/area-cultura\/#website"},"primaryImageOfPage":{"@id":"https:\/\/www.diocesitn.it\/area-cultura\/attivita-biblioteca-diocesana-vigilianum\/#primaryimage"},"image":{"@id":"https:\/\/www.diocesitn.it\/area-cultura\/attivita-biblioteca-diocesana-vigilianum\/#primaryimage"},"thumbnailUrl":"https:\/\/www.diocesitn.it\/area-cultura\/wp-content\/uploads\/sites\/38\/2019\/01\/consultazione-libri-300x200.jpg","datePublished":"2019-01-31T12:04:18+00:00","dateModified":"2025-11-10T13:52:05+00:00","breadcrumb":{"@id":"https:\/\/www.diocesitn.it\/area-cultura\/attivita-biblioteca-diocesana-vigilianum\/#breadcrumb"},"inLanguage":"it-IT","potentialAction":[{"@type":"ReadAction","target":["https:\/\/www.diocesitn.it\/area-cultura\/attivita-biblioteca-diocesana-vigilianum\/"]}]},{"@type":"ImageObject","inLanguage":"it-IT","@id":"https:\/\/www.diocesitn.it\/area-cultura\/attivita-biblioteca-diocesana-vigilianum\/#primaryimage","url":"https:\/\/www.diocesitn.it\/area-cultura\/wp-content\/uploads\/sites\/38\/2019\/01\/consultazione-libri.jpg","contentUrl":"https:\/\/www.diocesitn.it\/area-cultura\/wp-content\/uploads\/sites\/38\/2019\/01\/consultazione-libri.jpg","width":7360,"height":4912},{"@type":"BreadcrumbList","@id":"https:\/\/www.diocesitn.it\/area-cultura\/attivita-biblioteca-diocesana-vigilianum\/#breadcrumb","itemListElement":[{"@type":"ListItem","position":1,"name":"Home","item":"https:\/\/www.diocesitn.it\/area-cultura\/"},{"@type":"ListItem","position":2,"name":"Servizi"}]},{"@type":"WebSite","@id":"https:\/\/www.diocesitn.it\/area-cultura\/#website","url":"https:\/\/www.diocesitn.it\/area-cultura\/","name":"Cultura","description":"Chiesa di Trento","publisher":{"@id":"https:\/\/www.diocesitn.it\/area-cultura\/#organization"},"potentialAction":[{"@type":"SearchAction","target":{"@type":"EntryPoint","urlTemplate":"https:\/\/www.diocesitn.it\/area-cultura\/?s={search_term_string}"},"query-input":"required name=search_term_string"}],"inLanguage":"it-IT"},{"@type":["Organization","Place"],"@id":"https:\/\/www.diocesitn.it\/area-cultura\/#organization","name":"Area Cultura - Chiesa di Trento","url":"https:\/\/www.diocesitn.it\/area-cultura\/","logo":{"@id":"https:\/\/www.diocesitn.it\/area-cultura\/attivita-biblioteca-diocesana-vigilianum\/#local-main-organization-logo"},"image":{"@id":"https:\/\/www.diocesitn.it\/area-cultura\/attivita-biblioteca-diocesana-vigilianum\/#local-main-organization-logo"},"sameAs":["https:\/\/www.youtube.com\/channel\/UCfWD2n-N6WTCg2P_UA72H6Q"],"openingHoursSpecification":[{"@type":"OpeningHoursSpecification","dayOfWeek":["Monday","Tuesday","Wednesday","Thursday","Friday","Saturday","Sunday"],"opens":"09:00","closes":"17:00"}]},{"@type":"ImageObject","inLanguage":"it-IT","@id":"https:\/\/www.diocesitn.it\/area-cultura\/attivita-biblioteca-diocesana-vigilianum\/#local-main-organization-logo","url":"https:\/\/www.diocesitn.it\/area-cultura\/wp-content\/uploads\/sites\/38\/2021\/09\/og-logo-cultura.jpg","contentUrl":"https:\/\/www.diocesitn.it\/area-cultura\/wp-content\/uploads\/sites\/38\/2021\/09\/og-logo-cultura.jpg","width":1200,"height":630,"caption":"Area Cultura - Chiesa di Trento"}]}},"_links":{"self":[{"href":"https:\/\/www.diocesitn.it\/area-cultura\/wp-json\/wp\/v2\/pages\/766","targetHints":{"allow":["GET"]}}],"collection":[{"href":"https:\/\/www.diocesitn.it\/area-cultura\/wp-json\/wp\/v2\/pages"}],"about":[{"href":"https:\/\/www.diocesitn.it\/area-cultura\/wp-json\/wp\/v2\/types\/page"}],"author":[{"embeddable":true,"href":"https:\/\/www.diocesitn.it\/area-cultura\/wp-json\/wp\/v2\/users\/9"}],"replies":[{"embeddable":true,"href":"https:\/\/www.diocesitn.it\/area-cultura\/wp-json\/wp\/v2\/comments?post=766"}],"version-history":[{"count":6,"href":"https:\/\/www.diocesitn.it\/area-cultura\/wp-json\/wp\/v2\/pages\/766\/revisions"}],"predecessor-version":[{"id":16242,"href":"https:\/\/www.diocesitn.it\/area-cultura\/wp-json\/wp\/v2\/pages\/766\/revisions\/16242"}],"wp:attachment":[{"href":"https:\/\/www.diocesitn.it\/area-cultura\/wp-json\/wp\/v2\/media?parent=766"}],"curies":[{"name":"wp","href":"https:\/\/api.w.org\/{rel}","templated":true}]}}