{"id":355,"date":"2016-12-20T09:48:14","date_gmt":"2016-12-20T08:48:19","guid":{"rendered":"https:\/\/www.diocesitn.it\/archivio\/informazioni\/certificati-anagrafici-e-ricerche-genealogiche\/"},"modified":"2026-03-11T12:11:51","modified_gmt":"2026-03-11T11:11:51","slug":"ricerche-genealogiche","status":"publish","type":"page","link":"https:\/\/www.diocesitn.it\/area-cultura\/ricerche-genealogiche\/","title":{"rendered":"Ricerche genealogiche"},"content":{"rendered":"<p style=\"text-align: justify\">La ricostruzione dell&#8217;albero genealogico delle famiglie che hanno le proprie radici nel territorio della Provincia di Trento \u00e8 possibile grazie alla conservazione dei registri anagrafici parrocchiali. <span style=\"font-size: inherit\">I registri originali (nati, morti, matrimoni) sono custoditi normalmente presso le canoniche con parroco residente. <\/span><\/p>\n<p style=\"text-align: justify\">Per facilitare la ricerca e la consultazione di queste fonti \u00e8 stata predisposta la banca dati dei <strong>Nati in Trentino<\/strong> e sono state acquisite le <strong>fotografie digitali dei libri anagrafici<\/strong>.<\/p>\n<h5 style=\"color: #444444\"><a href=\"http:\/\/www.natitrentino.mondotrentino.net\" target=\"_blank\" rel=\"noopener noreferrer\"><img loading=\"lazy\" decoding=\"async\" class=\" wp-image-98 alignleft\" src=\"https:\/\/www.diocesitn.it\/area-cultura\/wp-content\/uploads\/sites\/13\/2016\/12\/Nati_Trentino.gif\" alt=\"\" width=\"156\" height=\"150\" \/><\/a><\/h5>\n<p style=\"text-align: justify\">La banca dati <a href=\"http:\/\/www.natitrentino.mondotrentino.net\"><strong>Nati in Trentino<\/strong><\/a> \u00e8 disponibile online e consultabile liberamente da casa. La banca dati mette a disposizione di chi vuole ricostruire la storia della propria famiglia e degli studiosi interessati informazioni relative a tutti i nati in Trentino <strong>tra il 1815 e il 1923<\/strong>. I record della banca dati, che sono pi\u00f9 di un milione e trecentomila e sono il frutto di un progetto durato molti anni, sono ricavati proprio da questi registri, conservati all\u2019interno degli Archivi Storici delle Parrocchie del Trentino e microfilmati nel corso degli anni Ottanta del secolo scorso.<\/p>\n<p><img loading=\"lazy\" decoding=\"async\" class=\"alignright size-medium wp-image-836\" style=\"text-align: justify\" src=\"https:\/\/www.diocesitn.it\/area-cultura\/wp-content\/uploads\/sites\/13\/2016\/12\/Mal\u00e9.-Libro-dei-nati-I-201x300.jpg\" alt=\"\" width=\"201\" height=\"300\" srcset=\"https:\/\/www.diocesitn.it\/area-cultura\/wp-content\/uploads\/sites\/38\/2016\/12\/Mal\u00e9.-Libro-dei-nati-I-201x300.jpg 201w, https:\/\/www.diocesitn.it\/area-cultura\/wp-content\/uploads\/sites\/38\/2016\/12\/Mal\u00e9.-Libro-dei-nati-I-188x280.jpg 188w, https:\/\/www.diocesitn.it\/area-cultura\/wp-content\/uploads\/sites\/38\/2016\/12\/Mal\u00e9.-Libro-dei-nati-I-514x768.jpg 514w, https:\/\/www.diocesitn.it\/area-cultura\/wp-content\/uploads\/sites\/38\/2016\/12\/Mal\u00e9.-Libro-dei-nati-I.jpg 596w\" sizes=\"auto, (max-width: 201px) 100vw, 201px\" \/><\/p>\n<p style=\"text-align: justify\">Le<strong>\u00a0fotografie digitali dei<\/strong><strong> libri anagrafici<\/strong> anteriori all\u2019anno <strong>1924<\/strong>, appartenenti alle\u00a0parrocchie\u00a0<span style=\"font-size: inherit\">dell\u2019Arcidiocesi di Trento, sono visionabili\u00a0<\/span><strong style=\"font-size: inherit\">solamente<\/strong><span style=\"font-size: inherit\"> presso la sede dell&#8217;Archivio Diocesano in via Endrici 14, dove sono a disposizione degli utenti 7 postazioni computer. Vi si pu\u00f2 accedere nell&#8217;orario di apertura: <strong>da luned\u00ec a gioved\u00ec, ore 9.00-12 e 14.00-17.00<\/strong>.\u00a0<\/span><\/p>\n<p style=\"text-align: justify\">La consultazione \u00e8 gratuita, con prenotazione obbligatoria della postazione <strong>telefonando al n. 0461-891177 o scrivendo una email ad <\/strong><strong><a href=\"mailto:archivio@diocesitn.it\">archivio@diocesitn.it<\/a>.<\/strong><\/p>\n<p style=\"text-align: justify\"><strong>Il personale dell&#8217;Archivio Diocesano non effettua ricostruzioni genealogiche su richiesta di privati.<\/strong><\/p>\n","protected":false},"excerpt":{"rendered":"<p>La ricostruzione dell&#8217;albero genealogico delle famiglie che hanno le proprie radici nel territorio della Provincia di Trento \u00e8 possibile grazie alla conservazione dei registri anagrafici parrocchiali. I registri originali (nati, morti, matrimoni) sono custoditi normalmente<\/p>\n","protected":false},"author":9,"featured_media":0,"parent":0,"menu_order":83,"comment_status":"closed","ping_status":"closed","template":"","meta":{"footnotes":""},"class_list":["post-355","page","type-page","status-publish","hentry"],"acf":{"seed-localization-paese-cod":"","seed-localization-address":"","seed-localization-citta":"","seed-localization-regione-cod-istat":"","seed-localization-citta-cod-istat":"","seed-localization-localita":"","seed-localization-cap":"","seed-localization-marker-visibility":false,"seed-localization-children-visibility":false,"seed-localization-kml":"","seed-localization-custom-marker":""},"yoast_head":"<!-- This site is optimized with the Yoast SEO Premium plugin v20.2.1 (Yoast SEO v22.2) - https:\/\/yoast.com\/wordpress\/plugins\/seo\/ -->\n<title>Ricerche genealogiche - Cultura<\/title>\n<meta name=\"robots\" content=\"index, follow, max-snippet:-1, max-image-preview:large, max-video-preview:-1\" \/>\n<link rel=\"canonical\" href=\"https:\/\/www.diocesitn.it\/area-cultura\/ricerche-genealogiche\/\" \/>\n<meta property=\"og:locale\" content=\"it_IT\" \/>\n<meta property=\"og:type\" content=\"article\" \/>\n<meta property=\"og:title\" content=\"Ricerche genealogiche\" \/>\n<meta property=\"og:description\" content=\"La ricostruzione dell&#8217;albero genealogico delle famiglie che hanno le proprie radici nel territorio della Provincia di Trento \u00e8 possibile grazie alla conservazione dei registri anagrafici parrocchiali. I registri originali (nati, morti, matrimoni) sono custoditi normalmente\" \/>\n<meta property=\"og:url\" content=\"https:\/\/www.diocesitn.it\/area-cultura\/ricerche-genealogiche\/\" \/>\n<meta property=\"og:site_name\" content=\"Cultura\" \/>\n<meta property=\"article:modified_time\" content=\"2026-03-11T11:11:51+00:00\" \/>\n<meta property=\"og:image\" content=\"https:\/\/www.diocesitn.it\/area-cultura\/wp-content\/uploads\/sites\/38\/2016\/12\/Nati_Trentino.gif\" \/>\n\t<meta property=\"og:image:width\" content=\"200\" \/>\n\t<meta property=\"og:image:height\" content=\"193\" \/>\n\t<meta property=\"og:image:type\" content=\"image\/gif\" \/>\n<meta name=\"twitter:card\" content=\"summary_large_image\" \/>\n<meta name=\"twitter:label1\" content=\"Tempo di lettura stimato\" \/>\n\t<meta name=\"twitter:data1\" content=\"2 minuti\" \/>\n<script type=\"application\/ld+json\" class=\"yoast-schema-graph\">{\"@context\":\"https:\/\/schema.org\",\"@graph\":[{\"@type\":\"WebPage\",\"@id\":\"https:\/\/www.diocesitn.it\/area-cultura\/ricerche-genealogiche\/\",\"url\":\"https:\/\/www.diocesitn.it\/area-cultura\/ricerche-genealogiche\/\",\"name\":\"Ricerche genealogiche - Cultura\",\"isPartOf\":{\"@id\":\"https:\/\/www.diocesitn.it\/area-cultura\/#website\"},\"primaryImageOfPage\":{\"@id\":\"https:\/\/www.diocesitn.it\/area-cultura\/ricerche-genealogiche\/#primaryimage\"},\"image\":{\"@id\":\"https:\/\/www.diocesitn.it\/area-cultura\/ricerche-genealogiche\/#primaryimage\"},\"thumbnailUrl\":\"https:\/\/www.diocesitn.it\/area-cultura\/wp-content\/uploads\/sites\/13\/2016\/12\/Nati_Trentino.gif\",\"datePublished\":\"2016-12-20T08:48:19+00:00\",\"dateModified\":\"2026-03-11T11:11:51+00:00\",\"breadcrumb\":{\"@id\":\"https:\/\/www.diocesitn.it\/area-cultura\/ricerche-genealogiche\/#breadcrumb\"},\"inLanguage\":\"it-IT\",\"potentialAction\":[{\"@type\":\"ReadAction\",\"target\":[\"https:\/\/www.diocesitn.it\/area-cultura\/ricerche-genealogiche\/\"]}]},{\"@type\":\"ImageObject\",\"inLanguage\":\"it-IT\",\"@id\":\"https:\/\/www.diocesitn.it\/area-cultura\/ricerche-genealogiche\/#primaryimage\",\"url\":\"https:\/\/www.diocesitn.it\/area-cultura\/wp-content\/uploads\/sites\/13\/2016\/12\/Nati_Trentino.gif\",\"contentUrl\":\"https:\/\/www.diocesitn.it\/area-cultura\/wp-content\/uploads\/sites\/13\/2016\/12\/Nati_Trentino.gif\"},{\"@type\":\"BreadcrumbList\",\"@id\":\"https:\/\/www.diocesitn.it\/area-cultura\/ricerche-genealogiche\/#breadcrumb\",\"itemListElement\":[{\"@type\":\"ListItem\",\"position\":1,\"name\":\"Home\",\"item\":\"https:\/\/www.diocesitn.it\/area-cultura\/\"},{\"@type\":\"ListItem\",\"position\":2,\"name\":\"Ricerche genealogiche\"}]},{\"@type\":\"WebSite\",\"@id\":\"https:\/\/www.diocesitn.it\/area-cultura\/#website\",\"url\":\"https:\/\/www.diocesitn.it\/area-cultura\/\",\"name\":\"Cultura\",\"description\":\"Chiesa di Trento\",\"publisher\":{\"@id\":\"https:\/\/www.diocesitn.it\/area-cultura\/#organization\"},\"potentialAction\":[{\"@type\":\"SearchAction\",\"target\":{\"@type\":\"EntryPoint\",\"urlTemplate\":\"https:\/\/www.diocesitn.it\/area-cultura\/?s={search_term_string}\"},\"query-input\":\"required name=search_term_string\"}],\"inLanguage\":\"it-IT\"},{\"@type\":[\"Organization\",\"Place\"],\"@id\":\"https:\/\/www.diocesitn.it\/area-cultura\/#organization\",\"name\":\"Area Cultura - Chiesa di Trento\",\"url\":\"https:\/\/www.diocesitn.it\/area-cultura\/\",\"logo\":{\"@id\":\"https:\/\/www.diocesitn.it\/area-cultura\/ricerche-genealogiche\/#local-main-organization-logo\"},\"image\":{\"@id\":\"https:\/\/www.diocesitn.it\/area-cultura\/ricerche-genealogiche\/#local-main-organization-logo\"},\"sameAs\":[\"https:\/\/www.youtube.com\/channel\/UCfWD2n-N6WTCg2P_UA72H6Q\"],\"openingHoursSpecification\":[{\"@type\":\"OpeningHoursSpecification\",\"dayOfWeek\":[\"Monday\",\"Tuesday\",\"Wednesday\",\"Thursday\",\"Friday\",\"Saturday\",\"Sunday\"],\"opens\":\"09:00\",\"closes\":\"17:00\"}]},{\"@type\":\"ImageObject\",\"inLanguage\":\"it-IT\",\"@id\":\"https:\/\/www.diocesitn.it\/area-cultura\/ricerche-genealogiche\/#local-main-organization-logo\",\"url\":\"https:\/\/www.diocesitn.it\/area-cultura\/wp-content\/uploads\/sites\/38\/2021\/09\/og-logo-cultura.jpg\",\"contentUrl\":\"https:\/\/www.diocesitn.it\/area-cultura\/wp-content\/uploads\/sites\/38\/2021\/09\/og-logo-cultura.jpg\",\"width\":1200,\"height\":630,\"caption\":\"Area Cultura - Chiesa di Trento\"}]}<\/script>\n<!-- \/ Yoast SEO Premium plugin. -->","yoast_head_json":{"title":"Ricerche genealogiche - Cultura","robots":{"index":"index","follow":"follow","max-snippet":"max-snippet:-1","max-image-preview":"max-image-preview:large","max-video-preview":"max-video-preview:-1"},"canonical":"https:\/\/www.diocesitn.it\/area-cultura\/ricerche-genealogiche\/","og_locale":"it_IT","og_type":"article","og_title":"Ricerche genealogiche","og_description":"La ricostruzione dell&#8217;albero genealogico delle famiglie che hanno le proprie radici nel territorio della Provincia di Trento \u00e8 possibile grazie alla conservazione dei registri anagrafici parrocchiali. I registri originali (nati, morti, matrimoni) sono custoditi normalmente","og_url":"https:\/\/www.diocesitn.it\/area-cultura\/ricerche-genealogiche\/","og_site_name":"Cultura","article_modified_time":"2026-03-11T11:11:51+00:00","og_image":[{"width":200,"height":193,"url":"https:\/\/www.diocesitn.it\/area-cultura\/wp-content\/uploads\/sites\/38\/2016\/12\/Nati_Trentino.gif","type":"image\/gif"}],"twitter_card":"summary_large_image","twitter_misc":{"Tempo di lettura stimato":"2 minuti"},"schema":{"@context":"https:\/\/schema.org","@graph":[{"@type":"WebPage","@id":"https:\/\/www.diocesitn.it\/area-cultura\/ricerche-genealogiche\/","url":"https:\/\/www.diocesitn.it\/area-cultura\/ricerche-genealogiche\/","name":"Ricerche genealogiche - Cultura","isPartOf":{"@id":"https:\/\/www.diocesitn.it\/area-cultura\/#website"},"primaryImageOfPage":{"@id":"https:\/\/www.diocesitn.it\/area-cultura\/ricerche-genealogiche\/#primaryimage"},"image":{"@id":"https:\/\/www.diocesitn.it\/area-cultura\/ricerche-genealogiche\/#primaryimage"},"thumbnailUrl":"https:\/\/www.diocesitn.it\/area-cultura\/wp-content\/uploads\/sites\/13\/2016\/12\/Nati_Trentino.gif","datePublished":"2016-12-20T08:48:19+00:00","dateModified":"2026-03-11T11:11:51+00:00","breadcrumb":{"@id":"https:\/\/www.diocesitn.it\/area-cultura\/ricerche-genealogiche\/#breadcrumb"},"inLanguage":"it-IT","potentialAction":[{"@type":"ReadAction","target":["https:\/\/www.diocesitn.it\/area-cultura\/ricerche-genealogiche\/"]}]},{"@type":"ImageObject","inLanguage":"it-IT","@id":"https:\/\/www.diocesitn.it\/area-cultura\/ricerche-genealogiche\/#primaryimage","url":"https:\/\/www.diocesitn.it\/area-cultura\/wp-content\/uploads\/sites\/13\/2016\/12\/Nati_Trentino.gif","contentUrl":"https:\/\/www.diocesitn.it\/area-cultura\/wp-content\/uploads\/sites\/13\/2016\/12\/Nati_Trentino.gif"},{"@type":"BreadcrumbList","@id":"https:\/\/www.diocesitn.it\/area-cultura\/ricerche-genealogiche\/#breadcrumb","itemListElement":[{"@type":"ListItem","position":1,"name":"Home","item":"https:\/\/www.diocesitn.it\/area-cultura\/"},{"@type":"ListItem","position":2,"name":"Ricerche genealogiche"}]},{"@type":"WebSite","@id":"https:\/\/www.diocesitn.it\/area-cultura\/#website","url":"https:\/\/www.diocesitn.it\/area-cultura\/","name":"Cultura","description":"Chiesa di Trento","publisher":{"@id":"https:\/\/www.diocesitn.it\/area-cultura\/#organization"},"potentialAction":[{"@type":"SearchAction","target":{"@type":"EntryPoint","urlTemplate":"https:\/\/www.diocesitn.it\/area-cultura\/?s={search_term_string}"},"query-input":"required name=search_term_string"}],"inLanguage":"it-IT"},{"@type":["Organization","Place"],"@id":"https:\/\/www.diocesitn.it\/area-cultura\/#organization","name":"Area Cultura - Chiesa di Trento","url":"https:\/\/www.diocesitn.it\/area-cultura\/","logo":{"@id":"https:\/\/www.diocesitn.it\/area-cultura\/ricerche-genealogiche\/#local-main-organization-logo"},"image":{"@id":"https:\/\/www.diocesitn.it\/area-cultura\/ricerche-genealogiche\/#local-main-organization-logo"},"sameAs":["https:\/\/www.youtube.com\/channel\/UCfWD2n-N6WTCg2P_UA72H6Q"],"openingHoursSpecification":[{"@type":"OpeningHoursSpecification","dayOfWeek":["Monday","Tuesday","Wednesday","Thursday","Friday","Saturday","Sunday"],"opens":"09:00","closes":"17:00"}]},{"@type":"ImageObject","inLanguage":"it-IT","@id":"https:\/\/www.diocesitn.it\/area-cultura\/ricerche-genealogiche\/#local-main-organization-logo","url":"https:\/\/www.diocesitn.it\/area-cultura\/wp-content\/uploads\/sites\/38\/2021\/09\/og-logo-cultura.jpg","contentUrl":"https:\/\/www.diocesitn.it\/area-cultura\/wp-content\/uploads\/sites\/38\/2021\/09\/og-logo-cultura.jpg","width":1200,"height":630,"caption":"Area Cultura - Chiesa di Trento"}]}},"_links":{"self":[{"href":"https:\/\/www.diocesitn.it\/area-cultura\/wp-json\/wp\/v2\/pages\/355","targetHints":{"allow":["GET"]}}],"collection":[{"href":"https:\/\/www.diocesitn.it\/area-cultura\/wp-json\/wp\/v2\/pages"}],"about":[{"href":"https:\/\/www.diocesitn.it\/area-cultura\/wp-json\/wp\/v2\/types\/page"}],"author":[{"embeddable":true,"href":"https:\/\/www.diocesitn.it\/area-cultura\/wp-json\/wp\/v2\/users\/9"}],"replies":[{"embeddable":true,"href":"https:\/\/www.diocesitn.it\/area-cultura\/wp-json\/wp\/v2\/comments?post=355"}],"version-history":[{"count":3,"href":"https:\/\/www.diocesitn.it\/area-cultura\/wp-json\/wp\/v2\/pages\/355\/revisions"}],"predecessor-version":[{"id":16930,"href":"https:\/\/www.diocesitn.it\/area-cultura\/wp-json\/wp\/v2\/pages\/355\/revisions\/16930"}],"wp:attachment":[{"href":"https:\/\/www.diocesitn.it\/area-cultura\/wp-json\/wp\/v2\/media?parent=355"}],"curies":[{"name":"wp","href":"https:\/\/api.w.org\/{rel}","templated":true}]}}