{"id":11397,"date":"2023-09-14T14:55:41","date_gmt":"2023-09-14T12:55:41","guid":{"rendered":"https:\/\/www.diocesitn.it\/area-cultura\/?page_id=11397"},"modified":"2025-10-23T11:20:51","modified_gmt":"2025-10-23T09:20:51","slug":"tutti-a-scuola","status":"publish","type":"page","link":"https:\/\/www.diocesitn.it\/area-cultura\/chi-siamo-area-cultura\/didattica\/tutti-a-scuola\/","title":{"rendered":"Tutti a scuola! Obblighi e diritti dei bambini nel Trentino asburgico"},"content":{"rendered":"<p>&#8220;Fornire un&#8217;educazione di qualit\u00e0. equa ed inclusiva e opportunit\u00e0 di apprendimento per tutti \u00e8 la base per migliorare la vita delle persone e raggiungere lo sviluppo sostenibile&#8221; cos\u00ec uno dei 17 obiettivi per lo Sviluppo Sostenibile alla base dell&#8217;Agenda ONU 2030.<\/p>\n<p>In Trentino, sotto la dominazione austriaca, gi\u00e0 dal XVIII secolo si \u00e8 introdotto l&#8217;obbligo scolastico per tutti i bambini, indipendentemente dal ceto sociale e dal genere.<\/p>\n<p>Partendo dalle fonti documentarie conservate in archivio che comprendono prospetti degli alunni e degli insegnanti, orari scolastici suddivisi per genere e tipologia scolastica, descrizioni di locali scolastici e relazioni dettagliate sull&#8217;andamento dell&#8217;anno, si analizza la storia del diritto allo studio in Trentino a partire dalle leggi di Maria Teresa d&#8217;Austria.<\/p>\n<p>Quanto era importante anche per le generazioni passate poter avere un\u2019istruzione di base accessibile a tutti? Cosa significava essere cittadini istruiti? Quali sono le maggiori differenze con il sistema scolastico attuale? Questi alcuni interrogativi ai quali, attraverso la lettura e interpretazione delle fonti storiche, si cercher\u00e0 di trovare risposta assieme ai ragazzi.<\/p>\n<table style=\"border-collapse: collapse;width: 100%;height: 332px\">\n<tbody>\n<tr style=\"height: 56px\">\n<td style=\"width: 13.1945%;height: 56px\"><strong>DESTINATARI<\/strong><\/td>\n<td style=\"width: 86.8055%;height: 56px\">Scuola media e superiore<\/td>\n<\/tr>\n<tr style=\"height: 46px\">\n<td style=\"width: 13.1945%;height: 46px\"><strong>DURATA<\/strong><\/td>\n<td style=\"width: 86.8055%;height: 46px\">2 ore<\/td>\n<\/tr>\n<tr style=\"height: 46px\">\n<td style=\"width: 13.1945%;height: 46px\"><strong>GIORNI\u00a0<\/strong><\/td>\n<td style=\"width: 86.8055%;height: 46px\">su prenotazione<\/td>\n<\/tr>\n<tr style=\"height: 46px\">\n<td style=\"width: 13.1945%;height: 46px\"><strong>SEDE<\/strong><\/td>\n<td style=\"width: 86.8055%;height: 46px\">Polo culturale Vigilianum &#8211; Trento, via C. Endrici 14<\/td>\n<\/tr>\n<tr style=\"height: 46px\">\n<td style=\"width: 13.1945%;height: 46px\"><strong>CONTRIBUTO\u00a0<\/strong><\/td>\n<td style=\"width: 86.8055%;height: 46px\">3 euro ad alunno<\/td>\n<\/tr>\n<tr style=\"height: 46px\">\n<td style=\"width: 13.1945%;height: 46px\"><strong>PRENOTAZIONI<\/strong><\/td>\n<td style=\"width: 86.8055%;height: 46px\">0461-891174 &#8211; archivio@diocesitn.it<\/td>\n<\/tr>\n<\/tbody>\n<\/table>\n","protected":false},"excerpt":{"rendered":"<p>&#8220;Fornire un&#8217;educazione di qualit\u00e0. equa ed inclusiva e opportunit\u00e0 di apprendimento per tutti \u00e8 la base per migliorare la vita delle persone e raggiungere lo sviluppo sostenibile&#8221; cos\u00ec uno dei 17 obiettivi per lo Sviluppo<\/p>\n","protected":false},"author":9,"featured_media":0,"parent":2526,"menu_order":0,"comment_status":"closed","ping_status":"closed","template":"","meta":{"footnotes":""},"class_list":["post-11397","page","type-page","status-publish","hentry"],"acf":{"seed-localization-paese-cod":"IT","seed-localization-address":"","seed-localization-citta":"Trento","seed-localization-regione-cod-istat":"04","seed-localization-citta-cod-istat":"022205","seed-localization-localita":"","seed-localization-cap":"","seed-localization-marker-visibility":false,"seed-localization-children-visibility":false,"seed-localization-kml":"","seed-localization-custom-marker":""},"yoast_head":"<!-- This site is optimized with the Yoast SEO Premium plugin v20.2.1 (Yoast SEO v22.2) - https:\/\/yoast.com\/wordpress\/plugins\/seo\/ -->\n<title>Tutti a scuola! Obblighi e diritti dei bambini nel Trentino asburgico - Cultura<\/title>\n<meta name=\"robots\" content=\"index, follow, max-snippet:-1, max-image-preview:large, max-video-preview:-1\" \/>\n<link rel=\"canonical\" href=\"https:\/\/www.diocesitn.it\/area-cultura\/chi-siamo-area-cultura\/didattica\/tutti-a-scuola\/\" \/>\n<meta property=\"og:locale\" content=\"it_IT\" \/>\n<meta property=\"og:type\" content=\"article\" \/>\n<meta property=\"og:title\" content=\"Tutti a scuola! Obblighi e diritti dei bambini nel Trentino asburgico\" \/>\n<meta property=\"og:description\" content=\"&#8220;Fornire un&#8217;educazione di qualit\u00e0. equa ed inclusiva e opportunit\u00e0 di apprendimento per tutti \u00e8 la base per migliorare la vita delle persone e raggiungere lo sviluppo sostenibile&#8221; cos\u00ec uno dei 17 obiettivi per lo Sviluppo\" \/>\n<meta property=\"og:url\" content=\"https:\/\/www.diocesitn.it\/area-cultura\/chi-siamo-area-cultura\/didattica\/tutti-a-scuola\/\" \/>\n<meta property=\"og:site_name\" content=\"Cultura\" \/>\n<meta property=\"article:modified_time\" content=\"2025-10-23T09:20:51+00:00\" \/>\n<meta property=\"og:image\" content=\"https:\/\/www.diocesitn.it\/area-cultura\/wp-content\/uploads\/sites\/38\/2021\/09\/og-logo-cultura.jpg\" \/>\n\t<meta property=\"og:image:width\" content=\"1200\" \/>\n\t<meta property=\"og:image:height\" content=\"630\" \/>\n\t<meta property=\"og:image:type\" content=\"image\/jpeg\" \/>\n<meta name=\"twitter:card\" content=\"summary_large_image\" \/>\n<meta name=\"twitter:label1\" content=\"Tempo di lettura stimato\" \/>\n\t<meta name=\"twitter:data1\" content=\"2 minuti\" \/>\n<script type=\"application\/ld+json\" class=\"yoast-schema-graph\">{\"@context\":\"https:\/\/schema.org\",\"@graph\":[{\"@type\":\"WebPage\",\"@id\":\"https:\/\/www.diocesitn.it\/area-cultura\/chi-siamo-area-cultura\/didattica\/tutti-a-scuola\/\",\"url\":\"https:\/\/www.diocesitn.it\/area-cultura\/chi-siamo-area-cultura\/didattica\/tutti-a-scuola\/\",\"name\":\"Tutti a scuola! Obblighi e diritti dei bambini nel Trentino asburgico - Cultura\",\"isPartOf\":{\"@id\":\"https:\/\/www.diocesitn.it\/area-cultura\/#website\"},\"datePublished\":\"2023-09-14T12:55:41+00:00\",\"dateModified\":\"2025-10-23T09:20:51+00:00\",\"breadcrumb\":{\"@id\":\"https:\/\/www.diocesitn.it\/area-cultura\/chi-siamo-area-cultura\/didattica\/tutti-a-scuola\/#breadcrumb\"},\"inLanguage\":\"it-IT\",\"potentialAction\":[{\"@type\":\"ReadAction\",\"target\":[\"https:\/\/www.diocesitn.it\/area-cultura\/chi-siamo-area-cultura\/didattica\/tutti-a-scuola\/\"]}]},{\"@type\":\"BreadcrumbList\",\"@id\":\"https:\/\/www.diocesitn.it\/area-cultura\/chi-siamo-area-cultura\/didattica\/tutti-a-scuola\/#breadcrumb\",\"itemListElement\":[{\"@type\":\"ListItem\",\"position\":1,\"name\":\"Home\",\"item\":\"https:\/\/www.diocesitn.it\/area-cultura\/\"},{\"@type\":\"ListItem\",\"position\":2,\"name\":\"Chi siamo &#8211; Area Cultura\",\"item\":\"https:\/\/www.diocesitn.it\/area-cultura\/chi-siamo-area-cultura\/\"},{\"@type\":\"ListItem\",\"position\":3,\"name\":\"Didattica\",\"item\":\"https:\/\/www.diocesitn.it\/area-cultura\/chi-siamo-area-cultura\/didattica\/\"},{\"@type\":\"ListItem\",\"position\":4,\"name\":\"Tutti a scuola! Obblighi e diritti dei bambini nel Trentino asburgico\"}]},{\"@type\":\"WebSite\",\"@id\":\"https:\/\/www.diocesitn.it\/area-cultura\/#website\",\"url\":\"https:\/\/www.diocesitn.it\/area-cultura\/\",\"name\":\"Cultura\",\"description\":\"Chiesa di Trento\",\"publisher\":{\"@id\":\"https:\/\/www.diocesitn.it\/area-cultura\/#organization\"},\"potentialAction\":[{\"@type\":\"SearchAction\",\"target\":{\"@type\":\"EntryPoint\",\"urlTemplate\":\"https:\/\/www.diocesitn.it\/area-cultura\/?s={search_term_string}\"},\"query-input\":\"required name=search_term_string\"}],\"inLanguage\":\"it-IT\"},{\"@type\":[\"Organization\",\"Place\"],\"@id\":\"https:\/\/www.diocesitn.it\/area-cultura\/#organization\",\"name\":\"Area Cultura - Chiesa di Trento\",\"url\":\"https:\/\/www.diocesitn.it\/area-cultura\/\",\"logo\":{\"@id\":\"https:\/\/www.diocesitn.it\/area-cultura\/chi-siamo-area-cultura\/didattica\/tutti-a-scuola\/#local-main-organization-logo\"},\"image\":{\"@id\":\"https:\/\/www.diocesitn.it\/area-cultura\/chi-siamo-area-cultura\/didattica\/tutti-a-scuola\/#local-main-organization-logo\"},\"sameAs\":[\"https:\/\/www.youtube.com\/channel\/UCfWD2n-N6WTCg2P_UA72H6Q\"],\"openingHoursSpecification\":[{\"@type\":\"OpeningHoursSpecification\",\"dayOfWeek\":[\"Monday\",\"Tuesday\",\"Wednesday\",\"Thursday\",\"Friday\",\"Saturday\",\"Sunday\"],\"opens\":\"09:00\",\"closes\":\"17:00\"}]},{\"@type\":\"ImageObject\",\"inLanguage\":\"it-IT\",\"@id\":\"https:\/\/www.diocesitn.it\/area-cultura\/chi-siamo-area-cultura\/didattica\/tutti-a-scuola\/#local-main-organization-logo\",\"url\":\"https:\/\/www.diocesitn.it\/area-cultura\/wp-content\/uploads\/sites\/38\/2021\/09\/og-logo-cultura.jpg\",\"contentUrl\":\"https:\/\/www.diocesitn.it\/area-cultura\/wp-content\/uploads\/sites\/38\/2021\/09\/og-logo-cultura.jpg\",\"width\":1200,\"height\":630,\"caption\":\"Area Cultura - Chiesa di Trento\"}]}<\/script>\n<!-- \/ Yoast SEO Premium plugin. -->","yoast_head_json":{"title":"Tutti a scuola! Obblighi e diritti dei bambini nel Trentino asburgico - Cultura","robots":{"index":"index","follow":"follow","max-snippet":"max-snippet:-1","max-image-preview":"max-image-preview:large","max-video-preview":"max-video-preview:-1"},"canonical":"https:\/\/www.diocesitn.it\/area-cultura\/chi-siamo-area-cultura\/didattica\/tutti-a-scuola\/","og_locale":"it_IT","og_type":"article","og_title":"Tutti a scuola! Obblighi e diritti dei bambini nel Trentino asburgico","og_description":"&#8220;Fornire un&#8217;educazione di qualit\u00e0. equa ed inclusiva e opportunit\u00e0 di apprendimento per tutti \u00e8 la base per migliorare la vita delle persone e raggiungere lo sviluppo sostenibile&#8221; cos\u00ec uno dei 17 obiettivi per lo Sviluppo","og_url":"https:\/\/www.diocesitn.it\/area-cultura\/chi-siamo-area-cultura\/didattica\/tutti-a-scuola\/","og_site_name":"Cultura","article_modified_time":"2025-10-23T09:20:51+00:00","og_image":[{"width":1200,"height":630,"url":"https:\/\/www.diocesitn.it\/area-cultura\/wp-content\/uploads\/sites\/38\/2021\/09\/og-logo-cultura.jpg","type":"image\/jpeg"}],"twitter_card":"summary_large_image","twitter_misc":{"Tempo di lettura stimato":"2 minuti"},"schema":{"@context":"https:\/\/schema.org","@graph":[{"@type":"WebPage","@id":"https:\/\/www.diocesitn.it\/area-cultura\/chi-siamo-area-cultura\/didattica\/tutti-a-scuola\/","url":"https:\/\/www.diocesitn.it\/area-cultura\/chi-siamo-area-cultura\/didattica\/tutti-a-scuola\/","name":"Tutti a scuola! Obblighi e diritti dei bambini nel Trentino asburgico - Cultura","isPartOf":{"@id":"https:\/\/www.diocesitn.it\/area-cultura\/#website"},"datePublished":"2023-09-14T12:55:41+00:00","dateModified":"2025-10-23T09:20:51+00:00","breadcrumb":{"@id":"https:\/\/www.diocesitn.it\/area-cultura\/chi-siamo-area-cultura\/didattica\/tutti-a-scuola\/#breadcrumb"},"inLanguage":"it-IT","potentialAction":[{"@type":"ReadAction","target":["https:\/\/www.diocesitn.it\/area-cultura\/chi-siamo-area-cultura\/didattica\/tutti-a-scuola\/"]}]},{"@type":"BreadcrumbList","@id":"https:\/\/www.diocesitn.it\/area-cultura\/chi-siamo-area-cultura\/didattica\/tutti-a-scuola\/#breadcrumb","itemListElement":[{"@type":"ListItem","position":1,"name":"Home","item":"https:\/\/www.diocesitn.it\/area-cultura\/"},{"@type":"ListItem","position":2,"name":"Chi siamo &#8211; Area Cultura","item":"https:\/\/www.diocesitn.it\/area-cultura\/chi-siamo-area-cultura\/"},{"@type":"ListItem","position":3,"name":"Didattica","item":"https:\/\/www.diocesitn.it\/area-cultura\/chi-siamo-area-cultura\/didattica\/"},{"@type":"ListItem","position":4,"name":"Tutti a scuola! Obblighi e diritti dei bambini nel Trentino asburgico"}]},{"@type":"WebSite","@id":"https:\/\/www.diocesitn.it\/area-cultura\/#website","url":"https:\/\/www.diocesitn.it\/area-cultura\/","name":"Cultura","description":"Chiesa di Trento","publisher":{"@id":"https:\/\/www.diocesitn.it\/area-cultura\/#organization"},"potentialAction":[{"@type":"SearchAction","target":{"@type":"EntryPoint","urlTemplate":"https:\/\/www.diocesitn.it\/area-cultura\/?s={search_term_string}"},"query-input":"required name=search_term_string"}],"inLanguage":"it-IT"},{"@type":["Organization","Place"],"@id":"https:\/\/www.diocesitn.it\/area-cultura\/#organization","name":"Area Cultura - Chiesa di Trento","url":"https:\/\/www.diocesitn.it\/area-cultura\/","logo":{"@id":"https:\/\/www.diocesitn.it\/area-cultura\/chi-siamo-area-cultura\/didattica\/tutti-a-scuola\/#local-main-organization-logo"},"image":{"@id":"https:\/\/www.diocesitn.it\/area-cultura\/chi-siamo-area-cultura\/didattica\/tutti-a-scuola\/#local-main-organization-logo"},"sameAs":["https:\/\/www.youtube.com\/channel\/UCfWD2n-N6WTCg2P_UA72H6Q"],"openingHoursSpecification":[{"@type":"OpeningHoursSpecification","dayOfWeek":["Monday","Tuesday","Wednesday","Thursday","Friday","Saturday","Sunday"],"opens":"09:00","closes":"17:00"}]},{"@type":"ImageObject","inLanguage":"it-IT","@id":"https:\/\/www.diocesitn.it\/area-cultura\/chi-siamo-area-cultura\/didattica\/tutti-a-scuola\/#local-main-organization-logo","url":"https:\/\/www.diocesitn.it\/area-cultura\/wp-content\/uploads\/sites\/38\/2021\/09\/og-logo-cultura.jpg","contentUrl":"https:\/\/www.diocesitn.it\/area-cultura\/wp-content\/uploads\/sites\/38\/2021\/09\/og-logo-cultura.jpg","width":1200,"height":630,"caption":"Area Cultura - Chiesa di Trento"}]}},"_links":{"self":[{"href":"https:\/\/www.diocesitn.it\/area-cultura\/wp-json\/wp\/v2\/pages\/11397","targetHints":{"allow":["GET"]}}],"collection":[{"href":"https:\/\/www.diocesitn.it\/area-cultura\/wp-json\/wp\/v2\/pages"}],"about":[{"href":"https:\/\/www.diocesitn.it\/area-cultura\/wp-json\/wp\/v2\/types\/page"}],"author":[{"embeddable":true,"href":"https:\/\/www.diocesitn.it\/area-cultura\/wp-json\/wp\/v2\/users\/9"}],"replies":[{"embeddable":true,"href":"https:\/\/www.diocesitn.it\/area-cultura\/wp-json\/wp\/v2\/comments?post=11397"}],"version-history":[{"count":4,"href":"https:\/\/www.diocesitn.it\/area-cultura\/wp-json\/wp\/v2\/pages\/11397\/revisions"}],"predecessor-version":[{"id":16095,"href":"https:\/\/www.diocesitn.it\/area-cultura\/wp-json\/wp\/v2\/pages\/11397\/revisions\/16095"}],"up":[{"embeddable":true,"href":"https:\/\/www.diocesitn.it\/area-cultura\/wp-json\/wp\/v2\/pages\/2526"}],"wp:attachment":[{"href":"https:\/\/www.diocesitn.it\/area-cultura\/wp-json\/wp\/v2\/media?parent=11397"}],"curies":[{"name":"wp","href":"https:\/\/api.w.org\/{rel}","templated":true}]}}