{"id":5628,"date":"2019-01-31T10:48:33","date_gmt":"2019-01-31T09:48:33","guid":{"rendered":"https:\/\/www.diocesitn.it\/area-annuncio\/?page_id=5628"},"modified":"2025-09-09T08:36:55","modified_gmt":"2025-09-09T06:36:55","slug":"istituto-diocesano-di-musica-sacra","status":"publish","type":"page","link":"https:\/\/www.diocesitn.it\/area-annuncio\/istituto-diocesano-di-musica-sacra\/","title":{"rendered":"ISTITUTO DIOCESANO DI MUSICA SACRA"},"content":{"rendered":"<h6 style=\"text-align: right\"><span style=\"color: #000000\">\u00a0<\/span><a id=\"asu\"><\/a>\u00a0 \u00a0\u00a0<a href=\"https:\/\/www.linkedin.com\/company\/idms-tn\/\" target=\"_blank\" rel=\"noopener noreferrer\"><img loading=\"lazy\" decoding=\"async\" class=\"alignnone wp-image-5712\" src=\"https:\/\/www.diocesitn.it\/area-annuncio\/wp-content\/uploads\/sites\/39\/2019\/01\/cOW5wLVP_400x400-300x300.jpg\" alt=\"\" width=\"42\" height=\"42\" srcset=\"https:\/\/www.diocesitn.it\/area-annuncio\/wp-content\/uploads\/sites\/39\/2019\/01\/cOW5wLVP_400x400-300x300.jpg 300w, https:\/\/www.diocesitn.it\/area-annuncio\/wp-content\/uploads\/sites\/39\/2019\/01\/cOW5wLVP_400x400-150x150.jpg 150w, https:\/\/www.diocesitn.it\/area-annuncio\/wp-content\/uploads\/sites\/39\/2019\/01\/cOW5wLVP_400x400-200x200.jpg 200w, https:\/\/www.diocesitn.it\/area-annuncio\/wp-content\/uploads\/sites\/39\/2019\/01\/cOW5wLVP_400x400-280x280.jpg 280w, https:\/\/www.diocesitn.it\/area-annuncio\/wp-content\/uploads\/sites\/39\/2019\/01\/cOW5wLVP_400x400.jpg 400w\" sizes=\"auto, (max-width: 42px) 100vw, 42px\" \/><\/a> <a href=\"https:\/\/www.facebook.com\/IDMSTrento\/\" target=\"_blank\" rel=\"noopener noreferrer\"><img loading=\"lazy\" decoding=\"async\" class=\"alignnone wp-image-5713\" src=\"https:\/\/www.diocesitn.it\/area-annuncio\/wp-content\/uploads\/sites\/39\/2019\/01\/fb_icon_325x325-300x300.png\" alt=\"\" width=\"39\" height=\"39\" srcset=\"https:\/\/www.diocesitn.it\/area-annuncio\/wp-content\/uploads\/sites\/39\/2019\/01\/fb_icon_325x325-300x300.png 300w, https:\/\/www.diocesitn.it\/area-annuncio\/wp-content\/uploads\/sites\/39\/2019\/01\/fb_icon_325x325-150x150.png 150w, https:\/\/www.diocesitn.it\/area-annuncio\/wp-content\/uploads\/sites\/39\/2019\/01\/fb_icon_325x325-200x200.png 200w, https:\/\/www.diocesitn.it\/area-annuncio\/wp-content\/uploads\/sites\/39\/2019\/01\/fb_icon_325x325-280x280.png 280w, https:\/\/www.diocesitn.it\/area-annuncio\/wp-content\/uploads\/sites\/39\/2019\/01\/fb_icon_325x325.png 325w\" sizes=\"auto, (max-width: 39px) 100vw, 39px\" \/><\/a><\/h6>\n<ul>\n<li><strong><a style=\"color: #1585cf\" href=\"#iscrizioni\">ISCRIZIONI<\/a><\/strong><\/li>\n<li><strong style=\"font-size: inherit\"><a style=\"color: #1585cf\" href=\"#programmi\">PROGRAMMI<\/a><\/strong><\/li>\n<li><strong><a style=\"color: #1585cf\" href=\"#calendario\">CALENDARIO E ORARI a.a. 2025-2026<\/a><\/strong><\/li>\n<li><strong><a href=\"#storia\">STORIA<\/a><\/strong><\/li>\n<li><strong><a href=\"#finalita\">FINALIT\u00c0<\/a><\/strong><\/li>\n<li><strong><a href=\"#coroIdJ\">CORO IN DULCI JUBILO<\/a><\/strong><\/li>\n<\/ul>\n<p style=\"text-align: left\"><a id=\"storia\"><\/a><strong><span style=\"color: #000000\">STORIA<\/span><\/strong><\/p>\n<p><span style=\"color: #000000\">Le iniziative della diocesi di Trento per la formazione degli operatori musicali per la liturgia risalgono alla seconda met\u00e0 dell\u2019ottocento, con l\u2019adesione al movimento ceciliano sorto in Germania e che aveva il suo epicentro nella scuola di musica sacra di Regensburg. La diocesi, allora inserita nei territori dell\u2019impero austro-ungarico, vi attinse ideali e indirizzi pratici soprattutto attraverso l\u2019opera di don Riccardo Felini che vi aveva compiuto gli studi musicali. Egli rivolse la sua opera alla formazione dei direttori di coro insegnando il canto gregoriano, la polifonia classica e le nuove composizioni che si ispiravano ai principi della semplicit\u00e0 e della funzionalit\u00e0. Si avvalse del Bollettino ceciliano diocesano e di una biblioteca dove gli interessati potevano trovare un\u2019ampia scelta di musiche.<\/span><\/p>\n<p><span style=\"color: #000000\"><img loading=\"lazy\" decoding=\"async\" class=\"aligncenter wp-image-5630 \" src=\"https:\/\/www.diocesitn.it\/area-annuncio\/wp-content\/uploads\/sites\/39\/2019\/01\/id_foto_storica_ing.jpg\" alt=\"\" width=\"876\" height=\"574\" \/>Nel 1927, mons. Celestino Eccher, fond\u00f2 la Scuola diocesana di musica sacra sul modello di quella fondata a Vicenza da mons. Ernesto Dalla Libera. La Scuola (nella foto: Alunni e insegnanti nel 1927. Sono riconoscibili in prima fila: il terzo da sinistra, don Riccardo Felini; e il terzo da destra, Renato Lunelli) si proponeva la formazione di direttori di coro e organisti e la diffusione della musica sacra nelle parrocchie secondo le direttive del Motu proprio di Pio X, fatto proprio via via anche dagli alti pontefici. Il programma di studi riproduceva in piccolo quello dell\u2019Istituto di Musica sacra di Roma dove l\u2019Eccher aveva portato a compimento la sua formazione musicale: teoria e solfeggio, pratica di canto corale, teoria e pratica di canto gregoriano secondo l\u2019interpretazione solesmese, direzione di coro armonio e organo. Aveva sede a Trento presso l\u2019oratorio di S. Maria. Durante poi la guerra fu dislocata in vari centri della diocesi vista la difficolt\u00e0 di accedere al centro. Era divisa in due sezioni: maschile e femminile, in ottemperanza a norme in vigore nella chiesa del tempo. La nuova svolta si ebbe nel 1970, quando ci si pose di fronte alle direttive del Vaticano II e alla riforma liturgica che alla musica chiedeva un radicale cambiamento di rotta. La partecipazione attiva dei fedeli al canto nelle celebrazioni e l\u2019adozione della lingua volgare costrinse i responsabili della musica sacra ad un cambiamento sia dei repertori di musica che nei principi di formazione degli operatori musicali. Perch\u00e9 la riforma avesse successo, occorreva che nella formazione musicale si accompagnasse una seria formazione liturgica. S\u2019imponeva una riforma dei programmi, riforma che avvenne progressivamente, avvalendoci del confronto con quanto avveniva in altre diocesi. Fu allora che si pens\u00f2 a cambiare il titolo da Scuola di musica sacra a Istituto di musica sacra, riconoscendo all&#8217;Istituzione un compito che andava oltre l\u2019impegno didattico, volendola impegnata nella promozione globale della musica per la liturgia.<\/span><\/p>\n<p style=\"text-align: right\"><span style=\"color: #000000\"><a style=\"color: #000000\" href=\"#asu\">\u2191<\/a><\/span><\/p>\n<p style=\"text-align: left\"><strong><span style=\"color: #000000\"><a id=\"finalita\"><\/a>FINALIT\u00c0<\/span><\/strong><\/p>\n<p><img loading=\"lazy\" decoding=\"async\" class=\"alignleft wp-image-5678 size-thumbnail\" src=\"https:\/\/www.diocesitn.it\/area-annuncio\/wp-content\/uploads\/sites\/39\/2019\/01\/Logo-IMS-colori-medio-ombra-150x150.jpg\" alt=\"\" width=\"150\" height=\"150\" srcset=\"https:\/\/www.diocesitn.it\/area-annuncio\/wp-content\/uploads\/sites\/39\/2019\/01\/Logo-IMS-colori-medio-ombra-150x150.jpg 150w, https:\/\/www.diocesitn.it\/area-annuncio\/wp-content\/uploads\/sites\/39\/2019\/01\/Logo-IMS-colori-medio-ombra-300x300.jpg 300w, https:\/\/www.diocesitn.it\/area-annuncio\/wp-content\/uploads\/sites\/39\/2019\/01\/Logo-IMS-colori-medio-ombra-768x768.jpg 768w, https:\/\/www.diocesitn.it\/area-annuncio\/wp-content\/uploads\/sites\/39\/2019\/01\/Logo-IMS-colori-medio-ombra-1024x1024.jpg 1024w, https:\/\/www.diocesitn.it\/area-annuncio\/wp-content\/uploads\/sites\/39\/2019\/01\/Logo-IMS-colori-medio-ombra-200x200.jpg 200w, https:\/\/www.diocesitn.it\/area-annuncio\/wp-content\/uploads\/sites\/39\/2019\/01\/Logo-IMS-colori-medio-ombra-280x280.jpg 280w, https:\/\/www.diocesitn.it\/area-annuncio\/wp-content\/uploads\/sites\/39\/2019\/01\/Logo-IMS-colori-medio-ombra-600x600.jpg 600w, https:\/\/www.diocesitn.it\/area-annuncio\/wp-content\/uploads\/sites\/39\/2019\/01\/Logo-IMS-colori-medio-ombra-800x800.jpg 800w, https:\/\/www.diocesitn.it\/area-annuncio\/wp-content\/uploads\/sites\/39\/2019\/01\/Logo-IMS-colori-medio-ombra-1200x1200.jpg 1200w, https:\/\/www.diocesitn.it\/area-annuncio\/wp-content\/uploads\/sites\/39\/2019\/01\/Logo-IMS-colori-medio-ombra.jpg 1653w\" sizes=\"auto, (max-width: 150px) 100vw, 150px\" \/>L&#8217;Istituto Diocesano promuove la musica sacra nella diocesi mediante la formazione degli operatori musicali: direttori di coro, organisti, animatori di assemblea, cantori. La sua attivit\u00e0 \u00e8 strettamente congiunta con il Servizio Liturgia del quale \u00e8 una emanazione.<br \/>\nL\u2019Istituto ha\u00a0\u00a0sede presso il Seminario diocesano \u2013 corso 3 novembre, 46.<br \/>\nLa sua attivit\u00e0 \u00e8 costituita essenzialmente dai corsi annuali di formazione che si tengono da ottobre a maggio seguendo un programma che comprende teoria e solfeggio, approfondimento di teoria musicale, esercizio di canto corale, pianoforte e armonio, organo, liturgia, musicologia liturgica, direzione di coro, armonia, storia della musica, canto gregoriano.<br \/>\nOltre ai corsi che hanno luogo nella sede centrale, di anno in anno l\u2019Istituto ne organizza altri nelle zone periferiche rispondendo alle richieste locali o collaborando con istituzioni laiche.<\/p>\n<p style=\"text-align: right\"><span style=\"color: #000000\"><a style=\"color: #000000\" href=\"#asu\">\u2191<\/a><\/span><\/p>\n<p style=\"text-align: left\"><strong><span style=\"color: #000000\"><a id=\"programmi\"><\/a>PROGRAMMI<\/span><\/strong><\/p>\n<p style=\"text-align: center\"><strong>I LIVELLO<\/strong><\/p>\n<ol>\n<li><strong style=\"font-size: inherit;line-height: 1.6\">CANTO CORALE<\/strong><\/li>\n<\/ol>\n<p>Il corso ha un suo particolare valore che si comprende bene se si considera che la musica nella liturgia \u00e8 soprattutto canto. Ogni operatore musicale liturgico deve conoscere le leggi fondamentali del canto ed esercitarsi in esso, anche se prevedesse di prestare la sua opera solo come accompagnatore: infatti, la frequentazione della pratica corale \u00e8 una scuola di formazione musicale fondamentale non solo per la voce ma anche per l\u2019orecchio. Ogni allievo dovr\u00e0 frequentare il corso durante tutto l\u2019iter curriculare.<\/p>\n<ol start=\"2\">\n<li><strong> TEORIA E SOLFEGGIO I &#8211; II<\/strong><\/li>\n<\/ol>\n<p>Il corso intende preparare l\u2019alunno ad una corretta e sicura interpretazione della scrittura musicale. Consister\u00e0 nell&#8217;insegnamento dei principi teorici, della lettura ritmica e melodica, limitandosi a quanto \u00e8 richiesto dallo studio dello strumento e del canto corale previsto dall\u2019Istituto. Il corso si articola in due anni e prevede l\u2019esame alla termine di ogni anno.<\/p>\n<ol start=\"3\">\n<li><strong> PIANOFORTE E ARMONIUM<\/strong><\/li>\n<\/ol>\n<p>La tecnica manuale viene preparata con lo studio del pianoforte o, in sua mancanza, da quello dell\u2019armonium.\u00a0La preparazione tecnica su questi strumenti \u00e8 subordinata alle esigenze dello studio dell\u2019organo.\u00a0Nel caso di alunni che in parrocchia possono disporre solamente dell\u2019armonium, si predisporr\u00e0 un programma tale che, superata la fase tecnica, lo aiuti a esercitarsi in vista del servizio pratico nella liturgia con l\u2019accompagnamento del canto e l\u2019esecuzione di qualche brano solistico.\u00a0Alla conclusione del corso di pianoforte e di armonium l\u2019alunno dovr\u00e0 dare prova della sua preparazione attraverso un esame che gli permetter\u00e0 l\u2019accesso al corso di organo.\u00a0Il corso si sviluppa mediamente dai tre ai quattro anni a seconda della capacit\u00e0 degli alunni.<\/p>\n<ol start=\"4\">\n<li><strong> CHITARRA I-II<\/strong><\/li>\n<\/ol>\n<p>Il corso base (+ 15 anni) prevede lo studio degli accordi e di ritmi fondamentali in uso nel repertorio liturgico. Le lezioni potranno essere sia di gruppo che individuali.<br \/>\nIl corso avanzato prevede un utilizzo sempre pi\u00f9 appropriato dello strumento sia per l\u2019uso degli accordi sia per alcune tecniche particolari (es. arpeggio) in utilizzo nel repertorio liturgico.<\/p>\n<ol start=\"5\">\n<li><strong> MUSICA DINSIEME. LABORATORIO PER L\u2019INCLUSIONE.<\/strong><\/li>\n<\/ol>\n<p>Il laboratorio si ispira ad alcune esperienze svolte negli anni scorsi nel nostro territorio attraverso le quali \u00e8 stato sperimentato che il fare musica assieme rappresenta un\u2019occasione per nutrire e far crescere l\u2019interiorit\u00e0 delle persone. In secondo luogo, il fatto di curare l\u2019esecuzione di buona musica del repertorio classico e di quello della musica sacra nutre la consapevolezza delle capacit\u00e0 personali. Ed infine, fare musica assieme in un piccolo gruppo significa sperimentare un primo livello di inclusione.<br \/>\nIl percorso laboratoriale consente di sviluppare:<br \/>\n<span style=\"font-size: inherit\">1. competenze trasversali come l\u2019ascolto dell\u2019altro, il rispetto dei tempi, il sentirsi dentro una squadra, la capacit\u00e0 di concentrazione\u2026<br \/>\n<\/span><span style=\"font-size: inherit\">2. competenze musicali di base come il ritmo, lo sviluppo dell\u2019intonazione vocale, l\u2019apprendimento basilare di qualche strumento come il metallofono o il mantenimento delle capacit\u00e0 di suonare uno strumento gi\u00e0 conosciuto (ad esempio, armonica a bocca, clarinetto&#8230;).<br \/>\n<\/span>L\u2019Istituto di Musica Sacra si impegna a promuovere delle occasioni di scambio e di musica assieme con partecipanti di altri corsi musicali presenti nella scuola e costruire delle condizioni per un\u2019inclusione musicale pi\u00f9 ampia in collaborazione con alcuni cori parrocchiali affinch\u00e9 consentano spazi effettivi di partecipazione di giovani e adulti disabili.<br \/>\nIl corso viene reiterato con un programma pluriennale.<\/p>\n<p><strong>6. SALMODIA.<\/strong><\/p>\n<p>Il corso si occupa di formare al canto solistico con particolare cura alla salmodia, soprattutto per il canto del salmo responsoriale. Si approfodiranno alcuni aspetti della cura della voce, dell&#8217;impostazione vocale, la respirazione e le tecniche proprie della salmodia solistica.<\/p>\n<p style=\"text-align: center\"><strong>II LIVELLO<\/strong><\/p>\n<p>&nbsp;<\/p>\n<p><strong style=\"font-size: inherit\">7. APPROFONDIMENTO DELLA TEORIA MUSICALE<\/strong><\/p>\n<p>Il Corso intende completare lo studio della teoria musicale con l\u2019approfondimento del solfeggio cantato, elementi di analisi melodica, armonica e formale e di dettato musicale. L\u2019obiettivo posto \u00e8 quello di dare ai cantori e ai direttori di coro la possibilit\u00e0 di meglio destreggiarsi nella lettura della partitura e introdurli al mondo dell\u2019armonia<\/p>\n<p><strong style=\"font-size: inherit\">8. ANIMAZIONE LITURGICA<\/strong><\/p>\n<p>Il corso prevede una preparazione specifica per chi, attraverso il canto, \u00e8 chiamato all&#8217;animazione delle varie celebrazioni: S. Messa, Sacramenti, Liturgia delle Ore. Oltre ad una adeguata competenza liturgica, si trattano elementi di direzione dell\u2019assemblea, analisi e conoscenza del repertorio di canti per tutto l\u2019anno liturgico. Il corso non prevede esame finale ma \u00e8 obbligatoria la presenza ad almeno l\u201980% delle lezioni<\/p>\n<p><strong style=\"font-size: inherit\">9. LITURGIA I &#8211; II<\/strong><\/p>\n<p>Tutti coloro che sono impegnati in qualche ministero liturgico devono avere anche una debita preparazione, sia per il proprio profitto spirituale, sia per esercitare con competenza e intelligenza il servizio. Il corso di liturgia perci\u00f2 spiegher\u00e0 in forma essenziale il senso del celebrare e i valori che vi maturano, la natura dei riti e gli elementi costitutivi, l\u2019anno liturgico e il suo significato, la struttura delle singole celebrazioni e il ruolo del canto in esse. Il programma \u00e8 articolato in due anni dei quali il primo approfondir\u00e0 il senso teologico e strutturale della liturgia e il secondo tratter\u00e0 del ruolo della musica nella liturgia. Il corso \u00e8 obbligatorio per tutti coloro che intendono conseguire uno dei diplomi. Per i suoi i contenuti, esige una certa maturit\u00e0 da parte degli alunni. Il corso non prevede esame finale ma \u00e8 obbligatoria la presenza ad almeno l\u201980% delle lezioni.<\/p>\n<p><strong style=\"font-size: inherit\">10. STORIA DELLA MUSICA SACRA<\/strong><\/p>\n<p>Vi si accede dopo aver superato l\u2019esame di Teoria e solfeggio II. Si articola in un anno di studi. Si tratta di un corso condensato di Storia della musica sacra attraverso l\u2019ascolto delle opere pi\u00f9 significative dal canto gregoriano fino alla produzione colta moderna. Si far\u00e0 particolare attenzione per cercare di sviluppare nell&#8217;alunno la capacit\u00e0 analitica nella decodificazione delle forme espressive e dei linguaggi usati nel corso della storia. Il corso non prevede esame finale ma \u00e8 obbligatoria la presenza ad almeno l\u201980% delle lezioni.<\/p>\n<p style=\"text-align: center\"><strong>III LIVELLO<\/strong><\/p>\n<p style=\"text-align: left\"><strong style=\"font-size: inherit\">11. ARMONIA I &#8211; II<\/strong><\/p>\n<p>Vi si accede dopo aver superato l\u2019esame di Approfondimento della Teoria Musicale e con un test di ingresso. Si articola in due anni di studio e prevede l\u2019approfondimento dei principi fondamentali dell\u2019armonia dalla formazione e concatenazione degli accordi fino alle modulazioni e risoluzioni eccezionali.<\/p>\n<p><strong style=\"font-size: inherit\">12. DIREZIONE DI CORO<\/strong><\/p>\n<p>Vi si accede dopo aver superato l\u2019esame di Teoria e solfeggio II. Il corso viene offerto a tutti gli alunni in vista delle esigenze che possono maturare nelle comunit\u00e0 celebranti. Accanto alla parte teorica (cura della voce, formazione del coro, scelta del repertorio, ecc.), sar\u00e0 indispensabile l\u2019esercitazione pratica che terr\u00e0 conto sia del canto polifonico che di quello monodico. Il corso si articola normalmente in due anni. Prima dell\u2019esame finale di diploma l\u2019alunno dovr\u00e0 aver frequentato tutti i corsi di II livello oltrech\u00e9 quelli di Armonia.<\/p>\n<p><strong style=\"font-size: inherit\">13. ORGANO<\/strong><\/p>\n<p>Vi si accede dopo aver superato l\u2019esame finale di pianoforte o armonium. Il corso mira a una sufficiente padronanza dello strumento perch\u00e9 l\u2019alunno possa prestare il suo servizio in modo funzionale e dignitoso. Oltre alla formazione tecnica e all&#8217;esplorazione del mondo della letteratura organistica, il corso prepara all&#8217;accompagnamento liturgico. In questo ambito \u00e8 prevista anche l\u2019esercizio all&#8217;improvvisazione di piccole introduzioni e conclusioni. Il corso si sviluppa in due o tre anni a seconda della capacit\u00e0 degli alunni. Prima dell\u2019esame finale di diploma l\u2019alunno dovr\u00e0 aver frequentato tutti i corsi di II livello oltrech\u00e9 quelli di Armonia.<\/p>\n<p><strong style=\"font-size: inherit\">14. VOCALIT\u00c0<\/strong><\/p>\n<p>Il corso vuole introdurre ad una maggiore conoscenza e utilizzo della propria voce attraverso esercizi appropriati e progressivi. Le lezioni sono individuali.<\/p>\n<p style=\"text-align: center\"><strong>IV LIVELLO (post-diploma)<\/strong><\/p>\n<p style=\"text-align: left\"><strong style=\"font-size: inherit\">15. ORGANO<\/strong><\/p>\n<p>Il corso prevede un programma libero, a scelta dell\u2019allievo, per l\u2019approfondimento della letteratura organistica dall&#8217;antico al moderno avvalendosi anche dell\u2019utilizzo del variegato patrimonio organario della citt\u00e0.<\/p>\n<p><strong style=\"font-size: inherit\">16. IMPROVVISAZIONE ORGANISTICA<\/strong><\/p>\n<p>Il corso prevede l\u2019approfondimento delle tecniche di improvvisazione sulle principali forme musicali storiche finalizzando il lavoro al servizio liturgico. La partecipazione \u00e8 riservata ad un numero chiuso.<\/p>\n<p><strong style=\"font-size: inherit\">17. COMPOSIZIONE<\/strong><\/p>\n<p>Il corso prevede un programma libero per l\u2019approfondimento dell\u2019armonia, del contrappunto e della composizione con particolare riferimento al settore liturgico.<\/p>\n<p><strong style=\"font-size: inherit\">18. CANTO GREGORIANO<\/strong><\/p>\n<p>Propone un approccio di base al canto proprio della chiesa cattolica. Partendo dalla conoscenza dei neumi e dei sistemi di scrittura si prenderanno in esame le forme musicali principali evidenziando di volta in volta anche gli aspetti interpretativi e vocali.<\/p>\n<p><strong style=\"font-size: inherit\">19. LABORATORIO LITURGICO-MUSICALE<\/strong><\/p>\n<p>Il corso, aperto alla libera partecipazione, \u00e8 dedicato ai direttori di coro e agli animatori del canto liturgico che gi\u00e0 operano nelle parrocchie della Diocesi, per un aggiornamento permanente del repertorio e per l\u2019approfondimento e il confronto attorno alle questioni proprie della musicologia liturgica. La serie di appuntamenti, opportunamente calendarizzati, sar\u00e0 l\u2019occasione per pensare assieme alcune tra le principale celebrazioni dell\u2019Anno Liturgico a partire dalle Solennit\u00e0 e dai Tempi forti, condividendo problematiche e prospettive e cercare margini di miglioramento circa il repertorio da utilizzare.<\/p>\n<p><strong>20. PERFEZIONAMENTO IN DIREZIONE DI CORO<\/strong><\/p>\n<p>Il corso \u00e8 rivolto a chi gi\u00e0 pratica la direzione di coro e vuole approfondire o rivedere alcuni aspetti che sono legati a questo ruolo: gestualit\u00e0, interpretazione, gestione delle prove, repertorio ecc. Di anno in anno si affronteranno temi specifici riguardanti\u00a0 la ricchezza e la complessit\u00e0 riferite alla responsabilit\u00e0 e alle competenze di un direttore di coro.<\/p>\n<p style=\"text-align: right\"><span style=\"color: #000000\"><a style=\"color: #000000\" href=\"#asu\">\u2191<\/a><\/span><\/p>\n<p style=\"text-align: left\"><strong><span style=\"color: #000000\"><a id=\"calendario\"><\/a>CALENDARIO a.a. 2025-26<\/span><\/strong><\/p>\n<p>&nbsp;<\/p>\n<table style=\"width: 33.9463%;height: 368px\">\n<tbody>\n<tr style=\"height: 46px\">\n<td style=\"width: 12.7831%;height: 46px\">OTTOBRE 25<span style=\"background-color: #fefefe\"><br \/>\n<\/span><\/td>\n<td style=\"width: 36.9489%;height: 46px\"><span style=\"background-color: #fefefe\">4 \u2013 11 \u2013 18 \u2013 25<\/span><\/td>\n<\/tr>\n<tr style=\"height: 46px\">\n<td style=\"width: 12.7831%;height: 46px\" width=\"189\"><span style=\"background-color: #fefefe\">NOVEMBRE 25<\/span><\/td>\n<td style=\"width: 36.9489%;height: 46px\" width=\"378\">8 \u2013 15 \u2013 22 \u2013 29<\/td>\n<\/tr>\n<tr style=\"height: 46px\">\n<td style=\"width: 12.7831%;height: 46px\" width=\"189\">DICEMBRE 25<\/td>\n<td style=\"width: 36.9489%;height: 46px\" width=\"378\">6 \u2013 13 \u2013 20<\/td>\n<\/tr>\n<tr style=\"height: 46px\">\n<td style=\"width: 12.7831%;height: 46px\" width=\"189\"><span style=\"background-color: #fefefe\">GENNAIO 26<\/span><\/td>\n<td style=\"width: 36.9489%;height: 46px\" width=\"378\"><span style=\"background-color: #fefefe\">10 &#8211; 17 &#8211; 24 &#8211; 31<\/span><\/td>\n<\/tr>\n<tr style=\"height: 46px\">\n<td style=\"width: 12.7831%;height: 46px\" width=\"189\">FEBBRAIO 26<\/td>\n<td style=\"width: 36.9489%;height: 46px\" width=\"378\">7 \u2013 14 \u2013 21 \u2013 28<\/td>\n<\/tr>\n<tr style=\"height: 46px\">\n<td style=\"width: 12.7831%;height: 46px\" width=\"189\"><span style=\"background-color: #fefefe\">MARZO 26<\/span><\/td>\n<td style=\"width: 36.9489%;height: 46px\" width=\"378\">7 \u2013 14 \u2013 21 \u2013 28<\/td>\n<\/tr>\n<tr style=\"height: 46px\">\n<td style=\"width: 12.7831%;height: 46px\" width=\"189\">APRILE 26<\/td>\n<td style=\"width: 36.9489%;height: 46px\" width=\"378\">12 \u2013 19<\/td>\n<\/tr>\n<tr style=\"height: 46px\">\n<td style=\"width: 12.7831%;height: 46px\"><span style=\"background-color: #fefefe\">MAGGIO 26<\/span><\/td>\n<td style=\"width: 36.9489%;height: 46px\">9 \u2013 16<\/td>\n<\/tr>\n<\/tbody>\n<\/table>\n<p><strong>ORARIO<\/strong><\/p>\n<div>13.30 \u2013 18.30: Pianoforte \u2013 Armonium \u2013 Organo\u00a0(Cuel, Manini, Vulcan, Carrieri, Balatti)<\/div>\n<div>14.00 \u2013 17.00: Canto corale e direzione di coro (Battisti)<\/div>\n<div>14.00 \u2013 15.00: Approfondimento della Teoria musicale (Setti)<\/div>\n<div>15.00 \u2013 16.00: Teoria e solfeggio I (Setti)<\/div>\n<div>16.00 \u2013 17.00: Teoria e solfeggio II (Setti)<\/div>\n<div>15.00 \u2013 16.00: Armonia I (Cuel)<\/div>\n<div>16.00 \u2013 17.00: Armonia II (Cuel)<\/div>\n<div>17.00 \u2013 18.00: Liturgia (d. Mattia Vanzo)<\/div>\n<div>17.00 \u2013 20.30: Vocalit\u00e0 (trimestrale) (Pichler)<\/div>\n<div><\/div>\n<div>Lezioni infrasettimanali di pianoforte\/organo\/chitarra\/salmodia (Battisti, Concha, Crippa, Delama, Daves, Rattini, Miori)<\/div>\n<p style=\"text-align: right\"><strong><span style=\"color: #000000\"><a style=\"color: #000000\" href=\"#asu\">\u2191<\/a><\/span>\u00a0<\/strong><\/p>\n<p style=\"text-align: left\"><strong><span style=\"color: #000000\"><a id=\"iscrizioni\"><\/a>ISCRIZIONI<\/span><\/strong><\/p>\n<p>Le iscrizioni sono aperte da luned\u00ec 15 settembre fino a venerd\u00ec 26 settembre 2025. Modulo di iscrizione e colloquio previo presso il Servizio Liturgia &#8211; Curia Arcivescovile, Piazza Fiera, 2 a Trento.<\/p>\n<p>Quota di iscrizione per l&#8217;anno 2025-26: \u20ac 300,00.<\/p>\n<p>IBAN IT82 D 03069 01856 000012137748<br \/>\nCausale: \u00abNome-Cognome\u00bb &#8211; iscrizione Istituto di Musica Sacra 25-26<\/p>\n<p>Altre informazioni:<br \/>\ntel. 0461.891134<br \/>\n+39 340 621 8302<br \/>\nmusicasacra@diocesitn.it<\/p>\n<p><a href=\"https:\/\/www.diocesitn.it\/area-annuncio\/wp-content\/uploads\/sites\/39\/2025\/09\/Locandina-2025.pdf\" target=\"_blank\" rel=\"noopener\"><strong>LOCANDINA<\/strong><\/a><\/p>\n<p style=\"text-align: right\"><span style=\"color: #000000\"><a style=\"color: #000000\" href=\"#asu\"><strong>\u2191<\/strong><\/a><\/span><\/p>\n<h6><strong><a id=\"coroIdJ\"><\/a>CORO IN DULCI JUBILO<\/strong><\/h6>\n<p>Il Coro \u201cIn dulci jubilo\u201d \u00e8 espressione dell\u2019Istituto Diocesano di Musica Sacra di Trento. Costituito da alunni ed ex alunni provenienti da tutto il Trentino il coro raccoglie elementi musicalmente e vocalmente preparati e indirizza i propri interessi allo studio e alla diffusione del repertorio sacro. All&#8217;interno di questo repertorio, particolare attenzione \u00e8 rivolta alla riscoperta della tanta letteratura dei secoli XIX e XX che le mutate esigenze liturgiche hanno reso inadatta a un\u2019esecuzione all&#8217;interno delle celebrazioni e che, proprio per questo, nonostante l\u2019indiscusso valore musicale vivono una stagione di ingiustificato oblio. Nel repertorio del coro non \u00e8 poi trascurata la ricerca e la valorizzazione di pagine di autori trentini. Il coro \u00e8 affidato a due noti musicisti trentini che da anni lavorano all&#8217;interno dell\u2019Istituto: Tarcisio Battisti, docente al Conservatorio di Riva del Garda, organista, compositore e direttore di coro e Paolo Delama, organista, compositore e referente del Servizio Liturgia dell&#8217;Arcidiocesi di Trento.<\/p>\n<p><img loading=\"lazy\" decoding=\"async\" class=\"aligncenter wp-image-5718 size-full\" src=\"https:\/\/www.diocesitn.it\/area-annuncio\/wp-content\/uploads\/sites\/39\/2019\/01\/WhatsApp-Image-2018-10-02-at-20.02.58.jpeg\" alt=\"\" width=\"1080\" height=\"720\" srcset=\"https:\/\/www.diocesitn.it\/area-annuncio\/wp-content\/uploads\/sites\/39\/2019\/01\/WhatsApp-Image-2018-10-02-at-20.02.58.jpeg 1080w, https:\/\/www.diocesitn.it\/area-annuncio\/wp-content\/uploads\/sites\/39\/2019\/01\/WhatsApp-Image-2018-10-02-at-20.02.58-300x200.jpeg 300w, https:\/\/www.diocesitn.it\/area-annuncio\/wp-content\/uploads\/sites\/39\/2019\/01\/WhatsApp-Image-2018-10-02-at-20.02.58-768x512.jpeg 768w, https:\/\/www.diocesitn.it\/area-annuncio\/wp-content\/uploads\/sites\/39\/2019\/01\/WhatsApp-Image-2018-10-02-at-20.02.58-1024x683.jpeg 1024w, https:\/\/www.diocesitn.it\/area-annuncio\/wp-content\/uploads\/sites\/39\/2019\/01\/WhatsApp-Image-2018-10-02-at-20.02.58-360x240.jpeg 360w, https:\/\/www.diocesitn.it\/area-annuncio\/wp-content\/uploads\/sites\/39\/2019\/01\/WhatsApp-Image-2018-10-02-at-20.02.58-600x400.jpeg 600w, https:\/\/www.diocesitn.it\/area-annuncio\/wp-content\/uploads\/sites\/39\/2019\/01\/WhatsApp-Image-2018-10-02-at-20.02.58-800x533.jpeg 800w\" sizes=\"auto, (max-width: 1080px) 100vw, 1080px\" \/><\/p>\n<p style=\"text-align: right\"><span style=\"color: #000000\"><a style=\"color: #000000\" href=\"#asu\">\u2191<\/a><\/span><\/p>\n","protected":false},"excerpt":{"rendered":"<p>\u00a0\u00a0 \u00a0\u00a0 ISCRIZIONI PROGRAMMI CALENDARIO E ORARI a.a. 2025-2026 STORIA FINALIT\u00c0 CORO IN DULCI JUBILO STORIA Le iniziative della diocesi di Trento per la formazione degli operatori musicali per la liturgia risalgono alla seconda met\u00e0<\/p>\n","protected":false},"author":31,"featured_media":0,"parent":0,"menu_order":0,"comment_status":"closed","ping_status":"closed","template":"","meta":{"footnotes":""},"class_list":["post-5628","page","type-page","status-publish","hentry"],"acf":{"seed-localization-paese-cod":"IT","seed-localization-address":"38100 Trento Trentino-Alto Adige Italia","seed-localization-citta":"Trento","seed-localization-regione-cod-istat":"04","seed-localization-citta-cod-istat":"022205","seed-localization-localita":"Corso III novembre, 46","seed-localization-cap":"38122","seed-localization-marker-visibility":false,"seed-localization-children-visibility":false,"seed-localization-kml":"","seed-localization-custom-marker":""},"yoast_head":"<!-- This site is optimized with the Yoast SEO Premium plugin v20.2.1 (Yoast SEO v22.2) - https:\/\/yoast.com\/wordpress\/plugins\/seo\/ -->\n<title>ISTITUTO DIOCESANO DI MUSICA SACRA - Annuncio e Sacramenti<\/title>\n<meta name=\"robots\" content=\"index, follow, max-snippet:-1, max-image-preview:large, max-video-preview:-1\" \/>\n<link rel=\"canonical\" href=\"https:\/\/www.diocesitn.it\/area-annuncio\/istituto-diocesano-di-musica-sacra\/\" \/>\n<meta property=\"og:locale\" content=\"it_IT\" \/>\n<meta property=\"og:type\" content=\"article\" \/>\n<meta property=\"og:title\" content=\"ISTITUTO DIOCESANO DI MUSICA SACRA\" \/>\n<meta property=\"og:description\" content=\"\u00a0\u00a0 \u00a0\u00a0 ISCRIZIONI PROGRAMMI CALENDARIO E ORARI a.a. 2025-2026 STORIA FINALIT\u00c0 CORO IN DULCI JUBILO STORIA Le iniziative della diocesi di Trento per la formazione degli operatori musicali per la liturgia risalgono alla seconda met\u00e0\" \/>\n<meta property=\"og:url\" content=\"https:\/\/www.diocesitn.it\/area-annuncio\/istituto-diocesano-di-musica-sacra\/\" \/>\n<meta property=\"og:site_name\" content=\"Annuncio e Sacramenti\" \/>\n<meta property=\"article:publisher\" content=\"https:\/\/www.facebook.com\/pastoralegiovanile.trento\/\" \/>\n<meta property=\"article:modified_time\" content=\"2025-09-09T06:36:55+00:00\" \/>\n<meta property=\"og:image\" content=\"https:\/\/www.diocesitn.it\/area-annuncio\/wp-content\/uploads\/sites\/39\/2019\/01\/cOW5wLVP_400x400-300x300.jpg\" \/>\n<meta name=\"twitter:card\" content=\"summary_large_image\" \/>\n<meta name=\"twitter:label1\" content=\"Tempo di lettura stimato\" \/>\n\t<meta name=\"twitter:data1\" content=\"10 minuti\" \/>\n<script type=\"application\/ld+json\" class=\"yoast-schema-graph\">{\"@context\":\"https:\/\/schema.org\",\"@graph\":[{\"@type\":\"WebPage\",\"@id\":\"https:\/\/www.diocesitn.it\/area-annuncio\/istituto-diocesano-di-musica-sacra\/\",\"url\":\"https:\/\/www.diocesitn.it\/area-annuncio\/istituto-diocesano-di-musica-sacra\/\",\"name\":\"ISTITUTO DIOCESANO DI MUSICA SACRA - Annuncio e Sacramenti\",\"isPartOf\":{\"@id\":\"https:\/\/www.diocesitn.it\/area-annuncio\/#website\"},\"primaryImageOfPage\":{\"@id\":\"https:\/\/www.diocesitn.it\/area-annuncio\/istituto-diocesano-di-musica-sacra\/#primaryimage\"},\"image\":{\"@id\":\"https:\/\/www.diocesitn.it\/area-annuncio\/istituto-diocesano-di-musica-sacra\/#primaryimage\"},\"thumbnailUrl\":\"https:\/\/www.diocesitn.it\/area-annuncio\/wp-content\/uploads\/sites\/39\/2019\/01\/cOW5wLVP_400x400-300x300.jpg\",\"datePublished\":\"2019-01-31T09:48:33+00:00\",\"dateModified\":\"2025-09-09T06:36:55+00:00\",\"breadcrumb\":{\"@id\":\"https:\/\/www.diocesitn.it\/area-annuncio\/istituto-diocesano-di-musica-sacra\/#breadcrumb\"},\"inLanguage\":\"it-IT\",\"potentialAction\":[{\"@type\":\"ReadAction\",\"target\":[\"https:\/\/www.diocesitn.it\/area-annuncio\/istituto-diocesano-di-musica-sacra\/\"]}]},{\"@type\":\"ImageObject\",\"inLanguage\":\"it-IT\",\"@id\":\"https:\/\/www.diocesitn.it\/area-annuncio\/istituto-diocesano-di-musica-sacra\/#primaryimage\",\"url\":\"https:\/\/www.diocesitn.it\/area-annuncio\/wp-content\/uploads\/sites\/39\/2019\/01\/cOW5wLVP_400x400.jpg\",\"contentUrl\":\"https:\/\/www.diocesitn.it\/area-annuncio\/wp-content\/uploads\/sites\/39\/2019\/01\/cOW5wLVP_400x400.jpg\",\"width\":400,\"height\":400},{\"@type\":\"BreadcrumbList\",\"@id\":\"https:\/\/www.diocesitn.it\/area-annuncio\/istituto-diocesano-di-musica-sacra\/#breadcrumb\",\"itemListElement\":[{\"@type\":\"ListItem\",\"position\":1,\"name\":\"Home\",\"item\":\"https:\/\/www.diocesitn.it\/area-annuncio\/\"},{\"@type\":\"ListItem\",\"position\":2,\"name\":\"ISTITUTO DIOCESANO DI MUSICA SACRA\"}]},{\"@type\":\"WebSite\",\"@id\":\"https:\/\/www.diocesitn.it\/area-annuncio\/#website\",\"url\":\"https:\/\/www.diocesitn.it\/area-annuncio\/\",\"name\":\"Annuncio e Sacramenti\",\"description\":\"Chiesa di Trento\",\"publisher\":{\"@id\":\"https:\/\/www.diocesitn.it\/area-annuncio\/#organization\"},\"potentialAction\":[{\"@type\":\"SearchAction\",\"target\":{\"@type\":\"EntryPoint\",\"urlTemplate\":\"https:\/\/www.diocesitn.it\/area-annuncio\/?s={search_term_string}\"},\"query-input\":\"required name=search_term_string\"}],\"inLanguage\":\"it-IT\"},{\"@type\":[\"Organization\",\"Place\"],\"@id\":\"https:\/\/www.diocesitn.it\/area-annuncio\/#organization\",\"name\":\"Area Annuncio e Sacramenti - Chiesa di Trento\",\"url\":\"https:\/\/www.diocesitn.it\/area-annuncio\/\",\"logo\":{\"@id\":\"https:\/\/www.diocesitn.it\/area-annuncio\/istituto-diocesano-di-musica-sacra\/#local-main-organization-logo\"},\"image\":{\"@id\":\"https:\/\/www.diocesitn.it\/area-annuncio\/istituto-diocesano-di-musica-sacra\/#local-main-organization-logo\"},\"sameAs\":[\"https:\/\/www.facebook.com\/pastoralegiovanile.trento\/\",\"https:\/\/www.instagram.com\/pastoralegiovaniletrento\/\",\"https:\/\/www.youtube.com\/channel\/UCGt7hyJaIQIkrQPos4K6L6w\"],\"openingHoursSpecification\":[{\"@type\":\"OpeningHoursSpecification\",\"dayOfWeek\":[\"Monday\",\"Tuesday\",\"Wednesday\",\"Thursday\",\"Friday\",\"Saturday\",\"Sunday\"],\"opens\":\"09:00\",\"closes\":\"17:00\"}]},{\"@type\":\"ImageObject\",\"inLanguage\":\"it-IT\",\"@id\":\"https:\/\/www.diocesitn.it\/area-annuncio\/istituto-diocesano-di-musica-sacra\/#local-main-organization-logo\",\"url\":\"https:\/\/www.diocesitn.it\/area-annuncio\/wp-content\/uploads\/sites\/39\/2021\/09\/og-logo-annuncio-e-sacramenti.jpg\",\"contentUrl\":\"https:\/\/www.diocesitn.it\/area-annuncio\/wp-content\/uploads\/sites\/39\/2021\/09\/og-logo-annuncio-e-sacramenti.jpg\",\"width\":1200,\"height\":630,\"caption\":\"Area Annuncio e Sacramenti - Chiesa di Trento\"}]}<\/script>\n<!-- \/ Yoast SEO Premium plugin. -->","yoast_head_json":{"title":"ISTITUTO DIOCESANO DI MUSICA SACRA - Annuncio e Sacramenti","robots":{"index":"index","follow":"follow","max-snippet":"max-snippet:-1","max-image-preview":"max-image-preview:large","max-video-preview":"max-video-preview:-1"},"canonical":"https:\/\/www.diocesitn.it\/area-annuncio\/istituto-diocesano-di-musica-sacra\/","og_locale":"it_IT","og_type":"article","og_title":"ISTITUTO DIOCESANO DI MUSICA SACRA","og_description":"\u00a0\u00a0 \u00a0\u00a0 ISCRIZIONI PROGRAMMI CALENDARIO E ORARI a.a. 2025-2026 STORIA FINALIT\u00c0 CORO IN DULCI JUBILO STORIA Le iniziative della diocesi di Trento per la formazione degli operatori musicali per la liturgia risalgono alla seconda met\u00e0","og_url":"https:\/\/www.diocesitn.it\/area-annuncio\/istituto-diocesano-di-musica-sacra\/","og_site_name":"Annuncio e Sacramenti","article_publisher":"https:\/\/www.facebook.com\/pastoralegiovanile.trento\/","article_modified_time":"2025-09-09T06:36:55+00:00","og_image":[{"url":"https:\/\/www.diocesitn.it\/area-annuncio\/wp-content\/uploads\/sites\/39\/2019\/01\/cOW5wLVP_400x400-300x300.jpg"}],"twitter_card":"summary_large_image","twitter_misc":{"Tempo di lettura stimato":"10 minuti"},"schema":{"@context":"https:\/\/schema.org","@graph":[{"@type":"WebPage","@id":"https:\/\/www.diocesitn.it\/area-annuncio\/istituto-diocesano-di-musica-sacra\/","url":"https:\/\/www.diocesitn.it\/area-annuncio\/istituto-diocesano-di-musica-sacra\/","name":"ISTITUTO DIOCESANO DI MUSICA SACRA - Annuncio e Sacramenti","isPartOf":{"@id":"https:\/\/www.diocesitn.it\/area-annuncio\/#website"},"primaryImageOfPage":{"@id":"https:\/\/www.diocesitn.it\/area-annuncio\/istituto-diocesano-di-musica-sacra\/#primaryimage"},"image":{"@id":"https:\/\/www.diocesitn.it\/area-annuncio\/istituto-diocesano-di-musica-sacra\/#primaryimage"},"thumbnailUrl":"https:\/\/www.diocesitn.it\/area-annuncio\/wp-content\/uploads\/sites\/39\/2019\/01\/cOW5wLVP_400x400-300x300.jpg","datePublished":"2019-01-31T09:48:33+00:00","dateModified":"2025-09-09T06:36:55+00:00","breadcrumb":{"@id":"https:\/\/www.diocesitn.it\/area-annuncio\/istituto-diocesano-di-musica-sacra\/#breadcrumb"},"inLanguage":"it-IT","potentialAction":[{"@type":"ReadAction","target":["https:\/\/www.diocesitn.it\/area-annuncio\/istituto-diocesano-di-musica-sacra\/"]}]},{"@type":"ImageObject","inLanguage":"it-IT","@id":"https:\/\/www.diocesitn.it\/area-annuncio\/istituto-diocesano-di-musica-sacra\/#primaryimage","url":"https:\/\/www.diocesitn.it\/area-annuncio\/wp-content\/uploads\/sites\/39\/2019\/01\/cOW5wLVP_400x400.jpg","contentUrl":"https:\/\/www.diocesitn.it\/area-annuncio\/wp-content\/uploads\/sites\/39\/2019\/01\/cOW5wLVP_400x400.jpg","width":400,"height":400},{"@type":"BreadcrumbList","@id":"https:\/\/www.diocesitn.it\/area-annuncio\/istituto-diocesano-di-musica-sacra\/#breadcrumb","itemListElement":[{"@type":"ListItem","position":1,"name":"Home","item":"https:\/\/www.diocesitn.it\/area-annuncio\/"},{"@type":"ListItem","position":2,"name":"ISTITUTO DIOCESANO DI MUSICA SACRA"}]},{"@type":"WebSite","@id":"https:\/\/www.diocesitn.it\/area-annuncio\/#website","url":"https:\/\/www.diocesitn.it\/area-annuncio\/","name":"Annuncio e Sacramenti","description":"Chiesa di Trento","publisher":{"@id":"https:\/\/www.diocesitn.it\/area-annuncio\/#organization"},"potentialAction":[{"@type":"SearchAction","target":{"@type":"EntryPoint","urlTemplate":"https:\/\/www.diocesitn.it\/area-annuncio\/?s={search_term_string}"},"query-input":"required name=search_term_string"}],"inLanguage":"it-IT"},{"@type":["Organization","Place"],"@id":"https:\/\/www.diocesitn.it\/area-annuncio\/#organization","name":"Area Annuncio e Sacramenti - Chiesa di Trento","url":"https:\/\/www.diocesitn.it\/area-annuncio\/","logo":{"@id":"https:\/\/www.diocesitn.it\/area-annuncio\/istituto-diocesano-di-musica-sacra\/#local-main-organization-logo"},"image":{"@id":"https:\/\/www.diocesitn.it\/area-annuncio\/istituto-diocesano-di-musica-sacra\/#local-main-organization-logo"},"sameAs":["https:\/\/www.facebook.com\/pastoralegiovanile.trento\/","https:\/\/www.instagram.com\/pastoralegiovaniletrento\/","https:\/\/www.youtube.com\/channel\/UCGt7hyJaIQIkrQPos4K6L6w"],"openingHoursSpecification":[{"@type":"OpeningHoursSpecification","dayOfWeek":["Monday","Tuesday","Wednesday","Thursday","Friday","Saturday","Sunday"],"opens":"09:00","closes":"17:00"}]},{"@type":"ImageObject","inLanguage":"it-IT","@id":"https:\/\/www.diocesitn.it\/area-annuncio\/istituto-diocesano-di-musica-sacra\/#local-main-organization-logo","url":"https:\/\/www.diocesitn.it\/area-annuncio\/wp-content\/uploads\/sites\/39\/2021\/09\/og-logo-annuncio-e-sacramenti.jpg","contentUrl":"https:\/\/www.diocesitn.it\/area-annuncio\/wp-content\/uploads\/sites\/39\/2021\/09\/og-logo-annuncio-e-sacramenti.jpg","width":1200,"height":630,"caption":"Area Annuncio e Sacramenti - Chiesa di Trento"}]}},"_links":{"self":[{"href":"https:\/\/www.diocesitn.it\/area-annuncio\/wp-json\/wp\/v2\/pages\/5628","targetHints":{"allow":["GET"]}}],"collection":[{"href":"https:\/\/www.diocesitn.it\/area-annuncio\/wp-json\/wp\/v2\/pages"}],"about":[{"href":"https:\/\/www.diocesitn.it\/area-annuncio\/wp-json\/wp\/v2\/types\/page"}],"author":[{"embeddable":true,"href":"https:\/\/www.diocesitn.it\/area-annuncio\/wp-json\/wp\/v2\/users\/31"}],"replies":[{"embeddable":true,"href":"https:\/\/www.diocesitn.it\/area-annuncio\/wp-json\/wp\/v2\/comments?post=5628"}],"version-history":[{"count":3,"href":"https:\/\/www.diocesitn.it\/area-annuncio\/wp-json\/wp\/v2\/pages\/5628\/revisions"}],"predecessor-version":[{"id":5854,"href":"https:\/\/www.diocesitn.it\/area-annuncio\/wp-json\/wp\/v2\/pages\/5628\/revisions\/5854"}],"wp:attachment":[{"href":"https:\/\/www.diocesitn.it\/area-annuncio\/wp-json\/wp\/v2\/media?parent=5628"}],"curies":[{"name":"wp","href":"https:\/\/api.w.org\/{rel}","templated":true}]}}