{"id":14465,"date":"2022-01-14T11:18:58","date_gmt":"2022-01-14T10:18:58","guid":{"rendered":"https:\/\/www.diocesitn.it\/area-annuncio\/?page_id=14465"},"modified":"2022-12-28T15:14:51","modified_gmt":"2022-12-28T14:14:51","slug":"spiritualita-2","status":"publish","type":"page","link":"https:\/\/www.diocesitn.it\/area-annuncio\/spiritualita-2\/","title":{"rendered":"LA SPIRITUALITA\u2019 DELLA COPPIA CRISTIANA"},"content":{"rendered":"<div id=\"pl-14465\"  class=\"panel-layout\" ><div id=\"pg-14465-0\"  class=\"panel-grid panel-no-style\" ><div id=\"pgc-14465-0-0\"  class=\"panel-grid-cell\" ><div id=\"panel-14465-0-0-0\" class=\"so-panel widget widget_sow-editor panel-first-child panel-last-child\" data-index=\"0\" ><div\n\t\t\t\n\t\t\tclass=\"so-widget-sow-editor so-widget-sow-editor-base\"\n\t\t\t\n\t\t>\n<div class=\"siteorigin-widget-tinymce textwidget\">\n\t<p>La spiritualit\u00e0 \u00e8 l\u2019esperienza del rapporto con Dio che possiamo vivere ogni giorno attraverso \u201cmigliaia di gesti reali e concreti\u201d (AL 315). Gli sposi sono chiamati a vivere una loro spiritualit\u00e0, una loro strada di relazione con Dio, per capire cosa Lui vuole da loro e mettere la loro vita insieme nella sua prospettiva. Questo \u00e8 anche un grande Mistero, quello di cui parla S. Paolo in Efesini 5; \u00e8 la chiamata alla santit\u00e0 degli sposi in virt\u00f9 del loro Battesimo e del Sacramento che hanno ricevuto, una santit\u00e0 che pu\u00f2 diventare aiuto e crescita per la Chiesa.<em>.<a id=\"inizio\"><\/a><\/em><\/p>\n<ul>\n<li style=\"list-style-type: none\">\n<ul>\n<li style=\"list-style-type: none\">\n<ul>\n<li style=\"list-style-type: none\">\n<ul>\n<li><a href=\"#commento\">Commento al Vangelo<\/a><\/li>\n<li><a href=\"#obiettivi\">Obiettivi dell\u2019incontro<\/a><\/li>\n<li><a href=\"#contenuti\">Contenuti principali<\/a><\/li>\n<li><a href=\"#proposte\">Proposte e suggerimenti pratici<\/a><\/li>\n<li><a href=\"#strumenti\">Strumenti operativi<\/a><\/li>\n<li><a href=\"#saperne\">Per saperne di pi\u00f9<\/a><\/li>\n<li><a href=\"#approfondire\">Per approfondire<\/a><\/li>\n<\/ul>\n<\/li>\n<\/ul>\n<\/li>\n<\/ul>\n<\/li>\n<\/ul>\n<\/div>\n<\/div><\/div><\/div><div id=\"pgc-14465-0-1\"  class=\"panel-grid-cell\" ><div id=\"panel-14465-0-1-0\" class=\"so-panel widget widget_media_image panel-first-child panel-last-child\" data-index=\"1\" ><img loading=\"lazy\" decoding=\"async\" width=\"300\" height=\"200\" src=\"https:\/\/www.diocesitn.it\/area-annuncio\/wp-content\/uploads\/sites\/39\/2020\/07\/Spiritualit\u00e0-300x200.jpg\" class=\"image wp-image-9671  attachment-medium size-medium\" alt=\"\" style=\"max-width: 100%; height: auto;\" srcset=\"https:\/\/www.diocesitn.it\/area-annuncio\/wp-content\/uploads\/sites\/39\/2020\/07\/Spiritualit\u00e0-300x200.jpg 300w, https:\/\/www.diocesitn.it\/area-annuncio\/wp-content\/uploads\/sites\/39\/2020\/07\/Spiritualit\u00e0-768x512.jpg 768w, https:\/\/www.diocesitn.it\/area-annuncio\/wp-content\/uploads\/sites\/39\/2020\/07\/Spiritualit\u00e0-360x240.jpg 360w, https:\/\/www.diocesitn.it\/area-annuncio\/wp-content\/uploads\/sites\/39\/2020\/07\/Spiritualit\u00e0-800x533.jpg 800w, https:\/\/www.diocesitn.it\/area-annuncio\/wp-content\/uploads\/sites\/39\/2020\/07\/Spiritualit\u00e0.jpg 960w\" sizes=\"auto, (max-width: 300px) 100vw, 300px\" \/><\/div><\/div><\/div><div id=\"pg-14465-1\"  class=\"panel-grid panel-no-style\" ><div id=\"pgc-14465-1-0\"  class=\"panel-grid-cell\" ><div id=\"panel-14465-1-0-0\" class=\"so-panel widget widget_sow-editor panel-first-child\" data-index=\"2\" ><div\n\t\t\t\n\t\t\tclass=\"so-widget-sow-editor so-widget-sow-editor-base\"\n\t\t\t\n\t\t>\n<div class=\"siteorigin-widget-tinymce textwidget\">\n\t<h4><strong>COMMENTO AL VANGELO<a id=\"commento\"><\/a><\/strong><\/h4>\n<p>Dal Vangelo secondo Luca (2, 41)<\/p>\n<p>I suoi genitori si recavano ogni anno a Gerusalemme per la festa di Pasqua.<\/p>\n<p style=\"text-align: right\"><a href=\"https:\/\/www.diocesitn.it\/area-annuncio\/wp-content\/uploads\/sites\/39\/2020\/10\/Commento-al-Vangelo_spiritualita.pdf\" target=\"_blank\" rel=\"noopener noreferrer\">Leggi tutto<\/a><\/p>\n<h5 style=\"text-align: right\"><a href=\"#inizio\"><strong>\u21d1<\/strong><\/a><\/h5>\n<h4><strong>OBIETTIVI DELL\u2019INCONTRO<a id=\"obiettivi\"><\/a><\/strong><\/h4>\n<ul>\n<li>Comprendere cosa significa spiritualit\u00e0<\/li>\n<li>Comprendere la specificit\u00e0 della spiritualit\u00e0 di coppia.<\/li>\n<li>Scoprire la bellezza della preghiera: per la coppia cristiana ascolto e relazione con Dio insieme<\/li>\n<\/ul>\n<h4><strong>\u00a0<\/strong><\/h4>\n<h5 style=\"text-align: right\"><a href=\"#inizio\"><strong>\u21d1<\/strong><\/a><\/h5>\n<h4><strong>CONTENUTI PRINCIPALI<a id=\"contenuti\"><\/a><\/strong><\/h4>\n<p><em>I contenuti che permettono di raggiungere gli obiettivi e caratterizzano l\u2019incontro possono essere vari. Qui si presentano un elenco di possibili nuclei e alcuni esempi di sviluppo di questi contenuti:<\/em><\/p>\n<ul>\n<li>Il nostro cuore \u00e8 seminato di desiderio e di nostalgia di Dio<\/li>\n<li>\u00c8 necessario coltivare alcuni atteggiamenti per crescere nel rapporto con Dio (silenzio, ascolto della Parola di Dio, Messa, esperienze significative, liturgia delle ore)<\/li>\n<li>Atteggiamento di preghiera<\/li>\n<li>Sorgente della spiritualit\u00e0 cristiana \u00e8 la fede in Dio che \u00e8 Amore e la nostra vita diventa lo spazio libero in cui Dio pu\u00f2 creare (cfr. AL 317-318).<\/li>\n<li>Lasciarsi guidare dallo Spirito Santo per conoscere e per crescere nel nostro rapporto quotidiano con il Signore Ges\u00f9 Cristo<\/li>\n<li>La spiritualit\u00e0 coniugale \u00e8 lo Spirito che si comunica agli sposi e lo fa nelle cose concrete di tutti i giorni<\/li>\n<li>Nella vita degli sposi la spiritualit\u00e0 va alimentata attraverso alcune vie, per esempio condividere la Parola di Dio, dialogare, pregare insieme, perdonarsi, vivere la sessualit\u00e0, \u2026<\/li>\n<li>Non c\u2019\u00e8 separazione o opposizione tra spirito e corpo ma questo diventa il segno nel quale \u00e8 possibile cogliere lo spirito.<\/li>\n<\/ul>\n<h5 style=\"text-align: right\"><a href=\"#inizio\"><strong>\u21d1<\/strong><\/a><\/h5>\n<h4><strong>PROPOSTE E SUGGERIMENTI PRATICI<a id=\"proposte\"><\/a><\/strong><\/h4>\n<ul>\n<li>Fare esperienze di preghiera<\/li>\n<li>Far conoscere qualche testo della Chiesa sulla spiritualit\u00e0 coniugale (S Giovanni Paolo II e Amoris laetitia cap. IX)<\/li>\n<li>Leggere vita sposi santi (Beati Beltrame \u2013 Quattrocchi, santa Gianna Beretta Molla , beata Elisabetta Canori Mora)<\/li>\n<\/ul>\n<h4><strong>\u00a0<\/strong><\/h4>\n<h5 style=\"text-align: right\"><a href=\"#inizio\"><strong>\u21d1<\/strong><\/a><\/h5>\n<\/div>\n<\/div><\/div><div id=\"panel-14465-1-0-1\" class=\"so-panel widget widget_sow-accordion\" data-index=\"3\" ><div id=\"strumenti\" class=\"panel-widget-style panel-widget-style-for-14465-1-0-1\" ><div\n\t\t\t\n\t\t\tclass=\"so-widget-sow-accordion so-widget-sow-accordion-default-bf3247f8d09c-14465\"\n\t\t\t\n\t\t><h3 class=\"widget-title\">Strumenti operativi<\/h3><div>\n\t<div class=\"sow-accordion\">\n\t\t\t<div class=\"sow-accordion-panel\n\t\t\t\t\"\n\t\t\tdata-anchor-id=\"preghiere\">\n\t\t\t\t<div class=\"sow-accordion-panel-header-container\" role=\"heading\" aria-level=\"2\">\n\t\t\t\t\t<div class=\"sow-accordion-panel-header\" tabindex=\"0\" role=\"button\" id=\"accordion-label-preghiere\" aria-controls=\"accordion-content-preghiere\" aria-expanded=\"false\">\n\t\t\t\t\t\t<div class=\"sow-accordion-title sow-accordion-title-icon-left\">\n\t\t\t\t\t\t\t\t\t\t\t\t\t\tPreghiere\t\t\t\t\t\t\t\t\t\t\t\t\t<\/div>\n\t\t\t\t\t\t<div class=\"sow-accordion-open-close-button\">\n\t\t\t\t\t\t\t<div class=\"sow-accordion-open-button\">\n\t\t\t\t\t\t\t\t<span class=\"sow-icon-ionicons\" data-sow-icon=\"&#xf218;\"\n\t\t \n\t\taria-hidden=\"true\"><\/span>\t\t\t\t\t\t\t<\/div>\n\t\t\t\t\t\t\t<div class=\"sow-accordion-close-button\">\n\t\t\t\t\t\t\t\t<span class=\"sow-icon-ionicons\" data-sow-icon=\"&#xf209;\"\n\t\t \n\t\taria-hidden=\"true\"><\/span>\t\t\t\t\t\t\t<\/div>\n\t\t\t\t\t\t<\/div>\n\t\t\t\t\t<\/div>\n\t\t\t\t<\/div>\n\n\t\t\t<div\n\t\t\t\tclass=\"sow-accordion-panel-content\"\n\t\t\t\trole=\"region\"\n\t\t\t\taria-labelledby=\"accordion-label-preghiere\"\n\t\t\t\tid=\"accordion-content-preghiere\"\n\t\t\t\tstyle=\"display: none;\"\t\t\t>\n\t\t\t\t<div class=\"sow-accordion-panel-border\">\n\t\t\t\t\t<ul>\n<li><a href=\"https:\/\/www.diocesitn.it\/area-annuncio\/wp-content\/uploads\/sites\/39\/2020\/10\/Preghiera_Abbiamo-preso-una-decisione.pdf\" target=\"_blank\" rel=\"noopener noreferrer\">Abbiamo preso una decisione<\/a><\/li>\n<li><a href=\"https:\/\/www.diocesitn.it\/area-annuncio\/wp-content\/uploads\/sites\/39\/2020\/10\/Preghiera_Alla-Sacra-Famiglia.pdf\" target=\"_blank\" rel=\"noopener noreferrer\">Alla Sacra Famiglia<\/a><\/li>\n<li><a href=\"https:\/\/www.diocesitn.it\/area-annuncio\/wp-content\/uploads\/sites\/39\/2020\/10\/Preghiera_Credo-nellamore.pdf\" target=\"_blank\" rel=\"noopener noreferrer\">Credo nell\u2019amore<\/a><\/li>\n<li><a href=\"https:\/\/www.diocesitn.it\/area-annuncio\/wp-content\/uploads\/sites\/39\/2020\/10\/Preghiera_Crescere-nella-comunione.pdf\" target=\"_blank\" rel=\"noopener noreferrer\">Crescere nella comunione<\/a><\/li>\n<li><a href=\"https:\/\/www.diocesitn.it\/area-annuncio\/wp-content\/uploads\/sites\/39\/2020\/10\/Preghiera_Preghiera-dei-fidanzati.pdf\" target=\"_blank\" rel=\"noopener noreferrer\">Dei fidanzati<\/a><\/li>\n<li><a href=\"https:\/\/www.diocesitn.it\/area-annuncio\/wp-content\/uploads\/sites\/39\/2020\/10\/Preghiera_Preghiera-dei-fidanzati2.pdf\" target=\"_blank\" rel=\"noopener noreferrer\">Dei fidanzati 2<\/a><\/li>\n<li><a href=\"https:\/\/www.diocesitn.it\/area-annuncio\/wp-content\/uploads\/sites\/39\/2020\/10\/Preghiera_Preghiera-della-famiglia.pdf\" target=\"_blank\" rel=\"noopener noreferrer\">Della famiglia<\/a><\/li>\n<li><a href=\"https:\/\/www.diocesitn.it\/area-annuncio\/wp-content\/uploads\/sites\/39\/2020\/10\/Preghiera_Preghiera-della-famiglia2.pdf\" target=\"_blank\" rel=\"noopener noreferrer\">Della famiglia 2<\/a><\/li>\n<li><a href=\"https:\/\/www.diocesitn.it\/area-annuncio\/wp-content\/uploads\/sites\/39\/2020\/10\/Preghiera_Di-ringraziamento.pdf\" target=\"_blank\" rel=\"noopener noreferrer\">Di ringraziamento<\/a><\/li>\n<li><a href=\"https:\/\/www.diocesitn.it\/area-annuncio\/wp-content\/uploads\/sites\/39\/2020\/10\/Preghiera_Dio-abita-nella-nostra-casa.pdf\" target=\"_blank\" rel=\"noopener noreferrer\">Dio abita nella nostra casa<\/a><\/li>\n<li><a href=\"https:\/\/www.diocesitn.it\/area-annuncio\/wp-content\/uploads\/sites\/39\/2020\/12\/Preghiera_Giovani-sposi_Dialogo_Fecondita_Vocazione_Sacramento.pdf\" target=\"_blank\" rel=\"noopener noreferrer\">Giovani sposi<\/a><\/li>\n<li><a href=\"https:\/\/www.diocesitn.it\/area-annuncio\/wp-content\/uploads\/sites\/39\/2020\/10\/Preghiera_Ti-ringraziamo.pdf\" target=\"_blank\" rel=\"noopener noreferrer\">Grazie per il dono del corpo<\/a><\/li>\n<li><a href=\"https:\/\/www.diocesitn.it\/area-annuncio\/wp-content\/uploads\/sites\/39\/2020\/10\/Preghiera_Guardando-alla-santa-Famiglia-di-Nazareth.pdf\" target=\"_blank\" rel=\"noopener noreferrer\">Guardando alla Santa Famiglia di Nazareth<\/a><\/li>\n<li><a href=\"https:\/\/www.diocesitn.it\/area-annuncio\/wp-content\/uploads\/sites\/39\/2020\/10\/Preghiera_Il-nostro-cammino.pdf\" target=\"_blank\" rel=\"noopener noreferrer\">Il nostro cammino<\/a><\/li>\n<li><a href=\"https:\/\/www.diocesitn.it\/area-annuncio\/wp-content\/uploads\/sites\/39\/2021\/04\/Preghiera_Lamore-quotidiano_Dialogo_Perdono_Sessualita_Spiritualita.pdf\" target=\"_blank\" rel=\"noopener noreferrer\">L\u2019amore quotidiano<\/a><\/li>\n<li><a href=\"https:\/\/www.diocesitn.it\/area-annuncio\/wp-content\/uploads\/sites\/39\/2021\/05\/Preghiera_Casa-sulla-roccia_Spiritualita_Vocazione_Dialogo_Sacramento_Fecondita.pdf\" target=\"_blank\" rel=\"noopener noreferrer\">La casa sulla roccia<\/a><\/li>\n<li><a href=\"https:\/\/www.diocesitn.it\/area-annuncio\/wp-content\/uploads\/sites\/39\/2020\/10\/Preghiera_La-nostra-casa.pdf\" target=\"_blank\" rel=\"noopener noreferrer\">La nostra casa<\/a><\/li>\n<li><a href=\"https:\/\/www.diocesitn.it\/area-annuncio\/wp-content\/uploads\/sites\/39\/2021\/05\/Preghiera_Le-nozze-di-Cana_Sessualita_Fecondita_Spiritualita.pdf\" target=\"_blank\" rel=\"noopener noreferrer\">Le nozze di Cana<\/a><\/li>\n<li><a href=\"https:\/\/www.diocesitn.it\/area-annuncio\/wp-content\/uploads\/sites\/39\/2020\/10\/Preghiera_Non-uccidiamo-la-meraviglia.pdf\" target=\"_blank\" rel=\"noopener noreferrer\">Non uccidiamo la meraviglia<\/a><\/li>\n<li><a href=\"https:\/\/www.diocesitn.it\/area-annuncio\/wp-content\/uploads\/sites\/39\/2020\/12\/Preghiera_Per-la-Famiglia-madre-teresa_Dialogo_Perdono_Fecondita_Vocazione_Sacramento_Spiritualita.pdf\" target=\"_blank\" rel=\"noopener noreferrer\">Per la famiglia \u2013 Madre Teresa<\/a><\/li>\n<li><a href=\"https:\/\/www.diocesitn.it\/area-annuncio\/wp-content\/uploads\/sites\/39\/2020\/10\/Preghiera_Per-vivere-bene-le-piccole-cose.pdf\" target=\"_blank\" rel=\"noopener noreferrer\">Per vivere bene le piccole cose<\/a><\/li>\n<li><a href=\"https:\/\/www.diocesitn.it\/area-annuncio\/wp-content\/uploads\/sites\/39\/2020\/10\/Preghiera_Prima-di-un-incontro-spirituale-di-famiglie.pdf\" target=\"_blank\" rel=\"noopener noreferrer\">Prima di un incontro spirituale di famiglie<\/a><\/li>\n<li><a href=\"https:\/\/www.diocesitn.it\/area-annuncio\/wp-content\/uploads\/sites\/39\/2020\/12\/Preghiera_Proposta-preghiera-7-giorni_Spiritualita.pdf\" target=\"_blank\" rel=\"noopener noreferrer\">Proposta preghiera per 7 giorni<\/a><\/li>\n<li><a href=\"https:\/\/www.diocesitn.it\/area-annuncio\/wp-content\/uploads\/sites\/39\/2020\/10\/Preghiera_Signore-prendici-per-mano.pdf\" target=\"_blank\" rel=\"noopener noreferrer\">Signore prendici per mano<\/a><\/li>\n<li><a href=\"https:\/\/www.diocesitn.it\/area-annuncio\/wp-content\/uploads\/sites\/39\/2020\/10\/Preghiera_Tutto-e-dono.pdf\" target=\"_blank\" rel=\"noopener noreferrer\">Tutto \u00e8 dono<\/a><\/li>\n<\/ul>\n\t\t\t\t<\/div>\n\t\t\t<\/div>\n\t\t<\/div>\n\t\t\t<div class=\"sow-accordion-panel\n\t\t\t\t\"\n\t\t\tdata-anchor-id=\"brani-biblici\">\n\t\t\t\t<div class=\"sow-accordion-panel-header-container\" role=\"heading\" aria-level=\"2\">\n\t\t\t\t\t<div class=\"sow-accordion-panel-header\" tabindex=\"0\" role=\"button\" id=\"accordion-label-brani-biblici\" aria-controls=\"accordion-content-brani-biblici\" aria-expanded=\"false\">\n\t\t\t\t\t\t<div class=\"sow-accordion-title sow-accordion-title-icon-left\">\n\t\t\t\t\t\t\t\t\t\t\t\t\t\tBrani biblici\t\t\t\t\t\t\t\t\t\t\t\t\t<\/div>\n\t\t\t\t\t\t<div class=\"sow-accordion-open-close-button\">\n\t\t\t\t\t\t\t<div class=\"sow-accordion-open-button\">\n\t\t\t\t\t\t\t\t<span class=\"sow-icon-ionicons\" data-sow-icon=\"&#xf218;\"\n\t\t \n\t\taria-hidden=\"true\"><\/span>\t\t\t\t\t\t\t<\/div>\n\t\t\t\t\t\t\t<div class=\"sow-accordion-close-button\">\n\t\t\t\t\t\t\t\t<span class=\"sow-icon-ionicons\" data-sow-icon=\"&#xf209;\"\n\t\t \n\t\taria-hidden=\"true\"><\/span>\t\t\t\t\t\t\t<\/div>\n\t\t\t\t\t\t<\/div>\n\t\t\t\t\t<\/div>\n\t\t\t\t<\/div>\n\n\t\t\t<div\n\t\t\t\tclass=\"sow-accordion-panel-content\"\n\t\t\t\trole=\"region\"\n\t\t\t\taria-labelledby=\"accordion-label-brani-biblici\"\n\t\t\t\tid=\"accordion-content-brani-biblici\"\n\t\t\t\tstyle=\"display: none;\"\t\t\t>\n\t\t\t\t<div class=\"sow-accordion-panel-border\">\n\t\t\t\t\t<ul>\n<li><a href=\"https:\/\/www.diocesitn.it\/area-annuncio\/wp-content\/uploads\/sites\/39\/2021\/02\/Commento-al-Vangelo_Lc-11-1-13_La-preghiera_Spiritualita.pdf\" target=\"_blank\" rel=\"noopener noreferrer\">Vangelo secondo Luca 11, 1-13 \u2013 La Preghiera \u2013 con commento<\/a><\/li>\n<\/ul>\n\t\t\t\t<\/div>\n\t\t\t<\/div>\n\t\t<\/div>\n\t\t\t<div class=\"sow-accordion-panel\n\t\t\t\t\"\n\t\t\tdata-anchor-id=\"immagini-per-lettura-biblica\">\n\t\t\t\t<div class=\"sow-accordion-panel-header-container\" role=\"heading\" aria-level=\"2\">\n\t\t\t\t\t<div class=\"sow-accordion-panel-header\" tabindex=\"0\" role=\"button\" id=\"accordion-label-immagini-per-lettura-biblica\" aria-controls=\"accordion-content-immagini-per-lettura-biblica\" aria-expanded=\"false\">\n\t\t\t\t\t\t<div class=\"sow-accordion-title sow-accordion-title-icon-left\">\n\t\t\t\t\t\t\t\t\t\t\t\t\t\tImmagini per lettura biblica\t\t\t\t\t\t\t\t\t\t\t\t\t<\/div>\n\t\t\t\t\t\t<div class=\"sow-accordion-open-close-button\">\n\t\t\t\t\t\t\t<div class=\"sow-accordion-open-button\">\n\t\t\t\t\t\t\t\t<span class=\"sow-icon-ionicons\" data-sow-icon=\"&#xf218;\"\n\t\t \n\t\taria-hidden=\"true\"><\/span>\t\t\t\t\t\t\t<\/div>\n\t\t\t\t\t\t\t<div class=\"sow-accordion-close-button\">\n\t\t\t\t\t\t\t\t<span class=\"sow-icon-ionicons\" data-sow-icon=\"&#xf209;\"\n\t\t \n\t\taria-hidden=\"true\"><\/span>\t\t\t\t\t\t\t<\/div>\n\t\t\t\t\t\t<\/div>\n\t\t\t\t\t<\/div>\n\t\t\t\t<\/div>\n\n\t\t\t<div\n\t\t\t\tclass=\"sow-accordion-panel-content\"\n\t\t\t\trole=\"region\"\n\t\t\t\taria-labelledby=\"accordion-label-immagini-per-lettura-biblica\"\n\t\t\t\tid=\"accordion-content-immagini-per-lettura-biblica\"\n\t\t\t\tstyle=\"display: none;\"\t\t\t>\n\t\t\t\t<div class=\"sow-accordion-panel-border\">\n\t\t\t\t\t\t\t\t\t<\/div>\n\t\t\t<\/div>\n\t\t<\/div>\n\t\t\t<div class=\"sow-accordion-panel\n\t\t\t\t\"\n\t\t\tdata-anchor-id=\"lavoro-di-coppia\">\n\t\t\t\t<div class=\"sow-accordion-panel-header-container\" role=\"heading\" aria-level=\"2\">\n\t\t\t\t\t<div class=\"sow-accordion-panel-header\" tabindex=\"0\" role=\"button\" id=\"accordion-label-lavoro-di-coppia\" aria-controls=\"accordion-content-lavoro-di-coppia\" aria-expanded=\"false\">\n\t\t\t\t\t\t<div class=\"sow-accordion-title sow-accordion-title-icon-left\">\n\t\t\t\t\t\t\t\t\t\t\t\t\t\tLavoro di coppia\t\t\t\t\t\t\t\t\t\t\t\t\t<\/div>\n\t\t\t\t\t\t<div class=\"sow-accordion-open-close-button\">\n\t\t\t\t\t\t\t<div class=\"sow-accordion-open-button\">\n\t\t\t\t\t\t\t\t<span class=\"sow-icon-ionicons\" data-sow-icon=\"&#xf218;\"\n\t\t \n\t\taria-hidden=\"true\"><\/span>\t\t\t\t\t\t\t<\/div>\n\t\t\t\t\t\t\t<div class=\"sow-accordion-close-button\">\n\t\t\t\t\t\t\t\t<span class=\"sow-icon-ionicons\" data-sow-icon=\"&#xf209;\"\n\t\t \n\t\taria-hidden=\"true\"><\/span>\t\t\t\t\t\t\t<\/div>\n\t\t\t\t\t\t<\/div>\n\t\t\t\t\t<\/div>\n\t\t\t\t<\/div>\n\n\t\t\t<div\n\t\t\t\tclass=\"sow-accordion-panel-content\"\n\t\t\t\trole=\"region\"\n\t\t\t\taria-labelledby=\"accordion-label-lavoro-di-coppia\"\n\t\t\t\tid=\"accordion-content-lavoro-di-coppia\"\n\t\t\t\tstyle=\"display: none;\"\t\t\t>\n\t\t\t\t<div class=\"sow-accordion-panel-border\">\n\t\t\t\t\t<ul>\n<li>Scheda:\u00a0<a href=\"https:\/\/www.diocesitn.it\/area-annuncio\/wp-content\/uploads\/sites\/39\/2021\/01\/Lav.-coppia_Esperienza-di-preghiera_Spiritualita.pdf\" target=\"_blank\" rel=\"noopener noreferrer\">Esperienza di preghiera<\/a><\/li>\n<li>Scheda:\u00a0<a href=\"https:\/\/www.diocesitn.it\/area-annuncio\/wp-content\/uploads\/sites\/39\/2021\/03\/Lav.-coppia_Domande-su-fede-e-chiesa_Fede_Spiritualita.pdf\" target=\"_blank\" rel=\"noopener noreferrer\">Domande su fede e Chiesa<\/a><\/li>\n<li>Scheda:\u00a0<a href=\"https:\/\/www.diocesitn.it\/area-annuncio\/wp-content\/uploads\/sites\/39\/2021\/03\/Lav.-coppia_Domande-stimolo-matrimonio-e-preghiera_Sacramento_Spiritualita.pdf\" target=\"_blank\" rel=\"noopener noreferrer\">Domande stimolo su matrimonio e preghiera<\/a><\/li>\n<\/ul>\n\t\t\t\t<\/div>\n\t\t\t<\/div>\n\t\t<\/div>\n\t\t\t<div class=\"sow-accordion-panel\n\t\t\t\t\"\n\t\t\tdata-anchor-id=\"lavoro-di-gruppo\">\n\t\t\t\t<div class=\"sow-accordion-panel-header-container\" role=\"heading\" aria-level=\"2\">\n\t\t\t\t\t<div class=\"sow-accordion-panel-header\" tabindex=\"0\" role=\"button\" id=\"accordion-label-lavoro-di-gruppo\" aria-controls=\"accordion-content-lavoro-di-gruppo\" aria-expanded=\"false\">\n\t\t\t\t\t\t<div class=\"sow-accordion-title sow-accordion-title-icon-left\">\n\t\t\t\t\t\t\t\t\t\t\t\t\t\tLavoro di gruppo\t\t\t\t\t\t\t\t\t\t\t\t\t<\/div>\n\t\t\t\t\t\t<div class=\"sow-accordion-open-close-button\">\n\t\t\t\t\t\t\t<div class=\"sow-accordion-open-button\">\n\t\t\t\t\t\t\t\t<span class=\"sow-icon-ionicons\" data-sow-icon=\"&#xf218;\"\n\t\t \n\t\taria-hidden=\"true\"><\/span>\t\t\t\t\t\t\t<\/div>\n\t\t\t\t\t\t\t<div class=\"sow-accordion-close-button\">\n\t\t\t\t\t\t\t\t<span class=\"sow-icon-ionicons\" data-sow-icon=\"&#xf209;\"\n\t\t \n\t\taria-hidden=\"true\"><\/span>\t\t\t\t\t\t\t<\/div>\n\t\t\t\t\t\t<\/div>\n\t\t\t\t\t<\/div>\n\t\t\t\t<\/div>\n\n\t\t\t<div\n\t\t\t\tclass=\"sow-accordion-panel-content\"\n\t\t\t\trole=\"region\"\n\t\t\t\taria-labelledby=\"accordion-label-lavoro-di-gruppo\"\n\t\t\t\tid=\"accordion-content-lavoro-di-gruppo\"\n\t\t\t\tstyle=\"display: none;\"\t\t\t>\n\t\t\t\t<div class=\"sow-accordion-panel-border\">\n\t\t\t\t\t<ul>\n<li>Scheda:\u00a0<a href=\"https:\/\/www.diocesitn.it\/area-annuncio\/wp-content\/uploads\/sites\/39\/2021\/01\/Lav.-gruppo_La-preghiera_Spiritualita.pdf\" target=\"_blank\" rel=\"noopener noreferrer\">La preghiera<\/a><\/li>\n<li>Scheda:\u00a0<a href=\"https:\/\/www.diocesitn.it\/area-annuncio\/wp-content\/uploads\/sites\/39\/2021\/01\/Lav.-gruppo_Cose-la-preghiera_Spiritualita.pdf\" target=\"_blank\" rel=\"noopener noreferrer\">Cos\u2019\u00e8 la preghiera<\/a><\/li>\n<\/ul>\n\t\t\t\t<\/div>\n\t\t\t<\/div>\n\t\t<\/div>\n\t\t\t<div class=\"sow-accordion-panel\n\t\t\t\t\"\n\t\t\tdata-anchor-id=\"film-video\">\n\t\t\t\t<div class=\"sow-accordion-panel-header-container\" role=\"heading\" aria-level=\"2\">\n\t\t\t\t\t<div class=\"sow-accordion-panel-header\" tabindex=\"0\" role=\"button\" id=\"accordion-label-filmvideo\" aria-controls=\"accordion-content-filmvideo\" aria-expanded=\"false\">\n\t\t\t\t\t\t<div class=\"sow-accordion-title sow-accordion-title-icon-left\">\n\t\t\t\t\t\t\t\t\t\t\t\t\t\tFilm\/video\t\t\t\t\t\t\t\t\t\t\t\t\t<\/div>\n\t\t\t\t\t\t<div class=\"sow-accordion-open-close-button\">\n\t\t\t\t\t\t\t<div class=\"sow-accordion-open-button\">\n\t\t\t\t\t\t\t\t<span class=\"sow-icon-ionicons\" data-sow-icon=\"&#xf218;\"\n\t\t \n\t\taria-hidden=\"true\"><\/span>\t\t\t\t\t\t\t<\/div>\n\t\t\t\t\t\t\t<div class=\"sow-accordion-close-button\">\n\t\t\t\t\t\t\t\t<span class=\"sow-icon-ionicons\" data-sow-icon=\"&#xf209;\"\n\t\t \n\t\taria-hidden=\"true\"><\/span>\t\t\t\t\t\t\t<\/div>\n\t\t\t\t\t\t<\/div>\n\t\t\t\t\t<\/div>\n\t\t\t\t<\/div>\n\n\t\t\t<div\n\t\t\t\tclass=\"sow-accordion-panel-content\"\n\t\t\t\trole=\"region\"\n\t\t\t\taria-labelledby=\"accordion-label-filmvideo\"\n\t\t\t\tid=\"accordion-content-filmvideo\"\n\t\t\t\tstyle=\"display: none;\"\t\t\t>\n\t\t\t\t<div class=\"sow-accordion-panel-border\">\n\t\t\t\t\t<ul>\n<li><a href=\"https:\/\/www.diocesitn.it\/area-annuncio\/wp-content\/uploads\/sites\/39\/2022\/02\/FIREPROOF-materiale-per-la-riflessione.pdf\" target=\"_blank\" rel=\"noopener\">Fireproof<\/a><\/li>\n<li><a href=\"http:\/\/www.laityfamilylife.va\/content\/laityfamilylife\/it\/news\/amorislaetitia\/la-spiritualita-coniugale-e-familiare.html\" target=\"_blank\" rel=\"noopener\">La Spiritualit\u00e0 Coniugale e Famliare_video<\/a><\/li>\n<li><a href=\"https:\/\/www.youtube.com\/watch?v=CK71slKyiXU\" target=\"_blank\" rel=\"noopener\">Confidare nella Provvidenza_video<\/a> Cinque figli, una madre e un padre. Una casa che non c\u2019\u00e8 pi\u00f9 e la necessit\u00e0 di ricominciare quasi da capo. \u00c8 la storia di Gianluca, Caterina e dei loro tre figli che a pochi giorni dallo scorso Natale hanno visto la propria casa divorata da un incendio. \u00c8 quasi l\u2019ora di cena quando i bambini urlano: \u201cPap\u00e0, pap\u00e0!\u201d; un denso fumo si stava diffondendo nell\u2019appartamento: \u201cC\u2019erano gi\u00e0 delle fiamme alte cos\u00ec\u201d ricorda Gianluca. La sua reazione \u00e8 immediata, \u201cho pensato a mettere al sicuro i bambini, basta, poi del resto non m\u2019interessava\u201d. In pochi minuti si ritrovano tutti per strada, senza scarpe n\u00e9 felpe, \u201ce quel giorno pioveva pure\u201d...<\/li>\n<\/ul>\n\t\t\t\t<\/div>\n\t\t\t<\/div>\n\t\t<\/div>\n\t\t\t<div class=\"sow-accordion-panel\n\t\t\t\t\"\n\t\t\tdata-anchor-id=\"canzoni\">\n\t\t\t\t<div class=\"sow-accordion-panel-header-container\" role=\"heading\" aria-level=\"2\">\n\t\t\t\t\t<div class=\"sow-accordion-panel-header\" tabindex=\"0\" role=\"button\" id=\"accordion-label-canzoni\" aria-controls=\"accordion-content-canzoni\" aria-expanded=\"false\">\n\t\t\t\t\t\t<div class=\"sow-accordion-title sow-accordion-title-icon-left\">\n\t\t\t\t\t\t\t\t\t\t\t\t\t\tCanzoni\t\t\t\t\t\t\t\t\t\t\t\t\t<\/div>\n\t\t\t\t\t\t<div class=\"sow-accordion-open-close-button\">\n\t\t\t\t\t\t\t<div class=\"sow-accordion-open-button\">\n\t\t\t\t\t\t\t\t<span class=\"sow-icon-ionicons\" data-sow-icon=\"&#xf218;\"\n\t\t \n\t\taria-hidden=\"true\"><\/span>\t\t\t\t\t\t\t<\/div>\n\t\t\t\t\t\t\t<div class=\"sow-accordion-close-button\">\n\t\t\t\t\t\t\t\t<span class=\"sow-icon-ionicons\" data-sow-icon=\"&#xf209;\"\n\t\t \n\t\taria-hidden=\"true\"><\/span>\t\t\t\t\t\t\t<\/div>\n\t\t\t\t\t\t<\/div>\n\t\t\t\t\t<\/div>\n\t\t\t\t<\/div>\n\n\t\t\t<div\n\t\t\t\tclass=\"sow-accordion-panel-content\"\n\t\t\t\trole=\"region\"\n\t\t\t\taria-labelledby=\"accordion-label-canzoni\"\n\t\t\t\tid=\"accordion-content-canzoni\"\n\t\t\t\tstyle=\"display: none;\"\t\t\t>\n\t\t\t\t<div class=\"sow-accordion-panel-border\">\n\t\t\t\t\t<table style=\"border-collapse: collapse;width: 98.8757%\" border=\"1\">\n<tbody>\n<tr>\n<td style=\"width: 40.8242%\">- Insieme a Te<\/td>\n<td style=\"width: 11.6419%\"><a href=\"https:\/\/www.diocesitn.it\/area-annuncio\/wp-content\/uploads\/sites\/39\/2022\/03\/INSIEME-A-TE-accordi.pdf\" target=\"_blank\" rel=\"noopener\">Testo<\/a><\/td>\n<td style=\"width: 47.5339%\"><a href=\"https:\/\/www.youtube.com\/watch?v=i7ouBdJraZQ\" target=\"_blank\" rel=\"noopener\">Video<\/a><\/td>\n<\/tr>\n<tr>\n<td style=\"width: 40.8242%\">- La preghiera di Ges\u00f9 \u00e8 la nostra (Beatitudini)<\/td>\n<td style=\"width: 11.6419%\"><a href=\"https:\/\/www.diocesitn.it\/area-annuncio\/wp-content\/uploads\/sites\/39\/2022\/03\/La-preghiera-di-Gesu-e-la-nostra_Fede_Spiritualita-1.pdf\" target=\"_blank\" rel=\"noopener\">Testo<\/a><\/td>\n<td style=\"width: 47.5339%\"><a href=\"https:\/\/www.youtube.com\/watch?v=c6uJoG9BbJ8\" target=\"_blank\" rel=\"noopener\">Video<\/a><\/td>\n<\/tr>\n<\/tbody>\n<\/table>\n<p>&nbsp;<\/p>\n\t\t\t\t<\/div>\n\t\t\t<\/div>\n\t\t<\/div>\n\t\t\t<div class=\"sow-accordion-panel\n\t\t\t\t\"\n\t\t\tdata-anchor-id=\"per-riflettere\">\n\t\t\t\t<div class=\"sow-accordion-panel-header-container\" role=\"heading\" aria-level=\"2\">\n\t\t\t\t\t<div class=\"sow-accordion-panel-header\" tabindex=\"0\" role=\"button\" id=\"accordion-label-per-riflettere\" aria-controls=\"accordion-content-per-riflettere\" aria-expanded=\"false\">\n\t\t\t\t\t\t<div class=\"sow-accordion-title sow-accordion-title-icon-left\">\n\t\t\t\t\t\t\t\t\t\t\t\t\t\tper riflettere\t\t\t\t\t\t\t\t\t\t\t\t\t<\/div>\n\t\t\t\t\t\t<div class=\"sow-accordion-open-close-button\">\n\t\t\t\t\t\t\t<div class=\"sow-accordion-open-button\">\n\t\t\t\t\t\t\t\t<span class=\"sow-icon-ionicons\" data-sow-icon=\"&#xf218;\"\n\t\t \n\t\taria-hidden=\"true\"><\/span>\t\t\t\t\t\t\t<\/div>\n\t\t\t\t\t\t\t<div class=\"sow-accordion-close-button\">\n\t\t\t\t\t\t\t\t<span class=\"sow-icon-ionicons\" data-sow-icon=\"&#xf209;\"\n\t\t \n\t\taria-hidden=\"true\"><\/span>\t\t\t\t\t\t\t<\/div>\n\t\t\t\t\t\t<\/div>\n\t\t\t\t\t<\/div>\n\t\t\t\t<\/div>\n\n\t\t\t<div\n\t\t\t\tclass=\"sow-accordion-panel-content\"\n\t\t\t\trole=\"region\"\n\t\t\t\taria-labelledby=\"accordion-label-per-riflettere\"\n\t\t\t\tid=\"accordion-content-per-riflettere\"\n\t\t\t\tstyle=\"display: none;\"\t\t\t>\n\t\t\t\t<div class=\"sow-accordion-panel-border\">\n\t\t\t\t\t<ul>\n<li><a href=\"https:\/\/www.diocesitn.it\/area-annuncio\/wp-content\/uploads\/sites\/39\/2020\/12\/Riflessione_LAmore-di-Dio-nella-Bibbia_Fede_Vocazione_Spiritualita_Accoglienza-1.pdf\" target=\"_blank\" rel=\"noopener noreferrer\">L\u2019amore di Dio nella Bibbia<\/a><\/li>\n<li><a href=\"https:\/\/www.diocesitn.it\/area-annuncio\/wp-content\/uploads\/sites\/39\/2021\/01\/Riflessione_Quando-trovero-il-tempo-per-pensare-a-Dio_Fede_Spiritualita.pdf\" target=\"_blank\" rel=\"noopener noreferrer\">Quando trover\u00f2 il tempo per pensare a Dio<\/a><\/li>\n<li><a href=\"https:\/\/www.diocesitn.it\/area-annuncio\/wp-content\/uploads\/sites\/39\/2021\/01\/Riflessione_Come-possiamo-pregare_Spiritualita.pdf\" target=\"_blank\" rel=\"noopener noreferrer\">Come possiamo pregare<\/a><\/li>\n<\/ul>\n\t\t\t\t<\/div>\n\t\t\t<\/div>\n\t\t<\/div>\n\t\t<\/div>\n<\/div>\n<\/div><\/div><\/div><div id=\"panel-14465-1-0-2\" class=\"so-panel widget widget_sow-editor\" data-index=\"4\" ><div\n\t\t\t\n\t\t\tclass=\"so-widget-sow-editor so-widget-sow-editor-base\"\n\t\t\t\n\t\t>\n<div class=\"siteorigin-widget-tinymce textwidget\">\n\t<h5 style=\"text-align: right\"><a href=\"#inizio\"><strong>\u21d1<\/strong><\/a><\/h5>\n<\/div>\n<\/div><\/div><div id=\"panel-14465-1-0-3\" class=\"so-panel widget widget_sow-accordion\" data-index=\"5\" ><div id=\"saperne\" class=\"panel-widget-style panel-widget-style-for-14465-1-0-3\" ><div\n\t\t\t\n\t\t\tclass=\"so-widget-sow-accordion so-widget-sow-accordion-default-399e2846cd01-14465\"\n\t\t\t\n\t\t><h3 class=\"widget-title\">Per saperne di pi\u00f9<\/h3><div>\n\t<div class=\"sow-accordion\">\n\t\t\t<div class=\"sow-accordion-panel\n\t\t\t\t\"\n\t\t\tdata-anchor-id=\"libri\">\n\t\t\t\t<div class=\"sow-accordion-panel-header-container\" role=\"heading\" aria-level=\"2\">\n\t\t\t\t\t<div class=\"sow-accordion-panel-header\" tabindex=\"0\" role=\"button\" id=\"accordion-label-libri\" aria-controls=\"accordion-content-libri\" aria-expanded=\"false\">\n\t\t\t\t\t\t<div class=\"sow-accordion-title sow-accordion-title-icon-left\">\n\t\t\t\t\t\t\t\t\t\t\t\t\t\tLibri\t\t\t\t\t\t\t\t\t\t\t\t\t<\/div>\n\t\t\t\t\t\t<div class=\"sow-accordion-open-close-button\">\n\t\t\t\t\t\t\t<div class=\"sow-accordion-open-button\">\n\t\t\t\t\t\t\t\t<span class=\"sow-icon-ionicons\" data-sow-icon=\"&#xf218;\"\n\t\t \n\t\taria-hidden=\"true\"><\/span>\t\t\t\t\t\t\t<\/div>\n\t\t\t\t\t\t\t<div class=\"sow-accordion-close-button\">\n\t\t\t\t\t\t\t\t<span class=\"sow-icon-ionicons\" data-sow-icon=\"&#xf209;\"\n\t\t \n\t\taria-hidden=\"true\"><\/span>\t\t\t\t\t\t\t<\/div>\n\t\t\t\t\t\t<\/div>\n\t\t\t\t\t<\/div>\n\t\t\t\t<\/div>\n\n\t\t\t<div\n\t\t\t\tclass=\"sow-accordion-panel-content\"\n\t\t\t\trole=\"region\"\n\t\t\t\taria-labelledby=\"accordion-label-libri\"\n\t\t\t\tid=\"accordion-content-libri\"\n\t\t\t\tstyle=\"display: none;\"\t\t\t>\n\t\t\t\t<div class=\"sow-accordion-panel-border\">\n\t\t\t\t\t<ul>\n<li>Pierluigi Gusmitta,\u00a0<em>Vocazione al matrimonio \u2013 Itinerario di preparazione \u201cprossima\u201d al matrimonio,<\/em>\u00a0ed. Gribaudi, Torino 1987<\/li>\n<li>Azione Cattolica Italiana,\u00a0<em>Insieme per costruire \u2013 Guida a un cammino di fede per gruppi di fidanzati e sposi,<\/em>\u00a0ed. AVE, Roma 1994<\/li>\n<li>Pierluigi Gusmitta,\u00a0<em>L\u2019amore alla prova della vita \u2013 Orientamenti per le giovani coppie,\u00a0<\/em>ed. Gribaudi, Torino 1992AA.VV.<em>, Costruire l\u2019amore (vol 1-2-3-4.),\u00a0<\/em>ed. Messaggero, Padova 1995<\/li>\n<li>Azione Cattolica Italiana,\u00a0<em>In famiglia alla scuola dello Spirito \u2011 Sussidio per il cammino di gruppi di sposi,<\/em>\u00a0ed. AVE, Roma 1995<\/li>\n<li>Gaspar Mora e Ignasi Salvat,\u00a0<em>In cammino con le coppie<\/em>\u00a0(Guida per gli animatori e strumento per i fidanzati), ed. LDC, Torino 1995<\/li>\n<li>Azione Cattolica Italiana,\u00a0<em>Insieme per crescere \u2013 Sussidio a schede di educazione gamiliare,<\/em>\u00a0ed. AVE, Roma 1996<\/li>\n<li>Comunit\u00e0 di Caresto,\u00a0<em>Esercizi spirituali tra le pareti di casa \u2011 Schede per sposi e fidanzati,<\/em>\u00a0ed. O.R., Milano 1996<\/li>\n<li>Chuck Charles Gallagher,\u00a0<em>L\u2019amore \u00e8\u2026 una coppia \u2011 Riflessioni per fidanzati e sposi,<\/em>\u00a0ed. O.R., Milano 1996<\/li>\n<li>Agostino Gasperoni (a cura della Comunit\u00e0 di Caresto),\u00a0<em>Iddio li cre\u00f2\u2026 famiglia \u2011 Cinque storie dal libro della Genesi,\u00a0<\/em>ed. O.R., Milano 1997<\/li>\n<li>Comunit\u00e0 di Caresto,\u00a0<em>Un cammino per i fidanzati\u00a0<\/em>(Guida e schede di lavoro), ed. Dehoniane, Bologna 1997<\/li>\n<li>Luigi Ghia,\u00a0<em>L\u2019alfabeto della coppia \u2013 Per un discernimento spirituale nella vita di coppia e di famiglia<\/em>, ed. LDC, Torino 1997<\/li>\n<li>AA.VV.<em>, Cristo Sposo della Chiesa Sposa,\u00a0<\/em>ed. Citt\u00e0 Nuova, Roma 1997<\/li>\n<li>Gianfranco Fregni,\u00a0<em>Tobia e Sara \u2011 Itinerario di fede per giovani sposi,<\/em>\u00a0ed. Dehoniane, Bologna 1998<\/li>\n<li>Claudio e Laura Gentili,\u00a0<em>Per star bene in famiglia \u2013 Un itinerario di Lectio divina in 14 tappe<\/em>, ed. Nuova Fiordaliso, Roma 1998<\/li>\n<li>Romolo Taddei (a cura di),\u00a0<em>Navigheremo insieme la vita se\u2026<\/em>\u00a0(Guida e quaderno a schede), ed. LDC, Torino 2000<\/li>\n<li>Diocesi di Lombardia,\u00a0<em>In cammino verso il matrimonio<\/em>\u00a0(Sussidio per gli animatori e schede per i fidanzati), ed. Centro Ambrosiano, Milano 2000<\/li>\n<li>Comunit\u00e0 di Caresto,\u00a0<em>Un cammino spirituale per i divorziati risposati,<\/em>\u00a0ed. Gribaudi, Milano 2001<\/li>\n<li>Comunit\u00e0 di Caresto,\u00a0<em>La nostra casa, luogo di vita cristiana,<\/em>\u00a0ed. Gribaudi, Milano 2001<\/li>\n<\/ul>\n\t\t\t\t<\/div>\n\t\t\t<\/div>\n\t\t<\/div>\n\t\t\t<div class=\"sow-accordion-panel\n\t\t\t\t\"\n\t\t\tdata-anchor-id=\"articoli\">\n\t\t\t\t<div class=\"sow-accordion-panel-header-container\" role=\"heading\" aria-level=\"2\">\n\t\t\t\t\t<div class=\"sow-accordion-panel-header\" tabindex=\"0\" role=\"button\" id=\"accordion-label-articoli\" aria-controls=\"accordion-content-articoli\" aria-expanded=\"false\">\n\t\t\t\t\t\t<div class=\"sow-accordion-title sow-accordion-title-icon-left\">\n\t\t\t\t\t\t\t\t\t\t\t\t\t\tArticoli\t\t\t\t\t\t\t\t\t\t\t\t\t<\/div>\n\t\t\t\t\t\t<div class=\"sow-accordion-open-close-button\">\n\t\t\t\t\t\t\t<div class=\"sow-accordion-open-button\">\n\t\t\t\t\t\t\t\t<span class=\"sow-icon-ionicons\" data-sow-icon=\"&#xf218;\"\n\t\t \n\t\taria-hidden=\"true\"><\/span>\t\t\t\t\t\t\t<\/div>\n\t\t\t\t\t\t\t<div class=\"sow-accordion-close-button\">\n\t\t\t\t\t\t\t\t<span class=\"sow-icon-ionicons\" data-sow-icon=\"&#xf209;\"\n\t\t \n\t\taria-hidden=\"true\"><\/span>\t\t\t\t\t\t\t<\/div>\n\t\t\t\t\t\t<\/div>\n\t\t\t\t\t<\/div>\n\t\t\t\t<\/div>\n\n\t\t\t<div\n\t\t\t\tclass=\"sow-accordion-panel-content\"\n\t\t\t\trole=\"region\"\n\t\t\t\taria-labelledby=\"accordion-label-articoli\"\n\t\t\t\tid=\"accordion-content-articoli\"\n\t\t\t\tstyle=\"display: none;\"\t\t\t>\n\t\t\t\t<div class=\"sow-accordion-panel-border\">\n\t\t\t\t\t\t\t\t\t<\/div>\n\t\t\t<\/div>\n\t\t<\/div>\n\t\t\t<div class=\"sow-accordion-panel\n\t\t\t\t\"\n\t\t\tdata-anchor-id=\"testi\">\n\t\t\t\t<div class=\"sow-accordion-panel-header-container\" role=\"heading\" aria-level=\"2\">\n\t\t\t\t\t<div class=\"sow-accordion-panel-header\" tabindex=\"0\" role=\"button\" id=\"accordion-label-testi\" aria-controls=\"accordion-content-testi\" aria-expanded=\"false\">\n\t\t\t\t\t\t<div class=\"sow-accordion-title sow-accordion-title-icon-left\">\n\t\t\t\t\t\t\t\t\t\t\t\t\t\tTesti\t\t\t\t\t\t\t\t\t\t\t\t\t<\/div>\n\t\t\t\t\t\t<div class=\"sow-accordion-open-close-button\">\n\t\t\t\t\t\t\t<div class=\"sow-accordion-open-button\">\n\t\t\t\t\t\t\t\t<span class=\"sow-icon-ionicons\" data-sow-icon=\"&#xf218;\"\n\t\t \n\t\taria-hidden=\"true\"><\/span>\t\t\t\t\t\t\t<\/div>\n\t\t\t\t\t\t\t<div class=\"sow-accordion-close-button\">\n\t\t\t\t\t\t\t\t<span class=\"sow-icon-ionicons\" data-sow-icon=\"&#xf209;\"\n\t\t \n\t\taria-hidden=\"true\"><\/span>\t\t\t\t\t\t\t<\/div>\n\t\t\t\t\t\t<\/div>\n\t\t\t\t\t<\/div>\n\t\t\t\t<\/div>\n\n\t\t\t<div\n\t\t\t\tclass=\"sow-accordion-panel-content\"\n\t\t\t\trole=\"region\"\n\t\t\t\taria-labelledby=\"accordion-label-testi\"\n\t\t\t\tid=\"accordion-content-testi\"\n\t\t\t\tstyle=\"display: none;\"\t\t\t>\n\t\t\t\t<div class=\"sow-accordion-panel-border\">\n\t\t\t\t\t\t\t\t\t<\/div>\n\t\t\t<\/div>\n\t\t<\/div>\n\t\t\t<div class=\"sow-accordion-panel\n\t\t\t\t\"\n\t\t\tdata-anchor-id=\"relazioni\">\n\t\t\t\t<div class=\"sow-accordion-panel-header-container\" role=\"heading\" aria-level=\"2\">\n\t\t\t\t\t<div class=\"sow-accordion-panel-header\" tabindex=\"0\" role=\"button\" id=\"accordion-label-relazioni\" aria-controls=\"accordion-content-relazioni\" aria-expanded=\"false\">\n\t\t\t\t\t\t<div class=\"sow-accordion-title sow-accordion-title-icon-left\">\n\t\t\t\t\t\t\t\t\t\t\t\t\t\tRelazioni\t\t\t\t\t\t\t\t\t\t\t\t\t<\/div>\n\t\t\t\t\t\t<div class=\"sow-accordion-open-close-button\">\n\t\t\t\t\t\t\t<div class=\"sow-accordion-open-button\">\n\t\t\t\t\t\t\t\t<span class=\"sow-icon-ionicons\" data-sow-icon=\"&#xf218;\"\n\t\t \n\t\taria-hidden=\"true\"><\/span>\t\t\t\t\t\t\t<\/div>\n\t\t\t\t\t\t\t<div class=\"sow-accordion-close-button\">\n\t\t\t\t\t\t\t\t<span class=\"sow-icon-ionicons\" data-sow-icon=\"&#xf209;\"\n\t\t \n\t\taria-hidden=\"true\"><\/span>\t\t\t\t\t\t\t<\/div>\n\t\t\t\t\t\t<\/div>\n\t\t\t\t\t<\/div>\n\t\t\t\t<\/div>\n\n\t\t\t<div\n\t\t\t\tclass=\"sow-accordion-panel-content\"\n\t\t\t\trole=\"region\"\n\t\t\t\taria-labelledby=\"accordion-label-relazioni\"\n\t\t\t\tid=\"accordion-content-relazioni\"\n\t\t\t\tstyle=\"display: none;\"\t\t\t>\n\t\t\t\t<div class=\"sow-accordion-panel-border\">\n\t\t\t\t\t\t\t\t\t<\/div>\n\t\t\t<\/div>\n\t\t<\/div>\n\t\t\t<div class=\"sow-accordion-panel\n\t\t\t\t\"\n\t\t\tdata-anchor-id=\"altro\">\n\t\t\t\t<div class=\"sow-accordion-panel-header-container\" role=\"heading\" aria-level=\"2\">\n\t\t\t\t\t<div class=\"sow-accordion-panel-header\" tabindex=\"0\" role=\"button\" id=\"accordion-label-altro\" aria-controls=\"accordion-content-altro\" aria-expanded=\"false\">\n\t\t\t\t\t\t<div class=\"sow-accordion-title sow-accordion-title-icon-left\">\n\t\t\t\t\t\t\t\t\t\t\t\t\t\tAltro\t\t\t\t\t\t\t\t\t\t\t\t\t<\/div>\n\t\t\t\t\t\t<div class=\"sow-accordion-open-close-button\">\n\t\t\t\t\t\t\t<div class=\"sow-accordion-open-button\">\n\t\t\t\t\t\t\t\t<span class=\"sow-icon-ionicons\" data-sow-icon=\"&#xf218;\"\n\t\t \n\t\taria-hidden=\"true\"><\/span>\t\t\t\t\t\t\t<\/div>\n\t\t\t\t\t\t\t<div class=\"sow-accordion-close-button\">\n\t\t\t\t\t\t\t\t<span class=\"sow-icon-ionicons\" data-sow-icon=\"&#xf209;\"\n\t\t \n\t\taria-hidden=\"true\"><\/span>\t\t\t\t\t\t\t<\/div>\n\t\t\t\t\t\t<\/div>\n\t\t\t\t\t<\/div>\n\t\t\t\t<\/div>\n\n\t\t\t<div\n\t\t\t\tclass=\"sow-accordion-panel-content\"\n\t\t\t\trole=\"region\"\n\t\t\t\taria-labelledby=\"accordion-label-altro\"\n\t\t\t\tid=\"accordion-content-altro\"\n\t\t\t\tstyle=\"display: none;\"\t\t\t>\n\t\t\t\t<div class=\"sow-accordion-panel-border\">\n\t\t\t\t\t\t\t\t\t<\/div>\n\t\t\t<\/div>\n\t\t<\/div>\n\t\t<\/div>\n<\/div>\n<\/div><\/div><\/div><div id=\"panel-14465-1-0-4\" class=\"so-panel widget widget_sow-editor\" data-index=\"6\" ><div\n\t\t\t\n\t\t\tclass=\"so-widget-sow-editor so-widget-sow-editor-base\"\n\t\t\t\n\t\t>\n<div class=\"siteorigin-widget-tinymce textwidget\">\n\t<h5 style=\"text-align: right\"><a href=\"#inizio\"><strong>\u21d1<\/strong><\/a><\/h5>\n<\/div>\n<\/div><\/div><div id=\"panel-14465-1-0-5\" class=\"so-panel widget widget_sow-editor panel-last-child\" data-index=\"7\" ><div id=\"approfondire\" class=\"panel-widget-style panel-widget-style-for-14465-1-0-5\" ><div\n\t\t\t\n\t\t\tclass=\"so-widget-sow-editor so-widget-sow-editor-base\"\n\t\t\t\n\t\t><h3 class=\"widget-title\">PER APPROFONDIRE<\/h3>\n<div class=\"siteorigin-widget-tinymce textwidget\">\n\t<p style=\"text-align: right\"><span style=\"color: #0000ff\"><strong>Il nostro cuore \u00e8 seminato di desiderio e di nostalgia di Dio<\/strong><\/span><\/p>\n<p>Negli incontri veri riconosciamo la nostra preziosit\u00e0 e ogni volta che ci\u00f2 si verifica, l\u2019uomo fa esperienza di accoglienza nell\u2019amore. La prima grande accoglienza \u00e8 quella che ogni bambino riceve o dovrebbe ricevere da chi lo mette al mondo; un\u2019esperienza che ci apre all\u2019esperienza umana dell\u2019essere accolti e amati per quello che siamo e dell\u2019essere fiduciosi nella vita e nelle caratteristiche di bont\u00e0, di verit\u00e0 e di bellezza che il mondo offre. Giovanni Paolo II nell\u2019Enciclica \u201cRedemptor hominis\u201d ha scritto: \u201cL\u2019uomo non pu\u00f2 vivere senza amore. Egli rimane per se stesso un essere incomprensibile, la sua vita rimane priva di senso se non gli viene rivelato l\u2019amore, se non si incontra con l\u2019amore, se non lo sperimenta e non lo fa proprio, se non vi partecipa vivamente\u201d (n. 10).<\/p>\n<p>Quando amiamo qualcuno abbiamo spesso due percezioni: il nostro bisogno di essere amati in maniera infinita e la sproporzione della nostra capacit\u00e0 di amare che \u00e8 limitata. Questo paradosso per\u00f2 rende l\u2019altro segno che indirizza all\u2019amore infinito e assoluto.<\/p>\n<p>La letteratura offre infiniti brani dove si racconta l\u2019amore come esperienza totalizzante.<\/p>\n<p>Gli incontri quindi segnano e rivelano la nostra esistenza e un incontro ne esige sempre uno ancora pi\u00f9 profondo e pi\u00f9 vero. Questa \u00e8 la traccia che Dio ha lasciato nella creatura. L\u2019amore di Dio si mostra sempre nascondendosi, diventa segno nel creato, negli incontri, nelle persone e non ci lascia mai quieti perch\u00e9 ci chiede di cercarlo ancora.<\/p>\n<p>Inoltre, la ragione dell\u2019uomo si protende a ricercare il senso di tutto ci\u00f2 che esiste, un\u2019insaziabile ricerca della verit\u00e0, della bont\u00e0 e della bellezza di qualcosa o di Qualcuno che sempre nuovamente si fa conoscere, senza poter mai essere esaurito.<\/p>\n<p>&nbsp;<\/p>\n<p style=\"text-align: right\"><span style=\"color: #0000ff\"><strong>\u00c9 necessario coltivare alcuni atteggiamenti per crescere\u00a0<\/strong><strong>nel rapporto con Dio<\/strong><\/span><br \/>\n<span style=\"color: #0000ff\"><strong>(silenzio, ascolto della Parola di Dio, Messa,\u00a0<\/strong><strong>esperienze significative, liturgia delle ore,\u2026)<\/strong><\/span><\/p>\n<p>In ogni essere umano c\u2019\u00e8 una dimensione trascendentale che \u00e8 apertura e tensione verso la bellezza, il bene, la felicit\u00e0, la verit\u00e0. Nel cristianesimo tale apertura \u00e8 lo spazio che accoglie lo Spirito Santo e riconosce l\u2019amore di Dio.<\/p>\n<p>Questo atteggiamento non \u00e8 automatico ma implica un lavoro di discernimento che richiede attenzione, vigilanza, ascolto di ogni manifestazione dello Spirito, della Parola di Dio, della vita nel suo multiforme manifestarsi. Un atteggiamento che aiuta questo lavoro \u00e8 il silenzio che fondamentalmente \u00e8 un mettersi in ascolto prima di tutto di se stessi, e poi della voce della nostra coscienza e del nostro Dio; spesso il silenzio \u00e8 una necessit\u00e0 in un mondo iperconnesso e pieno di parole: nella storia della Chiesa esso \u00e8 stato praticato e lo \u00e8 tuttora.<\/p>\n<p>Poich\u00e9 la Parola di Dio \u00e8 sacramento della Sua presenza, ascoltare la Parola \u00e8 accogliere una presenza e mettersi in relazione con essa; gli atteggiamenti possono essere diversi, pensiamo alla parabola del seminatore: noi siamo il terreno che accoglie la Sua presenza e lo pu\u00f2 fare in modi diversi, in maniera distratta, superficiale, preoccupata, oppure con il cuore.<\/p>\n<p>La Chiesa che \u00e8 madre e conosce le necessit\u00e0 dei suoi figli da sempre ci offre degli strumenti come vie di spiritualit\u00e0, pensiamo a tutta la liturgia delle ore o alla pratica degli esercizi spirituali, la frequentazione della catechesi o di altri momenti formativi; tutto per aiutarci a ricordare che noi siamo abitati da Dio e la nostra felicit\u00e0 \u00e8 cercare la Sua vita e il Suo amore.<\/p>\n<p>La Messa \u00e8 via regale in questo percorso perch\u00e9, come dice papa Francesco: \u201dQuando celebriamo la messa, non facciamo una rappresentazione dell\u2019Ultima Cena\u00bb. La messa \u00abnon \u00e8 una rappresentazione; \u00e8 un\u2019altra cosa. \u00c8 proprio l\u2019Ultima Cena; \u00e8 proprio vivere un\u2019altra volta la passione e la morte redentrice del Signore. \u00c8 una teofania: il Signore si fa presente sull\u2019altare per essere offerto al Padre per la salvezza del mondo. La messa non si sente, si partecipa. E si partecipa in questa teofania, in questo mistero della presenza del Signore fra noi\u00bb (10 febbraio 2014 Omelia a santa Marta; cfr. anche AL 15, 29).<\/p>\n<p>&nbsp;<\/p>\n<p style=\"text-align: right\"><span style=\"color: #0000ff\"><strong>Atteggiamento di preghiera<\/strong><\/span><\/p>\n<p>Per il cristiano la preghiera \u00e8 qualcosa di fondamentale; sappiamo dal Vangelo che Ges\u00f9 era sempre in atteggiamento di preghiera con il Padre. Spesso ci dimentichiamo che siamo creature amate e ricercate da Dio e quindi la preghiera diventa un atteggiamento superficiale, una sola recita di formule e parole dove noi siamo i protagonisti e Lui ascolta e basta come se fosse esterno alla nostra vita, alle cose che ci accadono, ai nostri sentimenti e ai nostri bisogni.<\/p>\n<p>La preghiera \u00e8 un cammino, \u00e8 un grido verso Dio Padre, \u00e8 un lasciarsi guardare da Lui nella profondit\u00e0 della nostra situazione esistenziale, \u00e8 ricercare un rapporto con Dio perch\u00e9 si faccia presente, \u00e8 riconoscere la storia che Lui sta facendo con noi. Si possono usare le parole di Santa Teresa d\u2019Avila, maestra di preghiera, per capire cosa significa avere questo atteggiamento:\u00a0\u201cL\u2019orazione mentale non \u00e8 altro, per me, che un intimo rapporto di amicizia, un frequente intrattenimento, da solo a solo, con Colui da cui sappiamo d\u2019essere amati.\u201d<\/p>\n<p>&nbsp;<\/p>\n<p style=\"text-align: right\"><span style=\"color: #0000ff\"><strong>Sorgente della spiritualit\u00e0 cristiana \u00e8 la fede in Dio che \u00e8 Amore e la nostra<\/strong><\/span><br \/>\n<span style=\"color: #0000ff\"><strong>vita diventa lo spazio libero in cui Dio pu\u00f2 creare (cfr. AL 317-318)<\/strong><\/span><\/p>\n<p>La spiritualit\u00e0 cristiana consiste nel vivere secondo lo Spirito di Ges\u00f9 Cristo. La sequela di Ges\u00f9, comune ad ogni battezzato, \u00e8 la base della spiritualit\u00e0. Questo \u00e8 il programma unico di tutti i cristiani. Quindi spiritualit\u00e0 cristiana \u00e8 stare dentro il mondo, \u00e8 prendere coscienza di Dio che ci cerca e ci interpella, \u00e8 offrire lo spazio della nostra vita perch\u00e9 Lui possa scrivere con noi una storia di salvezza e di amore.<\/p>\n<p>Le tante vite di santi ci raccontano questo.<\/p>\n<p>&nbsp;<\/p>\n<p style=\"text-align: right\"><span style=\"color: #0000ff\"><strong>Lasciarsi guidare dallo Spirito Santo per conoscere\u00a0<\/strong><strong>e per crescere nel nostro rapporto quotidiano con il Signore Ges\u00f9 Cristo<\/strong><\/span><\/p>\n<p>Nel sacramento del matrimonio l\u2019amore coniugale d\u00e0 origine nella fede ad un\u2019esperienza di Chiesa che viene offerta come segno al mondo. L\u2019amore che i due coniugi provano viene da Cristo che ama entrambi e li dona l\u2019uno all\u2019altro. In questo dono gli sposi percepiscono l\u2019azione dello Spirito Santo che aiuta a leggere i segni della Sua presenza nella vita e chiede un continuo affidarsi, un abbandono alla sua azione. Questo libero abbandono accresce la nostra conoscenza di Dio amore, offrendogli la nostra umanit\u00e0 intera.<\/p>\n<p>&nbsp;<\/p>\n<p style=\"text-align: right\"><span style=\"color: #0000ff\"><strong>La spiritualit\u00e0 coniugale \u00e8 lo Spirito che si comunica agli sposi\u00a0<\/strong><strong>e lo fa nelle cose concrete di tutti i giorni<\/strong><\/span><\/p>\n<p>L\u2019azione di Dio nella nostra vita avviene attraverso lo Spirito. Nel sacramento del matrimonio questa azione e gli atteggiamenti concreti che vi corrispondono diventano spiritualit\u00e0 coniugale nella realizzazione di bisogni, nella dimensione corporale, nella passione verso l\u2019altro\/a, nella necessit\u00e0 di incontrarsi con se stessi e di conoscersi, nell\u2019accettare e valorizzare le diversit\u00e0.<\/p>\n<p>\u201cOccorre sfatare la consuetudine di considerare spirituali solo alcune attivit\u00e0, quali la preghiera, la meditazione, la partecipazione ai sacramenti, ecc., rispetto ad attivit\u00e0 legate alla vita quotidiana: il lavoro, i rapporti familiari e sociali, lo svago, ecc.\u00a0La vita dell\u2019uomo come la vita della coppia invece \u00e8 interamente spirituale, perch\u00e9 la spiritualit\u00e0 cristiana non \u00e8 altro che il vivere l\u2019intera esistenza umana guidati dallo Spirito di Dio\u201d<a href=\"https:\/\/www.diocesitn.it\/area-annuncio\/la-spiritualita-della-coppia-cristiana\/#_ftn1\" name=\"_ftnref1\">[1]<\/a>.<\/p>\n<p>Quindi Dio cerca e interpella gli sposi, perch\u00e9 nello sposarsi vivano l\u2019accoglienza e il sapersi donare reciprocamente Ges\u00f9, costruendo una storia che si scrive non in due ma in tre. Il sacramento \u00e8 nella relazione degli sposi che lo Spirito Santo pu\u00f2 trasformare. Per questo la via che conduce a Dio passa attraverso le debolezze, le impotenze degli sposi, la loro realt\u00e0 umana e presuppone un autentico personale incontro con Dio.<\/p>\n<p>Ecco quindi che la concreta quotidianit\u00e0 degli sposi, fatta di tante piccole azioni \u201creali\u201d e quasi insignificanti, diventa essa stessa spiritualit\u00e0 coniugale.<\/p>\n<p>\u00abLa presenza del Signore abita nella famiglia reale e concreta con tutte le sue sofferenze, lotte, gioie e i suoi propositi quotidiani. (\u2026) La spiritualit\u00e0 dell\u2019amore familiare \u00e8 fatta di migliaia di gesti reali e concreti. In questa variet\u00e0 di doni e di incontri che fanno maturare la comunione, Dio ha la propria dimora. Questa dedizione unisce i valori umani e divini, perch\u00e9 \u00e8 piena dell\u2019amore di Dio\u00bb (AL 315).<\/p>\n<p>&nbsp;<\/p>\n<p style=\"text-align: right\"><span style=\"color: #0000ff\"><strong>Nella vita degli sposi la spiritualit\u00e0 va alimentata\u00a0<\/strong><strong>attraverso alcune vie, per esempio condividere la Parola di Dio,\u00a0<\/strong><\/span><br \/>\n<span style=\"color: #0000ff\"><strong>dialogare, pregare insieme, perdonarsi, vivere la sessualit\u00e0, \u2026<\/strong><\/span><\/p>\n<p>Se la spiritualit\u00e0 coniugale trova la propria consistenza nella concretezza del quotidiano, allora quotidianamente essa deve essere al tempo stesso alimentata e vissuta.<\/p>\n<p>\u00ab(\u2026) i momenti di gioia, il riposo o la festa, e anche la sessualit\u00e0, si sperimentano come una partecipazione alla vita piena della Sua Risurrezione. I coniugi danno forma con vari gesti quotidiani a questo spazio teologale in cui si pu\u00f2 sperimentare la presenza mistica del Signore\u00bb (AL 317; cfr. anche 319-324).<\/p>\n<p>Infatti, la \u201cvita secondo lo Spirito\u201d rischia di franare alla minima difficolt\u00e0 o, peggio, di diventare una maschera, un atteggiamento esteriore, se non si alimenta in Dio e non \u00e8 sorretta da solide fondamenta.<\/p>\n<p>La preghiera, vero atteggiamento di relazione con il Padre, ha una dimensione personale che, nel matrimonio, si completa dando spazio anche ad una dimensione di preghiera di coppia.<\/p>\n<p>Pregare non significa semplicemente (o non soltanto) recitare delle orazioni ma, innanzitutto \u00e8 il mio essere figlio in relazione con il Padre, nel quale ripongo fiducia, alla ricerca di quel disegno buono per la mia vita (a maggior ragione nella dimensione coniugale).<\/p>\n<p>Il santo pontefice Giovanni Paolo II ci ha insegnato che per i coniugi cristiani, perfino vivere in pienezza la dimensione della sessualit\u00e0 diventa atto di preghiera: diventa il momento in cui essi sono pi\u00f9 vicini a Dio creatore.<\/p>\n<p>Anche la preghiera fatta nel migliore dei modi per\u00f2, senza un riferimento costante alla Parola di Dio, rischia di ridursi a devozionismo sentimentale e sterile.<\/p>\n<p>La partecipazione ai sacramenti, in particolare la Riconciliazione e l\u2019Eucaristia, rappresenta il punto in cui la vita quotidiana della coppia, con le sue ricchezze e i suoi limiti, confluisce nell\u2019incontro con Dio. Da questo sacramento Dio stesso ci dona continuamente la vita che si riversa nel quotidiano, colmandolo di grazie e di perdono (dato e ricevuto).<\/p>\n<p>&nbsp;<\/p>\n<p style=\"text-align: right\"><span style=\"color: #0000ff\"><strong>Non c\u2019\u00e8 separazione o opposizione tra spirito e corpo\u00a0<\/strong><strong>ma questo diventa il segno nel quale \u00e8 possibile cogliere lo spirito<\/strong><\/span><\/p>\n<p>In tante coppie sono presenti degli equivoci sul modo di intendere la spiritualit\u00e0 coniugale che \u00e8 sempre qualcosa che tocca sia la dimensione spirituale sia quella del corpo. Alcuni esempi di come viene percepita:<\/p>\n<ul>\n<li>il pensare che si tratti di un qualcosa che si aggiunge dall\u2019esterno alla vita di coppia, di un di pi\u00f9 che pu\u00f2 esserci o non esserci e di qualcosa che va bene per gli addetti ai lavori<\/li>\n<li>il ridurre la spiritualit\u00e0 coniugale alla sola preghiera o alle cose spirituali che hanno a che fare con Dio<\/li>\n<li>il contrapporre la spiritualit\u00e0 alla sessualit\u00e0 e vedere questa come ostacolo alla santit\u00e0 (cfr. Giovanni Paolo II)<\/li>\n<li>il frammentare la vita della famiglia in aspetti umani e aspetti spirituali, se la vita \u00e8 relazione con Dio questa relazione entra in ogni ambito (storia della salvezza \u2013 Incarnazione)<\/li>\n<li>il pensare che solo la vocazione alla verginit\u00e0 sia una via privilegiata per conoscere Dio e quindi il matrimonio \u00e8 una scelta di serie B<\/li>\n<li>il pensare che la spiritualit\u00e0 ha a che fare con l\u2019essere perfetti e con lo straordinario, con la mancanza di conflitti e di problemi (cfr. Gaudete et exultate).<\/li>\n<\/ul>\n<p>Come abbiamo gi\u00e0 visto la spiritualit\u00e0 \u00e8 quella porta che ci permette di riconoscere l\u2019azione dello Spirito Santo nella nostra vita, che per gli sposi riguarda anche la loro vita coniugale: attraverso le nostre esperienze umane e i fatti concreti Lui si fa presenza e vicinanza.<\/p>\n<p>&nbsp;<\/p>\n<p><a href=\"https:\/\/www.diocesitn.it\/area-annuncio\/la-spiritualita-della-coppia-cristiana\/#_ftnref1\" name=\"_ftn1\">[1]<\/a>\u00a0Diocesi di Trento,\u00a0<em>La spiritualit\u00e0 coniugale e familiare. Dossier di contenuti, obiettivi, esemplificazioni metodologiche (Dossier n. 4)<\/em>, ottobre 2001<\/p>\n<p><strong>\u00a0<\/strong><\/p>\n<p style=\"text-align: right\"><a href=\"https:\/\/www.diocesitn.it\/area-annuncio\/wp-content\/uploads\/sites\/39\/2022\/01\/Scheda-spiritualita_definitiva.pdf\" target=\"_blank\" rel=\"noopener\">Scarica la scheda<\/a><\/p>\n<p style=\"text-align: right\"><a style=\"font-size: 1.25rem;background-color: #ffffff\" href=\"#inizio\"><strong>\u21d1<\/strong><\/a><\/p>\n<p style=\"text-align: right\"><a href=\"#Inizio\">\u00a0<i class=\"fi-arrow-up\"><!-- icon --><\/i>\u00a0<\/a><\/p>\n<\/div>\n<\/div><\/div><\/div><\/div><\/div><\/div>","protected":false},"excerpt":{"rendered":"<p>La spiritualit\u00e0 \u00e8 l\u2019esperienza del rapporto con Dio che possiamo vivere ogni giorno attraverso \u201cmigliaia di gesti reali e concreti\u201d (AL 315). Gli sposi sono chiamati a vivere una loro spiritualit\u00e0, una loro strada di<\/p>\n","protected":false},"author":14,"featured_media":0,"parent":0,"menu_order":0,"comment_status":"closed","ping_status":"closed","template":"","meta":{"footnotes":""},"class_list":["post-14465","page","type-page","status-publish","hentry"],"acf":{"seed-localization-paese-cod":"IT","seed-localization-address":"","seed-localization-citta":"Trento","seed-localization-regione-cod-istat":"04","seed-localization-citta-cod-istat":"022205","seed-localization-localita":"","seed-localization-cap":"","seed-localization-marker-visibility":false,"seed-localization-children-visibility":false,"seed-localization-kml":"","seed-localization-custom-marker":""},"yoast_head":"<!-- This site is optimized with the Yoast SEO Premium plugin v20.2.1 (Yoast SEO v22.2) - https:\/\/yoast.com\/wordpress\/plugins\/seo\/ -->\n<title>LA SPIRITUALITA\u2019 DELLA COPPIA CRISTIANA - Annuncio e Sacramenti<\/title>\n<meta name=\"robots\" content=\"index, follow, max-snippet:-1, max-image-preview:large, max-video-preview:-1\" \/>\n<link rel=\"canonical\" href=\"https:\/\/www.diocesitn.it\/area-annuncio\/spiritualita-2\/\" \/>\n<meta property=\"og:locale\" content=\"it_IT\" \/>\n<meta property=\"og:type\" content=\"article\" \/>\n<meta property=\"og:title\" content=\"LA SPIRITUALITA\u2019 DELLA COPPIA CRISTIANA\" \/>\n<meta property=\"og:description\" content=\"La spiritualit\u00e0 \u00e8 l\u2019esperienza del rapporto con Dio che possiamo vivere ogni giorno attraverso \u201cmigliaia di gesti reali e concreti\u201d (AL 315). Gli sposi sono chiamati a vivere una loro spiritualit\u00e0, una loro strada di\" \/>\n<meta property=\"og:url\" content=\"https:\/\/www.diocesitn.it\/area-annuncio\/spiritualita-2\/\" \/>\n<meta property=\"og:site_name\" content=\"Annuncio e Sacramenti\" \/>\n<meta property=\"article:publisher\" content=\"https:\/\/www.facebook.com\/pastoralegiovanile.trento\/\" \/>\n<meta property=\"article:modified_time\" content=\"2022-12-28T14:14:51+00:00\" \/>\n<meta property=\"og:image\" content=\"https:\/\/www.diocesitn.it\/area-annuncio\/wp-content\/uploads\/sites\/39\/2021\/09\/og-logo-annuncio-e-sacramenti.jpg\" \/>\n\t<meta property=\"og:image:width\" content=\"1200\" \/>\n\t<meta property=\"og:image:height\" content=\"630\" \/>\n\t<meta property=\"og:image:type\" content=\"image\/jpeg\" \/>\n<meta name=\"twitter:card\" content=\"summary_large_image\" \/>\n<meta name=\"twitter:label1\" content=\"Tempo di lettura stimato\" \/>\n\t<meta name=\"twitter:data1\" content=\"13 minuti\" \/>\n<script type=\"application\/ld+json\" class=\"yoast-schema-graph\">{\"@context\":\"https:\/\/schema.org\",\"@graph\":[{\"@type\":\"WebPage\",\"@id\":\"https:\/\/www.diocesitn.it\/area-annuncio\/spiritualita-2\/\",\"url\":\"https:\/\/www.diocesitn.it\/area-annuncio\/spiritualita-2\/\",\"name\":\"LA SPIRITUALITA\u2019 DELLA COPPIA CRISTIANA - Annuncio e Sacramenti\",\"isPartOf\":{\"@id\":\"https:\/\/www.diocesitn.it\/area-annuncio\/#website\"},\"datePublished\":\"2022-01-14T10:18:58+00:00\",\"dateModified\":\"2022-12-28T14:14:51+00:00\",\"breadcrumb\":{\"@id\":\"https:\/\/www.diocesitn.it\/area-annuncio\/spiritualita-2\/#breadcrumb\"},\"inLanguage\":\"it-IT\",\"potentialAction\":[{\"@type\":\"ReadAction\",\"target\":[\"https:\/\/www.diocesitn.it\/area-annuncio\/spiritualita-2\/\"]}]},{\"@type\":\"BreadcrumbList\",\"@id\":\"https:\/\/www.diocesitn.it\/area-annuncio\/spiritualita-2\/#breadcrumb\",\"itemListElement\":[{\"@type\":\"ListItem\",\"position\":1,\"name\":\"Home\",\"item\":\"https:\/\/www.diocesitn.it\/area-annuncio\/\"},{\"@type\":\"ListItem\",\"position\":2,\"name\":\"LA SPIRITUALITA\u2019 DELLA COPPIA CRISTIANA\"}]},{\"@type\":\"WebSite\",\"@id\":\"https:\/\/www.diocesitn.it\/area-annuncio\/#website\",\"url\":\"https:\/\/www.diocesitn.it\/area-annuncio\/\",\"name\":\"Annuncio e Sacramenti\",\"description\":\"Chiesa di Trento\",\"publisher\":{\"@id\":\"https:\/\/www.diocesitn.it\/area-annuncio\/#organization\"},\"potentialAction\":[{\"@type\":\"SearchAction\",\"target\":{\"@type\":\"EntryPoint\",\"urlTemplate\":\"https:\/\/www.diocesitn.it\/area-annuncio\/?s={search_term_string}\"},\"query-input\":\"required name=search_term_string\"}],\"inLanguage\":\"it-IT\"},{\"@type\":[\"Organization\",\"Place\"],\"@id\":\"https:\/\/www.diocesitn.it\/area-annuncio\/#organization\",\"name\":\"Area Annuncio e Sacramenti - Chiesa di Trento\",\"url\":\"https:\/\/www.diocesitn.it\/area-annuncio\/\",\"logo\":{\"@id\":\"https:\/\/www.diocesitn.it\/area-annuncio\/spiritualita-2\/#local-main-organization-logo\"},\"image\":{\"@id\":\"https:\/\/www.diocesitn.it\/area-annuncio\/spiritualita-2\/#local-main-organization-logo\"},\"sameAs\":[\"https:\/\/www.facebook.com\/pastoralegiovanile.trento\/\",\"https:\/\/www.instagram.com\/pastoralegiovaniletrento\/\",\"https:\/\/www.youtube.com\/channel\/UCGt7hyJaIQIkrQPos4K6L6w\"],\"openingHoursSpecification\":[{\"@type\":\"OpeningHoursSpecification\",\"dayOfWeek\":[\"Monday\",\"Tuesday\",\"Wednesday\",\"Thursday\",\"Friday\",\"Saturday\",\"Sunday\"],\"opens\":\"09:00\",\"closes\":\"17:00\"}]},{\"@type\":\"ImageObject\",\"inLanguage\":\"it-IT\",\"@id\":\"https:\/\/www.diocesitn.it\/area-annuncio\/spiritualita-2\/#local-main-organization-logo\",\"url\":\"https:\/\/www.diocesitn.it\/area-annuncio\/wp-content\/uploads\/sites\/39\/2021\/09\/og-logo-annuncio-e-sacramenti.jpg\",\"contentUrl\":\"https:\/\/www.diocesitn.it\/area-annuncio\/wp-content\/uploads\/sites\/39\/2021\/09\/og-logo-annuncio-e-sacramenti.jpg\",\"width\":1200,\"height\":630,\"caption\":\"Area Annuncio e Sacramenti - Chiesa di Trento\"}]}<\/script>\n<!-- \/ Yoast SEO Premium plugin. -->","yoast_head_json":{"title":"LA SPIRITUALITA\u2019 DELLA COPPIA CRISTIANA - Annuncio e Sacramenti","robots":{"index":"index","follow":"follow","max-snippet":"max-snippet:-1","max-image-preview":"max-image-preview:large","max-video-preview":"max-video-preview:-1"},"canonical":"https:\/\/www.diocesitn.it\/area-annuncio\/spiritualita-2\/","og_locale":"it_IT","og_type":"article","og_title":"LA SPIRITUALITA\u2019 DELLA COPPIA CRISTIANA","og_description":"La spiritualit\u00e0 \u00e8 l\u2019esperienza del rapporto con Dio che possiamo vivere ogni giorno attraverso \u201cmigliaia di gesti reali e concreti\u201d (AL 315). Gli sposi sono chiamati a vivere una loro spiritualit\u00e0, una loro strada di","og_url":"https:\/\/www.diocesitn.it\/area-annuncio\/spiritualita-2\/","og_site_name":"Annuncio e Sacramenti","article_publisher":"https:\/\/www.facebook.com\/pastoralegiovanile.trento\/","article_modified_time":"2022-12-28T14:14:51+00:00","og_image":[{"width":1200,"height":630,"url":"https:\/\/www.diocesitn.it\/area-annuncio\/wp-content\/uploads\/sites\/39\/2021\/09\/og-logo-annuncio-e-sacramenti.jpg","type":"image\/jpeg"}],"twitter_card":"summary_large_image","twitter_misc":{"Tempo di lettura stimato":"13 minuti"},"schema":{"@context":"https:\/\/schema.org","@graph":[{"@type":"WebPage","@id":"https:\/\/www.diocesitn.it\/area-annuncio\/spiritualita-2\/","url":"https:\/\/www.diocesitn.it\/area-annuncio\/spiritualita-2\/","name":"LA SPIRITUALITA\u2019 DELLA COPPIA CRISTIANA - Annuncio e Sacramenti","isPartOf":{"@id":"https:\/\/www.diocesitn.it\/area-annuncio\/#website"},"datePublished":"2022-01-14T10:18:58+00:00","dateModified":"2022-12-28T14:14:51+00:00","breadcrumb":{"@id":"https:\/\/www.diocesitn.it\/area-annuncio\/spiritualita-2\/#breadcrumb"},"inLanguage":"it-IT","potentialAction":[{"@type":"ReadAction","target":["https:\/\/www.diocesitn.it\/area-annuncio\/spiritualita-2\/"]}]},{"@type":"BreadcrumbList","@id":"https:\/\/www.diocesitn.it\/area-annuncio\/spiritualita-2\/#breadcrumb","itemListElement":[{"@type":"ListItem","position":1,"name":"Home","item":"https:\/\/www.diocesitn.it\/area-annuncio\/"},{"@type":"ListItem","position":2,"name":"LA SPIRITUALITA\u2019 DELLA COPPIA CRISTIANA"}]},{"@type":"WebSite","@id":"https:\/\/www.diocesitn.it\/area-annuncio\/#website","url":"https:\/\/www.diocesitn.it\/area-annuncio\/","name":"Annuncio e Sacramenti","description":"Chiesa di Trento","publisher":{"@id":"https:\/\/www.diocesitn.it\/area-annuncio\/#organization"},"potentialAction":[{"@type":"SearchAction","target":{"@type":"EntryPoint","urlTemplate":"https:\/\/www.diocesitn.it\/area-annuncio\/?s={search_term_string}"},"query-input":"required name=search_term_string"}],"inLanguage":"it-IT"},{"@type":["Organization","Place"],"@id":"https:\/\/www.diocesitn.it\/area-annuncio\/#organization","name":"Area Annuncio e Sacramenti - Chiesa di Trento","url":"https:\/\/www.diocesitn.it\/area-annuncio\/","logo":{"@id":"https:\/\/www.diocesitn.it\/area-annuncio\/spiritualita-2\/#local-main-organization-logo"},"image":{"@id":"https:\/\/www.diocesitn.it\/area-annuncio\/spiritualita-2\/#local-main-organization-logo"},"sameAs":["https:\/\/www.facebook.com\/pastoralegiovanile.trento\/","https:\/\/www.instagram.com\/pastoralegiovaniletrento\/","https:\/\/www.youtube.com\/channel\/UCGt7hyJaIQIkrQPos4K6L6w"],"openingHoursSpecification":[{"@type":"OpeningHoursSpecification","dayOfWeek":["Monday","Tuesday","Wednesday","Thursday","Friday","Saturday","Sunday"],"opens":"09:00","closes":"17:00"}]},{"@type":"ImageObject","inLanguage":"it-IT","@id":"https:\/\/www.diocesitn.it\/area-annuncio\/spiritualita-2\/#local-main-organization-logo","url":"https:\/\/www.diocesitn.it\/area-annuncio\/wp-content\/uploads\/sites\/39\/2021\/09\/og-logo-annuncio-e-sacramenti.jpg","contentUrl":"https:\/\/www.diocesitn.it\/area-annuncio\/wp-content\/uploads\/sites\/39\/2021\/09\/og-logo-annuncio-e-sacramenti.jpg","width":1200,"height":630,"caption":"Area Annuncio e Sacramenti - Chiesa di Trento"}]}},"_links":{"self":[{"href":"https:\/\/www.diocesitn.it\/area-annuncio\/wp-json\/wp\/v2\/pages\/14465","targetHints":{"allow":["GET"]}}],"collection":[{"href":"https:\/\/www.diocesitn.it\/area-annuncio\/wp-json\/wp\/v2\/pages"}],"about":[{"href":"https:\/\/www.diocesitn.it\/area-annuncio\/wp-json\/wp\/v2\/types\/page"}],"author":[{"embeddable":true,"href":"https:\/\/www.diocesitn.it\/area-annuncio\/wp-json\/wp\/v2\/users\/14"}],"replies":[{"embeddable":true,"href":"https:\/\/www.diocesitn.it\/area-annuncio\/wp-json\/wp\/v2\/comments?post=14465"}],"version-history":[{"count":4,"href":"https:\/\/www.diocesitn.it\/area-annuncio\/wp-json\/wp\/v2\/pages\/14465\/revisions"}],"predecessor-version":[{"id":15277,"href":"https:\/\/www.diocesitn.it\/area-annuncio\/wp-json\/wp\/v2\/pages\/14465\/revisions\/15277"}],"wp:attachment":[{"href":"https:\/\/www.diocesitn.it\/area-annuncio\/wp-json\/wp\/v2\/media?parent=14465"}],"curies":[{"name":"wp","href":"https:\/\/api.w.org\/{rel}","templated":true}]}}