{"id":14459,"date":"2022-01-14T11:04:20","date_gmt":"2022-01-14T10:04:20","guid":{"rendered":"https:\/\/www.diocesitn.it\/area-annuncio\/?page_id=14459"},"modified":"2022-12-28T14:53:40","modified_gmt":"2022-12-28T13:53:40","slug":"sacramento-del-matrimonio","status":"publish","type":"page","link":"https:\/\/www.diocesitn.it\/area-annuncio\/sacramento-del-matrimonio\/","title":{"rendered":"IL SACRAMENTO DEL MATRIMONIO"},"content":{"rendered":"<div id=\"pl-14459\"  class=\"panel-layout\" ><div id=\"pg-14459-0\"  class=\"panel-grid panel-no-style\" ><div id=\"pgc-14459-0-0\"  class=\"panel-grid-cell\" ><div id=\"panel-14459-0-0-0\" class=\"so-panel widget widget_sow-editor panel-first-child panel-last-child\" data-index=\"0\" ><div\n\t\t\t\n\t\t\tclass=\"so-widget-sow-editor so-widget-sow-editor-base\"\n\t\t\t\n\t\t>\n<div class=\"siteorigin-widget-tinymce textwidget\">\n\t<p>Da Cristo, attraverso la Chiesa, il matrimonio e la famiglia ricevono la grazia dello Spirito Santo, per testimoniare il Vangelo dell\u2019amore di Dio (AL 71).<a id=\"inizio\"><\/a><\/p>\n<ul>\n<li style=\"list-style-type: none\">\n<ul>\n<li style=\"list-style-type: none\">\n<ul>\n<li style=\"list-style-type: none\">\n<ul>\n<li><a href=\"#commento\">Commento al Vangelo<\/a><\/li>\n<li><a href=\"#obiettivi\">Obiettivi dell\u2019incontro<\/a><\/li>\n<li><a href=\"#contenuti\">Contenuti principali<\/a><\/li>\n<li><a href=\"#proposte\">Proposte e suggerimenti pratici<\/a><\/li>\n<li><a href=\"#strumenti\">Strumenti operativi<\/a><\/li>\n<li><a href=\"#saperne\">Per saperne di pi\u00f9<\/a><\/li>\n<li><a href=\"#approfondire\">Per approfondire<\/a><\/li>\n<\/ul>\n<\/li>\n<\/ul>\n<\/li>\n<\/ul>\n<\/li>\n<\/ul>\n<\/div>\n<\/div><\/div><\/div><div id=\"pgc-14459-0-1\"  class=\"panel-grid-cell\" ><div id=\"panel-14459-0-1-0\" class=\"so-panel widget widget_media_image panel-first-child panel-last-child\" data-index=\"1\" ><img loading=\"lazy\" decoding=\"async\" width=\"300\" height=\"200\" src=\"https:\/\/www.diocesitn.it\/area-annuncio\/wp-content\/uploads\/sites\/39\/2020\/07\/Matrimonio-in-chiesa-300x200.jpg\" class=\"image wp-image-9656  attachment-medium size-medium\" alt=\"\" style=\"max-width: 100%; height: auto;\" srcset=\"https:\/\/www.diocesitn.it\/area-annuncio\/wp-content\/uploads\/sites\/39\/2020\/07\/Matrimonio-in-chiesa-300x200.jpg 300w, https:\/\/www.diocesitn.it\/area-annuncio\/wp-content\/uploads\/sites\/39\/2020\/07\/Matrimonio-in-chiesa-360x240.jpg 360w, https:\/\/www.diocesitn.it\/area-annuncio\/wp-content\/uploads\/sites\/39\/2020\/07\/Matrimonio-in-chiesa.jpg 508w\" sizes=\"auto, (max-width: 300px) 100vw, 300px\" \/><\/div><\/div><\/div><div id=\"pg-14459-1\"  class=\"panel-grid panel-no-style\" ><div id=\"pgc-14459-1-0\"  class=\"panel-grid-cell\" ><div id=\"panel-14459-1-0-0\" class=\"so-panel widget widget_sow-editor panel-first-child\" data-index=\"2\" ><div\n\t\t\t\n\t\t\tclass=\"so-widget-sow-editor so-widget-sow-editor-base\"\n\t\t\t\n\t\t>\n<div class=\"siteorigin-widget-tinymce textwidget\">\n\t<h4><strong>COMMENTO AL VANGELO<a id=\"commento\"><\/a><\/strong><\/h4>\n<p>Dal Vangelo secondo Giovanni (2, 1-11)<\/p>\n<p>In quel tempo, vi fu una festa di nozze a Cana di Galilea e c\u2019era la madre di Ges\u00f9. Fu invitato alle nozze anche Ges\u00f9 con i suoi discepoli. Venuto a mancare il vino, la madre di Ges\u00f9 gli disse: \u00abNon hanno vino\u00bb. E Ges\u00f9 le rispose: \u00abDonna, che vuoi da me? Non \u00e8 ancora giunta la mia ora\u00bb.<\/p>\n<p style=\"text-align: right\"><a href=\"https:\/\/www.diocesitn.it\/area-annuncio\/wp-content\/uploads\/sites\/39\/2020\/10\/Commento-al-Vangelo_sacramento-matrimonio.pdf\" target=\"_blank\" rel=\"noopener noreferrer\">Leggi tutto<\/a><\/p>\n<h5 style=\"text-align: right\"><a href=\"#inizio\"><strong>\u21d1<\/strong><\/a><\/h5>\n<h4><strong>OBIETTIVI DELL\u2019INCONTRO<a id=\"obiettivi\"><\/a><\/strong><\/h4>\n<ul>\n<li>Apprezzare il valore dei simboli e della comunicazione simbolica per le esperienze importanti della vita<\/li>\n<li>Scoprire cos\u2019\u00e8 un sacramento<\/li>\n<li>Scoprire che il sacramento del matrimonio \u201c\u2026\u00e8 un dono per la santificazione e la salvezza degli sposi\u201d<\/li>\n<li>Scoprire di essere, in quanto sposi cristiani, sacramento, \u201csegno imperfetto\u201d, dell\u2019amore di Ges\u00f9 per la Sua sposa, la Chiesa.<\/li>\n<\/ul>\n<h4><strong>\u00a0<\/strong><\/h4>\n<h5 style=\"text-align: right\"><a href=\"#inizio\"><strong>\u21d1<\/strong><\/a><\/h5>\n<h4><strong>CONTENUTI PRINCIPALI<a id=\"contenuti\"><\/a><\/strong><\/h4>\n<p><em>I contenuti che permettono di raggiungere gli obiettivi e caratterizzano l\u2019incontro possono essere vari. Qui si presentano un elenco di possibili nuclei e alcuni esempi di sviluppo di questi contenuti:<\/em><\/p>\n<ul>\n<li>Cos\u2019\u00e8 un simbolo e quando si usa in particolare<\/li>\n<li>Cos\u2019\u00e8 un Sacramento<\/li>\n<li>Sacramento del matrimonio (cfr. AL 72)<\/li>\n<li>L\u2019unione degli sposi: simbolo reale dell\u2019alleanza d\u2019amore tra Cristo e la Chiesa (cfr. AL 72-73)<\/li>\n<li>Nella famiglia si riflette il mistero della Santa Trinit\u00e0<\/li>\n<li>Caratteristiche del sacramento del matrimonio: indissolubile, fedele, fecondo, via di santit\u00e0<\/li>\n<li>Fede, carit\u00e0 e speranza: virt\u00f9 nella vita di coppia<\/li>\n<li>La missione degli sposi: vivere l\u2019amore di Dio nella vita quotidiana attingendo dal sacramento che ne \u00e8 la sorgente<\/li>\n<li>Momenti e significati del Rito del matrimonio<\/li>\n<\/ul>\n<h5 style=\"text-align: right\"><a href=\"#inizio\"><strong>\u21d1<\/strong><\/a><\/h5>\n<h4><strong>PROPOSTE E SUGGERIMENTI PRATICI<a id=\"proposte\"><\/a><\/strong><\/h4>\n<ul>\n<li>Regalare Amoris laetitia e il messale degli sposi (s. Messa per gli sposi)<\/li>\n<\/ul>\n<h4><strong>\u00a0<\/strong><\/h4>\n<h5 style=\"text-align: right\"><a href=\"#inizio\"><strong>\u21d1<\/strong><\/a><\/h5>\n<\/div>\n<\/div><\/div><div id=\"panel-14459-1-0-1\" class=\"so-panel widget widget_sow-accordion\" data-index=\"3\" ><div id=\"strumenti\" class=\"panel-widget-style panel-widget-style-for-14459-1-0-1\" ><div\n\t\t\t\n\t\t\tclass=\"so-widget-sow-accordion so-widget-sow-accordion-default-bf3247f8d09c-14459\"\n\t\t\t\n\t\t><h3 class=\"widget-title\">Strumenti operativi<\/h3><div>\n\t<div class=\"sow-accordion\">\n\t\t\t<div class=\"sow-accordion-panel\n\t\t\t\t\"\n\t\t\tdata-anchor-id=\"preghiere\">\n\t\t\t\t<div class=\"sow-accordion-panel-header-container\" role=\"heading\" aria-level=\"2\">\n\t\t\t\t\t<div class=\"sow-accordion-panel-header\" tabindex=\"0\" role=\"button\" id=\"accordion-label-preghiere\" aria-controls=\"accordion-content-preghiere\" aria-expanded=\"false\">\n\t\t\t\t\t\t<div class=\"sow-accordion-title sow-accordion-title-icon-left\">\n\t\t\t\t\t\t\t\t\t\t\t\t\t\tPreghiere\t\t\t\t\t\t\t\t\t\t\t\t\t<\/div>\n\t\t\t\t\t\t<div class=\"sow-accordion-open-close-button\">\n\t\t\t\t\t\t\t<div class=\"sow-accordion-open-button\">\n\t\t\t\t\t\t\t\t<span class=\"sow-icon-ionicons\" data-sow-icon=\"&#xf218;\"\n\t\t \n\t\taria-hidden=\"true\"><\/span>\t\t\t\t\t\t\t<\/div>\n\t\t\t\t\t\t\t<div class=\"sow-accordion-close-button\">\n\t\t\t\t\t\t\t\t<span class=\"sow-icon-ionicons\" data-sow-icon=\"&#xf209;\"\n\t\t \n\t\taria-hidden=\"true\"><\/span>\t\t\t\t\t\t\t<\/div>\n\t\t\t\t\t\t<\/div>\n\t\t\t\t\t<\/div>\n\t\t\t\t<\/div>\n\n\t\t\t<div\n\t\t\t\tclass=\"sow-accordion-panel-content\"\n\t\t\t\trole=\"region\"\n\t\t\t\taria-labelledby=\"accordion-label-preghiere\"\n\t\t\t\tid=\"accordion-content-preghiere\"\n\t\t\t\tstyle=\"display: none;\"\t\t\t>\n\t\t\t\t<div class=\"sow-accordion-panel-border\">\n\t\t\t\t\t<ul>\n<li><a href=\"https:\/\/www.diocesitn.it\/area-annuncio\/wp-content\/uploads\/sites\/39\/2020\/10\/Preghiera_Consacrazione-della-famiglia-a-Maria.pdf\" target=\"_blank\" rel=\"noopener noreferrer\">Consacrazione della famiglia a Maria<\/a><\/li>\n<li><a href=\"https:\/\/www.diocesitn.it\/area-annuncio\/wp-content\/uploads\/sites\/39\/2020\/10\/Preghiera_Credo-nellamore.pdf\" target=\"_blank\" rel=\"noopener noreferrer\">Credo nell\u2019amore<\/a><\/li>\n<li><a href=\"https:\/\/www.diocesitn.it\/area-annuncio\/wp-content\/uploads\/sites\/39\/2020\/10\/Preghiera_Preghiera-dei-fidanzati2.pdf\" target=\"_blank\" rel=\"noopener noreferrer\">Dei fidanzati 2<\/a><\/li>\n<li><a href=\"https:\/\/www.diocesitn.it\/area-annuncio\/wp-content\/uploads\/sites\/39\/2020\/12\/Preghier_Di-coppia_Accoglienza_Dialogo_Perdono_Sacramento_Vocazione.pdf\" target=\"_blank\" rel=\"noopener noreferrer\">Di coppia<\/a><\/li>\n<li><a href=\"https:\/\/www.diocesitn.it\/area-annuncio\/wp-content\/uploads\/sites\/39\/2020\/10\/Preghiera_Essere-un-dono-per-la-comunita-cristiana.pdf\" target=\"_blank\" rel=\"noopener noreferrer\">Essere dono per la comunit\u00e0 cristiana<\/a><\/li>\n<li><a href=\"https:\/\/www.diocesitn.it\/area-annuncio\/wp-content\/uploads\/sites\/39\/2020\/12\/Preghiera_Giovani-sposi_Dialogo_Fecondita_Vocazione_Sacramento.pdf\" target=\"_blank\" rel=\"noopener noreferrer\">Giovani sposi<\/a><\/li>\n<li><a href=\"https:\/\/www.diocesitn.it\/area-annuncio\/wp-content\/uploads\/sites\/39\/2020\/10\/Preghiera_Il-dono-del-matrimonio.pdf\" target=\"_blank\" rel=\"noopener noreferrer\">Il dono del matrimonio<\/a><\/li>\n<li><a href=\"https:\/\/www.diocesitn.it\/area-annuncio\/wp-content\/uploads\/sites\/39\/2020\/10\/Preghiera_Insegnaci-ad-amare.pdf\" target=\"_blank\" rel=\"noopener noreferrer\">Insegnaci ad amare<\/a><\/li>\n<li><a href=\"https:\/\/www.diocesitn.it\/area-annuncio\/wp-content\/uploads\/sites\/39\/2021\/04\/Preghiera_Insegnami-ad-amare_Sacramento.pdf\" target=\"_blank\" rel=\"noopener\">Insegnami ad amare<\/a><\/li>\n<li><a href=\"https:\/\/www.diocesitn.it\/area-annuncio\/wp-content\/uploads\/sites\/39\/2021\/05\/Preghiera_La-carita_Dialogo_Perdono_Sacramento.pdf\" target=\"_blank\" rel=\"noopener noreferrer\">La carit\u00e0<\/a><\/li>\n<li><a href=\"https:\/\/www.diocesitn.it\/area-annuncio\/wp-content\/uploads\/sites\/39\/2021\/05\/Preghiera_Casa-sulla-roccia_Spiritualita_Vocazione_Dialogo_Sacramento_Fecondita.pdf\" target=\"_blank\" rel=\"noopener noreferrer\">La casa sulla roccia<\/a><\/li>\n<li><a href=\"https:\/\/www.diocesitn.it\/area-annuncio\/wp-content\/uploads\/sites\/39\/2020\/12\/Preghiera_Per-la-Famiglia-madre-teresa_Dialogo_Perdono_Fecondita_Vocazione_Sacramento_Spiritualita.pdf\" target=\"_blank\" rel=\"noopener noreferrer\">Per la famiglia \u2013 Madre Teresa<\/a><\/li>\n<li><a href=\"https:\/\/www.diocesitn.it\/area-annuncio\/wp-content\/uploads\/sites\/39\/2021\/04\/Preghiera_Preparaci-al-matrimonio_Sacramento_Vocazione.pdf\" target=\"_blank\" rel=\"noopener noreferrer\">Preparaci al matrimonio<\/a><\/li>\n<li><a href=\"https:\/\/www.diocesitn.it\/area-annuncio\/wp-content\/uploads\/sites\/39\/2020\/12\/Preghiera_Segno-del-tuo-amore_Vocazione_Sacramento_Sessualita.pdf\" target=\"_blank\" rel=\"noopener noreferrer\">Segno del tuo amore<\/a><\/li>\n<\/ul>\n\t\t\t\t<\/div>\n\t\t\t<\/div>\n\t\t<\/div>\n\t\t\t<div class=\"sow-accordion-panel\n\t\t\t\t\"\n\t\t\tdata-anchor-id=\"brani-biblici\">\n\t\t\t\t<div class=\"sow-accordion-panel-header-container\" role=\"heading\" aria-level=\"2\">\n\t\t\t\t\t<div class=\"sow-accordion-panel-header\" tabindex=\"0\" role=\"button\" id=\"accordion-label-brani-biblici\" aria-controls=\"accordion-content-brani-biblici\" aria-expanded=\"false\">\n\t\t\t\t\t\t<div class=\"sow-accordion-title sow-accordion-title-icon-left\">\n\t\t\t\t\t\t\t\t\t\t\t\t\t\tBrani biblici\t\t\t\t\t\t\t\t\t\t\t\t\t<\/div>\n\t\t\t\t\t\t<div class=\"sow-accordion-open-close-button\">\n\t\t\t\t\t\t\t<div class=\"sow-accordion-open-button\">\n\t\t\t\t\t\t\t\t<span class=\"sow-icon-ionicons\" data-sow-icon=\"&#xf218;\"\n\t\t \n\t\taria-hidden=\"true\"><\/span>\t\t\t\t\t\t\t<\/div>\n\t\t\t\t\t\t\t<div class=\"sow-accordion-close-button\">\n\t\t\t\t\t\t\t\t<span class=\"sow-icon-ionicons\" data-sow-icon=\"&#xf209;\"\n\t\t \n\t\taria-hidden=\"true\"><\/span>\t\t\t\t\t\t\t<\/div>\n\t\t\t\t\t\t<\/div>\n\t\t\t\t\t<\/div>\n\t\t\t\t<\/div>\n\n\t\t\t<div\n\t\t\t\tclass=\"sow-accordion-panel-content\"\n\t\t\t\trole=\"region\"\n\t\t\t\taria-labelledby=\"accordion-label-brani-biblici\"\n\t\t\t\tid=\"accordion-content-brani-biblici\"\n\t\t\t\tstyle=\"display: none;\"\t\t\t>\n\t\t\t\t<div class=\"sow-accordion-panel-border\">\n\t\t\t\t\t<ul>\n<li>Genesi 1,26-28.31 \u2013 Maschio e femmina li cre\u00f2<\/li>\n<li>Genesi 2,18-24 \u2013 I due saranno una sola carne<\/li>\n<li>Genesi 24,48-51.58-67 \u2013 Isacco am\u00f2 Rebecca e trov\u00f2 conforto dopo la morte della madre<\/li>\n<li>Tobia 7,9-10.11-17\u00a0 \u00a0Il Signore vi unisca e adempia in voi la sua benedizione<\/li>\n<li>Tobia 8,5-10 \u2013 Concedici di arrivare ambedue sani fino alla vecchiaia<\/li>\n<li>Cantico dei cantici 2,8-10.14.16; 8,6-7 \u2013 Forte come la morte \u00e8 l\u2019amore<\/li>\n<li>Siracide 26,1-4.16-21 \u2013 La bellezza di una donna virtuosa adorna la sua casa<\/li>\n<li>Geremia 31,31-34 \u2013 Concluder\u00f2 con la casa d\u2019Israele e con la casa di Giuda un\u2019alleanza nuova<\/li>\n<li>Osea 2, 16-25 \u2013 Il Signore e la sposa infedele<\/li>\n<li>Vangelo secondo Matteo 5,1-12 \u2013 Rallegratevi ed esultate, perch\u00e9 grande \u00e8 la vostra ricompensa nei cieli<\/li>\n<li>Vangelo secondo Matteo 5,13-16 \u2013 Voi siete la luce del mondo<\/li>\n<li>Vangelo secondo Matteo 7,21.24-29 \u2013 Costru\u00ec la sua casa sulla roccia<\/li>\n<li>Vangelo secondo Matteo 19,3-9 \u2013 Quello che Dio ha congiunto l\u2019uomo non lo separi<\/li>\n<li>Vangelo secondo Matteo 22,35-40 \u2013 Questo \u00e8 il pi\u00f9 grande e il primo dei comandamenti. E il secondo \u00e8 simile al primo<\/li>\n<li>Vangelo secondo Marco 10,6-9 \u2013 Non sono pi\u00f9 due ma una sola carne<\/li>\n<li>Vangelo secondo Giovanni 2,1-11 \u2013 Ges\u00f9 diede inizio ai suoi miracoli in Cana di Galilea<\/li>\n<li>Vangelo secondo Giovanni 15,9-12 \u2013 Rimanete nel mio amore<\/li>\n<li>Vangelo secondo Giovanni 15,12-16 \u2013 Questo \u00e8 il mio comandamento: che vi amiate gli uni gli altri<\/li>\n<li>Vangelo secondo Giovanni 17,20-26 \u2013 Tutti siano una cosa sola<\/li>\n<li>Lettera ai Romani 8,31-35.37-39 \u2013 Chi ci separer\u00e0 dall\u2019amore di Cristo?<\/li>\n<li>Lettera ai Romani 12,1-2.9-18 \u2013 Offrite i vostri corpi come sacrificio vivente, santo e gradito a Dio<\/li>\n<li>Prima lettera ai Corinzi 6,13-15.17-20 \u2013 Il vostro corpo \u00e8 tempio dello Spirito Santo<\/li>\n<li>Prima lettera ai Corinzi 12,31 \u2013 13,8 \u2013 Se non ho la carit\u00e0, niente mi giova<\/li>\n<li>Prima lettera ai Corinzi 13,4-13 \u2013 Pi\u00f9 grande \u00e8 la carit\u00e0<\/li>\n<li><a href=\"https:\/\/www.diocesitn.it\/area-annuncio\/wp-content\/uploads\/sites\/39\/2020\/10\/Commento-al-Vangelo_Efesini5-21-33.pdf\" target=\"_blank\" rel=\"noopener noreferrer\">Lettera agli Efesini (5,21-33) \u2013 Mogli e mariti \u2013 con commento<\/a><\/li>\n<li>Lettera ai Colossesi 3,12-17 \u2013 Al di sopra di tutto vi sia la carit\u00e0, che \u00e8 il vincolo della perfezione<\/li>\n<li>Prima lettera di Pietro 2,11; 3,1-9 \u2013 Siate tutti concordi, animati da affetto fraterno<\/li>\n<li>Prima lettera di Giovanni 3,18-24 \u2013 Amiamo con i fatti e nella verit\u00e0<\/li>\n<li>Prima lettera di Giovanni 4,7-12 \u2013 Dio \u00e8 amore<\/li>\n<li>Apocalisse di Giovanni 19,1.5-9 Beati gli invitati al banchetto delle nozze dell\u2019Agnello<\/li>\n<\/ul>\n\t\t\t\t<\/div>\n\t\t\t<\/div>\n\t\t<\/div>\n\t\t\t<div class=\"sow-accordion-panel\n\t\t\t\t\"\n\t\t\tdata-anchor-id=\"immagini-per-lettura-biblica\">\n\t\t\t\t<div class=\"sow-accordion-panel-header-container\" role=\"heading\" aria-level=\"2\">\n\t\t\t\t\t<div class=\"sow-accordion-panel-header\" tabindex=\"0\" role=\"button\" id=\"accordion-label-immagini-per-lettura-biblica\" aria-controls=\"accordion-content-immagini-per-lettura-biblica\" aria-expanded=\"false\">\n\t\t\t\t\t\t<div class=\"sow-accordion-title sow-accordion-title-icon-left\">\n\t\t\t\t\t\t\t\t\t\t\t\t\t\tImmagini per lettura biblica\t\t\t\t\t\t\t\t\t\t\t\t\t<\/div>\n\t\t\t\t\t\t<div class=\"sow-accordion-open-close-button\">\n\t\t\t\t\t\t\t<div class=\"sow-accordion-open-button\">\n\t\t\t\t\t\t\t\t<span class=\"sow-icon-ionicons\" data-sow-icon=\"&#xf218;\"\n\t\t \n\t\taria-hidden=\"true\"><\/span>\t\t\t\t\t\t\t<\/div>\n\t\t\t\t\t\t\t<div class=\"sow-accordion-close-button\">\n\t\t\t\t\t\t\t\t<span class=\"sow-icon-ionicons\" data-sow-icon=\"&#xf209;\"\n\t\t \n\t\taria-hidden=\"true\"><\/span>\t\t\t\t\t\t\t<\/div>\n\t\t\t\t\t\t<\/div>\n\t\t\t\t\t<\/div>\n\t\t\t\t<\/div>\n\n\t\t\t<div\n\t\t\t\tclass=\"sow-accordion-panel-content\"\n\t\t\t\trole=\"region\"\n\t\t\t\taria-labelledby=\"accordion-label-immagini-per-lettura-biblica\"\n\t\t\t\tid=\"accordion-content-immagini-per-lettura-biblica\"\n\t\t\t\tstyle=\"display: none;\"\t\t\t>\n\t\t\t\t<div class=\"sow-accordion-panel-border\">\n\t\t\t\t\t\t\t\t\t<\/div>\n\t\t\t<\/div>\n\t\t<\/div>\n\t\t\t<div class=\"sow-accordion-panel\n\t\t\t\t\"\n\t\t\tdata-anchor-id=\"lavoro-di-coppia\">\n\t\t\t\t<div class=\"sow-accordion-panel-header-container\" role=\"heading\" aria-level=\"2\">\n\t\t\t\t\t<div class=\"sow-accordion-panel-header\" tabindex=\"0\" role=\"button\" id=\"accordion-label-lavoro-di-coppia\" aria-controls=\"accordion-content-lavoro-di-coppia\" aria-expanded=\"false\">\n\t\t\t\t\t\t<div class=\"sow-accordion-title sow-accordion-title-icon-left\">\n\t\t\t\t\t\t\t\t\t\t\t\t\t\tLavoro di coppia\t\t\t\t\t\t\t\t\t\t\t\t\t<\/div>\n\t\t\t\t\t\t<div class=\"sow-accordion-open-close-button\">\n\t\t\t\t\t\t\t<div class=\"sow-accordion-open-button\">\n\t\t\t\t\t\t\t\t<span class=\"sow-icon-ionicons\" data-sow-icon=\"&#xf218;\"\n\t\t \n\t\taria-hidden=\"true\"><\/span>\t\t\t\t\t\t\t<\/div>\n\t\t\t\t\t\t\t<div class=\"sow-accordion-close-button\">\n\t\t\t\t\t\t\t\t<span class=\"sow-icon-ionicons\" data-sow-icon=\"&#xf209;\"\n\t\t \n\t\taria-hidden=\"true\"><\/span>\t\t\t\t\t\t\t<\/div>\n\t\t\t\t\t\t<\/div>\n\t\t\t\t\t<\/div>\n\t\t\t\t<\/div>\n\n\t\t\t<div\n\t\t\t\tclass=\"sow-accordion-panel-content\"\n\t\t\t\trole=\"region\"\n\t\t\t\taria-labelledby=\"accordion-label-lavoro-di-coppia\"\n\t\t\t\tid=\"accordion-content-lavoro-di-coppia\"\n\t\t\t\tstyle=\"display: none;\"\t\t\t>\n\t\t\t\t<div class=\"sow-accordion-panel-border\">\n\t\t\t\t\t<ul>\n<li>Scheda:\u00a0<a href=\"https:\/\/www.diocesitn.it\/area-annuncio\/wp-content\/uploads\/sites\/39\/2021\/01\/Lav.-coppia_Il-matrimonio-nella-mentalita-del-mondo_Vocazione_Sacramento_Accoglienza.pdf\" target=\"_blank\" rel=\"noopener noreferrer\">Il matrimonio nella mentalit\u00e0 del mondo<\/a><\/li>\n<li>Scheda:\u00a0<a href=\"https:\/\/www.diocesitn.it\/area-annuncio\/wp-content\/uploads\/sites\/39\/2021\/01\/Lav.-coppia_Mattoni-della-casa-valori-e-atteggiamenti_Vocazione_Sacramento_Fecondita.pdf\" target=\"_blank\" rel=\"noopener noreferrer\">Mattoni della casa, valori e atteggiamenti<\/a><\/li>\n<li>Scheda:\u00a0<a href=\"https:\/\/www.diocesitn.it\/area-annuncio\/wp-content\/uploads\/sites\/39\/2021\/03\/Lav.-coppia_Lettera-damore_Dialogo_Vocazione_Sacramento.pdf\" target=\"_blank\" rel=\"noopener noreferrer\">Lettera d\u2019amore<\/a><\/li>\n<li>Scheda:\u00a0<a href=\"https:\/\/www.diocesitn.it\/area-annuncio\/wp-content\/uploads\/sites\/39\/2021\/03\/Lav.-coppia_Domande-stimolo-matrimonio-e-preghiera_Sacramento_Spiritualita.pdf\" target=\"_blank\" rel=\"noopener noreferrer\">Domande stimolo su matrimonio e preghiera<\/a><\/li>\n<\/ul>\n\t\t\t\t<\/div>\n\t\t\t<\/div>\n\t\t<\/div>\n\t\t\t<div class=\"sow-accordion-panel\n\t\t\t\t\"\n\t\t\tdata-anchor-id=\"lavoro-di-gruppo\">\n\t\t\t\t<div class=\"sow-accordion-panel-header-container\" role=\"heading\" aria-level=\"2\">\n\t\t\t\t\t<div class=\"sow-accordion-panel-header\" tabindex=\"0\" role=\"button\" id=\"accordion-label-lavoro-di-gruppo\" aria-controls=\"accordion-content-lavoro-di-gruppo\" aria-expanded=\"false\">\n\t\t\t\t\t\t<div class=\"sow-accordion-title sow-accordion-title-icon-left\">\n\t\t\t\t\t\t\t\t\t\t\t\t\t\tLavoro di gruppo\t\t\t\t\t\t\t\t\t\t\t\t\t<\/div>\n\t\t\t\t\t\t<div class=\"sow-accordion-open-close-button\">\n\t\t\t\t\t\t\t<div class=\"sow-accordion-open-button\">\n\t\t\t\t\t\t\t\t<span class=\"sow-icon-ionicons\" data-sow-icon=\"&#xf218;\"\n\t\t \n\t\taria-hidden=\"true\"><\/span>\t\t\t\t\t\t\t<\/div>\n\t\t\t\t\t\t\t<div class=\"sow-accordion-close-button\">\n\t\t\t\t\t\t\t\t<span class=\"sow-icon-ionicons\" data-sow-icon=\"&#xf209;\"\n\t\t \n\t\taria-hidden=\"true\"><\/span>\t\t\t\t\t\t\t<\/div>\n\t\t\t\t\t\t<\/div>\n\t\t\t\t\t<\/div>\n\t\t\t\t<\/div>\n\n\t\t\t<div\n\t\t\t\tclass=\"sow-accordion-panel-content\"\n\t\t\t\trole=\"region\"\n\t\t\t\taria-labelledby=\"accordion-label-lavoro-di-gruppo\"\n\t\t\t\tid=\"accordion-content-lavoro-di-gruppo\"\n\t\t\t\tstyle=\"display: none;\"\t\t\t>\n\t\t\t\t<div class=\"sow-accordion-panel-border\">\n\t\t\t\t\t<ul>\n<li>Scheda:\u00a0<a href=\"https:\/\/www.diocesitn.it\/area-annuncio\/wp-content\/uploads\/sites\/39\/2021\/01\/Lav.-gruppo_Il-matrimonio-cristiano_Sacramento.pdf\" target=\"_blank\" rel=\"noopener noreferrer\">Il matrimonio cristiano<\/a><\/li>\n<li>Scheda:\u00a0<a href=\"https:\/\/www.diocesitn.it\/area-annuncio\/wp-content\/uploads\/sites\/39\/2021\/01\/Lav.-gruppo_Gioco-dei-partiti_Sacramento.pdf\" target=\"_blank\" rel=\"noopener noreferrer\">Il gioco dei 3 partiti<\/a><\/li>\n<li>Scheda:\u00a0<a href=\"https:\/\/www.diocesitn.it\/area-annuncio\/wp-content\/uploads\/sites\/39\/2021\/01\/Lav.-gruppo_Il-matrimonio-cristiano_Sacramento-1.pdf\" target=\"_blank\" rel=\"noopener noreferrer\">Il matrimonio cristiano<\/a>\u00a0 \u00a0 \u00a0\u00a0<a href=\"https:\/\/www.diocesitn.it\/area-annuncio\/wp-content\/uploads\/sites\/39\/2021\/01\/Lav.-gruppo_Il-matrimonio-cristiano_Sacramento.pptx\" target=\"_blank\" rel=\"noopener noreferrer\">formato ppt<\/a><\/li>\n<li>Scheda:\u00a0<a href=\"https:\/\/www.diocesitn.it\/area-annuncio\/wp-content\/uploads\/sites\/39\/2021\/01\/Lav.-gruppo_Lista-nozze_Sacramento.pdf\" target=\"_blank\" rel=\"noopener noreferrer\">Lista nozze<\/a><\/li>\n<\/ul>\n\t\t\t\t<\/div>\n\t\t\t<\/div>\n\t\t<\/div>\n\t\t\t<div class=\"sow-accordion-panel\n\t\t\t\t\"\n\t\t\tdata-anchor-id=\"film-video\">\n\t\t\t\t<div class=\"sow-accordion-panel-header-container\" role=\"heading\" aria-level=\"2\">\n\t\t\t\t\t<div class=\"sow-accordion-panel-header\" tabindex=\"0\" role=\"button\" id=\"accordion-label-filmvideo\" aria-controls=\"accordion-content-filmvideo\" aria-expanded=\"false\">\n\t\t\t\t\t\t<div class=\"sow-accordion-title sow-accordion-title-icon-left\">\n\t\t\t\t\t\t\t\t\t\t\t\t\t\tFilm\/video\t\t\t\t\t\t\t\t\t\t\t\t\t<\/div>\n\t\t\t\t\t\t<div class=\"sow-accordion-open-close-button\">\n\t\t\t\t\t\t\t<div class=\"sow-accordion-open-button\">\n\t\t\t\t\t\t\t\t<span class=\"sow-icon-ionicons\" data-sow-icon=\"&#xf218;\"\n\t\t \n\t\taria-hidden=\"true\"><\/span>\t\t\t\t\t\t\t<\/div>\n\t\t\t\t\t\t\t<div class=\"sow-accordion-close-button\">\n\t\t\t\t\t\t\t\t<span class=\"sow-icon-ionicons\" data-sow-icon=\"&#xf209;\"\n\t\t \n\t\taria-hidden=\"true\"><\/span>\t\t\t\t\t\t\t<\/div>\n\t\t\t\t\t\t<\/div>\n\t\t\t\t\t<\/div>\n\t\t\t\t<\/div>\n\n\t\t\t<div\n\t\t\t\tclass=\"sow-accordion-panel-content\"\n\t\t\t\trole=\"region\"\n\t\t\t\taria-labelledby=\"accordion-label-filmvideo\"\n\t\t\t\tid=\"accordion-content-filmvideo\"\n\t\t\t\tstyle=\"display: none;\"\t\t\t>\n\t\t\t\t<div class=\"sow-accordion-panel-border\">\n\t\t\t\t\t<ul>\n<li><a href=\"https:\/\/www.youtube.com\/watch?v=dzhbCRMcFPc&amp;t=58s\" target=\"_blank\" rel=\"noopener\">Amicizia<\/a>. L\u2019amicizia ha tante forme. Una forma speciale \u00e8 l\u2019amicizia stessa tra i due sposi, che sostiene il cammino dell\u2019intera vita. L\u2019amicizia tra uomini ha dei suoi tratti: spesso \u00e8 attorno ad un ideale, ad una sfida comune, ad un sogno; l\u2019amicizia fra donne pu\u00f2 essere fatta di ascolto, complicit\u00e0, un\u2019alleanza di bene ricercata e voluta. Altra dimensione ancora \u00e8 quella dell\u2019amicizia comunitaria: un conto sono i rapporti personali, un conto \u00e8 concertare con pi\u00f9 persone un cammino comunitario chiaramente identificabile. E poi c\u2019\u00e8 un clima di amicizia pi\u00f9 diffuso che siamo chiamati ad alimentare intorno a noi. Insomma, tanti tratti che si incrociano nell\u2019esperienza dell\u2019amicizia. Ce ne parlano Massimiliano e Lorenza.<\/li>\n<\/ul>\n\t\t\t\t<\/div>\n\t\t\t<\/div>\n\t\t<\/div>\n\t\t\t<div class=\"sow-accordion-panel\n\t\t\t\t\"\n\t\t\tdata-anchor-id=\"canzoni\">\n\t\t\t\t<div class=\"sow-accordion-panel-header-container\" role=\"heading\" aria-level=\"2\">\n\t\t\t\t\t<div class=\"sow-accordion-panel-header\" tabindex=\"0\" role=\"button\" id=\"accordion-label-canzoni\" aria-controls=\"accordion-content-canzoni\" aria-expanded=\"false\">\n\t\t\t\t\t\t<div class=\"sow-accordion-title sow-accordion-title-icon-left\">\n\t\t\t\t\t\t\t\t\t\t\t\t\t\tCanzoni\t\t\t\t\t\t\t\t\t\t\t\t\t<\/div>\n\t\t\t\t\t\t<div class=\"sow-accordion-open-close-button\">\n\t\t\t\t\t\t\t<div class=\"sow-accordion-open-button\">\n\t\t\t\t\t\t\t\t<span class=\"sow-icon-ionicons\" data-sow-icon=\"&#xf218;\"\n\t\t \n\t\taria-hidden=\"true\"><\/span>\t\t\t\t\t\t\t<\/div>\n\t\t\t\t\t\t\t<div class=\"sow-accordion-close-button\">\n\t\t\t\t\t\t\t\t<span class=\"sow-icon-ionicons\" data-sow-icon=\"&#xf209;\"\n\t\t \n\t\taria-hidden=\"true\"><\/span>\t\t\t\t\t\t\t<\/div>\n\t\t\t\t\t\t<\/div>\n\t\t\t\t\t<\/div>\n\t\t\t\t<\/div>\n\n\t\t\t<div\n\t\t\t\tclass=\"sow-accordion-panel-content\"\n\t\t\t\trole=\"region\"\n\t\t\t\taria-labelledby=\"accordion-label-canzoni\"\n\t\t\t\tid=\"accordion-content-canzoni\"\n\t\t\t\tstyle=\"display: none;\"\t\t\t>\n\t\t\t\t<div class=\"sow-accordion-panel-border\">\n\t\t\t\t\t<table style=\"border-collapse: collapse;width: 100%;height: 276px\" border=\"1\">\n<tbody>\n<tr style=\"height: 46px\">\n<td style=\"width: 28.7158%;height: 46px\"><span style=\"color: #444444;background-color: #ffffff\">- Dico s\u00ec<\/span><\/td>\n<td style=\"width: 10.786%;height: 46px\"><a href=\"https:\/\/www.diocesitn.it\/area-annuncio\/wp-content\/uploads\/sites\/39\/2020\/11\/Dico-si_Fecondita_Vocazione_Sacramento.pdf\" target=\"_blank\" rel=\"noopener noreferrer\">Testo<\/a><\/td>\n<td style=\"width: 10.803%;height: 46px\"><a href=\"https:\/\/www.youtube.com\/watch?v=C4v3y9YBhCI\" target=\"_blank\" rel=\"noopener noreferrer\">Video<\/a><\/td>\n<td style=\"width: 49.6952%\"><\/td>\n<\/tr>\n<tr style=\"height: 46px\">\n<td style=\"width: 28.7158%;height: 46px\"><span style=\"color: #444444;background-color: #ffffff\">- \u00c9 festa grande<\/span><\/td>\n<td style=\"width: 10.786%;height: 46px\"><a href=\"https:\/\/www.diocesitn.it\/area-annuncio\/wp-content\/uploads\/sites\/39\/2022\/03\/E-festa-grande-spartito.pdf\" target=\"_blank\" rel=\"noopener\">Testo<\/a><\/td>\n<td style=\"width: 10.803%;height: 46px\"><a href=\"https:\/\/www.youtube.com\/watch?v=X2KxbuFa9qQ\" target=\"_blank\" rel=\"noopener noreferrer\">Video<\/a><\/td>\n<td style=\"width: 49.6952%\"><\/td>\n<\/tr>\n<tr style=\"height: 46px\">\n<td style=\"width: 28.7158%;height: 46px\"><span style=\"color: #444444;background-color: #ffffff\">- Io ci sar\u00f2 - 883<\/span><\/td>\n<td style=\"width: 10.786%;height: 46px\"><a style=\"color: #1585cf\" href=\"https:\/\/www.diocesitn.it\/area-annuncio\/wp-content\/uploads\/sites\/39\/2020\/11\/Io-ci-saro-883_sacramento.pdf\" target=\"_blank\" rel=\"noopener noreferrer\">Testo<\/a><\/td>\n<td style=\"width: 10.803%;height: 46px\"><a style=\"color: #1585cf\" href=\"https:\/\/www.youtube.com\/watch?v=YBfKXUbuU7Q\" target=\"_blank\" rel=\"noopener noreferrer\">Video<\/a><\/td>\n<td style=\"width: 49.6952%\"><\/td>\n<\/tr>\n<tr style=\"height: 46px\">\n<td style=\"width: 28.7158%;height: 46px\"><span style=\"color: #444444;background-color: #ffffff\">- Insieme a Te\u00a0<\/span><\/td>\n<td style=\"width: 10.786%;height: 46px\"><a style=\"color: #1585cf\" href=\"https:\/\/www.diocesitn.it\/area-annuncio\/wp-content\/uploads\/sites\/39\/2022\/03\/INSIEME-A-TE-accordi.pdf\" target=\"_blank\" rel=\"noopener\">Testo<\/a><\/td>\n<td style=\"width: 10.803%;height: 46px\"><a style=\"color: #1585cf\" href=\"https:\/\/www.youtube.com\/watch?v=i7ouBdJraZQ\" target=\"_blank\" rel=\"noopener\">Video<\/a><\/td>\n<td style=\"width: 49.6952%\"><\/td>\n<\/tr>\n<tr>\n<td style=\"width: 28.7158%\"><span style=\"color: #444444;background-color: #ffffff\">- Insieme noi<\/span><\/td>\n<td style=\"width: 10.786%\"><a href=\"https:\/\/www.diocesitn.it\/area-annuncio\/wp-content\/uploads\/sites\/39\/2022\/03\/Insieme-noi_La-famiglia-di-origine_Vocazione_Sacramento.pdf\" target=\"_blank\" rel=\"noopener\">Testo<\/a><\/td>\n<td style=\"width: 10.803%\"><a href=\"https:\/\/www.youtube.com\/watch?v=Oh1tilA7jVU\" target=\"_blank\" rel=\"noopener\">Video<\/a><\/td>\n<td style=\"width: 49.6952%\"><\/td>\n<\/tr>\n<tr style=\"height: 46px\">\n<td style=\"width: 28.7158%;height: 46px\"><span style=\"color: #444444;background-color: #ffffff\">- Meraviglioso amore mio \u2013 Arisa<\/span><\/td>\n<td style=\"width: 10.786%;height: 46px\"><a href=\"https:\/\/www.diocesitn.it\/area-annuncio\/wp-content\/uploads\/sites\/39\/2020\/11\/Meraviglioso-amore-mio-Arisa.pdf\" target=\"_blank\" rel=\"noopener noreferrer\">Testo<\/a><\/td>\n<td style=\"width: 10.803%;height: 46px\"><a href=\"https:\/\/www.youtube.com\/watch?v=nnqQwR40oV4\" target=\"_blank\" rel=\"noopener noreferrer\">Video<\/a><\/td>\n<td style=\"width: 49.6952%\"><\/td>\n<\/tr>\n<tr style=\"height: 46px\">\n<td style=\"width: 28.7158%;height: 46px\"><span style=\"color: #444444;background-color: #ffffff\">- Prendici Signore<\/span><\/td>\n<td style=\"width: 10.786%;height: 46px\"><a href=\"https:\/\/www.diocesitn.it\/area-annuncio\/wp-content\/uploads\/sites\/39\/2022\/03\/Prendici-signore-spartito.pdf\" target=\"_blank\" rel=\"noopener\">Testo<\/a><\/td>\n<td style=\"width: 10.803%;height: 46px\"><a href=\"https:\/\/www.youtube.com\/watch?v=wXF_dj1-lJ0\" target=\"_blank\" rel=\"noopener\">Video<\/a><\/td>\n<td style=\"width: 49.6952%\"><\/td>\n<\/tr>\n<tr>\n<td style=\"width: 28.7158%\"><span style=\"color: #444444;background-color: #ffffff\">- Se non ami - Nek<\/span><\/td>\n<td style=\"width: 10.786%\"><a href=\"https:\/\/www.diocesitn.it\/area-annuncio\/wp-content\/uploads\/sites\/39\/2022\/03\/Se-non-ami_Nek_Vocazione_Fede_Sacramento.pdf\" target=\"_blank\" rel=\"noopener\">Testo<\/a><\/td>\n<td style=\"width: 10.803%\"><a href=\"https:\/\/www.youtube.com\/watch?v=-b_4cEAJrWA\" target=\"_blank\" rel=\"noopener\">Video<\/a><\/td>\n<td style=\"width: 49.6952%\"><a href=\"https:\/\/www.diocesitn.it\/area-annuncio\/wp-content\/uploads\/sites\/39\/2022\/04\/Se-non-ami_Note-per-lutilizzo.pdf\" target=\"_blank\" rel=\"noopener\">Note per l'utilizzo della canzone<\/a><\/td>\n<\/tr>\n<tr>\n<td style=\"width: 28.7158%\"><span style=\"color: #444444;background-color: #ffffff\">- Ti sposer\u00f2 \u2013 Jovanotti<\/span><\/td>\n<td style=\"width: 10.786%\"><a href=\"https:\/\/www.diocesitn.it\/area-annuncio\/wp-content\/uploads\/sites\/39\/2020\/11\/Ti-sposero-Jovanotti_Vocazione_Sacramento.pdf\" target=\"_blank\" rel=\"noopener noreferrer\">Testo<\/a><\/td>\n<td style=\"width: 10.803%\"><a href=\"https:\/\/www.youtube.com\/watch?v=cNSFDQRdvLI\" target=\"_blank\" rel=\"noopener noreferrer\">Video<\/a><\/td>\n<td style=\"width: 49.6952%\"><\/td>\n<\/tr>\n<\/tbody>\n<\/table>\n<p>&nbsp;<\/p>\n\t\t\t\t<\/div>\n\t\t\t<\/div>\n\t\t<\/div>\n\t\t\t<div class=\"sow-accordion-panel\n\t\t\t\t\"\n\t\t\tdata-anchor-id=\"per-riflettere\">\n\t\t\t\t<div class=\"sow-accordion-panel-header-container\" role=\"heading\" aria-level=\"2\">\n\t\t\t\t\t<div class=\"sow-accordion-panel-header\" tabindex=\"0\" role=\"button\" id=\"accordion-label-per-riflettere\" aria-controls=\"accordion-content-per-riflettere\" aria-expanded=\"false\">\n\t\t\t\t\t\t<div class=\"sow-accordion-title sow-accordion-title-icon-left\">\n\t\t\t\t\t\t\t\t\t\t\t\t\t\tPer riflettere\t\t\t\t\t\t\t\t\t\t\t\t\t<\/div>\n\t\t\t\t\t\t<div class=\"sow-accordion-open-close-button\">\n\t\t\t\t\t\t\t<div class=\"sow-accordion-open-button\">\n\t\t\t\t\t\t\t\t<span class=\"sow-icon-ionicons\" data-sow-icon=\"&#xf218;\"\n\t\t \n\t\taria-hidden=\"true\"><\/span>\t\t\t\t\t\t\t<\/div>\n\t\t\t\t\t\t\t<div class=\"sow-accordion-close-button\">\n\t\t\t\t\t\t\t\t<span class=\"sow-icon-ionicons\" data-sow-icon=\"&#xf209;\"\n\t\t \n\t\taria-hidden=\"true\"><\/span>\t\t\t\t\t\t\t<\/div>\n\t\t\t\t\t\t<\/div>\n\t\t\t\t\t<\/div>\n\t\t\t\t<\/div>\n\n\t\t\t<div\n\t\t\t\tclass=\"sow-accordion-panel-content\"\n\t\t\t\trole=\"region\"\n\t\t\t\taria-labelledby=\"accordion-label-per-riflettere\"\n\t\t\t\tid=\"accordion-content-per-riflettere\"\n\t\t\t\tstyle=\"display: none;\"\t\t\t>\n\t\t\t\t<div class=\"sow-accordion-panel-border\">\n\t\t\t\t\t<ul>\n<li><a href=\"https:\/\/www.diocesitn.it\/area-annuncio\/wp-content\/uploads\/sites\/39\/2020\/11\/Riflessione_Le-fedi-nuziali_A.-Jawien-K.-Wojtyla_Sacramento.pdf\" target=\"_blank\" rel=\"noopener noreferrer\">Le fedi nuziali \u2013 Andrzej Jawien\/Karol Wojtyla<\/a><\/li>\n<li><a href=\"https:\/\/www.diocesitn.it\/area-annuncio\/wp-content\/uploads\/sites\/39\/2020\/12\/Riflessione_Amore-e-Matrimonio_Bonhoeffer_Accoglienza_Sacramento.pdf\" target=\"_blank\" rel=\"noopener noreferrer\">Amore e matrimonio \u2013 Dietrich Bonhoeffer<\/a><\/li>\n<li><a href=\"https:\/\/www.diocesitn.it\/area-annuncio\/wp-content\/uploads\/sites\/39\/2020\/12\/Riflessione_Le-tre-parole-armonia-famiglia_papa-Francesco_Sacramento.pdf\" target=\"_blank\" rel=\"noopener noreferrer\">Le tre parole per l\u2019armonia della famiglia:\u00a0permesso, grazie, scusa\u00a0<strong>\u2013\u00a0<\/strong>Papa Francesco<\/a><\/li>\n<\/ul>\n\t\t\t\t<\/div>\n\t\t\t<\/div>\n\t\t<\/div>\n\t\t<\/div>\n<\/div>\n<\/div><\/div><\/div><div id=\"panel-14459-1-0-2\" class=\"so-panel widget widget_sow-editor\" data-index=\"4\" ><div\n\t\t\t\n\t\t\tclass=\"so-widget-sow-editor so-widget-sow-editor-base\"\n\t\t\t\n\t\t>\n<div class=\"siteorigin-widget-tinymce textwidget\">\n\t<h5 style=\"text-align: right\"><a href=\"#inizio\"><strong>\u21d1<\/strong><\/a><\/h5>\n<\/div>\n<\/div><\/div><div id=\"panel-14459-1-0-3\" class=\"so-panel widget widget_sow-accordion\" data-index=\"5\" ><div id=\"saperne\" class=\"panel-widget-style panel-widget-style-for-14459-1-0-3\" ><div\n\t\t\t\n\t\t\tclass=\"so-widget-sow-accordion so-widget-sow-accordion-default-399e2846cd01-14459\"\n\t\t\t\n\t\t><h3 class=\"widget-title\">Per saperne di pi\u00f9<\/h3><div>\n\t<div class=\"sow-accordion\">\n\t\t\t<div class=\"sow-accordion-panel\n\t\t\t\t\"\n\t\t\tdata-anchor-id=\"libri\">\n\t\t\t\t<div class=\"sow-accordion-panel-header-container\" role=\"heading\" aria-level=\"2\">\n\t\t\t\t\t<div class=\"sow-accordion-panel-header\" tabindex=\"0\" role=\"button\" id=\"accordion-label-libri\" aria-controls=\"accordion-content-libri\" aria-expanded=\"false\">\n\t\t\t\t\t\t<div class=\"sow-accordion-title sow-accordion-title-icon-left\">\n\t\t\t\t\t\t\t\t\t\t\t\t\t\tLibri\t\t\t\t\t\t\t\t\t\t\t\t\t<\/div>\n\t\t\t\t\t\t<div class=\"sow-accordion-open-close-button\">\n\t\t\t\t\t\t\t<div class=\"sow-accordion-open-button\">\n\t\t\t\t\t\t\t\t<span class=\"sow-icon-ionicons\" data-sow-icon=\"&#xf218;\"\n\t\t \n\t\taria-hidden=\"true\"><\/span>\t\t\t\t\t\t\t<\/div>\n\t\t\t\t\t\t\t<div class=\"sow-accordion-close-button\">\n\t\t\t\t\t\t\t\t<span class=\"sow-icon-ionicons\" data-sow-icon=\"&#xf209;\"\n\t\t \n\t\taria-hidden=\"true\"><\/span>\t\t\t\t\t\t\t<\/div>\n\t\t\t\t\t\t<\/div>\n\t\t\t\t\t<\/div>\n\t\t\t\t<\/div>\n\n\t\t\t<div\n\t\t\t\tclass=\"sow-accordion-panel-content\"\n\t\t\t\trole=\"region\"\n\t\t\t\taria-labelledby=\"accordion-label-libri\"\n\t\t\t\tid=\"accordion-content-libri\"\n\t\t\t\tstyle=\"display: none;\"\t\t\t>\n\t\t\t\t<div class=\"sow-accordion-panel-border\">\n\t\t\t\t\t\t\t\t\t<\/div>\n\t\t\t<\/div>\n\t\t<\/div>\n\t\t\t<div class=\"sow-accordion-panel\n\t\t\t\t\"\n\t\t\tdata-anchor-id=\"articoli\">\n\t\t\t\t<div class=\"sow-accordion-panel-header-container\" role=\"heading\" aria-level=\"2\">\n\t\t\t\t\t<div class=\"sow-accordion-panel-header\" tabindex=\"0\" role=\"button\" id=\"accordion-label-articoli\" aria-controls=\"accordion-content-articoli\" aria-expanded=\"false\">\n\t\t\t\t\t\t<div class=\"sow-accordion-title sow-accordion-title-icon-left\">\n\t\t\t\t\t\t\t\t\t\t\t\t\t\tArticoli\t\t\t\t\t\t\t\t\t\t\t\t\t<\/div>\n\t\t\t\t\t\t<div class=\"sow-accordion-open-close-button\">\n\t\t\t\t\t\t\t<div class=\"sow-accordion-open-button\">\n\t\t\t\t\t\t\t\t<span class=\"sow-icon-ionicons\" data-sow-icon=\"&#xf218;\"\n\t\t \n\t\taria-hidden=\"true\"><\/span>\t\t\t\t\t\t\t<\/div>\n\t\t\t\t\t\t\t<div class=\"sow-accordion-close-button\">\n\t\t\t\t\t\t\t\t<span class=\"sow-icon-ionicons\" data-sow-icon=\"&#xf209;\"\n\t\t \n\t\taria-hidden=\"true\"><\/span>\t\t\t\t\t\t\t<\/div>\n\t\t\t\t\t\t<\/div>\n\t\t\t\t\t<\/div>\n\t\t\t\t<\/div>\n\n\t\t\t<div\n\t\t\t\tclass=\"sow-accordion-panel-content\"\n\t\t\t\trole=\"region\"\n\t\t\t\taria-labelledby=\"accordion-label-articoli\"\n\t\t\t\tid=\"accordion-content-articoli\"\n\t\t\t\tstyle=\"display: none;\"\t\t\t>\n\t\t\t\t<div class=\"sow-accordion-panel-border\">\n\t\t\t\t\t\t\t\t\t<\/div>\n\t\t\t<\/div>\n\t\t<\/div>\n\t\t\t<div class=\"sow-accordion-panel\n\t\t\t\t\"\n\t\t\tdata-anchor-id=\"testi\">\n\t\t\t\t<div class=\"sow-accordion-panel-header-container\" role=\"heading\" aria-level=\"2\">\n\t\t\t\t\t<div class=\"sow-accordion-panel-header\" tabindex=\"0\" role=\"button\" id=\"accordion-label-testi\" aria-controls=\"accordion-content-testi\" aria-expanded=\"false\">\n\t\t\t\t\t\t<div class=\"sow-accordion-title sow-accordion-title-icon-left\">\n\t\t\t\t\t\t\t\t\t\t\t\t\t\tTesti\t\t\t\t\t\t\t\t\t\t\t\t\t<\/div>\n\t\t\t\t\t\t<div class=\"sow-accordion-open-close-button\">\n\t\t\t\t\t\t\t<div class=\"sow-accordion-open-button\">\n\t\t\t\t\t\t\t\t<span class=\"sow-icon-ionicons\" data-sow-icon=\"&#xf218;\"\n\t\t \n\t\taria-hidden=\"true\"><\/span>\t\t\t\t\t\t\t<\/div>\n\t\t\t\t\t\t\t<div class=\"sow-accordion-close-button\">\n\t\t\t\t\t\t\t\t<span class=\"sow-icon-ionicons\" data-sow-icon=\"&#xf209;\"\n\t\t \n\t\taria-hidden=\"true\"><\/span>\t\t\t\t\t\t\t<\/div>\n\t\t\t\t\t\t<\/div>\n\t\t\t\t\t<\/div>\n\t\t\t\t<\/div>\n\n\t\t\t<div\n\t\t\t\tclass=\"sow-accordion-panel-content\"\n\t\t\t\trole=\"region\"\n\t\t\t\taria-labelledby=\"accordion-label-testi\"\n\t\t\t\tid=\"accordion-content-testi\"\n\t\t\t\tstyle=\"display: none;\"\t\t\t>\n\t\t\t\t<div class=\"sow-accordion-panel-border\">\n\t\t\t\t\t<ul>\n<li><a href=\"https:\/\/www.diocesitn.it\/area-annuncio\/wp-content\/uploads\/sites\/39\/2020\/10\/Testo-Chiara-Corbella-Petrillo.pdf\" target=\"_blank\" rel=\"noopener noreferrer\">Chiara Corbella Petrillo<\/a><\/li>\n<\/ul>\n\t\t\t\t<\/div>\n\t\t\t<\/div>\n\t\t<\/div>\n\t\t\t<div class=\"sow-accordion-panel\n\t\t\t\t\"\n\t\t\tdata-anchor-id=\"relazioni\">\n\t\t\t\t<div class=\"sow-accordion-panel-header-container\" role=\"heading\" aria-level=\"2\">\n\t\t\t\t\t<div class=\"sow-accordion-panel-header\" tabindex=\"0\" role=\"button\" id=\"accordion-label-relazioni\" aria-controls=\"accordion-content-relazioni\" aria-expanded=\"false\">\n\t\t\t\t\t\t<div class=\"sow-accordion-title sow-accordion-title-icon-left\">\n\t\t\t\t\t\t\t\t\t\t\t\t\t\tRelazioni\t\t\t\t\t\t\t\t\t\t\t\t\t<\/div>\n\t\t\t\t\t\t<div class=\"sow-accordion-open-close-button\">\n\t\t\t\t\t\t\t<div class=\"sow-accordion-open-button\">\n\t\t\t\t\t\t\t\t<span class=\"sow-icon-ionicons\" data-sow-icon=\"&#xf218;\"\n\t\t \n\t\taria-hidden=\"true\"><\/span>\t\t\t\t\t\t\t<\/div>\n\t\t\t\t\t\t\t<div class=\"sow-accordion-close-button\">\n\t\t\t\t\t\t\t\t<span class=\"sow-icon-ionicons\" data-sow-icon=\"&#xf209;\"\n\t\t \n\t\taria-hidden=\"true\"><\/span>\t\t\t\t\t\t\t<\/div>\n\t\t\t\t\t\t<\/div>\n\t\t\t\t\t<\/div>\n\t\t\t\t<\/div>\n\n\t\t\t<div\n\t\t\t\tclass=\"sow-accordion-panel-content\"\n\t\t\t\trole=\"region\"\n\t\t\t\taria-labelledby=\"accordion-label-relazioni\"\n\t\t\t\tid=\"accordion-content-relazioni\"\n\t\t\t\tstyle=\"display: none;\"\t\t\t>\n\t\t\t\t<div class=\"sow-accordion-panel-border\">\n\t\t\t\t\t\t\t\t\t<\/div>\n\t\t\t<\/div>\n\t\t<\/div>\n\t\t\t<div class=\"sow-accordion-panel\n\t\t\t\t\"\n\t\t\tdata-anchor-id=\"altro\">\n\t\t\t\t<div class=\"sow-accordion-panel-header-container\" role=\"heading\" aria-level=\"2\">\n\t\t\t\t\t<div class=\"sow-accordion-panel-header\" tabindex=\"0\" role=\"button\" id=\"accordion-label-altro\" aria-controls=\"accordion-content-altro\" aria-expanded=\"false\">\n\t\t\t\t\t\t<div class=\"sow-accordion-title sow-accordion-title-icon-left\">\n\t\t\t\t\t\t\t\t\t\t\t\t\t\tAltro\t\t\t\t\t\t\t\t\t\t\t\t\t<\/div>\n\t\t\t\t\t\t<div class=\"sow-accordion-open-close-button\">\n\t\t\t\t\t\t\t<div class=\"sow-accordion-open-button\">\n\t\t\t\t\t\t\t\t<span class=\"sow-icon-ionicons\" data-sow-icon=\"&#xf218;\"\n\t\t \n\t\taria-hidden=\"true\"><\/span>\t\t\t\t\t\t\t<\/div>\n\t\t\t\t\t\t\t<div class=\"sow-accordion-close-button\">\n\t\t\t\t\t\t\t\t<span class=\"sow-icon-ionicons\" data-sow-icon=\"&#xf209;\"\n\t\t \n\t\taria-hidden=\"true\"><\/span>\t\t\t\t\t\t\t<\/div>\n\t\t\t\t\t\t<\/div>\n\t\t\t\t\t<\/div>\n\t\t\t\t<\/div>\n\n\t\t\t<div\n\t\t\t\tclass=\"sow-accordion-panel-content\"\n\t\t\t\trole=\"region\"\n\t\t\t\taria-labelledby=\"accordion-label-altro\"\n\t\t\t\tid=\"accordion-content-altro\"\n\t\t\t\tstyle=\"display: none;\"\t\t\t>\n\t\t\t\t<div class=\"sow-accordion-panel-border\">\n\t\t\t\t\t<ul>\n<li><a href=\"https:\/\/www.diocesitn.it\/area-annuncio\/wp-content\/uploads\/sites\/39\/2020\/12\/Celebrare-il-sacramento-del-matrimonio_Bon-Ton_Sacramento.pdf\" target=\"_blank\" rel=\"noopener noreferrer\">Celebrare il Sacramento del matrimonio \u2013 suggerimenti di Bon Ton<\/a><\/li>\n<\/ul>\n\t\t\t\t<\/div>\n\t\t\t<\/div>\n\t\t<\/div>\n\t\t<\/div>\n<\/div>\n<\/div><\/div><\/div><div id=\"panel-14459-1-0-4\" class=\"so-panel widget widget_sow-editor\" data-index=\"6\" ><div\n\t\t\t\n\t\t\tclass=\"so-widget-sow-editor so-widget-sow-editor-base\"\n\t\t\t\n\t\t>\n<div class=\"siteorigin-widget-tinymce textwidget\">\n\t<h5 style=\"text-align: right\"><a href=\"#inizio\"><strong>\u21d1<\/strong><\/a><\/h5>\n<\/div>\n<\/div><\/div><div id=\"panel-14459-1-0-5\" class=\"so-panel widget widget_sow-editor panel-last-child\" data-index=\"7\" ><div id=\"approfondire\" class=\"panel-widget-style panel-widget-style-for-14459-1-0-5\" ><div\n\t\t\t\n\t\t\tclass=\"so-widget-sow-editor so-widget-sow-editor-base\"\n\t\t\t\n\t\t><h3 class=\"widget-title\">PER APPROFONDIRE<\/h3>\n<div class=\"siteorigin-widget-tinymce textwidget\">\n\t<p style=\"text-align: right\"><span style=\"color: #0000ff\"><strong>Cos\u2019\u00e8 un simbolo e quando si usa in particolare<\/strong><\/span><\/p>\n<p>Il simbolo \u00e8 un elemento della comunicazione, che esprime contenuti di significato ideale dei quali esso diventa il significante. Tale elemento, sia esso un segno, un gesto, un oggetto o un\u2019altra entit\u00e0, \u00e8 in grado di evocare alla mente dell\u2019osservatore un concetto diverso da ci\u00f2 che il simbolo \u00e8 fisicamente, grazie a una convenzione prestabilita (es. la croce \u00e8 il simbolo del Cristianesimo) o a un aspetto che lo caratterizza (es. il leone \u00e8 il simbolo della forza).<\/p>\n<p>&nbsp;<\/p>\n<p style=\"text-align: right\"><span style=\"color: #0000ff\"><strong>Cos\u2019\u00e8 un Sacramento<\/strong><\/span><\/p>\n<p>Secondo Agostino \u00abun sacramento \u00e8 un segno sacro\u00bb. \u00c8 un segno che rimanda al Santo per eccellenza, a Dio e al suo mondo. Esso ha dunque a che fare con il divino e in quanto segno lo \u201csignifica\u201d, lo indica, lo richiama.<\/p>\n<p>Dunque ogni azione religiosa o simbolo sacro \u00e8 un sacramento? Evidentemente no: noi chiamiamo oggi sacramenti solo quelle azioni sacre che, oltre ad indicare Dio, lo rendono presente mentre agisce in nostro favore (per la nostra salvezza). I sacramenti sono quelle azioni liturgiche della Chiesa per mezzo delle quali il Signore Ges\u00f9 viene in mezzo al suo popolo mediante il suo Spirito, ci incontra, si fa a noi talmente vicino da avvolgerci letteralmente con la forza e la potenza del suo amore che salva (= grazia).<\/p>\n<p>In questo modo, ancora oggi, come nei giorni della sua vita terrena in Palestina, Ges\u00f9 ci lava dalle opere di morte (i peccati) e ci dona la sua vita di Figlio di Dio nell\u2019acqua del Battesimo; Ges\u00f9 ci unge con l\u2019unzione dello Spirito Santo, rendendoci capaci di testimoniare la nostra fede, con l\u2019olio della Confermazione; Ges\u00f9 alimenta la vita di figli di Dio che gi\u00e0 palpita in noi per il Battesimo con il pane e il vino dell\u2019Eucaristia; Ges\u00f9 realmente ci perdona, rimettendo tutti i nostri peccati, quando li confessiamo, pentiti, nel sacramento della Riconciliazione; Ges\u00f9 si accosta agli ammalati e a coloro che sono in pericolo di vita per rafforzarli nella salute e nella fede mediante l\u2019Unzione degli infermi; Ges\u00f9 ci abilita con un particolare dono di grazia per una particolare missione di servizio alla comunit\u00e0 nel sacramento dell\u2019Ordine e in quello del Matrimonio.<\/p>\n<p>Possiamo dunque definire i sacramenti come segni (sensibili, visibili!) efficaci della grazia amorosa di Dio: in quanto segni indicano, in quanto efficaci realizzano ci\u00f2 che indicano.<\/p>\n<p>&nbsp;<\/p>\n<p style=\"text-align: right\"><span style=\"color: #0000ff\"><strong>Sacramento del matrimonio<\/strong><\/span><\/p>\n<p>Dire che il matrimonio \u00e8 un sacramento \u00e8 molto di pi\u00f9 che riconoscerlo come convenzione sociale o rito o segno di un impegno (AL 72). Papa Francesco preferisce ispirarsi alla categoria del dono, in cui contenuto \u00e8 Cristo stesso nel suo atto di amare la Chiesa fino a dare la sua vita per lei sul legno della croce. \u00c8 l\u2019amore di dedizione estrema di Cristo crocifisso che raggiunge gli sposi nella celebrazione del sacramento, salva il loro amore reciproco, lo rende capace di amare secondo la misura della croce, e per ci\u00f2 stesso lo costituisce come segno che richiama il suo: ecco il sacramento!<\/p>\n<p>&nbsp;<\/p>\n<p style=\"text-align: right\"><span style=\"color: #0000ff\"><strong>L\u2019unione degli sposi: simbolo reale dell\u2019alleanza d\u2019amore\u00a0<\/strong><strong>tra Cristo e la Chiesa<\/strong><\/span><\/p>\n<p>\u00abIl matrimonio cristiano \u00e8 un segno che non solo indica quanto Cristo ha amato la sua Chiesa nell\u2019Alleanza sigillata sulla Croce, ma rende presente tale amore nella comunione degli sposi\u00bb (AL 73). Inoltre, \u00e8 il sacramento che offre agli sposi la capacit\u00e0 di rispondere a quella che \u00e8 anche per essi una vera e propria vocazione: \u00abvivere l\u2019amore coniugale come segno imperfetto dell\u2019amore tra Cristo e la Chiesa\u00bb (AL 72). Dono e vocazione, dono per la vocazione.<\/p>\n<p>Papa Francesco esprime la medesima logica, quando parla di una consacrazione operata dallo Spirito Santo sull\u2019unione degli sposi (AL 74). L\u2019espressione \u00e8 degna di nota, perch\u00e9 tradizionalmente \u00e8 usata in riferimento al ministero ordinato e per coloro che vivono secondo la forma evangelica della castit\u00e0, povert\u00e0 e obbedienza. E come per ogni consacrazione, anche quella degli sposi \u00e8 in vista di una missione: di testimoniare l\u2019amore di Dio nella forma loro propria (AL 71).<\/p>\n<p>Un altro passaggio che merita di essere sottolineato \u00e8 quello in cui il Papa definisce \u00abvia di crescita nella vita di grazia\u00bb l\u2019unione sessuale degli sposi (AL 74). Per dare ragione di questa affermazione, egli si rif\u00e0 al tema del \u201cmistero nuziale\u201d, che appartiene alla teologia del corpo di Giovanni Paolo II: l\u2019unione dei corpi degli sposi diventa \u201csacramento\u201d dell\u2019unione delle loro anime, cio\u00e8 della totalit\u00e0 delle loro persone. Il dono reciproco dei corpi, nella misura in cui il gesto \u00e8 fatto nella verit\u00e0 e nella libert\u00e0, coinvolge il dono reciproco di tutto se stessi, rendendoli proprio in quel momento cos\u00ec simili a Dio amore, da partecipare della sua grazia e alimentarsi di essa.<\/p>\n<p>&nbsp;<\/p>\n<p style=\"text-align: right\"><span style=\"color: #0000ff\"><strong>Nella famiglia si riflette il mistero della Santa Trinit\u00e0<\/strong><\/span><\/p>\n<p>Carico di valore teologico \u00e8 anche l\u2019intrigante legame, finalmente riscoperto, che mette in relazione reciproca la famiglia, Chiesa domestica, e la Chiesa, famiglia di famiglie. La ragione teologica di questa coraggiosa definizione sta nel fatto che nella famiglia cristiana si vive la primordiale esperienza ecclesiale, in cui le persone vivono in comunione raccolte anche dalla loro fede in Cristo, ricevuta e trasmessa. Per papa Francesco questo \u00e8 cos\u00ec vero che, nella famiglia radunata da Cristo, \u00absi riflette per grazia, il mistero della Trinit\u00e0\u00bb (AL 86). A causa di ci\u00f2 si pu\u00f2 affermare che la Chiesa \u00e8 di fatto costituita non solamente dai singoli battezzati, ma in modo peculiare anche dalle famiglie, in cui la maggior parte di essi vivono; e per questo \u00e8 arricchita dalla vita di tutte le Chiese domestiche. Per cui se \u00e8 ovvio che \u00abla Chiesa \u00e8 un bene per la famiglia, [\u00e8 vero anche che] la famiglia \u00e8 un bene per la Chiesa\u00bb (AL 87).<\/p>\n<p>A questo tema il Papa riallaccia quello ancor pi\u00f9 intrigante della famiglia pensata da Dio \u201cad immagine della Trinit\u00e0\u201d, per cui in essa si riflette per grazia il mistero stesso della Santa Trinit\u00e0 (AL 86). Il suo essere costituita in Cristo come comunit\u00e0 di amore e di vita, in cui circola la grazia dello Spirito Santo come legame che mette in comunione umana e divina tra di loro gli sposi, i genitori e i figli, la rendono una pregnante \u00abimmagine di Dio, che \u00e8 comunione di persone\u00bb (AL 71). Nel capitolo IX di Amoris Laetitia, dedicato alla spiritualit\u00e0 coniugale e familiare, papa Francesco arriver\u00e0 ad affermare che, se \u00e8 giusto credere nell\u2019inabitazione di Dio nel cuore del credente, oggi si pu\u00f2 parlare dell\u2019inabitazione della Trinit\u00e0 nel tempio dell\u2019amore coniugale (AL 314).<\/p>\n<p>&nbsp;<\/p>\n<p style=\"text-align: right\"><span style=\"color: #0000ff\"><strong>Caratteristiche del sacramento del matrimonio:\u00a0<\/strong><strong>indissolubile, fedele, fecondo, via di santit\u00e0<\/strong><\/span><\/p>\n<p>Dai suoi incontri ricchi di umanit\u00e0, bella e ferita, sgorga la parola pi\u00f9 forte e chiara che Ges\u00f9 pronuncia sul matrimonio, nella quale esprime chiaramente la volont\u00e0 di riportarlo alla sua forma originale, quella che \u00e8 da sempre nel progetto di Dio: l\u2019unione indissolubile tra l\u2019uomo e la donna. A richiederlo \u00e8 la presenza del Regno di Dio che lui \u00e8 venuto ad inaugurare e che domanda una sequela radicale per tutti, anche per gli sposi: cf. Mt 19,3-9; Mc 10,3-9. Il Regno offre per\u00f2 anche possibilit\u00e0 inedite per coloro che vogliono entrarci: la presenza dell\u2019amore misericordioso di Dio, che agisce per mezzo dello Spirito effuso da Ges\u00f9 sulla sua comunit\u00e0, risana finalmente la coppia umana dalla sclerocardia e la rende capace di una fedelt\u00e0 a tutta prova, sulla misura di quella divina. Ecco l\u2019invito a guardare al tema dell\u2019indissolubilit\u00e0 non come ad un altro \u201cgiogo\u201d con il quale Dio vuole imprigionare e \u201ccastrare\u201d l\u2019amore, ma come a un \u201cdono\u201d fatto alle coppie che vogliono puntare in alto in quanto ad amore (AL 62).<\/p>\n<p>&nbsp;<\/p>\n<p style=\"text-align: right\"><span style=\"color: #0000ff\"><strong>Fede, carit\u00e0 e speranza: virt\u00f9 nella vita di coppia<\/strong><\/span><\/p>\n<p>Con il sacramento del battesimo diventiamo figli di Dio e per grazia e con l\u2019aiuto dello Spirito Santo possiamo conoscere Dio che si \u00e8 rivelato in Cristo. Certamente il conoscere sar\u00e0 limitato e imperfetto ma questo accogliere e conoscere Dio attraverso Cristo nella vita di fede personale, nel sacramento del matrimonio si incontra e si intreccia con la storia del coniuge. Gli sposi sono ora chiamati a guardare verso Dio, in maniera sempre pi\u00f9 autentica e vera, in modo da poterlo accogliere nella relazione sponsale che li ha resi una cosa sola. Quindi, la fede nel matrimonio perfeziona l\u2019accoglienza dell\u2019uno verso l\u2019altro; la virt\u00f9 della fede dona la capacit\u00e0 di accogliere sempre di pi\u00f9 l\u2019altro, di accettarlo nella diversit\u00e0, di valorizzarlo, di vederne i lati positivi e di sopportarne quelli negativi. Gli sposi sono accoglienti verso Dio se si accolgono vicendevolmente.<\/p>\n<p>Se la fede \u00e8 accoglienza, la carit\u00e0 invece \u00e8 la donazione di se stessi. La carit\u00e0 fa degli sposi una cosa sola. Gli sposi si trasformano in dono l\u2019uno per l\u2019altra. Questo significa amare lo sposo\/a come Lui ci ama: donandosi per primo, amando gratuitamente e con gioia. Per donarsi per primi \u00e8 necessario fare il primo passo. Come dice San Paolo deve essere una gara a chi si ama di pi\u00f9, a chi si perdona di pi\u00f9 e per primo. Questa \u00e8 la carit\u00e0 reciproca. Dio ci ama senza voler nulla in cambio. La virt\u00f9 della carit\u00e0 non solo ci abilita ad amarci per sempre ma sempre, anche quando l\u2019altro \u00e8 antipatico e non si rende amabile con il suo atteggiamento o le sue azioni. Dio si dona con gioia. Quindi per gli sposi amarsi con gioia \u00e8 avere uno sguardo meravigliato e riconoscente capace di cogliere la bellezza della presenza della persona amata.<\/p>\n<p>La speranza \u00e8 proiettare lo sguardo oltre questa vita, avere un orizzonte eterno ed infinito. La speranza \u00e8 il dono dello Spirito Santo che ci permette di tenere fisso lo sguardo sulle realt\u00e0 eterne. Senza la speranza, le botte della vita, i colpi improvvisi, i lutti e le sofferenze ucciderebbero la fede e la carit\u00e0. La speranza rende la fede tenace, capace di resistere agli urti della vita, perch\u00e9 va oltre questa vita e oltre la morte. La speranza consente di vedere oltre ogni salita e ogni ostacolo. La speranza rende la carit\u00e0 perseverante, perch\u00e9 conosciamo Colui nel quale abbiamo posto fiducia, sappiamo che \u00e8 pi\u00f9 forte della morte. La virt\u00f9 della speranza apre lo sguardo e permette di non fermarci alla realt\u00e0 che stiamo vivendo nella nostra storia ma di inserirla in una lettura alla luce della salvezza di Dio.<\/p>\n<p>&nbsp;<\/p>\n<p style=\"text-align: right\"><span style=\"color: #0000ff\"><strong>La missione degli sposi: vivere l\u2019amore di Dio nella vita quotidiana<\/strong><\/span><br \/>\n<span style=\"color: #0000ff\"><strong>attingendo dal sacramento che ne \u00e8 la sorgente<\/strong><\/span><\/p>\n<p>Con il n. 48 di GS, il magistero giunge ad un punto molto avanzato, chiaro e sicuro sul significato sacramentale del matrimonio: \u201cCristo Signore ha effuso l\u2019abbondanza delle sue benedizioni su questo amore dai molteplici aspetti, sgorgato dalla fonte della divina carit\u00e0 e strutturato sul modello della sua unione con la Chiesa. Infatti, come un tempo Dio ha preso l\u2019iniziativa di un\u2019alleanza di amore e fedelt\u00e0 con il suo popolo cos\u00ec ora il Salvatore degli uomini e sposo della Chiesa viene incontro ai coniugi cristiani attraverso il sacramento del matrimonio. Inoltre rimane con loro perch\u00e9, come egli stesso ha amato la Chiesa e si \u00e8 dato per essa cos\u00ec anche i coniugi possano amarsi l\u2019un l\u2019altro fedelmente, per sempre, con mutua dedizione. L\u2019autentico amore coniugale \u00e8 assunto nell\u2019amore divino ed \u00e8 sostenuto e arricchito dalla forza redentiva del Cristo e dall\u2019azione salvifica della Chiesa, perch\u00e9 i coniugi in maniera efficace siano condotti a Dio e siano aiutati e rafforzati nello svolgimento della sublime missione di padre e madre\u201d.<\/p>\n<p style=\"text-align: right\"><a href=\"https:\/\/www.diocesitn.it\/area-annuncio\/wp-content\/uploads\/sites\/39\/2022\/01\/Scheda-sacramento_definitiva.pdf\" target=\"_blank\" rel=\"noopener\">Scarica la scheda<\/a><\/p>\n<p style=\"text-align: right\"><a style=\"font-size: 1.25rem;background-color: #ffffff\" href=\"#inizio\"><strong>\u21d1<\/strong><\/a><\/p>\n<p style=\"text-align: right\"><a href=\"#Inizio\">\u00a0<i class=\"fi-arrow-up\"><!-- icon --><\/i>\u00a0<\/a><\/p>\n<\/div>\n<\/div><\/div><\/div><\/div><\/div><\/div>","protected":false},"excerpt":{"rendered":"<p>Da Cristo, attraverso la Chiesa, il matrimonio e la famiglia ricevono la grazia dello Spirito Santo, per testimoniare il Vangelo dell\u2019amore di Dio (AL 71). Commento al Vangelo Obiettivi dell\u2019incontro Contenuti principali Proposte e suggerimenti<\/p>\n","protected":false},"author":14,"featured_media":0,"parent":0,"menu_order":0,"comment_status":"closed","ping_status":"closed","template":"","meta":{"footnotes":""},"class_list":["post-14459","page","type-page","status-publish","hentry"],"acf":{"seed-localization-paese-cod":"IT","seed-localization-address":"","seed-localization-citta":"Trento","seed-localization-regione-cod-istat":"04","seed-localization-citta-cod-istat":"022205","seed-localization-localita":"","seed-localization-cap":"","seed-localization-marker-visibility":false,"seed-localization-children-visibility":false,"seed-localization-kml":"","seed-localization-custom-marker":""},"yoast_head":"<!-- This site is optimized with the Yoast SEO Premium plugin v20.2.1 (Yoast SEO v22.2) - https:\/\/yoast.com\/wordpress\/plugins\/seo\/ -->\n<title>IL SACRAMENTO DEL MATRIMONIO - Annuncio e Sacramenti<\/title>\n<meta name=\"robots\" content=\"index, follow, max-snippet:-1, max-image-preview:large, max-video-preview:-1\" \/>\n<link rel=\"canonical\" href=\"https:\/\/www.diocesitn.it\/area-annuncio\/sacramento-del-matrimonio\/\" \/>\n<meta property=\"og:locale\" content=\"it_IT\" \/>\n<meta property=\"og:type\" content=\"article\" \/>\n<meta property=\"og:title\" content=\"IL SACRAMENTO DEL MATRIMONIO\" \/>\n<meta property=\"og:description\" content=\"Da Cristo, attraverso la Chiesa, il matrimonio e la famiglia ricevono la grazia dello Spirito Santo, per testimoniare il Vangelo dell\u2019amore di Dio (AL 71). Commento al Vangelo Obiettivi dell\u2019incontro Contenuti principali Proposte e suggerimenti\" \/>\n<meta property=\"og:url\" content=\"https:\/\/www.diocesitn.it\/area-annuncio\/sacramento-del-matrimonio\/\" \/>\n<meta property=\"og:site_name\" content=\"Annuncio e Sacramenti\" \/>\n<meta property=\"article:publisher\" content=\"https:\/\/www.facebook.com\/pastoralegiovanile.trento\/\" \/>\n<meta property=\"article:modified_time\" content=\"2022-12-28T13:53:40+00:00\" \/>\n<meta property=\"og:image\" content=\"https:\/\/www.diocesitn.it\/area-annuncio\/wp-content\/uploads\/sites\/39\/2021\/09\/og-logo-annuncio-e-sacramenti.jpg\" \/>\n\t<meta property=\"og:image:width\" content=\"1200\" \/>\n\t<meta property=\"og:image:height\" content=\"630\" \/>\n\t<meta property=\"og:image:type\" content=\"image\/jpeg\" \/>\n<meta name=\"twitter:card\" content=\"summary_large_image\" \/>\n<meta name=\"twitter:label1\" content=\"Tempo di lettura stimato\" \/>\n\t<meta name=\"twitter:data1\" content=\"12 minuti\" \/>\n<script type=\"application\/ld+json\" class=\"yoast-schema-graph\">{\"@context\":\"https:\/\/schema.org\",\"@graph\":[{\"@type\":\"WebPage\",\"@id\":\"https:\/\/www.diocesitn.it\/area-annuncio\/sacramento-del-matrimonio\/\",\"url\":\"https:\/\/www.diocesitn.it\/area-annuncio\/sacramento-del-matrimonio\/\",\"name\":\"IL SACRAMENTO DEL MATRIMONIO - Annuncio e Sacramenti\",\"isPartOf\":{\"@id\":\"https:\/\/www.diocesitn.it\/area-annuncio\/#website\"},\"datePublished\":\"2022-01-14T10:04:20+00:00\",\"dateModified\":\"2022-12-28T13:53:40+00:00\",\"breadcrumb\":{\"@id\":\"https:\/\/www.diocesitn.it\/area-annuncio\/sacramento-del-matrimonio\/#breadcrumb\"},\"inLanguage\":\"it-IT\",\"potentialAction\":[{\"@type\":\"ReadAction\",\"target\":[\"https:\/\/www.diocesitn.it\/area-annuncio\/sacramento-del-matrimonio\/\"]}]},{\"@type\":\"BreadcrumbList\",\"@id\":\"https:\/\/www.diocesitn.it\/area-annuncio\/sacramento-del-matrimonio\/#breadcrumb\",\"itemListElement\":[{\"@type\":\"ListItem\",\"position\":1,\"name\":\"Home\",\"item\":\"https:\/\/www.diocesitn.it\/area-annuncio\/\"},{\"@type\":\"ListItem\",\"position\":2,\"name\":\"IL SACRAMENTO DEL MATRIMONIO\"}]},{\"@type\":\"WebSite\",\"@id\":\"https:\/\/www.diocesitn.it\/area-annuncio\/#website\",\"url\":\"https:\/\/www.diocesitn.it\/area-annuncio\/\",\"name\":\"Annuncio e Sacramenti\",\"description\":\"Chiesa di Trento\",\"publisher\":{\"@id\":\"https:\/\/www.diocesitn.it\/area-annuncio\/#organization\"},\"potentialAction\":[{\"@type\":\"SearchAction\",\"target\":{\"@type\":\"EntryPoint\",\"urlTemplate\":\"https:\/\/www.diocesitn.it\/area-annuncio\/?s={search_term_string}\"},\"query-input\":\"required name=search_term_string\"}],\"inLanguage\":\"it-IT\"},{\"@type\":[\"Organization\",\"Place\"],\"@id\":\"https:\/\/www.diocesitn.it\/area-annuncio\/#organization\",\"name\":\"Area Annuncio e Sacramenti - Chiesa di Trento\",\"url\":\"https:\/\/www.diocesitn.it\/area-annuncio\/\",\"logo\":{\"@id\":\"https:\/\/www.diocesitn.it\/area-annuncio\/sacramento-del-matrimonio\/#local-main-organization-logo\"},\"image\":{\"@id\":\"https:\/\/www.diocesitn.it\/area-annuncio\/sacramento-del-matrimonio\/#local-main-organization-logo\"},\"sameAs\":[\"https:\/\/www.facebook.com\/pastoralegiovanile.trento\/\",\"https:\/\/www.instagram.com\/pastoralegiovaniletrento\/\",\"https:\/\/www.youtube.com\/channel\/UCGt7hyJaIQIkrQPos4K6L6w\"],\"openingHoursSpecification\":[{\"@type\":\"OpeningHoursSpecification\",\"dayOfWeek\":[\"Monday\",\"Tuesday\",\"Wednesday\",\"Thursday\",\"Friday\",\"Saturday\",\"Sunday\"],\"opens\":\"09:00\",\"closes\":\"17:00\"}]},{\"@type\":\"ImageObject\",\"inLanguage\":\"it-IT\",\"@id\":\"https:\/\/www.diocesitn.it\/area-annuncio\/sacramento-del-matrimonio\/#local-main-organization-logo\",\"url\":\"https:\/\/www.diocesitn.it\/area-annuncio\/wp-content\/uploads\/sites\/39\/2021\/09\/og-logo-annuncio-e-sacramenti.jpg\",\"contentUrl\":\"https:\/\/www.diocesitn.it\/area-annuncio\/wp-content\/uploads\/sites\/39\/2021\/09\/og-logo-annuncio-e-sacramenti.jpg\",\"width\":1200,\"height\":630,\"caption\":\"Area Annuncio e Sacramenti - Chiesa di Trento\"}]}<\/script>\n<!-- \/ Yoast SEO Premium plugin. -->","yoast_head_json":{"title":"IL SACRAMENTO DEL MATRIMONIO - Annuncio e Sacramenti","robots":{"index":"index","follow":"follow","max-snippet":"max-snippet:-1","max-image-preview":"max-image-preview:large","max-video-preview":"max-video-preview:-1"},"canonical":"https:\/\/www.diocesitn.it\/area-annuncio\/sacramento-del-matrimonio\/","og_locale":"it_IT","og_type":"article","og_title":"IL SACRAMENTO DEL MATRIMONIO","og_description":"Da Cristo, attraverso la Chiesa, il matrimonio e la famiglia ricevono la grazia dello Spirito Santo, per testimoniare il Vangelo dell\u2019amore di Dio (AL 71). Commento al Vangelo Obiettivi dell\u2019incontro Contenuti principali Proposte e suggerimenti","og_url":"https:\/\/www.diocesitn.it\/area-annuncio\/sacramento-del-matrimonio\/","og_site_name":"Annuncio e Sacramenti","article_publisher":"https:\/\/www.facebook.com\/pastoralegiovanile.trento\/","article_modified_time":"2022-12-28T13:53:40+00:00","og_image":[{"width":1200,"height":630,"url":"https:\/\/www.diocesitn.it\/area-annuncio\/wp-content\/uploads\/sites\/39\/2021\/09\/og-logo-annuncio-e-sacramenti.jpg","type":"image\/jpeg"}],"twitter_card":"summary_large_image","twitter_misc":{"Tempo di lettura stimato":"12 minuti"},"schema":{"@context":"https:\/\/schema.org","@graph":[{"@type":"WebPage","@id":"https:\/\/www.diocesitn.it\/area-annuncio\/sacramento-del-matrimonio\/","url":"https:\/\/www.diocesitn.it\/area-annuncio\/sacramento-del-matrimonio\/","name":"IL SACRAMENTO DEL MATRIMONIO - Annuncio e Sacramenti","isPartOf":{"@id":"https:\/\/www.diocesitn.it\/area-annuncio\/#website"},"datePublished":"2022-01-14T10:04:20+00:00","dateModified":"2022-12-28T13:53:40+00:00","breadcrumb":{"@id":"https:\/\/www.diocesitn.it\/area-annuncio\/sacramento-del-matrimonio\/#breadcrumb"},"inLanguage":"it-IT","potentialAction":[{"@type":"ReadAction","target":["https:\/\/www.diocesitn.it\/area-annuncio\/sacramento-del-matrimonio\/"]}]},{"@type":"BreadcrumbList","@id":"https:\/\/www.diocesitn.it\/area-annuncio\/sacramento-del-matrimonio\/#breadcrumb","itemListElement":[{"@type":"ListItem","position":1,"name":"Home","item":"https:\/\/www.diocesitn.it\/area-annuncio\/"},{"@type":"ListItem","position":2,"name":"IL SACRAMENTO DEL MATRIMONIO"}]},{"@type":"WebSite","@id":"https:\/\/www.diocesitn.it\/area-annuncio\/#website","url":"https:\/\/www.diocesitn.it\/area-annuncio\/","name":"Annuncio e Sacramenti","description":"Chiesa di Trento","publisher":{"@id":"https:\/\/www.diocesitn.it\/area-annuncio\/#organization"},"potentialAction":[{"@type":"SearchAction","target":{"@type":"EntryPoint","urlTemplate":"https:\/\/www.diocesitn.it\/area-annuncio\/?s={search_term_string}"},"query-input":"required name=search_term_string"}],"inLanguage":"it-IT"},{"@type":["Organization","Place"],"@id":"https:\/\/www.diocesitn.it\/area-annuncio\/#organization","name":"Area Annuncio e Sacramenti - Chiesa di Trento","url":"https:\/\/www.diocesitn.it\/area-annuncio\/","logo":{"@id":"https:\/\/www.diocesitn.it\/area-annuncio\/sacramento-del-matrimonio\/#local-main-organization-logo"},"image":{"@id":"https:\/\/www.diocesitn.it\/area-annuncio\/sacramento-del-matrimonio\/#local-main-organization-logo"},"sameAs":["https:\/\/www.facebook.com\/pastoralegiovanile.trento\/","https:\/\/www.instagram.com\/pastoralegiovaniletrento\/","https:\/\/www.youtube.com\/channel\/UCGt7hyJaIQIkrQPos4K6L6w"],"openingHoursSpecification":[{"@type":"OpeningHoursSpecification","dayOfWeek":["Monday","Tuesday","Wednesday","Thursday","Friday","Saturday","Sunday"],"opens":"09:00","closes":"17:00"}]},{"@type":"ImageObject","inLanguage":"it-IT","@id":"https:\/\/www.diocesitn.it\/area-annuncio\/sacramento-del-matrimonio\/#local-main-organization-logo","url":"https:\/\/www.diocesitn.it\/area-annuncio\/wp-content\/uploads\/sites\/39\/2021\/09\/og-logo-annuncio-e-sacramenti.jpg","contentUrl":"https:\/\/www.diocesitn.it\/area-annuncio\/wp-content\/uploads\/sites\/39\/2021\/09\/og-logo-annuncio-e-sacramenti.jpg","width":1200,"height":630,"caption":"Area Annuncio e Sacramenti - Chiesa di Trento"}]}},"_links":{"self":[{"href":"https:\/\/www.diocesitn.it\/area-annuncio\/wp-json\/wp\/v2\/pages\/14459","targetHints":{"allow":["GET"]}}],"collection":[{"href":"https:\/\/www.diocesitn.it\/area-annuncio\/wp-json\/wp\/v2\/pages"}],"about":[{"href":"https:\/\/www.diocesitn.it\/area-annuncio\/wp-json\/wp\/v2\/types\/page"}],"author":[{"embeddable":true,"href":"https:\/\/www.diocesitn.it\/area-annuncio\/wp-json\/wp\/v2\/users\/14"}],"replies":[{"embeddable":true,"href":"https:\/\/www.diocesitn.it\/area-annuncio\/wp-json\/wp\/v2\/comments?post=14459"}],"version-history":[{"count":3,"href":"https:\/\/www.diocesitn.it\/area-annuncio\/wp-json\/wp\/v2\/pages\/14459\/revisions"}],"predecessor-version":[{"id":17385,"href":"https:\/\/www.diocesitn.it\/area-annuncio\/wp-json\/wp\/v2\/pages\/14459\/revisions\/17385"}],"wp:attachment":[{"href":"https:\/\/www.diocesitn.it\/area-annuncio\/wp-json\/wp\/v2\/media?parent=14459"}],"curies":[{"name":"wp","href":"https:\/\/api.w.org\/{rel}","templated":true}]}}