{"id":14448,"date":"2022-01-14T10:50:49","date_gmt":"2022-01-14T09:50:49","guid":{"rendered":"https:\/\/www.diocesitn.it\/area-annuncio\/?page_id=14448"},"modified":"2022-11-15T11:45:51","modified_gmt":"2022-11-15T10:45:51","slug":"dialogo","status":"publish","type":"page","link":"https:\/\/www.diocesitn.it\/area-annuncio\/dialogo\/","title":{"rendered":"IL DIALOGO NELLA COPPIA"},"content":{"rendered":"<div id=\"pl-14448\"  class=\"panel-layout\" ><div id=\"pg-14448-0\"  class=\"panel-grid panel-no-style\" ><div id=\"pgc-14448-0-0\"  class=\"panel-grid-cell\" ><div id=\"panel-14448-0-0-0\" class=\"so-panel widget widget_sow-editor panel-first-child panel-last-child\" data-index=\"0\" ><div\n\t\t\t\n\t\t\tclass=\"so-widget-sow-editor so-widget-sow-editor-base\"\n\t\t\t\n\t\t>\n<div class=\"siteorigin-widget-tinymce textwidget\">\n\t<p>Con il termine dialogo si intende la comunicazione che valorizza non solo il linguaggio verbale, ma anche altri tipi di linguaggio che permettono alla persona di esprimersi nella sua totalit\u00e0.<br \/>\nUn dialogo maturo e allenato pu\u00f2 permettere alla coppia di uscire vittoriosa e pi\u00f9 salda anche dopo crisi profonde. Viceversa, la mancanza di un buon dialogo pu\u00f2 mettere in crisi la coppia, che si trova cos\u00ec senza strumenti per risolvere le proprie difficolt\u00e0.<a id=\"inizio\"><\/a><\/p>\n<ul>\n<li style=\"list-style-type: none\">\n<ul>\n<li style=\"list-style-type: none\">\n<ul>\n<li><a href=\"#commento\">Commento al Vangelo<\/a><\/li>\n<li><a href=\"#obiettivi\">Obiettivi dell\u2019incontro<\/a><\/li>\n<li><a href=\"#contenuti\">Contenuti principali<\/a><\/li>\n<li><a href=\"#proposte\">Proposte e suggerimenti pratici<\/a><\/li>\n<li><a href=\"#strumenti\">Strumenti operativi<\/a><\/li>\n<li><a href=\"#saperne\">Per saperne di pi\u00f9<\/a><\/li>\n<li><a href=\"#approfondire\">Per approfondire<\/a><\/li>\n<\/ul>\n<\/li>\n<\/ul>\n<\/li>\n<\/ul>\n<\/div>\n<\/div><\/div><\/div><div id=\"pgc-14448-0-1\"  class=\"panel-grid-cell\" ><div id=\"panel-14448-0-1-0\" class=\"so-panel widget widget_media_image panel-first-child panel-last-child\" data-index=\"1\" ><img loading=\"lazy\" decoding=\"async\" width=\"300\" height=\"199\" src=\"https:\/\/www.diocesitn.it\/area-annuncio\/wp-content\/uploads\/sites\/39\/2020\/02\/Dialogo-coppia-300x199.jpg\" class=\"image wp-image-8697  attachment-medium size-medium\" alt=\"\" style=\"max-width: 100%; height: auto;\" srcset=\"https:\/\/www.diocesitn.it\/area-annuncio\/wp-content\/uploads\/sites\/39\/2020\/02\/Dialogo-coppia-300x199.jpg 300w, https:\/\/www.diocesitn.it\/area-annuncio\/wp-content\/uploads\/sites\/39\/2020\/02\/Dialogo-coppia-768x510.jpg 768w, https:\/\/www.diocesitn.it\/area-annuncio\/wp-content\/uploads\/sites\/39\/2020\/02\/Dialogo-coppia-1024x681.jpg 1024w, https:\/\/www.diocesitn.it\/area-annuncio\/wp-content\/uploads\/sites\/39\/2020\/02\/Dialogo-coppia-360x239.jpg 360w, https:\/\/www.diocesitn.it\/area-annuncio\/wp-content\/uploads\/sites\/39\/2020\/02\/Dialogo-coppia-800x532.jpg 800w, https:\/\/www.diocesitn.it\/area-annuncio\/wp-content\/uploads\/sites\/39\/2020\/02\/Dialogo-coppia.jpg 1190w\" sizes=\"auto, (max-width: 300px) 100vw, 300px\" \/><\/div><\/div><\/div><div id=\"pg-14448-1\"  class=\"panel-grid panel-no-style\" ><div id=\"pgc-14448-1-0\"  class=\"panel-grid-cell\" ><div id=\"panel-14448-1-0-0\" class=\"so-panel widget widget_sow-editor panel-first-child\" data-index=\"2\" ><div\n\t\t\t\n\t\t\tclass=\"so-widget-sow-editor so-widget-sow-editor-base\"\n\t\t\t\n\t\t>\n<div class=\"siteorigin-widget-tinymce textwidget\">\n\t<h4><strong>COMMENTO AL VANGELO<a id=\"commento\"><\/a><\/strong><\/h4>\n<p>&nbsp;<\/p>\n<p>Dal Vangelo secondo Luca (19, 1-10)<\/p>\n<p>Entr\u00f2 nella citt\u00e0 di Gerico e la stava attraversando,\u00a0quand\u2019ecco un uomo, di nome Zaccheo, capo dei pubblicani e ricco,\u00a0cercava di vedere chi era Ges\u00f9, ma non gli riusciva a causa della folla, perch\u00e9 era piccolo di statura.<\/p>\n<p style=\"text-align: right\"><a href=\"https:\/\/www.diocesitn.it\/area-annuncio\/wp-content\/uploads\/sites\/39\/2020\/10\/Commento-al-Vangelo_dialogo.pdf\" target=\"_blank\" rel=\"noopener noreferrer\">Leggi tutto<\/a><\/p>\n<h5 style=\"text-align: right\"><a href=\"#inizio\"><strong>\u21d1<\/strong><\/a><\/h5>\n<h4><strong>OBIETTIVI DELL\u2019INCONTRO<a id=\"obiettivi\"><\/a><\/strong><\/h4>\n<ul>\n<li>Saper riconoscere gli elementi del dialogo nello stile cristiano<\/li>\n<li>Imparare a riconoscere le opportunit\u00e0 e le insidie nel dialogo<\/li>\n<li>Percepire e sperimentare la possibilit\u00e0 di modificare il proprio stile di dialogo<\/li>\n<li>Sapere come riallacciare le fila di un dialogo dopo un litigio<\/li>\n<\/ul>\n<h4><strong>\u00a0<\/strong><\/h4>\n<h5 style=\"text-align: right\"><a href=\"#inizio\"><strong>\u21d1<\/strong><\/a><\/h5>\n<h4><strong>CONTENUTI PRINCIPALI<a id=\"contenuti\"><\/a><\/strong><\/h4>\n<p><em>I contenuti che permettono di raggiungere gli obiettivi e caratterizzano l\u2019incontro possono essere vari. Qui si presentano un elenco di possibili nuclei e alcuni esempi di sviluppo di questi contenuti:<\/em><\/p>\n<ul>\n<li>La comunicazione verbale e non verbale<\/li>\n<li>Le caratteristiche del buon ascolto<\/li>\n<li>La differenza tra trasmettere informazioni e condividere stati d\u2019animo<\/li>\n<li>Comunicare: bisogni, emozioni, azioni e relazione tra essi<\/li>\n<li>Giudizio e pregiudizio<\/li>\n<li>Strumenti per custodire la relazione della coppia e migliorare le capacit\u00e0 di dialogo<\/li>\n<li>Il dialogo nel modo in cui Ges\u00f9 si relaziona con le persone, nel Vangelo e nell\u2019Amoris laetitia<\/li>\n<li>La comunicazione nella societ\u00e0 segnata dall\u2019utilizzo dei social media<\/li>\n<\/ul>\n<h5 style=\"text-align: right\"><a href=\"#inizio\"><strong>\u21d1<\/strong><\/a><\/h5>\n<h4><strong>PROPOSTE E SUGGERIMENTI PRATICI<a id=\"proposte\"><\/a><\/strong><\/h4>\n<ul>\n<li>Prevedere del tempo durante l\u2019incontro per permettere ai futuri sposi di fare esperienza di dialogo<\/li>\n<li>Raccontare esperienze di dialogo<\/li>\n<li>Si consiglia di far seguire a questo l\u2019incontro su \u201cCrisi e perdono. Tempo di difficolt\u00e0 e cambiamento\u201d<\/li>\n<\/ul>\n<h4><strong>\u00a0<\/strong><\/h4>\n<h5 style=\"text-align: right\"><a href=\"#inizio\"><strong>\u21d1<\/strong><\/a><\/h5>\n<\/div>\n<\/div><\/div><div id=\"panel-14448-1-0-1\" class=\"so-panel widget widget_sow-accordion\" data-index=\"3\" ><div id=\"strumenti\" class=\"panel-widget-style panel-widget-style-for-14448-1-0-1\" ><div\n\t\t\t\n\t\t\tclass=\"so-widget-sow-accordion so-widget-sow-accordion-default-bf3247f8d09c-14448\"\n\t\t\t\n\t\t><h3 class=\"widget-title\">Strumenti operativi<\/h3><div>\n\t<div class=\"sow-accordion\">\n\t\t\t<div class=\"sow-accordion-panel\n\t\t\t\t\"\n\t\t\tdata-anchor-id=\"preghiere\">\n\t\t\t\t<div class=\"sow-accordion-panel-header-container\" role=\"heading\" aria-level=\"2\">\n\t\t\t\t\t<div class=\"sow-accordion-panel-header\" tabindex=\"0\" role=\"button\" id=\"accordion-label-preghiere\" aria-controls=\"accordion-content-preghiere\" aria-expanded=\"false\">\n\t\t\t\t\t\t<div class=\"sow-accordion-title sow-accordion-title-icon-left\">\n\t\t\t\t\t\t\t\t\t\t\t\t\t\tPreghiere\t\t\t\t\t\t\t\t\t\t\t\t\t<\/div>\n\t\t\t\t\t\t<div class=\"sow-accordion-open-close-button\">\n\t\t\t\t\t\t\t<div class=\"sow-accordion-open-button\">\n\t\t\t\t\t\t\t\t<span class=\"sow-icon-ionicons\" data-sow-icon=\"&#xf218;\"\n\t\t \n\t\taria-hidden=\"true\"><\/span>\t\t\t\t\t\t\t<\/div>\n\t\t\t\t\t\t\t<div class=\"sow-accordion-close-button\">\n\t\t\t\t\t\t\t\t<span class=\"sow-icon-ionicons\" data-sow-icon=\"&#xf209;\"\n\t\t \n\t\taria-hidden=\"true\"><\/span>\t\t\t\t\t\t\t<\/div>\n\t\t\t\t\t\t<\/div>\n\t\t\t\t\t<\/div>\n\t\t\t\t<\/div>\n\n\t\t\t<div\n\t\t\t\tclass=\"sow-accordion-panel-content\"\n\t\t\t\trole=\"region\"\n\t\t\t\taria-labelledby=\"accordion-label-preghiere\"\n\t\t\t\tid=\"accordion-content-preghiere\"\n\t\t\t\tstyle=\"display: none;\"\t\t\t>\n\t\t\t\t<div class=\"sow-accordion-panel-border\">\n\t\t\t\t\t<ul>\n<li><a href=\"https:\/\/www.diocesitn.it\/area-annuncio\/wp-content\/uploads\/sites\/39\/2021\/04\/Preghiera_Chiedere-il-dono-del-dialogo_Dialogo.pdf\" target=\"_blank\" rel=\"noopener noreferrer\">Chiedere il dono del dialogo<\/a><\/li>\n<li><a href=\"https:\/\/www.diocesitn.it\/area-annuncio\/wp-content\/uploads\/sites\/39\/2020\/12\/Preghier_Di-coppia_Accoglienza_Dialogo_Perdono_Sacramento_Vocazione.pdf\" target=\"_blank\" rel=\"noopener noreferrer\">Di coppia<\/a><\/li>\n<li><a href=\"https:\/\/www.diocesitn.it\/area-annuncio\/wp-content\/uploads\/sites\/39\/2020\/12\/Preghiera_Di-un-fidanzato_Dialogo_Fede_Fecondita.pdf\" target=\"_blank\" rel=\"noopener noreferrer\">Di un fidanzato<\/a><\/li>\n<li><a href=\"https:\/\/www.diocesitn.it\/area-annuncio\/wp-content\/uploads\/sites\/39\/2020\/12\/Preghiera_Giovani-sposi_Dialogo_Fecondita_Vocazione_Sacramento.pdf\" target=\"_blank\" rel=\"noopener noreferrer\">Giovani sposi<\/a><\/li>\n<li><a href=\"https:\/\/www.diocesitn.it\/area-annuncio\/wp-content\/uploads\/sites\/39\/2021\/04\/Preghiera_Grazie-per-il-dono-del-dialogo_Dialogo.pdf\" target=\"_blank\" rel=\"noopener noreferrer\">Grazie per il dono del dialogo<\/a><\/li>\n<li><a href=\"https:\/\/www.diocesitn.it\/area-annuncio\/wp-content\/uploads\/sites\/39\/2021\/04\/Preghiera_Chiedere-il-dono-del-dialogo_Dialogo.pdf\" target=\"_blank\" rel=\"noopener\">Il dono del dialogo<\/a><\/li>\n<li><a href=\"https:\/\/www.diocesitn.it\/area-annuncio\/wp-content\/uploads\/sites\/39\/2020\/12\/Preghiera_Il-si-dellamore_Dialogo.pdf\" target=\"_blank\" rel=\"noopener noreferrer\">Il s\u00ec dell\u2019amore<\/a><\/li>\n<li><a href=\"https:\/\/www.diocesitn.it\/area-annuncio\/wp-content\/uploads\/sites\/39\/2021\/05\/Preghiera_La-carita_Dialogo_Perdono_Sacramento.pdf\" target=\"_blank\" rel=\"noopener noreferrer\">La carit\u00e0<\/a><\/li>\n<li><a href=\"https:\/\/www.diocesitn.it\/area-annuncio\/wp-content\/uploads\/sites\/39\/2021\/05\/Preghiera_Casa-sulla-roccia_Spiritualita_Vocazione_Dialogo_Sacramento_Fecondita.pdf\" target=\"_blank\" rel=\"noopener noreferrer\">La casa sulla roccia<\/a><\/li>\n<li><a href=\"https:\/\/www.diocesitn.it\/area-annuncio\/wp-content\/uploads\/sites\/39\/2021\/04\/Preghiera_Lamore-quotidiano_Dialogo_Perdono_Sessualita_Spiritualita.pdf\" target=\"_blank\" rel=\"noopener noreferrer\">L\u2019amore quotidiano<\/a><\/li>\n<li><a href=\"https:\/\/www.diocesitn.it\/area-annuncio\/wp-content\/uploads\/sites\/39\/2020\/12\/Preghiera_La-nostra-casa_Dialogo_Fecondita_Sessualita.pdf\" target=\"_blank\" rel=\"noopener noreferrer\">La nostra casa<\/a><\/li>\n<li><a href=\"https:\/\/www.diocesitn.it\/area-annuncio\/wp-content\/uploads\/sites\/39\/2020\/12\/Preghiera_Per-la-Famiglia-madre-teresa_Dialogo_Perdono_Fecondita_Vocazione_Sacramento_Spiritualita.pdf\" target=\"_blank\" rel=\"noopener noreferrer\">Per la famiglia \u2013 Madre Teresa<\/a><\/li>\n<li><a href=\"https:\/\/www.diocesitn.it\/area-annuncio\/wp-content\/uploads\/sites\/39\/2020\/10\/Per-crescere-attraverso-il-dialogo_preghiera.pdf\" target=\"_blank\" rel=\"noopener\">Per crescere attraverso il dialogo<\/a><\/li>\n<li><a href=\"https:\/\/www.diocesitn.it\/area-annuncio\/wp-content\/uploads\/sites\/39\/2020\/10\/Preghiera_Per-la-comunicazione-e-il-dialogo.pdf\" target=\"_blank\" rel=\"noopener noreferrer\">Per la comunicazione e il dialogo<\/a><\/li>\n<li><a href=\"https:\/\/www.diocesitn.it\/area-annuncio\/wp-content\/uploads\/sites\/39\/2021\/05\/Preghiera_Trasfigurazione_Dialogo_Perdono.pdf\" target=\"_blank\" rel=\"noopener noreferrer\">Trasfigurazione<\/a><\/li>\n<\/ul>\n\t\t\t\t<\/div>\n\t\t\t<\/div>\n\t\t<\/div>\n\t\t\t<div class=\"sow-accordion-panel\n\t\t\t\t\"\n\t\t\tdata-anchor-id=\"brani-biblici\">\n\t\t\t\t<div class=\"sow-accordion-panel-header-container\" role=\"heading\" aria-level=\"2\">\n\t\t\t\t\t<div class=\"sow-accordion-panel-header\" tabindex=\"0\" role=\"button\" id=\"accordion-label-brani-biblici\" aria-controls=\"accordion-content-brani-biblici\" aria-expanded=\"false\">\n\t\t\t\t\t\t<div class=\"sow-accordion-title sow-accordion-title-icon-left\">\n\t\t\t\t\t\t\t\t\t\t\t\t\t\tBrani biblici\t\t\t\t\t\t\t\t\t\t\t\t\t<\/div>\n\t\t\t\t\t\t<div class=\"sow-accordion-open-close-button\">\n\t\t\t\t\t\t\t<div class=\"sow-accordion-open-button\">\n\t\t\t\t\t\t\t\t<span class=\"sow-icon-ionicons\" data-sow-icon=\"&#xf218;\"\n\t\t \n\t\taria-hidden=\"true\"><\/span>\t\t\t\t\t\t\t<\/div>\n\t\t\t\t\t\t\t<div class=\"sow-accordion-close-button\">\n\t\t\t\t\t\t\t\t<span class=\"sow-icon-ionicons\" data-sow-icon=\"&#xf209;\"\n\t\t \n\t\taria-hidden=\"true\"><\/span>\t\t\t\t\t\t\t<\/div>\n\t\t\t\t\t\t<\/div>\n\t\t\t\t\t<\/div>\n\t\t\t\t<\/div>\n\n\t\t\t<div\n\t\t\t\tclass=\"sow-accordion-panel-content\"\n\t\t\t\trole=\"region\"\n\t\t\t\taria-labelledby=\"accordion-label-brani-biblici\"\n\t\t\t\tid=\"accordion-content-brani-biblici\"\n\t\t\t\tstyle=\"display: none;\"\t\t\t>\n\t\t\t\t<div class=\"sow-accordion-panel-border\">\n\t\t\t\t\t<ul>\n<li>Vangelo secondo Matteo 26, 36-46 \u2013 Al Gets\u00e8mani<\/li>\n<li>Vangelo secondo Matteo 27, 46 \u2013 Morte di Ges\u00f9<\/li>\n<li>Vangelo secondo Luca 11, 37-46 \u2013 Incontro con i farisei e i dottori della legge<\/li>\n<li>Vangelo secondo Luca 24, 13-24 \u2013 Discepoli di Emmaus<\/li>\n<li>Vangelo secondo Giovanni 2, 13-17 \u2013 Ges\u00f9 scaccia i venditori dal tempio<\/li>\n<li>Vangelo secondo Giovanni 4, 1-42 \u2013 Incontro con l\u2019adultera e la Samaritana<\/li>\n<li>Vangelo secondo Giovanni 19, 25-27 \u2013 Ges\u00f9 consegna sua madre al discepolo<\/li>\n<li><a href=\"https:\/\/www.diocesitn.it\/area-annuncio\/wp-content\/uploads\/sites\/39\/2021\/02\/Catechesi-biblica_Eb1-2_GV-114_Dialogo.pdf\" target=\"_blank\" rel=\"noopener noreferrer\">Catechesi Biblica Eb1-1, GV 1,14 \u2013 con commento<\/a><\/li>\n<\/ul>\n\t\t\t\t<\/div>\n\t\t\t<\/div>\n\t\t<\/div>\n\t\t\t<div class=\"sow-accordion-panel\n\t\t\t\t\"\n\t\t\tdata-anchor-id=\"immagini-per-lettura-biblica\">\n\t\t\t\t<div class=\"sow-accordion-panel-header-container\" role=\"heading\" aria-level=\"2\">\n\t\t\t\t\t<div class=\"sow-accordion-panel-header\" tabindex=\"0\" role=\"button\" id=\"accordion-label-immagini-per-lettura-biblica\" aria-controls=\"accordion-content-immagini-per-lettura-biblica\" aria-expanded=\"false\">\n\t\t\t\t\t\t<div class=\"sow-accordion-title sow-accordion-title-icon-left\">\n\t\t\t\t\t\t\t\t\t\t\t\t\t\tImmagini per lettura biblica\t\t\t\t\t\t\t\t\t\t\t\t\t<\/div>\n\t\t\t\t\t\t<div class=\"sow-accordion-open-close-button\">\n\t\t\t\t\t\t\t<div class=\"sow-accordion-open-button\">\n\t\t\t\t\t\t\t\t<span class=\"sow-icon-ionicons\" data-sow-icon=\"&#xf218;\"\n\t\t \n\t\taria-hidden=\"true\"><\/span>\t\t\t\t\t\t\t<\/div>\n\t\t\t\t\t\t\t<div class=\"sow-accordion-close-button\">\n\t\t\t\t\t\t\t\t<span class=\"sow-icon-ionicons\" data-sow-icon=\"&#xf209;\"\n\t\t \n\t\taria-hidden=\"true\"><\/span>\t\t\t\t\t\t\t<\/div>\n\t\t\t\t\t\t<\/div>\n\t\t\t\t\t<\/div>\n\t\t\t\t<\/div>\n\n\t\t\t<div\n\t\t\t\tclass=\"sow-accordion-panel-content\"\n\t\t\t\trole=\"region\"\n\t\t\t\taria-labelledby=\"accordion-label-immagini-per-lettura-biblica\"\n\t\t\t\tid=\"accordion-content-immagini-per-lettura-biblica\"\n\t\t\t\tstyle=\"display: none;\"\t\t\t>\n\t\t\t\t<div class=\"sow-accordion-panel-border\">\n\t\t\t\t\t\t\t\t\t<\/div>\n\t\t\t<\/div>\n\t\t<\/div>\n\t\t\t<div class=\"sow-accordion-panel\n\t\t\t\t\"\n\t\t\tdata-anchor-id=\"lavoro-di-coppia\">\n\t\t\t\t<div class=\"sow-accordion-panel-header-container\" role=\"heading\" aria-level=\"2\">\n\t\t\t\t\t<div class=\"sow-accordion-panel-header\" tabindex=\"0\" role=\"button\" id=\"accordion-label-lavoro-di-coppia\" aria-controls=\"accordion-content-lavoro-di-coppia\" aria-expanded=\"false\">\n\t\t\t\t\t\t<div class=\"sow-accordion-title sow-accordion-title-icon-left\">\n\t\t\t\t\t\t\t\t\t\t\t\t\t\tLavoro di coppia\t\t\t\t\t\t\t\t\t\t\t\t\t<\/div>\n\t\t\t\t\t\t<div class=\"sow-accordion-open-close-button\">\n\t\t\t\t\t\t\t<div class=\"sow-accordion-open-button\">\n\t\t\t\t\t\t\t\t<span class=\"sow-icon-ionicons\" data-sow-icon=\"&#xf218;\"\n\t\t \n\t\taria-hidden=\"true\"><\/span>\t\t\t\t\t\t\t<\/div>\n\t\t\t\t\t\t\t<div class=\"sow-accordion-close-button\">\n\t\t\t\t\t\t\t\t<span class=\"sow-icon-ionicons\" data-sow-icon=\"&#xf209;\"\n\t\t \n\t\taria-hidden=\"true\"><\/span>\t\t\t\t\t\t\t<\/div>\n\t\t\t\t\t\t<\/div>\n\t\t\t\t\t<\/div>\n\t\t\t\t<\/div>\n\n\t\t\t<div\n\t\t\t\tclass=\"sow-accordion-panel-content\"\n\t\t\t\trole=\"region\"\n\t\t\t\taria-labelledby=\"accordion-label-lavoro-di-coppia\"\n\t\t\t\tid=\"accordion-content-lavoro-di-coppia\"\n\t\t\t\tstyle=\"display: none;\"\t\t\t>\n\t\t\t\t<div class=\"sow-accordion-panel-border\">\n\t\t\t\t\t<ul>\n<li>Scheda:\u00a0<a href=\"https:\/\/www.diocesitn.it\/area-annuncio\/wp-content\/uploads\/sites\/39\/2021\/03\/Lav.-coppia_Lettera-damore_Dialogo_Vocazione_Sacramento.pdf\" target=\"_blank\" rel=\"noopener noreferrer\">Lettera d\u2019amore<\/a><\/li>\n<li>Scheda:\u00a0<a href=\"https:\/\/www.diocesitn.it\/area-annuncio\/wp-content\/uploads\/sites\/39\/2021\/01\/Lav.-coppia_per-verifica-dialogo-di-coppia_Dialogo.pdf\" target=\"_blank\" rel=\"noopener noreferrer\">Per la verifica del dialogo di coppia<\/a><\/li>\n<li>Scheda:\u00a0<a href=\"https:\/\/www.diocesitn.it\/area-annuncio\/wp-content\/uploads\/sites\/39\/2021\/03\/Lav.-coppia_Per-conoscerci-meglio_Dialogo.pdf\" target=\"_blank\" rel=\"noopener noreferrer\">Per conoscerci meglio\u2026<\/a><\/li>\n<li>Scheda:\u00a0<a href=\"https:\/\/www.diocesitn.it\/area-annuncio\/wp-content\/uploads\/sites\/39\/2021\/03\/Lav.-coppia_Aperti-al-dialogo_Dialogo.pdf\" target=\"_blank\" rel=\"noopener noreferrer\">Aperti al dialogo<\/a><\/li>\n<li>Scheda:\u00a0<a href=\"https:\/\/www.diocesitn.it\/area-annuncio\/wp-content\/uploads\/sites\/39\/2021\/03\/Lav.-coppia_Atteggiamenti-da-scapolo_Dialogo.pdf\" target=\"_blank\" rel=\"noopener noreferrer\">Atteggiamenti da scapolo<\/a><\/li>\n<li>Scheda:\u00a0<a href=\"https:\/\/www.diocesitn.it\/area-annuncio\/wp-content\/uploads\/sites\/39\/2021\/03\/Lav.-coppia_Domande-stimolo-per-il-diaologo_Dialogo.pdf\" target=\"_blank\" rel=\"noopener noreferrer\">Domande stimolo per il dialogo di coppia<\/a><\/li>\n<li>Scheda:\u00a0<a href=\"https:\/\/www.diocesitn.it\/area-annuncio\/wp-content\/uploads\/sites\/39\/2021\/03\/Lav.-coppia_Chi-siamo-noi_Dialogo.pdf\" target=\"_blank\" rel=\"noopener noreferrer\">Chi siamo noi<\/a><\/li>\n<\/ul>\n\t\t\t\t<\/div>\n\t\t\t<\/div>\n\t\t<\/div>\n\t\t\t<div class=\"sow-accordion-panel\n\t\t\t\t\"\n\t\t\tdata-anchor-id=\"lavoro-di-gruppo\">\n\t\t\t\t<div class=\"sow-accordion-panel-header-container\" role=\"heading\" aria-level=\"2\">\n\t\t\t\t\t<div class=\"sow-accordion-panel-header\" tabindex=\"0\" role=\"button\" id=\"accordion-label-lavoro-di-gruppo\" aria-controls=\"accordion-content-lavoro-di-gruppo\" aria-expanded=\"false\">\n\t\t\t\t\t\t<div class=\"sow-accordion-title sow-accordion-title-icon-left\">\n\t\t\t\t\t\t\t\t\t\t\t\t\t\tLavoro di gruppo\t\t\t\t\t\t\t\t\t\t\t\t\t<\/div>\n\t\t\t\t\t\t<div class=\"sow-accordion-open-close-button\">\n\t\t\t\t\t\t\t<div class=\"sow-accordion-open-button\">\n\t\t\t\t\t\t\t\t<span class=\"sow-icon-ionicons\" data-sow-icon=\"&#xf218;\"\n\t\t \n\t\taria-hidden=\"true\"><\/span>\t\t\t\t\t\t\t<\/div>\n\t\t\t\t\t\t\t<div class=\"sow-accordion-close-button\">\n\t\t\t\t\t\t\t\t<span class=\"sow-icon-ionicons\" data-sow-icon=\"&#xf209;\"\n\t\t \n\t\taria-hidden=\"true\"><\/span>\t\t\t\t\t\t\t<\/div>\n\t\t\t\t\t\t<\/div>\n\t\t\t\t\t<\/div>\n\t\t\t\t<\/div>\n\n\t\t\t<div\n\t\t\t\tclass=\"sow-accordion-panel-content\"\n\t\t\t\trole=\"region\"\n\t\t\t\taria-labelledby=\"accordion-label-lavoro-di-gruppo\"\n\t\t\t\tid=\"accordion-content-lavoro-di-gruppo\"\n\t\t\t\tstyle=\"display: none;\"\t\t\t>\n\t\t\t\t<div class=\"sow-accordion-panel-border\">\n\t\t\t\t\t<ul>\n<li>Scheda:\u00a0<a href=\"https:\/\/www.diocesitn.it\/area-annuncio\/wp-content\/uploads\/sites\/39\/2021\/01\/Lav.-gruppo_Lalbero-del-dialogo_Dialogo.pdf\" target=\"_blank\" rel=\"noopener noreferrer\">L\u2019albero del dialogo<\/a><\/li>\n<\/ul>\n\t\t\t\t<\/div>\n\t\t\t<\/div>\n\t\t<\/div>\n\t\t\t<div class=\"sow-accordion-panel\n\t\t\t\t\"\n\t\t\tdata-anchor-id=\"film-video\">\n\t\t\t\t<div class=\"sow-accordion-panel-header-container\" role=\"heading\" aria-level=\"2\">\n\t\t\t\t\t<div class=\"sow-accordion-panel-header\" tabindex=\"0\" role=\"button\" id=\"accordion-label-filmvideo\" aria-controls=\"accordion-content-filmvideo\" aria-expanded=\"false\">\n\t\t\t\t\t\t<div class=\"sow-accordion-title sow-accordion-title-icon-left\">\n\t\t\t\t\t\t\t\t\t\t\t\t\t\tFilm\/video\t\t\t\t\t\t\t\t\t\t\t\t\t<\/div>\n\t\t\t\t\t\t<div class=\"sow-accordion-open-close-button\">\n\t\t\t\t\t\t\t<div class=\"sow-accordion-open-button\">\n\t\t\t\t\t\t\t\t<span class=\"sow-icon-ionicons\" data-sow-icon=\"&#xf218;\"\n\t\t \n\t\taria-hidden=\"true\"><\/span>\t\t\t\t\t\t\t<\/div>\n\t\t\t\t\t\t\t<div class=\"sow-accordion-close-button\">\n\t\t\t\t\t\t\t\t<span class=\"sow-icon-ionicons\" data-sow-icon=\"&#xf209;\"\n\t\t \n\t\taria-hidden=\"true\"><\/span>\t\t\t\t\t\t\t<\/div>\n\t\t\t\t\t\t<\/div>\n\t\t\t\t\t<\/div>\n\t\t\t\t<\/div>\n\n\t\t\t<div\n\t\t\t\tclass=\"sow-accordion-panel-content\"\n\t\t\t\trole=\"region\"\n\t\t\t\taria-labelledby=\"accordion-label-filmvideo\"\n\t\t\t\tid=\"accordion-content-filmvideo\"\n\t\t\t\tstyle=\"display: none;\"\t\t\t>\n\t\t\t\t<div class=\"sow-accordion-panel-border\">\n\t\t\t\t\t<ul>\n<li><a href=\"https:\/\/www.diocesitn.it\/area-annuncio\/wp-content\/uploads\/sites\/39\/2022\/02\/FIREPROOF-materiale-per-la-riflessione.pdf\" target=\"_blank\" rel=\"noopener\">Fireproof<\/a><\/li>\n<li><a href=\"https:\/\/www.cnvf.it\/film\/dopo-il-matrimonio\/\" target=\"_blank\" rel=\"noopener\">Dopo il matrimonio<\/a><\/li>\n<li><a href=\"https:\/\/www.diocesitn.it\/area-annuncio\/wp-content\/uploads\/sites\/39\/2022\/11\/Le-cose-che-non-ti-ho-detto_Scheda-film.pdf\" target=\"_blank\" rel=\"noopener\">Le cose che non ti ho detto\u00a0<\/a> \u00a0 \u00a0 \u00a0 \u00a0<a href=\"https:\/\/www.diocesitn.it\/area-annuncio\/wp-content\/uploads\/sites\/39\/2022\/11\/Le-cose-che-non-ti-ho-detto_RecensioneVT.pdf\" target=\"_blank\" rel=\"noopener\">Recensione Vita Trentina<\/a>\u00a0 \u00a0 \u00a0 \u00a0 \u00a0 \u00a0 \u00a0<a href=\"https:\/\/www.diocesitn.it\/area-annuncio\/wp-content\/uploads\/sites\/39\/2022\/11\/Le-cose-che-non-ti-ho-detto_Recensione.pdf\" target=\"_blank\" rel=\"noopener\">Recensione<\/a><\/li>\n<\/ul>\n\t\t\t\t<\/div>\n\t\t\t<\/div>\n\t\t<\/div>\n\t\t\t<div class=\"sow-accordion-panel\n\t\t\t\t\"\n\t\t\tdata-anchor-id=\"canzoni\">\n\t\t\t\t<div class=\"sow-accordion-panel-header-container\" role=\"heading\" aria-level=\"2\">\n\t\t\t\t\t<div class=\"sow-accordion-panel-header\" tabindex=\"0\" role=\"button\" id=\"accordion-label-canzoni\" aria-controls=\"accordion-content-canzoni\" aria-expanded=\"false\">\n\t\t\t\t\t\t<div class=\"sow-accordion-title sow-accordion-title-icon-left\">\n\t\t\t\t\t\t\t\t\t\t\t\t\t\tCanzoni\t\t\t\t\t\t\t\t\t\t\t\t\t<\/div>\n\t\t\t\t\t\t<div class=\"sow-accordion-open-close-button\">\n\t\t\t\t\t\t\t<div class=\"sow-accordion-open-button\">\n\t\t\t\t\t\t\t\t<span class=\"sow-icon-ionicons\" data-sow-icon=\"&#xf218;\"\n\t\t \n\t\taria-hidden=\"true\"><\/span>\t\t\t\t\t\t\t<\/div>\n\t\t\t\t\t\t\t<div class=\"sow-accordion-close-button\">\n\t\t\t\t\t\t\t\t<span class=\"sow-icon-ionicons\" data-sow-icon=\"&#xf209;\"\n\t\t \n\t\taria-hidden=\"true\"><\/span>\t\t\t\t\t\t\t<\/div>\n\t\t\t\t\t\t<\/div>\n\t\t\t\t\t<\/div>\n\t\t\t\t<\/div>\n\n\t\t\t<div\n\t\t\t\tclass=\"sow-accordion-panel-content\"\n\t\t\t\trole=\"region\"\n\t\t\t\taria-labelledby=\"accordion-label-canzoni\"\n\t\t\t\tid=\"accordion-content-canzoni\"\n\t\t\t\tstyle=\"display: none;\"\t\t\t>\n\t\t\t\t<div class=\"sow-accordion-panel-border\">\n\t\t\t\t\t<table style=\"border-collapse: collapse;width: 100%\" border=\"1\">\n<tbody>\n<tr>\n<td style=\"width: 47.1202%\">- Meraviglioso amore mio \u2013 Arisa<\/td>\n<td style=\"width: 13.4055%\"><a href=\"https:\/\/www.diocesitn.it\/area-annuncio\/wp-content\/uploads\/sites\/39\/2020\/11\/Meraviglioso-amore-mio-Arisa.pdf\" target=\"_blank\" rel=\"noopener noreferrer\">Testo<\/a><\/td>\n<td style=\"width: 7.59424%\"><a href=\"https:\/\/www.youtube.com\/watch?v=nnqQwR40oV4\" target=\"_blank\" rel=\"noopener noreferrer\">Video<\/a><\/td>\n<td style=\"width: 31.88%\"><\/td>\n<\/tr>\n<tr>\n<td style=\"width: 47.1202%\">- Salvami \u2013 Mod\u00e0<\/td>\n<td style=\"width: 13.4055%\"><a href=\"https:\/\/www.diocesitn.it\/area-annuncio\/wp-content\/uploads\/sites\/39\/2020\/11\/Salvami-Moda-testo.pdf\" target=\"_blank\" rel=\"noopener noreferrer\">Testo<\/a><\/td>\n<td style=\"width: 7.59424%\"><a href=\"https:\/\/www.youtube.com\/watch?v=TIEuxIFvuLo\" target=\"_blank\" rel=\"noopener noreferrer\">Video<\/a><\/td>\n<td style=\"width: 31.88%\"><a href=\"https:\/\/www.diocesitn.it\/area-annuncio\/wp-content\/uploads\/sites\/39\/2022\/04\/Note-per-lutilizzo-1.pdf\" target=\"_blank\" rel=\"noopener\">Note per l'utilizzo della canzone<\/a><\/td>\n<\/tr>\n<\/tbody>\n<\/table>\n<p><a href=\"https:\/\/www.diocesitn.it\/area-annuncio\/wp-content\/uploads\/sites\/39\/2020\/11\/Salvami-Moda-testo.pdf\" target=\"_blank\" rel=\"noopener noreferrer\">\u00a0<\/a><\/p>\n\t\t\t\t<\/div>\n\t\t\t<\/div>\n\t\t<\/div>\n\t\t\t<div class=\"sow-accordion-panel\n\t\t\t\t\"\n\t\t\tdata-anchor-id=\"per-riflettere\">\n\t\t\t\t<div class=\"sow-accordion-panel-header-container\" role=\"heading\" aria-level=\"2\">\n\t\t\t\t\t<div class=\"sow-accordion-panel-header\" tabindex=\"0\" role=\"button\" id=\"accordion-label-per-riflettere\" aria-controls=\"accordion-content-per-riflettere\" aria-expanded=\"false\">\n\t\t\t\t\t\t<div class=\"sow-accordion-title sow-accordion-title-icon-left\">\n\t\t\t\t\t\t\t\t\t\t\t\t\t\tper riflettere\t\t\t\t\t\t\t\t\t\t\t\t\t<\/div>\n\t\t\t\t\t\t<div class=\"sow-accordion-open-close-button\">\n\t\t\t\t\t\t\t<div class=\"sow-accordion-open-button\">\n\t\t\t\t\t\t\t\t<span class=\"sow-icon-ionicons\" data-sow-icon=\"&#xf218;\"\n\t\t \n\t\taria-hidden=\"true\"><\/span>\t\t\t\t\t\t\t<\/div>\n\t\t\t\t\t\t\t<div class=\"sow-accordion-close-button\">\n\t\t\t\t\t\t\t\t<span class=\"sow-icon-ionicons\" data-sow-icon=\"&#xf209;\"\n\t\t \n\t\taria-hidden=\"true\"><\/span>\t\t\t\t\t\t\t<\/div>\n\t\t\t\t\t\t<\/div>\n\t\t\t\t\t<\/div>\n\t\t\t\t<\/div>\n\n\t\t\t<div\n\t\t\t\tclass=\"sow-accordion-panel-content\"\n\t\t\t\trole=\"region\"\n\t\t\t\taria-labelledby=\"accordion-label-per-riflettere\"\n\t\t\t\tid=\"accordion-content-per-riflettere\"\n\t\t\t\tstyle=\"display: none;\"\t\t\t>\n\t\t\t\t<div class=\"sow-accordion-panel-border\">\n\t\t\t\t\t<ul>\n<li><a href=\"https:\/\/www.diocesitn.it\/area-annuncio\/wp-content\/uploads\/sites\/39\/2020\/12\/Riflessione_Comunicazione-uomo-donna_Gardin_Dialogo.pdf\" target=\"_blank\" rel=\"noopener noreferrer\">Comunicazione uomo\/donna \u2013 L. Gardin<\/a><\/li>\n<li><a href=\"https:\/\/www.diocesitn.it\/area-annuncio\/wp-content\/uploads\/sites\/39\/2020\/12\/Riflessione_Casa-porte-aperte-e-porte-chiuse_Fecondita_Dialogo.pdf\" target=\"_blank\" rel=\"noopener noreferrer\">Casa a porte aperte e a porte chiuse<\/a><\/li>\n<li><a href=\"https:\/\/www.diocesitn.it\/area-annuncio\/wp-content\/uploads\/sites\/39\/2021\/01\/Riflessione_Quello-che..._Dialogo.pdf\" target=\"_blank\" rel=\"noopener noreferrer\">Quello che\u2026<\/a><\/li>\n<li><a href=\"https:\/\/www.diocesitn.it\/area-annuncio\/wp-content\/uploads\/sites\/39\/2021\/01\/Riflessione_Le-insidie-dell-ascolto_Dialogo.pdf\" target=\"_blank\" rel=\"noopener noreferrer\">Le insidie dell\u2019ascolto<\/a><\/li>\n<\/ul>\n\t\t\t\t<\/div>\n\t\t\t<\/div>\n\t\t<\/div>\n\t\t<\/div>\n<\/div>\n<\/div><\/div><\/div><div id=\"panel-14448-1-0-2\" class=\"so-panel widget widget_sow-editor\" data-index=\"4\" ><div\n\t\t\t\n\t\t\tclass=\"so-widget-sow-editor so-widget-sow-editor-base\"\n\t\t\t\n\t\t>\n<div class=\"siteorigin-widget-tinymce textwidget\">\n\t<h5 style=\"text-align: right\"><a href=\"#inizio\"><strong>\u21d1<\/strong><\/a><\/h5>\n<\/div>\n<\/div><\/div><div id=\"panel-14448-1-0-3\" class=\"so-panel widget widget_sow-accordion\" data-index=\"5\" ><div id=\"saperne\" class=\"panel-widget-style panel-widget-style-for-14448-1-0-3\" ><div\n\t\t\t\n\t\t\tclass=\"so-widget-sow-accordion so-widget-sow-accordion-default-399e2846cd01-14448\"\n\t\t\t\n\t\t><h3 class=\"widget-title\">Per saperne di pi\u00f9<\/h3><div>\n\t<div class=\"sow-accordion\">\n\t\t\t<div class=\"sow-accordion-panel\n\t\t\t\t\"\n\t\t\tdata-anchor-id=\"libri\">\n\t\t\t\t<div class=\"sow-accordion-panel-header-container\" role=\"heading\" aria-level=\"2\">\n\t\t\t\t\t<div class=\"sow-accordion-panel-header\" tabindex=\"0\" role=\"button\" id=\"accordion-label-libri\" aria-controls=\"accordion-content-libri\" aria-expanded=\"false\">\n\t\t\t\t\t\t<div class=\"sow-accordion-title sow-accordion-title-icon-left\">\n\t\t\t\t\t\t\t\t\t\t\t\t\t\tLibri\t\t\t\t\t\t\t\t\t\t\t\t\t<\/div>\n\t\t\t\t\t\t<div class=\"sow-accordion-open-close-button\">\n\t\t\t\t\t\t\t<div class=\"sow-accordion-open-button\">\n\t\t\t\t\t\t\t\t<span class=\"sow-icon-ionicons\" data-sow-icon=\"&#xf218;\"\n\t\t \n\t\taria-hidden=\"true\"><\/span>\t\t\t\t\t\t\t<\/div>\n\t\t\t\t\t\t\t<div class=\"sow-accordion-close-button\">\n\t\t\t\t\t\t\t\t<span class=\"sow-icon-ionicons\" data-sow-icon=\"&#xf209;\"\n\t\t \n\t\taria-hidden=\"true\"><\/span>\t\t\t\t\t\t\t<\/div>\n\t\t\t\t\t\t<\/div>\n\t\t\t\t\t<\/div>\n\t\t\t\t<\/div>\n\n\t\t\t<div\n\t\t\t\tclass=\"sow-accordion-panel-content\"\n\t\t\t\trole=\"region\"\n\t\t\t\taria-labelledby=\"accordion-label-libri\"\n\t\t\t\tid=\"accordion-content-libri\"\n\t\t\t\tstyle=\"display: none;\"\t\t\t>\n\t\t\t\t<div class=\"sow-accordion-panel-border\">\n\t\t\t\t\t\t\t\t\t<\/div>\n\t\t\t<\/div>\n\t\t<\/div>\n\t\t\t<div class=\"sow-accordion-panel\n\t\t\t\t\"\n\t\t\tdata-anchor-id=\"articoli\">\n\t\t\t\t<div class=\"sow-accordion-panel-header-container\" role=\"heading\" aria-level=\"2\">\n\t\t\t\t\t<div class=\"sow-accordion-panel-header\" tabindex=\"0\" role=\"button\" id=\"accordion-label-articoli\" aria-controls=\"accordion-content-articoli\" aria-expanded=\"false\">\n\t\t\t\t\t\t<div class=\"sow-accordion-title sow-accordion-title-icon-left\">\n\t\t\t\t\t\t\t\t\t\t\t\t\t\tArticoli\t\t\t\t\t\t\t\t\t\t\t\t\t<\/div>\n\t\t\t\t\t\t<div class=\"sow-accordion-open-close-button\">\n\t\t\t\t\t\t\t<div class=\"sow-accordion-open-button\">\n\t\t\t\t\t\t\t\t<span class=\"sow-icon-ionicons\" data-sow-icon=\"&#xf218;\"\n\t\t \n\t\taria-hidden=\"true\"><\/span>\t\t\t\t\t\t\t<\/div>\n\t\t\t\t\t\t\t<div class=\"sow-accordion-close-button\">\n\t\t\t\t\t\t\t\t<span class=\"sow-icon-ionicons\" data-sow-icon=\"&#xf209;\"\n\t\t \n\t\taria-hidden=\"true\"><\/span>\t\t\t\t\t\t\t<\/div>\n\t\t\t\t\t\t<\/div>\n\t\t\t\t\t<\/div>\n\t\t\t\t<\/div>\n\n\t\t\t<div\n\t\t\t\tclass=\"sow-accordion-panel-content\"\n\t\t\t\trole=\"region\"\n\t\t\t\taria-labelledby=\"accordion-label-articoli\"\n\t\t\t\tid=\"accordion-content-articoli\"\n\t\t\t\tstyle=\"display: none;\"\t\t\t>\n\t\t\t\t<div class=\"sow-accordion-panel-border\">\n\t\t\t\t\t\t\t\t\t<\/div>\n\t\t\t<\/div>\n\t\t<\/div>\n\t\t\t<div class=\"sow-accordion-panel\n\t\t\t\t\"\n\t\t\tdata-anchor-id=\"testi\">\n\t\t\t\t<div class=\"sow-accordion-panel-header-container\" role=\"heading\" aria-level=\"2\">\n\t\t\t\t\t<div class=\"sow-accordion-panel-header\" tabindex=\"0\" role=\"button\" id=\"accordion-label-testi\" aria-controls=\"accordion-content-testi\" aria-expanded=\"false\">\n\t\t\t\t\t\t<div class=\"sow-accordion-title sow-accordion-title-icon-left\">\n\t\t\t\t\t\t\t\t\t\t\t\t\t\tTesti\t\t\t\t\t\t\t\t\t\t\t\t\t<\/div>\n\t\t\t\t\t\t<div class=\"sow-accordion-open-close-button\">\n\t\t\t\t\t\t\t<div class=\"sow-accordion-open-button\">\n\t\t\t\t\t\t\t\t<span class=\"sow-icon-ionicons\" data-sow-icon=\"&#xf218;\"\n\t\t \n\t\taria-hidden=\"true\"><\/span>\t\t\t\t\t\t\t<\/div>\n\t\t\t\t\t\t\t<div class=\"sow-accordion-close-button\">\n\t\t\t\t\t\t\t\t<span class=\"sow-icon-ionicons\" data-sow-icon=\"&#xf209;\"\n\t\t \n\t\taria-hidden=\"true\"><\/span>\t\t\t\t\t\t\t<\/div>\n\t\t\t\t\t\t<\/div>\n\t\t\t\t\t<\/div>\n\t\t\t\t<\/div>\n\n\t\t\t<div\n\t\t\t\tclass=\"sow-accordion-panel-content\"\n\t\t\t\trole=\"region\"\n\t\t\t\taria-labelledby=\"accordion-label-testi\"\n\t\t\t\tid=\"accordion-content-testi\"\n\t\t\t\tstyle=\"display: none;\"\t\t\t>\n\t\t\t\t<div class=\"sow-accordion-panel-border\">\n\t\t\t\t\t\t\t\t\t<\/div>\n\t\t\t<\/div>\n\t\t<\/div>\n\t\t\t<div class=\"sow-accordion-panel\n\t\t\t\t\"\n\t\t\tdata-anchor-id=\"relazioni\">\n\t\t\t\t<div class=\"sow-accordion-panel-header-container\" role=\"heading\" aria-level=\"2\">\n\t\t\t\t\t<div class=\"sow-accordion-panel-header\" tabindex=\"0\" role=\"button\" id=\"accordion-label-relazioni\" aria-controls=\"accordion-content-relazioni\" aria-expanded=\"false\">\n\t\t\t\t\t\t<div class=\"sow-accordion-title sow-accordion-title-icon-left\">\n\t\t\t\t\t\t\t\t\t\t\t\t\t\tRelazioni\t\t\t\t\t\t\t\t\t\t\t\t\t<\/div>\n\t\t\t\t\t\t<div class=\"sow-accordion-open-close-button\">\n\t\t\t\t\t\t\t<div class=\"sow-accordion-open-button\">\n\t\t\t\t\t\t\t\t<span class=\"sow-icon-ionicons\" data-sow-icon=\"&#xf218;\"\n\t\t \n\t\taria-hidden=\"true\"><\/span>\t\t\t\t\t\t\t<\/div>\n\t\t\t\t\t\t\t<div class=\"sow-accordion-close-button\">\n\t\t\t\t\t\t\t\t<span class=\"sow-icon-ionicons\" data-sow-icon=\"&#xf209;\"\n\t\t \n\t\taria-hidden=\"true\"><\/span>\t\t\t\t\t\t\t<\/div>\n\t\t\t\t\t\t<\/div>\n\t\t\t\t\t<\/div>\n\t\t\t\t<\/div>\n\n\t\t\t<div\n\t\t\t\tclass=\"sow-accordion-panel-content\"\n\t\t\t\trole=\"region\"\n\t\t\t\taria-labelledby=\"accordion-label-relazioni\"\n\t\t\t\tid=\"accordion-content-relazioni\"\n\t\t\t\tstyle=\"display: none;\"\t\t\t>\n\t\t\t\t<div class=\"sow-accordion-panel-border\">\n\t\t\t\t\t\t\t\t\t<\/div>\n\t\t\t<\/div>\n\t\t<\/div>\n\t\t\t<div class=\"sow-accordion-panel\n\t\t\t\t\"\n\t\t\tdata-anchor-id=\"altro\">\n\t\t\t\t<div class=\"sow-accordion-panel-header-container\" role=\"heading\" aria-level=\"2\">\n\t\t\t\t\t<div class=\"sow-accordion-panel-header\" tabindex=\"0\" role=\"button\" id=\"accordion-label-altro\" aria-controls=\"accordion-content-altro\" aria-expanded=\"false\">\n\t\t\t\t\t\t<div class=\"sow-accordion-title sow-accordion-title-icon-left\">\n\t\t\t\t\t\t\t\t\t\t\t\t\t\tAltro\t\t\t\t\t\t\t\t\t\t\t\t\t<\/div>\n\t\t\t\t\t\t<div class=\"sow-accordion-open-close-button\">\n\t\t\t\t\t\t\t<div class=\"sow-accordion-open-button\">\n\t\t\t\t\t\t\t\t<span class=\"sow-icon-ionicons\" data-sow-icon=\"&#xf218;\"\n\t\t \n\t\taria-hidden=\"true\"><\/span>\t\t\t\t\t\t\t<\/div>\n\t\t\t\t\t\t\t<div class=\"sow-accordion-close-button\">\n\t\t\t\t\t\t\t\t<span class=\"sow-icon-ionicons\" data-sow-icon=\"&#xf209;\"\n\t\t \n\t\taria-hidden=\"true\"><\/span>\t\t\t\t\t\t\t<\/div>\n\t\t\t\t\t\t<\/div>\n\t\t\t\t\t<\/div>\n\t\t\t\t<\/div>\n\n\t\t\t<div\n\t\t\t\tclass=\"sow-accordion-panel-content\"\n\t\t\t\trole=\"region\"\n\t\t\t\taria-labelledby=\"accordion-label-altro\"\n\t\t\t\tid=\"accordion-content-altro\"\n\t\t\t\tstyle=\"display: none;\"\t\t\t>\n\t\t\t\t<div class=\"sow-accordion-panel-border\">\n\t\t\t\t\t<ul>\n<li><a href=\"https:\/\/www.diocesitn.it\/area-annuncio\/difficolta-e-crisi-di-coppia\/\" target=\"_blank\" rel=\"noopener noreferrer\">Spazio Ascolto Famiglia<\/a><\/li>\n<li><a href=\"https:\/\/www.incontromatrimoniale.org\/\" target=\"_blank\" rel=\"noopener noreferrer\">Incontro Matrimoniale<\/a><\/li>\n<\/ul>\n\t\t\t\t<\/div>\n\t\t\t<\/div>\n\t\t<\/div>\n\t\t<\/div>\n<\/div>\n<\/div><\/div><\/div><div id=\"panel-14448-1-0-4\" class=\"so-panel widget widget_sow-editor\" data-index=\"6\" ><div\n\t\t\t\n\t\t\tclass=\"so-widget-sow-editor so-widget-sow-editor-base\"\n\t\t\t\n\t\t>\n<div class=\"siteorigin-widget-tinymce textwidget\">\n\t<h5 style=\"text-align: right\"><a href=\"#inizio\"><strong>\u21d1<\/strong><\/a><\/h5>\n<\/div>\n<\/div><\/div><div id=\"panel-14448-1-0-5\" class=\"so-panel widget widget_sow-editor panel-last-child\" data-index=\"7\" ><div id=\"approfondire\" class=\"panel-widget-style panel-widget-style-for-14448-1-0-5\" ><div\n\t\t\t\n\t\t\tclass=\"so-widget-sow-editor so-widget-sow-editor-base\"\n\t\t\t\n\t\t><h3 class=\"widget-title\">PER APPROFONDIRE<\/h3>\n<div class=\"siteorigin-widget-tinymce textwidget\">\n\t<p style=\"text-align: right\"><span style=\"color: #0000ff\"><strong>La comunicazione verbale e non verbale<\/strong><\/span><\/p>\n<p>La comunicazione non \u00e8 fatta solo di parole, ma anche di altri elementi. Attraverso la comunicazione verbale possiamo esprimere richieste, raccontare stati d\u2019animo, condividere opinioni, impartire ordini; ma anche il corpo parla, attraverso un linguaggio chiamato non verbale. I messaggi del corpo possono rinforzare ci\u00f2 che esprimiamo con la voce, ma a volte anche trasmettere messaggi diversi. Con il corpo possiamo comunicare in maniera consapevole; altre volte, senza accorgerci, esprimiamo messaggi molto diversi dalle nostre intenzioni o dalle nostre parole.<br \/>\nAlcuni esempi di linguaggio non verbale sono lo sguardo, la gestualit\u00e0, il contatto fisico, la modulazione della voce.<br \/>\nTraducendo nel concreto, durante una comunicazione possiamo, per esempio evitare lo sguardo dell\u2019altro, fare altre cose mentre lo ascoltiamo, prenderlo per mano, fare cenni di assenso, sorridere, sbuffare. Utilizzando il linguaggio del corpo \u00e8 dunque possibile amplificare ci\u00f2 che esprimiamo con la voce. Esercitandoci in questa competenza, mettendola in pratica per esprimere l\u2019amore che vogliamo manifestare per l\u2019altro, miglioriamo la nostra relazione.<\/p>\n<p>&nbsp;<\/p>\n<p style=\"text-align: right\"><span style=\"color: #0000ff\"><strong>Le caratteristiche del buon ascolto<\/strong><\/span><\/p>\n<p>Se desidero essere efficace ed empatico durante una condivisione profonda, posso usare alcuni accorgimenti come, per esempio, mantenere il contatto visivo (ti sto guardando), fare cenni con il capo (ti sto ascoltando), sospendere altre attivit\u00e0 che stavo facendo (ti dedico del tempo di qualit\u00e0), valutare insieme un momento pi\u00f9 opportuno nel quale dialogare, se in quel momento non ho tempo di ascoltare. Ascoltare non \u00e8 semplicemente \u201csentire\u201d, ma coinvolge anche la nostra volont\u00e0; ad alcuni viene spontaneo, altri hanno bisogno di pi\u00f9 esercizio per affinare questa capacit\u00e0.<br \/>\nCome giudica la mia capacit\u00e0 di ascolto la persona che mi sta accanto? Gliel\u2019ho mai chiesto? Questo pu\u00f2 essere un buon punto di partenza per cominciare ad allenarsi.<\/p>\n<p>&nbsp;<\/p>\n<p style=\"text-align: right\"><span style=\"color: #0000ff\"><strong>La differenza tra trasmettere informazioni e condividere stati d\u2019animo<\/strong><\/span><\/p>\n<p>Condividere una lista della spesa ha bisogno di un impegno emotivo minore che ascoltare il racconto di una giornata lavorativa faticosa o la decisione di una strategia educativa condivisa per i propri figli. Se la famiglia \u00e8 il luogo in cui condividere la propria giornata e trovare ascolto e aiuto reciproco, \u00e8 importante saper distinguere le cose importanti da quelle che lo sono meno. Non sempre le cose importanti per me lo sono anche per l\u2019altro. Talvolta argomenti che possono sembrare banali portano con s\u00e9 un carico di emotivit\u00e0 molto grande. Prestare maggiore attenzione quando l\u2019altro condivide qualcosa di importante e imparare cosa \u00e8 importante per lui aiuta a migliorare il dialogo nella coppia.<\/p>\n<p>&nbsp;<\/p>\n<p style=\"text-align: right\"><span style=\"color: #0000ff\"><strong>Comunicare: bisogni, emozioni, azioni e relazione tra essi<\/strong><\/span><\/p>\n<p>Ciascuno di noi ha dei bisogni (affettivi, fisici, relazionali) e pu\u00f2 esserne pi\u00f9 o meno consapevole. Essi, in noi, suscitano delle emozioni. Queste non sono di per s\u00e9 buone o cattive; sono per\u00f2 gradevoli o spiacevoli e ci dicono qualcosa, rispetto ai bisogni che abbiamo in quel momento. Saper riconoscere le emozioni, capirle e riflettere sul bisogno che le ha fatte nascere, ci permette di compiere le azioni necessarie alla soddisfazione del bisogno o di differirle nel tempo.<br \/>\nLe azioni (come ci comportiamo, in reazione al nostro bisogno) possono invece essere buone o cattive, utili o dannose per la nostra relazione con l\u2019altro.<br \/>\nCi possiamo trovare talvolta di fronte a reazioni dell\u2019altro che sembrano incomprensibilmente esagerate, oppure capita di scattare in maniera imprevista, reagendo a qualcosa che, riflettendoci con calma a posteriori, non valutiamo in realt\u00e0 cos\u00ec importante. Riuscire a comprendere i nostri bisogni profondi \u00e8 la chiave per stabilire una comunicazione positiva, serena e sincera con l\u2019altro.<br \/>\nRiusciamo a fermarci, aiutati da chi ci sta accanto, davanti alle nostre azioni \u201cesagerate\u201d, cercando di scoprire insieme cosa le ha scatenate? Riusciamo ad accogliere tutte le nostre emozioni, per poi cercare insieme di andare a fondo per scoprire i bisogni che le hanno fatte emergere?<\/p>\n<p>&nbsp;<\/p>\n<p style=\"text-align: right\"><span style=\"color: #0000ff\"><strong>Giudizio e pregiudizio<\/strong><\/span><\/p>\n<p>Nella vita ci troviamo quotidianamente ad esprimere giudizi sulle pi\u00f9 diverse situazioni. Lo facciamo in base alle opinioni che le esperienze vissute ci portano ad avere su questo o quell\u2019argomento. Giudicare \u00e8 un aspetto importante della vita, poich\u00e9 permette di effettuare delle scelte, anche se non sempre coerenti con quelle che farebbe chi ci sta vicino. Siamo diversi; la nostra visione della realt\u00e0 che ci circonda fa parte della nostra identit\u00e0. \u00c9 per questo che la diversit\u00e0 di opinioni e di abitudini pu\u00f2 generare conflitto; nel mezzo della discussione \u00e8 importante per\u00f2 non cadere nella tentazione di esprimere giudizi sulla persona nella sua interezza. Sentirsi frequentemente giudicati personalmente, in risposta ad alcuni dei nostri pensieri o azioni, nuoce alla relazione.<br \/>\n\u00c9 molto utile imparare ad ascoltare in modo non superficiale chi condivide la nostra casa; in caso contrario, possono nascere i pregiudizi. Quando mettiamo un\u2019etichetta sulla persona che amiamo, sopprimiamo il cambiamento possibile. Il cambiamento \u00e8 una libera risposta di amore da parte di chi si sente amato.<br \/>\nQuante volte uso i termini generici \u201cfai sempre cos\u00ec\u201d e \u201cnon fai mai cos\u00ec\u201d quando parlo di tuoi comportamenti, invece di riferirmi alle singole volte che un tuo comportamento mi ha dato fastidio? Quante volte dico \u201cmi farebbe piacere se\u2026\u201d, invece che \u201cnon devi fare\u2026\u201d oppure \u201codio quando fai\u2026\u201d?<\/p>\n<p>&nbsp;<\/p>\n<p style=\"text-align: right\"><span style=\"color: #0000ff\"><strong>Strumenti per custodire la relazione della coppia e migliorare le capacit\u00e0 di dialogo<\/strong><\/span><\/p>\n<p>Ecco alcuni strumenti generali che possono custodire la coppia e migliorare il dialogo, in particolare quando la famiglia cresce.<br \/>\nTrovare spesso del tempo esclusivo e di qualit\u00e0 per la coppia \u00e8 molto utile, perch\u00e9 permette di guidare la relazione e discutere bene argomenti importanti.<br \/>\nSottoporre ad un parere condiviso la scelta di dedicare tempo ad hobbies personali, permette di lasciare a tutti spazio per le proprie relazioni e aspirazioni; pu\u00f2 essere molto utile avere un calendario in comune su cui segnare gli impegni di tutti.<br \/>\nInoltre, considerare il lavoro come uno strumento e non come un obiettivo ridona alla famiglia il ruolo centrale che le spetta.<br \/>\nNon attribuire troppa importanza ai figli e alle proprie famiglie di origine permette di tenere al centro la coppia e di non togliere tempo alla relazione; non \u00e8 questione di trascurare queste due componenti molto importanti, ma di non lasciarsi assorbire da esse in maniera esagerata. In alcune famiglie la mancanza di un equilibrio in questo ambito \u00e8 diventato un grave motivo di discordia.<br \/>\nOgni coppia conoscer\u00e0, comunque, sicuramente altri strumenti personali efficaci per custodire la propria relazione.<br \/>\n\u00c8 importante usare un po\u2019 di ironia, con se stessi e nel dialogo, e non prendersi troppo seriamente, cos\u00ec da saper sdrammatizzare. Ci\u00f2 non significa mancare di seriet\u00e0, quando \u00e8 necessaria.<br \/>\nSe il dialogo della coppia rimane in salute, stanno bene anche i figli e i rapporti con l\u2019esterno sono positivi e limpidi.<br \/>\nNei casi in cui il dialogo sia diventato difficile, esistono percorsi efficaci, centrati sul dialogo, che la Chiesa offre per la coppia.<\/p>\n<p>&nbsp;<\/p>\n<p style=\"text-align: right\"><span style=\"color: #0000ff\"><strong>Il dialogo nel modo in cui Ges\u00f9 si relaziona con le persone nel Vangelo e nell\u2019Amoris Laetitia<\/strong><\/span><\/p>\n<p>Come possiamo imitare Ges\u00f9 nella nostra vita e nella relazione con il nostro sposo\/a? Possiamo prendere spunto dalla Sua vita e da come dialoga con le persone. Ges\u00f9 ascolta ed accoglie (incontro con l\u2019adultera e la Samaritana \u2013 Gv 4, 1-42), dice in modo diretto ci\u00f2 che pensa (ai farisei \u2013 Lc 11, 37-46), lascia spazio di parola e usa un atteggiamento benevolo (chi \u00e8 il maggiore tra gli apostoli, discepoli di Emmaus \u2013 Lc 24, 13-24), usa dolcezza (a Giovanni: \u201cecco tua madre\u201d \u2013 Gv 19, 25-27), si indigna per ci\u00f2 che non va bene (con i venditori nel tempio \u2013 Gv 2, 13-17) esprime angoscia, paura, sconforto (nel Getsemani \u2013 Mt 26, 36-46 e in punto di morte \u2013 Mt 27, 46).<br \/>\nL\u2019esortazione apostolica Amoris Laetitia \u00e8 un indispensabile strumento in cui trovare approfondimenti sul dialogo nei paragrafi da 136 a 149.<\/p>\n<p>&nbsp;<\/p>\n<p style=\"text-align: right\"><span style=\"color: #0000ff\"><strong>La comunicazione nella societ\u00e0 segnata dall\u2019utilizzo dei social media<\/strong><\/span><\/p>\n<p>Non \u00e8 possibile evitare di fare un cenno o una piccola attivit\u00e0 con le coppie in merito ai social network. Si pu\u00f2 affrontare l\u2019argomento senza pregiudizi e con attenzione, poich\u00e9 gli aspetti da considerare sono molti; \u00e8 importante capire come vengono usati e a quale scopo. In generale, per\u00f2, possiamo sostenere che i social network, se usati senza discernimento, possono togliere molto tempo ed essere fonte di divisione. Essi possono essere utili per scambiare informazioni e per organizzare incontri o eventi, ma rischiano di creare fraintendimenti quando vengono usati per condividere stati d\u2019animo o per risolvere discussioni. Inoltre, possono rubare tempo alla coppia.<br \/>\nQuanto tempo dedico alle relazioni fuori dalla coppia attraverso i social network? La persona che amo condivide questa scelta?<br \/>\nLa cura del dialogo \u00e8 importante e richiede volont\u00e0. Sottovalutarla pu\u00f2 mettere a rischio il futuro della nostra futura famiglia.<\/p>\n<p style=\"text-align: right\"><a href=\"https:\/\/www.diocesitn.it\/area-annuncio\/wp-content\/uploads\/sites\/39\/2020\/10\/Scheda-dialogo_definitiva.pdf\" target=\"_blank\" rel=\"noopener noreferrer\">Scarica la scheda<\/a><\/p>\n<h5 style=\"text-align: right\"><a href=\"#inizio\"><strong>\u21d1<\/strong><\/a><\/h5>\n<p style=\"text-align: right\"><a href=\"#Inizio\">\u00a0<i class=\"fi-arrow-up\"><!-- icon --><\/i>\u00a0<\/a><\/p>\n<\/div>\n<\/div><\/div><\/div><\/div><\/div><\/div>","protected":false},"excerpt":{"rendered":"<p>Con il termine dialogo si intende la comunicazione che valorizza non solo il linguaggio verbale, ma anche altri tipi di linguaggio che permettono alla persona di esprimersi nella sua totalit\u00e0. Un dialogo maturo e allenato<\/p>\n","protected":false},"author":14,"featured_media":0,"parent":0,"menu_order":0,"comment_status":"closed","ping_status":"closed","template":"","meta":{"footnotes":""},"class_list":["post-14448","page","type-page","status-publish","hentry"],"acf":{"seed-localization-paese-cod":"IT","seed-localization-address":"","seed-localization-citta":"Trento","seed-localization-regione-cod-istat":"04","seed-localization-citta-cod-istat":"022205","seed-localization-localita":"","seed-localization-cap":"","seed-localization-marker-visibility":false,"seed-localization-children-visibility":false,"seed-localization-kml":"","seed-localization-custom-marker":""},"yoast_head":"<!-- This site is optimized with the Yoast SEO Premium plugin v20.2.1 (Yoast SEO v22.2) - https:\/\/yoast.com\/wordpress\/plugins\/seo\/ -->\n<title>IL DIALOGO NELLA COPPIA - Annuncio e Sacramenti<\/title>\n<meta name=\"robots\" content=\"index, follow, max-snippet:-1, max-image-preview:large, max-video-preview:-1\" \/>\n<link rel=\"canonical\" href=\"https:\/\/www.diocesitn.it\/area-annuncio\/dialogo\/\" \/>\n<meta property=\"og:locale\" content=\"it_IT\" \/>\n<meta property=\"og:type\" content=\"article\" \/>\n<meta property=\"og:title\" content=\"IL DIALOGO NELLA COPPIA\" \/>\n<meta property=\"og:description\" content=\"Con il termine dialogo si intende la comunicazione che valorizza non solo il linguaggio verbale, ma anche altri tipi di linguaggio che permettono alla persona di esprimersi nella sua totalit\u00e0. Un dialogo maturo e allenato\" \/>\n<meta property=\"og:url\" content=\"https:\/\/www.diocesitn.it\/area-annuncio\/dialogo\/\" \/>\n<meta property=\"og:site_name\" content=\"Annuncio e Sacramenti\" \/>\n<meta property=\"article:publisher\" content=\"https:\/\/www.facebook.com\/pastoralegiovanile.trento\/\" \/>\n<meta property=\"article:modified_time\" content=\"2022-11-15T10:45:51+00:00\" \/>\n<meta property=\"og:image\" content=\"https:\/\/www.diocesitn.it\/area-annuncio\/wp-content\/uploads\/sites\/39\/2021\/09\/og-logo-annuncio-e-sacramenti.jpg\" \/>\n\t<meta property=\"og:image:width\" content=\"1200\" \/>\n\t<meta property=\"og:image:height\" content=\"630\" \/>\n\t<meta property=\"og:image:type\" content=\"image\/jpeg\" \/>\n<meta name=\"twitter:card\" content=\"summary_large_image\" \/>\n<meta name=\"twitter:label1\" content=\"Tempo di lettura stimato\" \/>\n\t<meta name=\"twitter:data1\" content=\"10 minuti\" \/>\n<script type=\"application\/ld+json\" class=\"yoast-schema-graph\">{\"@context\":\"https:\/\/schema.org\",\"@graph\":[{\"@type\":\"WebPage\",\"@id\":\"https:\/\/www.diocesitn.it\/area-annuncio\/dialogo\/\",\"url\":\"https:\/\/www.diocesitn.it\/area-annuncio\/dialogo\/\",\"name\":\"IL DIALOGO NELLA COPPIA - Annuncio e Sacramenti\",\"isPartOf\":{\"@id\":\"https:\/\/www.diocesitn.it\/area-annuncio\/#website\"},\"datePublished\":\"2022-01-14T09:50:49+00:00\",\"dateModified\":\"2022-11-15T10:45:51+00:00\",\"breadcrumb\":{\"@id\":\"https:\/\/www.diocesitn.it\/area-annuncio\/dialogo\/#breadcrumb\"},\"inLanguage\":\"it-IT\",\"potentialAction\":[{\"@type\":\"ReadAction\",\"target\":[\"https:\/\/www.diocesitn.it\/area-annuncio\/dialogo\/\"]}]},{\"@type\":\"BreadcrumbList\",\"@id\":\"https:\/\/www.diocesitn.it\/area-annuncio\/dialogo\/#breadcrumb\",\"itemListElement\":[{\"@type\":\"ListItem\",\"position\":1,\"name\":\"Home\",\"item\":\"https:\/\/www.diocesitn.it\/area-annuncio\/\"},{\"@type\":\"ListItem\",\"position\":2,\"name\":\"IL DIALOGO NELLA COPPIA\"}]},{\"@type\":\"WebSite\",\"@id\":\"https:\/\/www.diocesitn.it\/area-annuncio\/#website\",\"url\":\"https:\/\/www.diocesitn.it\/area-annuncio\/\",\"name\":\"Annuncio e Sacramenti\",\"description\":\"Chiesa di Trento\",\"publisher\":{\"@id\":\"https:\/\/www.diocesitn.it\/area-annuncio\/#organization\"},\"potentialAction\":[{\"@type\":\"SearchAction\",\"target\":{\"@type\":\"EntryPoint\",\"urlTemplate\":\"https:\/\/www.diocesitn.it\/area-annuncio\/?s={search_term_string}\"},\"query-input\":\"required name=search_term_string\"}],\"inLanguage\":\"it-IT\"},{\"@type\":[\"Organization\",\"Place\"],\"@id\":\"https:\/\/www.diocesitn.it\/area-annuncio\/#organization\",\"name\":\"Area Annuncio e Sacramenti - Chiesa di Trento\",\"url\":\"https:\/\/www.diocesitn.it\/area-annuncio\/\",\"logo\":{\"@id\":\"https:\/\/www.diocesitn.it\/area-annuncio\/dialogo\/#local-main-organization-logo\"},\"image\":{\"@id\":\"https:\/\/www.diocesitn.it\/area-annuncio\/dialogo\/#local-main-organization-logo\"},\"sameAs\":[\"https:\/\/www.facebook.com\/pastoralegiovanile.trento\/\",\"https:\/\/www.instagram.com\/pastoralegiovaniletrento\/\",\"https:\/\/www.youtube.com\/channel\/UCGt7hyJaIQIkrQPos4K6L6w\"],\"openingHoursSpecification\":[{\"@type\":\"OpeningHoursSpecification\",\"dayOfWeek\":[\"Monday\",\"Tuesday\",\"Wednesday\",\"Thursday\",\"Friday\",\"Saturday\",\"Sunday\"],\"opens\":\"09:00\",\"closes\":\"17:00\"}]},{\"@type\":\"ImageObject\",\"inLanguage\":\"it-IT\",\"@id\":\"https:\/\/www.diocesitn.it\/area-annuncio\/dialogo\/#local-main-organization-logo\",\"url\":\"https:\/\/www.diocesitn.it\/area-annuncio\/wp-content\/uploads\/sites\/39\/2021\/09\/og-logo-annuncio-e-sacramenti.jpg\",\"contentUrl\":\"https:\/\/www.diocesitn.it\/area-annuncio\/wp-content\/uploads\/sites\/39\/2021\/09\/og-logo-annuncio-e-sacramenti.jpg\",\"width\":1200,\"height\":630,\"caption\":\"Area Annuncio e Sacramenti - Chiesa di Trento\"}]}<\/script>\n<!-- \/ Yoast SEO Premium plugin. -->","yoast_head_json":{"title":"IL DIALOGO NELLA COPPIA - Annuncio e Sacramenti","robots":{"index":"index","follow":"follow","max-snippet":"max-snippet:-1","max-image-preview":"max-image-preview:large","max-video-preview":"max-video-preview:-1"},"canonical":"https:\/\/www.diocesitn.it\/area-annuncio\/dialogo\/","og_locale":"it_IT","og_type":"article","og_title":"IL DIALOGO NELLA COPPIA","og_description":"Con il termine dialogo si intende la comunicazione che valorizza non solo il linguaggio verbale, ma anche altri tipi di linguaggio che permettono alla persona di esprimersi nella sua totalit\u00e0. Un dialogo maturo e allenato","og_url":"https:\/\/www.diocesitn.it\/area-annuncio\/dialogo\/","og_site_name":"Annuncio e Sacramenti","article_publisher":"https:\/\/www.facebook.com\/pastoralegiovanile.trento\/","article_modified_time":"2022-11-15T10:45:51+00:00","og_image":[{"width":1200,"height":630,"url":"https:\/\/www.diocesitn.it\/area-annuncio\/wp-content\/uploads\/sites\/39\/2021\/09\/og-logo-annuncio-e-sacramenti.jpg","type":"image\/jpeg"}],"twitter_card":"summary_large_image","twitter_misc":{"Tempo di lettura stimato":"10 minuti"},"schema":{"@context":"https:\/\/schema.org","@graph":[{"@type":"WebPage","@id":"https:\/\/www.diocesitn.it\/area-annuncio\/dialogo\/","url":"https:\/\/www.diocesitn.it\/area-annuncio\/dialogo\/","name":"IL DIALOGO NELLA COPPIA - Annuncio e Sacramenti","isPartOf":{"@id":"https:\/\/www.diocesitn.it\/area-annuncio\/#website"},"datePublished":"2022-01-14T09:50:49+00:00","dateModified":"2022-11-15T10:45:51+00:00","breadcrumb":{"@id":"https:\/\/www.diocesitn.it\/area-annuncio\/dialogo\/#breadcrumb"},"inLanguage":"it-IT","potentialAction":[{"@type":"ReadAction","target":["https:\/\/www.diocesitn.it\/area-annuncio\/dialogo\/"]}]},{"@type":"BreadcrumbList","@id":"https:\/\/www.diocesitn.it\/area-annuncio\/dialogo\/#breadcrumb","itemListElement":[{"@type":"ListItem","position":1,"name":"Home","item":"https:\/\/www.diocesitn.it\/area-annuncio\/"},{"@type":"ListItem","position":2,"name":"IL DIALOGO NELLA COPPIA"}]},{"@type":"WebSite","@id":"https:\/\/www.diocesitn.it\/area-annuncio\/#website","url":"https:\/\/www.diocesitn.it\/area-annuncio\/","name":"Annuncio e Sacramenti","description":"Chiesa di Trento","publisher":{"@id":"https:\/\/www.diocesitn.it\/area-annuncio\/#organization"},"potentialAction":[{"@type":"SearchAction","target":{"@type":"EntryPoint","urlTemplate":"https:\/\/www.diocesitn.it\/area-annuncio\/?s={search_term_string}"},"query-input":"required name=search_term_string"}],"inLanguage":"it-IT"},{"@type":["Organization","Place"],"@id":"https:\/\/www.diocesitn.it\/area-annuncio\/#organization","name":"Area Annuncio e Sacramenti - Chiesa di Trento","url":"https:\/\/www.diocesitn.it\/area-annuncio\/","logo":{"@id":"https:\/\/www.diocesitn.it\/area-annuncio\/dialogo\/#local-main-organization-logo"},"image":{"@id":"https:\/\/www.diocesitn.it\/area-annuncio\/dialogo\/#local-main-organization-logo"},"sameAs":["https:\/\/www.facebook.com\/pastoralegiovanile.trento\/","https:\/\/www.instagram.com\/pastoralegiovaniletrento\/","https:\/\/www.youtube.com\/channel\/UCGt7hyJaIQIkrQPos4K6L6w"],"openingHoursSpecification":[{"@type":"OpeningHoursSpecification","dayOfWeek":["Monday","Tuesday","Wednesday","Thursday","Friday","Saturday","Sunday"],"opens":"09:00","closes":"17:00"}]},{"@type":"ImageObject","inLanguage":"it-IT","@id":"https:\/\/www.diocesitn.it\/area-annuncio\/dialogo\/#local-main-organization-logo","url":"https:\/\/www.diocesitn.it\/area-annuncio\/wp-content\/uploads\/sites\/39\/2021\/09\/og-logo-annuncio-e-sacramenti.jpg","contentUrl":"https:\/\/www.diocesitn.it\/area-annuncio\/wp-content\/uploads\/sites\/39\/2021\/09\/og-logo-annuncio-e-sacramenti.jpg","width":1200,"height":630,"caption":"Area Annuncio e Sacramenti - Chiesa di Trento"}]}},"_links":{"self":[{"href":"https:\/\/www.diocesitn.it\/area-annuncio\/wp-json\/wp\/v2\/pages\/14448","targetHints":{"allow":["GET"]}}],"collection":[{"href":"https:\/\/www.diocesitn.it\/area-annuncio\/wp-json\/wp\/v2\/pages"}],"about":[{"href":"https:\/\/www.diocesitn.it\/area-annuncio\/wp-json\/wp\/v2\/types\/page"}],"author":[{"embeddable":true,"href":"https:\/\/www.diocesitn.it\/area-annuncio\/wp-json\/wp\/v2\/users\/14"}],"replies":[{"embeddable":true,"href":"https:\/\/www.diocesitn.it\/area-annuncio\/wp-json\/wp\/v2\/comments?post=14448"}],"version-history":[{"count":4,"href":"https:\/\/www.diocesitn.it\/area-annuncio\/wp-json\/wp\/v2\/pages\/14448\/revisions"}],"predecessor-version":[{"id":16720,"href":"https:\/\/www.diocesitn.it\/area-annuncio\/wp-json\/wp\/v2\/pages\/14448\/revisions\/16720"}],"wp:attachment":[{"href":"https:\/\/www.diocesitn.it\/area-annuncio\/wp-json\/wp\/v2\/media?parent=14448"}],"curies":[{"name":"wp","href":"https:\/\/api.w.org\/{rel}","templated":true}]}}