{"id":14439,"date":"2022-01-14T11:02:28","date_gmt":"2022-01-14T10:02:28","guid":{"rendered":"https:\/\/www.diocesitn.it\/area-annuncio\/?page_id=14439"},"modified":"2022-04-06T14:45:59","modified_gmt":"2022-04-06T12:45:59","slug":"vocazione","status":"publish","type":"page","link":"https:\/\/www.diocesitn.it\/area-annuncio\/vocazione\/","title":{"rendered":"LA VOCAZIONE"},"content":{"rendered":"<div id=\"pl-14439\"  class=\"panel-layout\" ><div id=\"pg-14439-0\"  class=\"panel-grid panel-no-style\" ><div id=\"pgc-14439-0-0\"  class=\"panel-grid-cell\" ><div id=\"panel-14439-0-0-0\" class=\"so-panel widget widget_sow-editor panel-first-child panel-last-child\" data-index=\"0\" ><div\n\t\t\t\n\t\t\tclass=\"so-widget-sow-editor so-widget-sow-editor-base\"\n\t\t\t\n\t\t>\n<div class=\"siteorigin-widget-tinymce textwidget\">\n\t<p>Il nostro amore umano cos\u00ec prezioso e unico \u00e8 sotto lo sguardo di Dio: \u00e8 Lui che ci ha fatto incontrare e ci fa scoprire di essere dono l\u2019uno per l\u2019altro e, ogni giorno\u00a0ci chiama ad esserlo maggiormente.<a id=\"inizio\"><\/a><\/p>\n<ul>\n<li style=\"list-style-type: none\">\n<ul>\n<li style=\"list-style-type: none\">\n<ul>\n<li style=\"list-style-type: none\">\n<ul>\n<li><a href=\"#commento\">Commento al Vangelo<\/a><\/li>\n<li><a href=\"#obiettivi\">Obiettivi dell\u2019incontro<\/a><\/li>\n<li><a href=\"#contenuti\">Contenuti principali<\/a><\/li>\n<li><a href=\"#proposte\">Proposte e suggerimenti pratici<\/a><\/li>\n<li><a href=\"#strumenti\">Strumenti operativi<\/a><\/li>\n<li><a href=\"#saperne\">Per saperne di pi\u00f9<\/a><\/li>\n<li><a href=\"#approfondire\">Per approfondire<\/a><\/li>\n<\/ul>\n<\/li>\n<\/ul>\n<\/li>\n<\/ul>\n<\/li>\n<\/ul>\n<\/div>\n<\/div><\/div><\/div><div id=\"pgc-14439-0-1\"  class=\"panel-grid-cell\" ><div id=\"panel-14439-0-1-0\" class=\"so-panel widget widget_media_image panel-first-child panel-last-child\" data-index=\"1\" ><img loading=\"lazy\" decoding=\"async\" width=\"300\" height=\"200\" src=\"https:\/\/www.diocesitn.it\/area-annuncio\/wp-content\/uploads\/sites\/39\/2020\/07\/Scelta-300x200.jpg\" class=\"image wp-image-9654  attachment-medium size-medium\" alt=\"\" style=\"max-width: 100%; height: auto;\" srcset=\"https:\/\/www.diocesitn.it\/area-annuncio\/wp-content\/uploads\/sites\/39\/2020\/07\/Scelta-300x200.jpg 300w, https:\/\/www.diocesitn.it\/area-annuncio\/wp-content\/uploads\/sites\/39\/2020\/07\/Scelta-360x240.jpg 360w, https:\/\/www.diocesitn.it\/area-annuncio\/wp-content\/uploads\/sites\/39\/2020\/07\/Scelta.jpg 510w\" sizes=\"auto, (max-width: 300px) 100vw, 300px\" \/><\/div><\/div><\/div><div id=\"pg-14439-1\"  class=\"panel-grid panel-no-style\" ><div id=\"pgc-14439-1-0\"  class=\"panel-grid-cell\" ><div id=\"panel-14439-1-0-0\" class=\"so-panel widget widget_sow-editor panel-first-child\" data-index=\"2\" ><div\n\t\t\t\n\t\t\tclass=\"so-widget-sow-editor so-widget-sow-editor-base\"\n\t\t\t\n\t\t>\n<div class=\"siteorigin-widget-tinymce textwidget\">\n\t<h4><strong>COMMENTO AL VANGELO<a id=\"commento\"><\/a><\/strong><\/h4>\n<p>Dagli Atti degli Apostoli (22, 3-16)<\/p>\n<p>\u00abIo sono un Giudeo, nato a Tarso in Cil\u00eccia, ma educato in questa citt\u00e0, formato alla scuola di Gamaliele nell\u2019osservanza scrupolosa della Legge dei padri, pieno di zelo per Dio, come oggi siete tutti voi.<\/p>\n<p style=\"text-align: right\"><a href=\"https:\/\/www.diocesitn.it\/area-annuncio\/wp-content\/uploads\/sites\/39\/2020\/10\/Commento-al-Vangelo_Vocazione.pdf\" target=\"_blank\" rel=\"noopener noreferrer\">Leggi tutto<\/a><\/p>\n<h5 style=\"text-align: right\"><a href=\"#inizio\"><strong>\u21d1<\/strong><\/a><\/h5>\n<h4><strong>OBIETTIVI DELL\u2019INCONTRO<a id=\"obiettivi\"><\/a><\/strong><\/h4>\n<ul>\n<li>Scoprire il significato del Battesimo per la vita dei credenti<\/li>\n<li>Scoprire che la chiamata al matrimonio ha come fondamento il battesimo<\/li>\n<li>Riconoscere la presenza di Dio amore nel cammino di coppia<\/li>\n<li>Scoprire la vocazione matrimoniale come un cammino permanente alimentato dalla cura del vincolo e da decisioni che aiutano a maturare l\u2019amore, superando momenti difficili: \u201cPastorale del vincolo\u201d.<\/li>\n<\/ul>\n<h4><strong>\u00a0<\/strong><\/h4>\n<h5 style=\"text-align: right\"><a href=\"#inizio\"><strong>\u21d1<\/strong><\/a><\/h5>\n<h4><strong>CONTENUTI PRINCIPALI<a id=\"contenuti\"><\/a><\/strong><\/h4>\n<p><em>I contenuti che permettono di raggiungere gli obiettivi e caratterizzano l\u2019incontro possono essere vari. Qui si presentano un elenco di possibili nuclei e alcuni esempi di sviluppo di questi contenuti:<\/em><\/p>\n<ul>\n<li>Il Battesimo: sacramento della nascita cristiana, luogo dell\u2019amore di Dio, presente nella storia degli sposi<\/li>\n<li>Vocazione come capacit\u00e0 di scegliere liberamente, insieme con Dio, nelle fasi della vita<\/li>\n<li>Il mio rapporto quotidiano con l\u2019altro insieme al Signore come risposta alla chiamata battesimale (cfr. FC 51)<\/li>\n<li>Il matrimonio proietta gli sposi nella vita, disponendoli ad attraversare insieme tutte le prove e i momenti difficili (cfr. AL 211)<\/li>\n<\/ul>\n<p>&nbsp;<\/p>\n<h5 style=\"text-align: right\"><a href=\"#inizio\"><strong>\u21d1<\/strong><\/a><\/h5>\n<h4><strong>PROPOSTE E SUGGERIMENTI PRATICI<a id=\"proposte\"><\/a><\/strong><\/h4>\n<ul>\n<li>Iniziare l\u2019incontro con una celebrazione per far memoria del Battesimo<\/li>\n<\/ul>\n<h4><strong>\u00a0<\/strong><\/h4>\n<h5 style=\"text-align: right\"><a href=\"#inizio\"><strong>\u21d1<\/strong><\/a><\/h5>\n<\/div>\n<\/div><\/div><div id=\"panel-14439-1-0-1\" class=\"so-panel widget widget_sow-accordion\" data-index=\"3\" ><div id=\"strumenti\" class=\"panel-widget-style panel-widget-style-for-14439-1-0-1\" ><div\n\t\t\t\n\t\t\tclass=\"so-widget-sow-accordion so-widget-sow-accordion-default-bf3247f8d09c-14439\"\n\t\t\t\n\t\t><h3 class=\"widget-title\">Strumenti operativi<\/h3><div>\n\t<div class=\"sow-accordion\">\n\t\t\t<div class=\"sow-accordion-panel\n\t\t\t\t\"\n\t\t\tdata-anchor-id=\"preghiere\">\n\t\t\t\t<div class=\"sow-accordion-panel-header-container\" role=\"heading\" aria-level=\"2\">\n\t\t\t\t\t<div class=\"sow-accordion-panel-header\" tabindex=\"0\" role=\"button\" id=\"accordion-label-preghiere\" aria-controls=\"accordion-content-preghiere\" aria-expanded=\"false\">\n\t\t\t\t\t\t<div class=\"sow-accordion-title sow-accordion-title-icon-left\">\n\t\t\t\t\t\t\t\t\t\t\t\t\t\tPreghiere\t\t\t\t\t\t\t\t\t\t\t\t\t<\/div>\n\t\t\t\t\t\t<div class=\"sow-accordion-open-close-button\">\n\t\t\t\t\t\t\t<div class=\"sow-accordion-open-button\">\n\t\t\t\t\t\t\t\t<span class=\"sow-icon-ionicons\" data-sow-icon=\"&#xf218;\"\n\t\t \n\t\taria-hidden=\"true\"><\/span>\t\t\t\t\t\t\t<\/div>\n\t\t\t\t\t\t\t<div class=\"sow-accordion-close-button\">\n\t\t\t\t\t\t\t\t<span class=\"sow-icon-ionicons\" data-sow-icon=\"&#xf209;\"\n\t\t \n\t\taria-hidden=\"true\"><\/span>\t\t\t\t\t\t\t<\/div>\n\t\t\t\t\t\t<\/div>\n\t\t\t\t\t<\/div>\n\t\t\t\t<\/div>\n\n\t\t\t<div\n\t\t\t\tclass=\"sow-accordion-panel-content\"\n\t\t\t\trole=\"region\"\n\t\t\t\taria-labelledby=\"accordion-label-preghiere\"\n\t\t\t\tid=\"accordion-content-preghiere\"\n\t\t\t\tstyle=\"display: none;\"\t\t\t>\n\t\t\t\t<div class=\"sow-accordion-panel-border\">\n\t\t\t\t\t<ul>\n<li><a href=\"https:\/\/www.diocesitn.it\/area-annuncio\/wp-content\/uploads\/sites\/39\/2020\/10\/Preghiera_Credo-nellamore.pdf\" target=\"_blank\" rel=\"noopener noreferrer\">Credo nell\u2019amore<\/a><\/li>\n<li><a href=\"https:\/\/www.diocesitn.it\/area-annuncio\/wp-content\/uploads\/sites\/39\/2020\/10\/Preghiera_Preghiera-dei-fidanzati2.pdf\" target=\"_blank\" rel=\"noopener noreferrer\">Dei fidanzati 2<\/a><\/li>\n<li><a href=\"https:\/\/www.diocesitn.it\/area-annuncio\/wp-content\/uploads\/sites\/39\/2020\/12\/Preghier_Di-coppia_Accoglienza_Dialogo_Perdono_Sacramento_Vocazione.pdf\" target=\"_blank\" rel=\"noopener noreferrer\">Di coppia<\/a><\/li>\n<li><a href=\"https:\/\/www.diocesitn.it\/area-annuncio\/wp-content\/uploads\/sites\/39\/2020\/12\/Preghiera_Giovani-sposi_Dialogo_Fecondita_Vocazione_Sacramento.pdf\" target=\"_blank\" rel=\"noopener noreferrer\">Giovani sposi<\/a><\/li>\n<li><a href=\"https:\/\/www.diocesitn.it\/area-annuncio\/wp-content\/uploads\/sites\/39\/2020\/10\/Preghiera_Grazie-per-la-vocazione-al-matrimonio.pdf\" target=\"_blank\" rel=\"noopener noreferrer\">Grazie per la vocazione al matrimonio<\/a><\/li>\n<li><a href=\"https:\/\/www.diocesitn.it\/area-annuncio\/wp-content\/uploads\/sites\/39\/2021\/05\/Preghiera_Casa-sulla-roccia_Spiritualita_Vocazione_Dialogo_Sacramento_Fecondita.pdf\" target=\"_blank\" rel=\"noopener noreferrer\">La casa sulla roccia<\/a><\/li>\n<li><a href=\"https:\/\/www.diocesitn.it\/area-annuncio\/wp-content\/uploads\/sites\/39\/2020\/12\/Preghiera_Per-la-Famiglia-madre-teresa_Dialogo_Perdono_Fecondita_Vocazione_Sacramento_Spiritualita.pdf\" target=\"_blank\" rel=\"noopener noreferrer\">Per la famiglia \u2013 Madre Teresa<\/a><\/li>\n<li><a href=\"https:\/\/www.diocesitn.it\/area-annuncio\/wp-content\/uploads\/sites\/39\/2021\/04\/Preghiera_Preparaci-al-matrimonio_Sacramento_Vocazione.pdf\" target=\"_blank\" rel=\"noopener noreferrer\">Preparaci al matrimonio<\/a><\/li>\n<li><a href=\"https:\/\/www.diocesitn.it\/area-annuncio\/wp-content\/uploads\/sites\/39\/2020\/12\/Preghiera_Segno-del-tuo-amore_Vocazione_Sacramento_Sessualita.pdf\" target=\"_blank\" rel=\"noopener noreferrer\">Segno del Tuo amore<\/a><\/li>\n<\/ul>\n\t\t\t\t<\/div>\n\t\t\t<\/div>\n\t\t<\/div>\n\t\t\t<div class=\"sow-accordion-panel\n\t\t\t\t\"\n\t\t\tdata-anchor-id=\"brani-biblici\">\n\t\t\t\t<div class=\"sow-accordion-panel-header-container\" role=\"heading\" aria-level=\"2\">\n\t\t\t\t\t<div class=\"sow-accordion-panel-header\" tabindex=\"0\" role=\"button\" id=\"accordion-label-brani-biblici\" aria-controls=\"accordion-content-brani-biblici\" aria-expanded=\"false\">\n\t\t\t\t\t\t<div class=\"sow-accordion-title sow-accordion-title-icon-left\">\n\t\t\t\t\t\t\t\t\t\t\t\t\t\tBrani biblici\t\t\t\t\t\t\t\t\t\t\t\t\t<\/div>\n\t\t\t\t\t\t<div class=\"sow-accordion-open-close-button\">\n\t\t\t\t\t\t\t<div class=\"sow-accordion-open-button\">\n\t\t\t\t\t\t\t\t<span class=\"sow-icon-ionicons\" data-sow-icon=\"&#xf218;\"\n\t\t \n\t\taria-hidden=\"true\"><\/span>\t\t\t\t\t\t\t<\/div>\n\t\t\t\t\t\t\t<div class=\"sow-accordion-close-button\">\n\t\t\t\t\t\t\t\t<span class=\"sow-icon-ionicons\" data-sow-icon=\"&#xf209;\"\n\t\t \n\t\taria-hidden=\"true\"><\/span>\t\t\t\t\t\t\t<\/div>\n\t\t\t\t\t\t<\/div>\n\t\t\t\t\t<\/div>\n\t\t\t\t<\/div>\n\n\t\t\t<div\n\t\t\t\tclass=\"sow-accordion-panel-content\"\n\t\t\t\trole=\"region\"\n\t\t\t\taria-labelledby=\"accordion-label-brani-biblici\"\n\t\t\t\tid=\"accordion-content-brani-biblici\"\n\t\t\t\tstyle=\"display: none;\"\t\t\t>\n\t\t\t\t<div class=\"sow-accordion-panel-border\">\n\t\t\t\t\t\t\t\t\t<\/div>\n\t\t\t<\/div>\n\t\t<\/div>\n\t\t\t<div class=\"sow-accordion-panel\n\t\t\t\t\"\n\t\t\tdata-anchor-id=\"immagini-per-lettura-biblica\">\n\t\t\t\t<div class=\"sow-accordion-panel-header-container\" role=\"heading\" aria-level=\"2\">\n\t\t\t\t\t<div class=\"sow-accordion-panel-header\" tabindex=\"0\" role=\"button\" id=\"accordion-label-immagini-per-lettura-biblica\" aria-controls=\"accordion-content-immagini-per-lettura-biblica\" aria-expanded=\"false\">\n\t\t\t\t\t\t<div class=\"sow-accordion-title sow-accordion-title-icon-left\">\n\t\t\t\t\t\t\t\t\t\t\t\t\t\tImmagini per lettura biblica\t\t\t\t\t\t\t\t\t\t\t\t\t<\/div>\n\t\t\t\t\t\t<div class=\"sow-accordion-open-close-button\">\n\t\t\t\t\t\t\t<div class=\"sow-accordion-open-button\">\n\t\t\t\t\t\t\t\t<span class=\"sow-icon-ionicons\" data-sow-icon=\"&#xf218;\"\n\t\t \n\t\taria-hidden=\"true\"><\/span>\t\t\t\t\t\t\t<\/div>\n\t\t\t\t\t\t\t<div class=\"sow-accordion-close-button\">\n\t\t\t\t\t\t\t\t<span class=\"sow-icon-ionicons\" data-sow-icon=\"&#xf209;\"\n\t\t \n\t\taria-hidden=\"true\"><\/span>\t\t\t\t\t\t\t<\/div>\n\t\t\t\t\t\t<\/div>\n\t\t\t\t\t<\/div>\n\t\t\t\t<\/div>\n\n\t\t\t<div\n\t\t\t\tclass=\"sow-accordion-panel-content\"\n\t\t\t\trole=\"region\"\n\t\t\t\taria-labelledby=\"accordion-label-immagini-per-lettura-biblica\"\n\t\t\t\tid=\"accordion-content-immagini-per-lettura-biblica\"\n\t\t\t\tstyle=\"display: none;\"\t\t\t>\n\t\t\t\t<div class=\"sow-accordion-panel-border\">\n\t\t\t\t\t\t\t\t\t<\/div>\n\t\t\t<\/div>\n\t\t<\/div>\n\t\t\t<div class=\"sow-accordion-panel\n\t\t\t\t\"\n\t\t\tdata-anchor-id=\"lavoro-di-coppia\">\n\t\t\t\t<div class=\"sow-accordion-panel-header-container\" role=\"heading\" aria-level=\"2\">\n\t\t\t\t\t<div class=\"sow-accordion-panel-header\" tabindex=\"0\" role=\"button\" id=\"accordion-label-lavoro-di-coppia\" aria-controls=\"accordion-content-lavoro-di-coppia\" aria-expanded=\"false\">\n\t\t\t\t\t\t<div class=\"sow-accordion-title sow-accordion-title-icon-left\">\n\t\t\t\t\t\t\t\t\t\t\t\t\t\tLavoro di coppia\t\t\t\t\t\t\t\t\t\t\t\t\t<\/div>\n\t\t\t\t\t\t<div class=\"sow-accordion-open-close-button\">\n\t\t\t\t\t\t\t<div class=\"sow-accordion-open-button\">\n\t\t\t\t\t\t\t\t<span class=\"sow-icon-ionicons\" data-sow-icon=\"&#xf218;\"\n\t\t \n\t\taria-hidden=\"true\"><\/span>\t\t\t\t\t\t\t<\/div>\n\t\t\t\t\t\t\t<div class=\"sow-accordion-close-button\">\n\t\t\t\t\t\t\t\t<span class=\"sow-icon-ionicons\" data-sow-icon=\"&#xf209;\"\n\t\t \n\t\taria-hidden=\"true\"><\/span>\t\t\t\t\t\t\t<\/div>\n\t\t\t\t\t\t<\/div>\n\t\t\t\t\t<\/div>\n\t\t\t\t<\/div>\n\n\t\t\t<div\n\t\t\t\tclass=\"sow-accordion-panel-content\"\n\t\t\t\trole=\"region\"\n\t\t\t\taria-labelledby=\"accordion-label-lavoro-di-coppia\"\n\t\t\t\tid=\"accordion-content-lavoro-di-coppia\"\n\t\t\t\tstyle=\"display: none;\"\t\t\t>\n\t\t\t\t<div class=\"sow-accordion-panel-border\">\n\t\t\t\t\t<ul>\n<li>Scheda:\u00a0<a href=\"https:\/\/www.diocesitn.it\/area-annuncio\/wp-content\/uploads\/sites\/39\/2021\/01\/Lav.-coppia_Il-matrimonio-nella-mentalita-del-mondo_Vocazione_Sacramento_Accoglienza.pdf\" target=\"_blank\" rel=\"noopener noreferrer\">Il matrimonio nella mentalit\u00e0 del mondo<\/a><\/li>\n<li>Scheda:\u00a0<a href=\"https:\/\/www.diocesitn.it\/area-annuncio\/wp-content\/uploads\/sites\/39\/2021\/01\/Lav.-coppia_Mattoni-della-casa-valori-e-atteggiamenti_Vocazione_Sacramento_Fecondita.pdf\" target=\"_blank\" rel=\"noopener noreferrer\">Mattoni della casa, valori e atteggiamenti<\/a><\/li>\n<li>Scheda:\u00a0<a href=\"https:\/\/www.diocesitn.it\/area-annuncio\/wp-content\/uploads\/sites\/39\/2021\/03\/Lav.-coppia_Lettera-damore_Dialogo_Vocazione_Sacramento.pdf\" target=\"_blank\" rel=\"noopener noreferrer\">Lettera d\u2019amore<\/a><\/li>\n<li>Scheda:\u00a0<a href=\"https:\/\/www.diocesitn.it\/area-annuncio\/wp-content\/uploads\/sites\/39\/2021\/01\/Lav.-coppia_Domande-per-riflettere_Vocazione.pdf\" target=\"_blank\" rel=\"noopener noreferrer\">Alcune domande per riflettere<\/a><\/li>\n<\/ul>\n\t\t\t\t<\/div>\n\t\t\t<\/div>\n\t\t<\/div>\n\t\t\t<div class=\"sow-accordion-panel\n\t\t\t\t\"\n\t\t\tdata-anchor-id=\"lavoro-di-gruppo\">\n\t\t\t\t<div class=\"sow-accordion-panel-header-container\" role=\"heading\" aria-level=\"2\">\n\t\t\t\t\t<div class=\"sow-accordion-panel-header\" tabindex=\"0\" role=\"button\" id=\"accordion-label-lavoro-di-gruppo\" aria-controls=\"accordion-content-lavoro-di-gruppo\" aria-expanded=\"false\">\n\t\t\t\t\t\t<div class=\"sow-accordion-title sow-accordion-title-icon-left\">\n\t\t\t\t\t\t\t\t\t\t\t\t\t\tLavoro di gruppo\t\t\t\t\t\t\t\t\t\t\t\t\t<\/div>\n\t\t\t\t\t\t<div class=\"sow-accordion-open-close-button\">\n\t\t\t\t\t\t\t<div class=\"sow-accordion-open-button\">\n\t\t\t\t\t\t\t\t<span class=\"sow-icon-ionicons\" data-sow-icon=\"&#xf218;\"\n\t\t \n\t\taria-hidden=\"true\"><\/span>\t\t\t\t\t\t\t<\/div>\n\t\t\t\t\t\t\t<div class=\"sow-accordion-close-button\">\n\t\t\t\t\t\t\t\t<span class=\"sow-icon-ionicons\" data-sow-icon=\"&#xf209;\"\n\t\t \n\t\taria-hidden=\"true\"><\/span>\t\t\t\t\t\t\t<\/div>\n\t\t\t\t\t\t<\/div>\n\t\t\t\t\t<\/div>\n\t\t\t\t<\/div>\n\n\t\t\t<div\n\t\t\t\tclass=\"sow-accordion-panel-content\"\n\t\t\t\trole=\"region\"\n\t\t\t\taria-labelledby=\"accordion-label-lavoro-di-gruppo\"\n\t\t\t\tid=\"accordion-content-lavoro-di-gruppo\"\n\t\t\t\tstyle=\"display: none;\"\t\t\t>\n\t\t\t\t<div class=\"sow-accordion-panel-border\">\n\t\t\t\t\t\t\t\t\t<\/div>\n\t\t\t<\/div>\n\t\t<\/div>\n\t\t\t<div class=\"sow-accordion-panel\n\t\t\t\t\"\n\t\t\tdata-anchor-id=\"film-video\">\n\t\t\t\t<div class=\"sow-accordion-panel-header-container\" role=\"heading\" aria-level=\"2\">\n\t\t\t\t\t<div class=\"sow-accordion-panel-header\" tabindex=\"0\" role=\"button\" id=\"accordion-label-filmvideo\" aria-controls=\"accordion-content-filmvideo\" aria-expanded=\"false\">\n\t\t\t\t\t\t<div class=\"sow-accordion-title sow-accordion-title-icon-left\">\n\t\t\t\t\t\t\t\t\t\t\t\t\t\tFilm\/video\t\t\t\t\t\t\t\t\t\t\t\t\t<\/div>\n\t\t\t\t\t\t<div class=\"sow-accordion-open-close-button\">\n\t\t\t\t\t\t\t<div class=\"sow-accordion-open-button\">\n\t\t\t\t\t\t\t\t<span class=\"sow-icon-ionicons\" data-sow-icon=\"&#xf218;\"\n\t\t \n\t\taria-hidden=\"true\"><\/span>\t\t\t\t\t\t\t<\/div>\n\t\t\t\t\t\t\t<div class=\"sow-accordion-close-button\">\n\t\t\t\t\t\t\t\t<span class=\"sow-icon-ionicons\" data-sow-icon=\"&#xf209;\"\n\t\t \n\t\taria-hidden=\"true\"><\/span>\t\t\t\t\t\t\t<\/div>\n\t\t\t\t\t\t<\/div>\n\t\t\t\t\t<\/div>\n\t\t\t\t<\/div>\n\n\t\t\t<div\n\t\t\t\tclass=\"sow-accordion-panel-content\"\n\t\t\t\trole=\"region\"\n\t\t\t\taria-labelledby=\"accordion-label-filmvideo\"\n\t\t\t\tid=\"accordion-content-filmvideo\"\n\t\t\t\tstyle=\"display: none;\"\t\t\t>\n\t\t\t\t<div class=\"sow-accordion-panel-border\">\n\t\t\t\t\t<ul>\n<li>Video:\u00a0<a href=\"https:\/\/www.youtube.com\/watch?v=1dnpysw1wGw\" target=\"_blank\" rel=\"noopener noreferrer\">Matrimonio cristiano come vocazione<\/a><\/li>\n<li>Video:\u00a0<a href=\"https:\/\/www.youtube.com\/watch?v=btmmZ0xX3mQ\" target=\"_blank\" rel=\"noopener noreferrer\">Le tre vie del matrimonio<\/a><\/li>\n<\/ul>\n\t\t\t\t<\/div>\n\t\t\t<\/div>\n\t\t<\/div>\n\t\t\t<div class=\"sow-accordion-panel\n\t\t\t\t\"\n\t\t\tdata-anchor-id=\"canzoni\">\n\t\t\t\t<div class=\"sow-accordion-panel-header-container\" role=\"heading\" aria-level=\"2\">\n\t\t\t\t\t<div class=\"sow-accordion-panel-header\" tabindex=\"0\" role=\"button\" id=\"accordion-label-canzoni\" aria-controls=\"accordion-content-canzoni\" aria-expanded=\"false\">\n\t\t\t\t\t\t<div class=\"sow-accordion-title sow-accordion-title-icon-left\">\n\t\t\t\t\t\t\t\t\t\t\t\t\t\tCanzoni\t\t\t\t\t\t\t\t\t\t\t\t\t<\/div>\n\t\t\t\t\t\t<div class=\"sow-accordion-open-close-button\">\n\t\t\t\t\t\t\t<div class=\"sow-accordion-open-button\">\n\t\t\t\t\t\t\t\t<span class=\"sow-icon-ionicons\" data-sow-icon=\"&#xf218;\"\n\t\t \n\t\taria-hidden=\"true\"><\/span>\t\t\t\t\t\t\t<\/div>\n\t\t\t\t\t\t\t<div class=\"sow-accordion-close-button\">\n\t\t\t\t\t\t\t\t<span class=\"sow-icon-ionicons\" data-sow-icon=\"&#xf209;\"\n\t\t \n\t\taria-hidden=\"true\"><\/span>\t\t\t\t\t\t\t<\/div>\n\t\t\t\t\t\t<\/div>\n\t\t\t\t\t<\/div>\n\t\t\t\t<\/div>\n\n\t\t\t<div\n\t\t\t\tclass=\"sow-accordion-panel-content\"\n\t\t\t\trole=\"region\"\n\t\t\t\taria-labelledby=\"accordion-label-canzoni\"\n\t\t\t\tid=\"accordion-content-canzoni\"\n\t\t\t\tstyle=\"display: none;\"\t\t\t>\n\t\t\t\t<div class=\"sow-accordion-panel-border\">\n\t\t\t\t\t<table style=\"border-collapse: collapse;width: 100%;height: 276px\" border=\"1\">\n<tbody>\n<tr>\n<td style=\"width: 28.7158%\"><span style=\"color: #444444;background-color: #ffffff\">- Come ti ama Dio<\/span><\/td>\n<td style=\"width: 10.786%\"><a href=\"https:\/\/www.diocesitn.it\/area-annuncio\/wp-content\/uploads\/sites\/39\/2020\/11\/Come-ti-ama-Dio_Vocazione.pdf\" target=\"_blank\" rel=\"noopener noreferrer\">Testo<\/a><\/td>\n<td style=\"width: 13.452%\"><a href=\"https:\/\/www.youtube.com\/watch?v=IAmI8dl0QZo\" target=\"_blank\" rel=\"noopener noreferrer\">Video<\/a><\/td>\n<td style=\"width: 47.0462%\"><\/td>\n<\/tr>\n<tr style=\"height: 46px\">\n<td style=\"width: 28.7158%;height: 46px\"><span style=\"color: #444444;background-color: #ffffff\">- Dico s\u00ec<\/span><\/td>\n<td style=\"width: 10.786%;height: 46px\"><a href=\"https:\/\/www.diocesitn.it\/area-annuncio\/wp-content\/uploads\/sites\/39\/2020\/11\/Dico-si_Fecondita_Vocazione_Sacramento.pdf\" target=\"_blank\" rel=\"noopener noreferrer\">Testo<\/a><\/td>\n<td style=\"width: 13.452%;height: 46px\"><a href=\"https:\/\/www.youtube.com\/watch?v=C4v3y9YBhCI\" target=\"_blank\" rel=\"noopener noreferrer\">Video<\/a><\/td>\n<td style=\"width: 47.0462%\"><\/td>\n<\/tr>\n<tr style=\"height: 46px\">\n<td style=\"width: 28.7158%;height: 46px\"><span style=\"color: #444444;background-color: #ffffff\">- Insieme a Te\u00a0<\/span><\/td>\n<td style=\"width: 10.786%;height: 46px\"><a style=\"color: #1585cf\" href=\"https:\/\/www.diocesitn.it\/area-annuncio\/wp-content\/uploads\/sites\/39\/2022\/03\/INSIEME-A-TE-accordi.pdf\" target=\"_blank\" rel=\"noopener\">Testo<\/a><\/td>\n<td style=\"width: 13.452%;height: 46px\"><a style=\"color: #1585cf\" href=\"https:\/\/www.youtube.com\/watch?v=i7ouBdJraZQ\" target=\"_blank\" rel=\"noopener\">Video<\/a><\/td>\n<td style=\"width: 47.0462%\"><\/td>\n<\/tr>\n<tr>\n<td style=\"width: 28.7158%\"><span style=\"color: #444444;background-color: #ffffff\">- Insieme noi<\/span><\/td>\n<td style=\"width: 10.786%\"><a href=\"https:\/\/www.diocesitn.it\/area-annuncio\/wp-content\/uploads\/sites\/39\/2022\/03\/Insieme-noi_La-famiglia-di-origine_Vocazione_Sacramento.pdf\" target=\"_blank\" rel=\"noopener\">Testo<\/a><\/td>\n<td style=\"width: 13.452%\"><a href=\"https:\/\/www.youtube.com\/watch?v=Oh1tilA7jVU\" target=\"_blank\" rel=\"noopener\">Video<\/a><\/td>\n<td style=\"width: 47.0462%\"><\/td>\n<\/tr>\n<tr style=\"height: 46px\">\n<td style=\"width: 28.7158%;height: 46px\"><span style=\"color: #444444;background-color: #ffffff\">- Meraviglioso amore mio \u2013 Arisa<\/span><\/td>\n<td style=\"width: 10.786%;height: 46px\"><a href=\"https:\/\/www.diocesitn.it\/area-annuncio\/wp-content\/uploads\/sites\/39\/2020\/11\/Meraviglioso-amore-mio-Arisa.pdf\" target=\"_blank\" rel=\"noopener noreferrer\">Testo<\/a><\/td>\n<td style=\"width: 13.452%;height: 46px\"><a href=\"https:\/\/www.youtube.com\/watch?v=nnqQwR40oV4\" target=\"_blank\" rel=\"noopener noreferrer\">Video<\/a><\/td>\n<td style=\"width: 47.0462%\"><\/td>\n<\/tr>\n<tr style=\"height: 46px\">\n<td style=\"width: 28.7158%;height: 46px\"><span style=\"color: #444444;background-color: #ffffff\">- Prendici Signore<\/span><\/td>\n<td style=\"width: 10.786%;height: 46px\"><a href=\"https:\/\/www.diocesitn.it\/area-annuncio\/wp-content\/uploads\/sites\/39\/2022\/03\/Prendici-signore-spartito.pdf\" target=\"_blank\" rel=\"noopener\">Testo<\/a><\/td>\n<td style=\"width: 13.452%;height: 46px\"><a href=\"https:\/\/www.youtube.com\/watch?v=wXF_dj1-lJ0\" target=\"_blank\" rel=\"noopener\">Video<\/a><\/td>\n<td style=\"width: 47.0462%\"><\/td>\n<\/tr>\n<tr>\n<td style=\"width: 28.7158%\"><span style=\"color: #444444;background-color: #ffffff\">- Se non ami - Nek<\/span><\/td>\n<td style=\"width: 10.786%\"><a href=\"https:\/\/www.diocesitn.it\/area-annuncio\/wp-content\/uploads\/sites\/39\/2022\/03\/Se-non-ami_Nek_Vocazione_Fede_Sacramento.pdf\" target=\"_blank\" rel=\"noopener\">Testo<\/a><\/td>\n<td style=\"width: 13.452%\"><a href=\"https:\/\/www.youtube.com\/watch?v=-b_4cEAJrWA\" target=\"_blank\" rel=\"noopener\">Video<\/a><\/td>\n<td style=\"width: 47.0462%\"><a href=\"https:\/\/www.diocesitn.it\/area-annuncio\/wp-content\/uploads\/sites\/39\/2022\/04\/Se-non-ami_Note-per-lutilizzo.pdf\" target=\"_blank\" rel=\"noopener\">Note per l'utilizzo della canzone<\/a><\/td>\n<\/tr>\n<tr>\n<td style=\"width: 28.7158%\"><span style=\"color: #444444;background-color: #ffffff\">- Ti sposer\u00f2 \u2013 Jovanotti<\/span><\/td>\n<td style=\"width: 10.786%\"><a href=\"https:\/\/www.diocesitn.it\/area-annuncio\/wp-content\/uploads\/sites\/39\/2020\/11\/Ti-sposero-Jovanotti_Vocazione_Sacramento.pdf\" target=\"_blank\" rel=\"noopener noreferrer\">Testo<\/a><\/td>\n<td style=\"width: 13.452%\"><a href=\"https:\/\/www.youtube.com\/watch?v=cNSFDQRdvLI\" target=\"_blank\" rel=\"noopener noreferrer\">Video<\/a><\/td>\n<td style=\"width: 47.0462%\"><\/td>\n<\/tr>\n<\/tbody>\n<\/table>\n<p>&nbsp;<\/p>\n\t\t\t\t<\/div>\n\t\t\t<\/div>\n\t\t<\/div>\n\t\t\t<div class=\"sow-accordion-panel\n\t\t\t\t\"\n\t\t\tdata-anchor-id=\"per-riflettere\">\n\t\t\t\t<div class=\"sow-accordion-panel-header-container\" role=\"heading\" aria-level=\"2\">\n\t\t\t\t\t<div class=\"sow-accordion-panel-header\" tabindex=\"0\" role=\"button\" id=\"accordion-label-per-riflettere\" aria-controls=\"accordion-content-per-riflettere\" aria-expanded=\"false\">\n\t\t\t\t\t\t<div class=\"sow-accordion-title sow-accordion-title-icon-left\">\n\t\t\t\t\t\t\t\t\t\t\t\t\t\tper riflettere\t\t\t\t\t\t\t\t\t\t\t\t\t<\/div>\n\t\t\t\t\t\t<div class=\"sow-accordion-open-close-button\">\n\t\t\t\t\t\t\t<div class=\"sow-accordion-open-button\">\n\t\t\t\t\t\t\t\t<span class=\"sow-icon-ionicons\" data-sow-icon=\"&#xf218;\"\n\t\t \n\t\taria-hidden=\"true\"><\/span>\t\t\t\t\t\t\t<\/div>\n\t\t\t\t\t\t\t<div class=\"sow-accordion-close-button\">\n\t\t\t\t\t\t\t\t<span class=\"sow-icon-ionicons\" data-sow-icon=\"&#xf209;\"\n\t\t \n\t\taria-hidden=\"true\"><\/span>\t\t\t\t\t\t\t<\/div>\n\t\t\t\t\t\t<\/div>\n\t\t\t\t\t<\/div>\n\t\t\t\t<\/div>\n\n\t\t\t<div\n\t\t\t\tclass=\"sow-accordion-panel-content\"\n\t\t\t\trole=\"region\"\n\t\t\t\taria-labelledby=\"accordion-label-per-riflettere\"\n\t\t\t\tid=\"accordion-content-per-riflettere\"\n\t\t\t\tstyle=\"display: none;\"\t\t\t>\n\t\t\t\t<div class=\"sow-accordion-panel-border\">\n\t\t\t\t\t<ul>\n<li><a href=\"https:\/\/www.diocesitn.it\/area-annuncio\/wp-content\/uploads\/sites\/39\/2020\/11\/Riflessione_Il-fidanzamento-con-griglia-lettura_Accoglienza_Vocazione.pdf\" target=\"_blank\" rel=\"noopener noreferrer\">Il fidanzamento \u2013 papa Francesco (con griglia per la lettura del testo)<\/a><\/li>\n<li><a href=\"https:\/\/www.diocesitn.it\/area-annuncio\/wp-content\/uploads\/sites\/39\/2020\/12\/Riflessione_LAmore-di-Dio-nella-Bibbia_Fede_Vocazione_Spiritualita_Accoglienza-1.pdf\" target=\"_blank\" rel=\"noopener noreferrer\">L\u2019amore di Dio nella Bibbia<\/a><\/li>\n<\/ul>\n\t\t\t\t<\/div>\n\t\t\t<\/div>\n\t\t<\/div>\n\t\t<\/div>\n<\/div>\n<\/div><\/div><\/div><div id=\"panel-14439-1-0-2\" class=\"so-panel widget widget_sow-editor\" data-index=\"4\" ><div\n\t\t\t\n\t\t\tclass=\"so-widget-sow-editor so-widget-sow-editor-base\"\n\t\t\t\n\t\t>\n<div class=\"siteorigin-widget-tinymce textwidget\">\n\t<h5 style=\"text-align: right\"><a href=\"#inizio\"><strong>\u21d1<\/strong><\/a><\/h5>\n<\/div>\n<\/div><\/div><div id=\"panel-14439-1-0-3\" class=\"so-panel widget widget_sow-accordion\" data-index=\"5\" ><div id=\"saperne\" class=\"panel-widget-style panel-widget-style-for-14439-1-0-3\" ><div\n\t\t\t\n\t\t\tclass=\"so-widget-sow-accordion so-widget-sow-accordion-default-399e2846cd01-14439\"\n\t\t\t\n\t\t><h3 class=\"widget-title\">Per saperne di pi\u00f9<\/h3><div>\n\t<div class=\"sow-accordion\">\n\t\t\t<div class=\"sow-accordion-panel\n\t\t\t\t\"\n\t\t\tdata-anchor-id=\"libri\">\n\t\t\t\t<div class=\"sow-accordion-panel-header-container\" role=\"heading\" aria-level=\"2\">\n\t\t\t\t\t<div class=\"sow-accordion-panel-header\" tabindex=\"0\" role=\"button\" id=\"accordion-label-libri\" aria-controls=\"accordion-content-libri\" aria-expanded=\"false\">\n\t\t\t\t\t\t<div class=\"sow-accordion-title sow-accordion-title-icon-left\">\n\t\t\t\t\t\t\t\t\t\t\t\t\t\tLibri\t\t\t\t\t\t\t\t\t\t\t\t\t<\/div>\n\t\t\t\t\t\t<div class=\"sow-accordion-open-close-button\">\n\t\t\t\t\t\t\t<div class=\"sow-accordion-open-button\">\n\t\t\t\t\t\t\t\t<span class=\"sow-icon-ionicons\" data-sow-icon=\"&#xf218;\"\n\t\t \n\t\taria-hidden=\"true\"><\/span>\t\t\t\t\t\t\t<\/div>\n\t\t\t\t\t\t\t<div class=\"sow-accordion-close-button\">\n\t\t\t\t\t\t\t\t<span class=\"sow-icon-ionicons\" data-sow-icon=\"&#xf209;\"\n\t\t \n\t\taria-hidden=\"true\"><\/span>\t\t\t\t\t\t\t<\/div>\n\t\t\t\t\t\t<\/div>\n\t\t\t\t\t<\/div>\n\t\t\t\t<\/div>\n\n\t\t\t<div\n\t\t\t\tclass=\"sow-accordion-panel-content\"\n\t\t\t\trole=\"region\"\n\t\t\t\taria-labelledby=\"accordion-label-libri\"\n\t\t\t\tid=\"accordion-content-libri\"\n\t\t\t\tstyle=\"display: none;\"\t\t\t>\n\t\t\t\t<div class=\"sow-accordion-panel-border\">\n\t\t\t\t\t\t\t\t\t<\/div>\n\t\t\t<\/div>\n\t\t<\/div>\n\t\t\t<div class=\"sow-accordion-panel\n\t\t\t\t\"\n\t\t\tdata-anchor-id=\"articoli\">\n\t\t\t\t<div class=\"sow-accordion-panel-header-container\" role=\"heading\" aria-level=\"2\">\n\t\t\t\t\t<div class=\"sow-accordion-panel-header\" tabindex=\"0\" role=\"button\" id=\"accordion-label-articoli\" aria-controls=\"accordion-content-articoli\" aria-expanded=\"false\">\n\t\t\t\t\t\t<div class=\"sow-accordion-title sow-accordion-title-icon-left\">\n\t\t\t\t\t\t\t\t\t\t\t\t\t\tArticoli\t\t\t\t\t\t\t\t\t\t\t\t\t<\/div>\n\t\t\t\t\t\t<div class=\"sow-accordion-open-close-button\">\n\t\t\t\t\t\t\t<div class=\"sow-accordion-open-button\">\n\t\t\t\t\t\t\t\t<span class=\"sow-icon-ionicons\" data-sow-icon=\"&#xf218;\"\n\t\t \n\t\taria-hidden=\"true\"><\/span>\t\t\t\t\t\t\t<\/div>\n\t\t\t\t\t\t\t<div class=\"sow-accordion-close-button\">\n\t\t\t\t\t\t\t\t<span class=\"sow-icon-ionicons\" data-sow-icon=\"&#xf209;\"\n\t\t \n\t\taria-hidden=\"true\"><\/span>\t\t\t\t\t\t\t<\/div>\n\t\t\t\t\t\t<\/div>\n\t\t\t\t\t<\/div>\n\t\t\t\t<\/div>\n\n\t\t\t<div\n\t\t\t\tclass=\"sow-accordion-panel-content\"\n\t\t\t\trole=\"region\"\n\t\t\t\taria-labelledby=\"accordion-label-articoli\"\n\t\t\t\tid=\"accordion-content-articoli\"\n\t\t\t\tstyle=\"display: none;\"\t\t\t>\n\t\t\t\t<div class=\"sow-accordion-panel-border\">\n\t\t\t\t\t\t\t\t\t<\/div>\n\t\t\t<\/div>\n\t\t<\/div>\n\t\t\t<div class=\"sow-accordion-panel\n\t\t\t\t\"\n\t\t\tdata-anchor-id=\"testi\">\n\t\t\t\t<div class=\"sow-accordion-panel-header-container\" role=\"heading\" aria-level=\"2\">\n\t\t\t\t\t<div class=\"sow-accordion-panel-header\" tabindex=\"0\" role=\"button\" id=\"accordion-label-testi\" aria-controls=\"accordion-content-testi\" aria-expanded=\"false\">\n\t\t\t\t\t\t<div class=\"sow-accordion-title sow-accordion-title-icon-left\">\n\t\t\t\t\t\t\t\t\t\t\t\t\t\tTesti\t\t\t\t\t\t\t\t\t\t\t\t\t<\/div>\n\t\t\t\t\t\t<div class=\"sow-accordion-open-close-button\">\n\t\t\t\t\t\t\t<div class=\"sow-accordion-open-button\">\n\t\t\t\t\t\t\t\t<span class=\"sow-icon-ionicons\" data-sow-icon=\"&#xf218;\"\n\t\t \n\t\taria-hidden=\"true\"><\/span>\t\t\t\t\t\t\t<\/div>\n\t\t\t\t\t\t\t<div class=\"sow-accordion-close-button\">\n\t\t\t\t\t\t\t\t<span class=\"sow-icon-ionicons\" data-sow-icon=\"&#xf209;\"\n\t\t \n\t\taria-hidden=\"true\"><\/span>\t\t\t\t\t\t\t<\/div>\n\t\t\t\t\t\t<\/div>\n\t\t\t\t\t<\/div>\n\t\t\t\t<\/div>\n\n\t\t\t<div\n\t\t\t\tclass=\"sow-accordion-panel-content\"\n\t\t\t\trole=\"region\"\n\t\t\t\taria-labelledby=\"accordion-label-testi\"\n\t\t\t\tid=\"accordion-content-testi\"\n\t\t\t\tstyle=\"display: none;\"\t\t\t>\n\t\t\t\t<div class=\"sow-accordion-panel-border\">\n\t\t\t\t\t<ul>\n<li><a href=\"https:\/\/www.diocesitn.it\/area-annuncio\/wp-content\/uploads\/sites\/39\/2022\/04\/Conoscere-Gesu-nella-voazione-matrimoniale_Lepori_Vocazione.pdf\" target=\"_blank\" rel=\"noopener\">Conoscere Ges\u00f9 Cristo nella vocazione matrimoniale<\/a> tratto da \"Fu invitato anche Ges\u00f9. Converszioni sulla vocazione familiare\", M.G. Lepori, Cantagalli, 2008<\/li>\n<\/ul>\n\t\t\t\t<\/div>\n\t\t\t<\/div>\n\t\t<\/div>\n\t\t\t<div class=\"sow-accordion-panel\n\t\t\t\t\"\n\t\t\tdata-anchor-id=\"relazioni\">\n\t\t\t\t<div class=\"sow-accordion-panel-header-container\" role=\"heading\" aria-level=\"2\">\n\t\t\t\t\t<div class=\"sow-accordion-panel-header\" tabindex=\"0\" role=\"button\" id=\"accordion-label-relazioni\" aria-controls=\"accordion-content-relazioni\" aria-expanded=\"false\">\n\t\t\t\t\t\t<div class=\"sow-accordion-title sow-accordion-title-icon-left\">\n\t\t\t\t\t\t\t\t\t\t\t\t\t\tRelazioni\t\t\t\t\t\t\t\t\t\t\t\t\t<\/div>\n\t\t\t\t\t\t<div class=\"sow-accordion-open-close-button\">\n\t\t\t\t\t\t\t<div class=\"sow-accordion-open-button\">\n\t\t\t\t\t\t\t\t<span class=\"sow-icon-ionicons\" data-sow-icon=\"&#xf218;\"\n\t\t \n\t\taria-hidden=\"true\"><\/span>\t\t\t\t\t\t\t<\/div>\n\t\t\t\t\t\t\t<div class=\"sow-accordion-close-button\">\n\t\t\t\t\t\t\t\t<span class=\"sow-icon-ionicons\" data-sow-icon=\"&#xf209;\"\n\t\t \n\t\taria-hidden=\"true\"><\/span>\t\t\t\t\t\t\t<\/div>\n\t\t\t\t\t\t<\/div>\n\t\t\t\t\t<\/div>\n\t\t\t\t<\/div>\n\n\t\t\t<div\n\t\t\t\tclass=\"sow-accordion-panel-content\"\n\t\t\t\trole=\"region\"\n\t\t\t\taria-labelledby=\"accordion-label-relazioni\"\n\t\t\t\tid=\"accordion-content-relazioni\"\n\t\t\t\tstyle=\"display: none;\"\t\t\t>\n\t\t\t\t<div class=\"sow-accordion-panel-border\">\n\t\t\t\t\t<p>- <a href=\"https:\/\/www.diocesitn.it\/area-annuncio\/wp-content\/uploads\/sites\/39\/2022\/04\/Relazione_Famiglia-e-vocazione_don-Trincanato_Vocazione.pdf\" target=\"_blank\" rel=\"noopener\">Famiglia e Vocazione, nuove tessiture<\/a> di don Silvio Trincanato<\/p>\n\t\t\t\t<\/div>\n\t\t\t<\/div>\n\t\t<\/div>\n\t\t\t<div class=\"sow-accordion-panel\n\t\t\t\t\"\n\t\t\tdata-anchor-id=\"altro\">\n\t\t\t\t<div class=\"sow-accordion-panel-header-container\" role=\"heading\" aria-level=\"2\">\n\t\t\t\t\t<div class=\"sow-accordion-panel-header\" tabindex=\"0\" role=\"button\" id=\"accordion-label-altro\" aria-controls=\"accordion-content-altro\" aria-expanded=\"false\">\n\t\t\t\t\t\t<div class=\"sow-accordion-title sow-accordion-title-icon-left\">\n\t\t\t\t\t\t\t\t\t\t\t\t\t\tAltro\t\t\t\t\t\t\t\t\t\t\t\t\t<\/div>\n\t\t\t\t\t\t<div class=\"sow-accordion-open-close-button\">\n\t\t\t\t\t\t\t<div class=\"sow-accordion-open-button\">\n\t\t\t\t\t\t\t\t<span class=\"sow-icon-ionicons\" data-sow-icon=\"&#xf218;\"\n\t\t \n\t\taria-hidden=\"true\"><\/span>\t\t\t\t\t\t\t<\/div>\n\t\t\t\t\t\t\t<div class=\"sow-accordion-close-button\">\n\t\t\t\t\t\t\t\t<span class=\"sow-icon-ionicons\" data-sow-icon=\"&#xf209;\"\n\t\t \n\t\taria-hidden=\"true\"><\/span>\t\t\t\t\t\t\t<\/div>\n\t\t\t\t\t\t<\/div>\n\t\t\t\t\t<\/div>\n\t\t\t\t<\/div>\n\n\t\t\t<div\n\t\t\t\tclass=\"sow-accordion-panel-content\"\n\t\t\t\trole=\"region\"\n\t\t\t\taria-labelledby=\"accordion-label-altro\"\n\t\t\t\tid=\"accordion-content-altro\"\n\t\t\t\tstyle=\"display: none;\"\t\t\t>\n\t\t\t\t<div class=\"sow-accordion-panel-border\">\n\t\t\t\t\t\t\t\t\t<\/div>\n\t\t\t<\/div>\n\t\t<\/div>\n\t\t<\/div>\n<\/div>\n<\/div><\/div><\/div><div id=\"panel-14439-1-0-4\" class=\"so-panel widget widget_sow-editor\" data-index=\"6\" ><div\n\t\t\t\n\t\t\tclass=\"so-widget-sow-editor so-widget-sow-editor-base\"\n\t\t\t\n\t\t>\n<div class=\"siteorigin-widget-tinymce textwidget\">\n\t<h5 style=\"text-align: right\"><a href=\"#inizio\"><strong>\u21d1<\/strong><\/a><\/h5>\n<\/div>\n<\/div><\/div><div id=\"panel-14439-1-0-5\" class=\"so-panel widget widget_sow-editor panel-last-child\" data-index=\"7\" ><div id=\"approfondire\" class=\"panel-widget-style panel-widget-style-for-14439-1-0-5\" ><div\n\t\t\t\n\t\t\tclass=\"so-widget-sow-editor so-widget-sow-editor-base\"\n\t\t\t\n\t\t><h3 class=\"widget-title\">PER APPROFONDIRE<\/h3>\n<div class=\"siteorigin-widget-tinymce textwidget\">\n\t<p style=\"text-align: right\"><span style=\"color: #0000ff\"><strong>Il Battesimo: sacramento della nascita cristiana,\u00a0<\/strong><strong>luogo dell\u2019amore di Dio, presente nella storia degli sposi<\/strong><\/span><\/p>\n<p>Che cos\u2019\u00e8 il sacramento del Battesimo?<\/p>\n<p>Il catechismo della Chiesa Cattolica lo inserisce nei sacramenti definiti dell\u2019iniziazione cristiana, quei sacramenti che ci fanno diventare cristiani.<\/p>\n<p>Non solo, ne sottolinea la preziosit\u00e0 definendolo come il fondamento di tutta la vita cristiana, il vestibolo d\u2019ingresso alla vita nello Spirito, e la porta che apre l\u2019accesso agli altri sacramenti (CCC 1213).<\/p>\n<p>Non \u00e8 pertanto solamente una questione \u201cburocratica\u201d, una \u201cquestione da sbrigare\u201d per entrare a far parte della Chiesa Cattolica e per ricevere i sacramenti successivi.<\/p>\n<p>Pensiamo alle fondamenta di un edificio, reggono l\u2019intera struttura, che altrimenti senza questa base, crollerebbe. Esternamente non si vedono, ma sono indispensabili.<\/p>\n<p>Con questo esempio possiamo comprendere quello che, in merito al Battesimo, il catechismo della Chiesa Cattolica vuole sottolineare: \u00e8 il sacramento sopra il quale poggia la nostra vita di credenti e tutti gli altri sacramenti, senza il quale non resisterebbero alle intemperie e agli scossoni della vita.<\/p>\n<p>San Gregorio Nazianzeno lo descrive chiaramente con queste belle parole:\u00a0 \u201cIl Battesimo \u00e8 il pi\u00f9 bello e magnifico dei doni di Dio\u2026 lo chiamiamo dono, grazia, unzione, illuminazione, veste d\u2019immortalit\u00e0, lavacro di rigenerazione, sigillo e tutto ci\u00f2 che vi \u00e8 di pi\u00f9 prezioso. Dono, poich\u00e9 \u00e8 dato a coloro che non portano nulla; grazia, perch\u00e9 viene elargito anche ai colpevoli; battesimo, perch\u00e9 il peccato viene seppellito nell\u2019acqua; unzione, perch\u00e9 \u00e8 sacro e regale (tali sono coloro che vengono unti); illuminazione, perch\u00e9 \u00e8 luce sfolgorante; veste, perch\u00e9 copre la nostra vergogna; lavacro, perch\u00e9 ci lava; sigillo, perch\u00e9 ci custodisce ed \u00e8 il segno\u00a0della signoria di Dio.\u201d<a href=\"https:\/\/www.diocesitn.it\/area-annuncio\/la-vocazione\/#_ftn1\" name=\"_ftnref1\">[1]<\/a><\/p>\n<p>Il Battesimo ci libera dal peccato originale, da quella ferita che ci hanno lasciato i nostri progenitori Adamo ed Eva, all\u2019inizio della storia della Salvezza. Ci rende forti e capaci di lottare contro le insidie e le tentazioni che, inevitabilmente, incontreremo nella vita. Con esso diventiamo figli di Dio, facciamo cos\u00ec parte tutti dello stesso \u201cstato famiglia\u201d. Esso costituisce la nascita alla vita nuova di Cristo (CCC 1277).<\/p>\n<p>Il Battesimo incorpora alla Chiesa. Dai fonti battesimali nasce l\u2019unico popolo di Dio della Nuova Alleanza che supera tutti i limiti naturali delle culture, delle razze e dei sessi: \u201cIn realt\u00e0 noi tutti siamo stati battezzati in un solo Spirito per formare un solo Corpo\u201d (1 Cor 12,13) (CCC 1267).<\/p>\n<p>Il Battesimo stesso \u00e8 un mistero nuziale: \u00e8, per cos\u00ec dire, il lavacro di nozze che precede il banchetto di nozze che \u00e8 l\u2019Eucarestia.<\/p>\n<p>Il battezzato diviene parte della Chiesa, corpo mistico di Cristo.<\/p>\n<p>\u201cSiamo membra gli uni degli altri\u201d (Ef 4,25).<\/p>\n<p>Strettamente legato a tutti gli altri sacramenti, qui vediamo in particolare come lo sia al sacramento del matrimonio (cfr. AL 72).<\/p>\n<p>La Chiesa \u00e8 sposa di Cristo. La nostra anima di battezzati viene unita a Cristo, che \u00e8 l\u2019Amato.<\/p>\n<p>Il sacramento del matrimonio \u00e8 profezia, segno, di questa unione sponsale tra Cristo (sposo) e la Chiesa (sposa). Gli sposi rappresentano proprio questa profonda e intima unione.<\/p>\n<p>Ges\u00f9 con la sua morte e passione ci ha redenti, ha preso su di s\u00e9 i nostri peccati per salvarci e donarci la Resurrezione, la vita eterna. Questo \u00e8 l\u2019amore pi\u00f9 grande: dare la vita per i propri amici, e Ges\u00f9 lo fa in questa ottica di amore sponsale per ciascuno di noi.<\/p>\n<p>Giovanni Paolo II, nell\u2019esortazione apostolica Familiaris Consortio, afferma che gli sposi cristiani sono \u201cil richiamo permanente per la Chiesa di ci\u00f2 che \u00e8 accaduto sulla Croce\u201d.<\/p>\n<p>Pertanto ogni aspetto dell\u2019amore coniugale, anche la dimensione corporea, il dono totale all\u2019altro, il toccarsi, i gesti di cura, di attenzione e di confidenza, anche i pi\u00f9 quotidiani e banali, anche le coccole, richiamano permanentemente il dono pieno della Pasqua e della Resurrezione appunto.<\/p>\n<p>Riassumendo: questo grande amore sponsale che Cristo ha per la sua Chiesa, per ciascun battezzato, si rende visibile negli sposi, attraverso il sacramento del matrimonio.<\/p>\n<p>E ancora: il nostro essere battezzati ci fa entrare in quel corpo mistico che \u00e8 la Chiesa, un tutt\u2019uno con il capo che \u00e8 Cristo stesso. Gli sposi nel sacramento divengono un\u2019unica carne, un corpo unico.<\/p>\n<p>San Paolo lo mette in luce con assoluta chiarezza: non ci salviamo eliminando il nostro corpo, come se dovessimo recuperare una perduta condizione angelica; ci salviamo, invece, dando il nostro corpo, sacrificandolo, impiegandolo per servire Dio e gli altri.<\/p>\n<p>E ancora \u201cVoi, mariti, amate le vostre mogli, come Cristo ha amato la Chiesa e ha dato s\u00e8 stesso per lei\u2026\u201d\u00a0 (Ef. 5,25)<\/p>\n<p>&nbsp;<\/p>\n<p style=\"text-align: right\"><span style=\"color: #0000ff\"><strong>Vocazione come capacit\u00e0 di scegliere liberamente,\u00a0<\/strong><strong>insieme con Dio, nelle fasi della vita<\/strong><\/span><\/p>\n<p>\u00abL'uno per l'altro\u00bb - \u00abuna unit\u00e0 a due\u00bb.<\/p>\n<p>Creati\u00a0<em>insieme<\/em>, l\u2019uomo e la donna sono voluti da Dio l\u2019uno\u00a0<em>per<\/em>\u00a0l\u2019altro. La Parola di Dio ce lo lascia capire attraverso diversi passi del testo sacro. \u00abNon \u00e8 bene che l\u2019uomo sia solo: gli voglio fare un aiuto che gli sia simile\u00bb (Gn 2,18). Nessuno degli animali pu\u00f2 essere questo \u00abpari\u00bb dell\u2019uomo. \u00a0La donna che Dio \u00abplasma\u00bb con la costola tolta all\u2019uomo e che conduce all\u2019uomo, strappa all\u2019uomo un grido d\u2019ammirazione, un\u2019esclamazione d\u2019amore e di comunione: \u00abQuesta volta essa \u00e8 carne dalla mia carne e osso dalle mie ossa\u00bb (Gn 2,23). L\u2019uomo scopre la donna come un altro \u00abio\u00bb portatore della stessa umanit\u00e0.<\/p>\n<p>L\u2019uomo e la donna sono fatti \u00abl\u2019uno per l\u2019altro\u00bb: non gi\u00e0 che Dio li abbia creati \u00aba met\u00e0\u00bb ed \u00abincompleti\u00bb; li ha creati per una comunione di persone, nella quale ognuno pu\u00f2 essere aiuto per l\u2019altro, perch\u00e9 sono ad un tempo uguali in quanto persone (osso dalle mie ossa\u2026) e complementari in quanto maschio e femmina.<\/p>\n<p>Nel matrimonio, Dio li unisce in modo che, formando \u00abuna sola carne\u00bb (Gn 2,24), possano trasmettere la vita umana: \u00abSiate fecondi e moltiplicatevi, riempite la terra\u00bb (Gn 1,28). Trasmettendo ai loro figli la vita umana, l\u2019uomo e la donna, come sposi e genitori, cooperano in un modo unico all\u2019opera del Creatore.<\/p>\n<p>Nel disegno di Dio, l\u2019uomo e la donna sono chiamati a dominare la terra come amministratori di Dio. Questa sovranit\u00e0 non deve essere un dominio arbitrario e distruttivo. A immagine del Creatore, \u00abche ama tutte le cose esistenti\u00bb (Sap 11,24), l\u2019uomo e la donna sono chiamati a partecipare alla Provvidenza divina verso le altre creature. Da qui la loro responsabilit\u00e0 nei confronti del mondo che Dio ha loro affidato (CCC 371-372-373).<\/p>\n<p>In queste righe il Catechismo ci mostra chiaramente come la vocazione degli sposi sia una continua ricerca di bene lungo il corso della vita. Essi sono dono reciproco e dono per gli altri, per questo motivo attraverso il discernimento e la preghiera chiedono a Dio di compiere le scelte pi\u00f9 giuste per capire quale strada prendere.<\/p>\n<p>Vocazione prima nel fidanzamento come richiesta personale della strada da prendere: sar\u00e0 quella la persona giusta, che Dio ha scelto per me?<\/p>\n<p>Successivamente nel matrimonio, come ricerca quotidiana di cammino insieme nella Sua Volont\u00e0, per prendersi cura gli uni degli altri, del mondo intero. In una dimensione dove dare delle chiare priorit\u00e0, prima Ges\u00f9, poi lo sposo\/a, i figli, poi tutto il resto.<\/p>\n<p>&nbsp;<\/p>\n<p style=\"text-align: right\"><strong><span style=\"color: #0000ff\">Il mio rapporto quotidiano con l\u2019altro insieme al Signore come risposta alla chiamata battesimale (cfr. FC 51)<\/span><\/strong><\/p>\n<p>\u201cPerch\u00e9 dove sono due o tre riuniti nel mio nome, io sono in mezzo a loro\u201d (Mt 15,20).<\/p>\n<p>Questa dimensione di unione nel matrimonio \u00e8 talmente chiara da essere sacramento.<\/p>\n<p>Fulton Sheen nel suo libro \u201cTre per Sposarsi\u201d scrive: tre elementi occorrono a produrre l\u2019amore nei cuori: l\u2019amante, l\u2019amato e l\u2019amore<a href=\"https:\/\/www.diocesitn.it\/area-annuncio\/la-vocazione\/#_ftn1\" name=\"_ftnref1\">[2]<\/a>.<\/p>\n<p>Questo amore \u00e8 proprio la presenza di Dio nella storia degli sposi. E come coltivarla? Come prendersi cura di quella scintilla che primariamente \u00e8 stata accesa in noi durante il sacramento del battesimo e successivamente nel sacramento del matrimonio?<\/p>\n<p>Amando il mio sposo, la mia sposa, io amo Cristo. Prendermi cura di lei\/lui concretizza quell\u2019amore che \u00e8 Dio in mezzo a noi. Non \u00e8 sempre facile vivere questa dimensione nella pienezza. Le cose che ci circondano a volte, ci distraggono dall\u2019importanza e dalla priorit\u00e0 della nostra vocazione matrimoniale. Dobbiamo attingere continuamente alla fonte di quell\u2019amore per far fruttificare i nostri cuori e la nostra unione.<\/p>\n<p>I Sacramenti e la preghiera coltivati insieme ci danno la forza di sostenere la fatica del cammino. Rivolgiamoci a Lui, fonte di ogni bene. Impariamo a chiederci perdono nel Suo nome, nelle piccole e grandi discussioni, per rinnovare e coltivare il nostro rapporto.<\/p>\n<p>La nuova famiglia che nasce dal sacramento del matrimonio diviene piccola Chiesa domestica (CCC 1655). Luogo privilegiato dove Dio, fatto uomo, ha deciso di collocarsi, a Nazareth pi\u00f9 di duemila anni, oggi nelle nostre case. Viviamo in un posto privilegiato\u2026 un posto \u201cda Dio\u201d.<\/p>\n<p>&nbsp;<\/p>\n<p style=\"text-align: right\"><span style=\"color: #0000ff\"><strong>Il matrimonio proietta gli sposi nella vita, disponendoli ad attraversare insieme<\/strong><\/span><br \/>\n<span style=\"color: #0000ff\"><strong>tutte le prove e i momenti difficili (AL 211)<\/strong><\/span><\/p>\n<p>Questa posizione privilegiata non rimane per\u00f2 estranea alla dimensione del mondo che la circonda.<\/p>\n<p>Essere cristiani non significa vivere una realt\u00e0 lontana dalla concretezza che tutti affrontano. Anche gli sposi, nel corso della loro vita insieme, fanno i conti con le fatiche, le malattie, le gioie, le sofferenze, la morte\u2026 insomma ci\u00f2 che tutte le persone devono affrontare.<\/p>\n<p>Non dobbiamo fare l\u2019errore di pensare che, solo perch\u00e9 credenti, vivremo la dimensione di famiglia perfetta, del \u201cmulino bianco\u201d.<\/p>\n<p>Dio non ci chiede di allontanarci da ci\u00f2 che ci circonda, ma di trasformarlo con il Suo aiuto.<\/p>\n<p>Leggere le vicende come Lui le leggerebbe, agire come Lui agirebbe, amare come Lui amerebbe. Insieme, in una dinamica trinitaria.<\/p>\n<p>Il focolare \u00e8 cos\u00ec la prima scuola di vita cristiana e una scuola di umanit\u00e0 pi\u00f9 ricca. \u00c9 qui che si apprende la fatica e la gioia del lavoro, l\u2019amore fraterno, il perdono generoso, sempre rinnovato, e soprattutto il culto divino attraverso la preghiera e l\u2019offerta della propria vita (CCC 1657).<\/p>\n<p>Viene facile perci\u00f2 pensare che il matrimonio non \u00e8 una meta da raggiugere, ma un inizio tutto nuovo, una nuova vita che si apre, ricca di sorprese e di novit\u00e0, non pi\u00f9 vissuta singolarmente, ma in tre: io, te e Ges\u00f9.<\/p>\n<p><a href=\"https:\/\/www.diocesitn.it\/area-annuncio\/la-vocazione\/#_ftnref1\" name=\"_ftn1\">[1]<\/a>\u00a0San Gregorio Nazianzeno, Orationes, 40, 3-4: PG 36, 361C<\/p>\n<p><a href=\"https:\/\/www.diocesitn.it\/area-annuncio\/la-vocazione\/#_ftnref1\" name=\"_ftn1\">[2]<\/a>\u00a0Sheen John Fulton,\u00a0<em>Tre per sposarsi. Cristo fondamento dell\u2019unione sponsale<\/em>, Fede &amp; Cultura, 2018<\/p>\n<p style=\"text-align: right\"><a href=\"https:\/\/www.diocesitn.it\/area-annuncio\/wp-content\/uploads\/sites\/39\/2022\/01\/Scheda-vocazione_definitiva.pdf\" target=\"_blank\" rel=\"noopener\">Scarica la scheda<\/a><\/p>\n<h5 style=\"text-align: right\"><a href=\"#inizio\"><strong>\u21d1<\/strong><\/a><\/h5>\n<p style=\"text-align: right\"><a href=\"#Inizio\">\u00a0<i class=\"fi-arrow-up\"><!-- icon --><\/i>\u00a0<\/a><\/p>\n<\/div>\n<\/div><\/div><\/div><\/div><\/div><\/div>","protected":false},"excerpt":{"rendered":"<p>Il nostro amore umano cos\u00ec prezioso e unico \u00e8 sotto lo sguardo di Dio: \u00e8 Lui che ci ha fatto incontrare e ci fa scoprire di essere dono l\u2019uno per l\u2019altro e, ogni giorno\u00a0ci chiama<\/p>\n","protected":false},"author":14,"featured_media":0,"parent":0,"menu_order":0,"comment_status":"closed","ping_status":"closed","template":"","meta":{"footnotes":""},"class_list":["post-14439","page","type-page","status-publish","hentry"],"acf":{"seed-localization-paese-cod":"IT","seed-localization-address":"","seed-localization-citta":"Trento","seed-localization-regione-cod-istat":"04","seed-localization-citta-cod-istat":"022205","seed-localization-localita":"","seed-localization-cap":"","seed-localization-marker-visibility":false,"seed-localization-children-visibility":false,"seed-localization-kml":"","seed-localization-custom-marker":""},"yoast_head":"<!-- This site is optimized with the Yoast SEO Premium plugin v20.2.1 (Yoast SEO v22.2) - https:\/\/yoast.com\/wordpress\/plugins\/seo\/ -->\n<title>LA VOCAZIONE - Annuncio e Sacramenti<\/title>\n<meta name=\"robots\" content=\"index, follow, max-snippet:-1, max-image-preview:large, max-video-preview:-1\" \/>\n<link rel=\"canonical\" href=\"https:\/\/www.diocesitn.it\/area-annuncio\/vocazione\/\" \/>\n<meta property=\"og:locale\" content=\"it_IT\" \/>\n<meta property=\"og:type\" content=\"article\" \/>\n<meta property=\"og:title\" content=\"LA VOCAZIONE\" \/>\n<meta property=\"og:description\" content=\"Il nostro amore umano cos\u00ec prezioso e unico \u00e8 sotto lo sguardo di Dio: \u00e8 Lui che ci ha fatto incontrare e ci fa scoprire di essere dono l\u2019uno per l\u2019altro e, ogni giorno\u00a0ci chiama\" \/>\n<meta property=\"og:url\" content=\"https:\/\/www.diocesitn.it\/area-annuncio\/vocazione\/\" \/>\n<meta property=\"og:site_name\" content=\"Annuncio e Sacramenti\" \/>\n<meta property=\"article:publisher\" content=\"https:\/\/www.facebook.com\/pastoralegiovanile.trento\/\" \/>\n<meta property=\"article:modified_time\" content=\"2022-04-06T12:45:59+00:00\" \/>\n<meta property=\"og:image\" content=\"https:\/\/www.diocesitn.it\/area-annuncio\/wp-content\/uploads\/sites\/39\/2021\/09\/og-logo-annuncio-e-sacramenti.jpg\" \/>\n\t<meta property=\"og:image:width\" content=\"1200\" \/>\n\t<meta property=\"og:image:height\" content=\"630\" \/>\n\t<meta property=\"og:image:type\" content=\"image\/jpeg\" \/>\n<meta name=\"twitter:card\" content=\"summary_large_image\" \/>\n<meta name=\"twitter:label1\" content=\"Tempo di lettura stimato\" \/>\n\t<meta name=\"twitter:data1\" content=\"11 minuti\" \/>\n<script type=\"application\/ld+json\" class=\"yoast-schema-graph\">{\"@context\":\"https:\/\/schema.org\",\"@graph\":[{\"@type\":\"WebPage\",\"@id\":\"https:\/\/www.diocesitn.it\/area-annuncio\/vocazione\/\",\"url\":\"https:\/\/www.diocesitn.it\/area-annuncio\/vocazione\/\",\"name\":\"LA VOCAZIONE - Annuncio e Sacramenti\",\"isPartOf\":{\"@id\":\"https:\/\/www.diocesitn.it\/area-annuncio\/#website\"},\"datePublished\":\"2022-01-14T10:02:28+00:00\",\"dateModified\":\"2022-04-06T12:45:59+00:00\",\"breadcrumb\":{\"@id\":\"https:\/\/www.diocesitn.it\/area-annuncio\/vocazione\/#breadcrumb\"},\"inLanguage\":\"it-IT\",\"potentialAction\":[{\"@type\":\"ReadAction\",\"target\":[\"https:\/\/www.diocesitn.it\/area-annuncio\/vocazione\/\"]}]},{\"@type\":\"BreadcrumbList\",\"@id\":\"https:\/\/www.diocesitn.it\/area-annuncio\/vocazione\/#breadcrumb\",\"itemListElement\":[{\"@type\":\"ListItem\",\"position\":1,\"name\":\"Home\",\"item\":\"https:\/\/www.diocesitn.it\/area-annuncio\/\"},{\"@type\":\"ListItem\",\"position\":2,\"name\":\"LA VOCAZIONE\"}]},{\"@type\":\"WebSite\",\"@id\":\"https:\/\/www.diocesitn.it\/area-annuncio\/#website\",\"url\":\"https:\/\/www.diocesitn.it\/area-annuncio\/\",\"name\":\"Annuncio e Sacramenti\",\"description\":\"Chiesa di Trento\",\"publisher\":{\"@id\":\"https:\/\/www.diocesitn.it\/area-annuncio\/#organization\"},\"potentialAction\":[{\"@type\":\"SearchAction\",\"target\":{\"@type\":\"EntryPoint\",\"urlTemplate\":\"https:\/\/www.diocesitn.it\/area-annuncio\/?s={search_term_string}\"},\"query-input\":\"required name=search_term_string\"}],\"inLanguage\":\"it-IT\"},{\"@type\":[\"Organization\",\"Place\"],\"@id\":\"https:\/\/www.diocesitn.it\/area-annuncio\/#organization\",\"name\":\"Area Annuncio e Sacramenti - Chiesa di Trento\",\"url\":\"https:\/\/www.diocesitn.it\/area-annuncio\/\",\"logo\":{\"@id\":\"https:\/\/www.diocesitn.it\/area-annuncio\/vocazione\/#local-main-organization-logo\"},\"image\":{\"@id\":\"https:\/\/www.diocesitn.it\/area-annuncio\/vocazione\/#local-main-organization-logo\"},\"sameAs\":[\"https:\/\/www.facebook.com\/pastoralegiovanile.trento\/\",\"https:\/\/www.instagram.com\/pastoralegiovaniletrento\/\",\"https:\/\/www.youtube.com\/channel\/UCGt7hyJaIQIkrQPos4K6L6w\"],\"openingHoursSpecification\":[{\"@type\":\"OpeningHoursSpecification\",\"dayOfWeek\":[\"Monday\",\"Tuesday\",\"Wednesday\",\"Thursday\",\"Friday\",\"Saturday\",\"Sunday\"],\"opens\":\"09:00\",\"closes\":\"17:00\"}]},{\"@type\":\"ImageObject\",\"inLanguage\":\"it-IT\",\"@id\":\"https:\/\/www.diocesitn.it\/area-annuncio\/vocazione\/#local-main-organization-logo\",\"url\":\"https:\/\/www.diocesitn.it\/area-annuncio\/wp-content\/uploads\/sites\/39\/2021\/09\/og-logo-annuncio-e-sacramenti.jpg\",\"contentUrl\":\"https:\/\/www.diocesitn.it\/area-annuncio\/wp-content\/uploads\/sites\/39\/2021\/09\/og-logo-annuncio-e-sacramenti.jpg\",\"width\":1200,\"height\":630,\"caption\":\"Area Annuncio e Sacramenti - Chiesa di Trento\"}]}<\/script>\n<!-- \/ Yoast SEO Premium plugin. -->","yoast_head_json":{"title":"LA VOCAZIONE - Annuncio e Sacramenti","robots":{"index":"index","follow":"follow","max-snippet":"max-snippet:-1","max-image-preview":"max-image-preview:large","max-video-preview":"max-video-preview:-1"},"canonical":"https:\/\/www.diocesitn.it\/area-annuncio\/vocazione\/","og_locale":"it_IT","og_type":"article","og_title":"LA VOCAZIONE","og_description":"Il nostro amore umano cos\u00ec prezioso e unico \u00e8 sotto lo sguardo di Dio: \u00e8 Lui che ci ha fatto incontrare e ci fa scoprire di essere dono l\u2019uno per l\u2019altro e, ogni giorno\u00a0ci chiama","og_url":"https:\/\/www.diocesitn.it\/area-annuncio\/vocazione\/","og_site_name":"Annuncio e Sacramenti","article_publisher":"https:\/\/www.facebook.com\/pastoralegiovanile.trento\/","article_modified_time":"2022-04-06T12:45:59+00:00","og_image":[{"width":1200,"height":630,"url":"https:\/\/www.diocesitn.it\/area-annuncio\/wp-content\/uploads\/sites\/39\/2021\/09\/og-logo-annuncio-e-sacramenti.jpg","type":"image\/jpeg"}],"twitter_card":"summary_large_image","twitter_misc":{"Tempo di lettura stimato":"11 minuti"},"schema":{"@context":"https:\/\/schema.org","@graph":[{"@type":"WebPage","@id":"https:\/\/www.diocesitn.it\/area-annuncio\/vocazione\/","url":"https:\/\/www.diocesitn.it\/area-annuncio\/vocazione\/","name":"LA VOCAZIONE - Annuncio e Sacramenti","isPartOf":{"@id":"https:\/\/www.diocesitn.it\/area-annuncio\/#website"},"datePublished":"2022-01-14T10:02:28+00:00","dateModified":"2022-04-06T12:45:59+00:00","breadcrumb":{"@id":"https:\/\/www.diocesitn.it\/area-annuncio\/vocazione\/#breadcrumb"},"inLanguage":"it-IT","potentialAction":[{"@type":"ReadAction","target":["https:\/\/www.diocesitn.it\/area-annuncio\/vocazione\/"]}]},{"@type":"BreadcrumbList","@id":"https:\/\/www.diocesitn.it\/area-annuncio\/vocazione\/#breadcrumb","itemListElement":[{"@type":"ListItem","position":1,"name":"Home","item":"https:\/\/www.diocesitn.it\/area-annuncio\/"},{"@type":"ListItem","position":2,"name":"LA VOCAZIONE"}]},{"@type":"WebSite","@id":"https:\/\/www.diocesitn.it\/area-annuncio\/#website","url":"https:\/\/www.diocesitn.it\/area-annuncio\/","name":"Annuncio e Sacramenti","description":"Chiesa di Trento","publisher":{"@id":"https:\/\/www.diocesitn.it\/area-annuncio\/#organization"},"potentialAction":[{"@type":"SearchAction","target":{"@type":"EntryPoint","urlTemplate":"https:\/\/www.diocesitn.it\/area-annuncio\/?s={search_term_string}"},"query-input":"required name=search_term_string"}],"inLanguage":"it-IT"},{"@type":["Organization","Place"],"@id":"https:\/\/www.diocesitn.it\/area-annuncio\/#organization","name":"Area Annuncio e Sacramenti - Chiesa di Trento","url":"https:\/\/www.diocesitn.it\/area-annuncio\/","logo":{"@id":"https:\/\/www.diocesitn.it\/area-annuncio\/vocazione\/#local-main-organization-logo"},"image":{"@id":"https:\/\/www.diocesitn.it\/area-annuncio\/vocazione\/#local-main-organization-logo"},"sameAs":["https:\/\/www.facebook.com\/pastoralegiovanile.trento\/","https:\/\/www.instagram.com\/pastoralegiovaniletrento\/","https:\/\/www.youtube.com\/channel\/UCGt7hyJaIQIkrQPos4K6L6w"],"openingHoursSpecification":[{"@type":"OpeningHoursSpecification","dayOfWeek":["Monday","Tuesday","Wednesday","Thursday","Friday","Saturday","Sunday"],"opens":"09:00","closes":"17:00"}]},{"@type":"ImageObject","inLanguage":"it-IT","@id":"https:\/\/www.diocesitn.it\/area-annuncio\/vocazione\/#local-main-organization-logo","url":"https:\/\/www.diocesitn.it\/area-annuncio\/wp-content\/uploads\/sites\/39\/2021\/09\/og-logo-annuncio-e-sacramenti.jpg","contentUrl":"https:\/\/www.diocesitn.it\/area-annuncio\/wp-content\/uploads\/sites\/39\/2021\/09\/og-logo-annuncio-e-sacramenti.jpg","width":1200,"height":630,"caption":"Area Annuncio e Sacramenti - Chiesa di Trento"}]}},"_links":{"self":[{"href":"https:\/\/www.diocesitn.it\/area-annuncio\/wp-json\/wp\/v2\/pages\/14439","targetHints":{"allow":["GET"]}}],"collection":[{"href":"https:\/\/www.diocesitn.it\/area-annuncio\/wp-json\/wp\/v2\/pages"}],"about":[{"href":"https:\/\/www.diocesitn.it\/area-annuncio\/wp-json\/wp\/v2\/types\/page"}],"author":[{"embeddable":true,"href":"https:\/\/www.diocesitn.it\/area-annuncio\/wp-json\/wp\/v2\/users\/14"}],"replies":[{"embeddable":true,"href":"https:\/\/www.diocesitn.it\/area-annuncio\/wp-json\/wp\/v2\/comments?post=14439"}],"version-history":[{"count":3,"href":"https:\/\/www.diocesitn.it\/area-annuncio\/wp-json\/wp\/v2\/pages\/14439\/revisions"}],"predecessor-version":[{"id":15436,"href":"https:\/\/www.diocesitn.it\/area-annuncio\/wp-json\/wp\/v2\/pages\/14439\/revisions\/15436"}],"wp:attachment":[{"href":"https:\/\/www.diocesitn.it\/area-annuncio\/wp-json\/wp\/v2\/media?parent=14439"}],"curies":[{"name":"wp","href":"https:\/\/api.w.org\/{rel}","templated":true}]}}