{"id":14369,"date":"2022-01-14T10:55:14","date_gmt":"2022-01-14T09:55:14","guid":{"rendered":"https:\/\/www.diocesitn.it\/area-annuncio\/?page_id=14369"},"modified":"2022-03-21T11:51:20","modified_gmt":"2022-03-21T10:51:20","slug":"famiglie-origine","status":"publish","type":"page","link":"https:\/\/www.diocesitn.it\/area-annuncio\/famiglie-origine\/","title":{"rendered":"LE FAMIGLIE D\u2019ORIGINE. I CONFINI E LA RI-CONOSCENZA"},"content":{"rendered":"<div id=\"pl-14369\"  class=\"panel-layout\" ><div id=\"pg-14369-0\"  class=\"panel-grid panel-no-style\" ><div id=\"pgc-14369-0-0\"  class=\"panel-grid-cell\" ><div id=\"panel-14369-0-0-0\" class=\"so-panel widget widget_sow-editor panel-first-child panel-last-child\" data-index=\"0\" ><div\n\t\t\t\n\t\t\tclass=\"so-widget-sow-editor so-widget-sow-editor-base\"\n\t\t\t\n\t\t>\n<div class=\"siteorigin-widget-tinymce textwidget\">\n\t<p>\u201cPer questo l\u2019uomo lascer\u00e0 suo padre e sua madre\u2026\u201d (Gen 2, 24). Quindi gli sposi sono chiamati a creare la loro famiglia. Dalla propria esperienza educativa sono arrivati a ciascuno dei valori positivi, ma talvolta succede che non ci sia una sufficiente distanza dalla propria famiglia d\u2019origine, cosa che pu\u00f2 nuocere al rapporto di coppia.<\/p>\n<p>Si tratta di un tema delicato e vitale, che va affrontato con chiarezza, ma anche con rispetto perch\u00e9 i nostri ascoltatori potrebbero avere vissuto situazioni familiari particolarmente dolorose. Per questo motivo \u00e8 meglio proporre degli esempi, partendo per\u00f2 dalle situazioni pi\u00f9 leggere, pi\u00f9 quotidiane, che tutti noi sperimentiamo.<a id=\"inizio\"><\/a><\/p>\n<ul>\n<li style=\"list-style-type: none\">\n<ul>\n<li><a href=\"#commento\">Commento al Vangelo<\/a><\/li>\n<li><a href=\"#obiettivi\">Obiettivi dell\u2019incontro<\/a><\/li>\n<li><a href=\"#contenuti\">Contenuti principali<\/a><\/li>\n<li><a href=\"#proposte\">Proposte e suggerimenti pratici<\/a><\/li>\n<li><a href=\"#strumenti\">Strumenti operativi<\/a><\/li>\n<li><a href=\"#saperne\">Per saperne di pi\u00f9<\/a><\/li>\n<li><a href=\"#approfondire\">Per approfondire<\/a><\/li>\n<\/ul>\n<\/li>\n<\/ul>\n<\/div>\n<\/div><\/div><\/div><div id=\"pgc-14369-0-1\"  class=\"panel-grid-cell\" ><div id=\"panel-14369-0-1-0\" class=\"so-panel widget widget_media_image panel-first-child panel-last-child\" data-index=\"1\" ><img loading=\"lazy\" decoding=\"async\" width=\"300\" height=\"200\" src=\"https:\/\/www.diocesitn.it\/area-annuncio\/wp-content\/uploads\/sites\/39\/2020\/07\/Famiglia-di-origine-300x200.jpg\" class=\"image wp-image-9609  attachment-medium size-medium\" alt=\"\" style=\"max-width: 100%; height: auto;\" srcset=\"https:\/\/www.diocesitn.it\/area-annuncio\/wp-content\/uploads\/sites\/39\/2020\/07\/Famiglia-di-origine-300x200.jpg 300w, https:\/\/www.diocesitn.it\/area-annuncio\/wp-content\/uploads\/sites\/39\/2020\/07\/Famiglia-di-origine-360x240.jpg 360w, https:\/\/www.diocesitn.it\/area-annuncio\/wp-content\/uploads\/sites\/39\/2020\/07\/Famiglia-di-origine.jpg 509w\" sizes=\"auto, (max-width: 300px) 100vw, 300px\" \/><\/div><\/div><\/div><div id=\"pg-14369-1\"  class=\"panel-grid panel-no-style\" ><div id=\"pgc-14369-1-0\"  class=\"panel-grid-cell\" ><div id=\"panel-14369-1-0-0\" class=\"so-panel widget widget_sow-editor panel-first-child\" data-index=\"2\" ><div\n\t\t\t\n\t\t\tclass=\"so-widget-sow-editor so-widget-sow-editor-base\"\n\t\t\t\n\t\t>\n<div class=\"siteorigin-widget-tinymce textwidget\">\n\t<h4><strong>COMMENTO AL VANGELO<a id=\"commento\"><\/a><\/strong><\/h4>\n<p>Dal Vangelo secondo Marco (10, 2-9)<\/p>\n<p>Alcuni farisei si avvicinarono e, per metterlo alla prova, gli domandavano se \u00e8 lecito a un marito ripudiare la propria moglie. Ma egli rispose loro: \u00abChe cosa vi ha ordinato Mos\u00e8?\u00bb. Dissero: \u00abMos\u00e8 ha permesso di scrivere un atto di ripudio e di ripudiarla\u00bb.<\/p>\n<p style=\"text-align: right\"><a href=\"https:\/\/www.diocesitn.it\/area-annuncio\/wp-content\/uploads\/sites\/39\/2020\/10\/Commento-al-Vangelo_famiglie-di-origine.pdf\" target=\"_blank\" rel=\"noopener noreferrer\">Leggi tutto<\/a><\/p>\n<h5 style=\"text-align: right\"><a href=\"#inizio\"><strong>\u21d1<\/strong><\/a><\/h5>\n<h4><strong>OBIETTIVI DELL\u2019INCONTRO<a id=\"obiettivi\"><\/a><\/strong><\/h4>\n<ul>\n<li>Riconoscere che le famiglie di origine sono parte della propria storia personale e la influenzano e di conseguenza riconoscere che le famiglie di origine condizionano le dinamiche di coppia<\/li>\n<li>Focalizzare l\u2019attenzione sull\u2019impegno di consolidare la propria coppia\/famiglia<\/li>\n<li>Riconoscere e apprezzare la comunit\u00e0 cristiana come l\u2019essere famiglia di famiglie, e far nascere il desiderio di farne parte<\/li>\n<\/ul>\n<h4><strong>\u00a0<\/strong><\/h4>\n<h5 style=\"text-align: right\"><a href=\"#inizio\"><strong>\u21d1<\/strong><\/a><\/h5>\n<h4><strong>CONTENUTI PRINCIPALI<a id=\"contenuti\"><\/a><\/strong><\/h4>\n<p><em>I contenuti che permettono di raggiungere gli obiettivi e caratterizzano l\u2019incontro possono essere vari. Qui si presentano un elenco di possibili nuclei e alcuni esempi di sviluppo di questi contenuti:<\/em><\/p>\n<ul>\n<li>La mia storia personale ha fatto esperienze proprie di stili educativi, di modi di essere, di valori, di tradizioni e ha sperimentato anche i limiti della mia famiglia di origine<\/li>\n<li>Cosa accade quando si incontrano non solo due persone, ma due storie personali e familiari<\/li>\n<li>Ferite che nascono dalla relazione con le famiglie d\u2019origine possono essere curate dal rapporto di coppia nel cammino di fede<\/li>\n<li>Per il benessere della propria coppia, curarne l\u2019identit\u00e0, trovando un giusto equilibrio riguardo al rapporto con le famiglie di origine<\/li>\n<li>La comunit\u00e0 cristiana e la sua proposta di fede come luogo arricchente per scoprire il proprio modo di essere famiglia<\/li>\n<\/ul>\n<h4><strong>\u00a0<\/strong><\/h4>\n<h5 style=\"text-align: right\"><a href=\"#inizio\"><strong>\u21d1<\/strong><\/a><\/h5>\n<h4><strong>PROPOSTE E SUGGERIMENTI PRATICI<a id=\"proposte\"><\/a><\/strong><\/h4>\n<ul>\n<li>Prevedere del tempo durante l\u2019incontro per analizzare e condividere i rapporti con le proprie famiglie d\u2019origine<\/li>\n<li>Fare un incontro con i genitori dei futuri sposi<\/li>\n<\/ul>\n<h4><strong>\u00a0<\/strong><\/h4>\n<h5 style=\"text-align: right\"><a href=\"#inizio\"><strong>\u21d1<\/strong><\/a><\/h5>\n<\/div>\n<\/div><\/div><div id=\"panel-14369-1-0-1\" class=\"so-panel widget widget_sow-accordion\" data-index=\"3\" ><div id=\"strumenti\" class=\"panel-widget-style panel-widget-style-for-14369-1-0-1\" ><div\n\t\t\t\n\t\t\tclass=\"so-widget-sow-accordion so-widget-sow-accordion-default-bf3247f8d09c-14369\"\n\t\t\t\n\t\t><h3 class=\"widget-title\">Strumenti operativi<\/h3><div>\n\t<div class=\"sow-accordion\">\n\t\t\t<div class=\"sow-accordion-panel\n\t\t\t\t\"\n\t\t\tdata-anchor-id=\"preghiere\">\n\t\t\t\t<div class=\"sow-accordion-panel-header-container\" role=\"heading\" aria-level=\"2\">\n\t\t\t\t\t<div class=\"sow-accordion-panel-header\" tabindex=\"0\" role=\"button\" id=\"accordion-label-preghiere\" aria-controls=\"accordion-content-preghiere\" aria-expanded=\"false\">\n\t\t\t\t\t\t<div class=\"sow-accordion-title sow-accordion-title-icon-left\">\n\t\t\t\t\t\t\t\t\t\t\t\t\t\tPreghiere\t\t\t\t\t\t\t\t\t\t\t\t\t<\/div>\n\t\t\t\t\t\t<div class=\"sow-accordion-open-close-button\">\n\t\t\t\t\t\t\t<div class=\"sow-accordion-open-button\">\n\t\t\t\t\t\t\t\t<span class=\"sow-icon-ionicons\" data-sow-icon=\"&#xf218;\"\n\t\t \n\t\taria-hidden=\"true\"><\/span>\t\t\t\t\t\t\t<\/div>\n\t\t\t\t\t\t\t<div class=\"sow-accordion-close-button\">\n\t\t\t\t\t\t\t\t<span class=\"sow-icon-ionicons\" data-sow-icon=\"&#xf209;\"\n\t\t \n\t\taria-hidden=\"true\"><\/span>\t\t\t\t\t\t\t<\/div>\n\t\t\t\t\t\t<\/div>\n\t\t\t\t\t<\/div>\n\t\t\t\t<\/div>\n\n\t\t\t<div\n\t\t\t\tclass=\"sow-accordion-panel-content\"\n\t\t\t\trole=\"region\"\n\t\t\t\taria-labelledby=\"accordion-label-preghiere\"\n\t\t\t\tid=\"accordion-content-preghiere\"\n\t\t\t\tstyle=\"display: none;\"\t\t\t>\n\t\t\t\t<div class=\"sow-accordion-panel-border\">\n\t\t\t\t\t<ul>\n<li><a href=\"https:\/\/www.diocesitn.it\/area-annuncio\/wp-content\/uploads\/sites\/39\/2020\/10\/Preghiera_Legame-tra-le-generazioni.pdf\" target=\"_blank\" rel=\"noopener noreferrer\">Legame tra le generazioni<\/a><\/li>\n<li><a href=\"https:\/\/www.diocesitn.it\/area-annuncio\/wp-content\/uploads\/sites\/39\/2020\/12\/Preghiera_Finale_Famiglie-dorigine.pdf\" target=\"_blank\" rel=\"noopener noreferrer\">Preghiera finale<\/a><\/li>\n<li><a href=\"https:\/\/www.diocesitn.it\/area-annuncio\/wp-content\/uploads\/sites\/39\/2020\/10\/Preghiera_Di-richiesta-di-aiuto.pdf\" target=\"_blank\" rel=\"noopener noreferrer\">Richiesta di aiuto<\/a><\/li>\n<\/ul>\n\t\t\t\t<\/div>\n\t\t\t<\/div>\n\t\t<\/div>\n\t\t\t<div class=\"sow-accordion-panel\n\t\t\t\t\"\n\t\t\tdata-anchor-id=\"brani-biblici\">\n\t\t\t\t<div class=\"sow-accordion-panel-header-container\" role=\"heading\" aria-level=\"2\">\n\t\t\t\t\t<div class=\"sow-accordion-panel-header\" tabindex=\"0\" role=\"button\" id=\"accordion-label-brani-biblici\" aria-controls=\"accordion-content-brani-biblici\" aria-expanded=\"false\">\n\t\t\t\t\t\t<div class=\"sow-accordion-title sow-accordion-title-icon-left\">\n\t\t\t\t\t\t\t\t\t\t\t\t\t\tBrani biblici\t\t\t\t\t\t\t\t\t\t\t\t\t<\/div>\n\t\t\t\t\t\t<div class=\"sow-accordion-open-close-button\">\n\t\t\t\t\t\t\t<div class=\"sow-accordion-open-button\">\n\t\t\t\t\t\t\t\t<span class=\"sow-icon-ionicons\" data-sow-icon=\"&#xf218;\"\n\t\t \n\t\taria-hidden=\"true\"><\/span>\t\t\t\t\t\t\t<\/div>\n\t\t\t\t\t\t\t<div class=\"sow-accordion-close-button\">\n\t\t\t\t\t\t\t\t<span class=\"sow-icon-ionicons\" data-sow-icon=\"&#xf209;\"\n\t\t \n\t\taria-hidden=\"true\"><\/span>\t\t\t\t\t\t\t<\/div>\n\t\t\t\t\t\t<\/div>\n\t\t\t\t\t<\/div>\n\t\t\t\t<\/div>\n\n\t\t\t<div\n\t\t\t\tclass=\"sow-accordion-panel-content\"\n\t\t\t\trole=\"region\"\n\t\t\t\taria-labelledby=\"accordion-label-brani-biblici\"\n\t\t\t\tid=\"accordion-content-brani-biblici\"\n\t\t\t\tstyle=\"display: none;\"\t\t\t>\n\t\t\t\t<div class=\"sow-accordion-panel-border\">\n\t\t\t\t\t<ul>\n<li>Salmo 138<\/li>\n<\/ul>\n\t\t\t\t<\/div>\n\t\t\t<\/div>\n\t\t<\/div>\n\t\t\t<div class=\"sow-accordion-panel\n\t\t\t\t\"\n\t\t\tdata-anchor-id=\"immagini-per-lettura-biblica\">\n\t\t\t\t<div class=\"sow-accordion-panel-header-container\" role=\"heading\" aria-level=\"2\">\n\t\t\t\t\t<div class=\"sow-accordion-panel-header\" tabindex=\"0\" role=\"button\" id=\"accordion-label-immagini-per-lettura-biblica\" aria-controls=\"accordion-content-immagini-per-lettura-biblica\" aria-expanded=\"false\">\n\t\t\t\t\t\t<div class=\"sow-accordion-title sow-accordion-title-icon-left\">\n\t\t\t\t\t\t\t\t\t\t\t\t\t\tImmagini per lettura biblica\t\t\t\t\t\t\t\t\t\t\t\t\t<\/div>\n\t\t\t\t\t\t<div class=\"sow-accordion-open-close-button\">\n\t\t\t\t\t\t\t<div class=\"sow-accordion-open-button\">\n\t\t\t\t\t\t\t\t<span class=\"sow-icon-ionicons\" data-sow-icon=\"&#xf218;\"\n\t\t \n\t\taria-hidden=\"true\"><\/span>\t\t\t\t\t\t\t<\/div>\n\t\t\t\t\t\t\t<div class=\"sow-accordion-close-button\">\n\t\t\t\t\t\t\t\t<span class=\"sow-icon-ionicons\" data-sow-icon=\"&#xf209;\"\n\t\t \n\t\taria-hidden=\"true\"><\/span>\t\t\t\t\t\t\t<\/div>\n\t\t\t\t\t\t<\/div>\n\t\t\t\t\t<\/div>\n\t\t\t\t<\/div>\n\n\t\t\t<div\n\t\t\t\tclass=\"sow-accordion-panel-content\"\n\t\t\t\trole=\"region\"\n\t\t\t\taria-labelledby=\"accordion-label-immagini-per-lettura-biblica\"\n\t\t\t\tid=\"accordion-content-immagini-per-lettura-biblica\"\n\t\t\t\tstyle=\"display: none;\"\t\t\t>\n\t\t\t\t<div class=\"sow-accordion-panel-border\">\n\t\t\t\t\t\t\t\t\t<\/div>\n\t\t\t<\/div>\n\t\t<\/div>\n\t\t\t<div class=\"sow-accordion-panel\n\t\t\t\t\"\n\t\t\tdata-anchor-id=\"lavoro-di-coppia\">\n\t\t\t\t<div class=\"sow-accordion-panel-header-container\" role=\"heading\" aria-level=\"2\">\n\t\t\t\t\t<div class=\"sow-accordion-panel-header\" tabindex=\"0\" role=\"button\" id=\"accordion-label-lavoro-di-coppia\" aria-controls=\"accordion-content-lavoro-di-coppia\" aria-expanded=\"false\">\n\t\t\t\t\t\t<div class=\"sow-accordion-title sow-accordion-title-icon-left\">\n\t\t\t\t\t\t\t\t\t\t\t\t\t\tLavoro di coppia\t\t\t\t\t\t\t\t\t\t\t\t\t<\/div>\n\t\t\t\t\t\t<div class=\"sow-accordion-open-close-button\">\n\t\t\t\t\t\t\t<div class=\"sow-accordion-open-button\">\n\t\t\t\t\t\t\t\t<span class=\"sow-icon-ionicons\" data-sow-icon=\"&#xf218;\"\n\t\t \n\t\taria-hidden=\"true\"><\/span>\t\t\t\t\t\t\t<\/div>\n\t\t\t\t\t\t\t<div class=\"sow-accordion-close-button\">\n\t\t\t\t\t\t\t\t<span class=\"sow-icon-ionicons\" data-sow-icon=\"&#xf209;\"\n\t\t \n\t\taria-hidden=\"true\"><\/span>\t\t\t\t\t\t\t<\/div>\n\t\t\t\t\t\t<\/div>\n\t\t\t\t\t<\/div>\n\t\t\t\t<\/div>\n\n\t\t\t<div\n\t\t\t\tclass=\"sow-accordion-panel-content\"\n\t\t\t\trole=\"region\"\n\t\t\t\taria-labelledby=\"accordion-label-lavoro-di-coppia\"\n\t\t\t\tid=\"accordion-content-lavoro-di-coppia\"\n\t\t\t\tstyle=\"display: none;\"\t\t\t>\n\t\t\t\t<div class=\"sow-accordion-panel-border\">\n\t\t\t\t\t<ul>\n<li>Scheda:\u00a0<a href=\"https:\/\/www.diocesitn.it\/area-annuncio\/wp-content\/uploads\/sites\/39\/2020\/07\/Spunti-di-riflessione-sulle-famiglie-di-origine.pdf\" target=\"_blank\" rel=\"noopener noreferrer\">Spunti di riflessione sulle famiglie di origine<\/a><\/li>\n<li>Scheda:\u00a0<a href=\"https:\/\/www.diocesitn.it\/area-annuncio\/wp-content\/uploads\/sites\/39\/2020\/07\/Laboratorio-personale.pdf\" target=\"_blank\" rel=\"noopener noreferrer\">Laboratorio personale<\/a><\/li>\n<li>Scheda:\u00a0<a href=\"https:\/\/www.diocesitn.it\/area-annuncio\/wp-content\/uploads\/sites\/39\/2020\/10\/La-famiglia-di-origine_Scheda.pdf\" target=\"_blank\" rel=\"noopener noreferrer\">La famiglia di origine<\/a><\/li>\n<li>Scheda:\u00a0<a href=\"https:\/\/www.diocesitn.it\/area-annuncio\/wp-content\/uploads\/sites\/39\/2021\/01\/Lav.-coppia_La-valigia_Famiglia-origine.pdf\" target=\"_blank\" rel=\"noopener noreferrer\">La valigia<\/a><\/li>\n<li>Scheda:\u00a0<a href=\"https:\/\/www.diocesitn.it\/area-annuncio\/wp-content\/uploads\/sites\/39\/2021\/01\/Lav.-coppia_Rapporto-con-fam.-origin_Famiglia-origine.pdf\" target=\"_blank\" rel=\"noopener noreferrer\">Rapporto con la mia famiglia di origine<\/a><\/li>\n<\/ul>\n\t\t\t\t<\/div>\n\t\t\t<\/div>\n\t\t<\/div>\n\t\t\t<div class=\"sow-accordion-panel\n\t\t\t\t\"\n\t\t\tdata-anchor-id=\"lavoro-di-gruppo\">\n\t\t\t\t<div class=\"sow-accordion-panel-header-container\" role=\"heading\" aria-level=\"2\">\n\t\t\t\t\t<div class=\"sow-accordion-panel-header\" tabindex=\"0\" role=\"button\" id=\"accordion-label-lavoro-di-gruppo\" aria-controls=\"accordion-content-lavoro-di-gruppo\" aria-expanded=\"false\">\n\t\t\t\t\t\t<div class=\"sow-accordion-title sow-accordion-title-icon-left\">\n\t\t\t\t\t\t\t\t\t\t\t\t\t\tLavoro di gruppo\t\t\t\t\t\t\t\t\t\t\t\t\t<\/div>\n\t\t\t\t\t\t<div class=\"sow-accordion-open-close-button\">\n\t\t\t\t\t\t\t<div class=\"sow-accordion-open-button\">\n\t\t\t\t\t\t\t\t<span class=\"sow-icon-ionicons\" data-sow-icon=\"&#xf218;\"\n\t\t \n\t\taria-hidden=\"true\"><\/span>\t\t\t\t\t\t\t<\/div>\n\t\t\t\t\t\t\t<div class=\"sow-accordion-close-button\">\n\t\t\t\t\t\t\t\t<span class=\"sow-icon-ionicons\" data-sow-icon=\"&#xf209;\"\n\t\t \n\t\taria-hidden=\"true\"><\/span>\t\t\t\t\t\t\t<\/div>\n\t\t\t\t\t\t<\/div>\n\t\t\t\t\t<\/div>\n\t\t\t\t<\/div>\n\n\t\t\t<div\n\t\t\t\tclass=\"sow-accordion-panel-content\"\n\t\t\t\trole=\"region\"\n\t\t\t\taria-labelledby=\"accordion-label-lavoro-di-gruppo\"\n\t\t\t\tid=\"accordion-content-lavoro-di-gruppo\"\n\t\t\t\tstyle=\"display: none;\"\t\t\t>\n\t\t\t\t<div class=\"sow-accordion-panel-border\">\n\t\t\t\t\t\t\t\t\t<\/div>\n\t\t\t<\/div>\n\t\t<\/div>\n\t\t\t<div class=\"sow-accordion-panel\n\t\t\t\t\"\n\t\t\tdata-anchor-id=\"film-video\">\n\t\t\t\t<div class=\"sow-accordion-panel-header-container\" role=\"heading\" aria-level=\"2\">\n\t\t\t\t\t<div class=\"sow-accordion-panel-header\" tabindex=\"0\" role=\"button\" id=\"accordion-label-filmvideo\" aria-controls=\"accordion-content-filmvideo\" aria-expanded=\"false\">\n\t\t\t\t\t\t<div class=\"sow-accordion-title sow-accordion-title-icon-left\">\n\t\t\t\t\t\t\t\t\t\t\t\t\t\tFilm\/video\t\t\t\t\t\t\t\t\t\t\t\t\t<\/div>\n\t\t\t\t\t\t<div class=\"sow-accordion-open-close-button\">\n\t\t\t\t\t\t\t<div class=\"sow-accordion-open-button\">\n\t\t\t\t\t\t\t\t<span class=\"sow-icon-ionicons\" data-sow-icon=\"&#xf218;\"\n\t\t \n\t\taria-hidden=\"true\"><\/span>\t\t\t\t\t\t\t<\/div>\n\t\t\t\t\t\t\t<div class=\"sow-accordion-close-button\">\n\t\t\t\t\t\t\t\t<span class=\"sow-icon-ionicons\" data-sow-icon=\"&#xf209;\"\n\t\t \n\t\taria-hidden=\"true\"><\/span>\t\t\t\t\t\t\t<\/div>\n\t\t\t\t\t\t<\/div>\n\t\t\t\t\t<\/div>\n\t\t\t\t<\/div>\n\n\t\t\t<div\n\t\t\t\tclass=\"sow-accordion-panel-content\"\n\t\t\t\trole=\"region\"\n\t\t\t\taria-labelledby=\"accordion-label-filmvideo\"\n\t\t\t\tid=\"accordion-content-filmvideo\"\n\t\t\t\tstyle=\"display: none;\"\t\t\t>\n\t\t\t\t<div class=\"sow-accordion-panel-border\">\n\t\t\t\t\t\t\t\t\t<\/div>\n\t\t\t<\/div>\n\t\t<\/div>\n\t\t\t<div class=\"sow-accordion-panel\n\t\t\t\t\"\n\t\t\tdata-anchor-id=\"canzoni\">\n\t\t\t\t<div class=\"sow-accordion-panel-header-container\" role=\"heading\" aria-level=\"2\">\n\t\t\t\t\t<div class=\"sow-accordion-panel-header\" tabindex=\"0\" role=\"button\" id=\"accordion-label-canzoni\" aria-controls=\"accordion-content-canzoni\" aria-expanded=\"false\">\n\t\t\t\t\t\t<div class=\"sow-accordion-title sow-accordion-title-icon-left\">\n\t\t\t\t\t\t\t\t\t\t\t\t\t\tCanzoni\t\t\t\t\t\t\t\t\t\t\t\t\t<\/div>\n\t\t\t\t\t\t<div class=\"sow-accordion-open-close-button\">\n\t\t\t\t\t\t\t<div class=\"sow-accordion-open-button\">\n\t\t\t\t\t\t\t\t<span class=\"sow-icon-ionicons\" data-sow-icon=\"&#xf218;\"\n\t\t \n\t\taria-hidden=\"true\"><\/span>\t\t\t\t\t\t\t<\/div>\n\t\t\t\t\t\t\t<div class=\"sow-accordion-close-button\">\n\t\t\t\t\t\t\t\t<span class=\"sow-icon-ionicons\" data-sow-icon=\"&#xf209;\"\n\t\t \n\t\taria-hidden=\"true\"><\/span>\t\t\t\t\t\t\t<\/div>\n\t\t\t\t\t\t<\/div>\n\t\t\t\t\t<\/div>\n\t\t\t\t<\/div>\n\n\t\t\t<div\n\t\t\t\tclass=\"sow-accordion-panel-content\"\n\t\t\t\trole=\"region\"\n\t\t\t\taria-labelledby=\"accordion-label-canzoni\"\n\t\t\t\tid=\"accordion-content-canzoni\"\n\t\t\t\tstyle=\"display: none;\"\t\t\t>\n\t\t\t\t<div class=\"sow-accordion-panel-border\">\n\t\t\t\t\t<table style=\"border-collapse: collapse\" border=\"1\">\n<tbody>\n<tr style=\"height: 46px\">\n<td style=\"width: 28.7158%;height: 46px\"><span style=\"color: #444444;background-color: #ffffff\">- \u00c9 festa grande<\/span><\/td>\n<td style=\"width: 10.786%;height: 46px\"><a href=\"https:\/\/www.diocesitn.it\/area-annuncio\/wp-content\/uploads\/sites\/39\/2022\/03\/E-festa-grande-spartito.pdf\" target=\"_blank\" rel=\"noopener\">Testo<\/a><\/td>\n<td style=\"width: 60.4981%;height: 46px\"><a href=\"https:\/\/www.youtube.com\/watch?v=X2KxbuFa9qQ\" target=\"_blank\" rel=\"noopener noreferrer\">Video<\/a><\/td>\n<\/tr>\n<tr>\n<td style=\"width: 28.7158%\"><span style=\"color: #444444;background-color: #ffffff\">- Insieme noi<\/span><\/td>\n<td style=\"width: 10.786%\"><a href=\"https:\/\/www.diocesitn.it\/area-annuncio\/wp-content\/uploads\/sites\/39\/2022\/03\/Insieme-noi_La-famiglia-di-origine_Vocazione_Sacramento.pdf\" target=\"_blank\" rel=\"noopener\">Testo<\/a><\/td>\n<td style=\"width: 60.4981%\"><a href=\"https:\/\/www.youtube.com\/watch?v=Oh1tilA7jVU\" target=\"_blank\" rel=\"noopener\">Video<\/a><\/td>\n<\/tr>\n<\/tbody>\n<\/table>\n<p>&nbsp;<\/p>\n\t\t\t\t<\/div>\n\t\t\t<\/div>\n\t\t<\/div>\n\t\t\t<div class=\"sow-accordion-panel\n\t\t\t\t\"\n\t\t\tdata-anchor-id=\"per-riflettere\">\n\t\t\t\t<div class=\"sow-accordion-panel-header-container\" role=\"heading\" aria-level=\"2\">\n\t\t\t\t\t<div class=\"sow-accordion-panel-header\" tabindex=\"0\" role=\"button\" id=\"accordion-label-per-riflettere\" aria-controls=\"accordion-content-per-riflettere\" aria-expanded=\"false\">\n\t\t\t\t\t\t<div class=\"sow-accordion-title sow-accordion-title-icon-left\">\n\t\t\t\t\t\t\t\t\t\t\t\t\t\tPer riflettere\t\t\t\t\t\t\t\t\t\t\t\t\t<\/div>\n\t\t\t\t\t\t<div class=\"sow-accordion-open-close-button\">\n\t\t\t\t\t\t\t<div class=\"sow-accordion-open-button\">\n\t\t\t\t\t\t\t\t<span class=\"sow-icon-ionicons\" data-sow-icon=\"&#xf218;\"\n\t\t \n\t\taria-hidden=\"true\"><\/span>\t\t\t\t\t\t\t<\/div>\n\t\t\t\t\t\t\t<div class=\"sow-accordion-close-button\">\n\t\t\t\t\t\t\t\t<span class=\"sow-icon-ionicons\" data-sow-icon=\"&#xf209;\"\n\t\t \n\t\taria-hidden=\"true\"><\/span>\t\t\t\t\t\t\t<\/div>\n\t\t\t\t\t\t<\/div>\n\t\t\t\t\t<\/div>\n\t\t\t\t<\/div>\n\n\t\t\t<div\n\t\t\t\tclass=\"sow-accordion-panel-content\"\n\t\t\t\trole=\"region\"\n\t\t\t\taria-labelledby=\"accordion-label-per-riflettere\"\n\t\t\t\tid=\"accordion-content-per-riflettere\"\n\t\t\t\tstyle=\"display: none;\"\t\t\t>\n\t\t\t\t<div class=\"sow-accordion-panel-border\">\n\t\t\t\t\t\t\t\t\t<\/div>\n\t\t\t<\/div>\n\t\t<\/div>\n\t\t<\/div>\n<\/div>\n<\/div><\/div><\/div><div id=\"panel-14369-1-0-2\" class=\"so-panel widget widget_sow-editor\" data-index=\"4\" ><div\n\t\t\t\n\t\t\tclass=\"so-widget-sow-editor so-widget-sow-editor-base\"\n\t\t\t\n\t\t>\n<div class=\"siteorigin-widget-tinymce textwidget\">\n\t<h5 style=\"text-align: right\"><a href=\"#inizio\"><strong>\u21d1<\/strong><\/a><\/h5>\n<\/div>\n<\/div><\/div><div id=\"panel-14369-1-0-3\" class=\"so-panel widget widget_sow-accordion\" data-index=\"5\" ><div id=\"saperne\" class=\"panel-widget-style panel-widget-style-for-14369-1-0-3\" ><div\n\t\t\t\n\t\t\tclass=\"so-widget-sow-accordion so-widget-sow-accordion-default-399e2846cd01-14369\"\n\t\t\t\n\t\t><h3 class=\"widget-title\">Per saperne di pi\u00f9<\/h3><div>\n\t<div class=\"sow-accordion\">\n\t\t\t<div class=\"sow-accordion-panel\n\t\t\t\t\"\n\t\t\tdata-anchor-id=\"libri\">\n\t\t\t\t<div class=\"sow-accordion-panel-header-container\" role=\"heading\" aria-level=\"2\">\n\t\t\t\t\t<div class=\"sow-accordion-panel-header\" tabindex=\"0\" role=\"button\" id=\"accordion-label-libri\" aria-controls=\"accordion-content-libri\" aria-expanded=\"false\">\n\t\t\t\t\t\t<div class=\"sow-accordion-title sow-accordion-title-icon-left\">\n\t\t\t\t\t\t\t\t\t\t\t\t\t\tLibri\t\t\t\t\t\t\t\t\t\t\t\t\t<\/div>\n\t\t\t\t\t\t<div class=\"sow-accordion-open-close-button\">\n\t\t\t\t\t\t\t<div class=\"sow-accordion-open-button\">\n\t\t\t\t\t\t\t\t<span class=\"sow-icon-ionicons\" data-sow-icon=\"&#xf218;\"\n\t\t \n\t\taria-hidden=\"true\"><\/span>\t\t\t\t\t\t\t<\/div>\n\t\t\t\t\t\t\t<div class=\"sow-accordion-close-button\">\n\t\t\t\t\t\t\t\t<span class=\"sow-icon-ionicons\" data-sow-icon=\"&#xf209;\"\n\t\t \n\t\taria-hidden=\"true\"><\/span>\t\t\t\t\t\t\t<\/div>\n\t\t\t\t\t\t<\/div>\n\t\t\t\t\t<\/div>\n\t\t\t\t<\/div>\n\n\t\t\t<div\n\t\t\t\tclass=\"sow-accordion-panel-content\"\n\t\t\t\trole=\"region\"\n\t\t\t\taria-labelledby=\"accordion-label-libri\"\n\t\t\t\tid=\"accordion-content-libri\"\n\t\t\t\tstyle=\"display: none;\"\t\t\t>\n\t\t\t\t<div class=\"sow-accordion-panel-border\">\n\t\t\t\t\t<ul>\n<li>Zattoni M. \u2013 G. Gillini,\u00a0<em>L\u2019altra trama<\/em>, Ancora, Milano 1997<\/li>\n<li>Zattoni M. \u2013 G. Gillini,\u00a0<em>A pranzo da mamma, la coppia<\/em>\u00a0<em>e le famiglie di origine<\/em>, San Paolo, Milano 2010<\/li>\n<li>Zattoni M. \u2013 G. Gillini,\u00a0<em>Ben-essere in famiglia<\/em>, Queriniana, Brescia 1994<\/li>\n<li>Gambini P.,\u00a0<em>Psicologia della famiglia<\/em>, Franco Angeli, Milano 2007<\/li>\n<li>Maino E. e P.,\u00a0<em>Sapore di libert\u00e0<\/em>, Antolini, Tione 2016 (2\u00aa ed.)<\/li>\n<li>Vivaldelli E. e G.,\u00a0<em>ABC per la preparazione al Matrimonio<\/em>, San Paolo, 2011<\/li>\n<\/ul>\n\t\t\t\t<\/div>\n\t\t\t<\/div>\n\t\t<\/div>\n\t\t\t<div class=\"sow-accordion-panel\n\t\t\t\t\"\n\t\t\tdata-anchor-id=\"articoli\">\n\t\t\t\t<div class=\"sow-accordion-panel-header-container\" role=\"heading\" aria-level=\"2\">\n\t\t\t\t\t<div class=\"sow-accordion-panel-header\" tabindex=\"0\" role=\"button\" id=\"accordion-label-articoli\" aria-controls=\"accordion-content-articoli\" aria-expanded=\"false\">\n\t\t\t\t\t\t<div class=\"sow-accordion-title sow-accordion-title-icon-left\">\n\t\t\t\t\t\t\t\t\t\t\t\t\t\tArticoli\t\t\t\t\t\t\t\t\t\t\t\t\t<\/div>\n\t\t\t\t\t\t<div class=\"sow-accordion-open-close-button\">\n\t\t\t\t\t\t\t<div class=\"sow-accordion-open-button\">\n\t\t\t\t\t\t\t\t<span class=\"sow-icon-ionicons\" data-sow-icon=\"&#xf218;\"\n\t\t \n\t\taria-hidden=\"true\"><\/span>\t\t\t\t\t\t\t<\/div>\n\t\t\t\t\t\t\t<div class=\"sow-accordion-close-button\">\n\t\t\t\t\t\t\t\t<span class=\"sow-icon-ionicons\" data-sow-icon=\"&#xf209;\"\n\t\t \n\t\taria-hidden=\"true\"><\/span>\t\t\t\t\t\t\t<\/div>\n\t\t\t\t\t\t<\/div>\n\t\t\t\t\t<\/div>\n\t\t\t\t<\/div>\n\n\t\t\t<div\n\t\t\t\tclass=\"sow-accordion-panel-content\"\n\t\t\t\trole=\"region\"\n\t\t\t\taria-labelledby=\"accordion-label-articoli\"\n\t\t\t\tid=\"accordion-content-articoli\"\n\t\t\t\tstyle=\"display: none;\"\t\t\t>\n\t\t\t\t<div class=\"sow-accordion-panel-border\">\n\t\t\t\t\t\t\t\t\t<\/div>\n\t\t\t<\/div>\n\t\t<\/div>\n\t\t\t<div class=\"sow-accordion-panel\n\t\t\t\t\"\n\t\t\tdata-anchor-id=\"testi\">\n\t\t\t\t<div class=\"sow-accordion-panel-header-container\" role=\"heading\" aria-level=\"2\">\n\t\t\t\t\t<div class=\"sow-accordion-panel-header\" tabindex=\"0\" role=\"button\" id=\"accordion-label-testi\" aria-controls=\"accordion-content-testi\" aria-expanded=\"false\">\n\t\t\t\t\t\t<div class=\"sow-accordion-title sow-accordion-title-icon-left\">\n\t\t\t\t\t\t\t\t\t\t\t\t\t\tTesti\t\t\t\t\t\t\t\t\t\t\t\t\t<\/div>\n\t\t\t\t\t\t<div class=\"sow-accordion-open-close-button\">\n\t\t\t\t\t\t\t<div class=\"sow-accordion-open-button\">\n\t\t\t\t\t\t\t\t<span class=\"sow-icon-ionicons\" data-sow-icon=\"&#xf218;\"\n\t\t \n\t\taria-hidden=\"true\"><\/span>\t\t\t\t\t\t\t<\/div>\n\t\t\t\t\t\t\t<div class=\"sow-accordion-close-button\">\n\t\t\t\t\t\t\t\t<span class=\"sow-icon-ionicons\" data-sow-icon=\"&#xf209;\"\n\t\t \n\t\taria-hidden=\"true\"><\/span>\t\t\t\t\t\t\t<\/div>\n\t\t\t\t\t\t<\/div>\n\t\t\t\t\t<\/div>\n\t\t\t\t<\/div>\n\n\t\t\t<div\n\t\t\t\tclass=\"sow-accordion-panel-content\"\n\t\t\t\trole=\"region\"\n\t\t\t\taria-labelledby=\"accordion-label-testi\"\n\t\t\t\tid=\"accordion-content-testi\"\n\t\t\t\tstyle=\"display: none;\"\t\t\t>\n\t\t\t\t<div class=\"sow-accordion-panel-border\">\n\t\t\t\t\t<ul>\n<li><a href=\"https:\/\/www.diocesitn.it\/area-annuncio\/wp-content\/uploads\/sites\/39\/2020\/10\/La-famiglia-di-origine_Scheda.pdf\" target=\"_blank\" rel=\"noopener noreferrer\">La famiglia di origine<\/a><\/li>\n<\/ul>\n\t\t\t\t<\/div>\n\t\t\t<\/div>\n\t\t<\/div>\n\t\t\t<div class=\"sow-accordion-panel\n\t\t\t\t\"\n\t\t\tdata-anchor-id=\"relazioni\">\n\t\t\t\t<div class=\"sow-accordion-panel-header-container\" role=\"heading\" aria-level=\"2\">\n\t\t\t\t\t<div class=\"sow-accordion-panel-header\" tabindex=\"0\" role=\"button\" id=\"accordion-label-relazioni\" aria-controls=\"accordion-content-relazioni\" aria-expanded=\"false\">\n\t\t\t\t\t\t<div class=\"sow-accordion-title sow-accordion-title-icon-left\">\n\t\t\t\t\t\t\t\t\t\t\t\t\t\tRelazioni\t\t\t\t\t\t\t\t\t\t\t\t\t<\/div>\n\t\t\t\t\t\t<div class=\"sow-accordion-open-close-button\">\n\t\t\t\t\t\t\t<div class=\"sow-accordion-open-button\">\n\t\t\t\t\t\t\t\t<span class=\"sow-icon-ionicons\" data-sow-icon=\"&#xf218;\"\n\t\t \n\t\taria-hidden=\"true\"><\/span>\t\t\t\t\t\t\t<\/div>\n\t\t\t\t\t\t\t<div class=\"sow-accordion-close-button\">\n\t\t\t\t\t\t\t\t<span class=\"sow-icon-ionicons\" data-sow-icon=\"&#xf209;\"\n\t\t \n\t\taria-hidden=\"true\"><\/span>\t\t\t\t\t\t\t<\/div>\n\t\t\t\t\t\t<\/div>\n\t\t\t\t\t<\/div>\n\t\t\t\t<\/div>\n\n\t\t\t<div\n\t\t\t\tclass=\"sow-accordion-panel-content\"\n\t\t\t\trole=\"region\"\n\t\t\t\taria-labelledby=\"accordion-label-relazioni\"\n\t\t\t\tid=\"accordion-content-relazioni\"\n\t\t\t\tstyle=\"display: none;\"\t\t\t>\n\t\t\t\t<div class=\"sow-accordion-panel-border\">\n\t\t\t\t\t\t\t\t\t<\/div>\n\t\t\t<\/div>\n\t\t<\/div>\n\t\t\t<div class=\"sow-accordion-panel\n\t\t\t\t\"\n\t\t\tdata-anchor-id=\"altro\">\n\t\t\t\t<div class=\"sow-accordion-panel-header-container\" role=\"heading\" aria-level=\"2\">\n\t\t\t\t\t<div class=\"sow-accordion-panel-header\" tabindex=\"0\" role=\"button\" id=\"accordion-label-altro\" aria-controls=\"accordion-content-altro\" aria-expanded=\"false\">\n\t\t\t\t\t\t<div class=\"sow-accordion-title sow-accordion-title-icon-left\">\n\t\t\t\t\t\t\t\t\t\t\t\t\t\tAltro\t\t\t\t\t\t\t\t\t\t\t\t\t<\/div>\n\t\t\t\t\t\t<div class=\"sow-accordion-open-close-button\">\n\t\t\t\t\t\t\t<div class=\"sow-accordion-open-button\">\n\t\t\t\t\t\t\t\t<span class=\"sow-icon-ionicons\" data-sow-icon=\"&#xf218;\"\n\t\t \n\t\taria-hidden=\"true\"><\/span>\t\t\t\t\t\t\t<\/div>\n\t\t\t\t\t\t\t<div class=\"sow-accordion-close-button\">\n\t\t\t\t\t\t\t\t<span class=\"sow-icon-ionicons\" data-sow-icon=\"&#xf209;\"\n\t\t \n\t\taria-hidden=\"true\"><\/span>\t\t\t\t\t\t\t<\/div>\n\t\t\t\t\t\t<\/div>\n\t\t\t\t\t<\/div>\n\t\t\t\t<\/div>\n\n\t\t\t<div\n\t\t\t\tclass=\"sow-accordion-panel-content\"\n\t\t\t\trole=\"region\"\n\t\t\t\taria-labelledby=\"accordion-label-altro\"\n\t\t\t\tid=\"accordion-content-altro\"\n\t\t\t\tstyle=\"display: none;\"\t\t\t>\n\t\t\t\t<div class=\"sow-accordion-panel-border\">\n\t\t\t\t\t\t\t\t\t<\/div>\n\t\t\t<\/div>\n\t\t<\/div>\n\t\t<\/div>\n<\/div>\n<\/div><\/div><\/div><div id=\"panel-14369-1-0-4\" class=\"so-panel widget widget_sow-editor\" data-index=\"6\" ><div\n\t\t\t\n\t\t\tclass=\"so-widget-sow-editor so-widget-sow-editor-base\"\n\t\t\t\n\t\t>\n<div class=\"siteorigin-widget-tinymce textwidget\">\n\t<h5 style=\"text-align: right\"><a href=\"#inizio\"><strong>\u21d1<\/strong><\/a><\/h5>\n<\/div>\n<\/div><\/div><div id=\"panel-14369-1-0-5\" class=\"so-panel widget widget_sow-editor panel-last-child\" data-index=\"7\" ><div id=\"approfondire\" class=\"panel-widget-style panel-widget-style-for-14369-1-0-5\" ><div\n\t\t\t\n\t\t\tclass=\"so-widget-sow-editor so-widget-sow-editor-base\"\n\t\t\t\n\t\t><h3 class=\"widget-title\">PER APPROFONDIRE<\/h3>\n<div class=\"siteorigin-widget-tinymce textwidget\">\n\t<p>L\u2019esperienza comune, ma anche quella di chi si occupa di problematiche familiari, ci dice che il rapporto con le famiglie d\u2019origine costituisce spesso una fonte di conflitto, di incomprensioni, talvolta di rottura della coppia.<\/p>\n<p>La psicologia della famiglia definisce\u00a0 \u201ccompiti di sviluppo\u201d, dei momenti che scandiscono le fasi della vita familiare. All\u2019inizio, due \u201ccompiti di sviluppo\u201d si intersecano in modo circolare: la costruzione della coppia e la ridefinizione dei rapporti con le famiglie d\u2019origine. L\u2019una presuppone l\u2019altra: senza alleanza di coppia, il rapporto con le famiglie d\u2019origine potrebbe divenire un ostacolo alla vita familiare, e la relazione non rielaborata con le famiglie d\u2019origine pu\u00f2 costituire un freno alla costruzione della coppia.<\/p>\n<p>Nella nostra cultura, il legame con la famiglia d\u2019origine \u00e8 particolarmente importante, tanto che qualcuno ha parlato della \u201cfamiglia lunga del giovane adulto\u201d<a href=\"https:\/\/www.diocesitn.it\/area-annuncio\/le-famiglie-dorigine-i-confini-e-la-ri-conoscenza\/#_ftn1\" name=\"_ftnref1\">[1]<\/a>.<\/p>\n<p>Per questo motivo, per \u201cfondare\u201d una famiglia \u00e8 necessario costituire una dimensione spazio-relazionale nuova, ponendo dei confini.<\/p>\n<p><em>Confine<\/em>\u00a0\u00e8 una delle parole-chiave, assieme a\u00a0<em>distanza<\/em>. Parole delle quali spesso si hanno precomprensioni negative, soprattutto in ambito cattolico, dove si tende sempre a citare il comandamento \u201cOnora il padre e la madre\u201d, espressione sovraccarica di condizionamenti culturali, storici, ambientali, che sembra invitare ad un legame esclusivo e privilegiato con la famiglia d\u2019origine. Pi\u00f9 difficilmente si fa riferimento alla Parola, fondante la relazione fra uomo e donna: \u201cPer questo l\u2019uomo lascer\u00e0 suo padre e sua madre e si unir\u00e0 a sua moglie, e i due saranno un\u2019unica carne\u201d (cfr. AL 190). Infatti a volte si dimentica che ogni matrimonio spezza un passato e inaugura un futuro. \u201cLa relazione tra i coniugi \u00e8 il primo figlio della coppia, \u00e8 la prima creatura (la prima \u201ccarne\u201d) che i coniugi mettono al mondo; in questo senso, l\u2019uomo e la donna che si sono scelti vicendevolmente danno vita ad un\u2019alleanza che, per valore ed impegno, \u00e8 superiore e pi\u00f9 solida di quella che essi hanno per natura con i rispettivi genitori\u201d<a href=\"https:\/\/www.diocesitn.it\/area-annuncio\/le-famiglie-dorigine-i-confini-e-la-ri-conoscenza\/#_ftn2\" name=\"_ftnref2\">[2]<\/a>. Se ne pu\u00f2 quindi concludere che la lealt\u00e0 verso il coniuge deve avere la priorit\u00e0 sulla lealt\u00e0 verso i genitori.<\/p>\n<p>Definire i confini e porre una sana distanza \u00e8 impegnativo per tutti, ma con gradazioni diverse, a seconda del tipo di famiglia da cui si proviene. Possiamo distinguere, grosso modo, tre tipologie:<\/p>\n<ol>\n<li>famiglie in cui il legame tra genitori e figli \u00e8 forte, ma con l\u2019abitudine ad una comunicazione aperta e libera. Questo favorir\u00e0 la chiarezza nella definizione dei confini.<\/li>\n<li>famiglie in cui si ha un rapporto cosiddetto \u201cinvischiato\u201d<a href=\"https:\/\/www.diocesitn.it\/area-annuncio\/le-famiglie-dorigine-i-confini-e-la-ri-conoscenza\/#_ftn3\" name=\"_ftnref3\">[3]<\/a>. Il legame pu\u00f2 apparire forte, ma fra i membri si attuano meccanismi di manipolazione inconsapevole, sensi di colpa, ricatti affettivi. Il distacco in questi casi \u00e8 spesso impossibile, o appesantito da tentativi di tenere saldo il \u201ccordone ombelicale\u201d, da entrambe le parti. Ad esempio, il figlio pu\u00f2 chiedersi: \u201c<em>Che male c\u2019\u00e8 se racconto tutto a mia mamma? Lei mi ha sempre capito<\/em>\u2026\u201d. In Italia questo tipo di famiglia \u00e8 molto diffuso\u2026<\/li>\n<li>famiglie che costituiscono un sistema chiuso, con regole rigide, date per scontate, che limitano la libert\u00e0 di scelta. La nuova famiglia deve adeguarsi, pena conflitti e rotture dei legami.<\/li>\n<\/ol>\n<p>I confini vanno posti con chiarezza, custoditi con cura e periodicamente sottoposti a revisione. Ci sono alcuni segnali che indicano che i confini non sono ben custoditi: frequenti consigli non richiesti; influenze nelle decisioni, specialmente educative; sabotaggi o squalifiche da parte dei rispettivi suoceri; pretesa che la propria famiglia di origine abbia la precedenza sull\u2019altra, specialmente nelle occasioni di festa; bisogno di informare i genitori di tutto quello che accade in famiglia, comprese le crisi; visite senza preavviso da parte dei suoceri o mentre la coppia non \u00e8 in casa, con il pretesto di aiutare; controllo sulle scelte economiche\u2026 e, comunque, tutto ci\u00f2 che viene percepito, dall\u2019uno o dall\u2019altro partner, come invadenza o intromissione.<\/p>\n<p>La custodia dei confini richiede alleanza nella coppia, rispetto dei sentimenti dell\u2019altro, capacit\u00e0 di negoziare. Se c\u2019\u00e8 da intervenire nei confronti dei genitori, sar\u00e0 il figlio (o la figlia) a farlo, dopo essersi accordato col coniuge. Tutto ci\u00f2 non deve essere attuato in maniera rigida: all\u2019inizio pu\u00f2 esserci maggior fermezza, ma in vista di una situazione armoniosa. La nuova famiglia non deve essere un campo di battaglia, dove si fronteggiano le due famiglie di origine. Perci\u00f2 devono essere segnati dei confini, non erette delle barricate o dei muri.<\/p>\n<p>Qualcuno potrebbe pensare che, se la nuova famiglia abita a debita distanza dalle famiglie d\u2019origine, i problemi siano risolti alla radice. Non \u00e8 cos\u00ec: il legame con la propria famiglia d\u2019origine \u00e8 fatto anche di linguaggio, abitudini, regole, divieti, ruoli, sensibilit\u00e0, miti e tab\u00f9. L\u2019affermazione \u201cA casa mia si \u00e8 sempre fatto cos\u00ec\u201d, pu\u00f2 essere il punto di partenza di conflitti faticosi, in cui i \u201cfantasmi\u201d delle famiglie d\u2019origine si sfidano in un duello all\u2019ultimo sangue! Anche qui, la ridefinizione dei confini interiorizzati mette alla prova la capacit\u00e0 della coppia di costruire la propria identit\u00e0 e di crescere in un\u2019autentica intimit\u00e0, attraverso l\u2019ascolto e l\u2019accoglienza del punto di vista dell\u2019altro, la fantasia e la creativit\u00e0 per fondare nuove abitudini, nuove regole, nuovi \u201cmiti\u201d: una nuova storia.<\/p>\n<p>Infine, c\u2019\u00e8 un aspetto pi\u00f9 profondo, spesso ignorato, che pu\u00f2 minare alla base la tenuta e la felicit\u00e0 della nuova famiglia. Ciascuno di noi \u00e8 nato \u201cfiglio\u201d. La nostra famiglia d\u2019origine \u00e8 il luogo in cui siamo stati pi\u00f9 amati, ma anche pi\u00f9 feriti, perch\u00e9 sono le persone pi\u00f9 vicine quelle che possono farci pi\u00f9 male, anche inconsapevolmente. I nostri genitori (o chi si \u00e8 preso cura di noi) hanno fatto del loro meglio, con le risorse che avevano a disposizione. \u00c8 possibile che la storia familiare sia trascorsa in serenit\u00e0 e che comporti solo ricordi positivi, ma \u00e8 possibile anche il contrario.<\/p>\n<p>Qualcuno potrebbe essere stato un figlio diviso tra le lotte dei genitori, o spettatore impotente di rancori generazionali; un figlio abbandonato ad ore di televisione e a solitudine immensa; un figlio risentito perch\u00e9 usato dai genitori per le loro gratificazioni; un figlio iperprotetto o trascurato. C\u2019\u00e8 chi ha subito violenze, abusi e abbandoni. Queste esperienze possono generare un bisogno di risarcimento, che viene riversato sul coniuge in modo inconsapevole, minando la serenit\u00e0 della relazione. Lo esprime bene Papa Francesco nell\u2019Amoris laetitia: \u201cMolti terminano la propria infanzia senza aver mai sperimentato di essere amati incondizionatamente, e questo ferisce la loro capacit\u00e0 di aver fiducia e di donarsi. Una relazione mal vissuta con i propri genitori e fratelli, che non \u00e8 mai stata sanata, riappare, e danneggia la vita coniugale\u201d (AL 240).<\/p>\n<p>Perch\u00e9 questo non accada, \u00e8 necessario \u201crivisitare\u201d la nostra storia, regalarci la possibilit\u00e0 di ripercorrere, con gli occhi dell\u2019adulto, le relazioni che abbiamo avuto da bambini, in un percorso di integrazione e riconciliazione: \u201cDunque bisogna fare un percorso di liberazione che non si \u00e8 mai affrontato. Quando la relazione tra i coniugi non funziona bene, prima di prendere decisioni importanti, conviene assicurarsi che ognuno abbia fatto questo cammino di cura della propria storia\u201d(AL 240; cfr AL 198).<\/p>\n<p>\u201cL\u2019uomo lascer\u00e0 suo padre e sua madre e si unir\u00e0 a sua moglie, e i due saranno un\u2019unica carne\u201d (Gen 2, 24). Si pu\u00f2 \u201clasciare\u201d la famiglia d\u2019origine sbattendo la porta, dicendo a se stessi: \u201cMai assomiglier\u00f2 a mio padre\u201d oppure \u201cNon mi comporter\u00f2 mai con i miei figli come si \u00e8 comportata mia madre con me\u201d, per poi scoprire dolorosamente di avere gli stessi atteggiamenti e comportamenti. I conti in sospeso, i risarcimenti da ottenere, i risentimenti, impediscono il \u201clasciare\u201d biblico e tengono legati a doppia mandata. La possibilit\u00e0 di sciogliere questi legami distruttivi passa attraverso un percorso di riconciliazione e guarigione interiore, nel quale viene riesaminata la vita e risanate le relazioni con chi ci ha dato la vita. \u201cLa riconciliazione con le proprie figure parentali non \u00e8 un optional: se manca, mancano le radici; ci possono essere intorno nutrimento e risorse, ma senza radici non \u00e8 possibile assorbirle e trasformarle in linfa\u201d<a href=\"https:\/\/www.diocesitn.it\/area-annuncio\/le-famiglie-dorigine-i-confini-e-la-ri-conoscenza\/#_ftn4\" name=\"_ftnref4\">[4]<\/a>.<\/p>\n<p>L\u2019effetto di un percorso di perdono e di riconciliazione verso i genitori, come verso qualsiasi altra persona, porta per cos\u00ec dire ad una pulizia del campo visivo, grazie alla quale si riesce a vedere se stessi e gli altri in una luce nuova. Questo rende possibile il \u201clasciare\u201d biblico, rende possibile il salto generazionale, rende possibile andare verso il futuro con la consapevolezza del bene ricevuto. Non si \u00e8 pi\u00f9 figli solo fruitori di diritti, o focalizzati solo su quanto non si \u00e8 ricevuto, ma figli capaci di cura, che hanno imparato a guardare con tenerezza ai difetti e alle debolezze dei propri genitori.\u00a0 Figli capaci di \u201cconoscere di nuovo\u201d, e cio\u00e8 di \u201cri-conoscenza\u201d verso le persone che Dio ha usato per dar loro la vita, e quindi capaci di dare vita a loro volta, senza caricare le future generazioni di risentimenti e vendette.<\/p>\n<p><strong>\u00a0<\/strong><\/p>\n<p>&nbsp;<\/p>\n<p><a href=\"https:\/\/www.diocesitn.it\/area-annuncio\/le-famiglie-dorigine-i-confini-e-la-ri-conoscenza\/#_ftnref1\" name=\"_ftn1\">[1]<\/a>\u00a0Scabini E., Donati P.,\u00a0<em>La famiglia \u201clunga\u201d del giovane adulto<\/em>, Vita e pensiero, Milano 1988.<\/p>\n<p><a href=\"https:\/\/www.diocesitn.it\/area-annuncio\/le-famiglie-dorigine-i-confini-e-la-ri-conoscenza\/#_ftnref2\" name=\"_ftn2\">[2]<\/a>\u00a0Vivaldelli G.,\u00a0<em>La Bibbia nella vita della famiglia<\/em>, ed. San Paolo 2011, p. 23-24.<\/p>\n<p><a href=\"https:\/\/www.diocesitn.it\/area-annuncio\/le-famiglie-dorigine-i-confini-e-la-ri-conoscenza\/#_ftnref3\" name=\"_ftn3\">[3]<\/a>\u00a0Il termine \u201cinvischiato\u201d \u00e8 usato comunemente nella psicologia sistemico-relazionale, per indicare le famiglie dove \u201ctutti sanno tutto\u201d<\/p>\n<p><a href=\"https:\/\/www.diocesitn.it\/area-annuncio\/le-famiglie-dorigine-i-confini-e-la-ri-conoscenza\/#_ftnref4\" name=\"_ftn4\">[4]<\/a>\u00a0Gillini G. \u2013 Zattoni M.,\u00a0<em>Ben-essere in famiglia. Proposta di lavoro per l\u2019autoformazione di coppie e di genitori,<\/em>\u00a0Queriniana, Brescia 1995, 191.<\/p>\n<p style=\"text-align: right\"><a href=\"https:\/\/www.diocesitn.it\/area-annuncio\/wp-content\/uploads\/sites\/39\/2020\/10\/Scheda-famiglie-origine_definitiva.pdf\" target=\"_blank\" rel=\"noopener noreferrer\">Scarica la scheda<\/a><a href=\"https:\/\/www.diocesitn.it\/area-annuncio\/le-famiglie-dorigine-i-confini-e-la-ri-conoscenza\/#Inizio\">\u00a0<\/a><\/p>\n<h5 style=\"text-align: right\"><a href=\"#inizio\"><strong>\u21d1<\/strong><\/a><\/h5>\n<p style=\"text-align: right\"><a href=\"#Inizio\">\u00a0<i class=\"fi-arrow-up\"><!-- icon --><\/i>\u00a0<\/a><\/p>\n<\/div>\n<\/div><\/div><\/div><\/div><\/div><\/div>","protected":false},"excerpt":{"rendered":"<p>\u201cPer questo l\u2019uomo lascer\u00e0 suo padre e sua madre\u2026\u201d (Gen 2, 24). Quindi gli sposi sono chiamati a creare la loro famiglia. Dalla propria esperienza educativa sono arrivati a ciascuno dei valori positivi, ma talvolta<\/p>\n","protected":false},"author":14,"featured_media":0,"parent":0,"menu_order":0,"comment_status":"closed","ping_status":"closed","template":"","meta":{"footnotes":""},"class_list":["post-14369","page","type-page","status-publish","hentry"],"acf":{"seed-localization-paese-cod":"IT","seed-localization-address":"","seed-localization-citta":"Trento","seed-localization-regione-cod-istat":"04","seed-localization-citta-cod-istat":"022205","seed-localization-localita":"","seed-localization-cap":"","seed-localization-marker-visibility":false,"seed-localization-children-visibility":false,"seed-localization-kml":"","seed-localization-custom-marker":""},"yoast_head":"<!-- This site is optimized with the Yoast SEO Premium plugin v20.2.1 (Yoast SEO v22.2) - https:\/\/yoast.com\/wordpress\/plugins\/seo\/ -->\n<title>LE FAMIGLIE D\u2019ORIGINE. I CONFINI E LA RI-CONOSCENZA - Annuncio e Sacramenti<\/title>\n<meta name=\"robots\" content=\"index, follow, max-snippet:-1, max-image-preview:large, max-video-preview:-1\" \/>\n<link rel=\"canonical\" href=\"https:\/\/www.diocesitn.it\/area-annuncio\/famiglie-origine\/\" \/>\n<meta property=\"og:locale\" content=\"it_IT\" \/>\n<meta property=\"og:type\" content=\"article\" \/>\n<meta property=\"og:title\" content=\"LE FAMIGLIE D\u2019ORIGINE. I CONFINI E LA RI-CONOSCENZA\" \/>\n<meta property=\"og:description\" content=\"\u201cPer questo l\u2019uomo lascer\u00e0 suo padre e sua madre\u2026\u201d (Gen 2, 24). Quindi gli sposi sono chiamati a creare la loro famiglia. Dalla propria esperienza educativa sono arrivati a ciascuno dei valori positivi, ma talvolta\" \/>\n<meta property=\"og:url\" content=\"https:\/\/www.diocesitn.it\/area-annuncio\/famiglie-origine\/\" \/>\n<meta property=\"og:site_name\" content=\"Annuncio e Sacramenti\" \/>\n<meta property=\"article:publisher\" content=\"https:\/\/www.facebook.com\/pastoralegiovanile.trento\/\" \/>\n<meta property=\"article:modified_time\" content=\"2022-03-21T10:51:20+00:00\" \/>\n<meta property=\"og:image\" content=\"https:\/\/www.diocesitn.it\/area-annuncio\/wp-content\/uploads\/sites\/39\/2021\/09\/og-logo-annuncio-e-sacramenti.jpg\" \/>\n\t<meta property=\"og:image:width\" content=\"1200\" \/>\n\t<meta property=\"og:image:height\" content=\"630\" \/>\n\t<meta property=\"og:image:type\" content=\"image\/jpeg\" \/>\n<meta name=\"twitter:card\" content=\"summary_large_image\" \/>\n<meta name=\"twitter:label1\" content=\"Tempo di lettura stimato\" \/>\n\t<meta name=\"twitter:data1\" content=\"11 minuti\" \/>\n<script type=\"application\/ld+json\" class=\"yoast-schema-graph\">{\"@context\":\"https:\/\/schema.org\",\"@graph\":[{\"@type\":\"WebPage\",\"@id\":\"https:\/\/www.diocesitn.it\/area-annuncio\/famiglie-origine\/\",\"url\":\"https:\/\/www.diocesitn.it\/area-annuncio\/famiglie-origine\/\",\"name\":\"LE FAMIGLIE D\u2019ORIGINE. I CONFINI E LA RI-CONOSCENZA - Annuncio e Sacramenti\",\"isPartOf\":{\"@id\":\"https:\/\/www.diocesitn.it\/area-annuncio\/#website\"},\"datePublished\":\"2022-01-14T09:55:14+00:00\",\"dateModified\":\"2022-03-21T10:51:20+00:00\",\"breadcrumb\":{\"@id\":\"https:\/\/www.diocesitn.it\/area-annuncio\/famiglie-origine\/#breadcrumb\"},\"inLanguage\":\"it-IT\",\"potentialAction\":[{\"@type\":\"ReadAction\",\"target\":[\"https:\/\/www.diocesitn.it\/area-annuncio\/famiglie-origine\/\"]}]},{\"@type\":\"BreadcrumbList\",\"@id\":\"https:\/\/www.diocesitn.it\/area-annuncio\/famiglie-origine\/#breadcrumb\",\"itemListElement\":[{\"@type\":\"ListItem\",\"position\":1,\"name\":\"Home\",\"item\":\"https:\/\/www.diocesitn.it\/area-annuncio\/\"},{\"@type\":\"ListItem\",\"position\":2,\"name\":\"LE FAMIGLIE D\u2019ORIGINE. I CONFINI E LA RI-CONOSCENZA\"}]},{\"@type\":\"WebSite\",\"@id\":\"https:\/\/www.diocesitn.it\/area-annuncio\/#website\",\"url\":\"https:\/\/www.diocesitn.it\/area-annuncio\/\",\"name\":\"Annuncio e Sacramenti\",\"description\":\"Chiesa di Trento\",\"publisher\":{\"@id\":\"https:\/\/www.diocesitn.it\/area-annuncio\/#organization\"},\"potentialAction\":[{\"@type\":\"SearchAction\",\"target\":{\"@type\":\"EntryPoint\",\"urlTemplate\":\"https:\/\/www.diocesitn.it\/area-annuncio\/?s={search_term_string}\"},\"query-input\":\"required name=search_term_string\"}],\"inLanguage\":\"it-IT\"},{\"@type\":[\"Organization\",\"Place\"],\"@id\":\"https:\/\/www.diocesitn.it\/area-annuncio\/#organization\",\"name\":\"Area Annuncio e Sacramenti - Chiesa di Trento\",\"url\":\"https:\/\/www.diocesitn.it\/area-annuncio\/\",\"logo\":{\"@id\":\"https:\/\/www.diocesitn.it\/area-annuncio\/famiglie-origine\/#local-main-organization-logo\"},\"image\":{\"@id\":\"https:\/\/www.diocesitn.it\/area-annuncio\/famiglie-origine\/#local-main-organization-logo\"},\"sameAs\":[\"https:\/\/www.facebook.com\/pastoralegiovanile.trento\/\",\"https:\/\/www.instagram.com\/pastoralegiovaniletrento\/\",\"https:\/\/www.youtube.com\/channel\/UCGt7hyJaIQIkrQPos4K6L6w\"],\"openingHoursSpecification\":[{\"@type\":\"OpeningHoursSpecification\",\"dayOfWeek\":[\"Monday\",\"Tuesday\",\"Wednesday\",\"Thursday\",\"Friday\",\"Saturday\",\"Sunday\"],\"opens\":\"09:00\",\"closes\":\"17:00\"}]},{\"@type\":\"ImageObject\",\"inLanguage\":\"it-IT\",\"@id\":\"https:\/\/www.diocesitn.it\/area-annuncio\/famiglie-origine\/#local-main-organization-logo\",\"url\":\"https:\/\/www.diocesitn.it\/area-annuncio\/wp-content\/uploads\/sites\/39\/2021\/09\/og-logo-annuncio-e-sacramenti.jpg\",\"contentUrl\":\"https:\/\/www.diocesitn.it\/area-annuncio\/wp-content\/uploads\/sites\/39\/2021\/09\/og-logo-annuncio-e-sacramenti.jpg\",\"width\":1200,\"height\":630,\"caption\":\"Area Annuncio e Sacramenti - Chiesa di Trento\"}]}<\/script>\n<!-- \/ Yoast SEO Premium plugin. -->","yoast_head_json":{"title":"LE FAMIGLIE D\u2019ORIGINE. I CONFINI E LA RI-CONOSCENZA - Annuncio e Sacramenti","robots":{"index":"index","follow":"follow","max-snippet":"max-snippet:-1","max-image-preview":"max-image-preview:large","max-video-preview":"max-video-preview:-1"},"canonical":"https:\/\/www.diocesitn.it\/area-annuncio\/famiglie-origine\/","og_locale":"it_IT","og_type":"article","og_title":"LE FAMIGLIE D\u2019ORIGINE. I CONFINI E LA RI-CONOSCENZA","og_description":"\u201cPer questo l\u2019uomo lascer\u00e0 suo padre e sua madre\u2026\u201d (Gen 2, 24). Quindi gli sposi sono chiamati a creare la loro famiglia. Dalla propria esperienza educativa sono arrivati a ciascuno dei valori positivi, ma talvolta","og_url":"https:\/\/www.diocesitn.it\/area-annuncio\/famiglie-origine\/","og_site_name":"Annuncio e Sacramenti","article_publisher":"https:\/\/www.facebook.com\/pastoralegiovanile.trento\/","article_modified_time":"2022-03-21T10:51:20+00:00","og_image":[{"width":1200,"height":630,"url":"https:\/\/www.diocesitn.it\/area-annuncio\/wp-content\/uploads\/sites\/39\/2021\/09\/og-logo-annuncio-e-sacramenti.jpg","type":"image\/jpeg"}],"twitter_card":"summary_large_image","twitter_misc":{"Tempo di lettura stimato":"11 minuti"},"schema":{"@context":"https:\/\/schema.org","@graph":[{"@type":"WebPage","@id":"https:\/\/www.diocesitn.it\/area-annuncio\/famiglie-origine\/","url":"https:\/\/www.diocesitn.it\/area-annuncio\/famiglie-origine\/","name":"LE FAMIGLIE D\u2019ORIGINE. I CONFINI E LA RI-CONOSCENZA - Annuncio e Sacramenti","isPartOf":{"@id":"https:\/\/www.diocesitn.it\/area-annuncio\/#website"},"datePublished":"2022-01-14T09:55:14+00:00","dateModified":"2022-03-21T10:51:20+00:00","breadcrumb":{"@id":"https:\/\/www.diocesitn.it\/area-annuncio\/famiglie-origine\/#breadcrumb"},"inLanguage":"it-IT","potentialAction":[{"@type":"ReadAction","target":["https:\/\/www.diocesitn.it\/area-annuncio\/famiglie-origine\/"]}]},{"@type":"BreadcrumbList","@id":"https:\/\/www.diocesitn.it\/area-annuncio\/famiglie-origine\/#breadcrumb","itemListElement":[{"@type":"ListItem","position":1,"name":"Home","item":"https:\/\/www.diocesitn.it\/area-annuncio\/"},{"@type":"ListItem","position":2,"name":"LE FAMIGLIE D\u2019ORIGINE. I CONFINI E LA RI-CONOSCENZA"}]},{"@type":"WebSite","@id":"https:\/\/www.diocesitn.it\/area-annuncio\/#website","url":"https:\/\/www.diocesitn.it\/area-annuncio\/","name":"Annuncio e Sacramenti","description":"Chiesa di Trento","publisher":{"@id":"https:\/\/www.diocesitn.it\/area-annuncio\/#organization"},"potentialAction":[{"@type":"SearchAction","target":{"@type":"EntryPoint","urlTemplate":"https:\/\/www.diocesitn.it\/area-annuncio\/?s={search_term_string}"},"query-input":"required name=search_term_string"}],"inLanguage":"it-IT"},{"@type":["Organization","Place"],"@id":"https:\/\/www.diocesitn.it\/area-annuncio\/#organization","name":"Area Annuncio e Sacramenti - Chiesa di Trento","url":"https:\/\/www.diocesitn.it\/area-annuncio\/","logo":{"@id":"https:\/\/www.diocesitn.it\/area-annuncio\/famiglie-origine\/#local-main-organization-logo"},"image":{"@id":"https:\/\/www.diocesitn.it\/area-annuncio\/famiglie-origine\/#local-main-organization-logo"},"sameAs":["https:\/\/www.facebook.com\/pastoralegiovanile.trento\/","https:\/\/www.instagram.com\/pastoralegiovaniletrento\/","https:\/\/www.youtube.com\/channel\/UCGt7hyJaIQIkrQPos4K6L6w"],"openingHoursSpecification":[{"@type":"OpeningHoursSpecification","dayOfWeek":["Monday","Tuesday","Wednesday","Thursday","Friday","Saturday","Sunday"],"opens":"09:00","closes":"17:00"}]},{"@type":"ImageObject","inLanguage":"it-IT","@id":"https:\/\/www.diocesitn.it\/area-annuncio\/famiglie-origine\/#local-main-organization-logo","url":"https:\/\/www.diocesitn.it\/area-annuncio\/wp-content\/uploads\/sites\/39\/2021\/09\/og-logo-annuncio-e-sacramenti.jpg","contentUrl":"https:\/\/www.diocesitn.it\/area-annuncio\/wp-content\/uploads\/sites\/39\/2021\/09\/og-logo-annuncio-e-sacramenti.jpg","width":1200,"height":630,"caption":"Area Annuncio e Sacramenti - Chiesa di Trento"}]}},"_links":{"self":[{"href":"https:\/\/www.diocesitn.it\/area-annuncio\/wp-json\/wp\/v2\/pages\/14369","targetHints":{"allow":["GET"]}}],"collection":[{"href":"https:\/\/www.diocesitn.it\/area-annuncio\/wp-json\/wp\/v2\/pages"}],"about":[{"href":"https:\/\/www.diocesitn.it\/area-annuncio\/wp-json\/wp\/v2\/types\/page"}],"author":[{"embeddable":true,"href":"https:\/\/www.diocesitn.it\/area-annuncio\/wp-json\/wp\/v2\/users\/14"}],"replies":[{"embeddable":true,"href":"https:\/\/www.diocesitn.it\/area-annuncio\/wp-json\/wp\/v2\/comments?post=14369"}],"version-history":[{"count":3,"href":"https:\/\/www.diocesitn.it\/area-annuncio\/wp-json\/wp\/v2\/pages\/14369\/revisions"}],"predecessor-version":[{"id":15291,"href":"https:\/\/www.diocesitn.it\/area-annuncio\/wp-json\/wp\/v2\/pages\/14369\/revisions\/15291"}],"wp:attachment":[{"href":"https:\/\/www.diocesitn.it\/area-annuncio\/wp-json\/wp\/v2\/media?parent=14369"}],"curies":[{"name":"wp","href":"https:\/\/api.w.org\/{rel}","templated":true}]}}