{"id":14320,"date":"2022-01-14T10:54:05","date_gmt":"2022-01-14T09:54:05","guid":{"rendered":"https:\/\/www.diocesitn.it\/area-annuncio\/?page_id=14320"},"modified":"2022-12-28T15:12:07","modified_gmt":"2022-12-28T14:12:07","slug":"crisi-e-perdono","status":"publish","type":"page","link":"https:\/\/www.diocesitn.it\/area-annuncio\/crisi-e-perdono\/","title":{"rendered":"CRISI E PERDONO. TEMPO DI DIFFICOLTA\u2019 E CAMBIAMENTO"},"content":{"rendered":"<div id=\"pl-14320\"  class=\"panel-layout\" ><div id=\"pg-14320-0\"  class=\"panel-grid panel-no-style\" ><div id=\"pgc-14320-0-0\"  class=\"panel-grid-cell\" ><div id=\"panel-14320-0-0-0\" class=\"so-panel widget widget_sow-editor panel-first-child panel-last-child\" data-index=\"0\" ><div\n\t\t\t\n\t\t\tclass=\"so-widget-sow-editor so-widget-sow-editor-base\"\n\t\t\t\n\t\t>\n<div class=\"siteorigin-widget-tinymce textwidget\">\n\t<p>Per arrivare alla decisione di amare e di voler bene, il perdono \u00e8 uno strumento insostituibile. Perdonare non sempre \u00e8 facile. Quando perdoniamo o siamo perdonati facciamo esperienza di Dio<a id=\"inizio\"><\/a><\/p>\n<ul>\n<li style=\"list-style-type: none\">\n<ul>\n<li><a href=\"#commento\">Commento al Vangelo<\/a><\/li>\n<li><a href=\"#obiettivi\">Obiettivi dell\u2019incontro<\/a><\/li>\n<li><a href=\"#contenuti\">Contenuti principali<\/a><\/li>\n<li><a href=\"#proposte\">Proposte e suggerimenti pratici<\/a><\/li>\n<li><a href=\"#strumenti\">Strumenti operativi<\/a><\/li>\n<li><a href=\"#saperne\">Per saperne di pi\u00f9<\/a><\/li>\n<li><a href=\"#approfondire\">Per approfondire<\/a><\/li>\n<\/ul>\n<\/li>\n<\/ul>\n<\/div>\n<\/div><\/div><\/div><div id=\"pgc-14320-0-1\"  class=\"panel-grid-cell\" ><div id=\"panel-14320-0-1-0\" class=\"so-panel widget widget_media_image panel-first-child panel-last-child\" data-index=\"1\" ><img loading=\"lazy\" decoding=\"async\" width=\"300\" height=\"173\" src=\"https:\/\/www.diocesitn.it\/area-annuncio\/wp-content\/uploads\/sites\/39\/2020\/10\/Coppia-in-crisi-300x173.jpg\" class=\"image wp-image-10279  attachment-medium size-medium\" alt=\"\" style=\"max-width: 100%; height: auto;\" srcset=\"https:\/\/www.diocesitn.it\/area-annuncio\/wp-content\/uploads\/sites\/39\/2020\/10\/Coppia-in-crisi-300x173.jpg 300w, https:\/\/www.diocesitn.it\/area-annuncio\/wp-content\/uploads\/sites\/39\/2020\/10\/Coppia-in-crisi-1024x590.jpg 1024w, https:\/\/www.diocesitn.it\/area-annuncio\/wp-content\/uploads\/sites\/39\/2020\/10\/Coppia-in-crisi-768x443.jpg 768w, https:\/\/www.diocesitn.it\/area-annuncio\/wp-content\/uploads\/sites\/39\/2020\/10\/Coppia-in-crisi-360x208.jpg 360w, https:\/\/www.diocesitn.it\/area-annuncio\/wp-content\/uploads\/sites\/39\/2020\/10\/Coppia-in-crisi-1536x885.jpg 1536w, https:\/\/www.diocesitn.it\/area-annuncio\/wp-content\/uploads\/sites\/39\/2020\/10\/Coppia-in-crisi-800x461.jpg 800w, https:\/\/www.diocesitn.it\/area-annuncio\/wp-content\/uploads\/sites\/39\/2020\/10\/Coppia-in-crisi-1200x692.jpg 1200w, https:\/\/www.diocesitn.it\/area-annuncio\/wp-content\/uploads\/sites\/39\/2020\/10\/Coppia-in-crisi-1320x761.jpg 1320w, https:\/\/www.diocesitn.it\/area-annuncio\/wp-content\/uploads\/sites\/39\/2020\/10\/Coppia-in-crisi.jpg 1608w\" sizes=\"auto, (max-width: 300px) 100vw, 300px\" \/><\/div><\/div><\/div><div id=\"pg-14320-1\"  class=\"panel-grid panel-no-style\" ><div id=\"pgc-14320-1-0\"  class=\"panel-grid-cell\" ><div id=\"panel-14320-1-0-0\" class=\"so-panel widget widget_sow-editor panel-first-child\" data-index=\"2\" ><div\n\t\t\t\n\t\t\tclass=\"so-widget-sow-editor so-widget-sow-editor-base\"\n\t\t\t\n\t\t>\n<div class=\"siteorigin-widget-tinymce textwidget\">\n\t<h4><strong>COMMENTO AL VANGELO<a id=\"commento\"><\/a><\/strong><\/h4>\n<p>Dal Vangelo secondo Giovanni (8, 2-11)<\/p>\n<p>Ma al mattino si rec\u00f2 di nuovo nel tempio e tutto il popolo andava da lui. Ed egli sedette e si mise a insegnare loro. Allora gli scribi e i farisei gli condussero una donna sorpresa in adulterio, la posero in mezzo e gli dissero: \u00abMaestro, questa donna \u00e8 stata sorpresa in flagrante adulterio. Ora Mos\u00e8, nella Legge, ci ha comandato di lapidare donne come questa. Tu che ne dici?\u00bb.<\/p>\n<p style=\"text-align: right\"><a href=\"https:\/\/www.diocesitn.it\/area-annuncio\/wp-content\/uploads\/sites\/39\/2020\/10\/Commento-al-Vangelo_crisi.pdf\" target=\"_blank\" rel=\"noopener noreferrer\">Leggi tutto<\/a><\/p>\n<h5 style=\"text-align: right\">\u00a0<i class=\"fi-arrow-up\"><\/i> <a href=\"#inizio\"><strong>\u21d1<\/strong><\/a><\/h5>\n<h4><strong>OBIETTIVI DELL\u2019INCONTRO<a id=\"obiettivi\"><\/a><\/strong><\/h4>\n<ul>\n<li>Riconoscere che l\u2019essere umano \u00e8 limitato, che le relazioni presentano momenti di fragilit\u00e0<\/li>\n<li>Riscoprire il perdono come \u201carma speciale\u201d per ricostruire il dialogo<\/li>\n<li>Riconoscere che il perdono \u00e8 un atto libero<\/li>\n<li>Essere consapevoli che la crisi pu\u00f2 essere un\u2019opportunit\u00e0<\/li>\n<li>Riconoscere che Dio \u00e8 misericordia, fonte d\u2019amore e di perdono<\/li>\n<\/ul>\n<h5 style=\"text-align: right\"><a href=\"#inizio\"><strong>\u21d1<\/strong><\/a><\/h5>\n<h4><strong>CONTENUTI PRINCIPALI<a id=\"contenuti\"><\/a><\/strong><\/h4>\n<p><em>II contenuti che permettono di raggiungere gli obiettivi e caratterizzano l\u2019incontro possono essere vari. Qui si presentano un elenco di possibili nuclei e alcuni esempi di sviluppo di questi contenuti:<\/em><\/p>\n<ul>\n<li>Relazione tra le piccole difficolt\u00e0 del quotidiano e le grandi crisi<\/li>\n<li>Le regole del buon litigio<\/li>\n<li>Le caratteristiche e gli effetti del perdono<\/li>\n<li>Chiedere e dare il perdono, perdonare se stessi<\/li>\n<li>Il sacramento della riconciliazione<\/li>\n<li>Con l\u2019aiuto di Dio siamo capaci di donare il perdono<\/li>\n<\/ul>\n<h5 style=\"text-align: right\"><a href=\"#inizio\"><strong>\u21d1<\/strong><\/a><\/h5>\n<h4><strong><i class=\"fi-lightbulb\"><\/i>PROPOSTE E SUGGERIMENTI PRATICI<a id=\"proposte\"><\/a><\/strong><\/h4>\n<ul>\n<li>Prevedere del tempo durante l\u2019incontro per fare memoria di un\u2019occasione vissuta recentemente di litigio che poi \u00e8 giunta al perdono.<\/li>\n<li>Provare a prendere un argomento sui cui non si \u00e8 d\u2019accordo e provare a condurre una discussione applicando le 5 regole del \u201cbuon litigio\u201d<\/li>\n<li>Raccontare esperienze di perdono<\/li>\n<li>Per chi ha gi\u00e0 coinvolto il Signore nel litigare e perdonarsi: come avete coinvolto Dio nel vostra richiesta di perdono? Che differenza avete riscontrato rispetto ad altre volte in cui il Signore \u00e8 rimasto \u201cfuori\u201d?<\/li>\n<li>Per chi non ha ancora coinvolto il Signore nel litigare e perdonarsi: leggete il Vangelo di Giovanni 8,1-11 e singolarmente provate a immedesimarvi nella donna facendo riferimento ad un vostro peccato nei confronti dell\u2019altra\/o<\/li>\n<\/ul>\n<h5 style=\"text-align: right\"><a href=\"#inizio\"><strong>\u21d1<\/strong><\/a><\/h5>\n<\/div>\n<\/div><\/div><div id=\"panel-14320-1-0-1\" class=\"so-panel widget widget_sow-accordion\" data-index=\"3\" ><div id=\"strumenti\" class=\"panel-widget-style panel-widget-style-for-14320-1-0-1\" ><div\n\t\t\t\n\t\t\tclass=\"so-widget-sow-accordion so-widget-sow-accordion-default-bf3247f8d09c-14320\"\n\t\t\t\n\t\t><h3 class=\"widget-title\">Strumenti operativi<\/h3><div>\n\t<div class=\"sow-accordion\">\n\t\t\t<div class=\"sow-accordion-panel\n\t\t\t\t\"\n\t\t\tdata-anchor-id=\"preghiere\">\n\t\t\t\t<div class=\"sow-accordion-panel-header-container\" role=\"heading\" aria-level=\"2\">\n\t\t\t\t\t<div class=\"sow-accordion-panel-header\" tabindex=\"0\" role=\"button\" id=\"accordion-label-preghiere\" aria-controls=\"accordion-content-preghiere\" aria-expanded=\"false\">\n\t\t\t\t\t\t<div class=\"sow-accordion-title sow-accordion-title-icon-left\">\n\t\t\t\t\t\t\t\t\t\t\t\t\t\tPreghiere\t\t\t\t\t\t\t\t\t\t\t\t\t<\/div>\n\t\t\t\t\t\t<div class=\"sow-accordion-open-close-button\">\n\t\t\t\t\t\t\t<div class=\"sow-accordion-open-button\">\n\t\t\t\t\t\t\t\t<span class=\"sow-icon-ionicons\" data-sow-icon=\"&#xf218;\"\n\t\t \n\t\taria-hidden=\"true\"><\/span>\t\t\t\t\t\t\t<\/div>\n\t\t\t\t\t\t\t<div class=\"sow-accordion-close-button\">\n\t\t\t\t\t\t\t\t<span class=\"sow-icon-ionicons\" data-sow-icon=\"&#xf209;\"\n\t\t \n\t\taria-hidden=\"true\"><\/span>\t\t\t\t\t\t\t<\/div>\n\t\t\t\t\t\t<\/div>\n\t\t\t\t\t<\/div>\n\t\t\t\t<\/div>\n\n\t\t\t<div\n\t\t\t\tclass=\"sow-accordion-panel-content\"\n\t\t\t\trole=\"region\"\n\t\t\t\taria-labelledby=\"accordion-label-preghiere\"\n\t\t\t\tid=\"accordion-content-preghiere\"\n\t\t\t\tstyle=\"display: none;\"\t\t\t>\n\t\t\t\t<div class=\"sow-accordion-panel-border\">\n\t\t\t\t\t<ul>\n<li><a href=\"https:\/\/www.diocesitn.it\/area-annuncio\/wp-content\/uploads\/sites\/39\/2020\/10\/Preghiera_Nella-difficolta-di-relazione.pdf\" target=\"_blank\" rel=\"noopener noreferrer\">Nella difficolt\u00e0 di relazione<\/a><\/li>\n<li><a href=\"https:\/\/www.diocesitn.it\/area-annuncio\/wp-content\/uploads\/sites\/39\/2020\/10\/Preghiera_Preghiera-per-le-famiglie-in-difficolta.pdf\" target=\"_blank\" rel=\"noopener noreferrer\">Per le famiglie in difficolt\u00e0<\/a><\/li>\n<li><a href=\"https:\/\/www.diocesitn.it\/area-annuncio\/wp-content\/uploads\/sites\/39\/2020\/12\/Preghier_Di-coppia_Accoglienza_Dialogo_Perdono_Sacramento_Vocazione.pdf\" target=\"_blank\" rel=\"noopener noreferrer\">Di coppia<\/a><\/li>\n<li><a href=\"https:\/\/www.diocesitn.it\/area-annuncio\/wp-content\/uploads\/sites\/39\/2020\/10\/Preghiera_Di-perdono.pdf\" target=\"_blank\" rel=\"noopener noreferrer\">Di perdono<\/a><\/li>\n<li><a href=\"https:\/\/www.diocesitn.it\/area-annuncio\/wp-content\/uploads\/sites\/39\/2021\/05\/Preghiera_La-carita_Dialogo_Perdono_Sacramento.pdf\" target=\"_blank\" rel=\"noopener noreferrer\">La carit\u00e0<\/a><\/li>\n<li><a href=\"https:\/\/www.diocesitn.it\/area-annuncio\/wp-content\/uploads\/sites\/39\/2021\/04\/Preghiera_Lamore-quotidiano_Dialogo_Perdono_Sessualita_Spiritualita.pdf\" target=\"_blank\" rel=\"noopener noreferrer\">L\u2019amore quotidiano<\/a><\/li>\n<li><a href=\"https:\/\/www.diocesitn.it\/area-annuncio\/wp-content\/uploads\/sites\/39\/2020\/10\/Preghiera_Per-la-comunicazione-e-il-dialogo.pdf\" target=\"_blank\" rel=\"noopener\">Per la comunicazione e il dialogo<\/a><\/li>\n<li><a href=\"https:\/\/www.diocesitn.it\/area-annuncio\/wp-content\/uploads\/sites\/39\/2020\/12\/Preghiera_Per-la-Famiglia-madre-teresa_Dialogo_Perdono_Fecondita_Vocazione_Sacramento_Spiritualita.pdf\" target=\"_blank\" rel=\"noopener noreferrer\">Per la famiglia \u2013 Madre Teresa<\/a><\/li>\n<li><a href=\"https:\/\/www.diocesitn.it\/area-annuncio\/wp-content\/uploads\/sites\/39\/2020\/10\/Preghiera_Di-richiesta-di-aiuto.pdf\" target=\"_blank\" rel=\"noopener noreferrer\">Richiesta di aiuto<\/a><\/li>\n<li><a href=\"https:\/\/www.diocesitn.it\/area-annuncio\/wp-content\/uploads\/sites\/39\/2021\/05\/Preghiera_Trasfigurazione_Dialogo_Perdono.pdf\" target=\"_blank\" rel=\"noopener noreferrer\">Trasfigurazione<\/a><\/li>\n<\/ul>\n\t\t\t\t<\/div>\n\t\t\t<\/div>\n\t\t<\/div>\n\t\t\t<div class=\"sow-accordion-panel\n\t\t\t\t\"\n\t\t\tdata-anchor-id=\"brani-biblici\">\n\t\t\t\t<div class=\"sow-accordion-panel-header-container\" role=\"heading\" aria-level=\"2\">\n\t\t\t\t\t<div class=\"sow-accordion-panel-header\" tabindex=\"0\" role=\"button\" id=\"accordion-label-brani-biblici\" aria-controls=\"accordion-content-brani-biblici\" aria-expanded=\"false\">\n\t\t\t\t\t\t<div class=\"sow-accordion-title sow-accordion-title-icon-left\">\n\t\t\t\t\t\t\t\t\t\t\t\t\t\tBrani biblici\t\t\t\t\t\t\t\t\t\t\t\t\t<\/div>\n\t\t\t\t\t\t<div class=\"sow-accordion-open-close-button\">\n\t\t\t\t\t\t\t<div class=\"sow-accordion-open-button\">\n\t\t\t\t\t\t\t\t<span class=\"sow-icon-ionicons\" data-sow-icon=\"&#xf218;\"\n\t\t \n\t\taria-hidden=\"true\"><\/span>\t\t\t\t\t\t\t<\/div>\n\t\t\t\t\t\t\t<div class=\"sow-accordion-close-button\">\n\t\t\t\t\t\t\t\t<span class=\"sow-icon-ionicons\" data-sow-icon=\"&#xf209;\"\n\t\t \n\t\taria-hidden=\"true\"><\/span>\t\t\t\t\t\t\t<\/div>\n\t\t\t\t\t\t<\/div>\n\t\t\t\t\t<\/div>\n\t\t\t\t<\/div>\n\n\t\t\t<div\n\t\t\t\tclass=\"sow-accordion-panel-content\"\n\t\t\t\trole=\"region\"\n\t\t\t\taria-labelledby=\"accordion-label-brani-biblici\"\n\t\t\t\tid=\"accordion-content-brani-biblici\"\n\t\t\t\tstyle=\"display: none;\"\t\t\t>\n\t\t\t\t<div class=\"sow-accordion-panel-border\">\n\t\t\t\t\t<ul>\n<li>Vangelo secondo Giovanni 8, 1-11 \u2013 Ges\u00f9 perdona l\u2019adultera<\/li>\n<li>Vangelo secondo Giovanni 20, 21-23 \u2013 Ges\u00f9 appare ai discepoli<\/li>\n<li>Prima lettera ai Corinzi 13,5 \u2013 La carit\u00e0<\/li>\n<li><a href=\"https:\/\/www.diocesitn.it\/area-annuncio\/wp-content\/uploads\/sites\/39\/2021\/02\/Commento-al-Vangelo_Lc-10-25-37_Il-buon-samaritano_Perdono.pdf\" target=\"_blank\" rel=\"noopener noreferrer\">Vangelo secondo Luca 10, 25-37 \u2013 Il buon samaritano \u2013 con commento<\/a><\/li>\n<li><a href=\"https:\/\/www.diocesitn.it\/area-annuncio\/wp-content\/uploads\/sites\/39\/2021\/02\/Commento-al-Vangelo_Lc-10-25-37_Il-buon-samaritano2_Perdono.pdf\" target=\"_blank\" rel=\"noopener noreferrer\">Vangelo secondo Luca 10, 25-37 \u2013 Il buon Samaritano 2 \u2013 con commento<\/a><\/li>\n<li><a href=\"https:\/\/www.diocesitn.it\/area-annuncio\/wp-content\/uploads\/sites\/39\/2022\/04\/Vangelo-Lc-1511-32-padre-misericordioso.pdf\" target=\"_blank\" rel=\"noopener\">Vangelo secondo Luca 15, 11-32 - Il Padre misericordioso<\/a><\/li>\n<li><a href=\"https:\/\/www.diocesitn.it\/area-annuncio\/wp-content\/uploads\/sites\/39\/2021\/02\/Commento-al-Vangelo_Mt-18-21-35_Quante-volte-devo-perdonare_Perdono.pdf\" target=\"_blank\" rel=\"noopener noreferrer\">Vangelo secondo Matteo 18, 21-35 \u2013 Quante volte devo perdonare? \u2013 con commento<\/a><\/li>\n<\/ul>\n\t\t\t\t<\/div>\n\t\t\t<\/div>\n\t\t<\/div>\n\t\t\t<div class=\"sow-accordion-panel\n\t\t\t\t\"\n\t\t\tdata-anchor-id=\"immagini-per-lettura-biblica\">\n\t\t\t\t<div class=\"sow-accordion-panel-header-container\" role=\"heading\" aria-level=\"2\">\n\t\t\t\t\t<div class=\"sow-accordion-panel-header\" tabindex=\"0\" role=\"button\" id=\"accordion-label-immagini-per-lettura-biblica\" aria-controls=\"accordion-content-immagini-per-lettura-biblica\" aria-expanded=\"false\">\n\t\t\t\t\t\t<div class=\"sow-accordion-title sow-accordion-title-icon-left\">\n\t\t\t\t\t\t\t\t\t\t\t\t\t\tImmagini per lettura biblica\t\t\t\t\t\t\t\t\t\t\t\t\t<\/div>\n\t\t\t\t\t\t<div class=\"sow-accordion-open-close-button\">\n\t\t\t\t\t\t\t<div class=\"sow-accordion-open-button\">\n\t\t\t\t\t\t\t\t<span class=\"sow-icon-ionicons\" data-sow-icon=\"&#xf218;\"\n\t\t \n\t\taria-hidden=\"true\"><\/span>\t\t\t\t\t\t\t<\/div>\n\t\t\t\t\t\t\t<div class=\"sow-accordion-close-button\">\n\t\t\t\t\t\t\t\t<span class=\"sow-icon-ionicons\" data-sow-icon=\"&#xf209;\"\n\t\t \n\t\taria-hidden=\"true\"><\/span>\t\t\t\t\t\t\t<\/div>\n\t\t\t\t\t\t<\/div>\n\t\t\t\t\t<\/div>\n\t\t\t\t<\/div>\n\n\t\t\t<div\n\t\t\t\tclass=\"sow-accordion-panel-content\"\n\t\t\t\trole=\"region\"\n\t\t\t\taria-labelledby=\"accordion-label-immagini-per-lettura-biblica\"\n\t\t\t\tid=\"accordion-content-immagini-per-lettura-biblica\"\n\t\t\t\tstyle=\"display: none;\"\t\t\t>\n\t\t\t\t<div class=\"sow-accordion-panel-border\">\n\t\t\t\t\t<table style=\"border-collapse: collapse;width: 100%\" border=\"1\">\n<tbody>\n<tr>\n<td style=\"width: 39.6051%\">- <a href=\"https:\/\/www.diocesitn.it\/area-annuncio\/wp-content\/uploads\/sites\/39\/2022\/04\/Ritorno-del-figliol-prodigo_Rembrandt.pdf\" target=\"_blank\" rel=\"noopener\">Ritorno del figliol prodigo di Rembrant<\/a><\/td>\n<td style=\"width: 60.3949%\">cfr. Lavoro di coppia<\/td>\n<\/tr>\n<\/tbody>\n<\/table>\n\t\t\t\t<\/div>\n\t\t\t<\/div>\n\t\t<\/div>\n\t\t\t<div class=\"sow-accordion-panel\n\t\t\t\t\"\n\t\t\tdata-anchor-id=\"lavoro-di-coppia\">\n\t\t\t\t<div class=\"sow-accordion-panel-header-container\" role=\"heading\" aria-level=\"2\">\n\t\t\t\t\t<div class=\"sow-accordion-panel-header\" tabindex=\"0\" role=\"button\" id=\"accordion-label-lavoro-di-coppia\" aria-controls=\"accordion-content-lavoro-di-coppia\" aria-expanded=\"false\">\n\t\t\t\t\t\t<div class=\"sow-accordion-title sow-accordion-title-icon-left\">\n\t\t\t\t\t\t\t\t\t\t\t\t\t\tLavoro di coppia\t\t\t\t\t\t\t\t\t\t\t\t\t<\/div>\n\t\t\t\t\t\t<div class=\"sow-accordion-open-close-button\">\n\t\t\t\t\t\t\t<div class=\"sow-accordion-open-button\">\n\t\t\t\t\t\t\t\t<span class=\"sow-icon-ionicons\" data-sow-icon=\"&#xf218;\"\n\t\t \n\t\taria-hidden=\"true\"><\/span>\t\t\t\t\t\t\t<\/div>\n\t\t\t\t\t\t\t<div class=\"sow-accordion-close-button\">\n\t\t\t\t\t\t\t\t<span class=\"sow-icon-ionicons\" data-sow-icon=\"&#xf209;\"\n\t\t \n\t\taria-hidden=\"true\"><\/span>\t\t\t\t\t\t\t<\/div>\n\t\t\t\t\t\t<\/div>\n\t\t\t\t\t<\/div>\n\t\t\t\t<\/div>\n\n\t\t\t<div\n\t\t\t\tclass=\"sow-accordion-panel-content\"\n\t\t\t\trole=\"region\"\n\t\t\t\taria-labelledby=\"accordion-label-lavoro-di-coppia\"\n\t\t\t\tid=\"accordion-content-lavoro-di-coppia\"\n\t\t\t\tstyle=\"display: none;\"\t\t\t>\n\t\t\t\t<div class=\"sow-accordion-panel-border\">\n\t\t\t\t\t<ul>\n<li>Scheda:\u00a0<a href=\"https:\/\/www.diocesitn.it\/area-annuncio\/wp-content\/uploads\/sites\/39\/2021\/03\/Lav.-coppia_ScusaPerdonoRiconciliazione_Perdono.pdf\" target=\"_blank\" rel=\"noopener noreferrer\">Scusa, perdono e riconciliazione<\/a><\/li>\n<li>Scheda:\u00a0<a href=\"https:\/\/www.diocesitn.it\/area-annuncio\/wp-content\/uploads\/sites\/39\/2021\/03\/Lav.-coppia_Se-sbaglio-io-se-sbagli-tu_Perdono.pdf\" target=\"_blank\" rel=\"noopener noreferrer\">Se sbaglio io\u2026 se sbagli tu\u2026<\/a><\/li>\n<li><a href=\"https:\/\/www.diocesitn.it\/area-annuncio\/wp-content\/uploads\/sites\/39\/2022\/04\/Traccia-per-il-lavoro-di-coppia.docx.pdf\" target=\"_blank\" rel=\"noopener\">Traccia per confronto su figliol prodigo<\/a> (cfr immagini)<\/li>\n<\/ul>\n\t\t\t\t<\/div>\n\t\t\t<\/div>\n\t\t<\/div>\n\t\t\t<div class=\"sow-accordion-panel\n\t\t\t\t\"\n\t\t\tdata-anchor-id=\"lavoro-di-gruppo\">\n\t\t\t\t<div class=\"sow-accordion-panel-header-container\" role=\"heading\" aria-level=\"2\">\n\t\t\t\t\t<div class=\"sow-accordion-panel-header\" tabindex=\"0\" role=\"button\" id=\"accordion-label-lavoro-di-gruppo\" aria-controls=\"accordion-content-lavoro-di-gruppo\" aria-expanded=\"false\">\n\t\t\t\t\t\t<div class=\"sow-accordion-title sow-accordion-title-icon-left\">\n\t\t\t\t\t\t\t\t\t\t\t\t\t\tLavoro di gruppo\t\t\t\t\t\t\t\t\t\t\t\t\t<\/div>\n\t\t\t\t\t\t<div class=\"sow-accordion-open-close-button\">\n\t\t\t\t\t\t\t<div class=\"sow-accordion-open-button\">\n\t\t\t\t\t\t\t\t<span class=\"sow-icon-ionicons\" data-sow-icon=\"&#xf218;\"\n\t\t \n\t\taria-hidden=\"true\"><\/span>\t\t\t\t\t\t\t<\/div>\n\t\t\t\t\t\t\t<div class=\"sow-accordion-close-button\">\n\t\t\t\t\t\t\t\t<span class=\"sow-icon-ionicons\" data-sow-icon=\"&#xf209;\"\n\t\t \n\t\taria-hidden=\"true\"><\/span>\t\t\t\t\t\t\t<\/div>\n\t\t\t\t\t\t<\/div>\n\t\t\t\t\t<\/div>\n\t\t\t\t<\/div>\n\n\t\t\t<div\n\t\t\t\tclass=\"sow-accordion-panel-content\"\n\t\t\t\trole=\"region\"\n\t\t\t\taria-labelledby=\"accordion-label-lavoro-di-gruppo\"\n\t\t\t\tid=\"accordion-content-lavoro-di-gruppo\"\n\t\t\t\tstyle=\"display: none;\"\t\t\t>\n\t\t\t\t<div class=\"sow-accordion-panel-border\">\n\t\t\t\t\t\t\t\t\t<\/div>\n\t\t\t<\/div>\n\t\t<\/div>\n\t\t\t<div class=\"sow-accordion-panel\n\t\t\t\t\"\n\t\t\tdata-anchor-id=\"film-video\">\n\t\t\t\t<div class=\"sow-accordion-panel-header-container\" role=\"heading\" aria-level=\"2\">\n\t\t\t\t\t<div class=\"sow-accordion-panel-header\" tabindex=\"0\" role=\"button\" id=\"accordion-label-filmvideo\" aria-controls=\"accordion-content-filmvideo\" aria-expanded=\"false\">\n\t\t\t\t\t\t<div class=\"sow-accordion-title sow-accordion-title-icon-left\">\n\t\t\t\t\t\t\t\t\t\t\t\t\t\tFilm\/video\t\t\t\t\t\t\t\t\t\t\t\t\t<\/div>\n\t\t\t\t\t\t<div class=\"sow-accordion-open-close-button\">\n\t\t\t\t\t\t\t<div class=\"sow-accordion-open-button\">\n\t\t\t\t\t\t\t\t<span class=\"sow-icon-ionicons\" data-sow-icon=\"&#xf218;\"\n\t\t \n\t\taria-hidden=\"true\"><\/span>\t\t\t\t\t\t\t<\/div>\n\t\t\t\t\t\t\t<div class=\"sow-accordion-close-button\">\n\t\t\t\t\t\t\t\t<span class=\"sow-icon-ionicons\" data-sow-icon=\"&#xf209;\"\n\t\t \n\t\taria-hidden=\"true\"><\/span>\t\t\t\t\t\t\t<\/div>\n\t\t\t\t\t\t<\/div>\n\t\t\t\t\t<\/div>\n\t\t\t\t<\/div>\n\n\t\t\t<div\n\t\t\t\tclass=\"sow-accordion-panel-content\"\n\t\t\t\trole=\"region\"\n\t\t\t\taria-labelledby=\"accordion-label-filmvideo\"\n\t\t\t\tid=\"accordion-content-filmvideo\"\n\t\t\t\tstyle=\"display: none;\"\t\t\t>\n\t\t\t\t<div class=\"sow-accordion-panel-border\">\n\t\t\t\t\t<ul>\n<li><a href=\"https:\/\/www.diocesitn.it\/area-annuncio\/wp-content\/uploads\/sites\/39\/2022\/02\/FIREPROOF-materiale-per-la-riflessione.pdf\" target=\"_blank\" rel=\"noopener\">Fireproof<\/a><\/li>\n<li><a href=\"https:\/\/www.youtube.com\/watch?v=uP8EOa70FJo\" target=\"_blank\" rel=\"noopener\">Testimonianza su esperienza di Retrouvaille_video<\/a><\/li>\n<li><a href=\"http:\/\/www.laityfamilylife.va\/content\/laityfamilylife\/it\/news\/amorislaetitia\/_vivere-il-perdono--il-secondo-cortometraggio-per-il-wmof-2022.html\" target=\"_blank\" rel=\"noopener\">Vivere il perdono_video <\/a>\u00c8 la storia di Andrea e Ilaria, che si conoscono sui banchi di scuola, si fidanzano giovanissimi e dopo dieci anni si sposano. Una coppia felice, una vita che sembra procedere spedita tra carriere professionali appaganti e la nascita di due bambini. Eppure qualcosa scricchiola: problemi lavorativi, lo stress di un trasloco, la convivenza forzata con i genitori. Alla fine i due sposi si separano, si allontanano. Salvo poi ritrovarsi, proprio quando stavano per firmare le carte della separazione.<\/li>\n<\/ul>\n\t\t\t\t<\/div>\n\t\t\t<\/div>\n\t\t<\/div>\n\t\t\t<div class=\"sow-accordion-panel\n\t\t\t\t\"\n\t\t\tdata-anchor-id=\"canzoni\">\n\t\t\t\t<div class=\"sow-accordion-panel-header-container\" role=\"heading\" aria-level=\"2\">\n\t\t\t\t\t<div class=\"sow-accordion-panel-header\" tabindex=\"0\" role=\"button\" id=\"accordion-label-canzoni\" aria-controls=\"accordion-content-canzoni\" aria-expanded=\"false\">\n\t\t\t\t\t\t<div class=\"sow-accordion-title sow-accordion-title-icon-left\">\n\t\t\t\t\t\t\t\t\t\t\t\t\t\tCanzoni\t\t\t\t\t\t\t\t\t\t\t\t\t<\/div>\n\t\t\t\t\t\t<div class=\"sow-accordion-open-close-button\">\n\t\t\t\t\t\t\t<div class=\"sow-accordion-open-button\">\n\t\t\t\t\t\t\t\t<span class=\"sow-icon-ionicons\" data-sow-icon=\"&#xf218;\"\n\t\t \n\t\taria-hidden=\"true\"><\/span>\t\t\t\t\t\t\t<\/div>\n\t\t\t\t\t\t\t<div class=\"sow-accordion-close-button\">\n\t\t\t\t\t\t\t\t<span class=\"sow-icon-ionicons\" data-sow-icon=\"&#xf209;\"\n\t\t \n\t\taria-hidden=\"true\"><\/span>\t\t\t\t\t\t\t<\/div>\n\t\t\t\t\t\t<\/div>\n\t\t\t\t\t<\/div>\n\t\t\t\t<\/div>\n\n\t\t\t<div\n\t\t\t\tclass=\"sow-accordion-panel-content\"\n\t\t\t\trole=\"region\"\n\t\t\t\taria-labelledby=\"accordion-label-canzoni\"\n\t\t\t\tid=\"accordion-content-canzoni\"\n\t\t\t\tstyle=\"display: none;\"\t\t\t>\n\t\t\t\t<div class=\"sow-accordion-panel-border\">\n\t\t\t\t\t<table style=\"border-collapse: collapse;width: 100%\" border=\"1\">\n<tbody>\n<tr>\n<td style=\"width: 33.3333%\">- Salvami - Mod\u00e0<\/td>\n<td style=\"width: 12.1428%\"><a href=\"https:\/\/www.diocesitn.it\/area-annuncio\/wp-content\/uploads\/sites\/39\/2020\/11\/Salvami-Moda-testo.pdf\" target=\"_blank\" rel=\"noopener noreferrer\">Testo<\/a><\/td>\n<td style=\"width: 8.98809%\"><a href=\"https:\/\/www.youtube.com\/watch?v=TIEuxIFvuLo\" target=\"_blank\" rel=\"noopener noreferrer\">Video<\/a><\/td>\n<td style=\"width: 45.5357%\"><a href=\"https:\/\/www.diocesitn.it\/area-annuncio\/wp-content\/uploads\/sites\/39\/2022\/04\/Note-per-lutilizzo-1.pdf\" target=\"_blank\" rel=\"noopener\">Note per l'utilizzo della canzone<\/a><\/td>\n<\/tr>\n<\/tbody>\n<\/table>\n<p>&nbsp;<\/p>\n\t\t\t\t<\/div>\n\t\t\t<\/div>\n\t\t<\/div>\n\t\t\t<div class=\"sow-accordion-panel\n\t\t\t\t\"\n\t\t\tdata-anchor-id=\"per-riflettere\">\n\t\t\t\t<div class=\"sow-accordion-panel-header-container\" role=\"heading\" aria-level=\"2\">\n\t\t\t\t\t<div class=\"sow-accordion-panel-header\" tabindex=\"0\" role=\"button\" id=\"accordion-label-per-riflettere\" aria-controls=\"accordion-content-per-riflettere\" aria-expanded=\"false\">\n\t\t\t\t\t\t<div class=\"sow-accordion-title sow-accordion-title-icon-left\">\n\t\t\t\t\t\t\t\t\t\t\t\t\t\tPer riflettere\t\t\t\t\t\t\t\t\t\t\t\t\t<\/div>\n\t\t\t\t\t\t<div class=\"sow-accordion-open-close-button\">\n\t\t\t\t\t\t\t<div class=\"sow-accordion-open-button\">\n\t\t\t\t\t\t\t\t<span class=\"sow-icon-ionicons\" data-sow-icon=\"&#xf218;\"\n\t\t \n\t\taria-hidden=\"true\"><\/span>\t\t\t\t\t\t\t<\/div>\n\t\t\t\t\t\t\t<div class=\"sow-accordion-close-button\">\n\t\t\t\t\t\t\t\t<span class=\"sow-icon-ionicons\" data-sow-icon=\"&#xf209;\"\n\t\t \n\t\taria-hidden=\"true\"><\/span>\t\t\t\t\t\t\t<\/div>\n\t\t\t\t\t\t<\/div>\n\t\t\t\t\t<\/div>\n\t\t\t\t<\/div>\n\n\t\t\t<div\n\t\t\t\tclass=\"sow-accordion-panel-content\"\n\t\t\t\trole=\"region\"\n\t\t\t\taria-labelledby=\"accordion-label-per-riflettere\"\n\t\t\t\tid=\"accordion-content-per-riflettere\"\n\t\t\t\tstyle=\"display: none;\"\t\t\t>\n\t\t\t\t<div class=\"sow-accordion-panel-border\">\n\t\t\t\t\t\t\t\t\t<\/div>\n\t\t\t<\/div>\n\t\t<\/div>\n\t\t<\/div>\n<\/div>\n<\/div><\/div><\/div><div id=\"panel-14320-1-0-2\" class=\"so-panel widget widget_sow-editor\" data-index=\"4\" ><div\n\t\t\t\n\t\t\tclass=\"so-widget-sow-editor so-widget-sow-editor-base\"\n\t\t\t\n\t\t>\n<div class=\"siteorigin-widget-tinymce textwidget\">\n\t<h5 style=\"text-align: right\"><a href=\"#inizio\"><strong>\u21d1<\/strong><\/a><\/h5>\n<\/div>\n<\/div><\/div><div id=\"panel-14320-1-0-3\" class=\"so-panel widget widget_sow-accordion\" data-index=\"5\" ><div id=\"saperne\" class=\"panel-widget-style panel-widget-style-for-14320-1-0-3\" ><div\n\t\t\t\n\t\t\tclass=\"so-widget-sow-accordion so-widget-sow-accordion-default-399e2846cd01-14320\"\n\t\t\t\n\t\t><h3 class=\"widget-title\">Per saperne di pi\u00f9<\/h3><div>\n\t<div class=\"sow-accordion\">\n\t\t\t<div class=\"sow-accordion-panel\n\t\t\t\t\"\n\t\t\tdata-anchor-id=\"libri\">\n\t\t\t\t<div class=\"sow-accordion-panel-header-container\" role=\"heading\" aria-level=\"2\">\n\t\t\t\t\t<div class=\"sow-accordion-panel-header\" tabindex=\"0\" role=\"button\" id=\"accordion-label-libri\" aria-controls=\"accordion-content-libri\" aria-expanded=\"false\">\n\t\t\t\t\t\t<div class=\"sow-accordion-title sow-accordion-title-icon-left\">\n\t\t\t\t\t\t\t\t\t\t\t\t\t\tLibri\t\t\t\t\t\t\t\t\t\t\t\t\t<\/div>\n\t\t\t\t\t\t<div class=\"sow-accordion-open-close-button\">\n\t\t\t\t\t\t\t<div class=\"sow-accordion-open-button\">\n\t\t\t\t\t\t\t\t<span class=\"sow-icon-ionicons\" data-sow-icon=\"&#xf218;\"\n\t\t \n\t\taria-hidden=\"true\"><\/span>\t\t\t\t\t\t\t<\/div>\n\t\t\t\t\t\t\t<div class=\"sow-accordion-close-button\">\n\t\t\t\t\t\t\t\t<span class=\"sow-icon-ionicons\" data-sow-icon=\"&#xf209;\"\n\t\t \n\t\taria-hidden=\"true\"><\/span>\t\t\t\t\t\t\t<\/div>\n\t\t\t\t\t\t<\/div>\n\t\t\t\t\t<\/div>\n\t\t\t\t<\/div>\n\n\t\t\t<div\n\t\t\t\tclass=\"sow-accordion-panel-content\"\n\t\t\t\trole=\"region\"\n\t\t\t\taria-labelledby=\"accordion-label-libri\"\n\t\t\t\tid=\"accordion-content-libri\"\n\t\t\t\tstyle=\"display: none;\"\t\t\t>\n\t\t\t\t<div class=\"sow-accordion-panel-border\">\n\t\t\t\t\t<ul>\n<li>Rocchetta Carlo,\u00a0<em>Ges\u00f9 medico degli sposi. La tenerezza che guarisce<\/em>, EDB, 2005<\/li>\n<li>Rocchetta Carlo,\u00a0<em>Elogio del litigio di coppia. Per una tenerezza che perdona,\u00a0<\/em>EDB, 2004<\/li>\n<\/ul>\n\t\t\t\t<\/div>\n\t\t\t<\/div>\n\t\t<\/div>\n\t\t\t<div class=\"sow-accordion-panel\n\t\t\t\t\"\n\t\t\tdata-anchor-id=\"articoli\">\n\t\t\t\t<div class=\"sow-accordion-panel-header-container\" role=\"heading\" aria-level=\"2\">\n\t\t\t\t\t<div class=\"sow-accordion-panel-header\" tabindex=\"0\" role=\"button\" id=\"accordion-label-articoli\" aria-controls=\"accordion-content-articoli\" aria-expanded=\"false\">\n\t\t\t\t\t\t<div class=\"sow-accordion-title sow-accordion-title-icon-left\">\n\t\t\t\t\t\t\t\t\t\t\t\t\t\tArticoli\t\t\t\t\t\t\t\t\t\t\t\t\t<\/div>\n\t\t\t\t\t\t<div class=\"sow-accordion-open-close-button\">\n\t\t\t\t\t\t\t<div class=\"sow-accordion-open-button\">\n\t\t\t\t\t\t\t\t<span class=\"sow-icon-ionicons\" data-sow-icon=\"&#xf218;\"\n\t\t \n\t\taria-hidden=\"true\"><\/span>\t\t\t\t\t\t\t<\/div>\n\t\t\t\t\t\t\t<div class=\"sow-accordion-close-button\">\n\t\t\t\t\t\t\t\t<span class=\"sow-icon-ionicons\" data-sow-icon=\"&#xf209;\"\n\t\t \n\t\taria-hidden=\"true\"><\/span>\t\t\t\t\t\t\t<\/div>\n\t\t\t\t\t\t<\/div>\n\t\t\t\t\t<\/div>\n\t\t\t\t<\/div>\n\n\t\t\t<div\n\t\t\t\tclass=\"sow-accordion-panel-content\"\n\t\t\t\trole=\"region\"\n\t\t\t\taria-labelledby=\"accordion-label-articoli\"\n\t\t\t\tid=\"accordion-content-articoli\"\n\t\t\t\tstyle=\"display: none;\"\t\t\t>\n\t\t\t\t<div class=\"sow-accordion-panel-border\">\n\t\t\t\t\t\t\t\t\t<\/div>\n\t\t\t<\/div>\n\t\t<\/div>\n\t\t\t<div class=\"sow-accordion-panel\n\t\t\t\t\"\n\t\t\tdata-anchor-id=\"testi\">\n\t\t\t\t<div class=\"sow-accordion-panel-header-container\" role=\"heading\" aria-level=\"2\">\n\t\t\t\t\t<div class=\"sow-accordion-panel-header\" tabindex=\"0\" role=\"button\" id=\"accordion-label-testi\" aria-controls=\"accordion-content-testi\" aria-expanded=\"false\">\n\t\t\t\t\t\t<div class=\"sow-accordion-title sow-accordion-title-icon-left\">\n\t\t\t\t\t\t\t\t\t\t\t\t\t\tTesti\t\t\t\t\t\t\t\t\t\t\t\t\t<\/div>\n\t\t\t\t\t\t<div class=\"sow-accordion-open-close-button\">\n\t\t\t\t\t\t\t<div class=\"sow-accordion-open-button\">\n\t\t\t\t\t\t\t\t<span class=\"sow-icon-ionicons\" data-sow-icon=\"&#xf218;\"\n\t\t \n\t\taria-hidden=\"true\"><\/span>\t\t\t\t\t\t\t<\/div>\n\t\t\t\t\t\t\t<div class=\"sow-accordion-close-button\">\n\t\t\t\t\t\t\t\t<span class=\"sow-icon-ionicons\" data-sow-icon=\"&#xf209;\"\n\t\t \n\t\taria-hidden=\"true\"><\/span>\t\t\t\t\t\t\t<\/div>\n\t\t\t\t\t\t<\/div>\n\t\t\t\t\t<\/div>\n\t\t\t\t<\/div>\n\n\t\t\t<div\n\t\t\t\tclass=\"sow-accordion-panel-content\"\n\t\t\t\trole=\"region\"\n\t\t\t\taria-labelledby=\"accordion-label-testi\"\n\t\t\t\tid=\"accordion-content-testi\"\n\t\t\t\tstyle=\"display: none;\"\t\t\t>\n\t\t\t\t<div class=\"sow-accordion-panel-border\">\n\t\t\t\t\t\t\t\t\t<\/div>\n\t\t\t<\/div>\n\t\t<\/div>\n\t\t\t<div class=\"sow-accordion-panel\n\t\t\t\t\"\n\t\t\tdata-anchor-id=\"relazioni\">\n\t\t\t\t<div class=\"sow-accordion-panel-header-container\" role=\"heading\" aria-level=\"2\">\n\t\t\t\t\t<div class=\"sow-accordion-panel-header\" tabindex=\"0\" role=\"button\" id=\"accordion-label-relazioni\" aria-controls=\"accordion-content-relazioni\" aria-expanded=\"false\">\n\t\t\t\t\t\t<div class=\"sow-accordion-title sow-accordion-title-icon-left\">\n\t\t\t\t\t\t\t\t\t\t\t\t\t\tRelazioni\t\t\t\t\t\t\t\t\t\t\t\t\t<\/div>\n\t\t\t\t\t\t<div class=\"sow-accordion-open-close-button\">\n\t\t\t\t\t\t\t<div class=\"sow-accordion-open-button\">\n\t\t\t\t\t\t\t\t<span class=\"sow-icon-ionicons\" data-sow-icon=\"&#xf218;\"\n\t\t \n\t\taria-hidden=\"true\"><\/span>\t\t\t\t\t\t\t<\/div>\n\t\t\t\t\t\t\t<div class=\"sow-accordion-close-button\">\n\t\t\t\t\t\t\t\t<span class=\"sow-icon-ionicons\" data-sow-icon=\"&#xf209;\"\n\t\t \n\t\taria-hidden=\"true\"><\/span>\t\t\t\t\t\t\t<\/div>\n\t\t\t\t\t\t<\/div>\n\t\t\t\t\t<\/div>\n\t\t\t\t<\/div>\n\n\t\t\t<div\n\t\t\t\tclass=\"sow-accordion-panel-content\"\n\t\t\t\trole=\"region\"\n\t\t\t\taria-labelledby=\"accordion-label-relazioni\"\n\t\t\t\tid=\"accordion-content-relazioni\"\n\t\t\t\tstyle=\"display: none;\"\t\t\t>\n\t\t\t\t<div class=\"sow-accordion-panel-border\">\n\t\t\t\t\t\t\t\t\t<\/div>\n\t\t\t<\/div>\n\t\t<\/div>\n\t\t\t<div class=\"sow-accordion-panel\n\t\t\t\t\"\n\t\t\tdata-anchor-id=\"altro\">\n\t\t\t\t<div class=\"sow-accordion-panel-header-container\" role=\"heading\" aria-level=\"2\">\n\t\t\t\t\t<div class=\"sow-accordion-panel-header\" tabindex=\"0\" role=\"button\" id=\"accordion-label-altro\" aria-controls=\"accordion-content-altro\" aria-expanded=\"false\">\n\t\t\t\t\t\t<div class=\"sow-accordion-title sow-accordion-title-icon-left\">\n\t\t\t\t\t\t\t\t\t\t\t\t\t\tAltro\t\t\t\t\t\t\t\t\t\t\t\t\t<\/div>\n\t\t\t\t\t\t<div class=\"sow-accordion-open-close-button\">\n\t\t\t\t\t\t\t<div class=\"sow-accordion-open-button\">\n\t\t\t\t\t\t\t\t<span class=\"sow-icon-ionicons\" data-sow-icon=\"&#xf218;\"\n\t\t \n\t\taria-hidden=\"true\"><\/span>\t\t\t\t\t\t\t<\/div>\n\t\t\t\t\t\t\t<div class=\"sow-accordion-close-button\">\n\t\t\t\t\t\t\t\t<span class=\"sow-icon-ionicons\" data-sow-icon=\"&#xf209;\"\n\t\t \n\t\taria-hidden=\"true\"><\/span>\t\t\t\t\t\t\t<\/div>\n\t\t\t\t\t\t<\/div>\n\t\t\t\t\t<\/div>\n\t\t\t\t<\/div>\n\n\t\t\t<div\n\t\t\t\tclass=\"sow-accordion-panel-content\"\n\t\t\t\trole=\"region\"\n\t\t\t\taria-labelledby=\"accordion-label-altro\"\n\t\t\t\tid=\"accordion-content-altro\"\n\t\t\t\tstyle=\"display: none;\"\t\t\t>\n\t\t\t\t<div class=\"sow-accordion-panel-border\">\n\t\t\t\t\t\t\t\t\t<\/div>\n\t\t\t<\/div>\n\t\t<\/div>\n\t\t<\/div>\n<\/div>\n<\/div><\/div><\/div><div id=\"panel-14320-1-0-4\" class=\"so-panel widget widget_sow-editor\" data-index=\"6\" ><div\n\t\t\t\n\t\t\tclass=\"so-widget-sow-editor so-widget-sow-editor-base\"\n\t\t\t\n\t\t>\n<div class=\"siteorigin-widget-tinymce textwidget\">\n\t<h5 style=\"text-align: right\"><a href=\"#inizio\"><strong>\u21d1<\/strong><\/a><\/h5>\n<\/div>\n<\/div><\/div><div id=\"panel-14320-1-0-5\" class=\"so-panel widget widget_sow-editor panel-last-child\" data-index=\"7\" ><div id=\"approfondire\" class=\"panel-widget-style panel-widget-style-for-14320-1-0-5\" ><div\n\t\t\t\n\t\t\tclass=\"so-widget-sow-editor so-widget-sow-editor-base\"\n\t\t\t\n\t\t><h3 class=\"widget-title\">PER APPROFONDIRE<\/h3>\n<div class=\"siteorigin-widget-tinymce textwidget\">\n\t<p style=\"text-align: right\"><span style=\"color: #3366ff\"><strong>Relazione tra le piccole difficolt\u00e0 del quotidiano e le grandi crisi<\/strong><\/span><\/p>\n<p>Spesso abbiamo un\u2019idea o un\u2019aspettativa della relazione di coppia come qualcosa di perfetto, fonte di gioia e piacere, a tratti fiabesco. Questa visione ci porta spesso a considerare le difficolt\u00e0, che inevitabilmente incontriamo nel cammino in due, come qualcosa che non c\u2019entra, un incidente di percorso, comunque come qualcosa che non fa parte della relazione e le piccole difficolt\u00e0 che si accumulano ogni giorno possono poi sfociare in grandi crisi.<\/p>\n<p>\u00c8 importante, invece, porsi fin dall\u2019inizio in una prospettiva di chi considera le difficolt\u00e0 come parte della vita di coppia: al pari delle gioie e dei momenti sublimi, esse costituiscono la trama del nostro percorso e possono diventare occasioni per andare a fondo, in profondit\u00e0 nella relazione facendo s\u00ec che questa evolva rendendola pi\u00f9 forte e matura di prima.<\/p>\n<p>Albert Einstein usava dire \u201cNel mezzo delle difficolt\u00e0 si nascondono le opportunit\u00e0\u201d.<\/p>\n<p>Questa considerazione non \u00e8 semplicemente un modo positivo di vedere le cose, ma \u00e8 un esame di realt\u00e0 che parte dalla considerazione che siamo diversi, ciascuno di noi \u00e8 portatore di bisogni, desideri, modi di vedere il mondo diversi e quindi le incomprensioni, i fraintendimenti, sono inevitabili, anzi, sono costitutivi del nostro essere limitati e tendenzialmente egocentrici.<\/p>\n<p>Questo \u00e8 dunque il punto di partenza: la relazione \u00e8 fatta anche di questo limite ed \u00e8 necessario porre in atto un lavoro su di s\u00e9 e sulla relazione stessa per renderla sempre pi\u00f9 simile a quel desiderio e all\u2019aspettativa di pienezza che tutti portiamo nel cuore (cfr. AL 19-22).<\/p>\n<p>&nbsp;<\/p>\n<p style=\"text-align: right\"><span style=\"color: #3366ff\"><strong>Le regole del buon litigio<\/strong><\/span><\/p>\n<p>Vediamo alcune buone prassi che possono consentirci di \u201clitigare bene\u201d ossia di sfruttare l\u2019occasione di una difficolt\u00e0 per fare evolvere il legame di coppia come descritto nel paragrafo precedente.<\/p>\n<p>Innanzitutto \u00e8 importante mettersi entrambi dalla stessa parte, con l\u2019intento di risolvere una criticit\u00e0 comune: non siamo nemici ma alleati nel risolvere un problema che si \u00e8 creato tra noi.<\/p>\n<p>Esaminiamo ora cinque passi che possono consentirci di gestire in maniera costruttiva un litigio:<\/p>\n<ol>\n<li><u>Riconoscere le differenze<\/u>: differenze di temperamento, personalit\u00e0, educazione o aspettative. Non cercate di cambiare l\u2019altro ma accogliete queste differenze. Cercate di fare emergere i punti di forza del vostro partner e di sostenerlo nelle sue debolezze. Nel fare tutto questo non dimenticate di mantenere una sana ironia.<\/li>\n<\/ol>\n<ol start=\"2\">\n<li><u>Identificare il problema:<\/u>\u00a0discuterne ricordandosi sempre che il problema non \u00e8 l\u2019altro ma un comportamento, un\u2019idea o un\u2019opinione diversa, una situazione, ecc. Nel fare questo evitate di etichettarvi a vicenda (tu non fai mai\u2026 tu sei sempre\u2026) e parlate in prima persona esplicitando quello che voi pensate, come vi sentite e che difficolt\u00e0 state vivendo (io mi sento\u2026 io penso\u2026 ecc). Abbiate cura di rispettare i turni di parola, di ascoltare l\u2019altro e non parlare sovrapponendovi nel dialogo.<\/li>\n<\/ol>\n<ol start=\"3\">\n<li><u>Cercare le soluzioni possibili al problema<\/u>: se necessario, fare un elenco di tutte quelle che vi vengono in mente.<\/li>\n<\/ol>\n<ol start=\"4\">\n<li><u>Decidere quale pu\u00f2 essere la soluzione migliore<\/u>: non per l\u2019uno o per l\u2019altra ma per la propria relazione. La domanda da farsi \u00e8: pensiamo che se mettiamo in atto questa soluzione la nostra relazione ne beneficer\u00e0?<\/li>\n<\/ol>\n<ol start=\"5\">\n<li><u>Provare a mettere in atto la soluzione individuata<\/u>: dopo un certo periodo di tempo rivalutate ci\u00f2 che c\u2019\u00e8 stato per capire se vale la pena di continuare o se apportare modifiche o se cambiare la soluzione messa in atto.<\/li>\n<\/ol>\n<p>A conclusione indichiamo due attenzioni da avere durante tutto il percorso descritto: la prima consiste nel trovare il momento migliore per discutere evitando i momenti in cui si \u00e8 stanchi o quando c\u2019\u00e8 poco tempo.<\/p>\n<p>La seconda consiste nell\u2019avere l\u2019accortezza di sospendere (per poi riprendere!) la discussione se l\u2019intensit\u00e0 emotiva sperimentata dall\u2019uno o dall\u2019altro raggiungesse soglie considerevoli.<\/p>\n<p>&nbsp;<\/p>\n<p style=\"text-align: right\"><span style=\"color: #3366ff\"><strong>Le caratteristiche e gli effetti del perdono<\/strong><\/span><\/p>\n<p>Spesso sviluppiamo un\u2019ingannevole credenza di poter\/dover essere sempre all\u2019altezza delle aspettative del nostro partner. Tale credenza si scontra, come abbiamo visto nei paragrafi precedenti, con i dati di realt\u00e0 che ci dicono che noi siamo esseri limitati, costitutivamente segnati da debolezze e fragilit\u00e0.<\/p>\n<p>Questo aspetto sta alla base della difficolt\u00e0 di ciascuno di noi a riconoscere le proprie fragilit\u00e0, di aver bisogno dell\u2019altro e di chiedere perdono.<\/p>\n<p>Spesso anche il partner sviluppa l\u2019aspettativa che l\u2019altro possa soddisfare tutte le proprie esigenze e bisogni, creando cos\u00ec un circolo vizioso che impedisce di stare nella relazione per ci\u00f2 che si \u00e8.<\/p>\n<p>Nel matrimonio \u00e8 essenziale imparare a chiedere perdono e perdonare perch\u00e9 prima o poi, feriremo l\u2019altro\/a. Il perdono ha il potere di sanare queste ferite, ristabilire e fortificare il legame, riunire i coniugi.<\/p>\n<p>Quando si parla di perdono \u00e8 bene tenere a mente alcune caratteristiche che lo contraddistinguono:<\/p>\n<ul>\n<li><u>Gradualit\u00e0<\/u>: ci sono vari gradi di difficolt\u00e0 nel perdonare (i piccoli problemi sono pi\u00f9 facili delle grandi ferite)<\/li>\n<\/ul>\n<ul>\n<li><u>Scelta<\/u>: il perdono \u00e8 innanzitutto una scelta e non un sentimento. La domanda non \u00e8 \u201cMe la sento di perdonarti?\u201d ma \u00e8 \u201cVoglio perdonarti?\u201d ossia: \u201cVoglio rinunciare all\u2019autocommiserazione, alla pretesa che sia fatta giustizia, al desiderio di rivincita?\u201d<\/li>\n<\/ul>\n<ul>\n<li><u>Gratuit\u00e0<\/u>: il perdono \u00e8 un dono gratuito che non comporta qualcosa in cambio (\u201cTi perdono solo se\u2026\u201d) (\u201cL\u2019amore non tiene conto del male ricevuto\u201d 1Cor 13,5)<\/li>\n<\/ul>\n<ul>\n<li><u>Consapevolezza del bene<\/u>: spesso la difficolt\u00e0 di perdonare l\u2019altro nasce dal fatto che siamo concentrati su ci\u00f2 che non va o non \u00e8 andato bene e perdiamo di vista il bene che c\u2019\u00e8.<\/li>\n<\/ul>\n<ul>\n<li>In modo particolare il perdono\u00a0<u>NON<\/u>\u00a0\u00e8:\n<ul>\n<li>far finta che non sia successo nulla e cercare di dimenticare<\/li>\n<li>esigere un cambiamento della persona prima di perdonarla<\/li>\n<li>pensare che solo il tempo possa guarire la ferita<\/li>\n<\/ul>\n<\/li>\n<\/ul>\n<p>&nbsp;<\/p>\n<p style=\"text-align: right\"><span style=\"color: #3366ff\"><strong>Chiedere e dare il perdono, perdonare se stessi<\/strong><\/span><\/p>\n<p>Chiedere e dare perdono non si concretizzano come atto puntuale ma come un percorso, un processo che si snoda nel tempo e che prevede alcuni passaggi o tappe che devono essere messi in atto.<\/p>\n<p>Di seguito individuiamo tre tappe significative:<\/p>\n<ol>\n<li><u>Identificare le ferite<\/u>: prendere la decisione di risolvere la rabbia e guarire le ferite, riconoscere i modi in cui si \u00e8 causato dolore al partner oppure essere pronti ad esprimere al partner in che modo ci si \u00e8 sentiti feriti.<\/li>\n<\/ol>\n<ol start=\"2\">\n<li><u>Chiedere scusa<\/u>: assumersi le proprie responsabilit\u00e0, resistere alla tentazione di giustificarsi per ci\u00f2 che si \u00e8 fatto o di dare la colpa all\u2019altro o ad altri, chiedersi reciprocamente scusa.<\/li>\n<\/ol>\n<ol start=\"3\">\n<li><u>Perdonare<\/u>: il perdono \u00e8 una delle fonti pi\u00f9 grandi di guarigione del legame di coppia. Il perdono \u00e8 un processo e spesso dobbiamo continuare a perdonare, a volte persino quotidianamente, senza aspettarsi che la guarigione sia istantanea perch\u00e9 se il perdono rimuove le distanze, le divisioni, la ferita potrebbe aver bisogno di pazienza e tempo per guarire.<\/li>\n<\/ol>\n<p>Se decidiamo di non perdonare saremo noi stessi ad essere imprigionati dall\u2019amarezza, dal risentimento e dalla rabbia che, se viene alimentata, generer\u00e0 odio, distanza, distacco, rottura, divisione.<\/p>\n<p>Uno degli ostacoli pi\u00f9 grandi al chiedere e ricevere il perdono consiste nel fatto che noi non siamo in grado di perdonare noi stessi in primo luogo. Ci dibattiamo nel senso di colpa e nel rimorso e ci sembra troppo semplice, troppo facile che, se il nostro partner ci perdonasse, la ferita potr\u00e0 essere risanata.<\/p>\n<p>C\u2019\u00e8 dunque un passaggio importante da compiere perch\u00e9 il perdono possa attuarsi in tutta la sua forza di guarigione: accettare di perdonare se stessi.<\/p>\n<p>Fare questa esperienza preparer\u00e0 poi il terreno per essere in grado in futuro di perdonare l\u2019altro (cfr. AL 105-108; 111-113).<\/p>\n<p>&nbsp;<\/p>\n<p style=\"text-align: right\"><span style=\"color: #3366ff\"><strong>Il sacramento della riconciliazione<\/strong><\/span><a href=\"https:\/\/www.diocesitn.it\/area-annuncio\/crisi-e-perdono-tempo-di-difficolta-e-cambiamento\/#_ftn1\" name=\"_ftnref1\"><sup>[1]<\/sup><\/a><\/p>\n<p>Ges\u00f9 Cristo ci ha indicato e lasciato uno \u201cspazio\u201d privilegiato dove poter fare l\u2019esperienza di chiedere e ricevere perdono, il sacramento della Riconciliazione: \u00abRicevete lo Spirito Santo. A coloro a cui perdonerete i peccati, saranno perdonati\u00bb (Gv 20,21-23).<\/p>\n<p>Due sono gli aspetti da evidenziare in questo sacramento che possono dire qualcosa anche sulla dinamica \u201cantropologica\u201d del perdono vista fino ad ora:<\/p>\n<ul>\n<li>Anzitutto, il fatto che il perdono dei nostri peccati non \u00e8 qualcosa che possiamo darci noi. Io non posso dire: mi perdono i peccati. Il perdono si chiede, si chiede a un altro e nella Confessione chiediamo il perdono a Ges\u00f9. Il perdono non \u00e8 frutto dei nostri sforzi, ma \u00e8 un regalo, \u00e8 un dono dello Spirito Santo.<\/li>\n<\/ul>\n<ul>\n<li>In secondo luogo, ci ricorda che solo se ci lasciamo riconciliare nel Signore Ges\u00f9, col Padre e con i fratelli possiamo essere veramente nella pace.<\/li>\n<\/ul>\n<p>Il sacramento della riconciliazione veniva celebrato inizialmente in forma pubblica e solo successivamente si \u00e8 cambiato per giungere alla forma personale, riservata della Confessione.<\/p>\n<p>Questo aspetto non deve per\u00f2 farci dimenticare l\u2019origine comunitaria, ecclesiale di questo sacramento.<\/p>\n<p>Ecco allora perch\u00e9 non basta chiedere perdono al Signore nella propria mente e nel proprio cuore, ma \u00e8 necessario confessare umilmente e fiduciosamente i propri peccati al sacerdote che non rappresenta soltanto Dio, ma tutta la comunit\u00e0. Ancora una volta si sottolinea come il male fatto va ad intaccare non solo il singolo ma le relazioni fra gli individui.<\/p>\n<p>Il sacramento della Riconciliazione diventa quindi luogo privilegiato per fare esperienza dell\u2019essere perdonati nel modo speciale in cui Dio ci perdona che \u00e8 anche quello che ci chiede di usare per perdonare gli altri a partire dal nostro partner.<\/p>\n<p>&nbsp;<\/p>\n<p style=\"text-align: right\"><span style=\"color: #3366ff\"><strong>Con l\u2019aiuto di Dio siamo capaci di donare il perdono<\/strong><\/span><a href=\"https:\/\/www.diocesitn.it\/area-annuncio\/crisi-e-perdono-tempo-di-difficolta-e-cambiamento\/#_ftn2\" name=\"_ftnref1\"><sup>[2]<\/sup><\/a><\/p>\n<p>Il perdono, come testimonia il sacramento della Riconciliazione, \u00e8 un accentuarsi del dono, \u00e8 un dono pi\u00f9 grande, un donarsi pi\u00f9 profondo. Il perdono \u00e8 per-dono, dove il \u201cper\u201d ha valore superlativo, quasi come dire super-dono.<\/p>\n<p>Ma proprio a causa di questa totalit\u00e0, di questa compiutezza di dono che \u00e8 il vero perdono, dobbiamo riconoscere che ci \u00e8 impossibile, che non \u00e8 in nostro potere saperlo esprimere fino in fondo. Il perdono vero \u00e8 impossibile all\u2019uomo; ma tutto \u00e8 possibile a Dio, a quel Dio che si \u00e8 fatto uomo per donarci se stesso, e si \u00e8 fatto vittima dell\u2019odio e del peccato per donarci se stesso fino al limite del perdono totale e perfetto.<\/p>\n<p>Il perdono di Dio non \u00e8 una semplice riparazione, non \u00e8 una semplice smacchiatura: \u00e8 dono della vita, \u00e8 una vera e propria ri-creazione, una vera e propria rigenerazione, una risurrezione.<\/p>\n<p>Per questo \u00e8 assolutamente indispensabile che chi vive nel matrimonio si preoccupi di attingere in Ges\u00f9 la luce sulla vera natura del proprio \u201cio\u201d, una luce che, se accolta, permette di trovare nel perdono reciproco il segreto della pienezza di s\u00e9, il segreto della felicit\u00e0, o, se si vuole, della santit\u00e0.<\/p>\n<p>\u00c8 un lavoro, un\u2019ascesi, una mortificazione, perch\u00e9 la maschera dell\u2019\u201cio\u201d, che \u00e8 la sete di dominare e di vendicarsi, ci \u00e8 appiccicata addosso e siamo sempre tentati di reagire a partire da essa. Questo lavoro parte dalla domanda, dall\u2019invocazione rivolta al Padre affinch\u00e9 ci mandi il suo Spirito, il solo che \u00e8 in grado di renderci simili a Cristo, il solo che \u00e8 in grado di farci perdonare come il Padre nostro ci perdona.<\/p>\n<p>Poi, con lo sguardo rivolto a Cristo crocifisso, possiamo imparare da lui a vivere ci\u00f2 che ci offende e ferisce, a torto o a ragione, reagendo secondo una logica e un giudizio diversi: quelli del suo umile amore fatto ed impastato di misericordia, grande, infinita.<\/p>\n<p>Quando si cresce in questa dinamica di un \u201cio\u201d riformato dalla conversione all\u2019amore di Cristo, alla misericordia di Cristo, i rapporti cominciano a crescere, ad approfondirsi, a diventare fecondi, non solo fra gli sposi, ma anche nei confronti dei figli e di tutti (cfr. AL 126, 128).<\/p>\n<p>&nbsp;<\/p>\n<p><a href=\"https:\/\/www.diocesitn.it\/area-annuncio\/crisi-e-perdono-tempo-di-difficolta-e-cambiamento\/#_ftnref1\" name=\"_ftn1\"><sup>[1]<\/sup><\/a>\u00a0Liberamente rielaborato a partire dal testo dell\u2019Udienza generale di Papa Francesco di Mercoled\u00ec, 19 febbraio 2014<\/p>\n<p><a href=\"https:\/\/www.diocesitn.it\/area-annuncio\/crisi-e-perdono-tempo-di-difficolta-e-cambiamento\/#_ftnref1\" name=\"_ftn1\">[2]<\/a>\u00a0Libera elaborazione di parte del testo \u201cIl dono fino al perdono\u201d di M. Lepori<\/p>\n<p style=\"text-align: right\"><a href=\"https:\/\/www.diocesitn.it\/area-annuncio\/wp-content\/uploads\/sites\/39\/2020\/10\/Scheda-crisi-e-perdono_definitiva.pdf\" target=\"_blank\" rel=\"noopener noreferrer\">Scarica la scheda<\/a><\/p>\n<h5 style=\"text-align: right\"><a href=\"#inizio\"><strong>\u21d1<\/strong><\/a><\/h5>\n<p style=\"text-align: right\"><a style=\"font-size: inherit;background-color: #ffffff\" href=\"#Inizio\">\u00a0<\/a><\/p>\n<\/div>\n<\/div><\/div><\/div><\/div><\/div><\/div>","protected":false},"excerpt":{"rendered":"<p>Per arrivare alla decisione di amare e di voler bene, il perdono \u00e8 uno strumento insostituibile. Perdonare non sempre \u00e8 facile. Quando perdoniamo o siamo perdonati facciamo esperienza di Dio Commento al Vangelo Obiettivi dell\u2019incontro<\/p>\n","protected":false},"author":14,"featured_media":0,"parent":0,"menu_order":0,"comment_status":"closed","ping_status":"closed","template":"","meta":{"footnotes":""},"class_list":["post-14320","page","type-page","status-publish","hentry"],"acf":{"seed-localization-paese-cod":"IT","seed-localization-address":"","seed-localization-citta":"Trento","seed-localization-regione-cod-istat":"04","seed-localization-citta-cod-istat":"022205","seed-localization-localita":"","seed-localization-cap":"","seed-localization-marker-visibility":false,"seed-localization-children-visibility":false,"seed-localization-kml":"","seed-localization-custom-marker":""},"yoast_head":"<!-- This site is optimized with the Yoast SEO Premium plugin v20.2.1 (Yoast SEO v22.2) - https:\/\/yoast.com\/wordpress\/plugins\/seo\/ -->\n<title>CRISI E PERDONO. TEMPO DI DIFFICOLTA\u2019 E CAMBIAMENTO - Annuncio e Sacramenti<\/title>\n<meta name=\"robots\" content=\"index, follow, max-snippet:-1, max-image-preview:large, max-video-preview:-1\" \/>\n<link rel=\"canonical\" href=\"https:\/\/www.diocesitn.it\/area-annuncio\/crisi-e-perdono\/\" \/>\n<meta property=\"og:locale\" content=\"it_IT\" \/>\n<meta property=\"og:type\" content=\"article\" \/>\n<meta property=\"og:title\" content=\"CRISI E PERDONO. TEMPO DI DIFFICOLTA\u2019 E CAMBIAMENTO\" \/>\n<meta property=\"og:description\" content=\"Per arrivare alla decisione di amare e di voler bene, il perdono \u00e8 uno strumento insostituibile. Perdonare non sempre \u00e8 facile. Quando perdoniamo o siamo perdonati facciamo esperienza di Dio Commento al Vangelo Obiettivi dell\u2019incontro\" \/>\n<meta property=\"og:url\" content=\"https:\/\/www.diocesitn.it\/area-annuncio\/crisi-e-perdono\/\" \/>\n<meta property=\"og:site_name\" content=\"Annuncio e Sacramenti\" \/>\n<meta property=\"article:publisher\" content=\"https:\/\/www.facebook.com\/pastoralegiovanile.trento\/\" \/>\n<meta property=\"article:modified_time\" content=\"2022-12-28T14:12:07+00:00\" \/>\n<meta property=\"og:image\" content=\"https:\/\/www.diocesitn.it\/area-annuncio\/wp-content\/uploads\/sites\/39\/2021\/09\/og-logo-annuncio-e-sacramenti.jpg\" \/>\n\t<meta property=\"og:image:width\" content=\"1200\" \/>\n\t<meta property=\"og:image:height\" content=\"630\" \/>\n\t<meta property=\"og:image:type\" content=\"image\/jpeg\" \/>\n<meta name=\"twitter:card\" content=\"summary_large_image\" \/>\n<meta name=\"twitter:label1\" content=\"Tempo di lettura stimato\" \/>\n\t<meta name=\"twitter:data1\" content=\"13 minuti\" \/>\n<script type=\"application\/ld+json\" class=\"yoast-schema-graph\">{\"@context\":\"https:\/\/schema.org\",\"@graph\":[{\"@type\":\"WebPage\",\"@id\":\"https:\/\/www.diocesitn.it\/area-annuncio\/crisi-e-perdono\/\",\"url\":\"https:\/\/www.diocesitn.it\/area-annuncio\/crisi-e-perdono\/\",\"name\":\"CRISI E PERDONO. TEMPO DI DIFFICOLTA\u2019 E CAMBIAMENTO - Annuncio e Sacramenti\",\"isPartOf\":{\"@id\":\"https:\/\/www.diocesitn.it\/area-annuncio\/#website\"},\"datePublished\":\"2022-01-14T09:54:05+00:00\",\"dateModified\":\"2022-12-28T14:12:07+00:00\",\"breadcrumb\":{\"@id\":\"https:\/\/www.diocesitn.it\/area-annuncio\/crisi-e-perdono\/#breadcrumb\"},\"inLanguage\":\"it-IT\",\"potentialAction\":[{\"@type\":\"ReadAction\",\"target\":[\"https:\/\/www.diocesitn.it\/area-annuncio\/crisi-e-perdono\/\"]}]},{\"@type\":\"BreadcrumbList\",\"@id\":\"https:\/\/www.diocesitn.it\/area-annuncio\/crisi-e-perdono\/#breadcrumb\",\"itemListElement\":[{\"@type\":\"ListItem\",\"position\":1,\"name\":\"Home\",\"item\":\"https:\/\/www.diocesitn.it\/area-annuncio\/\"},{\"@type\":\"ListItem\",\"position\":2,\"name\":\"CRISI E PERDONO. TEMPO DI DIFFICOLTA\u2019 E CAMBIAMENTO\"}]},{\"@type\":\"WebSite\",\"@id\":\"https:\/\/www.diocesitn.it\/area-annuncio\/#website\",\"url\":\"https:\/\/www.diocesitn.it\/area-annuncio\/\",\"name\":\"Annuncio e Sacramenti\",\"description\":\"Chiesa di Trento\",\"publisher\":{\"@id\":\"https:\/\/www.diocesitn.it\/area-annuncio\/#organization\"},\"potentialAction\":[{\"@type\":\"SearchAction\",\"target\":{\"@type\":\"EntryPoint\",\"urlTemplate\":\"https:\/\/www.diocesitn.it\/area-annuncio\/?s={search_term_string}\"},\"query-input\":\"required name=search_term_string\"}],\"inLanguage\":\"it-IT\"},{\"@type\":[\"Organization\",\"Place\"],\"@id\":\"https:\/\/www.diocesitn.it\/area-annuncio\/#organization\",\"name\":\"Area Annuncio e Sacramenti - Chiesa di Trento\",\"url\":\"https:\/\/www.diocesitn.it\/area-annuncio\/\",\"logo\":{\"@id\":\"https:\/\/www.diocesitn.it\/area-annuncio\/crisi-e-perdono\/#local-main-organization-logo\"},\"image\":{\"@id\":\"https:\/\/www.diocesitn.it\/area-annuncio\/crisi-e-perdono\/#local-main-organization-logo\"},\"sameAs\":[\"https:\/\/www.facebook.com\/pastoralegiovanile.trento\/\",\"https:\/\/www.instagram.com\/pastoralegiovaniletrento\/\",\"https:\/\/www.youtube.com\/channel\/UCGt7hyJaIQIkrQPos4K6L6w\"],\"openingHoursSpecification\":[{\"@type\":\"OpeningHoursSpecification\",\"dayOfWeek\":[\"Monday\",\"Tuesday\",\"Wednesday\",\"Thursday\",\"Friday\",\"Saturday\",\"Sunday\"],\"opens\":\"09:00\",\"closes\":\"17:00\"}]},{\"@type\":\"ImageObject\",\"inLanguage\":\"it-IT\",\"@id\":\"https:\/\/www.diocesitn.it\/area-annuncio\/crisi-e-perdono\/#local-main-organization-logo\",\"url\":\"https:\/\/www.diocesitn.it\/area-annuncio\/wp-content\/uploads\/sites\/39\/2021\/09\/og-logo-annuncio-e-sacramenti.jpg\",\"contentUrl\":\"https:\/\/www.diocesitn.it\/area-annuncio\/wp-content\/uploads\/sites\/39\/2021\/09\/og-logo-annuncio-e-sacramenti.jpg\",\"width\":1200,\"height\":630,\"caption\":\"Area Annuncio e Sacramenti - Chiesa di Trento\"}]}<\/script>\n<!-- \/ Yoast SEO Premium plugin. -->","yoast_head_json":{"title":"CRISI E PERDONO. TEMPO DI DIFFICOLTA\u2019 E CAMBIAMENTO - Annuncio e Sacramenti","robots":{"index":"index","follow":"follow","max-snippet":"max-snippet:-1","max-image-preview":"max-image-preview:large","max-video-preview":"max-video-preview:-1"},"canonical":"https:\/\/www.diocesitn.it\/area-annuncio\/crisi-e-perdono\/","og_locale":"it_IT","og_type":"article","og_title":"CRISI E PERDONO. TEMPO DI DIFFICOLTA\u2019 E CAMBIAMENTO","og_description":"Per arrivare alla decisione di amare e di voler bene, il perdono \u00e8 uno strumento insostituibile. Perdonare non sempre \u00e8 facile. Quando perdoniamo o siamo perdonati facciamo esperienza di Dio Commento al Vangelo Obiettivi dell\u2019incontro","og_url":"https:\/\/www.diocesitn.it\/area-annuncio\/crisi-e-perdono\/","og_site_name":"Annuncio e Sacramenti","article_publisher":"https:\/\/www.facebook.com\/pastoralegiovanile.trento\/","article_modified_time":"2022-12-28T14:12:07+00:00","og_image":[{"width":1200,"height":630,"url":"https:\/\/www.diocesitn.it\/area-annuncio\/wp-content\/uploads\/sites\/39\/2021\/09\/og-logo-annuncio-e-sacramenti.jpg","type":"image\/jpeg"}],"twitter_card":"summary_large_image","twitter_misc":{"Tempo di lettura stimato":"13 minuti"},"schema":{"@context":"https:\/\/schema.org","@graph":[{"@type":"WebPage","@id":"https:\/\/www.diocesitn.it\/area-annuncio\/crisi-e-perdono\/","url":"https:\/\/www.diocesitn.it\/area-annuncio\/crisi-e-perdono\/","name":"CRISI E PERDONO. TEMPO DI DIFFICOLTA\u2019 E CAMBIAMENTO - Annuncio e Sacramenti","isPartOf":{"@id":"https:\/\/www.diocesitn.it\/area-annuncio\/#website"},"datePublished":"2022-01-14T09:54:05+00:00","dateModified":"2022-12-28T14:12:07+00:00","breadcrumb":{"@id":"https:\/\/www.diocesitn.it\/area-annuncio\/crisi-e-perdono\/#breadcrumb"},"inLanguage":"it-IT","potentialAction":[{"@type":"ReadAction","target":["https:\/\/www.diocesitn.it\/area-annuncio\/crisi-e-perdono\/"]}]},{"@type":"BreadcrumbList","@id":"https:\/\/www.diocesitn.it\/area-annuncio\/crisi-e-perdono\/#breadcrumb","itemListElement":[{"@type":"ListItem","position":1,"name":"Home","item":"https:\/\/www.diocesitn.it\/area-annuncio\/"},{"@type":"ListItem","position":2,"name":"CRISI E PERDONO. TEMPO DI DIFFICOLTA\u2019 E CAMBIAMENTO"}]},{"@type":"WebSite","@id":"https:\/\/www.diocesitn.it\/area-annuncio\/#website","url":"https:\/\/www.diocesitn.it\/area-annuncio\/","name":"Annuncio e Sacramenti","description":"Chiesa di Trento","publisher":{"@id":"https:\/\/www.diocesitn.it\/area-annuncio\/#organization"},"potentialAction":[{"@type":"SearchAction","target":{"@type":"EntryPoint","urlTemplate":"https:\/\/www.diocesitn.it\/area-annuncio\/?s={search_term_string}"},"query-input":"required name=search_term_string"}],"inLanguage":"it-IT"},{"@type":["Organization","Place"],"@id":"https:\/\/www.diocesitn.it\/area-annuncio\/#organization","name":"Area Annuncio e Sacramenti - Chiesa di Trento","url":"https:\/\/www.diocesitn.it\/area-annuncio\/","logo":{"@id":"https:\/\/www.diocesitn.it\/area-annuncio\/crisi-e-perdono\/#local-main-organization-logo"},"image":{"@id":"https:\/\/www.diocesitn.it\/area-annuncio\/crisi-e-perdono\/#local-main-organization-logo"},"sameAs":["https:\/\/www.facebook.com\/pastoralegiovanile.trento\/","https:\/\/www.instagram.com\/pastoralegiovaniletrento\/","https:\/\/www.youtube.com\/channel\/UCGt7hyJaIQIkrQPos4K6L6w"],"openingHoursSpecification":[{"@type":"OpeningHoursSpecification","dayOfWeek":["Monday","Tuesday","Wednesday","Thursday","Friday","Saturday","Sunday"],"opens":"09:00","closes":"17:00"}]},{"@type":"ImageObject","inLanguage":"it-IT","@id":"https:\/\/www.diocesitn.it\/area-annuncio\/crisi-e-perdono\/#local-main-organization-logo","url":"https:\/\/www.diocesitn.it\/area-annuncio\/wp-content\/uploads\/sites\/39\/2021\/09\/og-logo-annuncio-e-sacramenti.jpg","contentUrl":"https:\/\/www.diocesitn.it\/area-annuncio\/wp-content\/uploads\/sites\/39\/2021\/09\/og-logo-annuncio-e-sacramenti.jpg","width":1200,"height":630,"caption":"Area Annuncio e Sacramenti - Chiesa di Trento"}]}},"_links":{"self":[{"href":"https:\/\/www.diocesitn.it\/area-annuncio\/wp-json\/wp\/v2\/pages\/14320","targetHints":{"allow":["GET"]}}],"collection":[{"href":"https:\/\/www.diocesitn.it\/area-annuncio\/wp-json\/wp\/v2\/pages"}],"about":[{"href":"https:\/\/www.diocesitn.it\/area-annuncio\/wp-json\/wp\/v2\/types\/page"}],"author":[{"embeddable":true,"href":"https:\/\/www.diocesitn.it\/area-annuncio\/wp-json\/wp\/v2\/users\/14"}],"replies":[{"embeddable":true,"href":"https:\/\/www.diocesitn.it\/area-annuncio\/wp-json\/wp\/v2\/comments?post=14320"}],"version-history":[{"count":3,"href":"https:\/\/www.diocesitn.it\/area-annuncio\/wp-json\/wp\/v2\/pages\/14320\/revisions"}],"predecessor-version":[{"id":17391,"href":"https:\/\/www.diocesitn.it\/area-annuncio\/wp-json\/wp\/v2\/pages\/14320\/revisions\/17391"}],"wp:attachment":[{"href":"https:\/\/www.diocesitn.it\/area-annuncio\/wp-json\/wp\/v2\/media?parent=14320"}],"curies":[{"name":"wp","href":"https:\/\/api.w.org\/{rel}","templated":true}]}}