{"id":14291,"date":"2022-01-14T11:01:16","date_gmt":"2022-01-14T10:01:16","guid":{"rendered":"https:\/\/www.diocesitn.it\/area-annuncio\/?page_id=14291"},"modified":"2022-12-28T15:16:07","modified_gmt":"2022-12-28T14:16:07","slug":"fecondita-2","status":"publish","type":"page","link":"https:\/\/www.diocesitn.it\/area-annuncio\/fecondita-2\/","title":{"rendered":"LA FECONDITA\u2019"},"content":{"rendered":"<div id=\"pl-14291\"  class=\"panel-layout\" ><div id=\"pg-14291-0\"  class=\"panel-grid panel-no-style\" ><div id=\"pgc-14291-0-0\"  class=\"panel-grid-cell\" ><div id=\"panel-14291-0-0-0\" class=\"so-panel widget widget_sow-editor panel-first-child panel-last-child\" data-index=\"0\" ><div\n\t\t\t\n\t\t\tclass=\"so-widget-sow-editor so-widget-sow-editor-base\"\n\t\t\t\n\t\t>\n<div class=\"siteorigin-widget-tinymce textwidget\">\n\t<p>Come un poco di lievito permette a tutto l\u2019impasto di lievitare, cos\u00ec alla famiglia cristiana viene chiesto di essere fermento nella coppia, con i figli, nella societ\u00e0, nella Chiesa.<a id=\"inizio\"><\/a><\/p>\n<ul>\n<li style=\"list-style-type: none\">\n<ul>\n<li><a href=\"#commento\">Commento al Vangelo<\/a><\/li>\n<li><a href=\"#obiettivi\">Obiettivi dell\u2019incontro<\/a><\/li>\n<li><a href=\"#contenuti\">Contenuti principali<\/a><\/li>\n<li><a href=\"#proposte\">Proposte e suggerimenti pratici<\/a><\/li>\n<li><a href=\"#strumenti\">Strumenti operativi<\/a><\/li>\n<li><a href=\"#saperne\">Per saperne di pi\u00f9<\/a><\/li>\n<li><a href=\"#approfondire\">Per approfondire<\/a><\/li>\n<\/ul>\n<\/li>\n<\/ul>\n<\/div>\n<\/div><\/div><\/div><div id=\"pgc-14291-0-1\"  class=\"panel-grid-cell\" ><div id=\"panel-14291-0-1-0\" class=\"so-panel widget widget_media_image panel-first-child panel-last-child\" data-index=\"1\" ><img loading=\"lazy\" decoding=\"async\" width=\"300\" height=\"200\" src=\"https:\/\/www.diocesitn.it\/area-annuncio\/wp-content\/uploads\/sites\/39\/2020\/07\/Fecondit\u00e0-300x200.jpg\" class=\"image wp-image-9620  attachment-medium size-medium\" alt=\"\" style=\"max-width: 100%; height: auto;\" srcset=\"https:\/\/www.diocesitn.it\/area-annuncio\/wp-content\/uploads\/sites\/39\/2020\/07\/Fecondit\u00e0-300x200.jpg 300w, https:\/\/www.diocesitn.it\/area-annuncio\/wp-content\/uploads\/sites\/39\/2020\/07\/Fecondit\u00e0-768x511.jpg 768w, https:\/\/www.diocesitn.it\/area-annuncio\/wp-content\/uploads\/sites\/39\/2020\/07\/Fecondit\u00e0-360x240.jpg 360w, https:\/\/www.diocesitn.it\/area-annuncio\/wp-content\/uploads\/sites\/39\/2020\/07\/Fecondit\u00e0-800x533.jpg 800w, https:\/\/www.diocesitn.it\/area-annuncio\/wp-content\/uploads\/sites\/39\/2020\/07\/Fecondit\u00e0.jpg 960w\" sizes=\"auto, (max-width: 300px) 100vw, 300px\" \/><\/div><\/div><\/div><div id=\"pg-14291-1\"  class=\"panel-grid panel-no-style\" ><div id=\"pgc-14291-1-0\"  class=\"panel-grid-cell\" ><div id=\"panel-14291-1-0-0\" class=\"so-panel widget widget_sow-editor panel-first-child\" data-index=\"2\" ><div\n\t\t\t\n\t\t\tclass=\"so-widget-sow-editor so-widget-sow-editor-base\"\n\t\t\t\n\t\t>\n<div class=\"siteorigin-widget-tinymce textwidget\">\n\t<h4><b>COMMENTO AL VANGELO<a id=\"commento\"><\/a><\/b><\/h4>\n<p>Dal Vangelo secondo Luca (1, 5-14 23-25)<\/p>\n<p>Al tempo di Erode, re della Giudea, vi era un sacerdote di nome Zaccaria, della classe di Abia, che aveva in moglie una discendente di Aronne, di nome Elisabetta. Ambedue erano giusti davanti a Dio e osservavano irreprensibili tutte le leggi e le prescrizioni del Signore.<\/p>\n<p style=\"text-align: right\"><a href=\"https:\/\/www.diocesitn.it\/area-annuncio\/wp-content\/uploads\/sites\/39\/2020\/10\/Commento-al-Vangelo_fecondita.pdf\" target=\"_blank\" rel=\"noopener noreferrer\">Leggi tutto<\/a><\/p>\n<h5 style=\"text-align: right\"><a href=\"#inizio\"><strong>\u21d1<\/strong><\/a><\/h5>\n<h4><strong>\u00a0OBIETTIVI DELL\u2019INCONTRO<a id=\"obiettivi\"><\/a><\/strong><\/h4>\n<ul>\n<li>Comprendere in che cosa consista la fecondit\u00e0 nel matrimonio cristiano<\/li>\n<li>Distinguere fecondit\u00e0 e fertilit\u00e0<\/li>\n<li>Riconoscere la fecondit\u00e0 nella coppia, come l\u2019essere aperti alla vita<\/li>\n<li>Riconoscere la fecondit\u00e0 della famiglia cristiana anche come lievito all\u2019interno della societ\u00e0 e della Chiesa<\/li>\n<\/ul>\n<h4><strong>\u00a0<\/strong><\/h4>\n<h5 style=\"text-align: right\"><a href=\"#inizio\"><strong>\u21d1<\/strong><\/a><\/h5>\n<h4><strong>CONTENUTI PRINCIPALI<a id=\"contenuti\"><\/a><\/strong><\/h4>\n<p><em>I contenuti che permettono di raggiungere gli obiettivi e caratterizzano l\u2019incontro possono essere vari. Qui si presentano un elenco di possibili nuclei e alcuni esempi di sviluppo di questi contenuti:<\/em><\/p>\n<ul>\n<li>La fecondit\u00e0 nella coppia come capacit\u00e0 di mettersi al servizio l\u2019uno dell\u2019altro, con lo scopo di generare la propria e l\u2019altrui crescita<\/li>\n<li>L\u2019espressione pi\u00f9 immediata della fecondit\u00e0 e\u0300 la procreazione responsabile dei figli e la loro educazione<\/li>\n<li>Dio \u00e8 fecondo attraverso la fecondit\u00e0 degli sposi che si esprime in varie forme<\/li>\n<\/ul>\n<ul>\n<li style=\"list-style-type: none\">\n<ul>\n<li style=\"list-style-type: none\">\n<ul style=\"list-style-type: circle\">\n<li>adozione o affido<\/li>\n<li>accoglienza e ospitalit\u00e0\u0300<\/li>\n<li>aiuto ai bisognosi<\/li>\n<li>impegno sociale e\/o politico<\/li>\n<li>impegno per la salvaguardia del creato<\/li>\n<li>impegno nella comunit\u00e0 cristiana<\/li>\n<\/ul>\n<\/li>\n<\/ul>\n<\/li>\n<\/ul>\n<ul>\n<li style=\"list-style-type: none\">\n<ul>\n<li style=\"list-style-type: none\"><\/li>\n<\/ul>\n<\/li>\n<\/ul>\n<ul>\n<li style=\"list-style-type: none\">\n<ul>\n<li style=\"list-style-type: none\"><\/li>\n<\/ul>\n<\/li>\n<\/ul>\n<h4><strong>\u00a0<\/strong><\/h4>\n<h5 style=\"text-align: right\"><a href=\"#inizio\"><strong>\u21d1<\/strong><\/a><\/h5>\n<h4><strong>PROPOSTE E SUGGERIMENTI PRATICI<a id=\"proposte\"><\/a><\/strong><\/h4>\n<ul>\n<li>Attivare nelle coppie il confronto su questi temi, stimolarlo.<\/li>\n<li>Promuovere legami tra famiglie nella comunit\u00e0 cristiana<\/li>\n<li>Portare testimonianza di famiglie della comunit\u00e0 che vivono una fecondit\u00e0 allargata<\/li>\n<\/ul>\n<h4><strong>\u00a0<\/strong><\/h4>\n<h5 style=\"text-align: right\"><a href=\"#inizio\"><strong>\u21d1<\/strong><\/a><\/h5>\n<\/div>\n<\/div><\/div><div id=\"panel-14291-1-0-1\" class=\"so-panel widget widget_sow-accordion\" data-index=\"3\" ><div id=\"strumenti\" class=\"panel-widget-style panel-widget-style-for-14291-1-0-1\" ><div\n\t\t\t\n\t\t\tclass=\"so-widget-sow-accordion so-widget-sow-accordion-default-bf3247f8d09c-14291\"\n\t\t\t\n\t\t><h3 class=\"widget-title\">Strumenti operativi<\/h3><div>\n\t<div class=\"sow-accordion\">\n\t\t\t<div class=\"sow-accordion-panel\n\t\t\t\t\"\n\t\t\tdata-anchor-id=\"preghiere\">\n\t\t\t\t<div class=\"sow-accordion-panel-header-container\" role=\"heading\" aria-level=\"2\">\n\t\t\t\t\t<div class=\"sow-accordion-panel-header\" tabindex=\"0\" role=\"button\" id=\"accordion-label-preghiere\" aria-controls=\"accordion-content-preghiere\" aria-expanded=\"false\">\n\t\t\t\t\t\t<div class=\"sow-accordion-title sow-accordion-title-icon-left\">\n\t\t\t\t\t\t\t\t\t\t\t\t\t\tPreghiere\t\t\t\t\t\t\t\t\t\t\t\t\t<\/div>\n\t\t\t\t\t\t<div class=\"sow-accordion-open-close-button\">\n\t\t\t\t\t\t\t<div class=\"sow-accordion-open-button\">\n\t\t\t\t\t\t\t\t<span class=\"sow-icon-ionicons\" data-sow-icon=\"&#xf218;\"\n\t\t \n\t\taria-hidden=\"true\"><\/span>\t\t\t\t\t\t\t<\/div>\n\t\t\t\t\t\t\t<div class=\"sow-accordion-close-button\">\n\t\t\t\t\t\t\t\t<span class=\"sow-icon-ionicons\" data-sow-icon=\"&#xf209;\"\n\t\t \n\t\taria-hidden=\"true\"><\/span>\t\t\t\t\t\t\t<\/div>\n\t\t\t\t\t\t<\/div>\n\t\t\t\t\t<\/div>\n\t\t\t\t<\/div>\n\n\t\t\t<div\n\t\t\t\tclass=\"sow-accordion-panel-content\"\n\t\t\t\trole=\"region\"\n\t\t\t\taria-labelledby=\"accordion-label-preghiere\"\n\t\t\t\tid=\"accordion-content-preghiere\"\n\t\t\t\tstyle=\"display: none;\"\t\t\t>\n\t\t\t\t<div class=\"sow-accordion-panel-border\">\n\t\t\t\t\t<ul>\n<li><a href=\"https:\/\/www.diocesitn.it\/area-annuncio\/wp-content\/uploads\/sites\/39\/2020\/10\/Preghiera_A-Dio-da-cui-proviene-ogni-paternita.pdf\" target=\"_blank\" rel=\"noopener noreferrer\">A Dio da cui proviene ogni paternit\u00e0<\/a><\/li>\n<li><a href=\"https:\/\/www.diocesitn.it\/area-annuncio\/wp-content\/uploads\/sites\/39\/2020\/10\/Preghiera_Al-Padre-della-vita.pdf\" target=\"_blank\" rel=\"noopener noreferrer\">Al padre della vita<\/a><\/li>\n<li><a href=\"https:\/\/www.diocesitn.it\/area-annuncio\/wp-content\/uploads\/sites\/39\/2020\/10\/Preghiera_Alla-luce-della-paternita-di-Dio.pdf\" target=\"_blank\" rel=\"noopener noreferrer\">Alla luce della paternit\u00e0 di Dio<\/a><\/li>\n<li><a href=\"https:\/\/www.diocesitn.it\/area-annuncio\/wp-content\/uploads\/sites\/39\/2021\/04\/Preghiera_Amore-fecondo_Fecondita.pdf\" target=\"_blank\" rel=\"noopener noreferrer\">Amore fecondo<\/a><\/li>\n<li><a href=\"https:\/\/www.diocesitn.it\/area-annuncio\/wp-content\/uploads\/sites\/39\/2020\/10\/Preghiera_Consacrazione-della-famiglia-a-Maria.pdf\" target=\"_blank\" rel=\"noopener noreferrer\">Consacrazione della famiglia a Maria<\/a><\/li>\n<li><a href=\"https:\/\/www.diocesitn.it\/area-annuncio\/wp-content\/uploads\/sites\/39\/2020\/10\/Preghiera_Crescere-insieme-nella-fede.pdf\" target=\"_blank\" rel=\"noopener noreferrer\">Crescere insieme nella fede<\/a><\/li>\n<li><a href=\"https:\/\/www.diocesitn.it\/area-annuncio\/wp-content\/uploads\/sites\/39\/2020\/10\/Preghiera_Del-genitore.pdf\" target=\"_blank\" rel=\"noopener noreferrer\">Del genitore<\/a><\/li>\n<li><a href=\"https:\/\/www.diocesitn.it\/area-annuncio\/wp-content\/uploads\/sites\/39\/2020\/12\/Preghiera_Di-un-fidanzato_Dialogo_Fede_Fecondita.pdf\" target=\"_blank\" rel=\"noopener noreferrer\">Di un fidanzato<\/a><\/li>\n<li><a href=\"https:\/\/www.diocesitn.it\/area-annuncio\/wp-content\/uploads\/sites\/39\/2020\/10\/Preghiera_Famiglia-aperta-alla-vita.pdf\" target=\"_blank\" rel=\"noopener noreferrer\">Famiglia aperta\u00a0alla vita<\/a><\/li>\n<li><a href=\"https:\/\/www.diocesitn.it\/area-annuncio\/wp-content\/uploads\/sites\/39\/2020\/12\/Preghiera_Giovani-sposi_Dialogo_Fecondita_Vocazione_Sacramento.pdf\" target=\"_blank\" rel=\"noopener noreferrer\">Giovani sposi<\/a><\/li>\n<li><a href=\"https:\/\/www.diocesitn.it\/area-annuncio\/wp-content\/uploads\/sites\/39\/2020\/10\/Preghiera_I-figli-non-sono-nostri.pdf\" target=\"_blank\" rel=\"noopener noreferrer\">I figli non sono nostri<\/a><\/li>\n<li><a href=\"https:\/\/www.diocesitn.it\/area-annuncio\/wp-content\/uploads\/sites\/39\/2021\/05\/Preghiera_Casa-sulla-roccia_Spiritualita_Vocazione_Dialogo_Sacramento_Fecondita.pdf\" target=\"_blank\" rel=\"noopener noreferrer\">La casa sulla roccia<\/a><\/li>\n<li><a href=\"https:\/\/www.diocesitn.it\/area-annuncio\/wp-content\/uploads\/sites\/39\/2020\/12\/Preghiera_La-nostra-casa_Dialogo_Fecondita_Sessualita.pdf\" target=\"_blank\" rel=\"noopener noreferrer\">La nostra casa<\/a><\/li>\n<li><a href=\"https:\/\/www.diocesitn.it\/area-annuncio\/wp-content\/uploads\/sites\/39\/2020\/10\/Preghiera_Lasciarsi-educare-dai-figli.pdf\" target=\"_blank\" rel=\"noopener noreferrer\">Lasciarsi educare dai figli<\/a><\/li>\n<li><a href=\"https:\/\/www.diocesitn.it\/area-annuncio\/wp-content\/uploads\/sites\/39\/2021\/05\/Preghiera_Le-nozze-di-Cana_Sessualita_Fecondita_Spiritualita.pdf\" target=\"_blank\" rel=\"noopener noreferrer\">Le nozze di Cana<\/a><\/li>\n<li><a href=\"https:\/\/www.diocesitn.it\/area-annuncio\/wp-content\/uploads\/sites\/39\/2020\/12\/Preghiera_Per-la-Famiglia-madre-teresa_Dialogo_Perdono_Fecondita_Vocazione_Sacramento_Spiritualita.pdf\" target=\"_blank\" rel=\"noopener noreferrer\">Per la famiglia \u2013 Madre Teresa<\/a><\/li>\n<li><a href=\"https:\/\/www.diocesitn.it\/area-annuncio\/wp-content\/uploads\/sites\/39\/2020\/10\/Preghiera_Preghiera-per-la-famiglia.pdf\" target=\"_blank\" rel=\"noopener noreferrer\">Per la famiglia<\/a><\/li>\n<\/ul>\n\t\t\t\t<\/div>\n\t\t\t<\/div>\n\t\t<\/div>\n\t\t\t<div class=\"sow-accordion-panel\n\t\t\t\t\"\n\t\t\tdata-anchor-id=\"brani-biblici\">\n\t\t\t\t<div class=\"sow-accordion-panel-header-container\" role=\"heading\" aria-level=\"2\">\n\t\t\t\t\t<div class=\"sow-accordion-panel-header\" tabindex=\"0\" role=\"button\" id=\"accordion-label-brani-biblici\" aria-controls=\"accordion-content-brani-biblici\" aria-expanded=\"false\">\n\t\t\t\t\t\t<div class=\"sow-accordion-title sow-accordion-title-icon-left\">\n\t\t\t\t\t\t\t\t\t\t\t\t\t\tBrani biblici\t\t\t\t\t\t\t\t\t\t\t\t\t<\/div>\n\t\t\t\t\t\t<div class=\"sow-accordion-open-close-button\">\n\t\t\t\t\t\t\t<div class=\"sow-accordion-open-button\">\n\t\t\t\t\t\t\t\t<span class=\"sow-icon-ionicons\" data-sow-icon=\"&#xf218;\"\n\t\t \n\t\taria-hidden=\"true\"><\/span>\t\t\t\t\t\t\t<\/div>\n\t\t\t\t\t\t\t<div class=\"sow-accordion-close-button\">\n\t\t\t\t\t\t\t\t<span class=\"sow-icon-ionicons\" data-sow-icon=\"&#xf209;\"\n\t\t \n\t\taria-hidden=\"true\"><\/span>\t\t\t\t\t\t\t<\/div>\n\t\t\t\t\t\t<\/div>\n\t\t\t\t\t<\/div>\n\t\t\t\t<\/div>\n\n\t\t\t<div\n\t\t\t\tclass=\"sow-accordion-panel-content\"\n\t\t\t\trole=\"region\"\n\t\t\t\taria-labelledby=\"accordion-label-brani-biblici\"\n\t\t\t\tid=\"accordion-content-brani-biblici\"\n\t\t\t\tstyle=\"display: none;\"\t\t\t>\n\t\t\t\t<div class=\"sow-accordion-panel-border\">\n\t\t\t\t\t<ul>\n<li>Libro della Genesi 1,26-29<\/li>\n<li>Primo libro di Samuele 1, 1-2; 5-8<\/li>\n<li>Primo libro di Samuele 1, 11-16; 21-28<\/li>\n<li>Salmo 126<\/li>\n<li>Salmo 127<\/li>\n<li>Vangelo di Luca 2, 42-52<\/li>\n<li>Seconda lettera di paolo ai Corinti 9, 6-12<\/li>\n<li><a href=\"https:\/\/www.diocesitn.it\/area-annuncio\/wp-content\/uploads\/sites\/39\/2021\/02\/Commento-al-Vangelo_Mt-10-37-42_Come-essere-fecondi_Fecondita.pdf\" target=\"_blank\" rel=\"noopener noreferrer\">Dal Vangelo di Matteo 10, 37-42 \u2013 Come essere fecondi \u2013 con commento<\/a><\/li>\n<\/ul>\n\t\t\t\t<\/div>\n\t\t\t<\/div>\n\t\t<\/div>\n\t\t\t<div class=\"sow-accordion-panel\n\t\t\t\t\"\n\t\t\tdata-anchor-id=\"immagini-per-lettura-biblica\">\n\t\t\t\t<div class=\"sow-accordion-panel-header-container\" role=\"heading\" aria-level=\"2\">\n\t\t\t\t\t<div class=\"sow-accordion-panel-header\" tabindex=\"0\" role=\"button\" id=\"accordion-label-immagini-per-lettura-biblica\" aria-controls=\"accordion-content-immagini-per-lettura-biblica\" aria-expanded=\"false\">\n\t\t\t\t\t\t<div class=\"sow-accordion-title sow-accordion-title-icon-left\">\n\t\t\t\t\t\t\t\t\t\t\t\t\t\tImmagini per lettura biblica\t\t\t\t\t\t\t\t\t\t\t\t\t<\/div>\n\t\t\t\t\t\t<div class=\"sow-accordion-open-close-button\">\n\t\t\t\t\t\t\t<div class=\"sow-accordion-open-button\">\n\t\t\t\t\t\t\t\t<span class=\"sow-icon-ionicons\" data-sow-icon=\"&#xf218;\"\n\t\t \n\t\taria-hidden=\"true\"><\/span>\t\t\t\t\t\t\t<\/div>\n\t\t\t\t\t\t\t<div class=\"sow-accordion-close-button\">\n\t\t\t\t\t\t\t\t<span class=\"sow-icon-ionicons\" data-sow-icon=\"&#xf209;\"\n\t\t \n\t\taria-hidden=\"true\"><\/span>\t\t\t\t\t\t\t<\/div>\n\t\t\t\t\t\t<\/div>\n\t\t\t\t\t<\/div>\n\t\t\t\t<\/div>\n\n\t\t\t<div\n\t\t\t\tclass=\"sow-accordion-panel-content\"\n\t\t\t\trole=\"region\"\n\t\t\t\taria-labelledby=\"accordion-label-immagini-per-lettura-biblica\"\n\t\t\t\tid=\"accordion-content-immagini-per-lettura-biblica\"\n\t\t\t\tstyle=\"display: none;\"\t\t\t>\n\t\t\t\t<div class=\"sow-accordion-panel-border\">\n\t\t\t\t\t\t\t\t\t<\/div>\n\t\t\t<\/div>\n\t\t<\/div>\n\t\t\t<div class=\"sow-accordion-panel\n\t\t\t\t\"\n\t\t\tdata-anchor-id=\"lavoro-di-coppia\">\n\t\t\t\t<div class=\"sow-accordion-panel-header-container\" role=\"heading\" aria-level=\"2\">\n\t\t\t\t\t<div class=\"sow-accordion-panel-header\" tabindex=\"0\" role=\"button\" id=\"accordion-label-lavoro-di-coppia\" aria-controls=\"accordion-content-lavoro-di-coppia\" aria-expanded=\"false\">\n\t\t\t\t\t\t<div class=\"sow-accordion-title sow-accordion-title-icon-left\">\n\t\t\t\t\t\t\t\t\t\t\t\t\t\tLavoro di coppia\t\t\t\t\t\t\t\t\t\t\t\t\t<\/div>\n\t\t\t\t\t\t<div class=\"sow-accordion-open-close-button\">\n\t\t\t\t\t\t\t<div class=\"sow-accordion-open-button\">\n\t\t\t\t\t\t\t\t<span class=\"sow-icon-ionicons\" data-sow-icon=\"&#xf218;\"\n\t\t \n\t\taria-hidden=\"true\"><\/span>\t\t\t\t\t\t\t<\/div>\n\t\t\t\t\t\t\t<div class=\"sow-accordion-close-button\">\n\t\t\t\t\t\t\t\t<span class=\"sow-icon-ionicons\" data-sow-icon=\"&#xf209;\"\n\t\t \n\t\taria-hidden=\"true\"><\/span>\t\t\t\t\t\t\t<\/div>\n\t\t\t\t\t\t<\/div>\n\t\t\t\t\t<\/div>\n\t\t\t\t<\/div>\n\n\t\t\t<div\n\t\t\t\tclass=\"sow-accordion-panel-content\"\n\t\t\t\trole=\"region\"\n\t\t\t\taria-labelledby=\"accordion-label-lavoro-di-coppia\"\n\t\t\t\tid=\"accordion-content-lavoro-di-coppia\"\n\t\t\t\tstyle=\"display: none;\"\t\t\t>\n\t\t\t\t<div class=\"sow-accordion-panel-border\">\n\t\t\t\t\t<ul>\n<li>Scheda:\u00a0<a href=\"https:\/\/www.diocesitn.it\/area-annuncio\/wp-content\/uploads\/sites\/39\/2021\/01\/Lav.-coppia_Mattoni-della-casa-valori-e-atteggiamenti_Vocazione_Sacramento_Fecondita.pdf\" target=\"_blank\" rel=\"noopener noreferrer\">Mattoni della casa, valori e atteggiamenti<\/a><\/li>\n<li>Scheda:\u00a0<a href=\"https:\/\/www.diocesitn.it\/area-annuncio\/wp-content\/uploads\/sites\/39\/2021\/03\/Lav.-coppia_Fecondita-allargata_Fecondita.pdf\" target=\"_blank\" rel=\"noopener noreferrer\">Fecondit\u00e0 allargata<\/a><\/li>\n<li>Scheda:\u00a0<a href=\"https:\/\/www.diocesitn.it\/area-annuncio\/wp-content\/uploads\/sites\/39\/2021\/03\/Lav.-coppia_La-nostra-fecondita_Fecondita.pdf\" target=\"_blank\" rel=\"noopener noreferrer\">La nostra fecondit\u00e0<\/a><\/li>\n<li>Scheda:\u00a0<a href=\"https:\/\/www.diocesitn.it\/area-annuncio\/wp-content\/uploads\/sites\/39\/2021\/03\/Lav.-coppia_Vita-e-figli_Fecondita.pdf\" target=\"_blank\" rel=\"noopener noreferrer\">Vita e figli<\/a><\/li>\n<\/ul>\n\t\t\t\t<\/div>\n\t\t\t<\/div>\n\t\t<\/div>\n\t\t\t<div class=\"sow-accordion-panel\n\t\t\t\t\"\n\t\t\tdata-anchor-id=\"lavoro-di-gruppo\">\n\t\t\t\t<div class=\"sow-accordion-panel-header-container\" role=\"heading\" aria-level=\"2\">\n\t\t\t\t\t<div class=\"sow-accordion-panel-header\" tabindex=\"0\" role=\"button\" id=\"accordion-label-lavoro-di-gruppo\" aria-controls=\"accordion-content-lavoro-di-gruppo\" aria-expanded=\"false\">\n\t\t\t\t\t\t<div class=\"sow-accordion-title sow-accordion-title-icon-left\">\n\t\t\t\t\t\t\t\t\t\t\t\t\t\tLavoro di gruppo\t\t\t\t\t\t\t\t\t\t\t\t\t<\/div>\n\t\t\t\t\t\t<div class=\"sow-accordion-open-close-button\">\n\t\t\t\t\t\t\t<div class=\"sow-accordion-open-button\">\n\t\t\t\t\t\t\t\t<span class=\"sow-icon-ionicons\" data-sow-icon=\"&#xf218;\"\n\t\t \n\t\taria-hidden=\"true\"><\/span>\t\t\t\t\t\t\t<\/div>\n\t\t\t\t\t\t\t<div class=\"sow-accordion-close-button\">\n\t\t\t\t\t\t\t\t<span class=\"sow-icon-ionicons\" data-sow-icon=\"&#xf209;\"\n\t\t \n\t\taria-hidden=\"true\"><\/span>\t\t\t\t\t\t\t<\/div>\n\t\t\t\t\t\t<\/div>\n\t\t\t\t\t<\/div>\n\t\t\t\t<\/div>\n\n\t\t\t<div\n\t\t\t\tclass=\"sow-accordion-panel-content\"\n\t\t\t\trole=\"region\"\n\t\t\t\taria-labelledby=\"accordion-label-lavoro-di-gruppo\"\n\t\t\t\tid=\"accordion-content-lavoro-di-gruppo\"\n\t\t\t\tstyle=\"display: none;\"\t\t\t>\n\t\t\t\t<div class=\"sow-accordion-panel-border\">\n\t\t\t\t\t<ul>\n<li>Scheda:\u00a0<a href=\"https:\/\/www.diocesitn.it\/area-annuncio\/wp-content\/uploads\/sites\/39\/2021\/01\/Lav.-gruppo_La-casa_fecondita.pdf\" target=\"_blank\" rel=\"noopener noreferrer\">La casa<\/a><\/li>\n<li>Scheda:\u00a0<a href=\"https:\/\/www.diocesitn.it\/area-annuncio\/wp-content\/uploads\/sites\/39\/2021\/01\/Lav.-gruppo_La-fecondita_Fecondita.pdf\" target=\"_blank\" rel=\"noopener noreferrer\">La fecondit\u00e0 \u2013 significato<\/a><\/li>\n<\/ul>\n\t\t\t\t<\/div>\n\t\t\t<\/div>\n\t\t<\/div>\n\t\t\t<div class=\"sow-accordion-panel\n\t\t sow-accordion-panel-open\t\t\"\n\t\t\tdata-anchor-id=\"film-video\">\n\t\t\t\t<div class=\"sow-accordion-panel-header-container\" role=\"heading\" aria-level=\"2\">\n\t\t\t\t\t<div class=\"sow-accordion-panel-header\" tabindex=\"0\" role=\"button\" id=\"accordion-label-filmvideo\" aria-controls=\"accordion-content-filmvideo\" aria-expanded=\"true\">\n\t\t\t\t\t\t<div class=\"sow-accordion-title sow-accordion-title-icon-left\">\n\t\t\t\t\t\t\t\t\t\t\t\t\t\tFilm\/video\t\t\t\t\t\t\t\t\t\t\t\t\t<\/div>\n\t\t\t\t\t\t<div class=\"sow-accordion-open-close-button\">\n\t\t\t\t\t\t\t<div class=\"sow-accordion-open-button\">\n\t\t\t\t\t\t\t\t<span class=\"sow-icon-ionicons\" data-sow-icon=\"&#xf218;\"\n\t\t \n\t\taria-hidden=\"true\"><\/span>\t\t\t\t\t\t\t<\/div>\n\t\t\t\t\t\t\t<div class=\"sow-accordion-close-button\">\n\t\t\t\t\t\t\t\t<span class=\"sow-icon-ionicons\" data-sow-icon=\"&#xf209;\"\n\t\t \n\t\taria-hidden=\"true\"><\/span>\t\t\t\t\t\t\t<\/div>\n\t\t\t\t\t\t<\/div>\n\t\t\t\t\t<\/div>\n\t\t\t\t<\/div>\n\n\t\t\t<div\n\t\t\t\tclass=\"sow-accordion-panel-content\"\n\t\t\t\trole=\"region\"\n\t\t\t\taria-labelledby=\"accordion-label-filmvideo\"\n\t\t\t\tid=\"accordion-content-filmvideo\"\n\t\t\t\t\t\t\t>\n\t\t\t\t<div class=\"sow-accordion-panel-border\">\n\t\t\t\t\t<ul>\n<li><a href=\"https:\/\/www.diocesitn.it\/area-annuncio\/wp-content\/uploads\/sites\/39\/2020\/10\/Film_Gattaca.pdf\" target=\"_blank\" rel=\"noopener noreferrer\">Gattaca \u2013 La porta dell\u2019universo di Andrew Niccol\u00a0<\/a><\/li>\n<li><a href=\"https:\/\/www.diocesitn.it\/area-annuncio\/wp-content\/uploads\/sites\/39\/2020\/10\/Film_Hello-Denise.pdf\" target=\"_blank\" rel=\"noopener noreferrer\">Hello Denise di Hal Salwen<\/a><\/li>\n<li><a href=\"https:\/\/www.diocesitn.it\/area-annuncio\/wp-content\/uploads\/sites\/39\/2020\/10\/Film_Parenthood.pdf\" target=\"_blank\" rel=\"noopener noreferrer\">Parenthood \u2013 Parenti amici e tanti guai di Ron Howard<\/a><\/li>\n<li><a href=\"https:\/\/www.diocesitn.it\/area-annuncio\/wp-content\/uploads\/sites\/39\/2020\/10\/Film_Tre-vite-allo-specchio.pdf\" target=\"_blank\" rel=\"noopener noreferrer\">Tre vite allo specchio di Nancy Savoca<\/a><\/li>\n<li><a href=\"https:\/\/www.avvenire.it\/chiesa\/pagine\/catechesi-e-cortometraggi-per-il-x-incontro-mondiale-delle-famiglie-on-line-il-primo-video-su-dare-il-nome\" target=\"_blank\" rel=\"noopener\">Dare il nome_video<\/a> Video\u00a0 tratto dal sito di avvenire, utilizzato nel cammino di avvicinamento alla giornata mondiale della famiglia di quest'anno; racconta la storia sul dare il nome, testimonianza molto bella<\/li>\n<li><a href=\"https:\/\/www.youtube.com\/watch?v=YIXA8k672XQ\" target=\"_blank\" rel=\"noopener\">Accogliere l'amore_video<\/a>. Protagonista \u00e8 una famiglia di Roma. Una mamma, un pap\u00e0, tre figlie. Poi il tentativo di avere un quarto bambino, gli aborti spontanei. E la scelta di adottare una bambina con una grave disabilit\u00e0., Manuela. A raccontare la storia di questa \u201cnormale famiglia speciale\u201d \u00e8 Alessia, la primogenita, ventenne come tante, che ci fa entrare a casa sua, tra risate e amore. Non mancano le difficolt\u00e0, ma quello che emerge \u00e8 soprattutto la tenerezza, l\u2019amore che unisce le quattro sorelle. Perch\u00e9 \u00e8 proprio dal fatto di essere figli che si impara la fraternit\u00e0. Come dice Papa Francesco: \u00abIn famiglia, tra fratelli si impara la convivenza umana, come si deve convivere in societ\u00e0. Forse non sempre ne siamo consapevoli, ma \u00e8 proprio la famiglia che introduce la fraternit\u00e0 nel mondo! A partire da questa prima esperienza di fraternit\u00e0, nutrita dagli affetti e dall\u2019educazione familiare, lo stile della fraternit\u00e0 si irradia come una promessa sull\u2019intera societ\u00e0 e sui rapporti tra i popoli\u00bb.<\/li>\n<\/ul>\n\t\t\t\t<\/div>\n\t\t\t<\/div>\n\t\t<\/div>\n\t\t\t<div class=\"sow-accordion-panel\n\t\t\t\t\"\n\t\t\tdata-anchor-id=\"canzoni\">\n\t\t\t\t<div class=\"sow-accordion-panel-header-container\" role=\"heading\" aria-level=\"2\">\n\t\t\t\t\t<div class=\"sow-accordion-panel-header\" tabindex=\"0\" role=\"button\" id=\"accordion-label-canzoni\" aria-controls=\"accordion-content-canzoni\" aria-expanded=\"false\">\n\t\t\t\t\t\t<div class=\"sow-accordion-title sow-accordion-title-icon-left\">\n\t\t\t\t\t\t\t\t\t\t\t\t\t\tCanzoni\t\t\t\t\t\t\t\t\t\t\t\t\t<\/div>\n\t\t\t\t\t\t<div class=\"sow-accordion-open-close-button\">\n\t\t\t\t\t\t\t<div class=\"sow-accordion-open-button\">\n\t\t\t\t\t\t\t\t<span class=\"sow-icon-ionicons\" data-sow-icon=\"&#xf218;\"\n\t\t \n\t\taria-hidden=\"true\"><\/span>\t\t\t\t\t\t\t<\/div>\n\t\t\t\t\t\t\t<div class=\"sow-accordion-close-button\">\n\t\t\t\t\t\t\t\t<span class=\"sow-icon-ionicons\" data-sow-icon=\"&#xf209;\"\n\t\t \n\t\taria-hidden=\"true\"><\/span>\t\t\t\t\t\t\t<\/div>\n\t\t\t\t\t\t<\/div>\n\t\t\t\t\t<\/div>\n\t\t\t\t<\/div>\n\n\t\t\t<div\n\t\t\t\tclass=\"sow-accordion-panel-content\"\n\t\t\t\trole=\"region\"\n\t\t\t\taria-labelledby=\"accordion-label-canzoni\"\n\t\t\t\tid=\"accordion-content-canzoni\"\n\t\t\t\tstyle=\"display: none;\"\t\t\t>\n\t\t\t\t<div class=\"sow-accordion-panel-border\">\n\t\t\t\t\t<table style=\"border-collapse: collapse;width: 100%;height: 56px\" border=\"1\">\n<tbody>\n<tr style=\"height: 46px\">\n<td style=\"width: 28.7158%;height: 10px\"><span style=\"color: #444444;background-color: #ffffff\">- Dico s\u00ec<\/span><\/td>\n<td style=\"width: 10.786%;height: 10px\"><a href=\"https:\/\/www.diocesitn.it\/area-annuncio\/wp-content\/uploads\/sites\/39\/2020\/11\/Dico-si_Fecondita_Vocazione_Sacramento.pdf\" target=\"_blank\" rel=\"noopener noreferrer\">Testo<\/a><\/td>\n<td style=\"width: 60.4981%;height: 10px\"><a href=\"https:\/\/www.youtube.com\/watch?v=C4v3y9YBhCI\" target=\"_blank\" rel=\"noopener noreferrer\">Video<\/a><\/td>\n<\/tr>\n<tr style=\"height: 46px\">\n<td style=\"width: 28.7158%;height: 46px\"><span style=\"color: #444444;background-color: #ffffff\">- \u00c9 festa grande<\/span><\/td>\n<td style=\"width: 10.786%;height: 46px\"><a href=\"https:\/\/www.diocesitn.it\/area-annuncio\/wp-content\/uploads\/sites\/39\/2022\/03\/E-festa-grande-spartito.pdf\" target=\"_blank\" rel=\"noopener\">Testo<\/a><\/td>\n<td style=\"width: 60.4981%;height: 46px\"><a href=\"https:\/\/www.youtube.com\/watch?v=X2KxbuFa9qQ\" target=\"_blank\" rel=\"noopener noreferrer\">Video<\/a><\/td>\n<\/tr>\n<tr>\n<td style=\"width: 28.7158%\"><span style=\"color: #444444;background-color: #ffffff\">- L'unico maestro<\/span><\/td>\n<td style=\"width: 10.786%\"><a href=\"https:\/\/www.diocesitn.it\/area-annuncio\/wp-content\/uploads\/sites\/39\/2022\/03\/Lunico-Maestro_Fecondita.pdf\" target=\"_blank\" rel=\"noopener\">Testo<\/a><\/td>\n<td style=\"width: 60.4981%\"><a href=\"https:\/\/www.youtube.com\/watch?v=KLlYyuuJKUE\" target=\"_blank\" rel=\"noopener\">Video<\/a><\/td>\n<\/tr>\n<\/tbody>\n<\/table>\n<p>&nbsp;<\/p>\n\t\t\t\t<\/div>\n\t\t\t<\/div>\n\t\t<\/div>\n\t\t\t<div class=\"sow-accordion-panel\n\t\t\t\t\"\n\t\t\tdata-anchor-id=\"per-riflettere\">\n\t\t\t\t<div class=\"sow-accordion-panel-header-container\" role=\"heading\" aria-level=\"2\">\n\t\t\t\t\t<div class=\"sow-accordion-panel-header\" tabindex=\"0\" role=\"button\" id=\"accordion-label-per-riflettere\" aria-controls=\"accordion-content-per-riflettere\" aria-expanded=\"false\">\n\t\t\t\t\t\t<div class=\"sow-accordion-title sow-accordion-title-icon-left\">\n\t\t\t\t\t\t\t\t\t\t\t\t\t\tPer riflettere\t\t\t\t\t\t\t\t\t\t\t\t\t<\/div>\n\t\t\t\t\t\t<div class=\"sow-accordion-open-close-button\">\n\t\t\t\t\t\t\t<div class=\"sow-accordion-open-button\">\n\t\t\t\t\t\t\t\t<span class=\"sow-icon-ionicons\" data-sow-icon=\"&#xf218;\"\n\t\t \n\t\taria-hidden=\"true\"><\/span>\t\t\t\t\t\t\t<\/div>\n\t\t\t\t\t\t\t<div class=\"sow-accordion-close-button\">\n\t\t\t\t\t\t\t\t<span class=\"sow-icon-ionicons\" data-sow-icon=\"&#xf209;\"\n\t\t \n\t\taria-hidden=\"true\"><\/span>\t\t\t\t\t\t\t<\/div>\n\t\t\t\t\t\t<\/div>\n\t\t\t\t\t<\/div>\n\t\t\t\t<\/div>\n\n\t\t\t<div\n\t\t\t\tclass=\"sow-accordion-panel-content\"\n\t\t\t\trole=\"region\"\n\t\t\t\taria-labelledby=\"accordion-label-per-riflettere\"\n\t\t\t\tid=\"accordion-content-per-riflettere\"\n\t\t\t\tstyle=\"display: none;\"\t\t\t>\n\t\t\t\t<div class=\"sow-accordion-panel-border\">\n\t\t\t\t\t<ul>\n<li><a href=\"https:\/\/www.diocesitn.it\/area-annuncio\/wp-content\/uploads\/sites\/39\/2020\/12\/Riflessione_Casa-porte-aperte-e-porte-chiuse_Fecondita_Dialogo.pdf\" target=\"_blank\" rel=\"noopener noreferrer\">Casa a porte aperto e a porte chiuse<\/a><\/li>\n<li><a href=\"https:\/\/www.diocesitn.it\/area-annuncio\/wp-content\/uploads\/sites\/39\/2021\/01\/Riflessione_Lettera-a-Diogneto_Fecondita.pdf\" target=\"_blank\" rel=\"noopener noreferrer\">Lettera a Diogneto<\/a><\/li>\n<li><a href=\"https:\/\/www.diocesitn.it\/area-annuncio\/wp-content\/uploads\/sites\/39\/2022\/04\/Immagini-stimolo_Fecondita.pdf\" target=\"_blank\" rel=\"noopener\">Immagini stimolo<\/a><\/li>\n<\/ul>\n\t\t\t\t<\/div>\n\t\t\t<\/div>\n\t\t<\/div>\n\t\t<\/div>\n<\/div>\n<\/div><\/div><\/div><div id=\"panel-14291-1-0-2\" class=\"so-panel widget widget_sow-editor\" data-index=\"4\" ><div\n\t\t\t\n\t\t\tclass=\"so-widget-sow-editor so-widget-sow-editor-base\"\n\t\t\t\n\t\t>\n<div class=\"siteorigin-widget-tinymce textwidget\">\n\t<h5 style=\"text-align: right\"><a href=\"#inizio\"><strong>\u21d1<\/strong><\/a><\/h5>\n<\/div>\n<\/div><\/div><div id=\"panel-14291-1-0-3\" class=\"so-panel widget widget_sow-accordion\" data-index=\"5\" ><div id=\"saperne\" class=\"panel-widget-style panel-widget-style-for-14291-1-0-3\" ><div\n\t\t\t\n\t\t\tclass=\"so-widget-sow-accordion so-widget-sow-accordion-default-399e2846cd01-14291\"\n\t\t\t\n\t\t><h3 class=\"widget-title\">Per saperne di pi\u00f9<\/h3><div>\n\t<div class=\"sow-accordion\">\n\t\t\t<div class=\"sow-accordion-panel\n\t\t\t\t\"\n\t\t\tdata-anchor-id=\"libri\">\n\t\t\t\t<div class=\"sow-accordion-panel-header-container\" role=\"heading\" aria-level=\"2\">\n\t\t\t\t\t<div class=\"sow-accordion-panel-header\" tabindex=\"0\" role=\"button\" id=\"accordion-label-libri\" aria-controls=\"accordion-content-libri\" aria-expanded=\"false\">\n\t\t\t\t\t\t<div class=\"sow-accordion-title sow-accordion-title-icon-left\">\n\t\t\t\t\t\t\t\t\t\t\t\t\t\tLibri\t\t\t\t\t\t\t\t\t\t\t\t\t<\/div>\n\t\t\t\t\t\t<div class=\"sow-accordion-open-close-button\">\n\t\t\t\t\t\t\t<div class=\"sow-accordion-open-button\">\n\t\t\t\t\t\t\t\t<span class=\"sow-icon-ionicons\" data-sow-icon=\"&#xf218;\"\n\t\t \n\t\taria-hidden=\"true\"><\/span>\t\t\t\t\t\t\t<\/div>\n\t\t\t\t\t\t\t<div class=\"sow-accordion-close-button\">\n\t\t\t\t\t\t\t\t<span class=\"sow-icon-ionicons\" data-sow-icon=\"&#xf209;\"\n\t\t \n\t\taria-hidden=\"true\"><\/span>\t\t\t\t\t\t\t<\/div>\n\t\t\t\t\t\t<\/div>\n\t\t\t\t\t<\/div>\n\t\t\t\t<\/div>\n\n\t\t\t<div\n\t\t\t\tclass=\"sow-accordion-panel-content\"\n\t\t\t\trole=\"region\"\n\t\t\t\taria-labelledby=\"accordion-label-libri\"\n\t\t\t\tid=\"accordion-content-libri\"\n\t\t\t\tstyle=\"display: none;\"\t\t\t>\n\t\t\t\t<div class=\"sow-accordion-panel-border\">\n\t\t\t\t\t<ul>\n<li>Conferenza Episcopale Italiana<em>, La verit\u00e0 vi far\u00e0 liberi \u2013 Catechismo degli adulti<\/em>, Libreria Editrice Vaticana, Roma 1995, nn. 1059-1065<em>.<\/em><\/li>\n<li>Battista Borsato,<em>\u00a0Sposarsi nel Signore,\u00a0<\/em>Ed. EDB 1988: cap. 8 (Fecondit\u00e0 e procreazione responsabile).<\/li>\n<li>Chiasera don Fiorenzo\u00a0<em>Il matrimonio e la trasmissione della vita,\u00a0<\/em>dispensa a cura del Centro diocesano Famiglia, Trento 1993.<\/li>\n<li>Chiasera don Fiorenzo<em>, Sposarsi in Cristo e nella Chiesa,\u00a0<\/em>dispensa a cura del Centro diocesano Famiglia, Trento 1996., capitolo 4\u00b0: \u201cIl matrimonio e la trasmissione della vita<\/li>\n<li>Barbato M.,\u00a0<em>La Regolazione Naturale della fertilit\u00e0: scienza, cultura, esperienza<\/em>, CODIT, Milano 1993<\/li>\n<li>Roetzer J.,\u00a0<em>La Regolazione Naturale della fertilit\u00e0<\/em>\u00a0\u2013 2\u00b0 ed., Cortina, Verona 1995<\/li>\n<li>Girotto \u2013 Campanella (a cura di)\u00a0<em>Etica, natura e procreazione responsabile<\/em>, Cortina, Verona 1996<\/li>\n<li>Colombo \u2013 Kambic ,\u00a0<em>Aspetti demografici e statistici della regolazione della fertilit\u00e0 umana,<\/em>\u00a0Cortina, Verona 1999<\/li>\n<li>OMS,\u00a0<em>Regolazione Naturale della Fertilit\u00e0. Guida all\u2019organizzazione dei servizi<\/em>, Cortina International, Verona 1993<\/li>\n<li>Giacchi E et al.\u00a0<em>La Regolazione Naturale della fertilit\u00e0: accettabilit\u00e0, efficacia e continuazione d\u2019uso. Esperienza italiana<\/em>, Universit\u00e0 Cattolica del Sacro Cuore, Roma 1999<\/li>\n<\/ul>\n\t\t\t\t<\/div>\n\t\t\t<\/div>\n\t\t<\/div>\n\t\t\t<div class=\"sow-accordion-panel\n\t\t\t\t\"\n\t\t\tdata-anchor-id=\"articoli\">\n\t\t\t\t<div class=\"sow-accordion-panel-header-container\" role=\"heading\" aria-level=\"2\">\n\t\t\t\t\t<div class=\"sow-accordion-panel-header\" tabindex=\"0\" role=\"button\" id=\"accordion-label-articoli\" aria-controls=\"accordion-content-articoli\" aria-expanded=\"false\">\n\t\t\t\t\t\t<div class=\"sow-accordion-title sow-accordion-title-icon-left\">\n\t\t\t\t\t\t\t\t\t\t\t\t\t\tArticoli\t\t\t\t\t\t\t\t\t\t\t\t\t<\/div>\n\t\t\t\t\t\t<div class=\"sow-accordion-open-close-button\">\n\t\t\t\t\t\t\t<div class=\"sow-accordion-open-button\">\n\t\t\t\t\t\t\t\t<span class=\"sow-icon-ionicons\" data-sow-icon=\"&#xf218;\"\n\t\t \n\t\taria-hidden=\"true\"><\/span>\t\t\t\t\t\t\t<\/div>\n\t\t\t\t\t\t\t<div class=\"sow-accordion-close-button\">\n\t\t\t\t\t\t\t\t<span class=\"sow-icon-ionicons\" data-sow-icon=\"&#xf209;\"\n\t\t \n\t\taria-hidden=\"true\"><\/span>\t\t\t\t\t\t\t<\/div>\n\t\t\t\t\t\t<\/div>\n\t\t\t\t\t<\/div>\n\t\t\t\t<\/div>\n\n\t\t\t<div\n\t\t\t\tclass=\"sow-accordion-panel-content\"\n\t\t\t\trole=\"region\"\n\t\t\t\taria-labelledby=\"accordion-label-articoli\"\n\t\t\t\tid=\"accordion-content-articoli\"\n\t\t\t\tstyle=\"display: none;\"\t\t\t>\n\t\t\t\t<div class=\"sow-accordion-panel-border\">\n\t\t\t\t\t\t\t\t\t<\/div>\n\t\t\t<\/div>\n\t\t<\/div>\n\t\t\t<div class=\"sow-accordion-panel\n\t\t\t\t\"\n\t\t\tdata-anchor-id=\"testi\">\n\t\t\t\t<div class=\"sow-accordion-panel-header-container\" role=\"heading\" aria-level=\"2\">\n\t\t\t\t\t<div class=\"sow-accordion-panel-header\" tabindex=\"0\" role=\"button\" id=\"accordion-label-testi\" aria-controls=\"accordion-content-testi\" aria-expanded=\"false\">\n\t\t\t\t\t\t<div class=\"sow-accordion-title sow-accordion-title-icon-left\">\n\t\t\t\t\t\t\t\t\t\t\t\t\t\tTesti\t\t\t\t\t\t\t\t\t\t\t\t\t<\/div>\n\t\t\t\t\t\t<div class=\"sow-accordion-open-close-button\">\n\t\t\t\t\t\t\t<div class=\"sow-accordion-open-button\">\n\t\t\t\t\t\t\t\t<span class=\"sow-icon-ionicons\" data-sow-icon=\"&#xf218;\"\n\t\t \n\t\taria-hidden=\"true\"><\/span>\t\t\t\t\t\t\t<\/div>\n\t\t\t\t\t\t\t<div class=\"sow-accordion-close-button\">\n\t\t\t\t\t\t\t\t<span class=\"sow-icon-ionicons\" data-sow-icon=\"&#xf209;\"\n\t\t \n\t\taria-hidden=\"true\"><\/span>\t\t\t\t\t\t\t<\/div>\n\t\t\t\t\t\t<\/div>\n\t\t\t\t\t<\/div>\n\t\t\t\t<\/div>\n\n\t\t\t<div\n\t\t\t\tclass=\"sow-accordion-panel-content\"\n\t\t\t\trole=\"region\"\n\t\t\t\taria-labelledby=\"accordion-label-testi\"\n\t\t\t\tid=\"accordion-content-testi\"\n\t\t\t\tstyle=\"display: none;\"\t\t\t>\n\t\t\t\t<div class=\"sow-accordion-panel-border\">\n\t\t\t\t\t<ul>\n<li><a href=\"https:\/\/www.diocesitn.it\/area-annuncio\/wp-content\/uploads\/sites\/39\/2020\/10\/Testo_La-figura-di-San-Giuseppe.pdf\" target=\"_blank\" rel=\"noopener noreferrer\">La figura di san Giuseppe<\/a><\/li>\n<\/ul>\n\t\t\t\t<\/div>\n\t\t\t<\/div>\n\t\t<\/div>\n\t\t\t<div class=\"sow-accordion-panel\n\t\t\t\t\"\n\t\t\tdata-anchor-id=\"relazioni\">\n\t\t\t\t<div class=\"sow-accordion-panel-header-container\" role=\"heading\" aria-level=\"2\">\n\t\t\t\t\t<div class=\"sow-accordion-panel-header\" tabindex=\"0\" role=\"button\" id=\"accordion-label-relazioni\" aria-controls=\"accordion-content-relazioni\" aria-expanded=\"false\">\n\t\t\t\t\t\t<div class=\"sow-accordion-title sow-accordion-title-icon-left\">\n\t\t\t\t\t\t\t\t\t\t\t\t\t\tRelazioni\t\t\t\t\t\t\t\t\t\t\t\t\t<\/div>\n\t\t\t\t\t\t<div class=\"sow-accordion-open-close-button\">\n\t\t\t\t\t\t\t<div class=\"sow-accordion-open-button\">\n\t\t\t\t\t\t\t\t<span class=\"sow-icon-ionicons\" data-sow-icon=\"&#xf218;\"\n\t\t \n\t\taria-hidden=\"true\"><\/span>\t\t\t\t\t\t\t<\/div>\n\t\t\t\t\t\t\t<div class=\"sow-accordion-close-button\">\n\t\t\t\t\t\t\t\t<span class=\"sow-icon-ionicons\" data-sow-icon=\"&#xf209;\"\n\t\t \n\t\taria-hidden=\"true\"><\/span>\t\t\t\t\t\t\t<\/div>\n\t\t\t\t\t\t<\/div>\n\t\t\t\t\t<\/div>\n\t\t\t\t<\/div>\n\n\t\t\t<div\n\t\t\t\tclass=\"sow-accordion-panel-content\"\n\t\t\t\trole=\"region\"\n\t\t\t\taria-labelledby=\"accordion-label-relazioni\"\n\t\t\t\tid=\"accordion-content-relazioni\"\n\t\t\t\tstyle=\"display: none;\"\t\t\t>\n\t\t\t\t<div class=\"sow-accordion-panel-border\">\n\t\t\t\t\t\t\t\t\t<\/div>\n\t\t\t<\/div>\n\t\t<\/div>\n\t\t\t<div class=\"sow-accordion-panel\n\t\t\t\t\"\n\t\t\tdata-anchor-id=\"altro\">\n\t\t\t\t<div class=\"sow-accordion-panel-header-container\" role=\"heading\" aria-level=\"2\">\n\t\t\t\t\t<div class=\"sow-accordion-panel-header\" tabindex=\"0\" role=\"button\" id=\"accordion-label-altro\" aria-controls=\"accordion-content-altro\" aria-expanded=\"false\">\n\t\t\t\t\t\t<div class=\"sow-accordion-title sow-accordion-title-icon-left\">\n\t\t\t\t\t\t\t\t\t\t\t\t\t\tAltro\t\t\t\t\t\t\t\t\t\t\t\t\t<\/div>\n\t\t\t\t\t\t<div class=\"sow-accordion-open-close-button\">\n\t\t\t\t\t\t\t<div class=\"sow-accordion-open-button\">\n\t\t\t\t\t\t\t\t<span class=\"sow-icon-ionicons\" data-sow-icon=\"&#xf218;\"\n\t\t \n\t\taria-hidden=\"true\"><\/span>\t\t\t\t\t\t\t<\/div>\n\t\t\t\t\t\t\t<div class=\"sow-accordion-close-button\">\n\t\t\t\t\t\t\t\t<span class=\"sow-icon-ionicons\" data-sow-icon=\"&#xf209;\"\n\t\t \n\t\taria-hidden=\"true\"><\/span>\t\t\t\t\t\t\t<\/div>\n\t\t\t\t\t\t<\/div>\n\t\t\t\t\t<\/div>\n\t\t\t\t<\/div>\n\n\t\t\t<div\n\t\t\t\tclass=\"sow-accordion-panel-content\"\n\t\t\t\trole=\"region\"\n\t\t\t\taria-labelledby=\"accordion-label-altro\"\n\t\t\t\tid=\"accordion-content-altro\"\n\t\t\t\tstyle=\"display: none;\"\t\t\t>\n\t\t\t\t<div class=\"sow-accordion-panel-border\">\n\t\t\t\t\t<ul>\n<li><a href=\"https:\/\/www.diocesitn.it\/area-annuncio\/wp-content\/uploads\/sites\/39\/2020\/07\/Elenco-associazioni-di-volontariato.pdf\" target=\"_blank\" rel=\"noopener noreferrer\">Elenco associazioni di volontariato<\/a><\/li>\n<\/ul>\n\t\t\t\t<\/div>\n\t\t\t<\/div>\n\t\t<\/div>\n\t\t<\/div>\n<\/div>\n<\/div><\/div><\/div><div id=\"panel-14291-1-0-4\" class=\"so-panel widget widget_sow-editor\" data-index=\"6\" ><div\n\t\t\t\n\t\t\tclass=\"so-widget-sow-editor so-widget-sow-editor-base\"\n\t\t\t\n\t\t>\n<div class=\"siteorigin-widget-tinymce textwidget\">\n\t<h5 style=\"text-align: right\"><a href=\"#inizio\"><strong>\u21d1<\/strong><\/a><\/h5>\n<\/div>\n<\/div><\/div><div id=\"panel-14291-1-0-5\" class=\"so-panel widget widget_sow-editor panel-last-child\" data-index=\"7\" ><div id=\"approfondire\" class=\"panel-widget-style panel-widget-style-for-14291-1-0-5\" ><div\n\t\t\t\n\t\t\tclass=\"so-widget-sow-editor so-widget-sow-editor-base\"\n\t\t\t\n\t\t><h3 class=\"widget-title\">PER APPROFONDIRE<\/h3>\n<div class=\"siteorigin-widget-tinymce textwidget\">\n\t<p style=\"text-align: right\"><span style=\"color: #0000ff\"><strong>La fecondit\u00e0 nella coppia come capacit\u00e0 di mettersi al servizio l\u2019uno dell\u2019altro,\u00a0<\/strong><strong>con lo scopo di generare la propria e l\u2019altrui crescita<\/strong><\/span><\/p>\n<p>Il nostro modo di vedere il mondo ed i nostri rapporti umani sono condizionati dalle nostre emozioni, vissuti, culture ed esperienze, ma anche dal particolare specifico rapporto di coppia che andiamo gradualmente costruendo nel tempo. Per non rischiare di vederlo pi\u00f9 o meno lentamente andare in crisi e per non rischiare di isolarci dalla societ\u00e0, appare talvolta necessario fermarci per ritornare in noi stessi, per prendere coscienza di come stiamo cambiando o siamo gi\u00e0 cambiati, per chiederci dove stiamo andando come individui, come coppia e come famiglia.<\/p>\n<p>Fatica, stress, rabbia e paura sono cattive consigliere e per mantenere il controllo di noi stessi \u00e8 bene cercare di non reagire nel pieno dell\u2019emozione, prendendoci invece il tempo di fare un passo indietro e di riflettere. Il nostro modo di parlare esprime l\u2019attenzione e il rispetto che portiamo agli altri, cos\u00ec come le piccole o le grandi premure, che ci fanno tanto piacere. La fecondit\u00e0, quindi, \u00e8 innanzitutto la massima attenzione a generare una continua crescita personale, di coppia, familiare, nel contesto della comunit\u00e0, ricercando e promuovendo informazioni adeguate, raccogliendo, valorizzando e partecipando alle proposte che ci provengono dalla comunit\u00e0 civile ed ecclesiale, collaborando in diversi modi, nei limiti del possibile ed a seconda delle nostre diverse sensibilit\u00e0, del tempo e della possibilit\u00e0 di impegno, delle nostre conoscenze, delle attitudini, della professionalit\u00e0.<\/p>\n<p>Quando poi la famiglia si arricchisce di nuovi membri, si sviluppano nuove meravigliose incredibili emozioni, ci si arricchisce tutti insieme, ma aumentano anche inevitabilmente il sonno, la stanchezza, le preoccupazioni e gli impegni\u2026 Ecco allora che il concetto di fecondit\u00e0 richiede di mettersi tutti in gioco, di ricercare in s\u00e9 nuove potenzialit\u00e0 e di sviluppare attitudini nuove e diverse, che magari prima non si sarebbero immaginate possibili.<\/p>\n<p>In questa occasione \u00e8 importante confrontarsi nella coppia riguardo ai modi con i quali fare fronte ai periodi pi\u00f9 difficili o carichi di impegni, esercitando anche la fantasia, non solo al fine di riequilibrare i compiti, le energie e le fatiche all\u2019interno della coppia e della famiglia, ma anche nelle relazioni esterne. In tal modo si eviter\u00e0 il rischio di chiudersi progressivamente e di perdere quindi quella dimensione di socialit\u00e0 tanto fondamentale per una equilibrata crescita umana.<\/p>\n<p>La fecondit\u00e0 va intesa quindi come apertura alla vita, in tutte le sue forme e le sue manifestazioni, e non invece solo nel significato di fertilit\u00e0 fisica o relazionale nel nucleo familiare; pu\u00f2 essere quindi anche attenzione al vicinato, alle persone sole, ammalate, a bambini o giovani in difficolt\u00e0 per i pi\u00f9 svariati motivi (cfr. Fecondit\u00e0 allargata AL 178-184).<\/p>\n<p>&nbsp;<\/p>\n<p style=\"text-align: right\"><span style=\"color: #0000ff\"><strong>L\u2019espressione pi\u00f9 immediata della fecondit\u00e0\u00a0<\/strong><strong>e\u0300 la procreazione responsabile dei figli e la loro educazione<\/strong><\/span><\/p>\n<p>\u201cL\u2019amore d\u00e0 sempre vita. Per questo, l\u2019amore coniugale \u00abnon si esaurisce all\u2019interno della coppia [\u2026]. I coniugi, mentre si donano tra loro, donano al di l\u00e0 di se stessi la realt\u00e0 del figlio, riflesso vivente del loro amore, segno permanente della unit\u00e0 coniugale e sintesi viva ed indissociabile del loro essere padre e madre\u00bb\u201d (AL 165).<\/p>\n<p>Un articolo sulla procreazione responsabile del card. Cafarra\u00a0<a href=\"https:\/\/www.diocesitn.it\/area-annuncio\/la-fecondita\/#n1\" name=\"_ftn1\">[1]<\/a>\u00a0ci aiuta a capire quali sono le condizioni che rendono il concepimento eticamente buono. \u201cLa persona del futuro concepito ha diritto di nascere in un contesto nel quale si presume prudentemente possa aver accesso ai beni umani fondamentali\u201d, compresa almeno un\u2019educazione di base e che \u201cavr\u00e0 i mezzi necessari e sufficienti per una vita umanamente degna. In mancanza di tale prudente previsione, la decisione di procreare una persona \u00e8 da ritenersi eticamente imprudente\u201d.<\/p>\n<p><a href=\"https:\/\/www.diocesitn.it\/area-annuncio\/la-fecondita\/#_ftn1\" name=\"_ftnref1\"><\/a><\/p>\n<p>Anche la capacit\u00e0 educativa del genitore \u201cpu\u00f2 incontrare difficolt\u00e0 insormontabili se il numero dei figli \u00e8 troppo elevato\u201d, ovviamente non solo dal punto di vista semplicemente economico. Inoltre nella decisione di procreare\/non procreare va presa in considerazione anche la \u201csituazione demografica della societ\u00e0 in cui i due sposi vivono\u201d. \u00c9 utile, cio\u00e8, tenere in considerazione come criterio di scelta anche la salvaguardia del bene comune, che non deve necessariamente spingere a non procreare, ma anzi, nella societ\u00e0 occidentale, dove la natalit\u00e0 \u00e8 molto bassa ed \u00e8 altissima l\u2019et\u00e0 media della popolazione, esso va inteso \u201csoprattutto, come indicazione di donare la vita con grande generosit\u00e0\u2026La decisione di procreare\/non procreare dipende quindi innanzitutto dal bene della persona del futuro concepito, dalla persona dei futuri genitori, dalle condizioni generali della societ\u00e0 in cui e l\u2019uno e l\u2019altro sono chiamati a vivere\u201d (cfr. GS 50; AL 166-167).<\/p>\n<p>&nbsp;<\/p>\n<p style=\"text-align: right\"><span style=\"color: #0000ff\"><strong>Dio \u00e8 fecondo attraverso la fecondit\u00e0 degli sposi\u00a0<\/strong><strong>che si esprime in varie forme<\/strong><\/span><\/p>\n<ul>\n<li><u>Adozione o affido<\/u>: adozione e\/o affidamento familiare di minori possono essere forse le forme pi\u00f9 strutturate ed impegnative per cui necessitano di adeguata formazione ed opportuno accompagnamento. Esse vanno assolutamente concordate e quindi cogestite con gli appositi Servizi di riferimento, ma qualche forma pi\u00f9 leggera ed elastica di accoglienza ed ospitalit\u00e0 pu\u00f2 essere affrontata anche solo di comune accordo fra famiglie, soprattutto all\u2019interno di un gruppo di conoscenti e\/o amici che condividono sensibilit\u00e0 ed impegno o anche con buone relazioni di vicinato. Quanti bambini, anche nella nostra realt\u00e0 trentina, purtroppo stanno soffrendo per incuria, trascuratezza, per relazioni familiari disastrate, per la violenza subita o anche, per la violenza assistita, pi\u00f9 frequente di quanto si possa immaginare ed incredibilmente dannosa, o per la separazione pi\u00f9 o meno violenta dei genitori, o le varie forme di dipendenza che affliggono gli adulti di riferimento, oppure ancora a causa dell\u2019allontanamento forzato dai nonni o dai parenti, gi\u00e0 diventati significativi punti di riferimento e poi per qualche motivo di fatto allontanati, o anche sofferenti per forme diverse e purtroppo crescenti di bullismo! Tutti elementi che contribuiscono ad alimentare conseguenti difficolt\u00e0 di relazione e spesso anche di apprendimento. Chiediamoci se come coppia e\/o famiglia riusciamo a cogliere i segnali di tanta sofferenza e solitudine intorno a noi, confrontiamoci con discrezione con parenti ed amici, visitiamo se possibile famiglie pi\u00f9 isolate o in qualche modo in difficolt\u00e0, proviamo ad offrire ascolto e compagnia, invitiamo i loro figli a giocare con i nostri, a condividere una merenda, proponiamo di portarli con noi ad una gita, di aiutarli a fare i compiti, di accoglierli per un weekend. Coltivando con costanza ed attenzione reciproca la nostra volont\u00e0 di osservazione, di ascolto attento, discreto e assolutamente non giudicante, impareremo a sperimentare numerose e diversificate modalit\u00e0 per cercare di essere di aiuto.<\/li>\n<li><u>Accoglienza e ospitalit\u00e0<\/u>: da non dimenticare che anche le persone adulte possono trovarsi per i pi\u00f9 svariati motivi momentaneamente in situazioni di bisogno. Pensiamo a quante mamme, talvolta giovanissime e magari sole, si trovano ad essere molto spaventate e legittimamente preoccupate di fronte alla notizia di una nuova maternit\u00e0, oppure ex carcerati che appena usciti non trovano punti di riferimento che li possano sostenere almeno in una prima fase, persone afflitte da una qualche forma di dipendenza che faticano a liberarsene e magari avrebbero bisogno di essere accompagnate, rincuorate e sostenute, coppie con relazioni altalenanti, magari ferite o violente, sacerdoti che vivono una situazione di disperata solitudine. Anche per loro e con loro possiamo cercare di costruire forme di sostegno ed accoglienza familiare. Anche qui gli aspetti nei quali si manifesta la fecondit\u00e0 possono davvero essere molteplici!<\/li>\n<li><span style=\"text-decoration: underline\">Aiuto ai bisognosi<\/span>: quante situazioni difficili anche intorno a noi! Magari l\u2019apparenza ci pu\u00f2 ingannare, ma se impariamo a rivolgere uno sguardo attento, non superficiale ma pi\u00f9 approfondito e cerchiamo continuamente di arricchire il nostro cuore di sensibilit\u00e0 e libert\u00e0 da pregiudizi, quanto bene possiamo scoprire intorno a noi e contribuire a seminare! L\u2019apertura alla fecondit\u00e0 ci pu\u00f2 portare a scoprire anche nel nostro agiato Trentino quante persone o nuclei familiari siano in difficolt\u00e0 per bisogni economici. Anche andando oltre le nostre dirette conoscenze, riferendoci alla Parrocchia, ai centri di ascolto delle Caritas locali, ai servizi sociali del Comune o della Comunit\u00e0 di Valle, possiamo scoprire davvero situazioni familiari o individuali di estremo bisogno (anziani soli e quindi magari bisognosi di compagnia ed aiuto, sia nelle spese che nelle attivit\u00e0 domestiche, persone ammalate non adeguatamente assistite oppure curate da un unico caregiver sovraffaticato perch\u00e9 troppo impegnato e che quindi non pu\u00f2 reggere a lungo la fatica da solo, nuclei familiari monogenitoriali, magari senza lavoro, pap\u00e0 disperati perch\u00e9 disoccupati da tempo, persone in cerca di lavoro che hanno bisogno di essere accompagnate o aiutate, magari anche solo a redigere o aggiornare il loro Curriculum vitae, numerosi giovani in cerca di occupazione o in prolungata difficolt\u00e0 perch\u00e9 trovano solo lavori temporanei, che non offrono loro alcuna garanzia per programmare un futuro costruttivo). Avere uno sguardo sensibile, un ascolto attento e non giudicante, insieme all\u2019apertura del nostro cuore, ci pu\u00f2 aiutare a scoprire tanti diversi bisogni e quanto bene possiamo fare anche intorno a noi.<\/li>\n<li><u>Impegno sociale e\/o politico<\/u>: quanto ci limitiamo a criticare chi si impegna in tali ambiti? Ma quanto ci sarebbe bisogno, invece, di interessarci personalmente e direttamente di come stanno andando realmente le cose nel nostro quartiere, nel vicinato, paese, rione, Comune, Stato? Come potrebbe migliorare la vita di molte persone se riuscissimo a coltivare la nostra fecondit\u00e0 personale, di coppia e familiare, anche interessandoci benevolmente e senza pregiudizi del benessere altrui, allargando lo sguardo ad una visione pi\u00f9 ampia ed intesa politicamente (da\u00a0<em>res publica<\/em>, che riguarda la cosa pubblica)? Oppure se volessimo e potessimo farci carico di aiutare nei modi pi\u00f9 diversi, quelli che ci risultano pi\u00f9 confacenti o a noi possibili, le molte persone che gi\u00e0 si stanno impegnando per il bene comune, affiancandole nel loro impegno diversificato o anche solo segnalando situazioni di bisogno o contesti che necessitano di un qualche intervento privato o pubblico? Come non approfondire concretamente la conoscenza delle diverse situazioni economico-sociali che contraddistinguono questo nostro tempo ricco di numerose informazioni, ma forse troppo povero di collegamenti, di approfondimenti, di ricerche e di opportune riflessioni? Perch\u00e9 non cogliere i numerosi e diversificati stimoli che anche quotidianamente ci vengono offerti dalle pi\u00f9 diverse e numerose organizzazioni di volontariato, organizzazioni non governative, enti del privato sociale? (Un elenco non esaustivo lo si pu\u00f2 trovare nella sezione \u201cPer il saperne di pi\u00f9\u201d). Perch\u00e9 non coltivare ed impegnare la nostra possibile fecondit\u00e0 interrogandoci ed approfondendo sistematicamente quanto, spesso solo superficialmente e magari in maniera pi\u00f9 o meno parzialmente distorta, ci viene proposto dai media, ricorrendo anche o invece a fonti di stampa alternative credibili, come le riviste missionarie ad esempio, che, proprio perch\u00e9 radicate nei diversi territori, propongono letture di tipo sociale, economico, storico, ambientale alquanto analitiche, approfondite e magari ben diverse dal mainstream? Se solo volessimo ricercare, confrontare ed approfondire, potremmo arrivare a scoprire davvero un altro mondo, non solo alquanto complesso ed articolato, ma assolutamente ed incredibilmente correlato ed interdipendente a livello globale. Allora si aprirebbe ai nostri occhi ed al nostro cuore, non solo una splendida, costruttiva, meravigliosa realt\u00e0 di speranza costituita dai numerosi missionari e\/o laici che si stanno impegnando in prima persona, ma anche quanto e in che modo il nostro mondo opulento abbia fondato e tuttora continui a basare la sua ricchezza economica sullo sfruttamento secolare dei popoli dell\u2019America Latina, piuttosto che dell\u2019Africa (ad esempio l\u2019immenso e crudele fenomeno dello sfruttamento minorile nelle miniere di coltan, tanto intensivo in particolare nella Repubblica Democratica del Congo, ci dice niente?). Lo sappiamo che nel mondo sono in atto anche in questo periodo moltissimi focolai di guerra, con bambini violentati e schiavizzati per costringerli ad impugnare le armi, bambine, ragazze, madri violentate sistematicamente anche per reprimere qualsiasi forma di possibile reazione? Ci aggiorniamo sull\u2019evoluzione sempre pi\u00f9 complessa della guerra in Siria, dei bombardamenti sempre pi\u00f9 distruttivi, della molteplicit\u00e0 di nazioni impegnate per l\u2019incredibile groviglio di interessi politico\/economico\/militari in gioco? Lo sappiamo che l\u2019Italia \u00e8 fra i maggiori produttori mondiali di armi e che moltissime delle armi qui prodotte vanno vendute proprio a chi sta continuando a combattere anche in Medio Oriente? Ci chiediamo come mai, purtroppo anche in Italia, stanno continuamente aumentando gli stanziamenti governativi nel settore militare mentre negli ultimi decenni sono andati progressivamente diminuendo quelli destinati all\u2019istruzione ed alla salute, con la conseguenza che si sta tristemente evidenziando proprio in questo periodo per l\u2019attacco del coronavirus, che il nostro Sistema Sanitario Nazionale non riesce ad affrontare adeguatamente anche perch\u00e9 impoverito nel tempo di adeguate risorse, strutture e personale? Ci chiediamo come possiamo approfondire, ricercare, studiare per poi insieme impegnarci in qualche modo a migliorare anche queste complesse situazioni? Come riuscire a fare cultura insieme per contribuire costruttivamente al benessere collettivo? Cerchiamo individualmente, in famiglia, a diversi livelli di gruppo, modalit\u00e0 e forme diverse di approfondimento, di confronto costruttivo, di nuovo impegno personale, familiare, di quartiere, di parrocchia, magari in collegamento con qualcuna delle numerose realt\u00e0 che gi\u00e0 si stanno impegnando per offrire nuovi spunti di conoscenza, riflessione, approfondimento, confronto? Queste e numerose altre, possono rappresentare modalit\u00e0 multiple e diverse di coltivare la nostra preziosa fecondit\u00e0.<\/li>\n<li><u>Impegno per la salvaguardia del creato<\/u>: in particolare in questo ultimo periodo, grazie anche a movimenti giovanili come Friday for Future, che cercano di sensibilizzarci sulla gravissima evoluzione dell\u2019inquinamento che si sta verificando a livelli diversi ormai in tutto il nostro meraviglioso pianeta, sta aumentando la nostra sensibilit\u00e0 individuale, familiare e sociale sul tema? Ci chiediamo come mai il nostro Pontefice, tanto attendo anche alla salvaguardia del creato ed impegnato al punto da emanare un\u2019Enciclica su tale complessa problematica, nonostante le ormai evidenti, tragiche e preoccupanti manifestazioni di cambiamento climatico, ancora non venga ascoltato? Ma forse nemmeno noi cristiani su tale tema riusciamo a scegliere di cambiare il nostro stile di vita ed impegnarci in maniera adeguata? Ne parliamo in famiglia, nelle pi\u00f9 diverse occasioni di incontro professionale e\/o amicale, in parrocchia\u2026? Cerchiamo anche noi di approfondire ed adottare stili di vita pi\u00f9 attenti ed adeguati? Proviamo ad interrogarci su cosa sia possibile cambiare nelle nostre abitudini quotidiane a livello individuale e familiare: un\u2019attenzione diversa nell\u2019acquisto di beni di prima necessit\u00e0, un nuovo impegno per un riuso intelligente di oggetti vari e quindi per lo sviluppo di un\u2019attenzione pi\u00f9 critica verso il fenomeno tanto generalizzato nella nostra societ\u00e0 opulenta dell\u2019usa e getta, il recupero e la coltivazione di spazi di terreno abbandonato o incolto, l\u2019attenzione ad un acquisto mirato, attraverso gruppi di auto mutuo aiuto o Gas, a prodotti del nostro territorio o comunque il pi\u00f9 possibile a km zero, all\u2019utilizzo di mezzi pubblici di trasporto ed alla salutare riscoperta di spostamenti a piedi o in bicicletta, oltre che, magari a sistemi moderni di trasporto collettivo come solo a titolo di esempio il car sharing.<\/li>\n<li><u>Impegno nella comunit\u00e0 cristiana<\/u>: un nostro inserimento attivo e fattivo in tale realt\u00e0 ci pu\u00f2 aiutare sia a cogliere meglio anche diversi bisogni che ad individuare altre forme di possibile impegno, di comune accordo con il nostro Parroco, con catechisti, lettori, cantori, sacristi, ministri straordinari della comunione, volontari che si impegnano a visitare e sostenere le persone sole, anziane e\/o ammalate della parrocchia. Anche in questo ambito, sia i bisogni che le possibilit\u00e0 di impegno sono moltissimi, diversificati e caratteristici in ogni diversa realt\u00e0 parrocchiale, di rione, quartiere, citt\u00e0, cos\u00ec come differenziati da caratteristiche di urgenza specifiche; l\u2019importante \u00e8 coltivare la nostra fecondit\u00e0 cercando di muoverci con discrezione, rispettando l\u2019esistente, riconoscendoci e valorizzandoci sempre a vicenda per il bene pi\u00f9 vero, profondo e costruttivo della nostra comunit\u00e0.<\/li>\n<\/ul>\n<p><a id=\"n1\"><\/a><a href=\"https:\/\/www.diocesitn.it\/area-annuncio\/la-fecondita\/#_ftnref1\" name=\"_ftn1\">[1]<\/a>\u00a0<a href=\"http:\/\/www.caffarra.it\/lessic01.php\" target=\"_blank\" rel=\"noopener\">http:\/\/www.caffarra.it\/lessic01.php<\/a><\/p>\n<p style=\"text-align: right\"><a href=\"https:\/\/www.diocesitn.it\/area-annuncio\/wp-content\/uploads\/sites\/39\/2022\/01\/Scheda-fecondita_definitiva.pdf\" target=\"_blank\" rel=\"noopener\">Scarica la scheda<\/a><\/p>\n<h5 style=\"text-align: right\"><a href=\"#inizio\"><strong>\u21d1<\/strong><\/a><\/h5>\n<p style=\"text-align: right\"><a href=\"#Inizio\">\u00a0<i class=\"fi-arrow-up\"><!-- icon --><\/i>\u00a0<\/a><\/p>\n<\/div>\n<\/div><\/div><\/div><\/div><\/div><\/div>","protected":false},"excerpt":{"rendered":"<p>Come un poco di lievito permette a tutto l\u2019impasto di lievitare, cos\u00ec alla famiglia cristiana viene chiesto di essere fermento nella coppia, con i figli, nella societ\u00e0, nella Chiesa. Commento al Vangelo Obiettivi dell\u2019incontro Contenuti<\/p>\n","protected":false},"author":14,"featured_media":0,"parent":0,"menu_order":0,"comment_status":"closed","ping_status":"closed","template":"","meta":{"footnotes":""},"class_list":["post-14291","page","type-page","status-publish","hentry"],"acf":{"seed-localization-paese-cod":"IT","seed-localization-address":"","seed-localization-citta":"Trento","seed-localization-regione-cod-istat":"04","seed-localization-citta-cod-istat":"022205","seed-localization-localita":"","seed-localization-cap":"","seed-localization-marker-visibility":false,"seed-localization-children-visibility":false,"seed-localization-kml":"","seed-localization-custom-marker":""},"yoast_head":"<!-- This site is optimized with the Yoast SEO Premium plugin v20.2.1 (Yoast SEO v22.2) - https:\/\/yoast.com\/wordpress\/plugins\/seo\/ -->\n<title>LA FECONDITA\u2019 - Annuncio e Sacramenti<\/title>\n<meta name=\"robots\" content=\"index, follow, max-snippet:-1, max-image-preview:large, max-video-preview:-1\" \/>\n<link rel=\"canonical\" href=\"https:\/\/www.diocesitn.it\/area-annuncio\/fecondita-2\/\" \/>\n<meta property=\"og:locale\" content=\"it_IT\" \/>\n<meta property=\"og:type\" content=\"article\" \/>\n<meta property=\"og:title\" content=\"LA FECONDITA\u2019\" \/>\n<meta property=\"og:description\" content=\"Come un poco di lievito permette a tutto l\u2019impasto di lievitare, cos\u00ec alla famiglia cristiana viene chiesto di essere fermento nella coppia, con i figli, nella societ\u00e0, nella Chiesa. Commento al Vangelo Obiettivi dell\u2019incontro Contenuti\" \/>\n<meta property=\"og:url\" content=\"https:\/\/www.diocesitn.it\/area-annuncio\/fecondita-2\/\" \/>\n<meta property=\"og:site_name\" content=\"Annuncio e Sacramenti\" \/>\n<meta property=\"article:publisher\" content=\"https:\/\/www.facebook.com\/pastoralegiovanile.trento\/\" \/>\n<meta property=\"article:modified_time\" content=\"2022-12-28T14:16:07+00:00\" \/>\n<meta property=\"og:image\" content=\"https:\/\/www.diocesitn.it\/area-annuncio\/wp-content\/uploads\/sites\/39\/2021\/09\/og-logo-annuncio-e-sacramenti.jpg\" \/>\n\t<meta property=\"og:image:width\" content=\"1200\" \/>\n\t<meta property=\"og:image:height\" content=\"630\" \/>\n\t<meta property=\"og:image:type\" content=\"image\/jpeg\" \/>\n<meta name=\"twitter:card\" content=\"summary_large_image\" \/>\n<meta name=\"twitter:label1\" content=\"Tempo di lettura stimato\" \/>\n\t<meta name=\"twitter:data1\" content=\"16 minuti\" \/>\n<script type=\"application\/ld+json\" class=\"yoast-schema-graph\">{\"@context\":\"https:\/\/schema.org\",\"@graph\":[{\"@type\":\"WebPage\",\"@id\":\"https:\/\/www.diocesitn.it\/area-annuncio\/fecondita-2\/\",\"url\":\"https:\/\/www.diocesitn.it\/area-annuncio\/fecondita-2\/\",\"name\":\"LA FECONDITA\u2019 - Annuncio e Sacramenti\",\"isPartOf\":{\"@id\":\"https:\/\/www.diocesitn.it\/area-annuncio\/#website\"},\"datePublished\":\"2022-01-14T10:01:16+00:00\",\"dateModified\":\"2022-12-28T14:16:07+00:00\",\"breadcrumb\":{\"@id\":\"https:\/\/www.diocesitn.it\/area-annuncio\/fecondita-2\/#breadcrumb\"},\"inLanguage\":\"it-IT\",\"potentialAction\":[{\"@type\":\"ReadAction\",\"target\":[\"https:\/\/www.diocesitn.it\/area-annuncio\/fecondita-2\/\"]}]},{\"@type\":\"BreadcrumbList\",\"@id\":\"https:\/\/www.diocesitn.it\/area-annuncio\/fecondita-2\/#breadcrumb\",\"itemListElement\":[{\"@type\":\"ListItem\",\"position\":1,\"name\":\"Home\",\"item\":\"https:\/\/www.diocesitn.it\/area-annuncio\/\"},{\"@type\":\"ListItem\",\"position\":2,\"name\":\"LA FECONDITA\u2019\"}]},{\"@type\":\"WebSite\",\"@id\":\"https:\/\/www.diocesitn.it\/area-annuncio\/#website\",\"url\":\"https:\/\/www.diocesitn.it\/area-annuncio\/\",\"name\":\"Annuncio e Sacramenti\",\"description\":\"Chiesa di Trento\",\"publisher\":{\"@id\":\"https:\/\/www.diocesitn.it\/area-annuncio\/#organization\"},\"potentialAction\":[{\"@type\":\"SearchAction\",\"target\":{\"@type\":\"EntryPoint\",\"urlTemplate\":\"https:\/\/www.diocesitn.it\/area-annuncio\/?s={search_term_string}\"},\"query-input\":\"required name=search_term_string\"}],\"inLanguage\":\"it-IT\"},{\"@type\":[\"Organization\",\"Place\"],\"@id\":\"https:\/\/www.diocesitn.it\/area-annuncio\/#organization\",\"name\":\"Area Annuncio e Sacramenti - Chiesa di Trento\",\"url\":\"https:\/\/www.diocesitn.it\/area-annuncio\/\",\"logo\":{\"@id\":\"https:\/\/www.diocesitn.it\/area-annuncio\/fecondita-2\/#local-main-organization-logo\"},\"image\":{\"@id\":\"https:\/\/www.diocesitn.it\/area-annuncio\/fecondita-2\/#local-main-organization-logo\"},\"sameAs\":[\"https:\/\/www.facebook.com\/pastoralegiovanile.trento\/\",\"https:\/\/www.instagram.com\/pastoralegiovaniletrento\/\",\"https:\/\/www.youtube.com\/channel\/UCGt7hyJaIQIkrQPos4K6L6w\"],\"openingHoursSpecification\":[{\"@type\":\"OpeningHoursSpecification\",\"dayOfWeek\":[\"Monday\",\"Tuesday\",\"Wednesday\",\"Thursday\",\"Friday\",\"Saturday\",\"Sunday\"],\"opens\":\"09:00\",\"closes\":\"17:00\"}]},{\"@type\":\"ImageObject\",\"inLanguage\":\"it-IT\",\"@id\":\"https:\/\/www.diocesitn.it\/area-annuncio\/fecondita-2\/#local-main-organization-logo\",\"url\":\"https:\/\/www.diocesitn.it\/area-annuncio\/wp-content\/uploads\/sites\/39\/2021\/09\/og-logo-annuncio-e-sacramenti.jpg\",\"contentUrl\":\"https:\/\/www.diocesitn.it\/area-annuncio\/wp-content\/uploads\/sites\/39\/2021\/09\/og-logo-annuncio-e-sacramenti.jpg\",\"width\":1200,\"height\":630,\"caption\":\"Area Annuncio e Sacramenti - Chiesa di Trento\"}]}<\/script>\n<!-- \/ Yoast SEO Premium plugin. -->","yoast_head_json":{"title":"LA FECONDITA\u2019 - Annuncio e Sacramenti","robots":{"index":"index","follow":"follow","max-snippet":"max-snippet:-1","max-image-preview":"max-image-preview:large","max-video-preview":"max-video-preview:-1"},"canonical":"https:\/\/www.diocesitn.it\/area-annuncio\/fecondita-2\/","og_locale":"it_IT","og_type":"article","og_title":"LA FECONDITA\u2019","og_description":"Come un poco di lievito permette a tutto l\u2019impasto di lievitare, cos\u00ec alla famiglia cristiana viene chiesto di essere fermento nella coppia, con i figli, nella societ\u00e0, nella Chiesa. Commento al Vangelo Obiettivi dell\u2019incontro Contenuti","og_url":"https:\/\/www.diocesitn.it\/area-annuncio\/fecondita-2\/","og_site_name":"Annuncio e Sacramenti","article_publisher":"https:\/\/www.facebook.com\/pastoralegiovanile.trento\/","article_modified_time":"2022-12-28T14:16:07+00:00","og_image":[{"width":1200,"height":630,"url":"https:\/\/www.diocesitn.it\/area-annuncio\/wp-content\/uploads\/sites\/39\/2021\/09\/og-logo-annuncio-e-sacramenti.jpg","type":"image\/jpeg"}],"twitter_card":"summary_large_image","twitter_misc":{"Tempo di lettura stimato":"16 minuti"},"schema":{"@context":"https:\/\/schema.org","@graph":[{"@type":"WebPage","@id":"https:\/\/www.diocesitn.it\/area-annuncio\/fecondita-2\/","url":"https:\/\/www.diocesitn.it\/area-annuncio\/fecondita-2\/","name":"LA FECONDITA\u2019 - Annuncio e Sacramenti","isPartOf":{"@id":"https:\/\/www.diocesitn.it\/area-annuncio\/#website"},"datePublished":"2022-01-14T10:01:16+00:00","dateModified":"2022-12-28T14:16:07+00:00","breadcrumb":{"@id":"https:\/\/www.diocesitn.it\/area-annuncio\/fecondita-2\/#breadcrumb"},"inLanguage":"it-IT","potentialAction":[{"@type":"ReadAction","target":["https:\/\/www.diocesitn.it\/area-annuncio\/fecondita-2\/"]}]},{"@type":"BreadcrumbList","@id":"https:\/\/www.diocesitn.it\/area-annuncio\/fecondita-2\/#breadcrumb","itemListElement":[{"@type":"ListItem","position":1,"name":"Home","item":"https:\/\/www.diocesitn.it\/area-annuncio\/"},{"@type":"ListItem","position":2,"name":"LA FECONDITA\u2019"}]},{"@type":"WebSite","@id":"https:\/\/www.diocesitn.it\/area-annuncio\/#website","url":"https:\/\/www.diocesitn.it\/area-annuncio\/","name":"Annuncio e Sacramenti","description":"Chiesa di Trento","publisher":{"@id":"https:\/\/www.diocesitn.it\/area-annuncio\/#organization"},"potentialAction":[{"@type":"SearchAction","target":{"@type":"EntryPoint","urlTemplate":"https:\/\/www.diocesitn.it\/area-annuncio\/?s={search_term_string}"},"query-input":"required name=search_term_string"}],"inLanguage":"it-IT"},{"@type":["Organization","Place"],"@id":"https:\/\/www.diocesitn.it\/area-annuncio\/#organization","name":"Area Annuncio e Sacramenti - Chiesa di Trento","url":"https:\/\/www.diocesitn.it\/area-annuncio\/","logo":{"@id":"https:\/\/www.diocesitn.it\/area-annuncio\/fecondita-2\/#local-main-organization-logo"},"image":{"@id":"https:\/\/www.diocesitn.it\/area-annuncio\/fecondita-2\/#local-main-organization-logo"},"sameAs":["https:\/\/www.facebook.com\/pastoralegiovanile.trento\/","https:\/\/www.instagram.com\/pastoralegiovaniletrento\/","https:\/\/www.youtube.com\/channel\/UCGt7hyJaIQIkrQPos4K6L6w"],"openingHoursSpecification":[{"@type":"OpeningHoursSpecification","dayOfWeek":["Monday","Tuesday","Wednesday","Thursday","Friday","Saturday","Sunday"],"opens":"09:00","closes":"17:00"}]},{"@type":"ImageObject","inLanguage":"it-IT","@id":"https:\/\/www.diocesitn.it\/area-annuncio\/fecondita-2\/#local-main-organization-logo","url":"https:\/\/www.diocesitn.it\/area-annuncio\/wp-content\/uploads\/sites\/39\/2021\/09\/og-logo-annuncio-e-sacramenti.jpg","contentUrl":"https:\/\/www.diocesitn.it\/area-annuncio\/wp-content\/uploads\/sites\/39\/2021\/09\/og-logo-annuncio-e-sacramenti.jpg","width":1200,"height":630,"caption":"Area Annuncio e Sacramenti - Chiesa di Trento"}]}},"_links":{"self":[{"href":"https:\/\/www.diocesitn.it\/area-annuncio\/wp-json\/wp\/v2\/pages\/14291","targetHints":{"allow":["GET"]}}],"collection":[{"href":"https:\/\/www.diocesitn.it\/area-annuncio\/wp-json\/wp\/v2\/pages"}],"about":[{"href":"https:\/\/www.diocesitn.it\/area-annuncio\/wp-json\/wp\/v2\/types\/page"}],"author":[{"embeddable":true,"href":"https:\/\/www.diocesitn.it\/area-annuncio\/wp-json\/wp\/v2\/users\/14"}],"replies":[{"embeddable":true,"href":"https:\/\/www.diocesitn.it\/area-annuncio\/wp-json\/wp\/v2\/comments?post=14291"}],"version-history":[{"count":3,"href":"https:\/\/www.diocesitn.it\/area-annuncio\/wp-json\/wp\/v2\/pages\/14291\/revisions"}],"predecessor-version":[{"id":17395,"href":"https:\/\/www.diocesitn.it\/area-annuncio\/wp-json\/wp\/v2\/pages\/14291\/revisions\/17395"}],"wp:attachment":[{"href":"https:\/\/www.diocesitn.it\/area-annuncio\/wp-json\/wp\/v2\/media?parent=14291"}],"curies":[{"name":"wp","href":"https:\/\/api.w.org\/{rel}","templated":true}]}}