{"id":10871,"date":"2025-09-17T12:42:17","date_gmt":"2025-09-17T10:42:17","guid":{"rendered":"https:\/\/www.diocesitn.it\/area-annuncio\/?page_id=10871"},"modified":"2025-10-14T11:36:21","modified_gmt":"2025-10-14T09:36:21","slug":"per-studenti-universitari","status":"publish","type":"page","link":"https:\/\/www.diocesitn.it\/area-annuncio\/per-studenti-universitari\/","title":{"rendered":"Studenti universitari"},"content":{"rendered":"<p>Cari studenti universitari, ecco alcune proposte dedicate a voi in quest&#8217;anno 2025-26.<\/p>\n<p><strong><button class=\"large button\"><span style=\"color: #ffffff\">PROPOSTE DI PREGHIERA<\/span><\/button><\/strong><\/p>\n<ul>\n<li>S. Messa dal luned\u00ec al venerd\u00ec ore 8.00 &#8211; marted\u00ec ore 18.15 &#8211; presso il Collegio Arcivescovile di Trento, a partire da ottobre 2025<\/li>\n<li>S. Messa ogni domenica sera alle 19.00 in S. Maria Maggiore a Trento<\/li>\n<li>S. Messa di Natale con il vescovo Lauro, luned\u00ec 15 dicembre alle ore 20.00 in S. Maria Maggiore a Trento<br \/>\n<hr \/>\n<\/li>\n<\/ul>\n<p><strong><button class=\"large button\"><a href=\"https:\/\/www.diocesitn.it\/area-annuncio\/2025\/09\/11\/passi-di-prossimita-proposte-di-servizio-per-giovani\/\" target=\"_blank\" rel=\"noopener\"><span style=\"color: #ffffff\">PASSI DI PROSSIMITA&#8217;<\/span><\/a><\/button><\/strong><\/p>\n<p><strong><a href=\"https:\/\/www.diocesitn.it\/area-annuncio\/wp-content\/uploads\/sites\/39\/2025\/09\/PdP_immagine-sito.png\"><img loading=\"lazy\" decoding=\"async\" class=\"alignleft wp-image-26013\" src=\"https:\/\/www.diocesitn.it\/area-annuncio\/wp-content\/uploads\/sites\/39\/2025\/09\/PdP_immagine-sito-300x169.png\" alt=\"passi di prossimit\u00e0\" width=\"184\" height=\"104\" srcset=\"https:\/\/www.diocesitn.it\/area-annuncio\/wp-content\/uploads\/sites\/39\/2025\/09\/PdP_immagine-sito-300x169.png 300w, https:\/\/www.diocesitn.it\/area-annuncio\/wp-content\/uploads\/sites\/39\/2025\/09\/PdP_immagine-sito-1024x576.png 1024w, https:\/\/www.diocesitn.it\/area-annuncio\/wp-content\/uploads\/sites\/39\/2025\/09\/PdP_immagine-sito-768x432.png 768w, https:\/\/www.diocesitn.it\/area-annuncio\/wp-content\/uploads\/sites\/39\/2025\/09\/PdP_immagine-sito-360x203.png 360w, https:\/\/www.diocesitn.it\/area-annuncio\/wp-content\/uploads\/sites\/39\/2025\/09\/PdP_immagine-sito-1536x864.png 1536w, https:\/\/www.diocesitn.it\/area-annuncio\/wp-content\/uploads\/sites\/39\/2025\/09\/PdP_immagine-sito-800x450.png 800w, https:\/\/www.diocesitn.it\/area-annuncio\/wp-content\/uploads\/sites\/39\/2025\/09\/PdP_immagine-sito-1200x675.png 1200w, https:\/\/www.diocesitn.it\/area-annuncio\/wp-content\/uploads\/sites\/39\/2025\/09\/PdP_immagine-sito-1320x743.png 1320w, https:\/\/www.diocesitn.it\/area-annuncio\/wp-content\/uploads\/sites\/39\/2025\/09\/PdP_immagine-sito.png 1920w\" sizes=\"auto, (max-width: 184px) 100vw, 184px\" \/><\/a>Proposte di servizio<\/strong> dedicate all&#8217;incontro, al sostegno, alla conoscenza, al dono di s\u00e8, a Trento e Rovereto: Servizi Caritas, Ospedale San Camillo, Capodanno Capovolto e molti altri.<\/p>\n<hr \/>\n<p><strong><button class=\"large button\"><a href=\"https:\/\/www.diocesitn.it\/area-annuncio\/2025\/09\/22\/passi-di-vangelo-2025-26\/\" target=\"_blank\" rel=\"noopener\"><span style=\"color: #ffffff\">PASSI DI VANGELO<\/span><\/a><\/button><\/strong><\/p>\n<p><a href=\"https:\/\/www.diocesitn.it\/area-annuncio\/wp-content\/uploads\/sites\/39\/2025\/09\/SITO-passi-di-Vangelo-2025-1600X900-px-scaled.png\"><img loading=\"lazy\" decoding=\"async\" class=\"alignleft wp-image-26095 \" src=\"https:\/\/www.diocesitn.it\/area-annuncio\/wp-content\/uploads\/sites\/39\/2025\/09\/SITO-passi-di-Vangelo-2025-1600X900-px-300x170.png\" alt=\"\" width=\"184\" height=\"104\" srcset=\"https:\/\/www.diocesitn.it\/area-annuncio\/wp-content\/uploads\/sites\/39\/2025\/09\/SITO-passi-di-Vangelo-2025-1600X900-px-300x170.png 300w, https:\/\/www.diocesitn.it\/area-annuncio\/wp-content\/uploads\/sites\/39\/2025\/09\/SITO-passi-di-Vangelo-2025-1600X900-px-1024x579.png 1024w, https:\/\/www.diocesitn.it\/area-annuncio\/wp-content\/uploads\/sites\/39\/2025\/09\/SITO-passi-di-Vangelo-2025-1600X900-px-768x434.png 768w, https:\/\/www.diocesitn.it\/area-annuncio\/wp-content\/uploads\/sites\/39\/2025\/09\/SITO-passi-di-Vangelo-2025-1600X900-px-360x204.png 360w, https:\/\/www.diocesitn.it\/area-annuncio\/wp-content\/uploads\/sites\/39\/2025\/09\/SITO-passi-di-Vangelo-2025-1600X900-px-1536x868.png 1536w, https:\/\/www.diocesitn.it\/area-annuncio\/wp-content\/uploads\/sites\/39\/2025\/09\/SITO-passi-di-Vangelo-2025-1600X900-px-2048x1158.png 2048w, https:\/\/www.diocesitn.it\/area-annuncio\/wp-content\/uploads\/sites\/39\/2025\/09\/SITO-passi-di-Vangelo-2025-1600X900-px-800x452.png 800w, https:\/\/www.diocesitn.it\/area-annuncio\/wp-content\/uploads\/sites\/39\/2025\/09\/SITO-passi-di-Vangelo-2025-1600X900-px-1200x678.png 1200w, https:\/\/www.diocesitn.it\/area-annuncio\/wp-content\/uploads\/sites\/39\/2025\/09\/SITO-passi-di-Vangelo-2025-1600X900-px-1320x746.png 1320w\" sizes=\"auto, (max-width: 184px) 100vw, 184px\" \/><\/a>Una volta al mese, da fine ottobre ad aprile, si partecipa insieme agli <strong>incontri con il vescovo Lauro, nella chiesa del Seminario Diocesano alle ore 20.00<\/strong>: un momento per fermarsi, riflettere, condividere!<\/p>\n<hr \/>\n<p><strong>PASSI DI VANGELO settimanali per universitari &#8211; da ottobre a Trento e Rovereto<\/strong><\/p>\n<p>Alcune informazioni:<\/p>\n<ul>\n<li><span style=\"font-size: inherit\">Gli incontri, della durata di un&#8217;ora, sono <em>sempre<\/em> aperti a tutti in qualunque momento dell&#8217;anno (non bisogna aver partecipato per forza a quelli precedenti);<\/span><\/li>\n<li>Si parte sempre dalle domande che il testo suscita: dubbi, chiarimenti, punti che ci lasciano interdetti;<\/li>\n<li>Sar\u00e0 il gruppo a cercare di dare le risposte, dialogando insieme, mettendo in comune le proprie conoscenze;<\/li>\n<li>Non c&#8217;\u00e8 fretta di rispondere a tutte le domande che potrebbero trovare risposta anche negli incontri successivi. Si cercher\u00e0 per\u00f2 di raccoglierle tutte e di non dimenticarle;<\/li>\n<\/ul>\n<hr \/>\n<p><strong><button class=\"large button\"><a href=\"https:\/\/www.diocesitn.it\/area-annuncio\/2025\/10\/10\/tre-week-end-dai-18-ai-30-anni-sui-tuoi-passi\/\" target=\"_blank\" rel=\"noopener\"> <span style=\"color: #ffffff\">SUI TUOI PASSI<\/span><\/a><\/button><\/strong><\/p>\n<p><a href=\"https:\/\/www.diocesitn.it\/area-annuncio\/wp-content\/uploads\/sites\/39\/2025\/10\/sui-tuoi-passi-loc.jpg\" target=\"_blank\" rel=\"noopener\"><img loading=\"lazy\" decoding=\"async\" class=\"alignleft wp-image-26246\" src=\"https:\/\/www.diocesitn.it\/area-annuncio\/wp-content\/uploads\/sites\/39\/2025\/10\/sui-tuoi-passi-loc-240x300.jpg\" alt=\"\" width=\"184\" height=\"230\" srcset=\"https:\/\/www.diocesitn.it\/area-annuncio\/wp-content\/uploads\/sites\/39\/2025\/10\/sui-tuoi-passi-loc-240x300.jpg 240w, https:\/\/www.diocesitn.it\/area-annuncio\/wp-content\/uploads\/sites\/39\/2025\/10\/sui-tuoi-passi-loc-819x1024.jpg 819w, https:\/\/www.diocesitn.it\/area-annuncio\/wp-content\/uploads\/sites\/39\/2025\/10\/sui-tuoi-passi-loc-768x960.jpg 768w, https:\/\/www.diocesitn.it\/area-annuncio\/wp-content\/uploads\/sites\/39\/2025\/10\/sui-tuoi-passi-loc-224x280.jpg 224w, https:\/\/www.diocesitn.it\/area-annuncio\/wp-content\/uploads\/sites\/39\/2025\/10\/sui-tuoi-passi-loc-614x768.jpg 614w, https:\/\/www.diocesitn.it\/area-annuncio\/wp-content\/uploads\/sites\/39\/2025\/10\/sui-tuoi-passi-loc-800x1000.jpg 800w, https:\/\/www.diocesitn.it\/area-annuncio\/wp-content\/uploads\/sites\/39\/2025\/10\/sui-tuoi-passi-loc.jpg 1080w\" sizes=\"auto, (max-width: 184px) 100vw, 184px\" \/><\/a>Weekend di fraternit\u00e0, preghiera e ricerca.<\/p>\n<ul>\n<li>21-23 novembre 2025 ad Arco<\/li>\n<li>16-18 gennaio 2026 a Rovereto<\/li>\n<li>12-15 marzo 2026 a Trento<\/li>\n<\/ul>\n<hr \/>\n<p><strong><button class=\"large button\"> <span style=\"color: #ffffff\">SICHEM<\/span><\/button><\/strong><\/p>\n<p>Itinerario di ricerca vocazionale a 360\u00b0.<\/p>\n<hr \/>\n<p><strong><button class=\"large button\"><a href=\"https:\/\/www.diocesitn.it\/area-annuncio\/2025\/09\/23\/proget-ti-amo-2025-26\/\" target=\"_blank\" rel=\"noopener\"> <span style=\"color: #ffffff\">PROGET-TIAMO<\/span><\/a><\/button><\/strong><\/p>\n<p><a href=\"https:\/\/www.diocesitn.it\/area-annuncio\/wp-content\/uploads\/sites\/39\/2025\/09\/progetTiAmo.png\" target=\"_blank\" rel=\"noopener\"><img loading=\"lazy\" decoding=\"async\" class=\"alignleft wp-image-26215\" src=\"https:\/\/www.diocesitn.it\/area-annuncio\/wp-content\/uploads\/sites\/39\/2025\/09\/progetTiAmo-212x300.png\" alt=\"\" width=\"184\" height=\"260\" srcset=\"https:\/\/www.diocesitn.it\/area-annuncio\/wp-content\/uploads\/sites\/39\/2025\/09\/progetTiAmo-212x300.png 212w, https:\/\/www.diocesitn.it\/area-annuncio\/wp-content\/uploads\/sites\/39\/2025\/09\/progetTiAmo-724x1024.png 724w, https:\/\/www.diocesitn.it\/area-annuncio\/wp-content\/uploads\/sites\/39\/2025\/09\/progetTiAmo-768x1086.png 768w, https:\/\/www.diocesitn.it\/area-annuncio\/wp-content\/uploads\/sites\/39\/2025\/09\/progetTiAmo-198x280.png 198w, https:\/\/www.diocesitn.it\/area-annuncio\/wp-content\/uploads\/sites\/39\/2025\/09\/progetTiAmo-543x768.png 543w, https:\/\/www.diocesitn.it\/area-annuncio\/wp-content\/uploads\/sites\/39\/2025\/09\/progetTiAmo-1086x1536.png 1086w, https:\/\/www.diocesitn.it\/area-annuncio\/wp-content\/uploads\/sites\/39\/2025\/09\/progetTiAmo-1448x2048.png 1448w, https:\/\/www.diocesitn.it\/area-annuncio\/wp-content\/uploads\/sites\/39\/2025\/09\/progetTiAmo-800x1132.png 800w, https:\/\/www.diocesitn.it\/area-annuncio\/wp-content\/uploads\/sites\/39\/2025\/09\/progetTiAmo-1200x1698.png 1200w, https:\/\/www.diocesitn.it\/area-annuncio\/wp-content\/uploads\/sites\/39\/2025\/09\/progetTiAmo.png 1587w\" sizes=\"auto, (max-width: 184px) 100vw, 184px\" \/><\/a><\/p>\n<p data-wp-editing=\"1\">Tre giorni per giovani coppie 20-28 anni a Trento<\/p>\n<ul>\n<li data-wp-editing=\"1\">14-16 novembre 2025<\/li>\n<li data-wp-editing=\"1\">17-19 aprile 2026<\/li>\n<\/ul>\n<hr \/>\n<p><strong>CONTATTI:<\/strong><\/p>\n<p>cell: 345 7060488 oppure 3428627842<\/p>\n<p>mail: giovani@diocesitn.it<\/p>\n<p><a href=\"https:\/\/www.instagram.com\/pgu_trento\/\" target=\"_blank\" rel=\"noopener\"><img loading=\"lazy\" decoding=\"async\" class=\"alignnone wp-image-22296\" src=\"https:\/\/www.diocesitn.it\/area-annuncio\/wp-content\/uploads\/sites\/39\/2024\/10\/icona-ig-300x300.png\" alt=\"\" width=\"45\" height=\"45\" srcset=\"https:\/\/www.diocesitn.it\/area-annuncio\/wp-content\/uploads\/sites\/39\/2024\/10\/icona-ig-300x300.png 300w, https:\/\/www.diocesitn.it\/area-annuncio\/wp-content\/uploads\/sites\/39\/2024\/10\/icona-ig-1024x1024.png 1024w, https:\/\/www.diocesitn.it\/area-annuncio\/wp-content\/uploads\/sites\/39\/2024\/10\/icona-ig-150x150.png 150w, https:\/\/www.diocesitn.it\/area-annuncio\/wp-content\/uploads\/sites\/39\/2024\/10\/icona-ig-768x768.png 768w, https:\/\/www.diocesitn.it\/area-annuncio\/wp-content\/uploads\/sites\/39\/2024\/10\/icona-ig-200x200.png 200w, https:\/\/www.diocesitn.it\/area-annuncio\/wp-content\/uploads\/sites\/39\/2024\/10\/icona-ig-280x280.png 280w, https:\/\/www.diocesitn.it\/area-annuncio\/wp-content\/uploads\/sites\/39\/2024\/10\/icona-ig-800x800.png 800w, https:\/\/www.diocesitn.it\/area-annuncio\/wp-content\/uploads\/sites\/39\/2024\/10\/icona-ig.png 1080w\" sizes=\"auto, (max-width: 45px) 100vw, 45px\" \/><\/a> Per rimanere aggiornati seguici su <a href=\"https:\/\/www.instagram.com\/pgu_trento\/\" target=\"_blank\" rel=\"noopener\">instagram\u00a0<\/a><\/p>\n<p><a href=\"https:\/\/www.diocesitn.it\/area-annuncio\/wp-content\/uploads\/sites\/39\/2025\/09\/mappa-pgu-2526.png\" target=\"_blank\" rel=\"noopener\"><img loading=\"lazy\" decoding=\"async\" class=\"alignnone wp-image-26078 size-medium\" src=\"https:\/\/www.diocesitn.it\/area-annuncio\/wp-content\/uploads\/sites\/39\/2025\/09\/mappa-pgu-2526-300x212.png\" alt=\"studenti universitari\" width=\"300\" height=\"212\" srcset=\"https:\/\/www.diocesitn.it\/area-annuncio\/wp-content\/uploads\/sites\/39\/2025\/09\/mappa-pgu-2526-300x212.png 300w, https:\/\/www.diocesitn.it\/area-annuncio\/wp-content\/uploads\/sites\/39\/2025\/09\/mappa-pgu-2526-1024x724.png 1024w, https:\/\/www.diocesitn.it\/area-annuncio\/wp-content\/uploads\/sites\/39\/2025\/09\/mappa-pgu-2526-768x543.png 768w, https:\/\/www.diocesitn.it\/area-annuncio\/wp-content\/uploads\/sites\/39\/2025\/09\/mappa-pgu-2526-360x254.png 360w, https:\/\/www.diocesitn.it\/area-annuncio\/wp-content\/uploads\/sites\/39\/2025\/09\/mappa-pgu-2526-1536x1086.png 1536w, https:\/\/www.diocesitn.it\/area-annuncio\/wp-content\/uploads\/sites\/39\/2025\/09\/mappa-pgu-2526-2048x1448.png 2048w, https:\/\/www.diocesitn.it\/area-annuncio\/wp-content\/uploads\/sites\/39\/2025\/09\/mappa-pgu-2526-800x566.png 800w, https:\/\/www.diocesitn.it\/area-annuncio\/wp-content\/uploads\/sites\/39\/2025\/09\/mappa-pgu-2526-1200x848.png 1200w, https:\/\/www.diocesitn.it\/area-annuncio\/wp-content\/uploads\/sites\/39\/2025\/09\/mappa-pgu-2526-1320x933.png 1320w\" sizes=\"auto, (max-width: 300px) 100vw, 300px\" \/><\/a><\/p>\n","protected":false},"excerpt":{"rendered":"<p>Cari studenti universitari, ecco alcune proposte dedicate a voi in quest&#8217;anno 2025-26. S. Messa dal luned\u00ec al venerd\u00ec ore 8.00 &#8211; marted\u00ec ore 18.15 &#8211; presso il Collegio Arcivescovile di Trento, a partire da ottobre<\/p>\n","protected":false},"author":167,"featured_media":0,"parent":0,"menu_order":0,"comment_status":"closed","ping_status":"closed","template":"","meta":{"footnotes":""},"class_list":["post-10871","page","type-page","status-publish","hentry"],"acf":{"seed-localization-paese-cod":"IT","seed-localization-address":"","seed-localization-citta":"Trento","seed-localization-regione-cod-istat":"04","seed-localization-citta-cod-istat":"022205","seed-localization-localita":"","seed-localization-cap":"","seed-localization-marker-visibility":false,"seed-localization-children-visibility":false,"seed-localization-kml":"","seed-localization-custom-marker":""},"yoast_head":"<!-- This site is optimized with the Yoast SEO Premium plugin v20.2.1 (Yoast SEO v22.2) - https:\/\/yoast.com\/wordpress\/plugins\/seo\/ -->\n<title>studenti universitari<\/title>\n<meta name=\"description\" content=\"Tutti gli appuntamenti dedicati agli studenti universitari per l&#039;anno 2025-26 proposti dalla Pastorale Giovanile per Universitari di Trento.\" \/>\n<meta name=\"robots\" content=\"index, follow, max-snippet:-1, max-image-preview:large, max-video-preview:-1\" \/>\n<link rel=\"canonical\" href=\"https:\/\/www.diocesitn.it\/area-annuncio\/per-studenti-universitari\/\" \/>\n<meta property=\"og:locale\" content=\"it_IT\" \/>\n<meta property=\"og:type\" content=\"article\" \/>\n<meta property=\"og:title\" content=\"Studenti universitari\" \/>\n<meta property=\"og:description\" content=\"Tutti gli appuntamenti dedicati agli studenti universitari per l&#039;anno 2025-26 proposti dalla Pastorale Giovanile per Universitari di Trento.\" \/>\n<meta property=\"og:url\" content=\"https:\/\/www.diocesitn.it\/area-annuncio\/per-studenti-universitari\/\" \/>\n<meta property=\"og:site_name\" content=\"Annuncio e Sacramenti\" \/>\n<meta property=\"article:publisher\" content=\"https:\/\/www.facebook.com\/pastoralegiovanile.trento\/\" \/>\n<meta property=\"article:modified_time\" content=\"2025-10-14T09:36:21+00:00\" \/>\n<meta property=\"og:image\" content=\"https:\/\/www.diocesitn.it\/area-annuncio\/wp-content\/uploads\/sites\/39\/2025\/09\/PdP_immagine-sito.png\" \/>\n\t<meta property=\"og:image:width\" content=\"1920\" \/>\n\t<meta property=\"og:image:height\" content=\"1080\" \/>\n\t<meta property=\"og:image:type\" content=\"image\/png\" \/>\n<meta name=\"twitter:card\" content=\"summary_large_image\" \/>\n<meta name=\"twitter:label1\" content=\"Tempo di lettura stimato\" \/>\n\t<meta name=\"twitter:data1\" content=\"3 minuti\" \/>\n<script type=\"application\/ld+json\" class=\"yoast-schema-graph\">{\"@context\":\"https:\/\/schema.org\",\"@graph\":[{\"@type\":\"WebPage\",\"@id\":\"https:\/\/www.diocesitn.it\/area-annuncio\/per-studenti-universitari\/\",\"url\":\"https:\/\/www.diocesitn.it\/area-annuncio\/per-studenti-universitari\/\",\"name\":\"studenti universitari\",\"isPartOf\":{\"@id\":\"https:\/\/www.diocesitn.it\/area-annuncio\/#website\"},\"primaryImageOfPage\":{\"@id\":\"https:\/\/www.diocesitn.it\/area-annuncio\/per-studenti-universitari\/#primaryimage\"},\"image\":{\"@id\":\"https:\/\/www.diocesitn.it\/area-annuncio\/per-studenti-universitari\/#primaryimage\"},\"thumbnailUrl\":\"https:\/\/www.diocesitn.it\/area-annuncio\/wp-content\/uploads\/sites\/39\/2025\/09\/PdP_immagine-sito-300x169.png\",\"datePublished\":\"2025-09-17T10:42:17+00:00\",\"dateModified\":\"2025-10-14T09:36:21+00:00\",\"description\":\"Tutti gli appuntamenti dedicati agli studenti universitari per l'anno 2025-26 proposti dalla Pastorale Giovanile per Universitari di Trento.\",\"breadcrumb\":{\"@id\":\"https:\/\/www.diocesitn.it\/area-annuncio\/per-studenti-universitari\/#breadcrumb\"},\"inLanguage\":\"it-IT\",\"potentialAction\":[{\"@type\":\"ReadAction\",\"target\":[\"https:\/\/www.diocesitn.it\/area-annuncio\/per-studenti-universitari\/\"]}]},{\"@type\":\"ImageObject\",\"inLanguage\":\"it-IT\",\"@id\":\"https:\/\/www.diocesitn.it\/area-annuncio\/per-studenti-universitari\/#primaryimage\",\"url\":\"https:\/\/www.diocesitn.it\/area-annuncio\/wp-content\/uploads\/sites\/39\/2025\/09\/PdP_immagine-sito.png\",\"contentUrl\":\"https:\/\/www.diocesitn.it\/area-annuncio\/wp-content\/uploads\/sites\/39\/2025\/09\/PdP_immagine-sito.png\",\"width\":1920,\"height\":1080,\"caption\":\"passi di prossimit\u00e0\"},{\"@type\":\"BreadcrumbList\",\"@id\":\"https:\/\/www.diocesitn.it\/area-annuncio\/per-studenti-universitari\/#breadcrumb\",\"itemListElement\":[{\"@type\":\"ListItem\",\"position\":1,\"name\":\"Home\",\"item\":\"https:\/\/www.diocesitn.it\/area-annuncio\/\"},{\"@type\":\"ListItem\",\"position\":2,\"name\":\"Studenti universitari\"}]},{\"@type\":\"WebSite\",\"@id\":\"https:\/\/www.diocesitn.it\/area-annuncio\/#website\",\"url\":\"https:\/\/www.diocesitn.it\/area-annuncio\/\",\"name\":\"Annuncio e Sacramenti\",\"description\":\"Chiesa di Trento\",\"publisher\":{\"@id\":\"https:\/\/www.diocesitn.it\/area-annuncio\/#organization\"},\"potentialAction\":[{\"@type\":\"SearchAction\",\"target\":{\"@type\":\"EntryPoint\",\"urlTemplate\":\"https:\/\/www.diocesitn.it\/area-annuncio\/?s={search_term_string}\"},\"query-input\":\"required name=search_term_string\"}],\"inLanguage\":\"it-IT\"},{\"@type\":[\"Organization\",\"Place\"],\"@id\":\"https:\/\/www.diocesitn.it\/area-annuncio\/#organization\",\"name\":\"Area Annuncio e Sacramenti - Chiesa di Trento\",\"url\":\"https:\/\/www.diocesitn.it\/area-annuncio\/\",\"logo\":{\"@id\":\"https:\/\/www.diocesitn.it\/area-annuncio\/per-studenti-universitari\/#local-main-organization-logo\"},\"image\":{\"@id\":\"https:\/\/www.diocesitn.it\/area-annuncio\/per-studenti-universitari\/#local-main-organization-logo\"},\"sameAs\":[\"https:\/\/www.facebook.com\/pastoralegiovanile.trento\/\",\"https:\/\/www.instagram.com\/pastoralegiovaniletrento\/\",\"https:\/\/www.youtube.com\/channel\/UCGt7hyJaIQIkrQPos4K6L6w\"],\"openingHoursSpecification\":[{\"@type\":\"OpeningHoursSpecification\",\"dayOfWeek\":[\"Monday\",\"Tuesday\",\"Wednesday\",\"Thursday\",\"Friday\",\"Saturday\",\"Sunday\"],\"opens\":\"09:00\",\"closes\":\"17:00\"}]},{\"@type\":\"ImageObject\",\"inLanguage\":\"it-IT\",\"@id\":\"https:\/\/www.diocesitn.it\/area-annuncio\/per-studenti-universitari\/#local-main-organization-logo\",\"url\":\"https:\/\/www.diocesitn.it\/area-annuncio\/wp-content\/uploads\/sites\/39\/2021\/09\/og-logo-annuncio-e-sacramenti.jpg\",\"contentUrl\":\"https:\/\/www.diocesitn.it\/area-annuncio\/wp-content\/uploads\/sites\/39\/2021\/09\/og-logo-annuncio-e-sacramenti.jpg\",\"width\":1200,\"height\":630,\"caption\":\"Area Annuncio e Sacramenti - Chiesa di Trento\"}]}<\/script>\n<!-- \/ Yoast SEO Premium plugin. -->","yoast_head_json":{"title":"studenti universitari","description":"Tutti gli appuntamenti dedicati agli studenti universitari per l'anno 2025-26 proposti dalla Pastorale Giovanile per Universitari di Trento.","robots":{"index":"index","follow":"follow","max-snippet":"max-snippet:-1","max-image-preview":"max-image-preview:large","max-video-preview":"max-video-preview:-1"},"canonical":"https:\/\/www.diocesitn.it\/area-annuncio\/per-studenti-universitari\/","og_locale":"it_IT","og_type":"article","og_title":"Studenti universitari","og_description":"Tutti gli appuntamenti dedicati agli studenti universitari per l'anno 2025-26 proposti dalla Pastorale Giovanile per Universitari di Trento.","og_url":"https:\/\/www.diocesitn.it\/area-annuncio\/per-studenti-universitari\/","og_site_name":"Annuncio e Sacramenti","article_publisher":"https:\/\/www.facebook.com\/pastoralegiovanile.trento\/","article_modified_time":"2025-10-14T09:36:21+00:00","og_image":[{"width":1920,"height":1080,"url":"https:\/\/www.diocesitn.it\/area-annuncio\/wp-content\/uploads\/sites\/39\/2025\/09\/PdP_immagine-sito.png","type":"image\/png"}],"twitter_card":"summary_large_image","twitter_misc":{"Tempo di lettura stimato":"3 minuti"},"schema":{"@context":"https:\/\/schema.org","@graph":[{"@type":"WebPage","@id":"https:\/\/www.diocesitn.it\/area-annuncio\/per-studenti-universitari\/","url":"https:\/\/www.diocesitn.it\/area-annuncio\/per-studenti-universitari\/","name":"studenti universitari","isPartOf":{"@id":"https:\/\/www.diocesitn.it\/area-annuncio\/#website"},"primaryImageOfPage":{"@id":"https:\/\/www.diocesitn.it\/area-annuncio\/per-studenti-universitari\/#primaryimage"},"image":{"@id":"https:\/\/www.diocesitn.it\/area-annuncio\/per-studenti-universitari\/#primaryimage"},"thumbnailUrl":"https:\/\/www.diocesitn.it\/area-annuncio\/wp-content\/uploads\/sites\/39\/2025\/09\/PdP_immagine-sito-300x169.png","datePublished":"2025-09-17T10:42:17+00:00","dateModified":"2025-10-14T09:36:21+00:00","description":"Tutti gli appuntamenti dedicati agli studenti universitari per l'anno 2025-26 proposti dalla Pastorale Giovanile per Universitari di Trento.","breadcrumb":{"@id":"https:\/\/www.diocesitn.it\/area-annuncio\/per-studenti-universitari\/#breadcrumb"},"inLanguage":"it-IT","potentialAction":[{"@type":"ReadAction","target":["https:\/\/www.diocesitn.it\/area-annuncio\/per-studenti-universitari\/"]}]},{"@type":"ImageObject","inLanguage":"it-IT","@id":"https:\/\/www.diocesitn.it\/area-annuncio\/per-studenti-universitari\/#primaryimage","url":"https:\/\/www.diocesitn.it\/area-annuncio\/wp-content\/uploads\/sites\/39\/2025\/09\/PdP_immagine-sito.png","contentUrl":"https:\/\/www.diocesitn.it\/area-annuncio\/wp-content\/uploads\/sites\/39\/2025\/09\/PdP_immagine-sito.png","width":1920,"height":1080,"caption":"passi di prossimit\u00e0"},{"@type":"BreadcrumbList","@id":"https:\/\/www.diocesitn.it\/area-annuncio\/per-studenti-universitari\/#breadcrumb","itemListElement":[{"@type":"ListItem","position":1,"name":"Home","item":"https:\/\/www.diocesitn.it\/area-annuncio\/"},{"@type":"ListItem","position":2,"name":"Studenti universitari"}]},{"@type":"WebSite","@id":"https:\/\/www.diocesitn.it\/area-annuncio\/#website","url":"https:\/\/www.diocesitn.it\/area-annuncio\/","name":"Annuncio e Sacramenti","description":"Chiesa di Trento","publisher":{"@id":"https:\/\/www.diocesitn.it\/area-annuncio\/#organization"},"potentialAction":[{"@type":"SearchAction","target":{"@type":"EntryPoint","urlTemplate":"https:\/\/www.diocesitn.it\/area-annuncio\/?s={search_term_string}"},"query-input":"required name=search_term_string"}],"inLanguage":"it-IT"},{"@type":["Organization","Place"],"@id":"https:\/\/www.diocesitn.it\/area-annuncio\/#organization","name":"Area Annuncio e Sacramenti - Chiesa di Trento","url":"https:\/\/www.diocesitn.it\/area-annuncio\/","logo":{"@id":"https:\/\/www.diocesitn.it\/area-annuncio\/per-studenti-universitari\/#local-main-organization-logo"},"image":{"@id":"https:\/\/www.diocesitn.it\/area-annuncio\/per-studenti-universitari\/#local-main-organization-logo"},"sameAs":["https:\/\/www.facebook.com\/pastoralegiovanile.trento\/","https:\/\/www.instagram.com\/pastoralegiovaniletrento\/","https:\/\/www.youtube.com\/channel\/UCGt7hyJaIQIkrQPos4K6L6w"],"openingHoursSpecification":[{"@type":"OpeningHoursSpecification","dayOfWeek":["Monday","Tuesday","Wednesday","Thursday","Friday","Saturday","Sunday"],"opens":"09:00","closes":"17:00"}]},{"@type":"ImageObject","inLanguage":"it-IT","@id":"https:\/\/www.diocesitn.it\/area-annuncio\/per-studenti-universitari\/#local-main-organization-logo","url":"https:\/\/www.diocesitn.it\/area-annuncio\/wp-content\/uploads\/sites\/39\/2021\/09\/og-logo-annuncio-e-sacramenti.jpg","contentUrl":"https:\/\/www.diocesitn.it\/area-annuncio\/wp-content\/uploads\/sites\/39\/2021\/09\/og-logo-annuncio-e-sacramenti.jpg","width":1200,"height":630,"caption":"Area Annuncio e Sacramenti - Chiesa di Trento"}]}},"_links":{"self":[{"href":"https:\/\/www.diocesitn.it\/area-annuncio\/wp-json\/wp\/v2\/pages\/10871","targetHints":{"allow":["GET"]}}],"collection":[{"href":"https:\/\/www.diocesitn.it\/area-annuncio\/wp-json\/wp\/v2\/pages"}],"about":[{"href":"https:\/\/www.diocesitn.it\/area-annuncio\/wp-json\/wp\/v2\/types\/page"}],"author":[{"embeddable":true,"href":"https:\/\/www.diocesitn.it\/area-annuncio\/wp-json\/wp\/v2\/users\/167"}],"replies":[{"embeddable":true,"href":"https:\/\/www.diocesitn.it\/area-annuncio\/wp-json\/wp\/v2\/comments?post=10871"}],"version-history":[{"count":6,"href":"https:\/\/www.diocesitn.it\/area-annuncio\/wp-json\/wp\/v2\/pages\/10871\/revisions"}],"predecessor-version":[{"id":26321,"href":"https:\/\/www.diocesitn.it\/area-annuncio\/wp-json\/wp\/v2\/pages\/10871\/revisions\/26321"}],"wp:attachment":[{"href":"https:\/\/www.diocesitn.it\/area-annuncio\/wp-json\/wp\/v2\/media?parent=10871"}],"curies":[{"name":"wp","href":"https:\/\/api.w.org\/{rel}","templated":true}]}}